{"id":30440,"date":"2024-01-19T17:42:16","date_gmt":"2024-01-19T16:42:16","guid":{"rendered":"https:\/\/www.mycover-protection.com\/size-recommendations\/sherco\/"},"modified":"2026-03-26T12:29:51","modified_gmt":"2026-03-26T11:29:51","slug":"sherco","status":"publish","type":"page","link":"https:\/\/www.mycover-protection.com\/en\/size-recommendations\/motorcycle-covers\/outdoor\/sherco\/","title":{"rendered":"Sherco motorcycle cover"},"content":{"rendered":"\n<div class=\"wp-block-group alignfull wfa-manufacturer-size-rec-page-section --hero-list-video has-white-color has-black-background-color has-text-color has-background has-link-color wp-elements-2b3045dba1cdbdad272a5aad281ecec7\"><div class=\"wp-block-group__inner-container is-layout-constrained wp-block-group-is-layout-constrained\">\n<div class=\"wp-block-group wfa-manufacturer-size-rec-page-section__heading-stack is-vertical is-content-justification-center is-layout-flex wp-container-core-group-is-layout-4b2eccd6 wp-block-group-is-layout-flex\">\n<h1 class=\"wp-block-heading is-style-not-underlined\" style=\"text-transform:none\">Motorcycle cover for Sherco<\/h1>\n\n\n\n<p>High-quality cover for your Sherco motorcycle<\/p>\n<\/div>\n\n\n\n<div class=\"wp-block-columns are-vertically-aligned-center wfa-manufacturer-size-rec-page-section__hero-list-video__columns is-layout-flex wp-container-core-columns-is-layout-9d6595d7 wp-block-columns-is-layout-flex\">\n<div class=\"wp-block-column is-vertically-aligned-center wfa-manufacturer-size-rec-page-section__hero-list-video__columns__col-pitch-items is-layout-flow wp-block-column-is-layout-flow\">\n<div class=\"wp-block-group wfa-manufacturer-size-rec-page-section__hero-list-video__pitch-item-stack is-vertical is-layout-flex wp-container-core-group-is-layout-8cf370e7 wp-block-group-is-layout-flex\">\n<p class=\"wfa-manufacturer-size-rec-page-section__hero-list-video__pitch-item-title\"><strong>Quickly to the right size<\/strong><\/p>\n\n\n\n<p>e.g. Sherco SE-R 300, SEF-R 300, TV 250 \u2026<\/p>\n<\/div>\n\n\n\n<div class=\"wp-block-group wfa-manufacturer-size-rec-page-section__hero-list-video__pitch-item-stack is-vertical is-layout-flex wp-container-core-group-is-layout-8cf370e7 wp-block-group-is-layout-flex\">\n<p class=\"wfa-manufacturer-size-rec-page-section__hero-list-video__pitch-item-title\"><strong>Also for modifications and accessories<\/strong><\/p>\n\n\n\n<p>Fits with handlebar conversions, high seats, Long Ride Kit<\/p>\n<\/div>\n\n\n\n<div class=\"wp-block-group wfa-manufacturer-size-rec-page-section__hero-list-video__pitch-item-stack is-vertical is-layout-flex wp-container-core-group-is-layout-8cf370e7 wp-block-group-is-layout-flex\">\n<p class=\"wfa-manufacturer-size-rec-page-section__hero-list-video__pitch-item-title\"><strong>Robust and weatherproof<\/strong><\/p>\n\n\n\n<p>Breathable, waterproof, soft inner fleece &#8230;<\/p>\n<\/div>\n<\/div>\n\n\n\n<div class=\"wp-block-column is-vertically-aligned-center wfa-manufacturer-size-rec-page-section__hero-list-video__columns__col-video is-layout-flow wp-block-column-is-layout-flow\">\n<div>\n<figure class=\"wf-do-not-force-embed-block wp-block-embed is-type-video is-provider-youtube wp-block-embed-youtube wp-embed-aspect-16-9 wp-has-aspect-ratio\">\n<div class=\"wp-block-embed__wrapper\">\n <div class=\"brlbs-cmpnt-container brlbs-cmpnt-content-blocker brlbs-cmpnt-with-individual-styles\" data-borlabs-cookie-content-blocker-id=\"youtube-content-blocker\" data-borlabs-cookie-content=\"PGlmcmFtZSB0aXRsZT0iTVlDT1ZFUsKuIFByb3RlY3Rpb24gTW90b3JjeWNsZSBDb3ZlciAtIE91ciBiZXN0IG91dGRvb3IgbW90b3JjeWNsZSBjb3ZlciwgZGVzaWduZWQgYnkgYmlrZXJzIiBhbGxvd2Z1bGxzY3JlZW49ImFsbG93ZnVsbHNjcmVlbiIgc3JjPSJodHRwczovL3d3dy55b3V0dWJlLW5vY29va2llLmNvbS9lbWJlZC9kM05pTG1MY0RQND9hdXRvcGxheT0wJmF1dG9oaWRlPTEmZnM9MSZyZWw9MCZoZD0xJndtb2RlPXRyYW5zcGFyZW50JmVuYWJsZWpzYXBpPTEmaHRtbDU9MSIgYWxsb3c9ImFjY2VsZXJvbWV0ZXI7IGNsaXBib2FyZC13cml0ZTsgZW5jcnlwdGVkLW1lZGlhOyBneXJvc2NvcGU7IHBpY3R1cmUtaW4tcGljdHVyZSIgd2lkdGg9IjUwMCIgaGVpZ2h0PSIyODEiIGZyYW1lYm9yZGVyPSIwIj48L2lmcmFtZT4=\"><div class=\"brlbs-cmpnt-cb-preset-c brlbs-cmpnt-cb-youtube\"> <div class=\"brlbs-cmpnt-cb-thumbnail\" style=\"background-image: url('https:\/\/www.mycover-protection.com\/wp-content\/uploads\/borlabs-cookie\/1\/yt_d3NiLmLcDP4_hqdefault.jpg')\"><\/div> <div class=\"brlbs-cmpnt-cb-main\"> <div class=\"brlbs-cmpnt-cb-play-button\"><\/div> <div class=\"brlbs-cmpnt-cb-content\"> <p class=\"brlbs-cmpnt-cb-description\">You are currently viewing placeholder content from <strong>YouTube<\/strong>. To access the actual content, click on the button below. Please note that data will be passed on to third-party providers.<\/p> <a class=\"brlbs-cmpnt-cb-provider-toggle\" href=\"#\" data-borlabs-cookie-show-provider-information role=\"button\">More information<\/a> <\/div> <div class=\"brlbs-cmpnt-cb-buttons\"> <a class=\"brlbs-cmpnt-cb-btn\" href=\"#\" data-borlabs-cookie-unblock role=\"button\">Show video<\/a> <a class=\"brlbs-cmpnt-cb-btn\" href=\"#\" data-borlabs-cookie-accept-service role=\"button\" style=\"display: inherit\">Always show YouTube videos<\/a> <\/div> <\/div> <\/div><\/div>\n<\/div>\n<\/figure><\/div>\n<\/div>\n<\/div>\n\n\n\n<div class=\"wp-block-group wfa-manufacturer-size-rec-page-section__partners-stack is-vertical is-content-justification-center is-layout-flex wp-container-core-group-is-layout-4b2eccd6 wp-block-group-is-layout-flex\">\n<h2 class=\"wp-block-heading is-style-not-underlined\">Our partners<\/h2>\n\n\n\n<div class=\"wp-block-columns is-layout-flex wp-container-core-columns-is-layout-9d6595d7 wp-block-columns-is-layout-flex\">\n<div class=\"wp-block-column is-layout-flow wp-block-column-is-layout-flow\">\n<figure class=\"wp-block-image size-full\"><img decoding=\"async\" width=\"1248\" height=\"500\" src=\"https:\/\/www.mycover-protection.com\/wp-content\/uploads\/2022\/08\/logo-abus.png\" alt=\"Abus\" class=\"wp-image-19257\" srcset=\"https:\/\/www.mycover-protection.com\/wp-content\/uploads\/2022\/08\/logo-abus.png 1248w, https:\/\/www.mycover-protection.com\/wp-content\/uploads\/2022\/08\/logo-abus-300x120.png 300w, https:\/\/www.mycover-protection.com\/wp-content\/uploads\/2022\/08\/logo-abus-1024x410.png 1024w, https:\/\/www.mycover-protection.com\/wp-content\/uploads\/2022\/08\/logo-abus-768x308.png 768w, https:\/\/www.mycover-protection.com\/wp-content\/uploads\/2022\/08\/logo-abus-400x160.png 400w, https:\/\/www.mycover-protection.com\/wp-content\/uploads\/2022\/08\/logo-abus-800x321.png 800w\" sizes=\"(max-width: 1248px) 100vw, 1248px\" \/><\/figure>\n<\/div>\n\n\n\n<div class=\"wp-block-column is-layout-flow wp-block-column-is-layout-flow\">\n<figure class=\"wp-block-image size-full\"><img decoding=\"async\" width=\"200\" height=\"79\" src=\"https:\/\/www.mycover-protection.com\/wp-content\/uploads\/2022\/08\/logo-big-point.png\" alt=\"Bigpoint\" class=\"wp-image-19260\"\/><\/figure>\n<\/div>\n\n\n\n<div class=\"wp-block-column is-layout-flow wp-block-column-is-layout-flow\">\n<figure class=\"wp-block-image size-full\"><img decoding=\"async\" width=\"1366\" height=\"400\" src=\"https:\/\/www.mycover-protection.com\/wp-content\/uploads\/2022\/08\/logo-beinlich-racingteam.png\" alt=\"Beinlich Racing Team\" class=\"wp-image-19263\" srcset=\"https:\/\/www.mycover-protection.com\/wp-content\/uploads\/2022\/08\/logo-beinlich-racingteam.png 1366w, https:\/\/www.mycover-protection.com\/wp-content\/uploads\/2022\/08\/logo-beinlich-racingteam-300x88.png 300w, https:\/\/www.mycover-protection.com\/wp-content\/uploads\/2022\/08\/logo-beinlich-racingteam-1024x300.png 1024w, https:\/\/www.mycover-protection.com\/wp-content\/uploads\/2022\/08\/logo-beinlich-racingteam-768x225.png 768w, https:\/\/www.mycover-protection.com\/wp-content\/uploads\/2022\/08\/logo-beinlich-racingteam-400x117.png 400w, https:\/\/www.mycover-protection.com\/wp-content\/uploads\/2022\/08\/logo-beinlich-racingteam-800x234.png 800w\" sizes=\"(max-width: 1366px) 100vw, 1366px\" \/><\/figure>\n<\/div>\n\n\n\n<div class=\"wp-block-column is-layout-flow wp-block-column-is-layout-flow\">\n<figure class=\"wp-block-image size-full is-resized\"><img decoding=\"async\" width=\"218\" height=\"60\" src=\"https:\/\/www.mycover-protection.com\/wp-content\/uploads\/2022\/08\/logo-rsi-performance.png\" alt=\"RSI-Performance Motorsport\" class=\"wp-image-19266\" style=\"width:73px;height:auto\"\/><\/figure>\n<\/div>\n\n\n\n<div class=\"wp-block-column is-layout-flow wp-block-column-is-layout-flow\">\n<figure class=\"wp-block-image size-full\"><img decoding=\"async\" width=\"1366\" height=\"400\" src=\"https:\/\/www.mycover-protection.com\/wp-content\/uploads\/2022\/08\/logo-biker-fahren-fuer-kinder.png\" alt=\"Motorcycles for children e.V.\" class=\"wp-image-19269\" srcset=\"https:\/\/www.mycover-protection.com\/wp-content\/uploads\/2022\/08\/logo-biker-fahren-fuer-kinder.png 1366w, https:\/\/www.mycover-protection.com\/wp-content\/uploads\/2022\/08\/logo-biker-fahren-fuer-kinder-300x88.png 300w, https:\/\/www.mycover-protection.com\/wp-content\/uploads\/2022\/08\/logo-biker-fahren-fuer-kinder-1024x300.png 1024w, https:\/\/www.mycover-protection.com\/wp-content\/uploads\/2022\/08\/logo-biker-fahren-fuer-kinder-768x225.png 768w, https:\/\/www.mycover-protection.com\/wp-content\/uploads\/2022\/08\/logo-biker-fahren-fuer-kinder-400x117.png 400w, https:\/\/www.mycover-protection.com\/wp-content\/uploads\/2022\/08\/logo-biker-fahren-fuer-kinder-800x234.png 800w\" sizes=\"(max-width: 1366px) 100vw, 1366px\" \/><\/figure>\n<\/div>\n\n\n\n<div class=\"wp-block-column is-layout-flow wp-block-column-is-layout-flow\">\n<figure class=\"wp-block-image size-full\"><img decoding=\"async\" width=\"1300\" height=\"242\" src=\"https:\/\/www.mycover-protection.com\/wp-content\/uploads\/2022\/08\/Kawasaki-Hmaburg.png\" alt=\"Kawasaki Hamburg\" class=\"wp-image-19652\" srcset=\"https:\/\/www.mycover-protection.com\/wp-content\/uploads\/2022\/08\/Kawasaki-Hmaburg.png 1300w, https:\/\/www.mycover-protection.com\/wp-content\/uploads\/2022\/08\/Kawasaki-Hmaburg-300x56.png 300w, https:\/\/www.mycover-protection.com\/wp-content\/uploads\/2022\/08\/Kawasaki-Hmaburg-1024x191.png 1024w, https:\/\/www.mycover-protection.com\/wp-content\/uploads\/2022\/08\/Kawasaki-Hmaburg-768x143.png 768w, https:\/\/www.mycover-protection.com\/wp-content\/uploads\/2022\/08\/Kawasaki-Hmaburg-400x74.png 400w, https:\/\/www.mycover-protection.com\/wp-content\/uploads\/2022\/08\/Kawasaki-Hmaburg-800x149.png 800w\" sizes=\"(max-width: 1300px) 100vw, 1300px\" \/><\/figure>\n<\/div>\n<\/div>\n<\/div>\n\n\n\n<div class=\"wp-block-group wfa-manufacturer-size-rec-page-section__heading-stack is-vertical is-content-justification-center is-layout-flex wp-container-core-group-is-layout-4b2eccd6 wp-block-group-is-layout-flex\">\n<h2 class=\"wp-block-heading is-style-not-underlined\" id=\"mycover-abdeckplanen-groessenfinder\" style=\"text-transform:capitalize\">Sherco motorcycle cover size finder<\/h2>\n\n\n\n<p>Recommendations for suitable Sherco models<\/p>\n<\/div>\n<\/div><\/div>\n\n<div class=\"wp-block-group alignfull wfa-manufacturer-size-rec-page-section --hero-size-recs has-background\" style=\"background-color:#fafafa\"><div class=\"wp-block-group__inner-container is-layout-constrained wp-block-group-is-layout-constrained\">\n<div data-color-scheme=\"error\" class=\"wfa-component-alertbox\" data-wfa-component=\"alertbox\">\t<p><strong>Forbidden<\/strong><\/p>\n\t<p>The shortcode <code>[[wfa-component-tarpaulin-size-recommendation]]<\/code> is not released for this page type.\t<\/p>\n<\/div>\n\n\n<\/div><\/div>\n\n<div class=\"wp-block-group alignfull wfa-manufacturer-size-rec-page-section --cols-customer-review-with-stars\"><div class=\"wp-block-group__inner-container is-layout-constrained wp-block-group-is-layout-constrained\">\n<div class=\"wp-block-group wfa-manufacturer-size-rec-page-section__heading-stack is-vertical is-content-justification-center is-layout-flex wp-container-core-group-is-layout-4b2eccd6 wp-block-group-is-layout-flex\">\n<h2 class=\"wp-block-heading is-style-not-underlined\" style=\"text-transform:none\">Reviews from satisfied customers<\/h2>\n\n\n\n<p>What really matters for protection and dry storage<\/p>\n<\/div>\n\n\n\n<div class=\"wp-block-columns wfa-manufacturer-size-rec-page-section__cols-customer-review-with-stars__columns is-layout-flex wp-container-core-columns-is-layout-9d6595d7 wp-block-columns-is-layout-flex\">\n<div class=\"wp-block-column is-layout-flow wp-block-column-is-layout-flow\" style=\"flex-basis:50%\">\n<div data-color-scheme=\"error\" class=\"wfa-component-alertbox\" data-wfa-component=\"alertbox\">\t<p><strong>Forbidden<\/strong><\/p>\n\t<p>The shortcode <code>[[wfa-review]]<\/code> is not released for this page type.\t<\/p>\n<\/div>\n\n\n<\/div>\n\n\n\n<div class=\"wp-block-column is-layout-flow wp-block-column-is-layout-flow\" style=\"flex-basis:50%\">\n<div data-color-scheme=\"error\" class=\"wfa-component-alertbox\" data-wfa-component=\"alertbox\">\t<p><strong>Forbidden<\/strong><\/p>\n\t<p>The shortcode <code>[[wfa-review]]<\/code> is not released for this page type.\t<\/p>\n<\/div>\n\n\n<\/div>\n<\/div>\n\n\n\n<div class=\"wp-block-columns wfa-manufacturer-size-rec-page-section__cols-customer-review-with-stars__columns is-layout-flex wp-container-core-columns-is-layout-9d6595d7 wp-block-columns-is-layout-flex\">\n<div class=\"wp-block-column is-layout-flow wp-block-column-is-layout-flow\" style=\"flex-basis:50%\">\n<div data-color-scheme=\"error\" class=\"wfa-component-alertbox\" data-wfa-component=\"alertbox\">\t<p><strong>Forbidden<\/strong><\/p>\n\t<p>The shortcode <code>[[wfa-review]]<\/code> is not released for this page type.\t<\/p>\n<\/div>\n\n\n<\/div>\n\n\n\n<div class=\"wp-block-column is-layout-flow wp-block-column-is-layout-flow\" style=\"flex-basis:50%\">\n<div data-color-scheme=\"error\" class=\"wfa-component-alertbox\" data-wfa-component=\"alertbox\">\t<p><strong>Forbidden<\/strong><\/p>\n\t<p>The shortcode <code>[[wfa-review]]<\/code> is not released for this page type.\t<\/p>\n<\/div>\n\n\n<\/div>\n<\/div>\n\n\n\n<div class=\"wp-block-buttons is-horizontal is-content-justification-center is-layout-flex wp-container-core-buttons-is-layout-ddb39544 wp-block-buttons-is-layout-flex\">\n<div class=\"wp-block-button\"><a class=\"wp-block-button__link wp-element-button\" href=\"#mycover-abdeckplanen-groessenfinder\">Select size now<\/a><\/div>\n<\/div>\n<\/div><\/div>\n\n<div class=\"wp-block-group alignfull wfa-manufacturer-size-rec-page-section --mycover-size-finder-model-list\"><div class=\"wp-block-group__inner-container is-layout-constrained wp-block-group-is-layout-constrained\">\n<div class=\"wp-block-group wfa-manufacturer-size-rec-page-section__heading-stack is-vertical is-content-justification-center is-layout-flex wp-container-core-group-is-layout-4b2eccd6 wp-block-group-is-layout-flex\">\n<h2 class=\"wp-block-heading is-style-not-underlined\" style=\"text-transform:capitalize\">Sherco motorcycle cover model selection<\/h2>\n<\/div>\n\n\n\n<div class=\"wp-block-group wfa-manufacturer-size-rec-page-section__size-finder-model-list__vehicle-variations is-vertical is-content-justification-left is-layout-flex wp-container-core-group-is-layout-c0ca7d81 wp-block-group-is-layout-flex\">\n<ul class=\"wp-block-list\">\n<li>Enduro<\/li>\n\n\n\n<li>Trial<\/li>\n\n\n\n<li>supermoto<\/li>\n\n\n\n<li>Leisure<\/li>\n<\/ul>\n<\/div>\n\n\n\n<div data-color-scheme=\"error\" class=\"wfa-component-alertbox\" data-wfa-component=\"alertbox\">\t<p><strong>Forbidden<\/strong><\/p>\n\t<p>The shortcode <code>[[wfa-component-motorcycle-model-list]]<\/code> is not released for this page type.\t<\/p>\n<\/div>\n\n\n<\/div><\/div>\n\n<div class=\"wp-block-group alignfull wfa-manufacturer-size-rec-page-section --text-left-img-right\"><div class=\"wp-block-group__inner-container is-layout-constrained wp-block-group-is-layout-constrained\">\n<div class=\"wp-block-group wfa-manufacturer-size-rec-page-section__heading-stack is-vertical is-content-justification-center is-layout-flex wp-container-core-group-is-layout-4b2eccd6 wp-block-group-is-layout-flex\">\n<h2 class=\"wp-block-heading is-style-not-underlined\" style=\"text-transform:none\">Custom-fit cover for your Sherco<\/h2>\n\n\n\n<p>How to support weather protection and maintain your bike&#8217;s value<\/p>\n<\/div>\n\n\n\n<div class=\"wp-block-columns are-vertically-aligned-center wfa-manufacturer-size-rec-page-section__text-left-img-right__cols is-layout-flex wp-container-core-columns-is-layout-9d6595d7 wp-block-columns-is-layout-flex\">\n<div class=\"wp-block-column is-vertically-aligned-center is-layout-flow wp-block-column-is-layout-flow\" style=\"flex-basis:50%\">\n<div class=\"wp-block-group wfa-manufacturer-size-rec-page-section__text-left-img-right__text-stack is-vertical is-layout-flex wp-container-core-group-is-layout-8cf370e7 wp-block-group-is-layout-flex\">\n<p>Protect your Sherco with the <a href=\"https:\/\/www.mycover-protection.com\/en\/produkt\/mycover-premium-outdoor\/\">MYCOVER\u00ae premium cover<\/a>. The combination of durable 300D outdoor material and soft inner fleece protects your motorcycle from scratches and moisture. <\/p>\n\n\n\n<p>With reinforced lock openings, ventilation systems, and securing straps, your motorcycle is fully protected at all times. Choose your size now and preserve its value! <\/p>\n<\/div>\n\n\n\n<div class=\"wp-block-buttons is-horizontal is-content-justification-left is-layout-flex wp-container-core-buttons-is-layout-92fc3979 wp-block-buttons-is-layout-flex\">\n<div class=\"wp-block-button\"><a class=\"wp-block-button__link wp-element-button\" href=\"#mycover-abdeckplanen-groessenfinder\">Select size now<\/a><\/div>\n<\/div>\n<\/div>\n\n\n\n<div class=\"wp-block-column is-vertically-aligned-center wfa-manufacturer-size-rec-page-section__text-left-img-right__img-wrap is-layout-flow wp-block-column-is-layout-flow\" style=\"flex-basis:50%\">\n<figure class=\"wp-block-image size-full\"><img decoding=\"async\" width=\"800\" height=\"800\" src=\"https:\/\/www.mycover-protection.com\/wp-content\/uploads\/2019\/12\/MYCOVER_Front_white.jpg\" alt=\"\" class=\"wp-image-3216\" srcset=\"https:\/\/www.mycover-protection.com\/wp-content\/uploads\/2019\/12\/MYCOVER_Front_white.jpg 800w, https:\/\/www.mycover-protection.com\/wp-content\/uploads\/2019\/12\/MYCOVER_Front_white-300x300.jpg 300w, https:\/\/www.mycover-protection.com\/wp-content\/uploads\/2019\/12\/MYCOVER_Front_white-200x200.jpg 200w, https:\/\/www.mycover-protection.com\/wp-content\/uploads\/2019\/12\/MYCOVER_Front_white-150x150.jpg 150w, https:\/\/www.mycover-protection.com\/wp-content\/uploads\/2019\/12\/MYCOVER_Front_white-768x768.jpg 768w\" sizes=\"(max-width: 800px) 100vw, 800px\" \/><\/figure>\n<\/div>\n<\/div>\n<\/div><\/div>\n\n<div class=\"wp-block-group alignfull wfa-manufacturer-size-rec-page-section --text-one-col-boxed\"><div class=\"wp-block-group__inner-container is-layout-constrained wp-block-group-is-layout-constrained\">\n<div class=\"wp-block-group wfa-manufacturer-size-rec-page-section__heading-stack is-vertical is-content-justification-center is-layout-flex wp-container-core-group-is-layout-4b2eccd6 wp-block-group-is-layout-flex\">\n<h2 class=\"wp-block-heading is-style-not-underlined\" style=\"text-transform:capitalize\">About Sherco<\/h2>\n<\/div>\n\n\n\n<div class=\"wp-block-group wfa-manufacturer-size-rec-page-section__text-one-col-boxed__content-stack --text-lg is-vertical is-layout-flex wp-container-core-group-is-layout-8cf370e7 wp-block-group-is-layout-flex\">\n<p>Since its founding in 1998 by former trial riders Marc Teissier and Andreu Codina, the French brand Sherco has stood for specialized off-road expertise. With production in its home town of N\u00eemes, the company consistently focuses on the enduro and trial segments. <\/p>\n\n\n\n<p>Models such as the <strong>Sherco SE-R 125<\/strong>, the <strong>X-Ride 125<\/strong> and the <strong>300 ST<\/strong> focus on precise control and agility. Due to specific dimensions caused by wide handlebars or handguards, add-on parts have a particularly strong impact on the fit here. <\/p>\n<\/div>\n<\/div><\/div>\n\n<div class=\"wp-block-group alignfull wfa-manufacturer-size-rec-page-section --faq\"><div class=\"wp-block-group__inner-container is-layout-constrained wp-block-group-is-layout-constrained\">\n<div class=\"wp-block-group wfa-manufacturer-size-rec-page-section__heading-stack is-vertical is-content-justification-center is-layout-flex wp-container-core-group-is-layout-4b2eccd6 wp-block-group-is-layout-flex\">\n<h2 class=\"wp-block-heading is-style-not-underlined\" style=\"text-transform:none\">Frequently asked questions about our Covers<\/h2>\n\n\n\n<p>Questions about fit and use with popular Sherco models<\/p>\n<\/div>\n\n\n\n<div class=\"wp-block-group wfa-manufacturer-size-rec-page-section__faq__content-stack is-vertical is-content-justification-left is-layout-flex wp-container-core-group-is-layout-c0ca7d81 wp-block-group-is-layout-flex\">\n<details class=\"wp-block-webfluence-blocks-details-summary\">\n<summary class=\"wp-block-webfluence-blocks-details-summary-title\">\n<h3 class=\"wp-block-heading\">Is a motorcycle cover for the Sherco SE-R 300 suitable for daily use?<\/h3>\n<\/summary>\n\n\n\n<div class=\"wp-block-webfluence-blocks-details-summary-body\">\n<p>Yes, a motorcycle cover is a very useful addition, especially for daily use. This way, the Sherco SE-R 300 is better protected from rain, UV radiation, and dirt when parked. <\/p>\n<\/div>\n<\/details>\n\n\n\n<details class=\"wp-block-webfluence-blocks-details-summary\">\n<summary class=\"wp-block-webfluence-blocks-details-summary-title\">\n<h3 class=\"wp-block-heading\">How well does a motorcycle cover for the Sherco SEF-R 300 fit despite wide handlebars?<\/h3>\n<\/summary>\n\n\n\n<div class=\"wp-block-webfluence-blocks-details-summary-body\">\n<p>Use our <a href=\"https:\/\/www.mycover-protection.com\/en\/produkt\/mycover-premium-outdoor\/#groessenempfehlungen\">size finder<\/a> to find the right size for your Sherco SEF-R 300. It takes handlebar width and other dimension-relevant accessories into account and gives you a precise size recommendation. <\/p>\n<\/div>\n<\/details>\n\n\n\n<details class=\"wp-block-webfluence-blocks-details-summary\">\n<summary class=\"wp-block-webfluence-blocks-details-summary-title\">\n<h3 class=\"wp-block-heading\">Does a protective cover for Sherco stay securely on the motorcycle even in windy conditions?<\/h3>\n<\/summary>\n\n\n\n<div class=\"wp-block-webfluence-blocks-details-summary-body\">\n<p>Yes, our motorcycle covers are equipped with securing straps and an elastic hem at the front and back, ensuring a secure hold even in the wind.<\/p>\n<\/div>\n<\/details>\n\n\n\n<details class=\"wp-block-webfluence-blocks-details-summary\">\n<summary class=\"wp-block-webfluence-blocks-details-summary-title\">\n<h3 class=\"wp-block-heading\">Does a motorcycle cover for the Sherco X-Ride 125 prevent scratches on the fairing?<\/h3>\n<\/summary>\n\n\n\n<div class=\"wp-block-webfluence-blocks-details-summary-body\">\n<p>Yes, the X-Ride 125 benefits from a soft inner fleece that reduces friction on sensitive surfaces. This is a clear advantage, especially with frequent covering. <\/p>\n<\/div>\n<\/details>\n\n\n\n<details class=\"wp-block-webfluence-blocks-details-summary\">\n<summary class=\"wp-block-webfluence-blocks-details-summary-title\">\n<h3 class=\"wp-block-heading\">Does a protective cover for the Sherco 300 ST provide enough protection in the rain?<\/h3>\n<\/summary>\n\n\n\n<div class=\"wp-block-webfluence-blocks-details-summary-body\">\n<p>Yes, with a waterproof cover, the 300 ST is much better protected from rain, splash water, and dirt. This is particularly useful if your motorcycle is regularly parked outside. <\/p>\n<\/div>\n<\/details>\n\n\n\n<details class=\"wp-block-webfluence-blocks-details-summary\">\n<summary class=\"wp-block-webfluence-blocks-details-summary-title\">\n<h3 class=\"wp-block-heading\">Can a motorcycle cover for the Sherco MRT 50 be used without problems after a ride?<\/h3>\n<\/summary>\n\n\n\n<div class=\"wp-block-webfluence-blocks-details-summary-body\">\n<p>Yes, after a short cooling-off period, you can cover the MRT 50 without any problems. In the area of hot components, the integrated heat protection provides additional protection for the material. <\/p>\n<\/div>\n<\/details>\n\n\n\n<details class=\"wp-block-webfluence-blocks-details-summary\">\n<summary class=\"wp-block-webfluence-blocks-details-summary-title\">\n<h3 class=\"wp-block-heading\">Does a motorcycle cover for a Sherco really make sense in the garage?<\/h3>\n<\/summary>\n\n\n\n<div class=\"wp-block-webfluence-blocks-details-summary-body\">\n<p>Yes, even in the garage, a cover protects your Sherco motorcycle from dust, scratches, and unnecessary friction. This is especially useful during longer periods of storage. <\/p>\n<\/div>\n<\/details>\n\n\n\n<details class=\"wp-block-webfluence-blocks-details-summary\">\n<summary class=\"wp-block-webfluence-blocks-details-summary-title\">\n<h3 class=\"wp-block-heading\">Does a cover for Sherco models also protect against UV radiation?<\/h3>\n<\/summary>\n\n\n\n<div class=\"wp-block-webfluence-blocks-details-summary-body\">\n<p>Yes, for Sherco, a UV-resistant cover helps to preserve surfaces and accessories from sun exposure in the long term. This helps to better maintain its visual condition. <\/p>\n<\/div>\n<\/details>\n\n\n\n<details class=\"wp-block-webfluence-blocks-details-summary\">\n<summary class=\"wp-block-webfluence-blocks-details-summary-title\">\n<h3 class=\"wp-block-heading\">Does a protective cover for the Sherco Tango 125 still fit even with accessories?<\/h3>\n<\/summary>\n\n\n\n<div class=\"wp-block-webfluence-blocks-details-summary-body\">\n<p>Yes, if accessories such as handlebar attachments or other bulky parts are included in the size selection. That&#8217;s exactly what the <a href=\"https:\/\/www.mycover-protection.com\/en\/produkt\/mycover-premium-outdoor\/#groessenempfehlungen\">size finder<\/a> is for, so you get a more suitable recommendation for your motorcycle right away. <\/p>\n<\/div>\n<\/details>\n\n\n\n<details class=\"wp-block-webfluence-blocks-details-summary\">\n<summary class=\"wp-block-webfluence-blocks-details-summary-title\">\n<h3 class=\"wp-block-heading\">Can I combine my protective cover for Sherco with a lock?<\/h3>\n<\/summary>\n\n\n\n<div class=\"wp-block-webfluence-blocks-details-summary-body\">\n<p>Yes, that&#8217;s easily possible. The reinforced lock openings allow you to additionally secure the cover to the vehicle, which improves the hold and makes it harder to remove. <\/p>\n<\/div>\n<\/details>\n\n\n\n<details class=\"wp-block-webfluence-blocks-details-summary\">\n<summary class=\"wp-block-webfluence-blocks-details-summary-title\">\n<h3 class=\"wp-block-heading\">How can a motorcycle cover for the Sherco RS3 125 be cleaned?<\/h3>\n<\/summary>\n\n\n\n<div class=\"wp-block-webfluence-blocks-details-summary-body\">\n<p>You can easily clean the motorcycle cover with lukewarm water and a <a href=\"https:\/\/www.mycover-protection.com\/en\/produkt\/tent-gear-solarwash-spray-on-500ml\/\">mild cleaner<\/a>. It should then be allowed to air dry completely before you put it back on your Sherco RS3 125. <\/p>\n<\/div>\n<\/details>\n\n\n\n<details class=\"wp-block-webfluence-blocks-details-summary\">\n<summary class=\"wp-block-webfluence-blocks-details-summary-title\">\n<h3 class=\"wp-block-heading\">Does a protective cover for Sherco models make sense in winter?<\/h3>\n<\/summary>\n\n\n\n<div class=\"wp-block-webfluence-blocks-details-summary-body\">\n<p>Yes, especially in winter, it protects your Sherco motorcycle better from moisture, UV radiation, and dirt. Ventilation openings and some air circulation help to better dissipate moisture. <\/p>\n\n\n\n<p>You can also find more about this in the article on <a href=\"https:\/\/www.mycover-protection.com\/en\/magazin\/motorcycle-winterizing-your-comprehensive-guide-for-the-cold-season\/\">winterizing your motorcycle<\/a>.<\/p>\n<\/div>\n<\/details>\n<\/div>\n\n\n\n<div class=\"wp-block-buttons is-horizontal is-content-justification-center is-layout-flex wp-container-core-buttons-is-layout-ddb39544 wp-block-buttons-is-layout-flex\">\n<div class=\"wp-block-button\"><a class=\"wp-block-button__link wp-element-button\" href=\"#mycover-abdeckplanen-groessenfinder\">Select size now<\/a><\/div>\n<\/div>\n<\/div><\/div>\n\n<div class=\"wp-block-group alignfull wfa-manufacturer-size-rec-page-section --all-mycover-products\"><div class=\"wp-block-group__inner-container is-layout-constrained wp-block-group-is-layout-constrained\">\n<div class=\"wp-block-group wfa-reusable-group-all-mycover-products has-black-color has-text-color has-link-color wp-elements-aa9fc157cc869a33b257e580363a1927\"><div class=\"wp-block-group__inner-container is-layout-constrained wp-block-group-is-layout-constrained\">\n<p class=\"has-text-align-center wfa-reusable-group-all-mycover-products__title has-large-font-size\"><strong>All MYCOVER\u00ae-Products<\/strong><\/p>\n\n\n\n<div class=\"wp-block-cb-carousel-v2 cb-carousel-block\" data-cb-slides-per-view=\"2\" data-cb-slides-per-group=\"1\" data-cb-space-between=\"0\" data-cb-speed=\"200\" data-cb-navigation=\"true\" data-cb-breakpoints=\"{&quot;768&quot;:{&quot;slidesPerView&quot;:4,&quot;slidesPerGroup&quot;:1}}\"><div class=\"swiper\"><div class=\"cb-wrapper swiper-wrapper\">\n<div class=\"wp-block-cb-slide-v2 cb-slide swiper-slide\">\n<div class=\"wp-block-group\"><div class=\"wp-block-group__inner-container is-layout-constrained wp-block-group-is-layout-constrained\">\n<figure class=\"wp-block-image size-large\"><img decoding=\"async\" width=\"1024\" height=\"1024\" src=\"https:\/\/www.mycover-protection.com\/wp-content\/uploads\/2022\/11\/Motorrad_abdeckplane_outdoor-1024x1024.jpg\" alt=\"Outdoor Motorcycle Covers\" class=\"wp-image-22125\" srcset=\"https:\/\/www.mycover-protection.com\/wp-content\/uploads\/2022\/11\/Motorrad_abdeckplane_outdoor-1024x1024.jpg 1024w, https:\/\/www.mycover-protection.com\/wp-content\/uploads\/2022\/11\/Motorrad_abdeckplane_outdoor-300x300.jpg 300w, https:\/\/www.mycover-protection.com\/wp-content\/uploads\/2022\/11\/Motorrad_abdeckplane_outdoor-150x150.jpg 150w, https:\/\/www.mycover-protection.com\/wp-content\/uploads\/2022\/11\/Motorrad_abdeckplane_outdoor-768x768.jpg 768w, https:\/\/www.mycover-protection.com\/wp-content\/uploads\/2022\/11\/Motorrad_abdeckplane_outdoor-270x270.jpg 270w, https:\/\/www.mycover-protection.com\/wp-content\/uploads\/2022\/11\/Motorrad_abdeckplane_outdoor-800x800.jpg 800w, https:\/\/www.mycover-protection.com\/wp-content\/uploads\/2022\/11\/Motorrad_abdeckplane_outdoor-200x200.jpg 200w, https:\/\/www.mycover-protection.com\/wp-content\/uploads\/2022\/11\/Motorrad_abdeckplane_outdoor.jpg 1200w\" sizes=\"(max-width: 1024px) 100vw, 1024px\" \/><\/figure>\n\n\n\n<p><a href=\"https:\/\/www.mycover-protection.com\/es\/produkt\/mycover-funda-para-moto-exterior-premium\/\"><strong>Motorcycle covers Outdoor<\/strong><\/a><\/p>\n<\/div><\/div>\n<\/div>\n\n\n\n<div class=\"wp-block-cb-slide-v2 cb-slide swiper-slide\">\n<div class=\"wp-block-group\"><div class=\"wp-block-group__inner-container is-layout-constrained wp-block-group-is-layout-constrained\">\n<figure class=\"wp-block-image size-full\"><img decoding=\"async\" width=\"800\" height=\"800\" src=\"https:\/\/www.mycover-protection.com\/wp-content\/uploads\/2023\/01\/Motorrad-abdeckplane-chopper.png\" alt=\"Chopper Outdoor Covers\" class=\"wp-image-21485\" srcset=\"https:\/\/www.mycover-protection.com\/wp-content\/uploads\/2023\/01\/Motorrad-abdeckplane-chopper.png 800w, https:\/\/www.mycover-protection.com\/wp-content\/uploads\/2023\/01\/Motorrad-abdeckplane-chopper-300x300.png 300w, https:\/\/www.mycover-protection.com\/wp-content\/uploads\/2023\/01\/Motorrad-abdeckplane-chopper-150x150.png 150w, https:\/\/www.mycover-protection.com\/wp-content\/uploads\/2023\/01\/Motorrad-abdeckplane-chopper-768x768.png 768w, https:\/\/www.mycover-protection.com\/wp-content\/uploads\/2023\/01\/Motorrad-abdeckplane-chopper-270x270.png 270w, https:\/\/www.mycover-protection.com\/wp-content\/uploads\/2023\/01\/Motorrad-abdeckplane-chopper-200x200.png 200w\" sizes=\"(max-width: 800px) 100vw, 800px\" \/><\/figure>\n\n\n\n<p><a href=\"https:\/\/www.mycover-protection.com\/es\/produkt\/mycover-funda-exterior-premium-para-chopper\/\"><strong>Chopper Covers Outdoor<\/strong><\/a><\/p>\n<\/div><\/div>\n<\/div>\n\n\n\n<div class=\"wp-block-cb-slide-v2 cb-slide swiper-slide\">\n<div class=\"wp-block-group\"><div class=\"wp-block-group__inner-container is-layout-constrained wp-block-group-is-layout-constrained\">\n<figure class=\"wp-block-image size-full\"><img decoding=\"async\" width=\"800\" height=\"800\" src=\"https:\/\/www.mycover-protection.com\/wp-content\/uploads\/2023\/01\/Motorrad-Abdeckplane-Topcase.png\" alt=\"Scooter Covers with Topcase\" class=\"wp-image-21482\" srcset=\"https:\/\/www.mycover-protection.com\/wp-content\/uploads\/2023\/01\/Motorrad-Abdeckplane-Topcase.png 800w, https:\/\/www.mycover-protection.com\/wp-content\/uploads\/2023\/01\/Motorrad-Abdeckplane-Topcase-300x300.png 300w, https:\/\/www.mycover-protection.com\/wp-content\/uploads\/2023\/01\/Motorrad-Abdeckplane-Topcase-150x150.png 150w, https:\/\/www.mycover-protection.com\/wp-content\/uploads\/2023\/01\/Motorrad-Abdeckplane-Topcase-768x768.png 768w, https:\/\/www.mycover-protection.com\/wp-content\/uploads\/2023\/01\/Motorrad-Abdeckplane-Topcase-270x270.png 270w, https:\/\/www.mycover-protection.com\/wp-content\/uploads\/2023\/01\/Motorrad-Abdeckplane-Topcase-200x200.png 200w\" sizes=\"(max-width: 800px) 100vw, 800px\" \/><\/figure>\n\n\n\n<p><a href=\"https:\/\/www.mycover-protection.com\/es\/produkt\/mycover-funda-exterior-premium-para-scooter\/\"><strong>Scooter Covers Outdoor<\/strong><\/a><\/p>\n<\/div><\/div>\n<\/div>\n\n\n\n<div class=\"wp-block-cb-slide-v2 cb-slide swiper-slide\">\n<div class=\"wp-block-group\"><div class=\"wp-block-group__inner-container is-layout-constrained wp-block-group-is-layout-constrained\">\n<figure class=\"wp-block-image size-full\"><img decoding=\"async\" width=\"800\" height=\"800\" src=\"https:\/\/www.mycover-protection.com\/wp-content\/uploads\/2022\/07\/Motorrrad-Abdeckplane-Indoor-Stoff.png\" alt=\"Motorcycle covers Indoor soft\" class=\"wp-image-20162\" srcset=\"https:\/\/www.mycover-protection.com\/wp-content\/uploads\/2022\/07\/Motorrrad-Abdeckplane-Indoor-Stoff.png 800w, https:\/\/www.mycover-protection.com\/wp-content\/uploads\/2022\/07\/Motorrrad-Abdeckplane-Indoor-Stoff-300x300.png 300w, https:\/\/www.mycover-protection.com\/wp-content\/uploads\/2022\/07\/Motorrrad-Abdeckplane-Indoor-Stoff-150x150.png 150w, https:\/\/www.mycover-protection.com\/wp-content\/uploads\/2022\/07\/Motorrrad-Abdeckplane-Indoor-Stoff-768x768.png 768w, https:\/\/www.mycover-protection.com\/wp-content\/uploads\/2022\/07\/Motorrrad-Abdeckplane-Indoor-Stoff-270x270.png 270w, https:\/\/www.mycover-protection.com\/wp-content\/uploads\/2022\/07\/Motorrrad-Abdeckplane-Indoor-Stoff-200x200.png 200w\" sizes=\"(max-width: 800px) 100vw, 800px\" \/><\/figure>\n\n\n\n<p><a href=\"https:\/\/www.mycover-protection.com\/es\/produkt\/mycover-funda-para-moto-de-interior-premium\/\"><strong>Indoor Motorcycle covers<\/strong><\/a><\/p>\n<\/div><\/div>\n<\/div>\n<\/div><\/div><div class=\"cb-button-prev swiper-button-prev\"><\/div><div class=\"cb-button-next swiper-button-next\"><\/div><\/div>\n\n\n\n<p class=\"has-text-align-center wfa-reusable-group-all-mycover-products__category-links has-small-font-size\"><a href=\"https:\/\/www.mycover-protection.com\/en\/product-category\/motorcycle-cover\/\">All Motorcycle covers<\/a> &#8211; <a href=\"https:\/\/www.mycover-protection.com\/en\/product-category\/scooter-covers\/\">All Scooter covers<\/a><\/p>\n<\/div><\/div>\n<\/div><\/div>\n\n<div class=\"wp-block-group alignfull wfa-manufacturer-size-rec-page-section --magazin\"><div class=\"wp-block-group__inner-container is-layout-constrained wp-block-group-is-layout-constrained\">\n<div class=\"wp-block-group wfa-manufacturer-size-rec-page-section__heading-stack is-vertical is-content-justification-center is-layout-flex wp-container-core-group-is-layout-4b2eccd6 wp-block-group-is-layout-flex\">\n<h2 class=\"wp-block-heading is-style-not-underlined\" style=\"text-transform:capitalize\">MYCOVER Magazine<\/h2>\n\n\n\n<p>Guide to theft protection &amp; value retention for your vehicle<\/p>\n<\/div>\n\n\n\n<div data-wp-context=\"{}\" data-wp-interactive=\"core\/query\" data-wp-key=\"18\" data-wp-router-region=\"query-18\" class=\"wp-block-query wfa-ignore-private-posts is-layout-flow wp-block-query-is-layout-flow\"><ul class=\"columns-3 wp-block-post-template is-layout-grid wp-container-core-post-template-is-layout-2fc57c17 wp-block-post-template-is-layout-grid\"><li data-wp-key=\"post-template-item-62184\" class=\"wp-block-post post-62184 post type-post status-publish format-standard has-post-thumbnail hentry\">\n<figure style=\"aspect-ratio:16\/9;\" class=\"alignwide wp-block-post-featured-image\"><img decoding=\"async\" width=\"1536\" height=\"1024\" src=\"https:\/\/www.mycover-protection.com\/wp-content\/uploads\/2025\/11\/Motorrad_Abdeckplane_Test_und_Vergleich.png\" class=\"attachment-post-thumbnail size-post-thumbnail wp-post-image\" alt=\"Motorrad steht ungesch\u00fctzt im Freien bei Sonne, Regen und Schnee, Symbolbild f\u00fcr Motorrad Abdeckplane Test und Vergleich.\" style=\"width:100%;height:100%;object-fit:cover;\" srcset=\"https:\/\/www.mycover-protection.com\/wp-content\/uploads\/2025\/11\/Motorrad_Abdeckplane_Test_und_Vergleich.png 1536w, https:\/\/www.mycover-protection.com\/wp-content\/uploads\/2025\/11\/Motorrad_Abdeckplane_Test_und_Vergleich-300x200.png 300w, https:\/\/www.mycover-protection.com\/wp-content\/uploads\/2025\/11\/Motorrad_Abdeckplane_Test_und_Vergleich-1024x683.png 1024w, https:\/\/www.mycover-protection.com\/wp-content\/uploads\/2025\/11\/Motorrad_Abdeckplane_Test_und_Vergleich-768x512.png 768w, https:\/\/www.mycover-protection.com\/wp-content\/uploads\/2025\/11\/Motorrad_Abdeckplane_Test_und_Vergleich-400x267.png 400w, https:\/\/www.mycover-protection.com\/wp-content\/uploads\/2025\/11\/Motorrad_Abdeckplane_Test_und_Vergleich-800x533.png 800w\" sizes=\"(max-width: 1536px) 100vw, 1536px\" \/><\/figure>\n\n<h3 class=\"wp-block-post-title\"><a href=\"https:\/\/www.mycover-protection.com\/en\/magazin\/motorcycle-cover-test-comparison-mycover-convinces-in-all-categories\/\" target=\"_self\" >Motorcycle Cover Test &amp; Comparison: MYCOVER Convinces in all Categories<\/a><\/h3>\n<\/li><li data-wp-key=\"post-template-item-54765\" class=\"wp-block-post post-54765 post type-post status-publish format-standard has-post-thumbnail hentry category-uncategorized\">\n<figure style=\"aspect-ratio:16\/9;\" class=\"alignwide wp-block-post-featured-image\"><img decoding=\"async\" width=\"1536\" height=\"1024\" src=\"https:\/\/www.mycover-protection.com\/wp-content\/uploads\/2025\/06\/Motorrad_Abdeckplane_erfahrung.png\" class=\"attachment-post-thumbnail size-post-thumbnail wp-post-image\" alt=\"Ein Mann und eine Frau stehen bei Regen im Garten und betrachten nachdenklich zwei nasse Motorr\u00e4der, w\u00e4hrend sie schlaffe Motorradabdeckungen in den H\u00e4nden halten, zwischen ihnen liegt eine durchn\u00e4sste Plane auf dem Boden.\" style=\"width:100%;height:100%;object-fit:cover;\" srcset=\"https:\/\/www.mycover-protection.com\/wp-content\/uploads\/2025\/06\/Motorrad_Abdeckplane_erfahrung.png 1536w, https:\/\/www.mycover-protection.com\/wp-content\/uploads\/2025\/06\/Motorrad_Abdeckplane_erfahrung-300x200.png 300w, https:\/\/www.mycover-protection.com\/wp-content\/uploads\/2025\/06\/Motorrad_Abdeckplane_erfahrung-1024x683.png 1024w, https:\/\/www.mycover-protection.com\/wp-content\/uploads\/2025\/06\/Motorrad_Abdeckplane_erfahrung-768x512.png 768w, https:\/\/www.mycover-protection.com\/wp-content\/uploads\/2025\/06\/Motorrad_Abdeckplane_erfahrung-400x267.png 400w, https:\/\/www.mycover-protection.com\/wp-content\/uploads\/2025\/06\/Motorrad_Abdeckplane_erfahrung-800x533.png 800w\" sizes=\"(max-width: 1536px) 100vw, 1536px\" \/><\/figure>\n\n<h3 class=\"wp-block-post-title\"><a href=\"https:\/\/www.mycover-protection.com\/en\/magazin\/motorcycle-tarpaulin-experiences-thats-why-there-are-mycover\/\" target=\"_self\" >Motorcycle tarpaulin experiences: That&#8217;s why there are MYCOVER\u00ae<\/a><\/h3>\n<\/li><li data-wp-key=\"post-template-item-39356\" class=\"wp-block-post post-39356 post type-post status-publish format-standard has-post-thumbnail hentry category-uncategorized\">\n<figure style=\"aspect-ratio:16\/9;\" class=\"alignwide wp-block-post-featured-image\"><img decoding=\"async\" width=\"1536\" height=\"1024\" src=\"https:\/\/www.mycover-protection.com\/wp-content\/uploads\/2024\/12\/Motorrad_waschen.png\" class=\"attachment-post-thumbnail size-post-thumbnail wp-post-image\" alt=\"Motorradw\u00e4sche mit Schaum: Blaues Sport-Motorrad wird gr\u00fcndlich eingeseift \u2013 Motorradw\u00e4sche mit viel Schaum im Sonnenlicht.\" style=\"width:100%;height:100%;object-fit:cover;\" srcset=\"https:\/\/www.mycover-protection.com\/wp-content\/uploads\/2024\/12\/Motorrad_waschen.png 1536w, https:\/\/www.mycover-protection.com\/wp-content\/uploads\/2024\/12\/Motorrad_waschen-300x200.png 300w, https:\/\/www.mycover-protection.com\/wp-content\/uploads\/2024\/12\/Motorrad_waschen-1024x683.png 1024w, https:\/\/www.mycover-protection.com\/wp-content\/uploads\/2024\/12\/Motorrad_waschen-768x512.png 768w, https:\/\/www.mycover-protection.com\/wp-content\/uploads\/2024\/12\/Motorrad_waschen-400x267.png 400w, https:\/\/www.mycover-protection.com\/wp-content\/uploads\/2024\/12\/Motorrad_waschen-800x533.png 800w\" sizes=\"(max-width: 1536px) 100vw, 1536px\" \/><\/figure>\n\n<h3 class=\"wp-block-post-title\"><a href=\"https:\/\/www.mycover-protection.com\/en\/magazin\/washing-your-motorcycle-how-to-keep-it-in-top-shape\/\" target=\"_self\" >Motorcycle wash &amp; care: Insider tips for maximum value retention!<\/a><\/h3>\n<\/li><\/ul><\/div>\n\n\n\n<div class=\"wp-block-buttons is-horizontal is-content-justification-center is-layout-flex wp-container-core-buttons-is-layout-ddb39544 wp-block-buttons-is-layout-flex\">\n<div class=\"wp-block-button is-style-outline is-style-outline--1\"><a class=\"wp-block-button__link wp-element-button\" href=\"https:\/\/www.mycover-protection.com\/en\/magazine\/\">Show more posts<\/a><\/div>\n<\/div>\n<\/div><\/div>\n\n<div class=\"wp-block-group alignfull wfa-manufacturer-size-rec-page-section --other-manufacturers-internal-links\"><div class=\"wp-block-group__inner-container is-layout-constrained wp-block-group-is-layout-constrained\">\n<div class=\"wp-block-group wfa-manufacturer-size-rec-page-section__heading-stack is-vertical is-content-justification-center is-layout-flex wp-container-core-group-is-layout-4b2eccd6 wp-block-group-is-layout-flex\">\n<h2 class=\"wp-block-heading is-style-not-underlined\" style=\"text-transform:none\">Tarpaulins for other vehicle brands<\/h2>\n\n\n\n<p>Select manufacturer and find out more<\/p>\n<\/div>\n\n\n\n<div class=\"wp-block-query wfa-manufacturer-size-rec-page-section__other-manufacturers-internal-links__query-loop is-layout-flow wp-block-query-is-layout-flow\"><\/div>\n<\/div><\/div>\n\n<div class=\"wp-block-group alignfull wfa-manufacturer-size-rec-page-section --mycover-large-product-section\"><div class=\"wp-block-group__inner-container is-layout-constrained wp-block-group-is-layout-constrained\">\n<div class=\"wp-block-group wfa-manufacturer-size-rec-page-section__heading-stack wfa-manufacturer-size-rec-page-section__mycover-large-product-section__heading_stack is-vertical is-content-justification-center is-layout-flex wp-container-core-group-is-layout-4b2eccd6 wp-block-group-is-layout-flex\">\n<h2 class=\"wp-block-heading is-style-not-underlined\" style=\"text-transform:capitalize\">MYCOVER<sup>\u00ae<\/sup> Protection Covers<\/h2>\n\n\n\n<p>Europe&#8217;s largest selection for motorcycles, Choppers &amp; Scooters &#8211; Handmade premium quality<\/p>\n<\/div>\n\n\n\n<figure class=\"wp-block-image size-full wfa-manufacturer-size-rec-page-section__mycover-large-product-section__img-desktop\"><img decoding=\"async\" width=\"2560\" height=\"537\" src=\"https:\/\/www.mycover-protection.com\/wp-content\/uploads\/2025\/03\/mycover-protection-abdeckplanen-auswahl_w2560.jpg\" alt=\"This picture shows the variety of MYCOVER Outdoor Covers. Five covered vehicles are visible, including a motorcycle, Scooter and Chopper.   \" class=\"wp-image-42602\" srcset=\"https:\/\/www.mycover-protection.com\/wp-content\/uploads\/2025\/03\/mycover-protection-abdeckplanen-auswahl_w2560.jpg 2560w, https:\/\/www.mycover-protection.com\/wp-content\/uploads\/2025\/03\/mycover-protection-abdeckplanen-auswahl_w2560-300x63.jpg 300w, https:\/\/www.mycover-protection.com\/wp-content\/uploads\/2025\/03\/mycover-protection-abdeckplanen-auswahl_w2560-1024x215.jpg 1024w, https:\/\/www.mycover-protection.com\/wp-content\/uploads\/2025\/03\/mycover-protection-abdeckplanen-auswahl_w2560-768x161.jpg 768w, https:\/\/www.mycover-protection.com\/wp-content\/uploads\/2025\/03\/mycover-protection-abdeckplanen-auswahl_w2560-1536x322.jpg 1536w, https:\/\/www.mycover-protection.com\/wp-content\/uploads\/2025\/03\/mycover-protection-abdeckplanen-auswahl_w2560-2048x430.jpg 2048w, https:\/\/www.mycover-protection.com\/wp-content\/uploads\/2025\/03\/mycover-protection-abdeckplanen-auswahl_w2560-400x84.jpg 400w, https:\/\/www.mycover-protection.com\/wp-content\/uploads\/2025\/03\/mycover-protection-abdeckplanen-auswahl_w2560-800x168.jpg 800w\" sizes=\"(max-width: 2560px) 100vw, 2560px\" \/><\/figure>\n\n\n\n<figure class=\"wp-block-image size-full wfa-manufacturer-size-rec-page-section__mycover-large-product-section__img-mobile\"><img decoding=\"async\" width=\"1402\" height=\"1071\" src=\"https:\/\/www.mycover-protection.com\/wp-content\/uploads\/2025\/03\/mycover-protection-abdeckplanen-auswahl-mobile.jpg\" alt=\"This picture shows the variety of MYCOVER Outdoor Covers. Five covered vehicles are visible, including a motorcycle, Scooter and Chopper.   \" class=\"wp-image-42621\" srcset=\"https:\/\/www.mycover-protection.com\/wp-content\/uploads\/2025\/03\/mycover-protection-abdeckplanen-auswahl-mobile.jpg 1402w, https:\/\/www.mycover-protection.com\/wp-content\/uploads\/2025\/03\/mycover-protection-abdeckplanen-auswahl-mobile-300x229.jpg 300w, https:\/\/www.mycover-protection.com\/wp-content\/uploads\/2025\/03\/mycover-protection-abdeckplanen-auswahl-mobile-1024x782.jpg 1024w, https:\/\/www.mycover-protection.com\/wp-content\/uploads\/2025\/03\/mycover-protection-abdeckplanen-auswahl-mobile-768x587.jpg 768w, https:\/\/www.mycover-protection.com\/wp-content\/uploads\/2025\/03\/mycover-protection-abdeckplanen-auswahl-mobile-353x270.jpg 353w, https:\/\/www.mycover-protection.com\/wp-content\/uploads\/2025\/03\/mycover-protection-abdeckplanen-auswahl-mobile-800x611.jpg 800w\" sizes=\"(max-width: 1402px) 100vw, 1402px\" \/><\/figure>\n\n\n\n<div class=\"wp-block-buttons is-horizontal is-content-justification-center is-layout-flex wp-container-core-buttons-is-layout-ddb39544 wp-block-buttons-is-layout-flex\">\n<div class=\"wp-block-button\"><a class=\"wp-block-button__link wp-element-button\" href=\"#mycover-abdeckplanen-groessenfinder\">Select size now<\/a><\/div>\n<\/div>\n<\/div><\/div>\n\n<div class=\"wp-block-group alignfull wfa-manufacturer-size-rec-page-section --about\"><div class=\"wp-block-group__inner-container is-layout-constrained wp-block-group-is-layout-constrained\">\n<div class=\"wp-block-group wfa-manufacturer-size-rec-page-section__heading-stack is-vertical is-content-justification-center is-layout-flex wp-container-core-group-is-layout-4b2eccd6 wp-block-group-is-layout-flex\">\n<h2 class=\"wp-block-heading is-style-not-underlined\" style=\"text-transform:capitalize\">About MYCOVER<\/h2>\n\n\n\n<p>You can rely on it<\/p>\n<\/div>\n\n\n\n<div class=\"wp-block-group wfa-manufacturer-size-rec-page-section__about__grid\"><div class=\"wp-block-group__inner-container is-layout-constrained wp-block-group-is-layout-constrained\">\n<div class=\"wp-block-cover is-light has-custom-content-position is-position-bottom-center\"><img decoding=\"async\" class=\"wp-block-cover__image-background wp-image-50275\" alt=\"\" src=\"https:\/\/www.mycover-protection.com\/wp-content\/uploads\/2025\/05\/groessenfinder-vorschau-EN_w1500.png\" style=\"object-position:50% 30%\" data-object-fit=\"cover\" data-object-position=\"50% 30%\"\/><span aria-hidden=\"true\" class=\"wp-block-cover__background has-background-dim-10 has-background-dim\" style=\"background-color:#f3f3f3\"><\/span><div class=\"wp-block-cover__inner-container is-layout-constrained wp-block-cover-is-layout-constrained\">\n<h3 class=\"wp-block-heading\">Quick &amp; easy size selection<\/h3>\n\n\n\n<p>Hundreds of Motorcycles, Scooters and Choppers are stored for you in our <a href=\"#mycover-abdeckplanen-groessenfinder\">Covers size finder<\/a>. Many even with conversions.<\/p>\n<\/div><\/div>\n\n\n\n<div class=\"wp-block-cover has-custom-content-position is-position-bottom-center\"><img decoding=\"async\" width=\"2560\" height=\"1398\" class=\"wp-block-cover__image-background wp-image-10405\" alt=\"\" src=\"https:\/\/www.mycover-protection.com\/wp-content\/uploads\/2021\/03\/Motorrad-Kettenschloss-Abus-Granit-Extreme-Plus-59-an-Motorradabdeckplane-Mycover-und-Suzuki-GSX-R1000-extra-wide-scaled.jpg\" data-object-fit=\"cover\" srcset=\"https:\/\/www.mycover-protection.com\/wp-content\/uploads\/2021\/03\/Motorrad-Kettenschloss-Abus-Granit-Extreme-Plus-59-an-Motorradabdeckplane-Mycover-und-Suzuki-GSX-R1000-extra-wide-scaled.jpg 2560w, https:\/\/www.mycover-protection.com\/wp-content\/uploads\/2021\/03\/Motorrad-Kettenschloss-Abus-Granit-Extreme-Plus-59-an-Motorradabdeckplane-Mycover-und-Suzuki-GSX-R1000-extra-wide-300x164.jpg 300w, https:\/\/www.mycover-protection.com\/wp-content\/uploads\/2021\/03\/Motorrad-Kettenschloss-Abus-Granit-Extreme-Plus-59-an-Motorradabdeckplane-Mycover-und-Suzuki-GSX-R1000-extra-wide-1024x559.jpg 1024w, https:\/\/www.mycover-protection.com\/wp-content\/uploads\/2021\/03\/Motorrad-Kettenschloss-Abus-Granit-Extreme-Plus-59-an-Motorradabdeckplane-Mycover-und-Suzuki-GSX-R1000-extra-wide-768x419.jpg 768w, https:\/\/www.mycover-protection.com\/wp-content\/uploads\/2021\/03\/Motorrad-Kettenschloss-Abus-Granit-Extreme-Plus-59-an-Motorradabdeckplane-Mycover-und-Suzuki-GSX-R1000-extra-wide-1536x839.jpg 1536w, https:\/\/www.mycover-protection.com\/wp-content\/uploads\/2021\/03\/Motorrad-Kettenschloss-Abus-Granit-Extreme-Plus-59-an-Motorradabdeckplane-Mycover-und-Suzuki-GSX-R1000-extra-wide-2048x1118.jpg 2048w, https:\/\/www.mycover-protection.com\/wp-content\/uploads\/2021\/03\/Motorrad-Kettenschloss-Abus-Granit-Extreme-Plus-59-an-Motorradabdeckplane-Mycover-und-Suzuki-GSX-R1000-extra-wide-400x218.jpg 400w, https:\/\/www.mycover-protection.com\/wp-content\/uploads\/2021\/03\/Motorrad-Kettenschloss-Abus-Granit-Extreme-Plus-59-an-Motorradabdeckplane-Mycover-und-Suzuki-GSX-R1000-extra-wide-800x437.jpg 800w\" sizes=\"(max-width: 2560px) 100vw, 2560px\" \/><span aria-hidden=\"true\" class=\"wp-block-cover__background has-background-dim-60 has-background-dim\" style=\"background-color:#4c4947\"><\/span><div class=\"wp-block-cover__inner-container is-layout-constrained wp-block-cover-is-layout-constrained\">\n<h3 class=\"wp-block-heading\">Comprehensive motorcycle protection<\/h3>\n\n\n\n<p>Combine our MYCOVER Cover with an <a href=\"https:\/\/www.mycover-protection.com\/en\/produkt-kategorie\/abus-locks\/\">ABUS lock<\/a> and your vehicle will be optimally protected!<\/p>\n<\/div><\/div>\n\n\n\n<div class=\"wp-block-cover is-light has-custom-content-position is-position-bottom-center\"><img decoding=\"async\" width=\"1024\" height=\"674\" class=\"wp-block-cover__image-background wp-image-60639 size-large\" alt=\"MYCOVER Protection Abdeckplanen\" src=\"https:\/\/www.mycover-protection.com\/wp-content\/uploads\/2025\/10\/041A8981-1024x674.jpg\" data-object-fit=\"cover\" srcset=\"https:\/\/www.mycover-protection.com\/wp-content\/uploads\/2025\/10\/041A8981-1024x674.jpg 1024w, https:\/\/www.mycover-protection.com\/wp-content\/uploads\/2025\/10\/041A8981-300x198.jpg 300w, https:\/\/www.mycover-protection.com\/wp-content\/uploads\/2025\/10\/041A8981-768x506.jpg 768w, https:\/\/www.mycover-protection.com\/wp-content\/uploads\/2025\/10\/041A8981-1536x1011.jpg 1536w, https:\/\/www.mycover-protection.com\/wp-content\/uploads\/2025\/10\/041A8981-2048x1348.jpg 2048w, https:\/\/www.mycover-protection.com\/wp-content\/uploads\/2025\/10\/041A8981-400x263.jpg 400w, https:\/\/www.mycover-protection.com\/wp-content\/uploads\/2025\/10\/041A8981-800x527.jpg 800w\" sizes=\"(max-width: 1024px) 100vw, 1024px\" \/><span aria-hidden=\"true\" class=\"wp-block-cover__background has-background-dim\" style=\"background-color:#8692a6\"><\/span><div class=\"wp-block-cover__inner-container is-layout-constrained wp-block-cover-is-layout-constrained\">\n<h3 class=\"wp-block-heading\">Covers by Motorcyclists for Motorcyclists<\/h3>\n\n\n\n<p>We are passionate motorcyclists and develop new <a href=\"\/?product_cat=motorrad_abdeckplane\">Covers<\/a> together with our community<\/p>\n<\/div><\/div>\n<\/div><\/div>\n\n\n\n<div class=\"wp-block-group\"><div class=\"wp-block-group__inner-container is-layout-constrained wp-block-group-is-layout-constrained\">\n<div class=\"wp-block-buttons is-horizontal is-content-justification-center is-layout-flex wp-container-core-buttons-is-layout-ddb39544 wp-block-buttons-is-layout-flex\">\n<div class=\"wp-block-button is-style-outline is-style-outline--2\"><a class=\"wp-block-button__link wp-element-button\" href=\"https:\/\/www.mycover-protection.com\/en\/about-us\/\">More about us<\/a><\/div>\n<\/div>\n<\/div><\/div>\n<\/div><\/div>\n","protected":false},"excerpt":{"rendered":"<p>Motorcycle cover for Sherco High-quality cover for your Sherco motorcycle Quickly to the right size e.g. Sherco SE-R 300, SEF-R 300, TV 250 \u2026 Also for modifications and accessories Fits with handlebar conversions, high seats, Long Ride Kit Robust and weatherproof Breathable, waterproof, soft inner fleece &#8230; Sherco motorcycle cover size finder Recommendations for suitable [&#8230;]<\/p>\n","protected":false},"author":1018,"featured_media":0,"parent":31580,"menu_order":0,"comment_status":"closed","ping_status":"closed","template":"page-blank.php","meta":{"footnotes":""},"class_list":["post-30440","page","type-page","status-publish","hentry"],"yoast_head":"<!-- This site is optimized with the Yoast SEO plugin v27.4 - https:\/\/yoast.com\/product\/yoast-seo-wordpress\/ -->\n<title>Motorcycle cover for Sherco | easy to find in 3 clicks<\/title>\n<meta name=\"description\" content=\"Select the MYCOVER\u00ae motorcycle cover for Sherco in 3 clicks \u2713 Custom fit \u2713 weatherproof \u2713 strong in rain and UV\" \/>\n<meta name=\"robots\" content=\"index, follow, max-snippet:-1, max-image-preview:large, max-video-preview:-1\" \/>\n<link rel=\"canonical\" href=\"https:\/\/www.mycover-protection.com\/en\/size-recommendations\/motorcycle-covers\/outdoor\/sherco\/\" \/>\n<meta property=\"og:locale\" content=\"en_US\" \/>\n<meta property=\"og:type\" content=\"article\" \/>\n<meta property=\"og:title\" content=\"Motorcycle cover for Sherco | easy to find in 3 clicks\" \/>\n<meta property=\"og:description\" content=\"Select the MYCOVER\u00ae motorcycle cover for Sherco in 3 clicks \u2713 Custom fit \u2713 weatherproof \u2713 strong in rain and UV\" \/>\n<meta property=\"og:url\" content=\"https:\/\/www.mycover-protection.com\/en\/size-recommendations\/motorcycle-covers\/outdoor\/sherco\/\" \/>\n<meta property=\"og:site_name\" content=\"MYCOVER\u00ae Online Shop\" \/>\n<meta property=\"article:publisher\" content=\"https:\/\/www.facebook.com\/Mycover-114242613377158\/\" \/>\n<meta property=\"article:modified_time\" content=\"2026-03-26T11:29:51+00:00\" \/>\n<meta property=\"og:image\" content=\"https:\/\/www.mycover-protection.com\/wp-content\/uploads\/2019\/12\/MYCOVER_Front_white.jpg\" \/>\n<meta name=\"twitter:card\" content=\"summary_large_image\" \/>\n<meta name=\"twitter:label1\" content=\"Est. reading time\" \/>\n\t<meta name=\"twitter:data1\" content=\"5 minutes\" \/>\n<script type=\"application\/ld+json\" class=\"yoast-schema-graph\">{\"@context\":\"https:\\\/\\\/schema.org\",\"@graph\":[{\"@type\":\"WebPage\",\"@id\":\"https:\\\/\\\/www.mycover-protection.com\\\/en\\\/size-recommendations\\\/motorcycle-covers\\\/outdoor\\\/sherco\\\/\",\"url\":\"https:\\\/\\\/www.mycover-protection.com\\\/en\\\/size-recommendations\\\/motorcycle-covers\\\/outdoor\\\/sherco\\\/\",\"name\":\"Motorcycle cover for Sherco | easy to find in 3 clicks\",\"isPartOf\":{\"@id\":\"https:\\\/\\\/www.mycover-protection.com\\\/en\\\/#website\"},\"primaryImageOfPage\":{\"@id\":\"https:\\\/\\\/www.mycover-protection.com\\\/en\\\/size-recommendations\\\/motorcycle-covers\\\/outdoor\\\/sherco\\\/#primaryimage\"},\"image\":{\"@id\":\"https:\\\/\\\/www.mycover-protection.com\\\/en\\\/size-recommendations\\\/motorcycle-covers\\\/outdoor\\\/sherco\\\/#primaryimage\"},\"thumbnailUrl\":\"https:\\\/\\\/www.mycover-protection.com\\\/wp-content\\\/uploads\\\/2019\\\/12\\\/MYCOVER_Front_white.jpg\",\"datePublished\":\"2024-01-19T16:42:16+00:00\",\"dateModified\":\"2026-03-26T11:29:51+00:00\",\"description\":\"Select the MYCOVER\u00ae motorcycle cover for Sherco in 3 clicks \u2713 Custom fit \u2713 weatherproof \u2713 strong in rain and UV\",\"breadcrumb\":{\"@id\":\"https:\\\/\\\/www.mycover-protection.com\\\/en\\\/size-recommendations\\\/motorcycle-covers\\\/outdoor\\\/sherco\\\/#breadcrumb\"},\"inLanguage\":\"en-US\",\"potentialAction\":[{\"@type\":\"ReadAction\",\"target\":[\"https:\\\/\\\/www.mycover-protection.com\\\/en\\\/size-recommendations\\\/motorcycle-covers\\\/outdoor\\\/sherco\\\/\"]}]},{\"@type\":\"ImageObject\",\"inLanguage\":\"en-US\",\"@id\":\"https:\\\/\\\/www.mycover-protection.com\\\/en\\\/size-recommendations\\\/motorcycle-covers\\\/outdoor\\\/sherco\\\/#primaryimage\",\"url\":\"https:\\\/\\\/www.mycover-protection.com\\\/wp-content\\\/uploads\\\/2019\\\/12\\\/MYCOVER_Front_white.jpg\",\"contentUrl\":\"https:\\\/\\\/www.mycover-protection.com\\\/wp-content\\\/uploads\\\/2019\\\/12\\\/MYCOVER_Front_white.jpg\"},{\"@type\":\"BreadcrumbList\",\"@id\":\"https:\\\/\\\/www.mycover-protection.com\\\/en\\\/size-recommendations\\\/motorcycle-covers\\\/outdoor\\\/sherco\\\/#breadcrumb\",\"itemListElement\":[{\"@type\":\"ListItem\",\"position\":1,\"name\":\"Homepage\",\"item\":\"https:\\\/\\\/www.mycover-protection.com\\\/en\\\/\"},{\"@type\":\"ListItem\",\"position\":2,\"name\":\"Size recommendations\",\"item\":\"https:\\\/\\\/www.mycover-protection.com\\\/en\\\/size-recommendations\\\/\"},{\"@type\":\"ListItem\",\"position\":3,\"name\":\"Motorcycle covers\",\"item\":\"https:\\\/\\\/www.mycover-protection.com\\\/en\\\/size-recommendations\\\/motorcycle-covers\\\/\"},{\"@type\":\"ListItem\",\"position\":4,\"name\":\"Outdoor\",\"item\":\"https:\\\/\\\/www.mycover-protection.com\\\/en\\\/size-recommendations\\\/motorcycle-covers\\\/outdoor\\\/\"},{\"@type\":\"ListItem\",\"position\":5,\"name\":\"Sherco motorcycle cover\"}]},{\"@type\":\"WebSite\",\"@id\":\"https:\\\/\\\/www.mycover-protection.com\\\/en\\\/#website\",\"url\":\"https:\\\/\\\/www.mycover-protection.com\\\/en\\\/\",\"name\":\"MYCOVER\u00ae Online Shop\",\"description\":\"Protection at its finest\",\"publisher\":{\"@id\":\"https:\\\/\\\/www.mycover-protection.com\\\/en\\\/#organization\"},\"potentialAction\":[{\"@type\":\"SearchAction\",\"target\":{\"@type\":\"EntryPoint\",\"urlTemplate\":\"https:\\\/\\\/www.mycover-protection.com\\\/en\\\/?s={search_term_string}\"},\"query-input\":{\"@type\":\"PropertyValueSpecification\",\"valueRequired\":true,\"valueName\":\"search_term_string\"}}],\"inLanguage\":\"en-US\"},{\"@type\":\"Organization\",\"@id\":\"https:\\\/\\\/www.mycover-protection.com\\\/en\\\/#organization\",\"name\":\"MYCOVER\u00ae - PROTECTION AT ITS FINEST\",\"url\":\"https:\\\/\\\/www.mycover-protection.com\\\/en\\\/\",\"logo\":{\"@type\":\"ImageObject\",\"inLanguage\":\"en-US\",\"@id\":\"https:\\\/\\\/www.mycover-protection.com\\\/en\\\/#\\\/schema\\\/logo\\\/image\\\/\",\"url\":\"https:\\\/\\\/www.mycover-protection.com\\\/wp-content\\\/uploads\\\/2020\\\/01\\\/PAYPAL_190x60_mycover-white.jpg\",\"contentUrl\":\"https:\\\/\\\/www.mycover-protection.com\\\/wp-content\\\/uploads\\\/2020\\\/01\\\/PAYPAL_190x60_mycover-white.jpg\",\"width\":190,\"height\":60,\"caption\":\"MYCOVER\u00ae - PROTECTION AT ITS FINEST\"},\"image\":{\"@id\":\"https:\\\/\\\/www.mycover-protection.com\\\/en\\\/#\\\/schema\\\/logo\\\/image\\\/\"},\"sameAs\":[\"https:\\\/\\\/www.facebook.com\\\/Mycover-114242613377158\\\/\"]}]}<\/script>\n<!-- \/ Yoast SEO plugin. -->","yoast_head_json":{"title":"Motorcycle cover for Sherco | easy to find in 3 clicks","description":"Select the MYCOVER\u00ae motorcycle cover for Sherco in 3 clicks \u2713 Custom fit \u2713 weatherproof \u2713 strong in rain and UV","robots":{"index":"index","follow":"follow","max-snippet":"max-snippet:-1","max-image-preview":"max-image-preview:large","max-video-preview":"max-video-preview:-1"},"canonical":"https:\/\/www.mycover-protection.com\/en\/size-recommendations\/motorcycle-covers\/outdoor\/sherco\/","og_locale":"en_US","og_type":"article","og_title":"Motorcycle cover for Sherco | easy to find in 3 clicks","og_description":"Select the MYCOVER\u00ae motorcycle cover for Sherco in 3 clicks \u2713 Custom fit \u2713 weatherproof \u2713 strong in rain and UV","og_url":"https:\/\/www.mycover-protection.com\/en\/size-recommendations\/motorcycle-covers\/outdoor\/sherco\/","og_site_name":"MYCOVER\u00ae Online Shop","article_publisher":"https:\/\/www.facebook.com\/Mycover-114242613377158\/","article_modified_time":"2026-03-26T11:29:51+00:00","og_image":[{"url":"https:\/\/www.mycover-protection.com\/wp-content\/uploads\/2019\/12\/MYCOVER_Front_white.jpg","type":"","width":"","height":""}],"twitter_card":"summary_large_image","twitter_misc":{"Est. reading time":"5 minutes"},"schema":{"@context":"https:\/\/schema.org","@graph":[{"@type":"WebPage","@id":"https:\/\/www.mycover-protection.com\/en\/size-recommendations\/motorcycle-covers\/outdoor\/sherco\/","url":"https:\/\/www.mycover-protection.com\/en\/size-recommendations\/motorcycle-covers\/outdoor\/sherco\/","name":"Motorcycle cover for Sherco | easy to find in 3 clicks","isPartOf":{"@id":"https:\/\/www.mycover-protection.com\/en\/#website"},"primaryImageOfPage":{"@id":"https:\/\/www.mycover-protection.com\/en\/size-recommendations\/motorcycle-covers\/outdoor\/sherco\/#primaryimage"},"image":{"@id":"https:\/\/www.mycover-protection.com\/en\/size-recommendations\/motorcycle-covers\/outdoor\/sherco\/#primaryimage"},"thumbnailUrl":"https:\/\/www.mycover-protection.com\/wp-content\/uploads\/2019\/12\/MYCOVER_Front_white.jpg","datePublished":"2024-01-19T16:42:16+00:00","dateModified":"2026-03-26T11:29:51+00:00","description":"Select the MYCOVER\u00ae motorcycle cover for Sherco in 3 clicks \u2713 Custom fit \u2713 weatherproof \u2713 strong in rain and UV","breadcrumb":{"@id":"https:\/\/www.mycover-protection.com\/en\/size-recommendations\/motorcycle-covers\/outdoor\/sherco\/#breadcrumb"},"inLanguage":"en-US","potentialAction":[{"@type":"ReadAction","target":["https:\/\/www.mycover-protection.com\/en\/size-recommendations\/motorcycle-covers\/outdoor\/sherco\/"]}]},{"@type":"ImageObject","inLanguage":"en-US","@id":"https:\/\/www.mycover-protection.com\/en\/size-recommendations\/motorcycle-covers\/outdoor\/sherco\/#primaryimage","url":"https:\/\/www.mycover-protection.com\/wp-content\/uploads\/2019\/12\/MYCOVER_Front_white.jpg","contentUrl":"https:\/\/www.mycover-protection.com\/wp-content\/uploads\/2019\/12\/MYCOVER_Front_white.jpg"},{"@type":"BreadcrumbList","@id":"https:\/\/www.mycover-protection.com\/en\/size-recommendations\/motorcycle-covers\/outdoor\/sherco\/#breadcrumb","itemListElement":[{"@type":"ListItem","position":1,"name":"Homepage","item":"https:\/\/www.mycover-protection.com\/en\/"},{"@type":"ListItem","position":2,"name":"Size recommendations","item":"https:\/\/www.mycover-protection.com\/en\/size-recommendations\/"},{"@type":"ListItem","position":3,"name":"Motorcycle covers","item":"https:\/\/www.mycover-protection.com\/en\/size-recommendations\/motorcycle-covers\/"},{"@type":"ListItem","position":4,"name":"Outdoor","item":"https:\/\/www.mycover-protection.com\/en\/size-recommendations\/motorcycle-covers\/outdoor\/"},{"@type":"ListItem","position":5,"name":"Sherco motorcycle cover"}]},{"@type":"WebSite","@id":"https:\/\/www.mycover-protection.com\/en\/#website","url":"https:\/\/www.mycover-protection.com\/en\/","name":"MYCOVER\u00ae Online Shop","description":"Protection at its finest","publisher":{"@id":"https:\/\/www.mycover-protection.com\/en\/#organization"},"potentialAction":[{"@type":"SearchAction","target":{"@type":"EntryPoint","urlTemplate":"https:\/\/www.mycover-protection.com\/en\/?s={search_term_string}"},"query-input":{"@type":"PropertyValueSpecification","valueRequired":true,"valueName":"search_term_string"}}],"inLanguage":"en-US"},{"@type":"Organization","@id":"https:\/\/www.mycover-protection.com\/en\/#organization","name":"MYCOVER\u00ae - PROTECTION AT ITS FINEST","url":"https:\/\/www.mycover-protection.com\/en\/","logo":{"@type":"ImageObject","inLanguage":"en-US","@id":"https:\/\/www.mycover-protection.com\/en\/#\/schema\/logo\/image\/","url":"https:\/\/www.mycover-protection.com\/wp-content\/uploads\/2020\/01\/PAYPAL_190x60_mycover-white.jpg","contentUrl":"https:\/\/www.mycover-protection.com\/wp-content\/uploads\/2020\/01\/PAYPAL_190x60_mycover-white.jpg","width":190,"height":60,"caption":"MYCOVER\u00ae - PROTECTION AT ITS FINEST"},"image":{"@id":"https:\/\/www.mycover-protection.com\/en\/#\/schema\/logo\/image\/"},"sameAs":["https:\/\/www.facebook.com\/Mycover-114242613377158\/"]}]}},"_links":{"self":[{"href":"https:\/\/www.mycover-protection.com\/en\/wp-json\/wp\/v2\/pages\/30440","targetHints":{"allow":["GET"]}}],"collection":[{"href":"https:\/\/www.mycover-protection.com\/en\/wp-json\/wp\/v2\/pages"}],"about":[{"href":"https:\/\/www.mycover-protection.com\/en\/wp-json\/wp\/v2\/types\/page"}],"author":[{"embeddable":true,"href":"https:\/\/www.mycover-protection.com\/en\/wp-json\/wp\/v2\/users\/1018"}],"replies":[{"embeddable":true,"href":"https:\/\/www.mycover-protection.com\/en\/wp-json\/wp\/v2\/comments?post=30440"}],"version-history":[{"count":14,"href":"https:\/\/www.mycover-protection.com\/en\/wp-json\/wp\/v2\/pages\/30440\/revisions"}],"predecessor-version":[{"id":66674,"href":"https:\/\/www.mycover-protection.com\/en\/wp-json\/wp\/v2\/pages\/30440\/revisions\/66674"}],"up":[{"embeddable":true,"href":"https:\/\/www.mycover-protection.com\/en\/wp-json\/wp\/v2\/pages\/31580"}],"wp:attachment":[{"href":"https:\/\/www.mycover-protection.com\/en\/wp-json\/wp\/v2\/media?parent=30440"}],"curies":[{"name":"wp","href":"https:\/\/api.w.org\/{rel}","templated":true}]}}