{"id":43207,"date":"2025-04-02T13:26:24","date_gmt":"2025-04-02T12:26:24","guid":{"rendered":"https:\/\/www.mycover-protection.com\/en-el-exterior\/"},"modified":"2025-04-02T13:26:31","modified_gmt":"2025-04-02T12:26:31","slug":"en-el-exterior","status":"publish","type":"page","link":"https:\/\/www.mycover-protection.com\/es\/recomendaciones-de-tamano\/fundas-para-moto\/en-el-exterior\/","title":{"rendered":"En el exterior"},"content":{"rendered":"\n<div style=\"height:100px\" aria-hidden=\"true\" class=\"wp-block-spacer\"><\/div>\n\n<div class=\"wp-block-group wf-single-col-small\"><div class=\"wp-block-group__inner-container is-layout-flow wp-block-group-is-layout-flow\">\n<h1 class=\"wp-block-heading has-text-align-center is-style-not-underlined wf-fake-h2\">Recomendaciones de tama\u00f1o: MYCOVER Funda para moto exterior<\/h1>\n\n\n\n<p class=\"has-text-align-center\">\u00a1Ahora con tallas intermedias para todo tipo de motos!<\/p>\n\n\n\n<div style=\"height:35px\" aria-hidden=\"true\" class=\"wp-block-spacer\"><\/div>\n\n\n\n<div class=\"wp-block-columns alignwide is-not-stacked-on-mobile is-layout-flex wp-container-core-columns-is-layout-9d6595d7 wp-block-columns-is-layout-flex\">\n<div class=\"wp-block-column is-layout-flow wp-block-column-is-layout-flow\">\n<figure class=\"wp-block-image size-large\"><img decoding=\"async\" width=\"1024\" height=\"1024\" src=\"https:\/\/www.mycover-protection.com\/wp-content\/uploads\/2022\/11\/Motorrad_abdeckplane_outdoor-1024x1024.jpg\" alt=\"Funda para moto exterior\" class=\"wp-image-22125\" srcset=\"https:\/\/www.mycover-protection.com\/wp-content\/uploads\/2022\/11\/Motorrad_abdeckplane_outdoor-1024x1024.jpg 1024w, https:\/\/www.mycover-protection.com\/wp-content\/uploads\/2022\/11\/Motorrad_abdeckplane_outdoor-300x300.jpg 300w, https:\/\/www.mycover-protection.com\/wp-content\/uploads\/2022\/11\/Motorrad_abdeckplane_outdoor-150x150.jpg 150w, https:\/\/www.mycover-protection.com\/wp-content\/uploads\/2022\/11\/Motorrad_abdeckplane_outdoor-768x768.jpg 768w, https:\/\/www.mycover-protection.com\/wp-content\/uploads\/2022\/11\/Motorrad_abdeckplane_outdoor-270x270.jpg 270w, https:\/\/www.mycover-protection.com\/wp-content\/uploads\/2022\/11\/Motorrad_abdeckplane_outdoor-800x800.jpg 800w, https:\/\/www.mycover-protection.com\/wp-content\/uploads\/2022\/11\/Motorrad_abdeckplane_outdoor-200x200.jpg 200w, https:\/\/www.mycover-protection.com\/wp-content\/uploads\/2022\/11\/Motorrad_abdeckplane_outdoor.jpg 1200w\" sizes=\"(max-width: 1024px) 100vw, 1024px\" \/><\/figure>\n<\/div>\n\n\n\n<div class=\"wp-block-column is-layout-flow wp-block-column-is-layout-flow\">\n<figure class=\"wp-block-image size-large\"><img decoding=\"async\" width=\"1024\" height=\"1024\" src=\"https:\/\/www.mycover-protection.com\/wp-content\/uploads\/2022\/11\/Motorrad-abdeckplane-chopper--1024x1024.jpg\" alt=\"Funda para moto exterior\" class=\"wp-image-22128\" srcset=\"https:\/\/www.mycover-protection.com\/wp-content\/uploads\/2022\/11\/Motorrad-abdeckplane-chopper--1024x1024.jpg 1024w, https:\/\/www.mycover-protection.com\/wp-content\/uploads\/2022\/11\/Motorrad-abdeckplane-chopper--300x300.jpg 300w, https:\/\/www.mycover-protection.com\/wp-content\/uploads\/2022\/11\/Motorrad-abdeckplane-chopper--150x150.jpg 150w, https:\/\/www.mycover-protection.com\/wp-content\/uploads\/2022\/11\/Motorrad-abdeckplane-chopper--768x768.jpg 768w, https:\/\/www.mycover-protection.com\/wp-content\/uploads\/2022\/11\/Motorrad-abdeckplane-chopper--270x270.jpg 270w, https:\/\/www.mycover-protection.com\/wp-content\/uploads\/2022\/11\/Motorrad-abdeckplane-chopper--800x800.jpg 800w, https:\/\/www.mycover-protection.com\/wp-content\/uploads\/2022\/11\/Motorrad-abdeckplane-chopper--200x200.jpg 200w, https:\/\/www.mycover-protection.com\/wp-content\/uploads\/2022\/11\/Motorrad-abdeckplane-chopper-.jpg 1200w\" sizes=\"(max-width: 1024px) 100vw, 1024px\" \/><\/figure>\n<\/div>\n\n\n\n<div class=\"wp-block-column is-layout-flow wp-block-column-is-layout-flow\">\n<figure class=\"wp-block-image size-large\"><img decoding=\"async\" width=\"1024\" height=\"1024\" src=\"https:\/\/www.mycover-protection.com\/wp-content\/uploads\/2019\/12\/Motorrad-Abdeckplane-und-Abdeckung-von-Mycover-1024x1024.jpg\" alt=\"Funda para moto exterior\" class=\"wp-image-23193\" srcset=\"https:\/\/www.mycover-protection.com\/wp-content\/uploads\/2019\/12\/Motorrad-Abdeckplane-und-Abdeckung-von-Mycover-1024x1024.jpg 1024w, https:\/\/www.mycover-protection.com\/wp-content\/uploads\/2019\/12\/Motorrad-Abdeckplane-und-Abdeckung-von-Mycover-300x300.jpg 300w, https:\/\/www.mycover-protection.com\/wp-content\/uploads\/2019\/12\/Motorrad-Abdeckplane-und-Abdeckung-von-Mycover-150x150.jpg 150w, https:\/\/www.mycover-protection.com\/wp-content\/uploads\/2019\/12\/Motorrad-Abdeckplane-und-Abdeckung-von-Mycover-768x768.jpg 768w, https:\/\/www.mycover-protection.com\/wp-content\/uploads\/2019\/12\/Motorrad-Abdeckplane-und-Abdeckung-von-Mycover-270x270.jpg 270w, https:\/\/www.mycover-protection.com\/wp-content\/uploads\/2019\/12\/Motorrad-Abdeckplane-und-Abdeckung-von-Mycover-800x800.jpg 800w, https:\/\/www.mycover-protection.com\/wp-content\/uploads\/2019\/12\/Motorrad-Abdeckplane-und-Abdeckung-von-Mycover-200x200.jpg 200w, https:\/\/www.mycover-protection.com\/wp-content\/uploads\/2019\/12\/Motorrad-Abdeckplane-und-Abdeckung-von-Mycover.jpg 1200w\" sizes=\"(max-width: 1024px) 100vw, 1024px\" \/><\/figure>\n<\/div>\n<\/div>\n\n\n\n<div style=\"height:100px\" aria-hidden=\"true\" class=\"wp-block-spacer wf-spacer-section\"><\/div>\n<\/div><\/div>\n\n<div class=\"wp-block-group alignfull has-background\" style=\"background-color:#fafafa\"><div class=\"wp-block-group__inner-container is-layout-constrained wp-block-group-is-layout-constrained\">\n<div class=\"wp-block-group wf-single-col-small\"><div class=\"wp-block-group__inner-container is-layout-flow wp-block-group-is-layout-flow\">\n<div style=\"height:100px\" aria-hidden=\"true\" class=\"wp-block-spacer wf-spacer-section\"><\/div>\n\n\n\n<h2 class=\"wp-block-heading has-text-align-center is-style-not-underlined wf-overline\" id=\"groessentabelle\">Recomendaci\u00f3n interactiva de tama\u00f1o<\/h2>\n\n\n\n<p class=\"has-text-align-center wf-fake-h2\">Encuentra la Funda adecuada para tu moto en 3 pasos<\/p>\n\n\n\n<div style=\"height:35px\" aria-hidden=\"true\" class=\"wp-block-spacer\"><\/div>\n\n\n\n<p>Elige tu moto entre m\u00e1s de 1.300 modelos y obt\u00e9n la recomendaci\u00f3n de talla adecuada para la Funda para moto de exterior de primera calidad de MYCOVER\u00ae.<\/p>\n\n\n\n<p>Adem\u00e1s del estado de f\u00e1brica, tambi\u00e9n cubrimos las conversiones para algunos veh\u00edculos con nuestras recomendaciones interactivas de tama\u00f1o. \u00a1Pocas veces es tan f\u00e1cil comprar una Funda adecuada! <\/p>\n\n\n\n<p>MYCOVER\u00ae &#8211; La mejor protecci\u00f3n<\/p>\n\n\n\n<div style=\"height:50px\" aria-hidden=\"true\" class=\"wp-block-spacer\"><\/div>\n\n\n\n<div data-color-scheme=\"error\" class=\"wfa-component-alertbox\" data-wfa-component=\"alertbox\">\t<p><strong>Prohibido<\/strong><\/p>\n\t<p>El shortcode <code>[[wfa-component-tarpaulin-size-recommendation]]<\/code> no est\u00e1 liberado para este tipo de p\u00e1gina.\t<\/p>\n<\/div>\n\n\n\n\n\n<details class=\"wp-block-webfluence-blocks-details-summary wfa-block-details-measuring-guide\">\n<summary class=\"wp-block-webfluence-blocks-details-summary-title\">\n<h2 class=\"wp-block-heading is-style-not-underlined\" id=\"bike-messen-anleitung\">Instrucciones: Mide correctamente tu moto y encuentra la medida de Fundas para moto adecuada.<\/h2>\n<\/summary>\n\n\n\n<div class=\"wp-block-webfluence-blocks-details-summary-body\">\n<p>Si tu moto est\u00e1 transformada o no la has encontrado en nuestras recomendaciones de tallas, utiliza nuestra gu\u00eda paso a paso para encontrar la talla de Fundas para moto adecuada midiendo tu moto.<\/p>\n\n<p><strong>Informaci\u00f3n:<\/strong> Los accesorios como las bolsas sobredep\u00f3sito, los sistemas de escape, las extensiones de reposapi\u00e9s, los asientos elevadores, las barras de protecci\u00f3n, las almohadillas de protecci\u00f3n, los protectores de ejes y otras conversiones similares caben debajo de la Funda y, por lo general, no tienen que medirse por separado. A menos que sobresalgan m\u00e1s all\u00e1 de uno de los valores m\u00e1ximos a medir. <\/p>\n\n<div style=\"height:25px\" aria-hidden=\"true\" class=\"wp-block-spacer\"><\/div>\n\n<h3 class=\"wp-block-heading is-style-not-underlined\"><\/h3>\n\n<p>Las especificaciones oficiales del fabricante excluyen siempre el soporte de la matr\u00edcula, los retrovisores y el parabrisas.<\/p>\n\n<p>Mejor compru\u00e9balo t\u00fa mismo para estar seguro.<\/p>\n\n<p>As\u00ed es como se procede:<\/p>\n\n<h4 class=\"wp-block-heading is-style-not-underlined\">Paso 1: Coloca la moto correctamente<\/h4>\n\n<ol class=\"wp-block-list\">\n<li>Coloca la moto sobre el caballete lateral y no sobre el caballete principal para poder medir correctamente la altura trasera.  <\/li>\n\n\n\n<li>Endereza el manillar. Si es necesario, utiliza una cu\u00f1a o un martillo en el neum\u00e1tico para mantenerlo en su sitio. <\/li>\n<\/ol>\n\n<p>El conjunto deber\u00eda tener este aspecto:<\/p>\n\n<figure class=\"wp-block-image size-large\"><img decoding=\"async\" width=\"1024\" height=\"683\" src=\"https:\/\/www.mycover-protection.com\/wp-content\/uploads\/2020\/05\/MyCover-6-1024x683.jpg\" alt=\"\" class=\"wp-image-6106\" srcset=\"https:\/\/www.mycover-protection.com\/wp-content\/uploads\/2020\/05\/MyCover-6-1024x683.jpg 1024w, https:\/\/www.mycover-protection.com\/wp-content\/uploads\/2020\/05\/MyCover-6-300x200.jpg 300w, https:\/\/www.mycover-protection.com\/wp-content\/uploads\/2020\/05\/MyCover-6-768x512.jpg 768w, https:\/\/www.mycover-protection.com\/wp-content\/uploads\/2020\/05\/MyCover-6-1536x1024.jpg 1536w, https:\/\/www.mycover-protection.com\/wp-content\/uploads\/2020\/05\/MyCover-6-2048x1365.jpg 2048w, https:\/\/www.mycover-protection.com\/wp-content\/uploads\/2020\/05\/MyCover-6-400x267.jpg 400w, https:\/\/www.mycover-protection.com\/wp-content\/uploads\/2020\/05\/MyCover-6-800x533.jpg 800w\" sizes=\"(max-width: 1024px) 100vw, 1024px\" \/><\/figure>\n\n<div style=\"height:50px\" aria-hidden=\"true\" class=\"wp-block-spacer\"><\/div>\n\n<h4 class=\"wp-block-heading is-style-not-underlined\">Paso 2: Mide correctamente la moto<\/h4>\n\n<p>Ahora mide y anota las siguientes dimensiones de tu veh\u00edculo:<\/p>\n\n<ul class=\"wp-block-list\">\n<li>Longitud m\u00e1xima<\/li>\n\n\n\n<li>Anchura m\u00e1xima delantera (manillar o espejo)  <\/li>\n\n\n\n<li>Altura frontal m\u00e1xima (espejo o cristal)  <\/li>\n\n\n\n<li>Altura trasera (incl. barra para el trasero, portaequipajes, etc.)<\/li>\n\n\n\n<li>Anchura trasera (mide tambi\u00e9n el soporte lateral de la matr\u00edcula y las maletas laterales)<\/li>\n<\/ul>\n\n<div class=\"wp-block-group wfa-mycover-outdoor-measurements-table-hint-group has-text-color has-background has-link-color wp-elements-b0c61661e5467ae3dbfcc81ab96b9952\" style=\"color:#1e3a8a;background-color:#eff6ff\"><div class=\"wp-block-group__inner-container is-layout-constrained wp-block-group-is-layout-constrained\">\n<p class=\"wfa-list-default\"><strong>Altura trasera con ba\u00fal:<\/strong> Mide la altura trasera con el ba\u00fal montado si aparcas con \u00e9l permanentemente o guardas el veh\u00edculo con \u00e9l durante el invierno.<\/p>\n<\/div><\/div>\n\n<p>Cuando midas los valores de altura, aseg\u00farate de que la regla plegable y el veh\u00edculo est\u00e1n colocados perpendicularmente al suelo. Un peque\u00f1o consejo: si te sientas sobre el veh\u00edculo o lo sostienes recto, especialmente con los Chopper, podr\u00e1s medir m\u00e1s f\u00e1cilmente. <\/p>\n\n<p>Utiliza los diagramas siguientes como gu\u00eda para medir. Sujeta tu regla de plegado en el mismo \u00e1ngulo que las marcas de los diagramas. <\/p>\n\n<div class=\"wp-block-group wfa-cover-measuring-aid-wrap --vertical\"><div class=\"wp-block-group__inner-container is-layout-flow wp-block-group-is-layout-flow\">\n<div class=\"wfa-cover-measuring-aid-bike-side\">\n<div class=\"wfa-cover-measuring-aid-bike-side__text-top\"><p>Longitud total<\/p><\/div>\n<div class=\"wfa-cover-measuring-aid-bike-side__text-left\"><div><p>Altura de la cola<\/p><\/div><\/div>\n<div class=\"wfa-cover-measuring-aid-bike-side__img-wrap\"><figure class=\"wp-block-image size-large\"><img decoding=\"async\" width=\"1024\" height=\"619\" src=\"https:\/\/www.mycover-protection.com\/wp-content\/uploads\/2022\/05\/bike-messen-hilfe-seitenansicht-1024x619.png\" alt=\"\" class=\"wp-image-17963\" srcset=\"https:\/\/www.mycover-protection.com\/wp-content\/uploads\/2022\/05\/bike-messen-hilfe-seitenansicht-1024x619.png 1024w, https:\/\/www.mycover-protection.com\/wp-content\/uploads\/2022\/05\/bike-messen-hilfe-seitenansicht-300x181.png 300w, https:\/\/www.mycover-protection.com\/wp-content\/uploads\/2022\/05\/bike-messen-hilfe-seitenansicht-768x464.png 768w, https:\/\/www.mycover-protection.com\/wp-content\/uploads\/2022\/05\/bike-messen-hilfe-seitenansicht-400x242.png 400w, https:\/\/www.mycover-protection.com\/wp-content\/uploads\/2022\/05\/bike-messen-hilfe-seitenansicht-800x484.png 800w, https:\/\/www.mycover-protection.com\/wp-content\/uploads\/2022\/05\/bike-messen-hilfe-seitenansicht.png 1485w\" sizes=\"(max-width: 1024px) 100vw, 1024px\" \/><\/figure><\/div>\n<div class=\"wfa-cover-measuring-aid-bike-side__text-right\"><div><p>Altura frontal m\u00e1xima<\/p><\/div><\/div>\n<\/div>\n\n\n\n<div class=\"wfa-cover-measuring-aid-bike-back\">\n<div class=\"wfa-cover-measuring-aid-bike-back__text-top\"><p>Anchura frontal m\u00e1xima<\/p><\/div>\n<div class=\"wfa-cover-measuring-aid-bike-back__img-wrap\"><figure class=\"wp-block-image size-full\"><img decoding=\"async\" width=\"594\" height=\"883\" src=\"https:\/\/www.mycover-protection.com\/wp-content\/uploads\/2022\/05\/bike-messen-hilfe-heckansicht_3.png\" alt=\"\" class=\"wp-image-18011\" srcset=\"https:\/\/www.mycover-protection.com\/wp-content\/uploads\/2022\/05\/bike-messen-hilfe-heckansicht_3.png 594w, https:\/\/www.mycover-protection.com\/wp-content\/uploads\/2022\/05\/bike-messen-hilfe-heckansicht_3-202x300.png 202w, https:\/\/www.mycover-protection.com\/wp-content\/uploads\/2022\/05\/bike-messen-hilfe-heckansicht_3-182x270.png 182w\" sizes=\"(max-width: 594px) 100vw, 594px\" \/><\/figure><\/div>\n<div class=\"wfa-cover-measuring-aid-bike-back__text-bottom\"><p>Anchura m\u00e1xima trasera<\/p><\/div>\n<\/div>\n<\/div><\/div>\n\n<div style=\"height:35px\" aria-hidden=\"true\" class=\"wp-block-spacer\"><\/div>\n\n<p>A continuaci\u00f3n, utiliza las tablas siguientes para encontrar la talla adecuada.<\/p>\n\n<div style=\"height:25px\" aria-hidden=\"true\" class=\"wp-block-spacer\"><\/div>\n\n<h3 class=\"wp-block-heading is-style-not-underlined\">Paso 3: Compara tus medidas con las dimensiones de la MYCOVER\u00ae Funda para moto<\/h3>\n\n<p><strong><mark style=\"background-color:rgba(0, 0, 0, 0)\" class=\"has-inline-color has-black-color\">Consejo: Las dimensiones indicadas en las tablas son las dimensiones m\u00e1ximas de nuestros productos.<\/mark><\/strong> <\/p>\n\n<div class=\"wp-block-group wfa-mycover-outdoor-measurements-table-hint-group has-text-color has-background has-link-color wp-elements-66971b0a32f6df7b78c874840bb50620\" style=\"color:#1e3a8a;background-color:#eff6ff\"><div class=\"wp-block-group__inner-container is-layout-constrained wp-block-group-is-layout-constrained\">\n<p><strong>Comprender correctamente los valores de la tabla:<\/strong><\/p>\n\n\n\n<ul class=\"wp-block-list wfa-list-default\">\n<li><strong>Longitud\/anchura frontal:<\/strong> Las medidas de tu veh\u00edculo deben ser inferiores a los valores indicados en la tabla. Esto garantiza que el veh\u00edculo quepa debajo de la lona. <\/li>\n\n\n\n<li><strong>Altura delantera\/altura trasera:<\/strong> Las medidas de tu veh\u00edculo deben ser aproximadamente iguales o superiores a los valores indicados en la tabla. Para evitar que la lona se apoye en el suelo, la banda el\u00e1stica har\u00e1 el resto por ti. <\/li>\n<\/ul>\n<\/div><\/div>\n\n<div style=\"height:35px\" aria-hidden=\"true\" class=\"wp-block-spacer\"><\/div>\n\n<div class=\"wp-block-group wfa-mycover-outdoor-measurements-table-hint-group has-text-color has-background has-link-color wp-elements-46a91562f1e93ad8f055f379d884b65c\" style=\"color:#1e3a8a;background-color:#eff6ff\"><div class=\"wp-block-group__inner-container is-layout-constrained wp-block-group-is-layout-constrained\">\n<p><strong>Un peque\u00f1o consejo sobre la distancia al suelo<\/strong>:<\/p>\n\n\n\n<p>Si calculas la diferencia entre la altura del veh\u00edculo y la altura de la lona, puedes estimar aproximadamente la distancia al suelo que tendr\u00e1 la lona. Una distancia al suelo de 5 a 7 cm suele ser adecuada para que la lona llegue aproximadamente hasta el borde de la llanta. <\/p>\n\n\n\n<p>Si puedes vivir con ello visualmente, no hay nada t\u00e9cnicamente malo en una mayor distancia al suelo. En caso de duda, opta por m\u00e1s altura libre al suelo que una Funda superpuesta. Sin embargo, el disco de freno no debe ser visible.  <\/p>\n<\/div><\/div>\n\n<div style=\"height:40px\" aria-hidden=\"true\" class=\"wp-block-spacer\"><\/div>\n\n<p class=\"has-text-align-left wf-table-abdeckplane-masse__title\"><strong>Tama\u00f1os para Scooter y motos (Chopper abajo)<\/strong><\/p>\n\n<div class=\"wp-block-group wfa-mycover-outdoor-measurements-table-hint-group has-text-color has-background has-link-color wp-elements-3768378843d9ba96b4b232e3a96f8d28\" style=\"color:#1e3a8a;background-color:#eff6ff\"><div class=\"wp-block-group__inner-container is-layout-constrained wp-block-group-is-layout-constrained\">\n<p><strong>Nota sobre los tama\u00f1os de las cajas superiores (+ TC):<\/strong><\/p>\n\n\n\n<p>+ TC son nuestros tama\u00f1os de ba\u00fal. Comprar s\u00f3lo para veh\u00edculos con ba\u00fal montado. Por favor, mide la altura trasera con el ba\u00fal montado si aparcas con \u00e9l permanentemente o guardas tu veh\u00edculo con \u00e9l durante el invierno.  <\/p>\n<\/div><\/div>\n\n<figure class=\"wp-block-table is-style-stripes wf-table-abdeckplane-masse\"><table><thead><tr><th class=\"has-text-align-left\" data-align=\"left\">Talla<\/th><th class=\"has-text-align-center\" data-align=\"center\">Longitud<\/th><th class=\"has-text-align-center\" data-align=\"center\">Anchura frontal<\/th><th class=\"has-text-align-center\" data-align=\"center\">Altura frontal<\/th><th class=\"has-text-align-center\" data-align=\"center\">Altura trasera<\/th><\/tr><\/thead><tbody><tr><td class=\"has-text-align-left\" data-align=\"left\"><a href=\"https:\/\/www.mycover-protection.com\/it\/produkt\/mycover-telo-per-scooter-da-esterno-di-alta-qualita\/?attribute_pa_groesse-abdeckplanen=xs\"><strong>XS<\/strong><\/a><\/td><td class=\"has-text-align-center\" data-align=\"center\">190<\/td><td class=\"has-text-align-center\" data-align=\"center\">85<\/td><td class=\"has-text-align-center\" data-align=\"center\">115<\/td><td class=\"has-text-align-center\" data-align=\"center\">75<\/td><\/tr><tr><td class=\"has-text-align-left\" data-align=\"left\"><strong><a href=\"https:\/\/www.mycover-protection.com\/it\/produkt\/mycover-telo-per-scooter-da-esterno-di-alta-qualita\/?attribute_pa_groesse-abdeckplanen=s\">S<\/a><\/strong><\/td><td class=\"has-text-align-center\" data-align=\"center\">205<\/td><td class=\"has-text-align-center\" data-align=\"center\">90<\/td><td class=\"has-text-align-center\" data-align=\"center\">120<\/td><td class=\"has-text-align-center\" data-align=\"center\">85<\/td><\/tr><tr><td class=\"has-text-align-left\" data-align=\"left\"><strong><a href=\"https:\/\/www.mycover-protection.com\/it\/produkt\/mycover-telo-coprimoto-premium-per-esterni\/?attribute_pa_groesse-abdeckplanen=m\">M<\/a><\/strong><\/td><td class=\"has-text-align-center\" data-align=\"center\">215<\/td><td class=\"has-text-align-center\" data-align=\"center\">95<\/td><td class=\"has-text-align-center\" data-align=\"center\">120<\/td><td class=\"has-text-align-center\" data-align=\"center\">100<\/td><\/tr><tr><td class=\"has-text-align-left\" data-align=\"left\"><strong><a href=\"https:\/\/www.mycover-protection.com\/it\/produkt\/mycover-telo-coprimoto-premium-per-esterni\/?attribute_pa_groesse-abdeckplanen=m-plus\">M+<\/a><\/strong><\/td><td class=\"has-text-align-center\" data-align=\"center\">215<\/td><td class=\"has-text-align-center\" data-align=\"center\">95<\/td><td class=\"has-text-align-center\" data-align=\"center\">130<\/td><td class=\"has-text-align-center\" data-align=\"center\">90<\/td><\/tr><tr><td class=\"has-text-align-left\" data-align=\"left\"><strong><a href=\"https:\/\/www.mycover-protection.com\/it\/produkt\/mycover-telo-per-scooter-da-esterno-di-alta-qualita\/?attribute_pa_groesse-abdeckplanen=m-plus-tc\">M+ TC<\/a><\/strong><\/td><td class=\"has-text-align-center\" data-align=\"center\">215<\/td><td class=\"has-text-align-center\" data-align=\"center\">95<\/td><td class=\"has-text-align-center\" data-align=\"center\">130<\/td><td class=\"has-text-align-center\" data-align=\"center\">115<\/td><\/tr><tr><td class=\"has-text-align-left\" data-align=\"left\"><strong><a href=\"https:\/\/www.mycover-protection.com\/it\/produkt\/mycover-telo-coprimoto-premium-per-esterni\/?attribute_pa_groesse-abdeckplanen=l\">L<\/a><\/strong><\/td><td class=\"has-text-align-center\" data-align=\"center\">235<\/td><td class=\"has-text-align-center\" data-align=\"center\">100<\/td><td class=\"has-text-align-center\" data-align=\"center\">120<\/td><td class=\"has-text-align-center\" data-align=\"center\">100<\/td><\/tr><tr><td class=\"has-text-align-left\" data-align=\"left\"><strong><a href=\"https:\/\/www.mycover-protection.com\/it\/produkt\/mycover-telo-coprimoto-premium-per-esterni\/?attribute_pa_groesse-abdeckplanen=l-plus\">L+<\/a><\/strong><\/td><td class=\"has-text-align-center\" data-align=\"center\">235<\/td><td class=\"has-text-align-center\" data-align=\"center\">100<\/td><td class=\"has-text-align-center\" data-align=\"center\">130<\/td><td class=\"has-text-align-center\" data-align=\"center\">90<\/td><\/tr><tr><td class=\"has-text-align-left\" data-align=\"left\"><a href=\"https:\/\/www.mycover-protection.com\/it\/produkt\/mycover-telo-coprimoto-premium-per-esterni\/?attribute_pa_groesse-abdeckplanen=l-plus-tc\"><strong>L+ TC<\/strong><\/a><\/td><td class=\"has-text-align-center\" data-align=\"center\">235<\/td><td class=\"has-text-align-center\" data-align=\"center\">100<\/td><td class=\"has-text-align-center\" data-align=\"center\">130<\/td><td class=\"has-text-align-center\" data-align=\"center\">125<\/td><\/tr><tr><td class=\"has-text-align-left\" data-align=\"left\"><strong><a href=\"https:\/\/www.mycover-protection.com\/it\/produkt\/mycover-telo-coprimoto-premium-per-esterni\/?attribute_pa_groesse-abdeckplanen=l-plus-plus\">L++<\/a><\/strong><\/td><td class=\"has-text-align-center\" data-align=\"center\">235<\/td><td class=\"has-text-align-center\" data-align=\"center\">100<\/td><td class=\"has-text-align-center\" data-align=\"center\">145<\/td><td class=\"has-text-align-center\" data-align=\"center\">95<\/td><\/tr><tr><td class=\"has-text-align-left\" data-align=\"left\"><a href=\"https:\/\/www.mycover-protection.com\/it\/produkt\/mycover-telo-coprimoto-premium-per-esterni\/?attribute_pa_groesse-abdeckplanen=l-plus-plus-tc\"><strong>L++ TC<\/strong><\/a><\/td><td class=\"has-text-align-center\" data-align=\"center\">235<\/td><td class=\"has-text-align-center\" data-align=\"center\">100<\/td><td class=\"has-text-align-center\" data-align=\"center\">145<\/td><td class=\"has-text-align-center\" data-align=\"center\">130<\/td><\/tr><tr><td class=\"has-text-align-left\" data-align=\"left\"><strong><a href=\"https:\/\/www.mycover-protection.com\/it\/produkt\/mycover-telo-coprimoto-premium-per-esterni\/?attribute_pa_groesse-abdeckplanen=l-plus-plus-plus\">L+++<\/a><\/strong><\/td><td class=\"has-text-align-center\" data-align=\"center\">235<\/td><td class=\"has-text-align-center\" data-align=\"center\">100<\/td><td class=\"has-text-align-center\" data-align=\"center\">160<\/td><td class=\"has-text-align-center\" data-align=\"center\">95<\/td><\/tr><tr><td class=\"has-text-align-left\" data-align=\"left\"><strong><a href=\"https:\/\/www.mycover-protection.com\/it\/produkt\/mycover-telo-coprimoto-premium-per-esterni\/?attribute_pa_groesse-abdeckplanen=xl\">XL<\/a><\/strong><\/td><td class=\"has-text-align-center\" data-align=\"center\">245<\/td><td class=\"has-text-align-center\" data-align=\"center\">110<\/td><td class=\"has-text-align-center\" data-align=\"center\">135<\/td><td class=\"has-text-align-center\" data-align=\"center\">100<\/td><\/tr><tr><td class=\"has-text-align-left\" data-align=\"left\"><strong><a href=\"https:\/\/www.mycover-protection.com\/it\/produkt\/mycover-telo-coprimoto-premium-per-esterni\/?attribute_pa_groesse-abdeckplanen=xl-plus\">XL+  <\/a><\/strong><\/td><td class=\"has-text-align-center\" data-align=\"center\">245<\/td><td class=\"has-text-align-center\" data-align=\"center\">110<\/td><td class=\"has-text-align-center\" data-align=\"center\">145<\/td><td class=\"has-text-align-center\" data-align=\"center\">100<\/td><\/tr><tr><td class=\"has-text-align-left\" data-align=\"left\"><strong><a href=\"https:\/\/www.mycover-protection.com\/it\/produkt\/mycover-telo-coprimoto-premium-per-esterni\/?attribute_pa_groesse-abdeckplanen=xl-plus-tc\">XL+ TC<\/a><\/strong><\/td><td class=\"has-text-align-center\" data-align=\"center\">250<\/td><td class=\"has-text-align-center\" data-align=\"center\">115<\/td><td class=\"has-text-align-center\" data-align=\"center\">145<\/td><td class=\"has-text-align-center\" data-align=\"center\">140<\/td><\/tr><tr><td class=\"has-text-align-left\" data-align=\"left\"><strong><a href=\"https:\/\/www.mycover-protection.com\/it\/produkt\/mycover-telo-coprimoto-premium-per-esterni\/?attribute_pa_groesse-abdeckplanen=xl-plus-gt\">XL+ GT<\/a><\/strong><\/td><td class=\"has-text-align-center\" data-align=\"center\">255<\/td><td class=\"has-text-align-center\" data-align=\"center\">110<\/td><td class=\"has-text-align-center\" data-align=\"center\">145<\/td><td class=\"has-text-align-center\" data-align=\"center\">100<\/td><\/tr><tr><td class=\"has-text-align-left\" data-align=\"left\"><strong><a href=\"https:\/\/www.mycover-protection.com\/it\/produkt\/mycover-telo-coprimoto-premium-per-esterni\/?attribute_pa_groesse-abdeckplanen=xl-plus-gt-tc\">XL+ GT +TC<\/a><\/strong><\/td><td class=\"has-text-align-center\" data-align=\"center\">255<\/td><td class=\"has-text-align-center\" data-align=\"center\">115<\/td><td class=\"has-text-align-center\" data-align=\"center\">145<\/td><td class=\"has-text-align-center\" data-align=\"center\">140<\/td><\/tr><tr><td class=\"has-text-align-left\" data-align=\"left\"><strong><a href=\"https:\/\/www.mycover-protection.com\/it\/produkt\/mycover-telo-coprimoto-premium-per-esterni\/?attribute_pa_groesse-abdeckplanen=xl-plus-plus\">XL++<\/a><\/strong><\/td><td class=\"has-text-align-center\" data-align=\"center\">245<\/td><td class=\"has-text-align-center\" data-align=\"center\">110<\/td><td class=\"has-text-align-center\" data-align=\"center\">160<\/td><td class=\"has-text-align-center\" data-align=\"center\">100<\/td><\/tr><tr><td class=\"has-text-align-left\" data-align=\"left\"><strong><a href=\"https:\/\/www.mycover-protection.com\/it\/produkt\/mycover-telo-coprimoto-premium-per-esterni\/?attribute_pa_groesse-abdeckplanen=xxl\">XXL<\/a><\/strong><\/td><td class=\"has-text-align-center\" data-align=\"center\">260<\/td><td class=\"has-text-align-center\" data-align=\"center\">115<\/td><td class=\"has-text-align-center\" data-align=\"center\">150<\/td><td class=\"has-text-align-center\" data-align=\"center\">90<\/td><\/tr><\/tbody><\/table><figcaption class=\"wp-element-caption\"><strong>Todas las dimensiones en cm<\/strong>, dimensiones de la bolsa de transporte: 38x10x30cm<\/figcaption><\/figure>\n\n<hr class=\"wp-block-separator has-css-opacity\"\/>\n\n<p class=\"has-text-align-left wf-table-abdeckplane-masse__title\"><strong>Tama\u00f1os para Chopper<\/strong><\/p>\n\n<figure class=\"wp-block-table is-style-stripes wf-table-abdeckplane-masse\"><table><thead><tr><th class=\"has-text-align-left\" data-align=\"left\">Talla<\/th><th class=\"has-text-align-center\" data-align=\"center\"><strong>Longitud<\/strong><\/th><th class=\"has-text-align-center\" data-align=\"center\"><strong>Anchura frontal<\/strong><\/th><th class=\"has-text-align-center\" data-align=\"center\"><strong>Altura frontal<\/strong><\/th><th class=\"has-text-align-center\" data-align=\"center\"><strong>Altura trasera<\/strong><\/th><\/tr><\/thead><tbody><tr><td class=\"has-text-align-left\" data-align=\"left\"><strong><a href=\"https:\/\/www.mycover-protection.com\/it\/produkt\/mycover-telo-per-chopper-da-esterno-di-qualita-superiore\/?attribute_pa_groesse-abdeckplanen=c-l\">C-L<\/a><\/strong><\/td><td class=\"has-text-align-center\" data-align=\"center\">245<\/td><td class=\"has-text-align-center\" data-align=\"center\">110<\/td><td class=\"has-text-align-center\" data-align=\"center\">110<\/td><td class=\"has-text-align-center\" data-align=\"center\">65<\/td><\/tr><tr><td class=\"has-text-align-left\" data-align=\"left\"><strong><a href=\"https:\/\/www.mycover-protection.com\/it\/produkt\/mycover-telo-per-chopper-da-esterno-di-qualita-superiore\/?attribute_pa_groesse-abdeckplanen=c-l-plus\">C-L+<\/a><\/strong><\/td><td class=\"has-text-align-center\" data-align=\"center\">255<\/td><td class=\"has-text-align-center\" data-align=\"center\">110<\/td><td class=\"has-text-align-center\" data-align=\"center\">125<\/td><td class=\"has-text-align-center\" data-align=\"center\">65<\/td><\/tr><tr><td class=\"has-text-align-left\" data-align=\"left\"><strong><a href=\"https:\/\/www.mycover-protection.com\/it\/produkt\/mycover-telo-per-chopper-da-esterno-di-qualita-superiore\/?attribute_pa_groesse-abdeckplanen=c-l-plus-plus\">C-L++<\/a><\/strong><\/td><td class=\"has-text-align-center\" data-align=\"center\">255<\/td><td class=\"has-text-align-center\" data-align=\"center\">110<\/td><td class=\"has-text-align-center\" data-align=\"center\">140<\/td><td class=\"has-text-align-center\" data-align=\"center\">65<\/td><\/tr><tr><td class=\"has-text-align-left\" data-align=\"left\"><strong><a href=\"https:\/\/www.mycover-protection.com\/it\/produkt\/mycover-telo-per-chopper-da-esterno-di-qualita-superiore\/?attribute_pa_groesse-abdeckplanen=c-l-plus-plus-plus\">C-L+++<\/a><\/strong><\/td><td class=\"has-text-align-center\" data-align=\"center\">255<\/td><td class=\"has-text-align-center\" data-align=\"center\">110<\/td><td class=\"has-text-align-center\" data-align=\"center\">155<\/td><td class=\"has-text-align-center\" data-align=\"center\">65<\/td><\/tr><tr><td class=\"has-text-align-left\" data-align=\"left\"><strong><a href=\"https:\/\/www.mycover-protection.com\/it\/produkt\/mycover-telo-per-chopper-da-esterno-di-qualita-superiore\/?attribute_pa_groesse-abdeckplanen=c-xl\">C-XL<\/a><\/strong><\/td><td class=\"has-text-align-center\" data-align=\"center\">260<\/td><td class=\"has-text-align-center\" data-align=\"center\">110<\/td><td class=\"has-text-align-center\" data-align=\"center\">115<\/td><td class=\"has-text-align-center\" data-align=\"center\">65<\/td><\/tr><tr><td class=\"has-text-align-left\" data-align=\"left\"><strong><a href=\"https:\/\/www.mycover-protection.com\/it\/produkt\/mycover-telo-per-chopper-da-esterno-di-qualita-superiore\/?attribute_pa_groesse-abdeckplanen=c-xl-plus\">C-XL+<\/a><\/strong><\/td><td class=\"has-text-align-center\" data-align=\"center\">260<\/td><td class=\"has-text-align-center\" data-align=\"center\">110<\/td><td class=\"has-text-align-center\" data-align=\"center\">130<\/td><td class=\"has-text-align-center\" data-align=\"center\">65<\/td><\/tr><tr><td class=\"has-text-align-left\" data-align=\"left\"><a href=\"https:\/\/www.mycover-protection.com\/it\/produkt\/mycover-telo-per-chopper-da-esterno-di-qualita-superiore\/?attribute_pa_groesse-abdeckplanen=c-xl-plus-plus\"><strong>C-XL++<\/strong><\/a><\/td><td class=\"has-text-align-center\" data-align=\"center\">270<\/td><td class=\"has-text-align-center\" data-align=\"center\">100<\/td><td class=\"has-text-align-center\" data-align=\"center\">145<\/td><td class=\"has-text-align-center\" data-align=\"center\">70<\/td><\/tr><tr><td class=\"has-text-align-left\" data-align=\"left\"><strong><a href=\"https:\/\/www.mycover-protection.com\/it\/produkt\/mycover-telo-per-chopper-da-esterno-di-qualita-superiore\/?attribute_pa_groesse-abdeckplanen=c-xxl-c\">C-XXL-C<\/a><\/strong><\/td><td class=\"has-text-align-center\" data-align=\"center\">270<\/td><td class=\"has-text-align-center\" data-align=\"center\">110<\/td><td class=\"has-text-align-center\" data-align=\"center\">150<\/td><td class=\"has-text-align-center\" data-align=\"center\">85<\/td><\/tr><\/tbody><\/table><figcaption class=\"wp-element-caption\"><strong>Todas las dimensiones en cm<\/strong>, dimensiones de la bolsa de transporte: 38x10x30cm<\/figcaption><\/figure>\n\n<p class=\"wfa-component-tarpaulin-size-recommendation:maybe-trigger-contact-form\"><strong>\u00bfNo est\u00e1s seguro de qu\u00e9 talla se ajusta a tu bicicleta?<\/strong> Estaremos encantados de ayudarte y puedes ponerte en contacto con nosotros aqu\u00ed: <a data-type=\"page\" data-id=\"11211\" href=\"https:\/\/www.mycover-protection.com\/es\/contacta-con-nosotros\/\">Contacto<\/a>.<\/p>\n<\/div>\n<\/details>\n\n\n\n<div style=\"height:100px\" aria-hidden=\"true\" class=\"wp-block-spacer wf-spacer-section\"><\/div>\n<\/div><\/div>\n<\/div><\/div>\n\n<div class=\"wp-block-group wf-single-col-small\"><div class=\"wp-block-group__inner-container is-layout-flow wp-block-group-is-layout-flow\">\n<div class=\"wp-block-group\"><div class=\"wp-block-group__inner-container is-layout-flow wp-block-group-is-layout-flow\">\n<div style=\"height:100px\" aria-hidden=\"true\" class=\"wp-block-spacer wf-spacer-section\"><\/div>\n\n\n\n<h2 class=\"wp-block-heading is-style-not-underlined has-large-font-size\" id=\"bestellung\">Recomendaciones del fabricante<\/h2>\n\n\n\n<div class=\"wp-block-query is-layout-flow wp-block-query-is-layout-flow\">\n\n\n\n<div class=\"wp-block-query-no-results\">\n\n<p>Error al recuperar la lista de fabricantes.<\/p>\n\n<\/div><\/div>\n<\/div><\/div>\n\n\n\n<div style=\"height:100px\" aria-hidden=\"true\" class=\"wp-block-spacer wf-spacer-section\"><\/div>\n<\/div><\/div>\n\n<div class=\"wp-block-group wf-single-col-small\"><div class=\"wp-block-group__inner-container is-layout-flow wp-block-group-is-layout-flow\">\n<div style=\"height:100px\" aria-hidden=\"true\" class=\"wp-block-spacer wf-spacer-section\"><\/div>\n\n\n\n<h2 class=\"wp-block-heading is-style-not-underlined has-large-font-size\" id=\"fragen-kontakt\">Contacto personal para m\u00e1s preguntas<\/h2>\n\n\n\n<p>Antes de ponerte en contacto con nosotros, comprueba si ya existe una recomendaci\u00f3n actual para tu Moto: <a href=\"https:\/\/www.mycover-protection.com\/es\/produkt\/mycover-funda-para-moto-exterior-premium\/#groessenempfehlungen\" data-type=\"URL\" data-id=\"https:\/\/www.mycover-protection.com\/produkt\/mycover-premium-outdoor\/#groessenempfehlungen\"><strong>&gt; Aqu\u00ed a la recomendaci\u00f3n de talla &lt;<\/strong><\/a> <\/p>\n\n<p>Puedes contactar con nosotros por correo electr\u00f3nico. Tambi\u00e9n puedes enviarnos fotos de tu veh\u00edculo y te responderemos en un plazo de 48 horas: <\/p>\n\n<div style=\"display:flex;justify-content:center;flex-direction:column\">\n  <p style=\"display:flex;margin:0 0 1em;\">\n    <svg xmlns=\"http:\/\/www.w3.org\/2000\/svg\" aria-hidden=\"true\" width=\"24\" height=\"24\" viewbox=\"0 0 24 24\" fill=\"none\" stroke=\"currentColor\" stroke-width=\"2\" stroke-linecap=\"round\" stroke-linejoin=\"round\" style=\"flex-basis: 24px;flex-shrink: 0;\"><path d=\"M4 4h16c1.1 0 2 .9 2 2v12c0 1.1-.9 2-2 2H4c-1.1 0-2-.9-2-2V6c0-1.1.9-2 2-2z\"><\/path><polyline points=\"22,6 12,13 2,6\"><\/polyline><\/svg>\n  <a href=\"mailto:support@mycover-protection.com\" style=\"margin:0 10px;\">support@mycover-protection.com<\/a>\n  <\/p>\n<\/div>\n\n\n\n<div style=\"height:100px\" aria-hidden=\"true\" class=\"wp-block-spacer wf-spacer-section\"><\/div>\n<\/div><\/div>\n\n<div style=\"height:50px\" aria-hidden=\"true\" class=\"wp-block-spacer\"><\/div>\n","protected":false},"excerpt":{"rendered":"<p>Recomendaciones de tama\u00f1o: MYCOVER Funda para moto exterior \u00a1Ahora con tallas intermedias para todo tipo de motos! Recomendaci\u00f3n interactiva de tama\u00f1o Encuentra la Funda adecuada para tu moto en 3 pasos Elige tu moto entre m\u00e1s de 1.300 modelos y obt\u00e9n la recomendaci\u00f3n de talla adecuada para la Funda para moto de exterior de primera [&#8230;]<\/p>\n","protected":false},"author":293,"featured_media":0,"parent":43218,"menu_order":0,"comment_status":"closed","ping_status":"closed","template":"page-blank.php","meta":{"footnotes":""},"class_list":["post-43207","page","type-page","status-publish","hentry"],"yoast_head":"<!-- This site is optimized with the Yoast SEO plugin v27.4 - https:\/\/yoast.com\/product\/yoast-seo-wordpress\/ -->\n<title>Recomendaciones de tallas para Fundas para moto de exterior - MYCOVER\u00ae Online Shop<\/title>\n<meta name=\"robots\" content=\"noindex, follow\" \/>\n<meta property=\"og:locale\" content=\"es_ES\" \/>\n<meta property=\"og:type\" content=\"article\" \/>\n<meta property=\"og:title\" content=\"Recomendaciones de tallas para Fundas para moto de exterior - MYCOVER\u00ae Online Shop\" \/>\n<meta property=\"og:description\" content=\"Recomendaciones de tama\u00f1o: MYCOVER Funda para moto exterior \u00a1Ahora con tallas intermedias para todo tipo de motos! Recomendaci\u00f3n interactiva de tama\u00f1o Encuentra la Funda adecuada para tu moto en 3 pasos Elige tu moto entre m\u00e1s de 1.300 modelos y obt\u00e9n la recomendaci\u00f3n de talla adecuada para la Funda para moto de exterior de primera [...]\" \/>\n<meta property=\"og:url\" content=\"https:\/\/www.mycover-protection.com\/es\/recomendaciones-de-tamano\/fundas-para-moto\/en-el-exterior\/\" \/>\n<meta property=\"og:site_name\" content=\"MYCOVER\u00ae Online Shop\" \/>\n<meta property=\"article:publisher\" content=\"https:\/\/www.facebook.com\/Mycover-114242613377158\/\" \/>\n<meta property=\"article:modified_time\" content=\"2025-04-02T12:26:31+00:00\" \/>\n<meta property=\"og:image\" content=\"https:\/\/www.mycover-protection.com\/wp-content\/uploads\/2022\/11\/Motorrad_abdeckplane_outdoor.jpg\" \/>\n\t<meta property=\"og:image:width\" content=\"1200\" \/>\n\t<meta property=\"og:image:height\" content=\"1200\" \/>\n\t<meta property=\"og:image:type\" content=\"image\/jpeg\" \/>\n<meta name=\"twitter:card\" content=\"summary_large_image\" \/>\n<meta name=\"twitter:label1\" content=\"Tiempo de lectura\" \/>\n\t<meta name=\"twitter:data1\" content=\"1 minuto\" \/>\n<script type=\"application\/ld+json\" class=\"yoast-schema-graph\">{\"@context\":\"https:\\\/\\\/schema.org\",\"@graph\":[{\"@type\":\"WebPage\",\"@id\":\"https:\\\/\\\/www.mycover-protection.com\\\/es\\\/recomendaciones-de-tamano\\\/fundas-para-moto\\\/en-el-exterior\\\/\",\"url\":\"https:\\\/\\\/www.mycover-protection.com\\\/es\\\/recomendaciones-de-tamano\\\/fundas-para-moto\\\/en-el-exterior\\\/\",\"name\":\"Recomendaciones de tallas para Fundas para moto de exterior - MYCOVER\u00ae Online Shop\",\"isPartOf\":{\"@id\":\"https:\\\/\\\/www.mycover-protection.com\\\/es\\\/#website\"},\"primaryImageOfPage\":{\"@id\":\"https:\\\/\\\/www.mycover-protection.com\\\/es\\\/recomendaciones-de-tamano\\\/fundas-para-moto\\\/en-el-exterior\\\/#primaryimage\"},\"image\":{\"@id\":\"https:\\\/\\\/www.mycover-protection.com\\\/es\\\/recomendaciones-de-tamano\\\/fundas-para-moto\\\/en-el-exterior\\\/#primaryimage\"},\"thumbnailUrl\":\"https:\\\/\\\/www.mycover-protection.com\\\/wp-content\\\/uploads\\\/2022\\\/11\\\/Motorrad_abdeckplane_outdoor-1024x1024.jpg\",\"datePublished\":\"2025-04-02T12:26:24+00:00\",\"dateModified\":\"2025-04-02T12:26:31+00:00\",\"breadcrumb\":{\"@id\":\"https:\\\/\\\/www.mycover-protection.com\\\/es\\\/recomendaciones-de-tamano\\\/fundas-para-moto\\\/en-el-exterior\\\/#breadcrumb\"},\"inLanguage\":\"es\",\"potentialAction\":[{\"@type\":\"ReadAction\",\"target\":[\"https:\\\/\\\/www.mycover-protection.com\\\/es\\\/recomendaciones-de-tamano\\\/fundas-para-moto\\\/en-el-exterior\\\/\"]}]},{\"@type\":\"ImageObject\",\"inLanguage\":\"es\",\"@id\":\"https:\\\/\\\/www.mycover-protection.com\\\/es\\\/recomendaciones-de-tamano\\\/fundas-para-moto\\\/en-el-exterior\\\/#primaryimage\",\"url\":\"https:\\\/\\\/www.mycover-protection.com\\\/wp-content\\\/uploads\\\/2022\\\/11\\\/Motorrad_abdeckplane_outdoor-1024x1024.jpg\",\"contentUrl\":\"https:\\\/\\\/www.mycover-protection.com\\\/wp-content\\\/uploads\\\/2022\\\/11\\\/Motorrad_abdeckplane_outdoor-1024x1024.jpg\"},{\"@type\":\"BreadcrumbList\",\"@id\":\"https:\\\/\\\/www.mycover-protection.com\\\/es\\\/recomendaciones-de-tamano\\\/fundas-para-moto\\\/en-el-exterior\\\/#breadcrumb\",\"itemListElement\":[{\"@type\":\"ListItem\",\"position\":1,\"name\":\"Startseite\",\"item\":\"https:\\\/\\\/www.mycover-protection.com\\\/es\\\/\"},{\"@type\":\"ListItem\",\"position\":2,\"name\":\"En el exterior\"}]},{\"@type\":\"WebSite\",\"@id\":\"https:\\\/\\\/www.mycover-protection.com\\\/es\\\/#website\",\"url\":\"https:\\\/\\\/www.mycover-protection.com\\\/es\\\/\",\"name\":\"MYCOVER\u00ae Online Shop\",\"description\":\"Protection at its finest\",\"publisher\":{\"@id\":\"https:\\\/\\\/www.mycover-protection.com\\\/es\\\/#organization\"},\"potentialAction\":[{\"@type\":\"SearchAction\",\"target\":{\"@type\":\"EntryPoint\",\"urlTemplate\":\"https:\\\/\\\/www.mycover-protection.com\\\/es\\\/?s={search_term_string}\"},\"query-input\":{\"@type\":\"PropertyValueSpecification\",\"valueRequired\":true,\"valueName\":\"search_term_string\"}}],\"inLanguage\":\"es\"},{\"@type\":\"Organization\",\"@id\":\"https:\\\/\\\/www.mycover-protection.com\\\/es\\\/#organization\",\"name\":\"MYCOVER\u00ae - PROTECTION AT ITS FINEST\",\"url\":\"https:\\\/\\\/www.mycover-protection.com\\\/es\\\/\",\"logo\":{\"@type\":\"ImageObject\",\"inLanguage\":\"es\",\"@id\":\"https:\\\/\\\/www.mycover-protection.com\\\/es\\\/#\\\/schema\\\/logo\\\/image\\\/\",\"url\":\"https:\\\/\\\/www.mycover-protection.com\\\/wp-content\\\/uploads\\\/2020\\\/01\\\/PAYPAL_190x60_mycover-white.jpg\",\"contentUrl\":\"https:\\\/\\\/www.mycover-protection.com\\\/wp-content\\\/uploads\\\/2020\\\/01\\\/PAYPAL_190x60_mycover-white.jpg\",\"width\":190,\"height\":60,\"caption\":\"MYCOVER\u00ae - PROTECTION AT ITS FINEST\"},\"image\":{\"@id\":\"https:\\\/\\\/www.mycover-protection.com\\\/es\\\/#\\\/schema\\\/logo\\\/image\\\/\"},\"sameAs\":[\"https:\\\/\\\/www.facebook.com\\\/Mycover-114242613377158\\\/\"]}]}<\/script>\n<!-- \/ Yoast SEO plugin. -->","yoast_head_json":{"title":"Recomendaciones de tallas para Fundas para moto de exterior - MYCOVER\u00ae Online Shop","robots":{"index":"noindex","follow":"follow"},"og_locale":"es_ES","og_type":"article","og_title":"Recomendaciones de tallas para Fundas para moto de exterior - MYCOVER\u00ae Online Shop","og_description":"Recomendaciones de tama\u00f1o: MYCOVER Funda para moto exterior \u00a1Ahora con tallas intermedias para todo tipo de motos! Recomendaci\u00f3n interactiva de tama\u00f1o Encuentra la Funda adecuada para tu moto en 3 pasos Elige tu moto entre m\u00e1s de 1.300 modelos y obt\u00e9n la recomendaci\u00f3n de talla adecuada para la Funda para moto de exterior de primera [...]","og_url":"https:\/\/www.mycover-protection.com\/es\/recomendaciones-de-tamano\/fundas-para-moto\/en-el-exterior\/","og_site_name":"MYCOVER\u00ae Online Shop","article_publisher":"https:\/\/www.facebook.com\/Mycover-114242613377158\/","article_modified_time":"2025-04-02T12:26:31+00:00","og_image":[{"width":1200,"height":1200,"url":"https:\/\/www.mycover-protection.com\/wp-content\/uploads\/2022\/11\/Motorrad_abdeckplane_outdoor.jpg","type":"image\/jpeg"}],"twitter_card":"summary_large_image","twitter_misc":{"Tiempo de lectura":"1 minuto"},"schema":{"@context":"https:\/\/schema.org","@graph":[{"@type":"WebPage","@id":"https:\/\/www.mycover-protection.com\/es\/recomendaciones-de-tamano\/fundas-para-moto\/en-el-exterior\/","url":"https:\/\/www.mycover-protection.com\/es\/recomendaciones-de-tamano\/fundas-para-moto\/en-el-exterior\/","name":"Recomendaciones de tallas para Fundas para moto de exterior - MYCOVER\u00ae Online Shop","isPartOf":{"@id":"https:\/\/www.mycover-protection.com\/es\/#website"},"primaryImageOfPage":{"@id":"https:\/\/www.mycover-protection.com\/es\/recomendaciones-de-tamano\/fundas-para-moto\/en-el-exterior\/#primaryimage"},"image":{"@id":"https:\/\/www.mycover-protection.com\/es\/recomendaciones-de-tamano\/fundas-para-moto\/en-el-exterior\/#primaryimage"},"thumbnailUrl":"https:\/\/www.mycover-protection.com\/wp-content\/uploads\/2022\/11\/Motorrad_abdeckplane_outdoor-1024x1024.jpg","datePublished":"2025-04-02T12:26:24+00:00","dateModified":"2025-04-02T12:26:31+00:00","breadcrumb":{"@id":"https:\/\/www.mycover-protection.com\/es\/recomendaciones-de-tamano\/fundas-para-moto\/en-el-exterior\/#breadcrumb"},"inLanguage":"es","potentialAction":[{"@type":"ReadAction","target":["https:\/\/www.mycover-protection.com\/es\/recomendaciones-de-tamano\/fundas-para-moto\/en-el-exterior\/"]}]},{"@type":"ImageObject","inLanguage":"es","@id":"https:\/\/www.mycover-protection.com\/es\/recomendaciones-de-tamano\/fundas-para-moto\/en-el-exterior\/#primaryimage","url":"https:\/\/www.mycover-protection.com\/wp-content\/uploads\/2022\/11\/Motorrad_abdeckplane_outdoor-1024x1024.jpg","contentUrl":"https:\/\/www.mycover-protection.com\/wp-content\/uploads\/2022\/11\/Motorrad_abdeckplane_outdoor-1024x1024.jpg"},{"@type":"BreadcrumbList","@id":"https:\/\/www.mycover-protection.com\/es\/recomendaciones-de-tamano\/fundas-para-moto\/en-el-exterior\/#breadcrumb","itemListElement":[{"@type":"ListItem","position":1,"name":"Startseite","item":"https:\/\/www.mycover-protection.com\/es\/"},{"@type":"ListItem","position":2,"name":"En el exterior"}]},{"@type":"WebSite","@id":"https:\/\/www.mycover-protection.com\/es\/#website","url":"https:\/\/www.mycover-protection.com\/es\/","name":"MYCOVER\u00ae Online Shop","description":"Protection at its finest","publisher":{"@id":"https:\/\/www.mycover-protection.com\/es\/#organization"},"potentialAction":[{"@type":"SearchAction","target":{"@type":"EntryPoint","urlTemplate":"https:\/\/www.mycover-protection.com\/es\/?s={search_term_string}"},"query-input":{"@type":"PropertyValueSpecification","valueRequired":true,"valueName":"search_term_string"}}],"inLanguage":"es"},{"@type":"Organization","@id":"https:\/\/www.mycover-protection.com\/es\/#organization","name":"MYCOVER\u00ae - PROTECTION AT ITS FINEST","url":"https:\/\/www.mycover-protection.com\/es\/","logo":{"@type":"ImageObject","inLanguage":"es","@id":"https:\/\/www.mycover-protection.com\/es\/#\/schema\/logo\/image\/","url":"https:\/\/www.mycover-protection.com\/wp-content\/uploads\/2020\/01\/PAYPAL_190x60_mycover-white.jpg","contentUrl":"https:\/\/www.mycover-protection.com\/wp-content\/uploads\/2020\/01\/PAYPAL_190x60_mycover-white.jpg","width":190,"height":60,"caption":"MYCOVER\u00ae - PROTECTION AT ITS FINEST"},"image":{"@id":"https:\/\/www.mycover-protection.com\/es\/#\/schema\/logo\/image\/"},"sameAs":["https:\/\/www.facebook.com\/Mycover-114242613377158\/"]}]}},"_links":{"self":[{"href":"https:\/\/www.mycover-protection.com\/es\/wp-json\/wp\/v2\/pages\/43207","targetHints":{"allow":["GET"]}}],"collection":[{"href":"https:\/\/www.mycover-protection.com\/es\/wp-json\/wp\/v2\/pages"}],"about":[{"href":"https:\/\/www.mycover-protection.com\/es\/wp-json\/wp\/v2\/types\/page"}],"author":[{"embeddable":true,"href":"https:\/\/www.mycover-protection.com\/es\/wp-json\/wp\/v2\/users\/293"}],"replies":[{"embeddable":true,"href":"https:\/\/www.mycover-protection.com\/es\/wp-json\/wp\/v2\/comments?post=43207"}],"version-history":[{"count":1,"href":"https:\/\/www.mycover-protection.com\/es\/wp-json\/wp\/v2\/pages\/43207\/revisions"}],"predecessor-version":[{"id":43213,"href":"https:\/\/www.mycover-protection.com\/es\/wp-json\/wp\/v2\/pages\/43207\/revisions\/43213"}],"up":[{"embeddable":true,"href":"https:\/\/www.mycover-protection.com\/es\/wp-json\/wp\/v2\/pages\/43218"}],"wp:attachment":[{"href":"https:\/\/www.mycover-protection.com\/es\/wp-json\/wp\/v2\/media?parent=43207"}],"curies":[{"name":"wp","href":"https:\/\/api.w.org\/{rel}","templated":true}]}}