{"id":43590,"date":"2025-04-02T13:28:51","date_gmt":"2025-04-02T12:28:51","guid":{"rendered":"https:\/\/www.mycover-protection.com\/fundas-para-moto\/en-el-exterior\/horwin-funda-para-moto\/"},"modified":"2026-02-24T12:29:53","modified_gmt":"2026-02-24T11:29:53","slug":"horwin-funda-para-moto","status":"publish","type":"page","link":"https:\/\/www.mycover-protection.com\/es\/recomendaciones-de-tamano\/fundas-para-moto\/en-el-exterior\/horwin-funda-para-moto\/","title":{"rendered":"Horwin Funda para moto"},"content":{"rendered":"\n<div class=\"wp-block-group alignfull wfa-manufacturer-size-rec-page-section --hero-list-video has-white-color has-black-background-color has-text-color has-background has-link-color wp-elements-ffaf8cdc166ad46ccf51365b56b6c39c\"><div class=\"wp-block-group__inner-container is-layout-constrained wp-block-group-is-layout-constrained\">\n<div class=\"wp-block-group wfa-manufacturer-size-rec-page-section__heading-stack is-vertical is-content-justification-center is-layout-flex wp-container-core-group-is-layout-4b2eccd6 wp-block-group-is-layout-flex\">\n<h1 class=\"wp-block-heading is-style-not-underlined\" style=\"text-transform:none\">Funda para moto para Horwin<\/h1>\n\n\n\n<p>Funda de alta calidad para su moto Horwin<\/p>\n<\/div>\n\n\n\n<div class=\"wp-block-columns are-vertically-aligned-center wfa-manufacturer-size-rec-page-section__hero-list-video__columns is-layout-flex wp-container-core-columns-is-layout-9d6595d7 wp-block-columns-is-layout-flex\">\n<div class=\"wp-block-column is-vertically-aligned-center wfa-manufacturer-size-rec-page-section__hero-list-video__columns__col-pitch-items is-layout-flow wp-block-column-is-layout-flow\">\n<div class=\"wp-block-group wfa-manufacturer-size-rec-page-section__hero-list-video__pitch-item-stack is-vertical is-layout-flex wp-container-core-group-is-layout-8cf370e7 wp-block-group-is-layout-flex\">\n<p class=\"wfa-manufacturer-size-rec-page-section__hero-list-video__pitch-item-title\"><strong>En 3 clics al tama\u00f1o<\/strong><\/p>\n\n\n\n<p>Encuentre su talla, p. ej., Horwin EK1, EK3, SK3\u2026<\/p>\n<\/div>\n\n\n\n<div class=\"wp-block-group wfa-manufacturer-size-rec-page-section__hero-list-video__pitch-item-stack is-vertical is-layout-flex wp-container-core-group-is-layout-8cf370e7 wp-block-group-is-layout-flex\">\n<p class=\"wfa-manufacturer-size-rec-page-section__hero-list-video__pitch-item-title\"><strong>Compatible con accesorios<\/strong> <strong>y modificaciones<\/strong><\/p>\n\n\n\n<p>Segura con parabrisas altos, maletas laterales, top case&#8230;<\/p>\n<\/div>\n\n\n\n<div class=\"wp-block-group wfa-manufacturer-size-rec-page-section__hero-list-video__pitch-item-stack is-vertical is-layout-flex wp-container-core-group-is-layout-8cf370e7 wp-block-group-is-layout-flex\">\n<p class=\"wfa-manufacturer-size-rec-page-section__hero-list-video__pitch-item-title\"><strong>Material que dura<\/strong><\/p>\n\n\n\n<p>Impermeable, transpirable, protecci\u00f3n UV&#8230;<\/p>\n<\/div>\n<\/div>\n\n\n\n<div class=\"wp-block-column is-vertically-aligned-center wfa-manufacturer-size-rec-page-section__hero-list-video__columns__col-video is-layout-flow wp-block-column-is-layout-flow\">\n<div>\n<figure class=\"wf-do-not-force-embed-block wp-block-embed is-type-video is-provider-youtube wp-block-embed-youtube wp-embed-aspect-16-9 wp-has-aspect-ratio\">\n<div class=\"wp-block-embed__wrapper\">\n <div class=\"brlbs-cmpnt-container brlbs-cmpnt-content-blocker brlbs-cmpnt-with-individual-styles\" data-borlabs-cookie-content-blocker-id=\"youtube-content-blocker\" data-borlabs-cookie-content=\"PGlmcmFtZSB0aXRsZT0iTVlDT1ZFUsKuIEZ1bmRhIHBhcmEgbW90byBkZSBwcm90ZWNjacOzbiAtIE51ZXN0cmEgbWVqb3IgRnVuZGEgcGFyYSBtb3RvIGRlIGV4dGVyaW9yIGRlIG1vdGVyb3MiIGFsbG93ZnVsbHNjcmVlbj0iYWxsb3dmdWxsc2NyZWVuIiBzcmM9Imh0dHBzOi8vd3d3LnlvdXR1YmUtbm9jb29raWUuY29tL2VtYmVkL3JQeDQwa1F6Z3hBP2F1dG9wbGF5PTAmYXV0b2hpZGU9MSZmcz0xJnJlbD0wJmhkPTEmd21vZGU9dHJhbnNwYXJlbnQmZW5hYmxlanNhcGk9MSZodG1sNT0xIiBhbGxvdz0iYWNjZWxlcm9tZXRlcjsgY2xpcGJvYXJkLXdyaXRlOyBlbmNyeXB0ZWQtbWVkaWE7IGd5cm9zY29wZTsgcGljdHVyZS1pbi1waWN0dXJlIiB3aWR0aD0iNTAwIiBoZWlnaHQ9IjI4MSIgZnJhbWVib3JkZXI9IjAiPjwvaWZyYW1lPg==\"><div class=\"brlbs-cmpnt-cb-preset-c brlbs-cmpnt-cb-youtube\"> <div class=\"brlbs-cmpnt-cb-thumbnail\" style=\"background-image: url('https:\/\/www.mycover-protection.com\/wp-content\/uploads\/borlabs-cookie\/1\/yt_rPx40kQzgxA_hqdefault.jpg')\"><\/div> <div class=\"brlbs-cmpnt-cb-main\"> <div class=\"brlbs-cmpnt-cb-play-button\"><\/div> <div class=\"brlbs-cmpnt-cb-content\"> <p class=\"brlbs-cmpnt-cb-description\">Est\u00e1s viendo contenido de <strong>YouTube<\/strong>. Para acceder al contenido real, haga clic en el bot\u00f3n de abajo. Tenga en cuenta que los datos se transmitir\u00e1n a terceros proveedores.<\/p> <a class=\"brlbs-cmpnt-cb-provider-toggle\" href=\"#\" data-borlabs-cookie-show-provider-information role=\"button\">M\u00e1s informaci\u00f3n<\/a> <\/div> <div class=\"brlbs-cmpnt-cb-buttons\"> <a class=\"brlbs-cmpnt-cb-btn\" href=\"#\" data-borlabs-cookie-unblock role=\"button\">Ver v\u00eddeo<\/a> <a class=\"brlbs-cmpnt-cb-btn\" href=\"#\" data-borlabs-cookie-accept-service role=\"button\" style=\"display: inherit\">Mostrar siempre v\u00eddeos de YouTube<\/a> <\/div> <\/div> <\/div><\/div>\n<\/div>\n<\/figure><\/div>\n<\/div>\n<\/div>\n\n\n\n<div class=\"wp-block-group wfa-manufacturer-size-rec-page-section__partners-stack is-vertical is-content-justification-center is-layout-flex wp-container-core-group-is-layout-4b2eccd6 wp-block-group-is-layout-flex\">\n<h2 class=\"wp-block-heading is-style-not-underlined\">Nuestros socios<\/h2>\n\n\n\n<div class=\"wp-block-columns is-layout-flex wp-container-core-columns-is-layout-9d6595d7 wp-block-columns-is-layout-flex\">\n<div class=\"wp-block-column is-layout-flow wp-block-column-is-layout-flow\">\n<figure class=\"wp-block-image size-full\"><img decoding=\"async\" width=\"1248\" height=\"500\" src=\"https:\/\/www.mycover-protection.com\/wp-content\/uploads\/2022\/08\/logo-abus.png\" alt=\"Abus\" class=\"wp-image-19257\" srcset=\"https:\/\/www.mycover-protection.com\/wp-content\/uploads\/2022\/08\/logo-abus.png 1248w, https:\/\/www.mycover-protection.com\/wp-content\/uploads\/2022\/08\/logo-abus-300x120.png 300w, https:\/\/www.mycover-protection.com\/wp-content\/uploads\/2022\/08\/logo-abus-1024x410.png 1024w, https:\/\/www.mycover-protection.com\/wp-content\/uploads\/2022\/08\/logo-abus-768x308.png 768w, https:\/\/www.mycover-protection.com\/wp-content\/uploads\/2022\/08\/logo-abus-400x160.png 400w, https:\/\/www.mycover-protection.com\/wp-content\/uploads\/2022\/08\/logo-abus-800x321.png 800w\" sizes=\"(max-width: 1248px) 100vw, 1248px\" \/><\/figure>\n<\/div>\n\n\n\n<div class=\"wp-block-column is-layout-flow wp-block-column-is-layout-flow\">\n<figure class=\"wp-block-image size-full\"><img decoding=\"async\" width=\"200\" height=\"79\" src=\"https:\/\/www.mycover-protection.com\/wp-content\/uploads\/2022\/08\/logo-big-point.png\" alt=\"Bigpoint\" class=\"wp-image-19260\"\/><\/figure>\n<\/div>\n\n\n\n<div class=\"wp-block-column is-layout-flow wp-block-column-is-layout-flow\">\n<figure class=\"wp-block-image size-full\"><img decoding=\"async\" width=\"1366\" height=\"400\" src=\"https:\/\/www.mycover-protection.com\/wp-content\/uploads\/2022\/08\/logo-beinlich-racingteam.png\" alt=\"Equipo Beinlich Racing\" class=\"wp-image-19263\" srcset=\"https:\/\/www.mycover-protection.com\/wp-content\/uploads\/2022\/08\/logo-beinlich-racingteam.png 1366w, https:\/\/www.mycover-protection.com\/wp-content\/uploads\/2022\/08\/logo-beinlich-racingteam-300x88.png 300w, https:\/\/www.mycover-protection.com\/wp-content\/uploads\/2022\/08\/logo-beinlich-racingteam-1024x300.png 1024w, https:\/\/www.mycover-protection.com\/wp-content\/uploads\/2022\/08\/logo-beinlich-racingteam-768x225.png 768w, https:\/\/www.mycover-protection.com\/wp-content\/uploads\/2022\/08\/logo-beinlich-racingteam-400x117.png 400w, https:\/\/www.mycover-protection.com\/wp-content\/uploads\/2022\/08\/logo-beinlich-racingteam-800x234.png 800w\" sizes=\"(max-width: 1366px) 100vw, 1366px\" \/><\/figure>\n<\/div>\n\n\n\n<div class=\"wp-block-column is-layout-flow wp-block-column-is-layout-flow\">\n<figure class=\"wp-block-image size-full is-resized\"><img decoding=\"async\" width=\"218\" height=\"60\" src=\"https:\/\/www.mycover-protection.com\/wp-content\/uploads\/2022\/08\/logo-rsi-performance.png\" alt=\"RSI-Performance Motorsport\" class=\"wp-image-19266\" style=\"width:73px;height:auto\"\/><\/figure>\n<\/div>\n\n\n\n<div class=\"wp-block-column is-layout-flow wp-block-column-is-layout-flow\">\n<figure class=\"wp-block-image size-full\"><img decoding=\"async\" width=\"1366\" height=\"400\" src=\"https:\/\/www.mycover-protection.com\/wp-content\/uploads\/2022\/08\/logo-biker-fahren-fuer-kinder.png\" alt=\"Moto fahren f&#xFC;r Kinder e.V.\" class=\"wp-image-19269\" srcset=\"https:\/\/www.mycover-protection.com\/wp-content\/uploads\/2022\/08\/logo-biker-fahren-fuer-kinder.png 1366w, https:\/\/www.mycover-protection.com\/wp-content\/uploads\/2022\/08\/logo-biker-fahren-fuer-kinder-300x88.png 300w, https:\/\/www.mycover-protection.com\/wp-content\/uploads\/2022\/08\/logo-biker-fahren-fuer-kinder-1024x300.png 1024w, https:\/\/www.mycover-protection.com\/wp-content\/uploads\/2022\/08\/logo-biker-fahren-fuer-kinder-768x225.png 768w, https:\/\/www.mycover-protection.com\/wp-content\/uploads\/2022\/08\/logo-biker-fahren-fuer-kinder-400x117.png 400w, https:\/\/www.mycover-protection.com\/wp-content\/uploads\/2022\/08\/logo-biker-fahren-fuer-kinder-800x234.png 800w\" sizes=\"(max-width: 1366px) 100vw, 1366px\" \/><\/figure>\n<\/div>\n\n\n\n<div class=\"wp-block-column is-layout-flow wp-block-column-is-layout-flow\">\n<figure class=\"wp-block-image size-full\"><img decoding=\"async\" width=\"1300\" height=\"242\" src=\"https:\/\/www.mycover-protection.com\/wp-content\/uploads\/2022\/08\/Kawasaki-Hmaburg.png\" alt=\"Kawasaki Hamburgo\" class=\"wp-image-19652\" srcset=\"https:\/\/www.mycover-protection.com\/wp-content\/uploads\/2022\/08\/Kawasaki-Hmaburg.png 1300w, https:\/\/www.mycover-protection.com\/wp-content\/uploads\/2022\/08\/Kawasaki-Hmaburg-300x56.png 300w, https:\/\/www.mycover-protection.com\/wp-content\/uploads\/2022\/08\/Kawasaki-Hmaburg-1024x191.png 1024w, https:\/\/www.mycover-protection.com\/wp-content\/uploads\/2022\/08\/Kawasaki-Hmaburg-768x143.png 768w, https:\/\/www.mycover-protection.com\/wp-content\/uploads\/2022\/08\/Kawasaki-Hmaburg-400x74.png 400w, https:\/\/www.mycover-protection.com\/wp-content\/uploads\/2022\/08\/Kawasaki-Hmaburg-800x149.png 800w\" sizes=\"(max-width: 1300px) 100vw, 1300px\" \/><\/figure>\n<\/div>\n<\/div>\n<\/div>\n\n\n\n<div class=\"wp-block-group wfa-manufacturer-size-rec-page-section__heading-stack is-vertical is-content-justification-center is-layout-flex wp-container-core-group-is-layout-4b2eccd6 wp-block-group-is-layout-flex\">\n<h2 class=\"wp-block-heading is-style-not-underlined\" id=\"mycover-abdeckplanen-groessenfinder\" style=\"text-transform:none\">Buscador de tallas de Cubierta para moto Horwin<\/h2>\n\n\n\n<p>Recomendaciones para modelos Horwin compatibles<\/p>\n<\/div>\n<\/div><\/div>\n\n<div class=\"wp-block-group alignfull wfa-manufacturer-size-rec-page-section --hero-size-recs has-background\" style=\"background-color:#fafafa\"><div class=\"wp-block-group__inner-container is-layout-constrained wp-block-group-is-layout-constrained\">\n<div data-color-scheme=\"error\" class=\"wfa-component-alertbox\" data-wfa-component=\"alertbox\">\t<p><strong>Prohibido<\/strong><\/p>\n\t<p>El shortcode <code>[[wfa-component-tarpaulin-size-recommendation]]<\/code> no est\u00e1 liberado para este tipo de p\u00e1gina.\t<\/p>\n<\/div>\n\n\n<\/div><\/div>\n\n<div class=\"wp-block-group alignfull wfa-manufacturer-size-rec-page-section --mycover-customer-img-gallery\"><div class=\"wp-block-group__inner-container is-layout-constrained wp-block-group-is-layout-constrained\">\n<div class=\"wp-block-group wfa-manufacturer-size-rec-page-section__heading-stack is-vertical is-content-justification-center is-layout-flex wp-container-core-group-is-layout-4b2eccd6 wp-block-group-is-layout-flex\">\n<h2 class=\"wp-block-heading is-style-not-underlined\" style=\"text-transform:none\">Conservaci\u00f3n del valor duradera para su Horwin<\/h2>\n\n\n\n<p>Con MYCOVER\u00ae, guarde su Horwin en seco y prot\u00e9gela con seguridad<\/p>\n<\/div>\n\n\n\n<div class=\"wp-block-cb-carousel-v2 cb-carousel-block cb-padding wf-bike-gallery\" data-cb-slides-per-view=\"2\" data-cb-slides-per-group=\"2\" data-cb-space-between=\"15\" data-cb-speed=\"200\" data-cb-pagination=\"true\" data-cb-breakpoints=\"{&quot;700&quot;:{&quot;slidesPerView&quot;:2,&quot;slidesPerGroup&quot;:2}}\"><div class=\"swiper\"><div class=\"cb-wrapper swiper-wrapper\">\n<div class=\"wp-block-cb-slide-v2 cb-slide swiper-slide\">\n<figure class=\"wp-block-image size-large\"><img decoding=\"async\" width=\"1024\" height=\"768\" src=\"https:\/\/www.mycover-protection.com\/wp-content\/uploads\/2025\/10\/Horwin-SK1-1024x768.jpg\" alt=\"Scooter Horwin SK1 aparcado de lado en la terraza delante de la fachada de la casa, visible sin Funda\" class=\"wp-image-60933\" srcset=\"https:\/\/www.mycover-protection.com\/wp-content\/uploads\/2025\/10\/Horwin-SK1-1024x768.jpg 1024w, https:\/\/www.mycover-protection.com\/wp-content\/uploads\/2025\/10\/Horwin-SK1-300x225.jpg 300w, https:\/\/www.mycover-protection.com\/wp-content\/uploads\/2025\/10\/Horwin-SK1-768x576.jpg 768w, https:\/\/www.mycover-protection.com\/wp-content\/uploads\/2025\/10\/Horwin-SK1-1536x1152.jpg 1536w, https:\/\/www.mycover-protection.com\/wp-content\/uploads\/2025\/10\/Horwin-SK1-2048x1536.jpg 2048w, https:\/\/www.mycover-protection.com\/wp-content\/uploads\/2025\/10\/Horwin-SK1-360x270.jpg 360w, https:\/\/www.mycover-protection.com\/wp-content\/uploads\/2025\/10\/Horwin-SK1-800x600.jpg 800w\" sizes=\"(max-width: 1024px) 100vw, 1024px\" \/><figcaption class=\"wp-element-caption\">Horwin SK1<\/figcaption><\/figure>\n<\/div>\n\n\n\n<div class=\"wp-block-cb-slide-v2 cb-slide swiper-slide\">\n<figure class=\"wp-block-image size-full\"><img decoding=\"async\" width=\"768\" height=\"1024\" src=\"https:\/\/www.mycover-protection.com\/wp-content\/uploads\/2025\/11\/Horwin-SK1-Abdeckplane.jpg\" alt=\"Horwin SK1 bajo una Funda para moto negra de MYCOVER en la terraza delante de la fachada de la casa\" class=\"wp-image-61901\" srcset=\"https:\/\/www.mycover-protection.com\/wp-content\/uploads\/2025\/11\/Horwin-SK1-Abdeckplane.jpg 768w, https:\/\/www.mycover-protection.com\/wp-content\/uploads\/2025\/11\/Horwin-SK1-Abdeckplane-225x300.jpg 225w, https:\/\/www.mycover-protection.com\/wp-content\/uploads\/2025\/11\/Horwin-SK1-Abdeckplane-203x270.jpg 203w\" sizes=\"(max-width: 768px) 100vw, 768px\" \/><figcaption class=\"wp-element-caption\">Horwin SK1<\/figcaption><\/figure>\n<\/div>\n<\/div><\/div><div class=\"cb-pagination swiper-pagination\"><\/div><\/div>\n<\/div><\/div>\n\n<div class=\"wp-block-group alignfull wfa-manufacturer-size-rec-page-section --reviews-one-col-boxed\"><div class=\"wp-block-group__inner-container is-layout-constrained wp-block-group-is-layout-constrained\">\n<div class=\"wp-block-group wfa-manufacturer-size-rec-page-section__heading-stack is-vertical is-content-justification-center is-layout-flex wp-container-core-group-is-layout-4b2eccd6 wp-block-group-is-layout-flex\">\n<h2 class=\"wp-block-heading is-style-not-underlined\" style=\"text-transform:none\">Los conductores de Horwin comparten sus experiencias<\/h2>\n\n\n\n<p>As\u00ed conservar\u00e1 su moto Horwin con cuidado y mantenimiento<\/p>\n<\/div>\n\n\n\n<div class=\"wp-block-group wfa-manufacturer-size-rec-page-section__reviews-one-col-boxed__content-stack is-vertical is-content-justification-center is-layout-flex wp-container-core-group-is-layout-52c8502b wp-block-group-is-layout-flex\">\n<div data-color-scheme=\"error\" class=\"wfa-component-alertbox\" data-wfa-component=\"alertbox\">\t<p><strong>Prohibido<\/strong><\/p>\n\t<p>El shortcode <code>[[wfa-review]]<\/code> no est\u00e1 liberado para este tipo de p\u00e1gina.\t<\/p>\n<\/div>\n\n\n\n\n\n<div data-color-scheme=\"error\" class=\"wfa-component-alertbox\" data-wfa-component=\"alertbox\">\t<p><strong>Prohibido<\/strong><\/p>\n\t<p>El shortcode <code>[[wfa-review]]<\/code> no est\u00e1 liberado para este tipo de p\u00e1gina.\t<\/p>\n<\/div>\n\n\n\n\n\n<div data-color-scheme=\"error\" class=\"wfa-component-alertbox\" data-wfa-component=\"alertbox\">\t<p><strong>Prohibido<\/strong><\/p>\n\t<p>El shortcode <code>[[wfa-review]]<\/code> no est\u00e1 liberado para este tipo de p\u00e1gina.\t<\/p>\n<\/div>\n\n\n\n\n\n<div data-color-scheme=\"error\" class=\"wfa-component-alertbox\" data-wfa-component=\"alertbox\">\t<p><strong>Prohibido<\/strong><\/p>\n\t<p>El shortcode <code>[[wfa-review]]<\/code> no est\u00e1 liberado para este tipo de p\u00e1gina.\t<\/p>\n<\/div>\n\n\n<\/div>\n\n\n\n<div class=\"wp-block-buttons is-horizontal is-content-justification-center is-layout-flex wp-container-core-buttons-is-layout-ddb39544 wp-block-buttons-is-layout-flex\">\n<div class=\"wp-block-button\"><a class=\"wp-block-button__link wp-element-button\" href=\"#mycover-abdeckplanen-groessenfinder\">Selecciona la talla ahora<\/a><\/div>\n<\/div>\n<\/div><\/div>\n\n<div class=\"wp-block-group alignfull wfa-manufacturer-size-rec-page-section --mycover-size-finder-model-list\"><div class=\"wp-block-group__inner-container is-layout-constrained wp-block-group-is-layout-constrained\">\n<div class=\"wp-block-group wfa-manufacturer-size-rec-page-section__heading-stack is-vertical is-content-justification-center is-layout-flex wp-container-core-group-is-layout-4b2eccd6 wp-block-group-is-layout-flex\">\n<h2 class=\"wp-block-heading is-style-not-underlined\" style=\"text-transform:capitalize\">Selecci\u00f3n de modelo Funda para moto Horwin<\/h2>\n<\/div>\n\n\n\n<p class=\"has-text-align-center\">Adventure y Enduro<\/p>\n\n\n\n<div data-color-scheme=\"error\" class=\"wfa-component-alertbox\" data-wfa-component=\"alertbox\">\t<p><strong>Prohibido<\/strong><\/p>\n\t<p>El shortcode <code>[[wfa-component-motorcycle-model-list]]<\/code> no est\u00e1 liberado para este tipo de p\u00e1gina.\t<\/p>\n<\/div>\n\n\n<\/div><\/div>\n\n<div class=\"wp-block-group alignfull wfa-manufacturer-size-rec-page-section --img-left-text-right\"><div class=\"wp-block-group__inner-container is-layout-constrained wp-block-group-is-layout-constrained\">\n<div class=\"wp-block-group wfa-manufacturer-size-rec-page-section__heading-stack is-vertical is-content-justification-center is-layout-flex wp-container-core-group-is-layout-4b2eccd6 wp-block-group-is-layout-flex\">\n<h2 class=\"wp-block-heading is-style-not-underlined\" style=\"text-transform:none\">Funda protectora fiable para su Horwin<\/h2>\n\n\n\n<p>Con esto, tendr\u00e1 protecci\u00f3n contra los rayos UV y los ara\u00f1azos<\/p>\n<\/div>\n\n\n\n<div class=\"wp-block-columns are-vertically-aligned-center wfa-manufacturer-size-rec-page-section__img-left-text-right__cols is-layout-flex wp-container-core-columns-is-layout-9d6595d7 wp-block-columns-is-layout-flex\">\n<div class=\"wp-block-column is-vertically-aligned-center wfa-manufacturer-size-rec-page-section__img-left-text-right__img-wrap is-layout-flow wp-block-column-is-layout-flow\" style=\"flex-basis:50%\">\n<figure class=\"wp-block-image size-full\"><img decoding=\"async\" width=\"800\" height=\"800\" src=\"https:\/\/www.mycover-protection.com\/wp-content\/uploads\/2019\/12\/MYCOVER_Front_white.jpg\" alt=\"\" class=\"wp-image-3216\" srcset=\"https:\/\/www.mycover-protection.com\/wp-content\/uploads\/2019\/12\/MYCOVER_Front_white.jpg 800w, https:\/\/www.mycover-protection.com\/wp-content\/uploads\/2019\/12\/MYCOVER_Front_white-300x300.jpg 300w, https:\/\/www.mycover-protection.com\/wp-content\/uploads\/2019\/12\/MYCOVER_Front_white-200x200.jpg 200w, https:\/\/www.mycover-protection.com\/wp-content\/uploads\/2019\/12\/MYCOVER_Front_white-150x150.jpg 150w, https:\/\/www.mycover-protection.com\/wp-content\/uploads\/2019\/12\/MYCOVER_Front_white-768x768.jpg 768w\" sizes=\"(max-width: 800px) 100vw, 800px\" \/><\/figure>\n<\/div>\n\n\n\n<div class=\"wp-block-column is-vertically-aligned-center is-layout-flow wp-block-column-is-layout-flow\" style=\"flex-basis:50%\">\n<div class=\"wp-block-group wfa-manufacturer-size-rec-page-section__img-left-text-right__text-stack is-vertical is-layout-flex wp-container-core-group-is-layout-8cf370e7 wp-block-group-is-layout-flex\">\n<p>La <a href=\"https:\/\/www.mycover-protection.com\/es\/produkt\/mycover-funda-para-moto-exterior-premium\/\">Cubierta MYCOVER\u00ae<\/a> para motos Horwin ofrece una protecci\u00f3n \u00f3ptima en el d\u00eda a d\u00eda: fabricada con material outdoor 300D resistente al desgarro, con costuras dobles reforzadas y un suave forro interior, protege su Moto de forma fiable contra la lluvia, el polvo, la radiaci\u00f3n UV y los ara\u00f1azos.  <\/p>\n\n\n\n<p>Elija ahora la talla adecuada para guardarla con seguridad y empezar cada trayecto con tranquilidad.<\/p>\n<\/div>\n\n\n\n<div class=\"wp-block-buttons is-horizontal is-content-justification-left is-layout-flex wp-container-core-buttons-is-layout-92fc3979 wp-block-buttons-is-layout-flex\">\n<div class=\"wp-block-button\"><a class=\"wp-block-button__link wp-element-button\" href=\"#mycover-abdeckplanen-groessenfinder\">Selecciona la talla ahora<\/a><\/div>\n<\/div>\n<\/div>\n<\/div>\n<\/div><\/div>\n\n<div class=\"wp-block-group alignfull wfa-manufacturer-size-rec-page-section --text-one-col-boxed\"><div class=\"wp-block-group__inner-container is-layout-constrained wp-block-group-is-layout-constrained\">\n<div class=\"wp-block-group wfa-manufacturer-size-rec-page-section__heading-stack is-vertical is-content-justification-center is-layout-flex wp-container-core-group-is-layout-4b2eccd6 wp-block-group-is-layout-flex\">\n<h2 class=\"wp-block-heading is-style-not-underlined\" style=\"text-transform:capitalize\">Acerca de Horwin<\/h2>\n<\/div>\n\n\n\n<div class=\"wp-block-group wfa-manufacturer-size-rec-page-section__text-one-col-boxed__content-stack --text-lg is-vertical is-layout-flex wp-container-core-group-is-layout-8cf370e7 wp-block-group-is-layout-flex\">\n<p>Horwin revoluciona la movilidad urbana con veh\u00edculos el\u00e9ctricos de dos ruedas, adaptados con precisi\u00f3n a las necesidades del mercado europeo. Tanto si se desplaza a diario como si se inicia en la movilidad el\u00e9ctrica: la marca combina una moderna tecnolog\u00eda de propulsi\u00f3n con un dise\u00f1o galardonado en m\u00faltiples ocasiones.   <\/p>\n\n\n\n<p>Mientras que la <strong>serie EK<\/strong> (<strong>EK1 &amp; EK3<\/strong>) destaca en el tr\u00e1fico urbano por su c\u00f3modo acceso bajo y su gran capacidad de almacenamiento, la <strong>gama SK<\/strong> (<strong>SK3<\/strong>) ofrece una sensaci\u00f3n de conducci\u00f3n m\u00e1s deportiva en carretera. Ambas l\u00edneas convencen por una conducci\u00f3n silenciosa, confort ergon\u00f3mico y autonom\u00edas aptas para el d\u00eda a d\u00eda. <\/p>\n<\/div>\n<\/div><\/div>\n\n<div class=\"wp-block-group alignfull wfa-manufacturer-size-rec-page-section --faq\"><div class=\"wp-block-group__inner-container is-layout-constrained wp-block-group-is-layout-constrained\">\n<div class=\"wp-block-group wfa-manufacturer-size-rec-page-section__heading-stack is-vertical is-content-justification-center is-layout-flex wp-container-core-group-is-layout-4b2eccd6 wp-block-group-is-layout-flex\">\n<h2 class=\"wp-block-heading is-style-not-underlined\" style=\"text-transform:none\">Preguntas frecuentes sobre nuestra Funda<\/h2>\n\n\n\n<p>Preguntas sobre el ajuste y el uso con modelos Horwin populares<\/p>\n<\/div>\n\n\n\n<div class=\"wp-block-group wfa-manufacturer-size-rec-page-section__faq__content-stack is-vertical is-content-justification-left is-layout-flex wp-container-core-group-is-layout-c0ca7d81 wp-block-group-is-layout-flex\">\n<details class=\"wp-block-webfluence-blocks-details-summary\">\n<summary class=\"wp-block-webfluence-blocks-details-summary-title\">\n<h3 class=\"wp-block-heading\">\u00bfLa Funda para moto protege mi moto Horwin con lluvia intensa?<\/h3>\n<\/summary>\n\n\n\n<div class=\"wp-block-webfluence-blocks-details-summary-body\">\n<p>\u00a1Por supuesto! Con una Funda para moto MYCOVER\u00ae para su Moto Horwin, podr\u00e1 estar totalmente tranquilo incluso con un tiempo realmente horrible. Gracias al material exterior 100% impermeable y a las costuras adicionalmente selladas, el agua estancada no tiene ninguna oportunidad.    <\/p>\n\n\n\n<p>Y lo mejor: las resistentes correas de sujeci\u00f3n garantizan que la Funda quede bien fijada incluso con tormenta y que no pueda entrar lluvia bajo la Cubierta. As\u00ed, su moto se mantiene seca y lista para salir, diga lo que diga el parte meteorol\u00f3gico. <\/p>\n<\/div>\n<\/details>\n\n\n\n<details class=\"wp-block-webfluence-blocks-details-summary\">\n<summary class=\"wp-block-webfluence-blocks-details-summary-title\">\n<h3 class=\"wp-block-heading\">\u00bfC\u00f3mo encuentro la talla correcta de la Funda protectora para mi moto Horwin?<\/h3>\n<\/summary>\n\n\n\n<div class=\"wp-block-webfluence-blocks-details-summary-body\">\n<p>En el <a href=\"https:\/\/www.mycover-protection.com\/es\/produkt\/mycover-funda-para-moto-exterior-premium\/#groessenempfehlungen\">buscador de tallas<\/a>, primero seleccione el fabricante Horwin, despu\u00e9s su modelo y accesorios como top case o maletas; a partir de ah\u00ed se genera una recomendaci\u00f3n de talla concreta.<\/p>\n<\/div>\n<\/details>\n\n\n\n<details class=\"wp-block-webfluence-blocks-details-summary\">\n<summary class=\"wp-block-webfluence-blocks-details-summary-title\">\n<h3 class=\"wp-block-heading\">\u00bfLa Funda protectora para Horwin SK3 es lo bastante estable con viento?<\/h3>\n<\/summary>\n\n\n\n<div class=\"wp-block-webfluence-blocks-details-summary-body\">\n<p>S\u00ed, totalmente. Nuestra Funda est\u00e1 fabricada con material outdoor resistente al desgarro, con costuras dobles reforzadas, y est\u00e1 desarrollada espec\u00edficamente para ofrecer estabilidad al viento. Dos correas de sujeci\u00f3n integradas la fijan firmemente a su Horwin SK3. Para una protecci\u00f3n m\u00e1xima contra tormentas, tambi\u00e9n puede asegurar la Funda a trav\u00e9s de las aberturas para candado con un <a href=\"https:\/\/www.mycover-protection.com\/es\/produkt-kategorie\/candados-abus\/\">candado ABUS<\/a>.   <\/p>\n<\/div>\n<\/details>\n\n\n\n<details class=\"wp-block-webfluence-blocks-details-summary\">\n<summary class=\"wp-block-webfluence-blocks-details-summary-title\">\n<h3 class=\"wp-block-heading\">\u00bfLa funda protectora para motos Horwin tambi\u00e9n sirve para invernar?<\/h3>\n<\/summary>\n\n\n\n<div class=\"wp-block-webfluence-blocks-details-summary-body\">\n<p>S\u00ed, es muy adecuada para ello. Nuestra funda protectora transpirable, con aberturas de ventilaci\u00f3n y suave forro interior, evita la acumulaci\u00f3n de polvo, permite que la humedad salga y protege su moto durante todo el periodo de inactividad. Encontrar\u00e1 m\u00e1s consejos sobre c\u00f3mo invernar en el art\u00edculo de la revista sobre <a href=\"https:\/\/www.mycover-protection.com\/es\/magazin\/prepara-tu-moto-para-el-invierno-lista-de-comprobacion-y-consejos-2024\/\">la moto en invierno.<\/a>  <\/p>\n<\/div>\n<\/details>\n\n\n\n<details class=\"wp-block-webfluence-blocks-details-summary\">\n<summary class=\"wp-block-webfluence-blocks-details-summary-title\">\n<h3 class=\"wp-block-heading\">\u00bfLa Cubierta para moto sirve para la Horwin EK3 con parabrisas alto?<\/h3>\n<\/summary>\n\n\n\n<div class=\"wp-block-webfluence-blocks-details-summary-body\">\n<p>S\u00ed, la Cubierta para moto tambi\u00e9n sirve para la Horwin EK3 con parabrisas alto.<\/p>\n\n\n\n<p>Lo decisivo es que se tenga en cuenta la altura adicional en la parte delantera. Nuestra Funda est\u00e1 cortada en consecuencia, de modo que el parabrisas queda completamente cubierto y no queda tirante ni se levanta. <\/p>\n\n\n\n<p>En el <a href=\"https:\/\/www.mycover-protection.com\/es\/produkt\/mycover-funda-para-moto-exterior-premium\/#groessenempfehlungen\">buscador de tallas<\/a>, seleccione simplemente la Horwin EK3 con parabrisas alto. As\u00ed recibir\u00e1 una recomendaci\u00f3n clara y se asegurar\u00e1 de que la Funda sea lo suficientemente larga por delante y, en general, quede bien y estable en el veh\u00edculo. <\/p>\n<\/div>\n<\/details>\n\n\n\n<details class=\"wp-block-webfluence-blocks-details-summary\">\n<summary class=\"wp-block-webfluence-blocks-details-summary-title\">\n<h3 class=\"wp-block-heading\">\u00bfUna funda protectora ofrece a mi moto Horwin protecci\u00f3n contra la radiaci\u00f3n UV?<\/h3>\n<\/summary>\n\n\n\n<div class=\"wp-block-webfluence-blocks-details-summary-body\">\n<p>S\u00ed, una funda protectora puede proteger eficazmente su moto Horwin contra la radiaci\u00f3n UV, siempre que el material sea resistente a los rayos UV de forma duradera.<\/p>\n\n\n\n<p>Eso es precisamente lo decisivo. Muchas Cubiertas sencillas pierden material con una fuerte exposici\u00f3n al sol y solo ofrecen una protecci\u00f3n limitada a largo plazo. En cambio, los materiales de alta calidad reducen notablemente la decoloraci\u00f3n de la pintura, las piezas de pl\u00e1stico y el asiento, especialmente si su moto est\u00e1 al sol con regularidad durante horas.  <\/p>\n\n\n\n<p><a href=\"https:\/\/www.mycover-protection.com\/es\/produkt\/mycover-funda-para-moto-exterior-premium\/\">Nuestras Fundas<\/a> est\u00e1n desarrolladas espec\u00edficamente para el uso outdoor durante todo el a\u00f1o y est\u00e1n dise\u00f1adas para una exposici\u00f3n UV duradera. As\u00ed, el aspecto de su veh\u00edculo se mantiene a largo plazo, sin que el material envejezca r\u00e1pidamente. <\/p>\n<\/div>\n<\/details>\n\n\n\n<details class=\"wp-block-webfluence-blocks-details-summary\">\n<summary class=\"wp-block-webfluence-blocks-details-summary-title\">\n<h3 class=\"wp-block-heading\">\u00bfLa funda protectora sirve para la Horwin SK1 con top case montado?<\/h3>\n<\/summary>\n\n\n\n<div class=\"wp-block-webfluence-blocks-details-summary-body\">\n<p>S\u00ed, tambi\u00e9n sirve para la Horwin SK1 con top case montado.<\/p>\n\n\n\n<p>Es importante que se tenga en cuenta el volumen adicional en la parte trasera. Nuestras Fundas est\u00e1n cortadas m\u00e1s altas y con mayor holgura en la zona posterior, de modo que incluso un top case montado quede completamente y bien cubierto. <\/p>\n\n\n\n<p>En el <a href=\"https:\/\/www.mycover-protection.com\/es\/produkt\/mycover-funda-para-moto-exterior-premium\/#groessenempfehlungen\">buscador de tallas<\/a>, seleccione simplemente la Horwin SK1 con top case. As\u00ed se planifica directamente la parte trasera m\u00e1s voluminosa y la Funda queda estable y sin tensiones. <\/p>\n<\/div>\n<\/details>\n\n\n\n<details class=\"wp-block-webfluence-blocks-details-summary\">\n<summary class=\"wp-block-webfluence-blocks-details-summary-title\">\n<h3 class=\"wp-block-heading\">\u00bfEn qu\u00e9 se diferencian las Fundas para moto de alta calidad de las baratas para Horwin?<\/h3>\n<\/summary>\n\n\n\n<div class=\"wp-block-webfluence-blocks-details-summary-body\">\n<p>La diferencia est\u00e1 sobre todo en la calidad del material, el acabado y la durabilidad.<\/p>\n\n\n\n<p><a href=\"https:\/\/www.mycover-protection.com\/es\/produkt\/mycover-funda-para-moto-exterior-premium\/\">Las Fundas de alta calidad<\/a> est\u00e1n hechas de material 300D robusto y multicapa, con suave forro interior, costuras doblemente selladas y revestimiento hidr\u00f3fugo. Son resistentes a los rayos UV, transpirables y est\u00e1n dise\u00f1adas para un uso prolongado en exteriores. Las Fundas econ\u00f3micas suelen estar hechas solo de poli\u00e9ster con un recubrimiento sencillo, que se vuelve quebradizo m\u00e1s r\u00e1pido o deja pasar la humedad.  <\/p>\n\n\n\n<p>A largo plazo, esta calidad es la que determina si su Horwin queda cubierta solo de forma temporal o si permanece protegida de manera fiable durante a\u00f1os.<\/p>\n<\/div>\n<\/details>\n\n\n\n<details class=\"wp-block-webfluence-blocks-details-summary\">\n<summary class=\"wp-block-webfluence-blocks-details-summary-title\">\n<h3 class=\"wp-block-heading\">\u00bfLa funda protectora para Horwin CR6 Pro es adecuada para el uso en exteriores durante todo el a\u00f1o?<\/h3>\n<\/summary>\n\n\n\n<div class=\"wp-block-webfluence-blocks-details-summary-body\">\n<p>S\u00ed, es adecuada para el uso en exteriores durante todo el a\u00f1o, si ha sido desarrollada espec\u00edficamente para el uso outdoor.<\/p>\n\n\n\n<p>No todas las fundas protectoras est\u00e1n dise\u00f1adas para ello. Nuestra <a href=\"https:\/\/www.mycover-protection.com\/es\/produkt\/mycover-funda-para-moto-exterior-premium\/\">Funda outdoor<\/a> est\u00e1 hecha de material 300D robusto e impermeable, con revestimiento resistente a los rayos UV y aberturas de ventilaci\u00f3n integradas contra la condensaci\u00f3n. As\u00ed, su Horwin CR6 Pro queda protegida de forma fiable incluso con lluvia, sol intenso o en invierno.  <\/p>\n\n\n\n<p>Lo decisivo es una Funda que sea resistente a la intemperie de forma duradera y que no pierda su efecto protector tras una sola temporada.<\/p>\n<\/div>\n<\/details>\n\n\n\n<details class=\"wp-block-webfluence-blocks-details-summary\">\n<summary class=\"wp-block-webfluence-blocks-details-summary-title\">\n<h3 class=\"wp-block-heading\">\u00bfC\u00f3mo cuido correctamente mi Funda para moto despu\u00e9s de una lluvia intensa?<\/h3>\n<\/summary>\n\n\n\n<div class=\"wp-block-webfluence-blocks-details-summary-body\">\n<p>Despu\u00e9s de una lluvia intensa, deber\u00eda retirar la Funda, sacudir el exceso de agua y dejarla secar completamente colgada de forma holgada. As\u00ed evitar\u00e1 que se acumule humedad residual o se generen olores. <\/p>\n\n\n\n<p>Puede eliminar la suciedad con agua limpia o con un <a href=\"https:\/\/www.mycover-protection.com\/es\/produkt\/tent-gear-solarwash-spray-on-limpiador-de-fundas-para-moto\/\">limpiador suave<\/a>. Es importante volver a plegar o colocar la Funda solo cuando est\u00e9 completamente seca. As\u00ed, el material se mantiene eficaz y estable en su forma a largo plazo.  <\/p>\n<\/div>\n<\/details>\n\n\n\n<details class=\"wp-block-webfluence-blocks-details-summary\">\n<summary class=\"wp-block-webfluence-blocks-details-summary-title\">\n<h3 class=\"wp-block-heading\">\u00bfLa Funda para moto cubre de forma fiable la Horwin HT5?<\/h3>\n<\/summary>\n\n\n\n<div class=\"wp-block-webfluence-blocks-details-summary-body\">\n<p>S\u00ed, la Funda para moto cubre su Horwin HT5 de forma fiable y completa si elige la talla adecuada.<\/p>\n\n\n\n<p>En el buscador de tallas, seleccione simplemente la Horwin HT5 y recibir\u00e1 una recomendaci\u00f3n clara de talla. As\u00ed se garantiza que la Funda llegue hasta el suelo incluso con una suspensi\u00f3n m\u00e1s alta y cierre correctamente. <\/p>\n\n\n\n<p>Inicie ahora el <a href=\"https:\/\/www.mycover-protection.com\/es\/produkt\/mycover-funda-para-moto-exterior-premium\/#groessenempfehlungen\">buscador de tallas<\/a> y encuentre la talla exacta para su HT5.<\/p>\n<\/div>\n<\/details>\n\n\n\n<details class=\"wp-block-webfluence-blocks-details-summary\">\n<summary class=\"wp-block-webfluence-blocks-details-summary-title\">\n<h3 class=\"wp-block-heading\">\u00bfPuede formarse humedad bajo la Funda protectora para motos Horwin con cambios de temperatura?<\/h3>\n<\/summary>\n\n\n\n<div class=\"wp-block-webfluence-blocks-details-summary-body\">\n<p>S\u00ed, una ligera humedad bajo la Funda es totalmente normal con diferencias de temperatura. El aire caliente absorbe humedad, se enfr\u00eda y se forma condensaci\u00f3n. F\u00edsicamente, esto nunca se puede evitar por completo.  <\/p>\n\n\n\n<p>Lo decisivo es que la humedad pueda volver a salir. <a href=\"https:\/\/www.mycover-protection.com\/es\/produkt\/mycover-funda-para-moto-exterior-premium\/\">Nuestras Fundas<\/a> est\u00e1n hechas de material transpirable y cuentan con aberturas de ventilaci\u00f3n integradas en la parte superior. As\u00ed se permite la circulaci\u00f3n del aire y se reduce notablemente la condensaci\u00f3n. <\/p>\n\n\n\n<p>Aun as\u00ed, es importante guardar su moto lo m\u00e1s seca posible y, durante periodos largos de inactividad, ventilarla de vez en cuando.<\/p>\n<\/div>\n<\/details>\n<\/div>\n\n\n\n<div class=\"wp-block-buttons is-horizontal is-content-justification-center is-layout-flex wp-container-core-buttons-is-layout-ddb39544 wp-block-buttons-is-layout-flex\">\n<div class=\"wp-block-button\"><a class=\"wp-block-button__link wp-element-button\" href=\"#mycover-abdeckplanen-groessenfinder\">Selecciona la talla ahora<\/a><\/div>\n<\/div>\n<\/div><\/div>\n\n<div class=\"wp-block-group alignfull wfa-manufacturer-size-rec-page-section --all-mycover-products\"><div class=\"wp-block-group__inner-container is-layout-constrained wp-block-group-is-layout-constrained\">\n<div class=\"wp-block-group wfa-reusable-group-all-mycover-products has-black-color has-text-color has-link-color wp-elements-c1312bad93eb8a2600e1f9cc1456014e\"><div class=\"wp-block-group__inner-container is-layout-constrained wp-block-group-is-layout-constrained\">\n<p class=\"has-text-align-center wfa-reusable-group-all-mycover-products__title has-large-font-size\"><strong>Todos MYCOVER\u00ae-Productos<\/strong><\/p>\n\n\n\n<div class=\"wp-block-cb-carousel-v2 cb-carousel-block\" data-cb-slides-per-view=\"2\" data-cb-slides-per-group=\"1\" data-cb-space-between=\"0\" data-cb-speed=\"200\" data-cb-navigation=\"true\" data-cb-breakpoints=\"{&quot;768&quot;:{&quot;slidesPerView&quot;:4,&quot;slidesPerGroup&quot;:1}}\"><div class=\"swiper\"><div class=\"cb-wrapper swiper-wrapper\">\n<div class=\"wp-block-cb-slide-v2 cb-slide swiper-slide\">\n<div class=\"wp-block-group\"><div class=\"wp-block-group__inner-container is-layout-constrained wp-block-group-is-layout-constrained\">\n<figure class=\"wp-block-image size-large\"><img decoding=\"async\" width=\"1024\" height=\"1024\" src=\"https:\/\/www.mycover-protection.com\/wp-content\/uploads\/2022\/11\/Motorrad_abdeckplane_outdoor-1024x1024.jpg\" alt=\"Funda para moto exterior\" class=\"wp-image-22125\" srcset=\"https:\/\/www.mycover-protection.com\/wp-content\/uploads\/2022\/11\/Motorrad_abdeckplane_outdoor-1024x1024.jpg 1024w, https:\/\/www.mycover-protection.com\/wp-content\/uploads\/2022\/11\/Motorrad_abdeckplane_outdoor-300x300.jpg 300w, https:\/\/www.mycover-protection.com\/wp-content\/uploads\/2022\/11\/Motorrad_abdeckplane_outdoor-150x150.jpg 150w, https:\/\/www.mycover-protection.com\/wp-content\/uploads\/2022\/11\/Motorrad_abdeckplane_outdoor-768x768.jpg 768w, https:\/\/www.mycover-protection.com\/wp-content\/uploads\/2022\/11\/Motorrad_abdeckplane_outdoor-270x270.jpg 270w, https:\/\/www.mycover-protection.com\/wp-content\/uploads\/2022\/11\/Motorrad_abdeckplane_outdoor-800x800.jpg 800w, https:\/\/www.mycover-protection.com\/wp-content\/uploads\/2022\/11\/Motorrad_abdeckplane_outdoor-200x200.jpg 200w, https:\/\/www.mycover-protection.com\/wp-content\/uploads\/2022\/11\/Motorrad_abdeckplane_outdoor.jpg 1200w\" sizes=\"(max-width: 1024px) 100vw, 1024px\" \/><\/figure>\n\n\n\n<p><a href=\"https:\/\/www.mycover-protection.com\/es\/produkt\/mycover-funda-para-moto-exterior-premium\/\"><strong>Funda para moto exterior<\/strong><\/a><\/p>\n<\/div><\/div>\n<\/div>\n\n\n\n<div class=\"wp-block-cb-slide-v2 cb-slide swiper-slide\">\n<div class=\"wp-block-group\"><div class=\"wp-block-group__inner-container is-layout-constrained wp-block-group-is-layout-constrained\">\n<figure class=\"wp-block-image size-full\"><img decoding=\"async\" width=\"800\" height=\"800\" src=\"https:\/\/www.mycover-protection.com\/wp-content\/uploads\/2023\/01\/Motorrad-abdeckplane-chopper.png\" alt=\"Funda exterior Chopper\" class=\"wp-image-21485\" srcset=\"https:\/\/www.mycover-protection.com\/wp-content\/uploads\/2023\/01\/Motorrad-abdeckplane-chopper.png 800w, https:\/\/www.mycover-protection.com\/wp-content\/uploads\/2023\/01\/Motorrad-abdeckplane-chopper-300x300.png 300w, https:\/\/www.mycover-protection.com\/wp-content\/uploads\/2023\/01\/Motorrad-abdeckplane-chopper-150x150.png 150w, https:\/\/www.mycover-protection.com\/wp-content\/uploads\/2023\/01\/Motorrad-abdeckplane-chopper-768x768.png 768w, https:\/\/www.mycover-protection.com\/wp-content\/uploads\/2023\/01\/Motorrad-abdeckplane-chopper-270x270.png 270w, https:\/\/www.mycover-protection.com\/wp-content\/uploads\/2023\/01\/Motorrad-abdeckplane-chopper-200x200.png 200w\" sizes=\"(max-width: 800px) 100vw, 800px\" \/><\/figure>\n\n\n\n<p><a href=\"https:\/\/www.mycover-protection.com\/es\/produkt\/mycover-funda-exterior-premium-para-chopper\/\"><strong>Funda exterior Chopper<\/strong><\/a><\/p>\n<\/div><\/div>\n<\/div>\n\n\n\n<div class=\"wp-block-cb-slide-v2 cb-slide swiper-slide\">\n<div class=\"wp-block-group\"><div class=\"wp-block-group__inner-container is-layout-constrained wp-block-group-is-layout-constrained\">\n<figure class=\"wp-block-image size-full\"><img decoding=\"async\" width=\"800\" height=\"800\" src=\"https:\/\/www.mycover-protection.com\/wp-content\/uploads\/2023\/01\/Motorrad-Abdeckplane-Topcase.png\" alt=\"Funda para Scooter con top case\" class=\"wp-image-21482\" srcset=\"https:\/\/www.mycover-protection.com\/wp-content\/uploads\/2023\/01\/Motorrad-Abdeckplane-Topcase.png 800w, https:\/\/www.mycover-protection.com\/wp-content\/uploads\/2023\/01\/Motorrad-Abdeckplane-Topcase-300x300.png 300w, https:\/\/www.mycover-protection.com\/wp-content\/uploads\/2023\/01\/Motorrad-Abdeckplane-Topcase-150x150.png 150w, https:\/\/www.mycover-protection.com\/wp-content\/uploads\/2023\/01\/Motorrad-Abdeckplane-Topcase-768x768.png 768w, https:\/\/www.mycover-protection.com\/wp-content\/uploads\/2023\/01\/Motorrad-Abdeckplane-Topcase-270x270.png 270w, https:\/\/www.mycover-protection.com\/wp-content\/uploads\/2023\/01\/Motorrad-Abdeckplane-Topcase-200x200.png 200w\" sizes=\"(max-width: 800px) 100vw, 800px\" \/><\/figure>\n\n\n\n<p><a href=\"https:\/\/www.mycover-protection.com\/es\/produkt\/mycover-funda-exterior-premium-para-scooter\/\"><strong>Funda Scooter exterior<\/strong><\/a><\/p>\n<\/div><\/div>\n<\/div>\n\n\n\n<div class=\"wp-block-cb-slide-v2 cb-slide swiper-slide\">\n<div class=\"wp-block-group\"><div class=\"wp-block-group__inner-container is-layout-constrained wp-block-group-is-layout-constrained\">\n<figure class=\"wp-block-image size-full\"><img decoding=\"async\" width=\"800\" height=\"800\" src=\"https:\/\/www.mycover-protection.com\/wp-content\/uploads\/2022\/07\/Motorrrad-Abdeckplane-Indoor-Stoff.png\" alt=\"Funda para moto Interior blando\" class=\"wp-image-20162\" srcset=\"https:\/\/www.mycover-protection.com\/wp-content\/uploads\/2022\/07\/Motorrrad-Abdeckplane-Indoor-Stoff.png 800w, https:\/\/www.mycover-protection.com\/wp-content\/uploads\/2022\/07\/Motorrrad-Abdeckplane-Indoor-Stoff-300x300.png 300w, https:\/\/www.mycover-protection.com\/wp-content\/uploads\/2022\/07\/Motorrrad-Abdeckplane-Indoor-Stoff-150x150.png 150w, https:\/\/www.mycover-protection.com\/wp-content\/uploads\/2022\/07\/Motorrrad-Abdeckplane-Indoor-Stoff-768x768.png 768w, https:\/\/www.mycover-protection.com\/wp-content\/uploads\/2022\/07\/Motorrrad-Abdeckplane-Indoor-Stoff-270x270.png 270w, https:\/\/www.mycover-protection.com\/wp-content\/uploads\/2022\/07\/Motorrrad-Abdeckplane-Indoor-Stoff-200x200.png 200w\" sizes=\"(max-width: 800px) 100vw, 800px\" \/><\/figure>\n\n\n\n<p><a href=\"https:\/\/www.mycover-protection.com\/es\/produkt\/mycover-funda-para-moto-de-interior-premium\/\"><strong>Funda para moto de interior<\/strong><\/a><\/p>\n<\/div><\/div>\n<\/div>\n<\/div><\/div><div class=\"cb-button-prev swiper-button-prev\"><\/div><div class=\"cb-button-next swiper-button-next\"><\/div><\/div>\n\n\n\n<p class=\"has-text-align-center wfa-reusable-group-all-mycover-products__category-links has-small-font-size\"><a href=\"https:\/\/www.mycover-protection.com\/es\/produkt-kategorie\/cubiertas-para-moto\/\">Cubiertas para moto<\/a> &#8211; <a href=\"https:\/\/www.mycover-protection.com\/es\/produkt-kategorie\/cubiertas-para-scooter\/\">Cubiertas para scooter<\/a><\/p>\n<\/div><\/div>\n<\/div><\/div>\n\n<div class=\"wp-block-group alignfull wfa-manufacturer-size-rec-page-section --magazin\"><div class=\"wp-block-group__inner-container is-layout-constrained wp-block-group-is-layout-constrained\">\n<div class=\"wp-block-group wfa-manufacturer-size-rec-page-section__heading-stack is-vertical is-content-justification-center is-layout-flex wp-container-core-group-is-layout-4b2eccd6 wp-block-group-is-layout-flex\">\n<h2 class=\"wp-block-heading is-style-not-underlined\" style=\"text-transform:capitalize\">MYCOVER Revista<\/h2>\n\n\n\n<p>Gu\u00eda de protecci\u00f3n antirrobo y conservaci\u00f3n del valor de tu veh\u00edculo<\/p>\n<\/div>\n\n\n\n<div data-wp-context=\"{}\" data-wp-interactive=\"core\/query\" data-wp-key=\"18\" data-wp-router-region=\"query-18\" class=\"wp-block-query wfa-ignore-private-posts is-layout-flow wp-block-query-is-layout-flow\"><ul class=\"columns-3 wp-block-post-template is-layout-grid wp-container-core-post-template-is-layout-2fc57c17 wp-block-post-template-is-layout-grid\"><li data-wp-key=\"post-template-item-62180\" class=\"wp-block-post post-62180 post type-post status-publish format-standard has-post-thumbnail hentry\">\n<figure style=\"aspect-ratio:16\/9;\" class=\"alignwide wp-block-post-featured-image\"><img decoding=\"async\" width=\"1536\" height=\"1024\" src=\"https:\/\/www.mycover-protection.com\/wp-content\/uploads\/2025\/11\/Motorrad_Abdeckplane_Test_und_Vergleich.png\" class=\"attachment-post-thumbnail size-post-thumbnail wp-post-image\" alt=\"Motorrad steht ungesch\u00fctzt im Freien bei Sonne, Regen und Schnee, Symbolbild f\u00fcr Motorrad Abdeckplane Test und Vergleich.\" style=\"width:100%;height:100%;object-fit:cover;\" srcset=\"https:\/\/www.mycover-protection.com\/wp-content\/uploads\/2025\/11\/Motorrad_Abdeckplane_Test_und_Vergleich.png 1536w, https:\/\/www.mycover-protection.com\/wp-content\/uploads\/2025\/11\/Motorrad_Abdeckplane_Test_und_Vergleich-300x200.png 300w, https:\/\/www.mycover-protection.com\/wp-content\/uploads\/2025\/11\/Motorrad_Abdeckplane_Test_und_Vergleich-1024x683.png 1024w, https:\/\/www.mycover-protection.com\/wp-content\/uploads\/2025\/11\/Motorrad_Abdeckplane_Test_und_Vergleich-768x512.png 768w, https:\/\/www.mycover-protection.com\/wp-content\/uploads\/2025\/11\/Motorrad_Abdeckplane_Test_und_Vergleich-400x267.png 400w, https:\/\/www.mycover-protection.com\/wp-content\/uploads\/2025\/11\/Motorrad_Abdeckplane_Test_und_Vergleich-800x533.png 800w\" sizes=\"(max-width: 1536px) 100vw, 1536px\" \/><\/figure>\n\n<h3 class=\"wp-block-post-title\"><a href=\"https:\/\/www.mycover-protection.com\/es\/magazin\/test-y-comparativa-de-fundas-para-moto-mycover-convence-en-todas-las-categorias\/\" target=\"_self\" >Test y comparativa de fundas para moto: \u00a1MYCOVER\u00ae convence en todas las categor\u00edas!<\/a><\/h3>\n<\/li><li data-wp-key=\"post-template-item-54759\" class=\"wp-block-post post-54759 post type-post status-publish format-standard has-post-thumbnail hentry category-sin-categorizar\">\n<figure style=\"aspect-ratio:16\/9;\" class=\"alignwide wp-block-post-featured-image\"><img decoding=\"async\" width=\"1536\" height=\"1024\" src=\"https:\/\/www.mycover-protection.com\/wp-content\/uploads\/2025\/06\/Motorrad_Abdeckplane_erfahrung.png\" class=\"attachment-post-thumbnail size-post-thumbnail wp-post-image\" alt=\"Ein Mann und eine Frau stehen bei Regen im Garten und betrachten nachdenklich zwei nasse Motorr\u00e4der, w\u00e4hrend sie schlaffe Motorradabdeckungen in den H\u00e4nden halten, zwischen ihnen liegt eine durchn\u00e4sste Plane auf dem Boden.\" style=\"width:100%;height:100%;object-fit:cover;\" srcset=\"https:\/\/www.mycover-protection.com\/wp-content\/uploads\/2025\/06\/Motorrad_Abdeckplane_erfahrung.png 1536w, https:\/\/www.mycover-protection.com\/wp-content\/uploads\/2025\/06\/Motorrad_Abdeckplane_erfahrung-300x200.png 300w, https:\/\/www.mycover-protection.com\/wp-content\/uploads\/2025\/06\/Motorrad_Abdeckplane_erfahrung-1024x683.png 1024w, https:\/\/www.mycover-protection.com\/wp-content\/uploads\/2025\/06\/Motorrad_Abdeckplane_erfahrung-768x512.png 768w, https:\/\/www.mycover-protection.com\/wp-content\/uploads\/2025\/06\/Motorrad_Abdeckplane_erfahrung-400x267.png 400w, https:\/\/www.mycover-protection.com\/wp-content\/uploads\/2025\/06\/Motorrad_Abdeckplane_erfahrung-800x533.png 800w\" sizes=\"(max-width: 1536px) 100vw, 1536px\" \/><\/figure>\n\n<h3 class=\"wp-block-post-title\"><a href=\"https:\/\/www.mycover-protection.com\/es\/magazin\/experiencias-con-lonas-para-motos-por-eso-hay-mycover\/\" target=\"_self\" >Experiencias con lonas para motos: Por eso hay MYCOVER\u00ae<\/a><\/h3>\n<\/li><li data-wp-key=\"post-template-item-44329\" class=\"wp-block-post post-44329 post type-post status-publish format-standard has-post-thumbnail hentry category-sin-categorizar\">\n<figure style=\"aspect-ratio:16\/9;\" class=\"alignwide wp-block-post-featured-image\"><img decoding=\"async\" width=\"1536\" height=\"1024\" src=\"https:\/\/www.mycover-protection.com\/wp-content\/uploads\/2024\/12\/Motorrad_waschen.png\" class=\"attachment-post-thumbnail size-post-thumbnail wp-post-image\" alt=\"Motorradw\u00e4sche mit Schaum: Blaues Sport-Motorrad wird gr\u00fcndlich eingeseift \u2013 Motorradw\u00e4sche mit viel Schaum im Sonnenlicht.\" style=\"width:100%;height:100%;object-fit:cover;\" srcset=\"https:\/\/www.mycover-protection.com\/wp-content\/uploads\/2024\/12\/Motorrad_waschen.png 1536w, https:\/\/www.mycover-protection.com\/wp-content\/uploads\/2024\/12\/Motorrad_waschen-300x200.png 300w, https:\/\/www.mycover-protection.com\/wp-content\/uploads\/2024\/12\/Motorrad_waschen-1024x683.png 1024w, https:\/\/www.mycover-protection.com\/wp-content\/uploads\/2024\/12\/Motorrad_waschen-768x512.png 768w, https:\/\/www.mycover-protection.com\/wp-content\/uploads\/2024\/12\/Motorrad_waschen-400x267.png 400w, https:\/\/www.mycover-protection.com\/wp-content\/uploads\/2024\/12\/Motorrad_waschen-800x533.png 800w\" sizes=\"(max-width: 1536px) 100vw, 1536px\" \/><\/figure>\n\n<h3 class=\"wp-block-post-title\"><a href=\"https:\/\/www.mycover-protection.com\/es\/magazin\/lavar-la-moto-como-mantenerla-en-perfecto-estado\/\" target=\"_self\" >Lavado y cuidado de la moto: Consejos para conservar al m\u00e1ximo el valor<\/a><\/h3>\n<\/li><\/ul><\/div>\n\n\n\n<div class=\"wp-block-buttons is-horizontal is-content-justification-center is-layout-flex wp-container-core-buttons-is-layout-ddb39544 wp-block-buttons-is-layout-flex\">\n<div class=\"wp-block-button is-style-outline is-style-outline--1\"><a class=\"wp-block-button__link wp-element-button\" href=\"https:\/\/www.mycover-protection.com\/es\/revista\/\">Mostrar m\u00e1s mensajes<\/a><\/div>\n<\/div>\n<\/div><\/div>\n\n<div class=\"wp-block-group alignfull wfa-manufacturer-size-rec-page-section --other-manufacturers-internal-links\"><div class=\"wp-block-group__inner-container is-layout-constrained wp-block-group-is-layout-constrained\">\n<div class=\"wp-block-group wfa-manufacturer-size-rec-page-section__heading-stack is-vertical is-content-justification-center is-layout-flex wp-container-core-group-is-layout-4b2eccd6 wp-block-group-is-layout-flex\">\n<h2 class=\"wp-block-heading is-style-not-underlined\" style=\"text-transform:none\">Lonas para otras marcas de veh\u00edculos<\/h2>\n\n\n\n<p>Selecciona el fabricante y obt\u00e9n m\u00e1s informaci\u00f3n<\/p>\n<\/div>\n\n\n\n<div class=\"wp-block-query wfa-manufacturer-size-rec-page-section__other-manufacturers-internal-links__query-loop is-layout-flow wp-block-query-is-layout-flow\"><\/div>\n<\/div><\/div>\n\n<div class=\"wp-block-group alignfull wfa-manufacturer-size-rec-page-section --mycover-large-product-section\"><div class=\"wp-block-group__inner-container is-layout-constrained wp-block-group-is-layout-constrained\">\n<div class=\"wp-block-group wfa-manufacturer-size-rec-page-section__heading-stack wfa-manufacturer-size-rec-page-section__mycover-large-product-section__heading_stack is-vertical is-content-justification-center is-layout-flex wp-container-core-group-is-layout-4b2eccd6 wp-block-group-is-layout-flex\">\n<h2 class=\"wp-block-heading is-style-not-underlined\" style=\"text-transform:capitalize\">Fundas MYCOVER<sup>\u00ae<\/sup> Protection<\/h2>\n\n\n\n<p>La mayor selecci\u00f3n de Europa para moto, Chopper y Scooter &#8211; Hecho a mano de primera calidad<\/p>\n<\/div>\n\n\n\n<figure class=\"wp-block-image size-full wfa-manufacturer-size-rec-page-section__mycover-large-product-section__img-desktop\"><img decoding=\"async\" width=\"2560\" height=\"537\" src=\"https:\/\/www.mycover-protection.com\/wp-content\/uploads\/2025\/03\/mycover-protection-abdeckplanen-auswahl_w2560.jpg\" alt=\"Esta foto muestra la variedad de Fundas para exteriores de MYCOVER. Se ven cinco veh&#xED;culos cubiertos, entre ellos una moto, un Scooter y un Chopper.   \" class=\"wp-image-42602\" srcset=\"https:\/\/www.mycover-protection.com\/wp-content\/uploads\/2025\/03\/mycover-protection-abdeckplanen-auswahl_w2560.jpg 2560w, https:\/\/www.mycover-protection.com\/wp-content\/uploads\/2025\/03\/mycover-protection-abdeckplanen-auswahl_w2560-300x63.jpg 300w, https:\/\/www.mycover-protection.com\/wp-content\/uploads\/2025\/03\/mycover-protection-abdeckplanen-auswahl_w2560-1024x215.jpg 1024w, https:\/\/www.mycover-protection.com\/wp-content\/uploads\/2025\/03\/mycover-protection-abdeckplanen-auswahl_w2560-768x161.jpg 768w, https:\/\/www.mycover-protection.com\/wp-content\/uploads\/2025\/03\/mycover-protection-abdeckplanen-auswahl_w2560-1536x322.jpg 1536w, https:\/\/www.mycover-protection.com\/wp-content\/uploads\/2025\/03\/mycover-protection-abdeckplanen-auswahl_w2560-2048x430.jpg 2048w, https:\/\/www.mycover-protection.com\/wp-content\/uploads\/2025\/03\/mycover-protection-abdeckplanen-auswahl_w2560-400x84.jpg 400w, https:\/\/www.mycover-protection.com\/wp-content\/uploads\/2025\/03\/mycover-protection-abdeckplanen-auswahl_w2560-800x168.jpg 800w\" sizes=\"(max-width: 2560px) 100vw, 2560px\" \/><\/figure>\n\n\n\n<figure class=\"wp-block-image size-full wfa-manufacturer-size-rec-page-section__mycover-large-product-section__img-mobile\"><img decoding=\"async\" width=\"1402\" height=\"1071\" src=\"https:\/\/www.mycover-protection.com\/wp-content\/uploads\/2025\/03\/mycover-protection-abdeckplanen-auswahl-mobile.jpg\" alt=\"Esta foto muestra la variedad de Fundas para exteriores de MYCOVER. Se ven cinco veh&#xED;culos cubiertos, entre ellos una moto, un Scooter y un Chopper.   \" class=\"wp-image-42621\" srcset=\"https:\/\/www.mycover-protection.com\/wp-content\/uploads\/2025\/03\/mycover-protection-abdeckplanen-auswahl-mobile.jpg 1402w, https:\/\/www.mycover-protection.com\/wp-content\/uploads\/2025\/03\/mycover-protection-abdeckplanen-auswahl-mobile-300x229.jpg 300w, https:\/\/www.mycover-protection.com\/wp-content\/uploads\/2025\/03\/mycover-protection-abdeckplanen-auswahl-mobile-1024x782.jpg 1024w, https:\/\/www.mycover-protection.com\/wp-content\/uploads\/2025\/03\/mycover-protection-abdeckplanen-auswahl-mobile-768x587.jpg 768w, https:\/\/www.mycover-protection.com\/wp-content\/uploads\/2025\/03\/mycover-protection-abdeckplanen-auswahl-mobile-353x270.jpg 353w, https:\/\/www.mycover-protection.com\/wp-content\/uploads\/2025\/03\/mycover-protection-abdeckplanen-auswahl-mobile-800x611.jpg 800w\" sizes=\"(max-width: 1402px) 100vw, 1402px\" \/><\/figure>\n\n\n\n<div class=\"wp-block-buttons is-horizontal is-content-justification-center is-layout-flex wp-container-core-buttons-is-layout-ddb39544 wp-block-buttons-is-layout-flex\">\n<div class=\"wp-block-button\"><a class=\"wp-block-button__link wp-element-button\" href=\"#mycover-abdeckplanen-groessenfinder\">Selecciona la talla ahora<\/a><\/div>\n<\/div>\n<\/div><\/div>\n\n<div class=\"wp-block-group alignfull wfa-manufacturer-size-rec-page-section --about\"><div class=\"wp-block-group__inner-container is-layout-constrained wp-block-group-is-layout-constrained\">\n<div class=\"wp-block-group wfa-manufacturer-size-rec-page-section__heading-stack is-vertical is-content-justification-center is-layout-flex wp-container-core-group-is-layout-4b2eccd6 wp-block-group-is-layout-flex\">\n<h2 class=\"wp-block-heading is-style-not-underlined\" style=\"text-transform:capitalize\">Acerca de MYCOVER<\/h2>\n\n\n\n<p>Puedes confiar en ella<\/p>\n<\/div>\n\n\n\n<div class=\"wp-block-group wfa-manufacturer-size-rec-page-section__about__grid\"><div class=\"wp-block-group__inner-container is-layout-constrained wp-block-group-is-layout-constrained\">\n<div class=\"wp-block-cover is-light has-custom-content-position is-position-bottom-center\"><img decoding=\"async\" class=\"wp-block-cover__image-background wp-image-50275\" alt=\"\" src=\"https:\/\/www.mycover-protection.com\/wp-content\/uploads\/2025\/05\/groessenfinder-vorschau-ES_w1500.png\" style=\"object-position:50% 30%\" data-object-fit=\"cover\" data-object-position=\"50% 30%\"\/><span aria-hidden=\"true\" class=\"wp-block-cover__background has-background-dim-10 has-background-dim\" style=\"background-color:#f3f3f3\"><\/span><div class=\"wp-block-cover__inner-container is-layout-constrained wp-block-cover-is-layout-constrained\">\n<h3 class=\"wp-block-heading\">Selecci\u00f3n de talla r\u00e1pida y f\u00e1cil<\/h3>\n\n\n\n<p>En nuestro <a href=\"#mycover-abdeckplanen-groessenfinder\">Buscador de Fundas para moto<\/a> encontrar\u00e1s cientos de motos, Scooters y Choppers. Muchos incluso con conversiones.<\/p>\n<\/div><\/div>\n\n\n\n<div class=\"wp-block-cover has-custom-content-position is-position-bottom-center\"><img decoding=\"async\" width=\"2560\" height=\"1398\" class=\"wp-block-cover__image-background wp-image-10405\" alt=\"\" src=\"https:\/\/www.mycover-protection.com\/wp-content\/uploads\/2021\/03\/Motorrad-Kettenschloss-Abus-Granit-Extreme-Plus-59-an-Motorradabdeckplane-Mycover-und-Suzuki-GSX-R1000-extra-wide-scaled.jpg\" data-object-fit=\"cover\" srcset=\"https:\/\/www.mycover-protection.com\/wp-content\/uploads\/2021\/03\/Motorrad-Kettenschloss-Abus-Granit-Extreme-Plus-59-an-Motorradabdeckplane-Mycover-und-Suzuki-GSX-R1000-extra-wide-scaled.jpg 2560w, https:\/\/www.mycover-protection.com\/wp-content\/uploads\/2021\/03\/Motorrad-Kettenschloss-Abus-Granit-Extreme-Plus-59-an-Motorradabdeckplane-Mycover-und-Suzuki-GSX-R1000-extra-wide-300x164.jpg 300w, https:\/\/www.mycover-protection.com\/wp-content\/uploads\/2021\/03\/Motorrad-Kettenschloss-Abus-Granit-Extreme-Plus-59-an-Motorradabdeckplane-Mycover-und-Suzuki-GSX-R1000-extra-wide-1024x559.jpg 1024w, https:\/\/www.mycover-protection.com\/wp-content\/uploads\/2021\/03\/Motorrad-Kettenschloss-Abus-Granit-Extreme-Plus-59-an-Motorradabdeckplane-Mycover-und-Suzuki-GSX-R1000-extra-wide-768x419.jpg 768w, https:\/\/www.mycover-protection.com\/wp-content\/uploads\/2021\/03\/Motorrad-Kettenschloss-Abus-Granit-Extreme-Plus-59-an-Motorradabdeckplane-Mycover-und-Suzuki-GSX-R1000-extra-wide-1536x839.jpg 1536w, https:\/\/www.mycover-protection.com\/wp-content\/uploads\/2021\/03\/Motorrad-Kettenschloss-Abus-Granit-Extreme-Plus-59-an-Motorradabdeckplane-Mycover-und-Suzuki-GSX-R1000-extra-wide-2048x1118.jpg 2048w, https:\/\/www.mycover-protection.com\/wp-content\/uploads\/2021\/03\/Motorrad-Kettenschloss-Abus-Granit-Extreme-Plus-59-an-Motorradabdeckplane-Mycover-und-Suzuki-GSX-R1000-extra-wide-400x218.jpg 400w, https:\/\/www.mycover-protection.com\/wp-content\/uploads\/2021\/03\/Motorrad-Kettenschloss-Abus-Granit-Extreme-Plus-59-an-Motorradabdeckplane-Mycover-und-Suzuki-GSX-R1000-extra-wide-800x437.jpg 800w\" sizes=\"(max-width: 2560px) 100vw, 2560px\" \/><span aria-hidden=\"true\" class=\"wp-block-cover__background has-background-dim-60 has-background-dim\" style=\"background-color:#4c4947\"><\/span><div class=\"wp-block-cover__inner-container is-layout-constrained wp-block-cover-is-layout-constrained\">\n<h3 class=\"wp-block-heading\">Protecci\u00f3n integral para motos<\/h3>\n\n\n\n<p>Combina nuestra Funda MYCOVER con un <a href=\"https:\/\/www.mycover-protection.com\/es\/produkt-kategorie\/candados-abus\/\">candado ABUS<\/a> y tu veh\u00edculo estar\u00e1 \u00f3ptimamente protegido.<\/p>\n<\/div><\/div>\n\n\n\n<div class=\"wp-block-cover is-light has-custom-content-position is-position-bottom-center\"><img decoding=\"async\" width=\"1024\" height=\"674\" class=\"wp-block-cover__image-background wp-image-60639 size-large\" alt=\"MYCOVER Protection Abdeckplanen\" src=\"https:\/\/www.mycover-protection.com\/wp-content\/uploads\/2025\/10\/041A8981-1024x674.jpg\" data-object-fit=\"cover\" srcset=\"https:\/\/www.mycover-protection.com\/wp-content\/uploads\/2025\/10\/041A8981-1024x674.jpg 1024w, https:\/\/www.mycover-protection.com\/wp-content\/uploads\/2025\/10\/041A8981-300x198.jpg 300w, https:\/\/www.mycover-protection.com\/wp-content\/uploads\/2025\/10\/041A8981-768x506.jpg 768w, https:\/\/www.mycover-protection.com\/wp-content\/uploads\/2025\/10\/041A8981-1536x1011.jpg 1536w, https:\/\/www.mycover-protection.com\/wp-content\/uploads\/2025\/10\/041A8981-2048x1348.jpg 2048w, https:\/\/www.mycover-protection.com\/wp-content\/uploads\/2025\/10\/041A8981-400x263.jpg 400w, https:\/\/www.mycover-protection.com\/wp-content\/uploads\/2025\/10\/041A8981-800x527.jpg 800w\" sizes=\"(max-width: 1024px) 100vw, 1024px\" \/><span aria-hidden=\"true\" class=\"wp-block-cover__background has-background-dim\" style=\"background-color:#8692a6\"><\/span><div class=\"wp-block-cover__inner-container is-layout-constrained wp-block-cover-is-layout-constrained\">\n<h3 class=\"wp-block-heading\">Fundas de Moto para Moto<\/h3>\n\n\n\n<p>Somos motoristas apasionados y desarrollamos nuevas <a href=\"\/?product_cat=motorrad_abdeckplane\">Fundas<\/a> junto con nuestra comunidad<\/p>\n<\/div><\/div>\n<\/div><\/div>\n\n\n\n<div class=\"wp-block-group\"><div class=\"wp-block-group__inner-container is-layout-constrained wp-block-group-is-layout-constrained\">\n<div class=\"wp-block-buttons is-horizontal is-content-justification-center is-layout-flex wp-container-core-buttons-is-layout-ddb39544 wp-block-buttons-is-layout-flex\">\n<div class=\"wp-block-button is-style-outline is-style-outline--2\"><a class=\"wp-block-button__link wp-element-button\" href=\"https:\/\/www.mycover-protection.com\/es\/sobre-nosotros\/\">M\u00e1s sobre nosotros<\/a><\/div>\n<\/div>\n<\/div><\/div>\n<\/div><\/div>\n","protected":false},"excerpt":{"rendered":"<p>Funda para moto para Horwin Funda de alta calidad para su moto Horwin En 3 clics al tama\u00f1o Encuentre su talla, p. ej., Horwin EK1, EK3, SK3\u2026 Compatible con accesorios y modificaciones Segura con parabrisas altos, maletas laterales, top case&#8230; Material que dura Impermeable, transpirable, protecci\u00f3n UV&#8230; Buscador de tallas de Cubierta para moto Horwin [&#8230;]<\/p>\n","protected":false},"author":1018,"featured_media":0,"parent":43207,"menu_order":0,"comment_status":"closed","ping_status":"closed","template":"page-blank.php","meta":{"footnotes":""},"class_list":["post-43590","page","type-page","status-publish","hentry"],"yoast_head":"<!-- This site is optimized with the Yoast SEO plugin v27.4 - https:\/\/yoast.com\/product\/yoast-seo-wordpress\/ -->\n<title>Funda para moto para Horwin | Talla encontrada en 3 clics<\/title>\n<meta name=\"description\" content=\"MYCOVER\u00ae Funda para moto para Horwin: robusta y resistente a la intemperie \u2713 Protecci\u00f3n contra la lluvia y los rayos UV \u2713 Mantenga el valor y la durabilidad: cons\u00edgalo ahora \u2713\" \/>\n<meta name=\"robots\" content=\"index, follow, max-snippet:-1, max-image-preview:large, max-video-preview:-1\" \/>\n<link rel=\"canonical\" href=\"https:\/\/www.mycover-protection.com\/es\/recomendaciones-de-tamano\/fundas-para-moto\/en-el-exterior\/horwin-funda-para-moto\/\" \/>\n<meta property=\"og:locale\" content=\"es_ES\" \/>\n<meta property=\"og:type\" content=\"article\" \/>\n<meta property=\"og:title\" content=\"Funda para moto para Horwin | Talla encontrada en 3 clics\" \/>\n<meta property=\"og:description\" content=\"MYCOVER\u00ae Funda para moto para Horwin: robusta y resistente a la intemperie \u2713 Protecci\u00f3n contra la lluvia y los rayos UV \u2713 Mantenga el valor y la durabilidad: cons\u00edgalo ahora \u2713\" \/>\n<meta property=\"og:url\" content=\"https:\/\/www.mycover-protection.com\/es\/recomendaciones-de-tamano\/fundas-para-moto\/en-el-exterior\/horwin-funda-para-moto\/\" \/>\n<meta property=\"og:site_name\" content=\"MYCOVER\u00ae Online Shop\" \/>\n<meta property=\"article:publisher\" content=\"https:\/\/www.facebook.com\/Mycover-114242613377158\/\" \/>\n<meta property=\"article:modified_time\" content=\"2026-02-24T11:29:53+00:00\" \/>\n<meta property=\"og:image\" content=\"https:\/\/www.mycover-protection.com\/wp-content\/uploads\/2025\/10\/Horwin-SK1-1024x768.jpg\" \/>\n<meta name=\"twitter:card\" content=\"summary_large_image\" \/>\n<meta name=\"twitter:label1\" content=\"Tiempo de lectura\" \/>\n\t<meta name=\"twitter:data1\" content=\"9 minutos\" \/>\n<script type=\"application\/ld+json\" class=\"yoast-schema-graph\">{\"@context\":\"https:\\\/\\\/schema.org\",\"@graph\":[{\"@type\":\"WebPage\",\"@id\":\"https:\\\/\\\/www.mycover-protection.com\\\/es\\\/recomendaciones-de-tamano\\\/fundas-para-moto\\\/en-el-exterior\\\/horwin-funda-para-moto\\\/\",\"url\":\"https:\\\/\\\/www.mycover-protection.com\\\/es\\\/recomendaciones-de-tamano\\\/fundas-para-moto\\\/en-el-exterior\\\/horwin-funda-para-moto\\\/\",\"name\":\"Funda para moto para Horwin | Talla encontrada en 3 clics\",\"isPartOf\":{\"@id\":\"https:\\\/\\\/www.mycover-protection.com\\\/es\\\/#website\"},\"primaryImageOfPage\":{\"@id\":\"https:\\\/\\\/www.mycover-protection.com\\\/es\\\/recomendaciones-de-tamano\\\/fundas-para-moto\\\/en-el-exterior\\\/horwin-funda-para-moto\\\/#primaryimage\"},\"image\":{\"@id\":\"https:\\\/\\\/www.mycover-protection.com\\\/es\\\/recomendaciones-de-tamano\\\/fundas-para-moto\\\/en-el-exterior\\\/horwin-funda-para-moto\\\/#primaryimage\"},\"thumbnailUrl\":\"https:\\\/\\\/www.mycover-protection.com\\\/wp-content\\\/uploads\\\/2025\\\/10\\\/Horwin-SK1-1024x768.jpg\",\"datePublished\":\"2025-04-02T12:28:51+00:00\",\"dateModified\":\"2026-02-24T11:29:53+00:00\",\"description\":\"MYCOVER\u00ae Funda para moto para Horwin: robusta y resistente a la intemperie \u2713 Protecci\u00f3n contra la lluvia y los rayos UV \u2713 Mantenga el valor y la durabilidad: cons\u00edgalo ahora \u2713\",\"breadcrumb\":{\"@id\":\"https:\\\/\\\/www.mycover-protection.com\\\/es\\\/recomendaciones-de-tamano\\\/fundas-para-moto\\\/en-el-exterior\\\/horwin-funda-para-moto\\\/#breadcrumb\"},\"inLanguage\":\"es\",\"potentialAction\":[{\"@type\":\"ReadAction\",\"target\":[\"https:\\\/\\\/www.mycover-protection.com\\\/es\\\/recomendaciones-de-tamano\\\/fundas-para-moto\\\/en-el-exterior\\\/horwin-funda-para-moto\\\/\"]}]},{\"@type\":\"ImageObject\",\"inLanguage\":\"es\",\"@id\":\"https:\\\/\\\/www.mycover-protection.com\\\/es\\\/recomendaciones-de-tamano\\\/fundas-para-moto\\\/en-el-exterior\\\/horwin-funda-para-moto\\\/#primaryimage\",\"url\":\"https:\\\/\\\/www.mycover-protection.com\\\/wp-content\\\/uploads\\\/2025\\\/10\\\/Horwin-SK1-1024x768.jpg\",\"contentUrl\":\"https:\\\/\\\/www.mycover-protection.com\\\/wp-content\\\/uploads\\\/2025\\\/10\\\/Horwin-SK1-1024x768.jpg\"},{\"@type\":\"BreadcrumbList\",\"@id\":\"https:\\\/\\\/www.mycover-protection.com\\\/es\\\/recomendaciones-de-tamano\\\/fundas-para-moto\\\/en-el-exterior\\\/horwin-funda-para-moto\\\/#breadcrumb\",\"itemListElement\":[{\"@type\":\"ListItem\",\"position\":1,\"name\":\"Startseite\",\"item\":\"https:\\\/\\\/www.mycover-protection.com\\\/es\\\/\"},{\"@type\":\"ListItem\",\"position\":2,\"name\":\"Recomendaciones de tama\u00f1o\",\"item\":\"https:\\\/\\\/www.mycover-protection.com\\\/es\\\/recomendaciones-de-tamano\\\/\"},{\"@type\":\"ListItem\",\"position\":3,\"name\":\"Fundas para moto\",\"item\":\"https:\\\/\\\/www.mycover-protection.com\\\/es\\\/recomendaciones-de-tamano\\\/fundas-para-moto\\\/\"},{\"@type\":\"ListItem\",\"position\":4,\"name\":\"En el exterior\",\"item\":\"https:\\\/\\\/www.mycover-protection.com\\\/es\\\/fundas-para-moto\\\/en-el-exterior\\\/\"},{\"@type\":\"ListItem\",\"position\":5,\"name\":\"Horwin Funda para moto\"}]},{\"@type\":\"WebSite\",\"@id\":\"https:\\\/\\\/www.mycover-protection.com\\\/es\\\/#website\",\"url\":\"https:\\\/\\\/www.mycover-protection.com\\\/es\\\/\",\"name\":\"MYCOVER\u00ae Online Shop\",\"description\":\"Protection at its finest\",\"publisher\":{\"@id\":\"https:\\\/\\\/www.mycover-protection.com\\\/es\\\/#organization\"},\"potentialAction\":[{\"@type\":\"SearchAction\",\"target\":{\"@type\":\"EntryPoint\",\"urlTemplate\":\"https:\\\/\\\/www.mycover-protection.com\\\/es\\\/?s={search_term_string}\"},\"query-input\":{\"@type\":\"PropertyValueSpecification\",\"valueRequired\":true,\"valueName\":\"search_term_string\"}}],\"inLanguage\":\"es\"},{\"@type\":\"Organization\",\"@id\":\"https:\\\/\\\/www.mycover-protection.com\\\/es\\\/#organization\",\"name\":\"MYCOVER\u00ae - PROTECTION AT ITS FINEST\",\"url\":\"https:\\\/\\\/www.mycover-protection.com\\\/es\\\/\",\"logo\":{\"@type\":\"ImageObject\",\"inLanguage\":\"es\",\"@id\":\"https:\\\/\\\/www.mycover-protection.com\\\/es\\\/#\\\/schema\\\/logo\\\/image\\\/\",\"url\":\"https:\\\/\\\/www.mycover-protection.com\\\/wp-content\\\/uploads\\\/2020\\\/01\\\/PAYPAL_190x60_mycover-white.jpg\",\"contentUrl\":\"https:\\\/\\\/www.mycover-protection.com\\\/wp-content\\\/uploads\\\/2020\\\/01\\\/PAYPAL_190x60_mycover-white.jpg\",\"width\":190,\"height\":60,\"caption\":\"MYCOVER\u00ae - PROTECTION AT ITS FINEST\"},\"image\":{\"@id\":\"https:\\\/\\\/www.mycover-protection.com\\\/es\\\/#\\\/schema\\\/logo\\\/image\\\/\"},\"sameAs\":[\"https:\\\/\\\/www.facebook.com\\\/Mycover-114242613377158\\\/\"]}]}<\/script>\n<!-- \/ Yoast SEO plugin. -->","yoast_head_json":{"title":"Funda para moto para Horwin | Talla encontrada en 3 clics","description":"MYCOVER\u00ae Funda para moto para Horwin: robusta y resistente a la intemperie \u2713 Protecci\u00f3n contra la lluvia y los rayos UV \u2713 Mantenga el valor y la durabilidad: cons\u00edgalo ahora \u2713","robots":{"index":"index","follow":"follow","max-snippet":"max-snippet:-1","max-image-preview":"max-image-preview:large","max-video-preview":"max-video-preview:-1"},"canonical":"https:\/\/www.mycover-protection.com\/es\/recomendaciones-de-tamano\/fundas-para-moto\/en-el-exterior\/horwin-funda-para-moto\/","og_locale":"es_ES","og_type":"article","og_title":"Funda para moto para Horwin | Talla encontrada en 3 clics","og_description":"MYCOVER\u00ae Funda para moto para Horwin: robusta y resistente a la intemperie \u2713 Protecci\u00f3n contra la lluvia y los rayos UV \u2713 Mantenga el valor y la durabilidad: cons\u00edgalo ahora \u2713","og_url":"https:\/\/www.mycover-protection.com\/es\/recomendaciones-de-tamano\/fundas-para-moto\/en-el-exterior\/horwin-funda-para-moto\/","og_site_name":"MYCOVER\u00ae Online Shop","article_publisher":"https:\/\/www.facebook.com\/Mycover-114242613377158\/","article_modified_time":"2026-02-24T11:29:53+00:00","og_image":[{"url":"https:\/\/www.mycover-protection.com\/wp-content\/uploads\/2025\/10\/Horwin-SK1-1024x768.jpg","type":"","width":"","height":""}],"twitter_card":"summary_large_image","twitter_misc":{"Tiempo de lectura":"9 minutos"},"schema":{"@context":"https:\/\/schema.org","@graph":[{"@type":"WebPage","@id":"https:\/\/www.mycover-protection.com\/es\/recomendaciones-de-tamano\/fundas-para-moto\/en-el-exterior\/horwin-funda-para-moto\/","url":"https:\/\/www.mycover-protection.com\/es\/recomendaciones-de-tamano\/fundas-para-moto\/en-el-exterior\/horwin-funda-para-moto\/","name":"Funda para moto para Horwin | Talla encontrada en 3 clics","isPartOf":{"@id":"https:\/\/www.mycover-protection.com\/es\/#website"},"primaryImageOfPage":{"@id":"https:\/\/www.mycover-protection.com\/es\/recomendaciones-de-tamano\/fundas-para-moto\/en-el-exterior\/horwin-funda-para-moto\/#primaryimage"},"image":{"@id":"https:\/\/www.mycover-protection.com\/es\/recomendaciones-de-tamano\/fundas-para-moto\/en-el-exterior\/horwin-funda-para-moto\/#primaryimage"},"thumbnailUrl":"https:\/\/www.mycover-protection.com\/wp-content\/uploads\/2025\/10\/Horwin-SK1-1024x768.jpg","datePublished":"2025-04-02T12:28:51+00:00","dateModified":"2026-02-24T11:29:53+00:00","description":"MYCOVER\u00ae Funda para moto para Horwin: robusta y resistente a la intemperie \u2713 Protecci\u00f3n contra la lluvia y los rayos UV \u2713 Mantenga el valor y la durabilidad: cons\u00edgalo ahora \u2713","breadcrumb":{"@id":"https:\/\/www.mycover-protection.com\/es\/recomendaciones-de-tamano\/fundas-para-moto\/en-el-exterior\/horwin-funda-para-moto\/#breadcrumb"},"inLanguage":"es","potentialAction":[{"@type":"ReadAction","target":["https:\/\/www.mycover-protection.com\/es\/recomendaciones-de-tamano\/fundas-para-moto\/en-el-exterior\/horwin-funda-para-moto\/"]}]},{"@type":"ImageObject","inLanguage":"es","@id":"https:\/\/www.mycover-protection.com\/es\/recomendaciones-de-tamano\/fundas-para-moto\/en-el-exterior\/horwin-funda-para-moto\/#primaryimage","url":"https:\/\/www.mycover-protection.com\/wp-content\/uploads\/2025\/10\/Horwin-SK1-1024x768.jpg","contentUrl":"https:\/\/www.mycover-protection.com\/wp-content\/uploads\/2025\/10\/Horwin-SK1-1024x768.jpg"},{"@type":"BreadcrumbList","@id":"https:\/\/www.mycover-protection.com\/es\/recomendaciones-de-tamano\/fundas-para-moto\/en-el-exterior\/horwin-funda-para-moto\/#breadcrumb","itemListElement":[{"@type":"ListItem","position":1,"name":"Startseite","item":"https:\/\/www.mycover-protection.com\/es\/"},{"@type":"ListItem","position":2,"name":"Recomendaciones de tama\u00f1o","item":"https:\/\/www.mycover-protection.com\/es\/recomendaciones-de-tamano\/"},{"@type":"ListItem","position":3,"name":"Fundas para moto","item":"https:\/\/www.mycover-protection.com\/es\/recomendaciones-de-tamano\/fundas-para-moto\/"},{"@type":"ListItem","position":4,"name":"En el exterior","item":"https:\/\/www.mycover-protection.com\/es\/fundas-para-moto\/en-el-exterior\/"},{"@type":"ListItem","position":5,"name":"Horwin Funda para moto"}]},{"@type":"WebSite","@id":"https:\/\/www.mycover-protection.com\/es\/#website","url":"https:\/\/www.mycover-protection.com\/es\/","name":"MYCOVER\u00ae Online Shop","description":"Protection at its finest","publisher":{"@id":"https:\/\/www.mycover-protection.com\/es\/#organization"},"potentialAction":[{"@type":"SearchAction","target":{"@type":"EntryPoint","urlTemplate":"https:\/\/www.mycover-protection.com\/es\/?s={search_term_string}"},"query-input":{"@type":"PropertyValueSpecification","valueRequired":true,"valueName":"search_term_string"}}],"inLanguage":"es"},{"@type":"Organization","@id":"https:\/\/www.mycover-protection.com\/es\/#organization","name":"MYCOVER\u00ae - PROTECTION AT ITS FINEST","url":"https:\/\/www.mycover-protection.com\/es\/","logo":{"@type":"ImageObject","inLanguage":"es","@id":"https:\/\/www.mycover-protection.com\/es\/#\/schema\/logo\/image\/","url":"https:\/\/www.mycover-protection.com\/wp-content\/uploads\/2020\/01\/PAYPAL_190x60_mycover-white.jpg","contentUrl":"https:\/\/www.mycover-protection.com\/wp-content\/uploads\/2020\/01\/PAYPAL_190x60_mycover-white.jpg","width":190,"height":60,"caption":"MYCOVER\u00ae - PROTECTION AT ITS FINEST"},"image":{"@id":"https:\/\/www.mycover-protection.com\/es\/#\/schema\/logo\/image\/"},"sameAs":["https:\/\/www.facebook.com\/Mycover-114242613377158\/"]}]}},"_links":{"self":[{"href":"https:\/\/www.mycover-protection.com\/es\/wp-json\/wp\/v2\/pages\/43590","targetHints":{"allow":["GET"]}}],"collection":[{"href":"https:\/\/www.mycover-protection.com\/es\/wp-json\/wp\/v2\/pages"}],"about":[{"href":"https:\/\/www.mycover-protection.com\/es\/wp-json\/wp\/v2\/types\/page"}],"author":[{"embeddable":true,"href":"https:\/\/www.mycover-protection.com\/es\/wp-json\/wp\/v2\/users\/1018"}],"replies":[{"embeddable":true,"href":"https:\/\/www.mycover-protection.com\/es\/wp-json\/wp\/v2\/comments?post=43590"}],"version-history":[{"count":4,"href":"https:\/\/www.mycover-protection.com\/es\/wp-json\/wp\/v2\/pages\/43590\/revisions"}],"predecessor-version":[{"id":65433,"href":"https:\/\/www.mycover-protection.com\/es\/wp-json\/wp\/v2\/pages\/43590\/revisions\/65433"}],"up":[{"embeddable":true,"href":"https:\/\/www.mycover-protection.com\/es\/wp-json\/wp\/v2\/pages\/43207"}],"wp:attachment":[{"href":"https:\/\/www.mycover-protection.com\/es\/wp-json\/wp\/v2\/media?parent=43590"}],"curies":[{"name":"wp","href":"https:\/\/api.w.org\/{rel}","templated":true}]}}