{"id":44605,"date":"2025-04-02T13:36:56","date_gmt":"2025-04-02T12:36:56","guid":{"rendered":"https:\/\/www.mycover-protection.com\/recomendaciones-de-tamano\/fundas-2\/al-aire-libre-roller\/ktm-funda-scooter\/"},"modified":"2026-04-27T11:19:57","modified_gmt":"2026-04-27T09:19:57","slug":"ktm-funda-scooter","status":"publish","type":"page","link":"https:\/\/www.mycover-protection.com\/es\/recomendaciones-de-tamano\/fundas-2\/al-aire-libre-roller\/ktm-funda-scooter\/","title":{"rendered":"KTM Funda Scooter"},"content":{"rendered":"\n<div class=\"wp-block-group alignfull wfa-manufacturer-size-rec-page-section --hero-list-video has-white-color has-black-background-color has-text-color has-background has-link-color wp-elements-cbc54705a8071577c3c39dbf8b392473\"><div class=\"wp-block-group__inner-container is-layout-constrained wp-block-group-is-layout-constrained\">\n<div class=\"wp-block-group wfa-manufacturer-size-rec-page-section__heading-stack is-vertical is-content-justification-center is-layout-flex wp-container-core-group-is-layout-4b2eccd6 wp-block-group-is-layout-flex\">\n<h1 class=\"wp-block-heading is-style-not-underlined\" style=\"text-transform:none\">Funda para scooter KTM<\/h1>\n\n\n\n<p>Protecci\u00f3n premium con funda a medida para su scooter KTM<\/p>\n<\/div>\n\n\n\n<div class=\"wp-block-columns are-vertically-aligned-center wfa-manufacturer-size-rec-page-section__hero-list-video__columns is-layout-flex wp-container-core-columns-is-layout-9d6595d7 wp-block-columns-is-layout-flex\">\n<div class=\"wp-block-column is-vertically-aligned-center wfa-manufacturer-size-rec-page-section__hero-list-video__columns__col-pitch-items is-layout-flow wp-block-column-is-layout-flow\">\n<div class=\"wp-block-group wfa-manufacturer-size-rec-page-section__hero-list-video__pitch-item-stack is-vertical is-layout-flex wp-container-core-group-is-layout-8cf370e7 wp-block-group-is-layout-flex\">\n<p class=\"wfa-manufacturer-size-rec-page-section__hero-list-video__pitch-item-title\"><strong>Encuentra r\u00e1pidamente la talla adecuada<\/strong><\/p>\n\n\n\n<p>P. ej.: KTM 125 Duke, 390 Duke, 1290 Super Duke R \u2026<\/p>\n<\/div>\n\n\n\n<div class=\"wp-block-group wfa-manufacturer-size-rec-page-section__hero-list-video__pitch-item-stack is-vertical is-layout-flex wp-container-core-group-is-layout-8cf370e7 wp-block-group-is-layout-flex\">\n<p class=\"wfa-manufacturer-size-rec-page-section__hero-list-video__pitch-item-title\"><strong>Tambi\u00e9n para modificaciones y accesorios<\/strong><\/p>\n\n\n\n<p>Se ajusta a pesar del parabrisas alto, las maletas laterales, el topcase&#8230;<\/p>\n<\/div>\n\n\n\n<div class=\"wp-block-group wfa-manufacturer-size-rec-page-section__hero-list-video__pitch-item-stack is-vertical is-layout-flex wp-container-core-group-is-layout-8cf370e7 wp-block-group-is-layout-flex\">\n<p class=\"wfa-manufacturer-size-rec-page-section__hero-list-video__pitch-item-title\"><strong><strong>Robusta y resistente a la intemperie<\/strong><\/strong><\/p>\n\n\n\n<p>Transpirable, impermeable, forro polar interior suave&#8230;<\/p>\n<\/div>\n<\/div>\n\n\n\n<div class=\"wp-block-column is-vertically-aligned-center wfa-manufacturer-size-rec-page-section__hero-list-video__columns__col-video is-layout-flow wp-block-column-is-layout-flow\">\n<div>\n<figure class=\"wf-do-not-force-embed-block wp-block-embed is-type-video is-provider-youtube wp-block-embed-youtube wp-embed-aspect-16-9 wp-has-aspect-ratio\">\n<div class=\"wp-block-embed__wrapper\">\n <div class=\"brlbs-cmpnt-container brlbs-cmpnt-content-blocker brlbs-cmpnt-with-individual-styles\" data-borlabs-cookie-content-blocker-id=\"youtube-content-blocker\" data-borlabs-cookie-content=\"PGlmcmFtZSB0aXRsZT0iTVlDT1ZFUsKuIEZ1bmRhIHBhcmEgbW90byBkZSBwcm90ZWNjacOzbiAtIE51ZXN0cmEgbWVqb3IgRnVuZGEgcGFyYSBtb3RvIGRlIGV4dGVyaW9yIGRlIG1vdGVyb3MiIGFsbG93ZnVsbHNjcmVlbj0iYWxsb3dmdWxsc2NyZWVuIiBzcmM9Imh0dHBzOi8vd3d3LnlvdXR1YmUtbm9jb29raWUuY29tL2VtYmVkL3JQeDQwa1F6Z3hBP2F1dG9wbGF5PTAmYXV0b2hpZGU9MSZmcz0xJnJlbD0wJmhkPTEmd21vZGU9dHJhbnNwYXJlbnQmZW5hYmxlanNhcGk9MSZodG1sNT0xIiBhbGxvdz0iYWNjZWxlcm9tZXRlcjsgY2xpcGJvYXJkLXdyaXRlOyBlbmNyeXB0ZWQtbWVkaWE7IGd5cm9zY29wZTsgcGljdHVyZS1pbi1waWN0dXJlIiB3aWR0aD0iNTAwIiBoZWlnaHQ9IjI4MSIgZnJhbWVib3JkZXI9IjAiPjwvaWZyYW1lPg==\"><div class=\"brlbs-cmpnt-cb-preset-c brlbs-cmpnt-cb-youtube\"> <div class=\"brlbs-cmpnt-cb-thumbnail\" style=\"background-image: url('https:\/\/www.mycover-protection.com\/wp-content\/uploads\/borlabs-cookie\/1\/yt_rPx40kQzgxA_hqdefault.jpg')\"><\/div> <div class=\"brlbs-cmpnt-cb-main\"> <div class=\"brlbs-cmpnt-cb-play-button\"><\/div> <div class=\"brlbs-cmpnt-cb-content\"> <p class=\"brlbs-cmpnt-cb-description\">Est\u00e1s viendo contenido de <strong>YouTube<\/strong>. Para acceder al contenido real, haga clic en el bot\u00f3n de abajo. Tenga en cuenta que los datos se transmitir\u00e1n a terceros proveedores.<\/p> <a class=\"brlbs-cmpnt-cb-provider-toggle\" href=\"#\" data-borlabs-cookie-show-provider-information role=\"button\">M\u00e1s informaci\u00f3n<\/a> <\/div> <div class=\"brlbs-cmpnt-cb-buttons\"> <a class=\"brlbs-cmpnt-cb-btn\" href=\"#\" data-borlabs-cookie-unblock role=\"button\">Ver v\u00eddeo<\/a> <a class=\"brlbs-cmpnt-cb-btn\" href=\"#\" data-borlabs-cookie-accept-service role=\"button\" style=\"display: inherit\">Mostrar siempre v\u00eddeos de YouTube<\/a> <\/div> <\/div> <\/div><\/div>\n<\/div>\n<\/figure><\/div>\n<\/div>\n<\/div>\n\n\n\n<div class=\"wp-block-group wfa-manufacturer-size-rec-page-section__partners-stack is-vertical is-content-justification-center is-layout-flex wp-container-core-group-is-layout-4b2eccd6 wp-block-group-is-layout-flex\">\n<h2 class=\"wp-block-heading is-style-not-underlined\">Nuestros socios<\/h2>\n\n\n\n<div class=\"wp-block-columns is-layout-flex wp-container-core-columns-is-layout-9d6595d7 wp-block-columns-is-layout-flex\">\n<div class=\"wp-block-column is-layout-flow wp-block-column-is-layout-flow\">\n<figure class=\"wp-block-image size-full\"><img decoding=\"async\" width=\"1248\" height=\"500\" src=\"https:\/\/www.mycover-protection.com\/wp-content\/uploads\/2022\/08\/logo-abus.png\" alt=\"Abus\" class=\"wp-image-19257\" srcset=\"https:\/\/www.mycover-protection.com\/wp-content\/uploads\/2022\/08\/logo-abus.png 1248w, https:\/\/www.mycover-protection.com\/wp-content\/uploads\/2022\/08\/logo-abus-300x120.png 300w, https:\/\/www.mycover-protection.com\/wp-content\/uploads\/2022\/08\/logo-abus-1024x410.png 1024w, https:\/\/www.mycover-protection.com\/wp-content\/uploads\/2022\/08\/logo-abus-768x308.png 768w, https:\/\/www.mycover-protection.com\/wp-content\/uploads\/2022\/08\/logo-abus-400x160.png 400w, https:\/\/www.mycover-protection.com\/wp-content\/uploads\/2022\/08\/logo-abus-800x321.png 800w\" sizes=\"(max-width: 1248px) 100vw, 1248px\" \/><\/figure>\n<\/div>\n\n\n\n<div class=\"wp-block-column is-layout-flow wp-block-column-is-layout-flow\">\n<figure class=\"wp-block-image size-full\"><img decoding=\"async\" width=\"200\" height=\"79\" src=\"https:\/\/www.mycover-protection.com\/wp-content\/uploads\/2022\/08\/logo-big-point.png\" alt=\"Bigpoint\" class=\"wp-image-19260\"\/><\/figure>\n<\/div>\n\n\n\n<div class=\"wp-block-column is-layout-flow wp-block-column-is-layout-flow\">\n<figure class=\"wp-block-image size-full\"><img decoding=\"async\" width=\"1366\" height=\"400\" src=\"https:\/\/www.mycover-protection.com\/wp-content\/uploads\/2022\/08\/logo-beinlich-racingteam.png\" alt=\"Equipo Beinlich Racing\" class=\"wp-image-19263\" srcset=\"https:\/\/www.mycover-protection.com\/wp-content\/uploads\/2022\/08\/logo-beinlich-racingteam.png 1366w, https:\/\/www.mycover-protection.com\/wp-content\/uploads\/2022\/08\/logo-beinlich-racingteam-300x88.png 300w, https:\/\/www.mycover-protection.com\/wp-content\/uploads\/2022\/08\/logo-beinlich-racingteam-1024x300.png 1024w, https:\/\/www.mycover-protection.com\/wp-content\/uploads\/2022\/08\/logo-beinlich-racingteam-768x225.png 768w, https:\/\/www.mycover-protection.com\/wp-content\/uploads\/2022\/08\/logo-beinlich-racingteam-400x117.png 400w, https:\/\/www.mycover-protection.com\/wp-content\/uploads\/2022\/08\/logo-beinlich-racingteam-800x234.png 800w\" sizes=\"(max-width: 1366px) 100vw, 1366px\" \/><\/figure>\n<\/div>\n\n\n\n<div class=\"wp-block-column is-layout-flow wp-block-column-is-layout-flow\">\n<figure class=\"wp-block-image size-full is-resized\"><img decoding=\"async\" width=\"218\" height=\"60\" src=\"https:\/\/www.mycover-protection.com\/wp-content\/uploads\/2022\/08\/logo-rsi-performance.png\" alt=\"RSI-Performance Motorsport\" class=\"wp-image-19266\" style=\"width:73px;height:auto\"\/><\/figure>\n<\/div>\n\n\n\n<div class=\"wp-block-column is-layout-flow wp-block-column-is-layout-flow\">\n<figure class=\"wp-block-image size-full\"><img decoding=\"async\" width=\"1366\" height=\"400\" src=\"https:\/\/www.mycover-protection.com\/wp-content\/uploads\/2022\/08\/logo-biker-fahren-fuer-kinder.png\" alt=\"Moto fahren f&#xFC;r Kinder e.V.\" class=\"wp-image-19269\" srcset=\"https:\/\/www.mycover-protection.com\/wp-content\/uploads\/2022\/08\/logo-biker-fahren-fuer-kinder.png 1366w, https:\/\/www.mycover-protection.com\/wp-content\/uploads\/2022\/08\/logo-biker-fahren-fuer-kinder-300x88.png 300w, https:\/\/www.mycover-protection.com\/wp-content\/uploads\/2022\/08\/logo-biker-fahren-fuer-kinder-1024x300.png 1024w, https:\/\/www.mycover-protection.com\/wp-content\/uploads\/2022\/08\/logo-biker-fahren-fuer-kinder-768x225.png 768w, https:\/\/www.mycover-protection.com\/wp-content\/uploads\/2022\/08\/logo-biker-fahren-fuer-kinder-400x117.png 400w, https:\/\/www.mycover-protection.com\/wp-content\/uploads\/2022\/08\/logo-biker-fahren-fuer-kinder-800x234.png 800w\" sizes=\"(max-width: 1366px) 100vw, 1366px\" \/><\/figure>\n<\/div>\n\n\n\n<div class=\"wp-block-column is-layout-flow wp-block-column-is-layout-flow\">\n<figure class=\"wp-block-image size-full\"><img decoding=\"async\" width=\"1300\" height=\"242\" src=\"https:\/\/www.mycover-protection.com\/wp-content\/uploads\/2022\/08\/Kawasaki-Hmaburg.png\" alt=\"Kawasaki Hamburgo\" class=\"wp-image-19652\" srcset=\"https:\/\/www.mycover-protection.com\/wp-content\/uploads\/2022\/08\/Kawasaki-Hmaburg.png 1300w, https:\/\/www.mycover-protection.com\/wp-content\/uploads\/2022\/08\/Kawasaki-Hmaburg-300x56.png 300w, https:\/\/www.mycover-protection.com\/wp-content\/uploads\/2022\/08\/Kawasaki-Hmaburg-1024x191.png 1024w, https:\/\/www.mycover-protection.com\/wp-content\/uploads\/2022\/08\/Kawasaki-Hmaburg-768x143.png 768w, https:\/\/www.mycover-protection.com\/wp-content\/uploads\/2022\/08\/Kawasaki-Hmaburg-400x74.png 400w, https:\/\/www.mycover-protection.com\/wp-content\/uploads\/2022\/08\/Kawasaki-Hmaburg-800x149.png 800w\" sizes=\"(max-width: 1300px) 100vw, 1300px\" \/><\/figure>\n<\/div>\n<\/div>\n<\/div>\n\n\n\n<div class=\"wp-block-group wfa-manufacturer-size-rec-page-section__heading-stack is-vertical is-content-justification-center is-layout-flex wp-container-core-group-is-layout-4b2eccd6 wp-block-group-is-layout-flex\">\n<h2 class=\"wp-block-heading is-style-not-underlined\" id=\"mycover-abdeckplanen-groessenfinder\" style=\"text-transform:capitalize\">Buscador de tallas para cubierta de scooter KTM<\/h2>\n\n\n\n<p>Recomendaciones para m\u00e1s de 70 variantes de modelos KTM<\/p>\n<\/div>\n<\/div><\/div>\n\n<div class=\"wp-block-group alignfull wfa-manufacturer-size-rec-page-section --hero-size-recs has-background\" style=\"background-color:#fafafa\"><div class=\"wp-block-group__inner-container is-layout-constrained wp-block-group-is-layout-constrained\">\n<div data-color-scheme=\"error\" class=\"wfa-component-alertbox\" data-wfa-component=\"alertbox\">\t<p><strong>Prohibido<\/strong><\/p>\n\t<p>El shortcode <code>[[wfa-component-tarpaulin-size-recommendation]]<\/code> no est\u00e1 liberado para este tipo de p\u00e1gina.\t<\/p>\n<\/div>\n\n\n<\/div><\/div>\n\n<div class=\"wp-block-group alignfull wfa-manufacturer-size-rec-page-section --mycover-customer-img-gallery\"><div class=\"wp-block-group__inner-container is-layout-constrained wp-block-group-is-layout-constrained\">\n<div class=\"wp-block-group wfa-manufacturer-size-rec-page-section__heading-stack is-vertical is-content-justification-center is-layout-flex wp-container-core-group-is-layout-4b2eccd6 wp-block-group-is-layout-flex\">\n<h2 class=\"wp-block-heading is-style-not-underlined\" style=\"text-transform:none\">Protecci\u00f3n adecuada para su KTM<\/h2>\n\n\n\n<p>Cubra y proteja su scooter KTM de forma fiable con MYCOVER\u00ae<\/p>\n<\/div>\n\n\n\n<div class=\"wp-block-cb-carousel-v2 cb-carousel-block cb-padding wf-bike-gallery\" data-cb-slides-per-view=\"2\" data-cb-slides-per-group=\"2\" data-cb-space-between=\"15\" data-cb-speed=\"200\" data-cb-pagination=\"true\" data-cb-breakpoints=\"{&quot;700&quot;:{&quot;slidesPerView&quot;:2,&quot;slidesPerGroup&quot;:2}}\"><div class=\"swiper\"><div class=\"cb-wrapper swiper-wrapper\">\n<div class=\"wp-block-cb-slide-v2 cb-slide swiper-slide\">\n<figure class=\"wp-block-image size-full\"><img decoding=\"async\" width=\"768\" height=\"1024\" src=\"https:\/\/www.mycover-protection.com\/wp-content\/uploads\/2024\/01\/Motorrad-Abdeckplane-KTM-1290-Superduke-R-768x1024.jpg.webp\" alt=\"Moto KTM 1290 Superduke R en una zona de exposici&#xF3;n luminosa con detalles visibles\" class=\"wp-image-30276\" srcset=\"https:\/\/www.mycover-protection.com\/wp-content\/uploads\/2024\/01\/Motorrad-Abdeckplane-KTM-1290-Superduke-R-768x1024.jpg.webp 768w, https:\/\/www.mycover-protection.com\/wp-content\/uploads\/2024\/01\/Motorrad-Abdeckplane-KTM-1290-Superduke-R-768x1024.jpg-225x300.webp 225w, https:\/\/www.mycover-protection.com\/wp-content\/uploads\/2024\/01\/Motorrad-Abdeckplane-KTM-1290-Superduke-R-768x1024.jpg-203x270.webp 203w\" sizes=\"(max-width: 768px) 100vw, 768px\" \/><figcaption class=\"wp-element-caption\">KTM 1290 Superduke R<\/figcaption><\/figure>\n<\/div>\n\n\n\n<div class=\"wp-block-cb-slide-v2 cb-slide swiper-slide\">\n<figure class=\"wp-block-image size-full\"><img decoding=\"async\" width=\"768\" height=\"1024\" src=\"https:\/\/www.mycover-protection.com\/wp-content\/uploads\/2024\/01\/Motorradhaube-KTM-1290-Superduke-R-MYCOVER-768x1024.jpg.webp\" alt=\"KTM 1290 Superduke R completamente cubierta con una funda para moto MYCOVER&#xAE; a medida.&#10;\" class=\"wp-image-30279\" srcset=\"https:\/\/www.mycover-protection.com\/wp-content\/uploads\/2024\/01\/Motorradhaube-KTM-1290-Superduke-R-MYCOVER-768x1024.jpg.webp 768w, https:\/\/www.mycover-protection.com\/wp-content\/uploads\/2024\/01\/Motorradhaube-KTM-1290-Superduke-R-MYCOVER-768x1024.jpg-225x300.webp 225w, https:\/\/www.mycover-protection.com\/wp-content\/uploads\/2024\/01\/Motorradhaube-KTM-1290-Superduke-R-MYCOVER-768x1024.jpg-203x270.webp 203w\" sizes=\"(max-width: 768px) 100vw, 768px\" \/><figcaption class=\"wp-element-caption\">KTM 1290 Superduke R<\/figcaption><\/figure>\n<\/div>\n\n\n\n<div class=\"wp-block-cb-slide-v2 cb-slide swiper-slide\">\n<figure class=\"wp-block-image size-full\"><img decoding=\"async\" width=\"768\" height=\"1024\" src=\"https:\/\/www.mycover-protection.com\/wp-content\/uploads\/2024\/01\/Motorradplane-KTM-390-Adventure-R-768x1024.jpg-1.webp\" alt=\"KTM 390 Adventure R Adventure Moto en Negro Naranja expuesta en el Showroom.&#10;\" class=\"wp-image-30294\" srcset=\"https:\/\/www.mycover-protection.com\/wp-content\/uploads\/2024\/01\/Motorradplane-KTM-390-Adventure-R-768x1024.jpg-1.webp 768w, https:\/\/www.mycover-protection.com\/wp-content\/uploads\/2024\/01\/Motorradplane-KTM-390-Adventure-R-768x1024.jpg-1-225x300.webp 225w, https:\/\/www.mycover-protection.com\/wp-content\/uploads\/2024\/01\/Motorradplane-KTM-390-Adventure-R-768x1024.jpg-1-203x270.webp 203w\" sizes=\"(max-width: 768px) 100vw, 768px\" \/><figcaption class=\"wp-element-caption\">KTM 390 Adventure R<\/figcaption><\/figure>\n<\/div>\n\n\n\n<div class=\"wp-block-cb-slide-v2 cb-slide swiper-slide\">\n<figure class=\"wp-block-image size-full\"><img decoding=\"async\" width=\"768\" height=\"1024\" src=\"https:\/\/www.mycover-protection.com\/wp-content\/uploads\/2024\/01\/MYCOVER-Motorrad-Abdeckung-KTM-390-Adventure-R-768x1024.jpg.webp\" alt=\"KTM 390 Adventure R guardada de forma segura con la funda para moto MYCOVER&#xAE; resistente a la intemperie.&#10;\" class=\"wp-image-30285\" srcset=\"https:\/\/www.mycover-protection.com\/wp-content\/uploads\/2024\/01\/MYCOVER-Motorrad-Abdeckung-KTM-390-Adventure-R-768x1024.jpg.webp 768w, https:\/\/www.mycover-protection.com\/wp-content\/uploads\/2024\/01\/MYCOVER-Motorrad-Abdeckung-KTM-390-Adventure-R-768x1024.jpg-225x300.webp 225w, https:\/\/www.mycover-protection.com\/wp-content\/uploads\/2024\/01\/MYCOVER-Motorrad-Abdeckung-KTM-390-Adventure-R-768x1024.jpg-203x270.webp 203w\" sizes=\"(max-width: 768px) 100vw, 768px\" \/><figcaption class=\"wp-element-caption\">KTM 390 Adventure R<\/figcaption><\/figure>\n<\/div>\n\n\n\n<div class=\"wp-block-cb-slide-v2 cb-slide swiper-slide\">\n<figure class=\"wp-block-image size-full\"><img decoding=\"async\" width=\"768\" height=\"1024\" src=\"https:\/\/www.mycover-protection.com\/wp-content\/uploads\/2024\/01\/Motorrad-Abdeckung-KTM-1290-Super-Adventure-768x1024.jpg.webp\" alt=\"KTM 1290 Super Adventure moto de turismo con parabrisas alto en el interior.&#10;\" class=\"wp-image-30288\" srcset=\"https:\/\/www.mycover-protection.com\/wp-content\/uploads\/2024\/01\/Motorrad-Abdeckung-KTM-1290-Super-Adventure-768x1024.jpg.webp 768w, https:\/\/www.mycover-protection.com\/wp-content\/uploads\/2024\/01\/Motorrad-Abdeckung-KTM-1290-Super-Adventure-768x1024.jpg-225x300.webp 225w, https:\/\/www.mycover-protection.com\/wp-content\/uploads\/2024\/01\/Motorrad-Abdeckung-KTM-1290-Super-Adventure-768x1024.jpg-203x270.webp 203w\" sizes=\"(max-width: 768px) 100vw, 768px\" \/><figcaption class=\"wp-element-caption\">KTM 1290 Super Adventure<\/figcaption><\/figure>\n<\/div>\n\n\n\n<div class=\"wp-block-cb-slide-v2 cb-slide swiper-slide\">\n<figure class=\"wp-block-image size-full\"><img decoding=\"async\" width=\"768\" height=\"1024\" src=\"https:\/\/www.mycover-protection.com\/wp-content\/uploads\/2024\/01\/Motorrad-Schutzhuelle-MYCOVER-KTM-1290-Super-Adventure-768x1024.jpg.webp\" alt=\"KTM 1290 Super Adventure protegida con la funda para moto MYCOVER&#xAE; a medida.&#10;\" class=\"wp-image-30291\" srcset=\"https:\/\/www.mycover-protection.com\/wp-content\/uploads\/2024\/01\/Motorrad-Schutzhuelle-MYCOVER-KTM-1290-Super-Adventure-768x1024.jpg.webp 768w, https:\/\/www.mycover-protection.com\/wp-content\/uploads\/2024\/01\/Motorrad-Schutzhuelle-MYCOVER-KTM-1290-Super-Adventure-768x1024.jpg-225x300.webp 225w, https:\/\/www.mycover-protection.com\/wp-content\/uploads\/2024\/01\/Motorrad-Schutzhuelle-MYCOVER-KTM-1290-Super-Adventure-768x1024.jpg-203x270.webp 203w\" sizes=\"(max-width: 768px) 100vw, 768px\" \/><figcaption class=\"wp-element-caption\">KTM 1290 Super Adventure<\/figcaption><\/figure>\n<\/div>\n\n\n\n<div class=\"wp-block-cb-slide-v2 cb-slide swiper-slide\">\n<figure class=\"wp-block-image size-full\"><img decoding=\"async\" width=\"768\" height=\"1024\" src=\"https:\/\/www.mycover-protection.com\/wp-content\/uploads\/2024\/10\/Motorrad-Abdeckplane_KTM_390-Duke.jpg\" alt=\"KTM 390 Duke Naked Moto con llantas naranjas en la zona de exposici&#xF3;n.&#10;\" class=\"wp-image-37903\" srcset=\"https:\/\/www.mycover-protection.com\/wp-content\/uploads\/2024\/10\/Motorrad-Abdeckplane_KTM_390-Duke.jpg 768w, https:\/\/www.mycover-protection.com\/wp-content\/uploads\/2024\/10\/Motorrad-Abdeckplane_KTM_390-Duke-225x300.jpg 225w, https:\/\/www.mycover-protection.com\/wp-content\/uploads\/2024\/10\/Motorrad-Abdeckplane_KTM_390-Duke-203x270.jpg 203w\" sizes=\"(max-width: 768px) 100vw, 768px\" \/><figcaption class=\"wp-element-caption\">KTM 390 Duque<\/figcaption><\/figure>\n<\/div>\n\n\n\n<div class=\"wp-block-cb-slide-v2 cb-slide swiper-slide\">\n<figure class=\"wp-block-image size-full\"><img decoding=\"async\" width=\"768\" height=\"1024\" src=\"https:\/\/www.mycover-protection.com\/wp-content\/uploads\/2024\/10\/Motorrad-Abdeckplane_KTM_390-Duke_Motorrad-Abdeckung.jpg\" alt=\"KTM 390 Duke cubierta con la funda para moto MYCOVER&#xAE; robusta y transpirable.&#10;\" class=\"wp-image-37900\" srcset=\"https:\/\/www.mycover-protection.com\/wp-content\/uploads\/2024\/10\/Motorrad-Abdeckplane_KTM_390-Duke_Motorrad-Abdeckung.jpg 768w, https:\/\/www.mycover-protection.com\/wp-content\/uploads\/2024\/10\/Motorrad-Abdeckplane_KTM_390-Duke_Motorrad-Abdeckung-225x300.jpg 225w, https:\/\/www.mycover-protection.com\/wp-content\/uploads\/2024\/10\/Motorrad-Abdeckplane_KTM_390-Duke_Motorrad-Abdeckung-203x270.jpg 203w\" sizes=\"(max-width: 768px) 100vw, 768px\" \/><figcaption class=\"wp-element-caption\">KTM 390 Duque<\/figcaption><\/figure>\n<\/div>\n\n\n\n<div class=\"wp-block-cb-slide-v2 cb-slide swiper-slide\">\n<figure class=\"wp-block-image size-full\"><img decoding=\"async\" width=\"2560\" height=\"1920\" src=\"https:\/\/www.mycover-protection.com\/wp-content\/uploads\/2025\/10\/KTM-690-Duke-scaled.jpg\" alt=\"KTM 690 Duke Naked Moto en Plata Negro aparcada en el exterior.&#10;\" class=\"wp-image-61048\" srcset=\"https:\/\/www.mycover-protection.com\/wp-content\/uploads\/2025\/10\/KTM-690-Duke-scaled.jpg 2560w, https:\/\/www.mycover-protection.com\/wp-content\/uploads\/2025\/10\/KTM-690-Duke-300x225.jpg 300w, https:\/\/www.mycover-protection.com\/wp-content\/uploads\/2025\/10\/KTM-690-Duke-1024x768.jpg 1024w, https:\/\/www.mycover-protection.com\/wp-content\/uploads\/2025\/10\/KTM-690-Duke-768x576.jpg 768w, https:\/\/www.mycover-protection.com\/wp-content\/uploads\/2025\/10\/KTM-690-Duke-1536x1152.jpg 1536w, https:\/\/www.mycover-protection.com\/wp-content\/uploads\/2025\/10\/KTM-690-Duke-2048x1536.jpg 2048w, https:\/\/www.mycover-protection.com\/wp-content\/uploads\/2025\/10\/KTM-690-Duke-360x270.jpg 360w, https:\/\/www.mycover-protection.com\/wp-content\/uploads\/2025\/10\/KTM-690-Duke-800x600.jpg 800w\" sizes=\"(max-width: 2560px) 100vw, 2560px\" \/><figcaption class=\"wp-element-caption\">KTM 690 Duque<\/figcaption><\/figure>\n<\/div>\n\n\n\n<div class=\"wp-block-cb-slide-v2 cb-slide swiper-slide\">\n<figure class=\"wp-block-image size-full\"><img decoding=\"async\" width=\"768\" height=\"1024\" src=\"https:\/\/www.mycover-protection.com\/wp-content\/uploads\/2024\/10\/Motorrad-Abdeckplane_KTM_690-Duke.jpg\" alt=\"KTM 690 Duke protegida al aire libre con la funda para moto MYCOVER&#xAE; resistente a la intemperie.\" class=\"wp-image-37917\" srcset=\"https:\/\/www.mycover-protection.com\/wp-content\/uploads\/2024\/10\/Motorrad-Abdeckplane_KTM_690-Duke.jpg 768w, https:\/\/www.mycover-protection.com\/wp-content\/uploads\/2024\/10\/Motorrad-Abdeckplane_KTM_690-Duke-225x300.jpg 225w, https:\/\/www.mycover-protection.com\/wp-content\/uploads\/2024\/10\/Motorrad-Abdeckplane_KTM_690-Duke-203x270.jpg 203w\" sizes=\"(max-width: 768px) 100vw, 768px\" \/><figcaption class=\"wp-element-caption\">KTM 690 Duque<\/figcaption><\/figure>\n<\/div>\n<\/div><\/div><div class=\"cb-pagination swiper-pagination\"><\/div><\/div>\n<\/div><\/div>\n\n<div class=\"wp-block-group alignfull wfa-manufacturer-size-rec-page-section --reviews-one-col-boxed\"><div class=\"wp-block-group__inner-container is-layout-constrained wp-block-group-is-layout-constrained\">\n<div class=\"wp-block-group wfa-manufacturer-size-rec-page-section__heading-stack is-vertical is-content-justification-center is-layout-flex wp-container-core-group-is-layout-4b2eccd6 wp-block-group-is-layout-flex\">\n<h2 class=\"wp-block-heading is-style-not-underlined\" style=\"text-transform:none\">Comentarios de los conductores de KTM sobre el ajuste<\/h2>\n\n\n\n<p>Guarde su scooter KTM en seco, protecci\u00f3n contra la intemperie y ara\u00f1azos<\/p>\n<\/div>\n\n\n\n<div class=\"wp-block-group wfa-manufacturer-size-rec-page-section__reviews-one-col-boxed__content-stack is-vertical is-content-justification-center is-layout-flex wp-container-core-group-is-layout-52c8502b wp-block-group-is-layout-flex\">\n<div data-color-scheme=\"error\" class=\"wfa-component-alertbox\" data-wfa-component=\"alertbox\">\t<p><strong>Prohibido<\/strong><\/p>\n\t<p>El shortcode <code>[[wfa-review]]<\/code> no est\u00e1 liberado para este tipo de p\u00e1gina.\t<\/p>\n<\/div>\n\n\n\n\n\n<div data-color-scheme=\"error\" class=\"wfa-component-alertbox\" data-wfa-component=\"alertbox\">\t<p><strong>Prohibido<\/strong><\/p>\n\t<p>El shortcode <code>[[wfa-review]]<\/code> no est\u00e1 liberado para este tipo de p\u00e1gina.\t<\/p>\n<\/div>\n\n\n\n\n\n<div data-color-scheme=\"error\" class=\"wfa-component-alertbox\" data-wfa-component=\"alertbox\">\t<p><strong>Prohibido<\/strong><\/p>\n\t<p>El shortcode <code>[[wfa-review]]<\/code> no est\u00e1 liberado para este tipo de p\u00e1gina.\t<\/p>\n<\/div>\n\n\n\n\n\n<div data-color-scheme=\"error\" class=\"wfa-component-alertbox\" data-wfa-component=\"alertbox\">\t<p><strong>Prohibido<\/strong><\/p>\n\t<p>El shortcode <code>[[wfa-review]]<\/code> no est\u00e1 liberado para este tipo de p\u00e1gina.\t<\/p>\n<\/div>\n\n\n<\/div>\n\n\n\n<div class=\"wp-block-buttons is-horizontal is-content-justification-center is-layout-flex wp-container-core-buttons-is-layout-ddb39544 wp-block-buttons-is-layout-flex\">\n<div class=\"wp-block-button\"><a class=\"wp-block-button__link wp-element-button\" href=\"#mycover-abdeckplanen-groessenfinder\">Selecciona la talla ahora<\/a><\/div>\n<\/div>\n<\/div><\/div>\n\n<div class=\"wp-block-group alignfull wfa-manufacturer-size-rec-page-section --mycover-size-finder-model-list\"><div class=\"wp-block-group__inner-container is-layout-constrained wp-block-group-is-layout-constrained\">\n<div class=\"wp-block-group wfa-manufacturer-size-rec-page-section__heading-stack is-vertical is-content-justification-center is-layout-flex wp-container-core-group-is-layout-4b2eccd6 wp-block-group-is-layout-flex\">\n<h2 class=\"wp-block-heading is-style-not-underlined\" style=\"text-transform:capitalize\">Selecci\u00f3n de modelo de funda para scooter KTM<\/h2>\n\n\n\n<p>Adecuado para todos los modelos KTM<\/p>\n<\/div>\n\n\n\n<div class=\"wp-block-group wfa-manufacturer-size-rec-page-section__size-finder-model-list__vehicle-variations is-vertical is-content-justification-left is-layout-flex wp-container-core-group-is-layout-c0ca7d81 wp-block-group-is-layout-flex\">\n<ul class=\"wp-block-list\">\n<li>Roadster<\/li>\n\n\n\n<li>Travel Enduro<\/li>\n\n\n\n<li>Sport<\/li>\n\n\n\n<li>Touring<\/li>\n\n\n\n<li>Aventura<\/li>\n\n\n\n<li>Enduro<\/li>\n<\/ul>\n<\/div>\n\n\n\n<div data-color-scheme=\"error\" class=\"wfa-component-alertbox\" data-wfa-component=\"alertbox\">\t<p><strong>Prohibido<\/strong><\/p>\n\t<p>El shortcode <code>[[wfa-component-motorcycle-model-list]]<\/code> no est\u00e1 liberado para este tipo de p\u00e1gina.\t<\/p>\n<\/div>\n\n\n<\/div><\/div>\n\n<div class=\"wp-block-group alignfull wfa-manufacturer-size-rec-page-section --text-left-img-right\"><div class=\"wp-block-group__inner-container is-layout-constrained wp-block-group-is-layout-constrained\">\n<div class=\"wp-block-group wfa-manufacturer-size-rec-page-section__heading-stack is-vertical is-content-justification-center is-layout-flex wp-container-core-group-is-layout-4b2eccd6 wp-block-group-is-layout-flex\">\n<h2 class=\"wp-block-heading is-style-not-underlined\" style=\"text-transform:none\">Funda premium para su KTM<\/h2>\n\n\n\n<p>Con MYCOVER\u00ae protege su KTM de los rayos UV, el polvo y la suciedad con protecci\u00f3n de larga duraci\u00f3n<\/p>\n<\/div>\n\n\n\n<div class=\"wp-block-columns are-vertically-aligned-center wfa-manufacturer-size-rec-page-section__text-left-img-right__cols is-layout-flex wp-container-core-columns-is-layout-9d6595d7 wp-block-columns-is-layout-flex\">\n<div class=\"wp-block-column is-vertically-aligned-center is-layout-flow wp-block-column-is-layout-flow\" style=\"flex-basis:50%\">\n<div class=\"wp-block-group wfa-manufacturer-size-rec-page-section__text-left-img-right__text-stack is-vertical is-layout-flex wp-container-core-group-is-layout-8cf370e7 wp-block-group-is-layout-flex\">\n<p>La <a href=\"https:\/\/www.mycover-protection.com\/es\/produkt\/mycover-funda-exterior-premium-para-scooter\/\">funda protectora de MYCOVER<\/a>, compatible con scooters KTM, ofrece calidad resistente al desgarro, ejecuci\u00f3n impermeable, ventilaci\u00f3n antihumedad, protecci\u00f3n UV, correas de sujeci\u00f3n y reflectores 360\u00b0. El suave forro polar interior protege la pintura y el ajuste facilita la colocaci\u00f3n. Empiece ahora a seleccionar su tama\u00f1o.<\/p>\n<\/div>\n\n\n\n<div class=\"wp-block-buttons is-horizontal is-content-justification-left is-layout-flex wp-container-core-buttons-is-layout-92fc3979 wp-block-buttons-is-layout-flex\">\n<div class=\"wp-block-button\"><a class=\"wp-block-button__link wp-element-button\" href=\"#mycover-abdeckplanen-groessenfinder\">Selecciona la talla ahora<\/a><\/div>\n<\/div>\n<\/div>\n\n\n\n<div class=\"wp-block-column is-vertically-aligned-center wfa-manufacturer-size-rec-page-section__text-left-img-right__img-wrap is-layout-flow wp-block-column-is-layout-flow\" style=\"flex-basis:50%\">\n<figure class=\"wp-block-image size-full\"><img decoding=\"async\" width=\"800\" height=\"800\" src=\"https:\/\/www.mycover-protection.com\/wp-content\/uploads\/2019\/12\/MYCOVER_Front_white.jpg\" alt=\"\" class=\"wp-image-3216\" srcset=\"https:\/\/www.mycover-protection.com\/wp-content\/uploads\/2019\/12\/MYCOVER_Front_white.jpg 800w, https:\/\/www.mycover-protection.com\/wp-content\/uploads\/2019\/12\/MYCOVER_Front_white-300x300.jpg 300w, https:\/\/www.mycover-protection.com\/wp-content\/uploads\/2019\/12\/MYCOVER_Front_white-200x200.jpg 200w, https:\/\/www.mycover-protection.com\/wp-content\/uploads\/2019\/12\/MYCOVER_Front_white-150x150.jpg 150w, https:\/\/www.mycover-protection.com\/wp-content\/uploads\/2019\/12\/MYCOVER_Front_white-768x768.jpg 768w\" sizes=\"(max-width: 800px) 100vw, 800px\" \/><\/figure>\n<\/div>\n<\/div>\n<\/div><\/div>\n\n<div class=\"wp-block-group alignfull wfa-manufacturer-size-rec-page-section --text-one-col-boxed\"><div class=\"wp-block-group__inner-container is-layout-constrained wp-block-group-is-layout-constrained\">\n<div class=\"wp-block-group wfa-manufacturer-size-rec-page-section__heading-stack is-vertical is-content-justification-center is-layout-flex wp-container-core-group-is-layout-4b2eccd6 wp-block-group-is-layout-flex\">\n<h2 class=\"wp-block-heading is-style-not-underlined\" style=\"text-transform:capitalize\">Acerca de KTM<\/h2>\n<\/div>\n\n\n\n<div class=\"wp-block-group wfa-manufacturer-size-rec-page-section__text-one-col-boxed__content-stack --text-lg is-vertical is-layout-flex wp-container-core-group-is-layout-8cf370e7 wp-block-group-is-layout-flex\">\n<p>KTM fabrica motocicletas y scooters con experiencia directa de la competici\u00f3n. Los conocimientos de la GP Academy y del programa MotoGP se incorporan continuamente a los modelos de serie. Las gamas para carretera, viaje y todoterreno siguen claramente la filosof\u00eda Ready to Race. Los primeros \u00e9xitos en competici\u00f3n marcan las exigencias de la marca hasta hoy.   <\/p>\n\n\n\n<p>Son populares la <strong>KTM 790 Duke<\/strong>, la <strong>KTM 1290 Super Adventure S<\/strong> y la <strong>KTM 390 Adventure<\/strong>. Las diferentes ergonom\u00edas y perfiles de uso requieren flexibilidad a la hora de aparcar, especialmente con accesorios como maletas laterales o parabrisas altos. <\/p>\n<\/div>\n<\/div><\/div>\n\n<div class=\"wp-block-group alignfull wfa-manufacturer-size-rec-page-section --faq\"><div class=\"wp-block-group__inner-container is-layout-constrained wp-block-group-is-layout-constrained\">\n<div class=\"wp-block-group wfa-manufacturer-size-rec-page-section__heading-stack is-vertical is-content-justification-center is-layout-flex wp-container-core-group-is-layout-4b2eccd6 wp-block-group-is-layout-flex\">\n<h2 class=\"wp-block-heading is-style-not-underlined\" style=\"text-transform:none\">Preguntas frecuentes sobre nuestra Funda<\/h2>\n\n\n\n<p>Preguntas sobre el ajuste y el uso con los modelos KTM m\u00e1s populares<\/p>\n<\/div>\n\n\n\n<div class=\"wp-block-group wfa-manufacturer-size-rec-page-section__faq__content-stack is-vertical is-content-justification-left is-layout-flex wp-container-core-group-is-layout-c0ca7d81 wp-block-group-is-layout-flex\">\n<details class=\"wp-block-webfluence-blocks-details-summary\">\n<summary class=\"wp-block-webfluence-blocks-details-summary-title\">\n<h3 class=\"wp-block-heading\">Funda para scooter KTM 125 Duke: \u00bfQu\u00e9 talla es la adecuada?<\/h3>\n<\/summary>\n\n\n\n<div class=\"wp-block-webfluence-blocks-details-summary-body\">\n<p>Utilice el <a href=\"https:\/\/www.mycover-protection.com\/es\/produkt\/mycover-funda-para-moto-exterior-premium\/\">buscador de tallas<\/a>. Sus datos le llevar\u00e1n a la recomendaci\u00f3n en pocos clics.<\/p>\n<\/div>\n<\/details>\n\n\n\n<details class=\"wp-block-webfluence-blocks-details-summary\">\n<summary class=\"wp-block-webfluence-blocks-details-summary-title\">\n<h3 class=\"wp-block-heading\">\u00bfExiste diferencia entre la funda interior y exterior para scooters KTM?<\/h3>\n<\/summary>\n\n\n\n<div class=\"wp-block-webfluence-blocks-details-summary-body\">\n<p>S\u00ed, el material 300D de la <a href=\"https:\/\/www.mycover-protection.com\/es\/produkt\/mycover-funda-para-moto-exterior-premium\/\">funda para exteriores<\/a> protege en el exterior con un nanorecubrimiento contra la lluvia\/el sol y la suciedad. La <a href=\"https:\/\/www.mycover-protection.com\/es\/produkt\/mycover-funda-para-moto-de-interior-premium\/\">funda para interiores<\/a> protege en el garaje con un material el\u00e1stico suave para interiores, contra el polvo y los ara\u00f1azos. Sin embargo, la funda para exteriores tambi\u00e9n se puede utilizar en interiores, el suave forro polar interior protege la pintura, el material exterior 300D de tejido denso reduce la acumulaci\u00f3n de polvo y el robusto tejido ofrece protecci\u00f3n adicional al aparcar para la pintura.  <\/p>\n<\/div>\n<\/details>\n\n\n\n<details class=\"wp-block-webfluence-blocks-details-summary\">\n<summary class=\"wp-block-webfluence-blocks-details-summary-title\">\n<h3 class=\"wp-block-heading\">Funda para KTM 390 Duke: \u00bfSe adapta con la elevaci\u00f3n del manillar?<\/h3>\n<\/summary>\n\n\n\n<div class=\"wp-block-webfluence-blocks-details-summary-body\">\n<p>S\u00ed, la recomendaci\u00f3n tiene en cuenta la altura modificada del manillar. Seleccione los accesorios en el <a href=\"https:\/\/www.mycover-protection.com\/es\/produkt\/mycover-funda-para-moto-exterior-premium\/\">buscador de tallas<\/a>. <\/p>\n<\/div>\n<\/details>\n\n\n\n<details class=\"wp-block-webfluence-blocks-details-summary\">\n<summary class=\"wp-block-webfluence-blocks-details-summary-title\">\n<h3 class=\"wp-block-heading\">\u00bfC\u00f3mo elijo la talla correcta para la cubierta de scooter KTM?<\/h3>\n<\/summary>\n\n\n\n<div class=\"wp-block-webfluence-blocks-details-summary-body\">\n<p>Utilice el <a href=\"https:\/\/www.mycover-protection.com\/es\/produkt\/mycover-funda-para-moto-exterior-premium\/\">buscador de tallas<\/a>. La informaci\u00f3n sobre el modelo y los accesorios le proporciona inmediatamente la recomendaci\u00f3n adecuada.<\/p>\n<\/div>\n<\/details>\n\n\n\n<details class=\"wp-block-webfluence-blocks-details-summary\">\n<summary class=\"wp-block-webfluence-blocks-details-summary-title\">\n<h3 class=\"wp-block-heading\">Cubierta para KTM 1290 Super Duke R: \u00bfFunciona con la conversi\u00f3n de la parte trasera?<\/h3>\n<\/summary>\n\n\n\n<div class=\"wp-block-webfluence-blocks-details-summary-body\">\n<p>S\u00ed, el tama\u00f1o recomendado deja tolerancia para las conversiones. Seleccione los accesorios en el <a href=\"https:\/\/www.mycover-protection.com\/es\/produkt\/mycover-funda-para-moto-exterior-premium\/\">buscador de tallas<\/a>. <\/p>\n<\/div>\n<\/details>\n\n\n\n<details class=\"wp-block-webfluence-blocks-details-summary\">\n<summary class=\"wp-block-webfluence-blocks-details-summary-title\">\n<h3 class=\"wp-block-heading\">\u00bfProtege la funda para scooter KTM contra la lluvia y el sol intenso?<\/h3>\n<\/summary>\n\n\n\n<div class=\"wp-block-webfluence-blocks-details-summary-body\">\n<p>S\u00ed, la funda es impermeable y resistente a los rayos UV, a la vez que transpirable. Esto evita la humedad y la decoloraci\u00f3n. <\/p>\n<\/div>\n<\/details>\n\n\n\n<details class=\"wp-block-webfluence-blocks-details-summary\">\n<summary class=\"wp-block-webfluence-blocks-details-summary-title\">\n<h3 class=\"wp-block-heading\">\u00bfFunda para scooter KTM 1290 Super Adventure S con parabrisas alto y maletas?<\/h3>\n<\/summary>\n\n\n\n<div class=\"wp-block-webfluence-blocks-details-summary-body\">\n<p>S\u00ed, los cortes tienen en cuenta el parabrisas alto y las maletas laterales. La recomendaci\u00f3n viene a trav\u00e9s del <a href=\"https:\/\/www.mycover-protection.com\/es\/produkt\/mycover-funda-para-moto-exterior-premium\/\">buscador de tallas<\/a>. <\/p>\n<\/div>\n<\/details>\n\n\n\n<details class=\"wp-block-webfluence-blocks-details-summary\">\n<summary class=\"wp-block-webfluence-blocks-details-summary-title\">\n<h3 class=\"wp-block-heading\">\u00bfEs la funda para scooter KTM 390 Adventure adecuada para viento fuerte?<\/h3>\n<\/summary>\n\n\n\n<div class=\"wp-block-webfluence-blocks-details-summary-body\">\n<p>Las correas de seguridad estabilizan la funda. Los reflectores de 360 grados aumentan la visibilidad con viento y al anochecer. <\/p>\n<\/div>\n<\/details>\n\n\n\n<details class=\"wp-block-webfluence-blocks-details-summary\">\n<summary class=\"wp-block-webfluence-blocks-details-summary-title\">\n<h3 class=\"wp-block-heading\">\u00bfExiste una funda para la KTM 790 Adventure con topcase?<\/h3>\n<\/summary>\n\n\n\n<div class=\"wp-block-webfluence-blocks-details-summary-body\">\n<p>S\u00ed, la recomendaci\u00f3n tiene en cuenta los sistemas de equipaje como el topcase y las maletas laterales. Seleccione los accesorios en el <a href=\"https:\/\/www.mycover-protection.com\/es\/produkt\/mycover-funda-para-moto-exterior-premium\/\">buscador de tallas<\/a> para un ajuste preciso. Para Scooter con topcase, MYCOVER ofrece fundas espec\u00edficas, ya que esto cambia considerablemente el tama\u00f1o del scooter. Estas se identifican con el a\u00f1adido \u201cTC\u201d.   <\/p>\n<\/div>\n<\/details>\n\n\n\n<details class=\"wp-block-webfluence-blocks-details-summary\">\n<summary class=\"wp-block-webfluence-blocks-details-summary-title\">\n<h3 class=\"wp-block-heading\">\u00bfSe puede fijar de forma segura la funda para scooter KTM en caso de tormenta?<\/h3>\n<\/summary>\n\n\n\n<div class=\"wp-block-webfluence-blocks-details-summary-body\">\n<p>Las correas de seguridad sujetan la funda, los dobladillos el\u00e1sticos se agarran bajo las ruedas y las partes del bastidor.<\/p>\n<\/div>\n<\/details>\n<\/div>\n\n\n\n<div class=\"wp-block-buttons is-horizontal is-content-justification-center is-layout-flex wp-container-core-buttons-is-layout-ddb39544 wp-block-buttons-is-layout-flex\">\n<div class=\"wp-block-button\"><a class=\"wp-block-button__link wp-element-button\" href=\"#mycover-abdeckplanen-groessenfinder\">Selecciona la talla ahora<\/a><\/div>\n<\/div>\n<\/div><\/div>\n\n<div class=\"wp-block-group alignfull wfa-manufacturer-size-rec-page-section --all-mycover-products\"><div class=\"wp-block-group__inner-container is-layout-constrained wp-block-group-is-layout-constrained\">\n<div class=\"wp-block-group wfa-reusable-group-all-mycover-products has-black-color has-text-color has-link-color wp-elements-c1312bad93eb8a2600e1f9cc1456014e\"><div class=\"wp-block-group__inner-container is-layout-constrained wp-block-group-is-layout-constrained\">\n<p class=\"has-text-align-center wfa-reusable-group-all-mycover-products__title has-large-font-size\"><strong>Todos MYCOVER\u00ae-Productos<\/strong><\/p>\n\n\n\n<div class=\"wp-block-cb-carousel-v2 cb-carousel-block\" data-cb-slides-per-view=\"2\" data-cb-slides-per-group=\"1\" data-cb-space-between=\"0\" data-cb-speed=\"200\" data-cb-navigation=\"true\" data-cb-breakpoints=\"{&quot;768&quot;:{&quot;slidesPerView&quot;:4,&quot;slidesPerGroup&quot;:1}}\"><div class=\"swiper\"><div class=\"cb-wrapper swiper-wrapper\">\n<div class=\"wp-block-cb-slide-v2 cb-slide swiper-slide\">\n<div class=\"wp-block-group\"><div class=\"wp-block-group__inner-container is-layout-constrained wp-block-group-is-layout-constrained\">\n<figure class=\"wp-block-image size-large\"><img decoding=\"async\" width=\"1024\" height=\"1024\" src=\"https:\/\/www.mycover-protection.com\/wp-content\/uploads\/2022\/11\/Motorrad_abdeckplane_outdoor-1024x1024.jpg\" alt=\"Funda para moto exterior\" class=\"wp-image-22125\" srcset=\"https:\/\/www.mycover-protection.com\/wp-content\/uploads\/2022\/11\/Motorrad_abdeckplane_outdoor-1024x1024.jpg 1024w, https:\/\/www.mycover-protection.com\/wp-content\/uploads\/2022\/11\/Motorrad_abdeckplane_outdoor-300x300.jpg 300w, https:\/\/www.mycover-protection.com\/wp-content\/uploads\/2022\/11\/Motorrad_abdeckplane_outdoor-150x150.jpg 150w, https:\/\/www.mycover-protection.com\/wp-content\/uploads\/2022\/11\/Motorrad_abdeckplane_outdoor-768x768.jpg 768w, https:\/\/www.mycover-protection.com\/wp-content\/uploads\/2022\/11\/Motorrad_abdeckplane_outdoor-270x270.jpg 270w, https:\/\/www.mycover-protection.com\/wp-content\/uploads\/2022\/11\/Motorrad_abdeckplane_outdoor-800x800.jpg 800w, https:\/\/www.mycover-protection.com\/wp-content\/uploads\/2022\/11\/Motorrad_abdeckplane_outdoor-200x200.jpg 200w, https:\/\/www.mycover-protection.com\/wp-content\/uploads\/2022\/11\/Motorrad_abdeckplane_outdoor.jpg 1200w\" sizes=\"(max-width: 1024px) 100vw, 1024px\" \/><\/figure>\n\n\n\n<p><a href=\"https:\/\/www.mycover-protection.com\/es\/produkt\/mycover-funda-para-moto-exterior-premium\/\"><strong>Funda para moto exterior<\/strong><\/a><\/p>\n<\/div><\/div>\n<\/div>\n\n\n\n<div class=\"wp-block-cb-slide-v2 cb-slide swiper-slide\">\n<div class=\"wp-block-group\"><div class=\"wp-block-group__inner-container is-layout-constrained wp-block-group-is-layout-constrained\">\n<figure class=\"wp-block-image size-full\"><img decoding=\"async\" width=\"800\" height=\"800\" src=\"https:\/\/www.mycover-protection.com\/wp-content\/uploads\/2023\/01\/Motorrad-abdeckplane-chopper.png\" alt=\"Funda exterior Chopper\" class=\"wp-image-21485\" srcset=\"https:\/\/www.mycover-protection.com\/wp-content\/uploads\/2023\/01\/Motorrad-abdeckplane-chopper.png 800w, https:\/\/www.mycover-protection.com\/wp-content\/uploads\/2023\/01\/Motorrad-abdeckplane-chopper-300x300.png 300w, https:\/\/www.mycover-protection.com\/wp-content\/uploads\/2023\/01\/Motorrad-abdeckplane-chopper-150x150.png 150w, https:\/\/www.mycover-protection.com\/wp-content\/uploads\/2023\/01\/Motorrad-abdeckplane-chopper-768x768.png 768w, https:\/\/www.mycover-protection.com\/wp-content\/uploads\/2023\/01\/Motorrad-abdeckplane-chopper-270x270.png 270w, https:\/\/www.mycover-protection.com\/wp-content\/uploads\/2023\/01\/Motorrad-abdeckplane-chopper-200x200.png 200w\" sizes=\"(max-width: 800px) 100vw, 800px\" \/><\/figure>\n\n\n\n<p><a href=\"https:\/\/www.mycover-protection.com\/es\/produkt\/mycover-funda-exterior-premium-para-chopper\/\"><strong>Funda exterior Chopper<\/strong><\/a><\/p>\n<\/div><\/div>\n<\/div>\n\n\n\n<div class=\"wp-block-cb-slide-v2 cb-slide swiper-slide\">\n<div class=\"wp-block-group\"><div class=\"wp-block-group__inner-container is-layout-constrained wp-block-group-is-layout-constrained\">\n<figure class=\"wp-block-image size-full\"><img decoding=\"async\" width=\"800\" height=\"800\" src=\"https:\/\/www.mycover-protection.com\/wp-content\/uploads\/2023\/01\/Motorrad-Abdeckplane-Topcase.png\" alt=\"Funda para Scooter con top case\" class=\"wp-image-21482\" srcset=\"https:\/\/www.mycover-protection.com\/wp-content\/uploads\/2023\/01\/Motorrad-Abdeckplane-Topcase.png 800w, https:\/\/www.mycover-protection.com\/wp-content\/uploads\/2023\/01\/Motorrad-Abdeckplane-Topcase-300x300.png 300w, https:\/\/www.mycover-protection.com\/wp-content\/uploads\/2023\/01\/Motorrad-Abdeckplane-Topcase-150x150.png 150w, https:\/\/www.mycover-protection.com\/wp-content\/uploads\/2023\/01\/Motorrad-Abdeckplane-Topcase-768x768.png 768w, https:\/\/www.mycover-protection.com\/wp-content\/uploads\/2023\/01\/Motorrad-Abdeckplane-Topcase-270x270.png 270w, https:\/\/www.mycover-protection.com\/wp-content\/uploads\/2023\/01\/Motorrad-Abdeckplane-Topcase-200x200.png 200w\" sizes=\"(max-width: 800px) 100vw, 800px\" \/><\/figure>\n\n\n\n<p><a href=\"https:\/\/www.mycover-protection.com\/es\/produkt\/mycover-funda-exterior-premium-para-scooter\/\"><strong>Funda Scooter exterior<\/strong><\/a><\/p>\n<\/div><\/div>\n<\/div>\n\n\n\n<div class=\"wp-block-cb-slide-v2 cb-slide swiper-slide\">\n<div class=\"wp-block-group\"><div class=\"wp-block-group__inner-container is-layout-constrained wp-block-group-is-layout-constrained\">\n<figure class=\"wp-block-image size-full\"><img decoding=\"async\" width=\"800\" height=\"800\" src=\"https:\/\/www.mycover-protection.com\/wp-content\/uploads\/2022\/07\/Motorrrad-Abdeckplane-Indoor-Stoff.png\" alt=\"Funda para moto Interior blando\" class=\"wp-image-20162\" srcset=\"https:\/\/www.mycover-protection.com\/wp-content\/uploads\/2022\/07\/Motorrrad-Abdeckplane-Indoor-Stoff.png 800w, https:\/\/www.mycover-protection.com\/wp-content\/uploads\/2022\/07\/Motorrrad-Abdeckplane-Indoor-Stoff-300x300.png 300w, https:\/\/www.mycover-protection.com\/wp-content\/uploads\/2022\/07\/Motorrrad-Abdeckplane-Indoor-Stoff-150x150.png 150w, https:\/\/www.mycover-protection.com\/wp-content\/uploads\/2022\/07\/Motorrrad-Abdeckplane-Indoor-Stoff-768x768.png 768w, https:\/\/www.mycover-protection.com\/wp-content\/uploads\/2022\/07\/Motorrrad-Abdeckplane-Indoor-Stoff-270x270.png 270w, https:\/\/www.mycover-protection.com\/wp-content\/uploads\/2022\/07\/Motorrrad-Abdeckplane-Indoor-Stoff-200x200.png 200w\" sizes=\"(max-width: 800px) 100vw, 800px\" \/><\/figure>\n\n\n\n<p><a href=\"https:\/\/www.mycover-protection.com\/es\/produkt\/mycover-funda-para-moto-de-interior-premium\/\"><strong>Funda para moto de interior<\/strong><\/a><\/p>\n<\/div><\/div>\n<\/div>\n<\/div><\/div><div class=\"cb-button-prev swiper-button-prev\"><\/div><div class=\"cb-button-next swiper-button-next\"><\/div><\/div>\n\n\n\n<p class=\"has-text-align-center wfa-reusable-group-all-mycover-products__category-links has-small-font-size\"><a href=\"https:\/\/www.mycover-protection.com\/es\/produkt-kategorie\/cubiertas-para-moto\/\">Cubiertas para moto<\/a> &#8211; <a href=\"https:\/\/www.mycover-protection.com\/es\/produkt-kategorie\/cubiertas-para-scooter\/\">Cubiertas para scooter<\/a><\/p>\n<\/div><\/div>\n<\/div><\/div>\n\n<div class=\"wp-block-group alignfull wfa-manufacturer-size-rec-page-section --magazin\"><div class=\"wp-block-group__inner-container is-layout-constrained wp-block-group-is-layout-constrained\">\n<div class=\"wp-block-group wfa-manufacturer-size-rec-page-section__heading-stack is-vertical is-content-justification-center is-layout-flex wp-container-core-group-is-layout-4b2eccd6 wp-block-group-is-layout-flex\">\n<h2 class=\"wp-block-heading is-style-not-underlined\" style=\"text-transform:capitalize\">MYCOVER Revista<\/h2>\n\n\n\n<p>Gu\u00eda de protecci\u00f3n antirrobo y conservaci\u00f3n del valor de tu veh\u00edculo<\/p>\n<\/div>\n\n\n\n<div data-wp-context=\"{}\" data-wp-interactive=\"core\/query\" data-wp-key=\"18\" data-wp-router-region=\"query-18\" class=\"wp-block-query wfa-ignore-private-posts is-layout-flow wp-block-query-is-layout-flow\"><ul class=\"columns-3 wp-block-post-template is-layout-grid wp-container-core-post-template-is-layout-2fc57c17 wp-block-post-template-is-layout-grid\"><li data-wp-key=\"post-template-item-62180\" class=\"wp-block-post post-62180 post type-post status-publish format-standard has-post-thumbnail hentry\">\n<figure style=\"aspect-ratio:16\/9;\" class=\"alignwide wp-block-post-featured-image\"><img decoding=\"async\" width=\"1536\" height=\"1024\" src=\"https:\/\/www.mycover-protection.com\/wp-content\/uploads\/2025\/11\/Motorrad_Abdeckplane_Test_und_Vergleich.png\" class=\"attachment-post-thumbnail size-post-thumbnail wp-post-image\" alt=\"Motorrad steht ungesch\u00fctzt im Freien bei Sonne, Regen und Schnee, Symbolbild f\u00fcr Motorrad Abdeckplane Test und Vergleich.\" style=\"width:100%;height:100%;object-fit:cover;\" srcset=\"https:\/\/www.mycover-protection.com\/wp-content\/uploads\/2025\/11\/Motorrad_Abdeckplane_Test_und_Vergleich.png 1536w, https:\/\/www.mycover-protection.com\/wp-content\/uploads\/2025\/11\/Motorrad_Abdeckplane_Test_und_Vergleich-300x200.png 300w, https:\/\/www.mycover-protection.com\/wp-content\/uploads\/2025\/11\/Motorrad_Abdeckplane_Test_und_Vergleich-1024x683.png 1024w, https:\/\/www.mycover-protection.com\/wp-content\/uploads\/2025\/11\/Motorrad_Abdeckplane_Test_und_Vergleich-768x512.png 768w, https:\/\/www.mycover-protection.com\/wp-content\/uploads\/2025\/11\/Motorrad_Abdeckplane_Test_und_Vergleich-400x267.png 400w, https:\/\/www.mycover-protection.com\/wp-content\/uploads\/2025\/11\/Motorrad_Abdeckplane_Test_und_Vergleich-800x533.png 800w\" sizes=\"(max-width: 1536px) 100vw, 1536px\" \/><\/figure>\n\n<h3 class=\"wp-block-post-title\"><a href=\"https:\/\/www.mycover-protection.com\/es\/magazin\/test-y-comparativa-de-fundas-para-moto-mycover-convence-en-todas-las-categorias\/\" target=\"_self\" >Test y comparativa de fundas para moto: \u00a1MYCOVER\u00ae convence en todas las categor\u00edas!<\/a><\/h3>\n<\/li><li data-wp-key=\"post-template-item-54759\" class=\"wp-block-post post-54759 post type-post status-publish format-standard has-post-thumbnail hentry category-sin-categorizar\">\n<figure style=\"aspect-ratio:16\/9;\" class=\"alignwide wp-block-post-featured-image\"><img decoding=\"async\" width=\"1536\" height=\"1024\" src=\"https:\/\/www.mycover-protection.com\/wp-content\/uploads\/2025\/06\/Motorrad_Abdeckplane_erfahrung.png\" class=\"attachment-post-thumbnail size-post-thumbnail wp-post-image\" alt=\"Ein Mann und eine Frau stehen bei Regen im Garten und betrachten nachdenklich zwei nasse Motorr\u00e4der, w\u00e4hrend sie schlaffe Motorradabdeckungen in den H\u00e4nden halten, zwischen ihnen liegt eine durchn\u00e4sste Plane auf dem Boden.\" style=\"width:100%;height:100%;object-fit:cover;\" srcset=\"https:\/\/www.mycover-protection.com\/wp-content\/uploads\/2025\/06\/Motorrad_Abdeckplane_erfahrung.png 1536w, https:\/\/www.mycover-protection.com\/wp-content\/uploads\/2025\/06\/Motorrad_Abdeckplane_erfahrung-300x200.png 300w, https:\/\/www.mycover-protection.com\/wp-content\/uploads\/2025\/06\/Motorrad_Abdeckplane_erfahrung-1024x683.png 1024w, https:\/\/www.mycover-protection.com\/wp-content\/uploads\/2025\/06\/Motorrad_Abdeckplane_erfahrung-768x512.png 768w, https:\/\/www.mycover-protection.com\/wp-content\/uploads\/2025\/06\/Motorrad_Abdeckplane_erfahrung-400x267.png 400w, https:\/\/www.mycover-protection.com\/wp-content\/uploads\/2025\/06\/Motorrad_Abdeckplane_erfahrung-800x533.png 800w\" sizes=\"(max-width: 1536px) 100vw, 1536px\" \/><\/figure>\n\n<h3 class=\"wp-block-post-title\"><a href=\"https:\/\/www.mycover-protection.com\/es\/magazin\/experiencias-con-lonas-para-motos-por-eso-hay-mycover\/\" target=\"_self\" >Experiencias con lonas para motos: Por eso hay MYCOVER\u00ae<\/a><\/h3>\n<\/li><li data-wp-key=\"post-template-item-44329\" class=\"wp-block-post post-44329 post type-post status-publish format-standard has-post-thumbnail hentry category-sin-categorizar\">\n<figure style=\"aspect-ratio:16\/9;\" class=\"alignwide wp-block-post-featured-image\"><img decoding=\"async\" width=\"1536\" height=\"1024\" src=\"https:\/\/www.mycover-protection.com\/wp-content\/uploads\/2024\/12\/Motorrad_waschen.png\" class=\"attachment-post-thumbnail size-post-thumbnail wp-post-image\" alt=\"Motorradw\u00e4sche mit Schaum: Blaues Sport-Motorrad wird gr\u00fcndlich eingeseift \u2013 Motorradw\u00e4sche mit viel Schaum im Sonnenlicht.\" style=\"width:100%;height:100%;object-fit:cover;\" srcset=\"https:\/\/www.mycover-protection.com\/wp-content\/uploads\/2024\/12\/Motorrad_waschen.png 1536w, https:\/\/www.mycover-protection.com\/wp-content\/uploads\/2024\/12\/Motorrad_waschen-300x200.png 300w, https:\/\/www.mycover-protection.com\/wp-content\/uploads\/2024\/12\/Motorrad_waschen-1024x683.png 1024w, https:\/\/www.mycover-protection.com\/wp-content\/uploads\/2024\/12\/Motorrad_waschen-768x512.png 768w, https:\/\/www.mycover-protection.com\/wp-content\/uploads\/2024\/12\/Motorrad_waschen-400x267.png 400w, https:\/\/www.mycover-protection.com\/wp-content\/uploads\/2024\/12\/Motorrad_waschen-800x533.png 800w\" sizes=\"(max-width: 1536px) 100vw, 1536px\" \/><\/figure>\n\n<h3 class=\"wp-block-post-title\"><a href=\"https:\/\/www.mycover-protection.com\/es\/magazin\/lavar-la-moto-como-mantenerla-en-perfecto-estado\/\" target=\"_self\" >Lavado y cuidado de la moto: Consejos para conservar al m\u00e1ximo el valor<\/a><\/h3>\n<\/li><\/ul><\/div>\n\n\n\n<div class=\"wp-block-buttons is-horizontal is-content-justification-center is-layout-flex wp-container-core-buttons-is-layout-ddb39544 wp-block-buttons-is-layout-flex\">\n<div class=\"wp-block-button is-style-outline is-style-outline--1\"><a class=\"wp-block-button__link wp-element-button\" href=\"https:\/\/www.mycover-protection.com\/es\/revista\/\">Mostrar m\u00e1s mensajes<\/a><\/div>\n<\/div>\n<\/div><\/div>\n\n<div class=\"wp-block-group alignfull wfa-manufacturer-size-rec-page-section --other-manufacturers-internal-links\"><div class=\"wp-block-group__inner-container is-layout-constrained wp-block-group-is-layout-constrained\">\n<div class=\"wp-block-group wfa-manufacturer-size-rec-page-section__heading-stack is-vertical is-content-justification-center is-layout-flex wp-container-core-group-is-layout-4b2eccd6 wp-block-group-is-layout-flex\">\n<h2 class=\"wp-block-heading is-style-not-underlined\" style=\"text-transform:none\">Lonas para otras marcas de veh\u00edculos<\/h2>\n\n\n\n<p>Selecciona el fabricante y obt\u00e9n m\u00e1s informaci\u00f3n<\/p>\n<\/div>\n\n\n\n<div class=\"wp-block-query wfa-manufacturer-size-rec-page-section__other-manufacturers-internal-links__query-loop is-layout-flow wp-block-query-is-layout-flow\"><\/div>\n<\/div><\/div>\n\n<div class=\"wp-block-group alignfull wfa-manufacturer-size-rec-page-section --mycover-large-product-section\"><div class=\"wp-block-group__inner-container is-layout-constrained wp-block-group-is-layout-constrained\">\n<div class=\"wp-block-group wfa-manufacturer-size-rec-page-section__heading-stack wfa-manufacturer-size-rec-page-section__mycover-large-product-section__heading_stack is-vertical is-content-justification-center is-layout-flex wp-container-core-group-is-layout-4b2eccd6 wp-block-group-is-layout-flex\">\n<h2 class=\"wp-block-heading is-style-not-underlined\" style=\"text-transform:capitalize\">Fundas MYCOVER<sup>\u00ae<\/sup> Protection<\/h2>\n\n\n\n<p>La mayor selecci\u00f3n de Europa para moto, Chopper y Scooter &#8211; Hecho a mano de primera calidad<\/p>\n<\/div>\n\n\n\n<figure class=\"wp-block-image size-full wfa-manufacturer-size-rec-page-section__mycover-large-product-section__img-desktop\"><img decoding=\"async\" width=\"2560\" height=\"537\" src=\"https:\/\/www.mycover-protection.com\/wp-content\/uploads\/2025\/03\/mycover-protection-abdeckplanen-auswahl_w2560.jpg\" alt=\"Esta foto muestra la variedad de Fundas para exteriores de MYCOVER. Se ven cinco veh&#xED;culos cubiertos, entre ellos una moto, un Scooter y un Chopper.   \" class=\"wp-image-42602\" srcset=\"https:\/\/www.mycover-protection.com\/wp-content\/uploads\/2025\/03\/mycover-protection-abdeckplanen-auswahl_w2560.jpg 2560w, https:\/\/www.mycover-protection.com\/wp-content\/uploads\/2025\/03\/mycover-protection-abdeckplanen-auswahl_w2560-300x63.jpg 300w, https:\/\/www.mycover-protection.com\/wp-content\/uploads\/2025\/03\/mycover-protection-abdeckplanen-auswahl_w2560-1024x215.jpg 1024w, https:\/\/www.mycover-protection.com\/wp-content\/uploads\/2025\/03\/mycover-protection-abdeckplanen-auswahl_w2560-768x161.jpg 768w, https:\/\/www.mycover-protection.com\/wp-content\/uploads\/2025\/03\/mycover-protection-abdeckplanen-auswahl_w2560-1536x322.jpg 1536w, https:\/\/www.mycover-protection.com\/wp-content\/uploads\/2025\/03\/mycover-protection-abdeckplanen-auswahl_w2560-2048x430.jpg 2048w, https:\/\/www.mycover-protection.com\/wp-content\/uploads\/2025\/03\/mycover-protection-abdeckplanen-auswahl_w2560-400x84.jpg 400w, https:\/\/www.mycover-protection.com\/wp-content\/uploads\/2025\/03\/mycover-protection-abdeckplanen-auswahl_w2560-800x168.jpg 800w\" sizes=\"(max-width: 2560px) 100vw, 2560px\" \/><\/figure>\n\n\n\n<figure class=\"wp-block-image size-full wfa-manufacturer-size-rec-page-section__mycover-large-product-section__img-mobile\"><img decoding=\"async\" width=\"1402\" height=\"1071\" src=\"https:\/\/www.mycover-protection.com\/wp-content\/uploads\/2025\/03\/mycover-protection-abdeckplanen-auswahl-mobile.jpg\" alt=\"Esta foto muestra la variedad de Fundas para exteriores de MYCOVER. Se ven cinco veh&#xED;culos cubiertos, entre ellos una moto, un Scooter y un Chopper.   \" class=\"wp-image-42621\" srcset=\"https:\/\/www.mycover-protection.com\/wp-content\/uploads\/2025\/03\/mycover-protection-abdeckplanen-auswahl-mobile.jpg 1402w, https:\/\/www.mycover-protection.com\/wp-content\/uploads\/2025\/03\/mycover-protection-abdeckplanen-auswahl-mobile-300x229.jpg 300w, https:\/\/www.mycover-protection.com\/wp-content\/uploads\/2025\/03\/mycover-protection-abdeckplanen-auswahl-mobile-1024x782.jpg 1024w, https:\/\/www.mycover-protection.com\/wp-content\/uploads\/2025\/03\/mycover-protection-abdeckplanen-auswahl-mobile-768x587.jpg 768w, https:\/\/www.mycover-protection.com\/wp-content\/uploads\/2025\/03\/mycover-protection-abdeckplanen-auswahl-mobile-353x270.jpg 353w, https:\/\/www.mycover-protection.com\/wp-content\/uploads\/2025\/03\/mycover-protection-abdeckplanen-auswahl-mobile-800x611.jpg 800w\" sizes=\"(max-width: 1402px) 100vw, 1402px\" \/><\/figure>\n\n\n\n<div class=\"wp-block-buttons is-horizontal is-content-justification-center is-layout-flex wp-container-core-buttons-is-layout-ddb39544 wp-block-buttons-is-layout-flex\">\n<div class=\"wp-block-button\"><a class=\"wp-block-button__link wp-element-button\" href=\"#mycover-abdeckplanen-groessenfinder\">Selecciona la talla ahora<\/a><\/div>\n<\/div>\n<\/div><\/div>\n\n<div class=\"wp-block-group alignfull wfa-manufacturer-size-rec-page-section --about\"><div class=\"wp-block-group__inner-container is-layout-constrained wp-block-group-is-layout-constrained\">\n<div class=\"wp-block-group wfa-manufacturer-size-rec-page-section__heading-stack is-vertical is-content-justification-center is-layout-flex wp-container-core-group-is-layout-4b2eccd6 wp-block-group-is-layout-flex\">\n<h2 class=\"wp-block-heading is-style-not-underlined\" style=\"text-transform:capitalize\">Acerca de MYCOVER<\/h2>\n\n\n\n<p>Puedes confiar en ella<\/p>\n<\/div>\n\n\n\n<div class=\"wp-block-group wfa-manufacturer-size-rec-page-section__about__grid\"><div class=\"wp-block-group__inner-container is-layout-constrained wp-block-group-is-layout-constrained\">\n<div class=\"wp-block-cover is-light has-custom-content-position is-position-bottom-center\"><img decoding=\"async\" class=\"wp-block-cover__image-background wp-image-50275\" alt=\"\" src=\"https:\/\/www.mycover-protection.com\/wp-content\/uploads\/2025\/05\/groessenfinder-vorschau-ES_w1500.png\" style=\"object-position:50% 30%\" data-object-fit=\"cover\" data-object-position=\"50% 30%\"\/><span aria-hidden=\"true\" class=\"wp-block-cover__background has-background-dim-10 has-background-dim\" style=\"background-color:#f3f3f3\"><\/span><div class=\"wp-block-cover__inner-container is-layout-constrained wp-block-cover-is-layout-constrained\">\n<h3 class=\"wp-block-heading\">Selecci\u00f3n de talla r\u00e1pida y f\u00e1cil<\/h3>\n\n\n\n<p>En nuestro <a href=\"#mycover-abdeckplanen-groessenfinder\">Buscador de Fundas para moto<\/a> encontrar\u00e1s cientos de motos, Scooters y Choppers. Muchos incluso con conversiones.<\/p>\n<\/div><\/div>\n\n\n\n<div class=\"wp-block-cover has-custom-content-position is-position-bottom-center\"><img decoding=\"async\" width=\"2560\" height=\"1398\" class=\"wp-block-cover__image-background wp-image-10405\" alt=\"\" src=\"https:\/\/www.mycover-protection.com\/wp-content\/uploads\/2021\/03\/Motorrad-Kettenschloss-Abus-Granit-Extreme-Plus-59-an-Motorradabdeckplane-Mycover-und-Suzuki-GSX-R1000-extra-wide-scaled.jpg\" data-object-fit=\"cover\" srcset=\"https:\/\/www.mycover-protection.com\/wp-content\/uploads\/2021\/03\/Motorrad-Kettenschloss-Abus-Granit-Extreme-Plus-59-an-Motorradabdeckplane-Mycover-und-Suzuki-GSX-R1000-extra-wide-scaled.jpg 2560w, https:\/\/www.mycover-protection.com\/wp-content\/uploads\/2021\/03\/Motorrad-Kettenschloss-Abus-Granit-Extreme-Plus-59-an-Motorradabdeckplane-Mycover-und-Suzuki-GSX-R1000-extra-wide-300x164.jpg 300w, https:\/\/www.mycover-protection.com\/wp-content\/uploads\/2021\/03\/Motorrad-Kettenschloss-Abus-Granit-Extreme-Plus-59-an-Motorradabdeckplane-Mycover-und-Suzuki-GSX-R1000-extra-wide-1024x559.jpg 1024w, https:\/\/www.mycover-protection.com\/wp-content\/uploads\/2021\/03\/Motorrad-Kettenschloss-Abus-Granit-Extreme-Plus-59-an-Motorradabdeckplane-Mycover-und-Suzuki-GSX-R1000-extra-wide-768x419.jpg 768w, https:\/\/www.mycover-protection.com\/wp-content\/uploads\/2021\/03\/Motorrad-Kettenschloss-Abus-Granit-Extreme-Plus-59-an-Motorradabdeckplane-Mycover-und-Suzuki-GSX-R1000-extra-wide-1536x839.jpg 1536w, https:\/\/www.mycover-protection.com\/wp-content\/uploads\/2021\/03\/Motorrad-Kettenschloss-Abus-Granit-Extreme-Plus-59-an-Motorradabdeckplane-Mycover-und-Suzuki-GSX-R1000-extra-wide-2048x1118.jpg 2048w, https:\/\/www.mycover-protection.com\/wp-content\/uploads\/2021\/03\/Motorrad-Kettenschloss-Abus-Granit-Extreme-Plus-59-an-Motorradabdeckplane-Mycover-und-Suzuki-GSX-R1000-extra-wide-400x218.jpg 400w, https:\/\/www.mycover-protection.com\/wp-content\/uploads\/2021\/03\/Motorrad-Kettenschloss-Abus-Granit-Extreme-Plus-59-an-Motorradabdeckplane-Mycover-und-Suzuki-GSX-R1000-extra-wide-800x437.jpg 800w\" sizes=\"(max-width: 2560px) 100vw, 2560px\" \/><span aria-hidden=\"true\" class=\"wp-block-cover__background has-background-dim-60 has-background-dim\" style=\"background-color:#4c4947\"><\/span><div class=\"wp-block-cover__inner-container is-layout-constrained wp-block-cover-is-layout-constrained\">\n<h3 class=\"wp-block-heading\">Protecci\u00f3n integral para motos<\/h3>\n\n\n\n<p>Combina nuestra Funda MYCOVER con un <a href=\"https:\/\/www.mycover-protection.com\/es\/produkt-kategorie\/candados-abus\/\">candado ABUS<\/a> y tu veh\u00edculo estar\u00e1 \u00f3ptimamente protegido.<\/p>\n<\/div><\/div>\n\n\n\n<div class=\"wp-block-cover is-light has-custom-content-position is-position-bottom-center\"><img decoding=\"async\" width=\"1024\" height=\"674\" class=\"wp-block-cover__image-background wp-image-60639 size-large\" alt=\"MYCOVER Protection Abdeckplanen\" src=\"https:\/\/www.mycover-protection.com\/wp-content\/uploads\/2025\/10\/041A8981-1024x674.jpg\" data-object-fit=\"cover\" srcset=\"https:\/\/www.mycover-protection.com\/wp-content\/uploads\/2025\/10\/041A8981-1024x674.jpg 1024w, https:\/\/www.mycover-protection.com\/wp-content\/uploads\/2025\/10\/041A8981-300x198.jpg 300w, https:\/\/www.mycover-protection.com\/wp-content\/uploads\/2025\/10\/041A8981-768x506.jpg 768w, https:\/\/www.mycover-protection.com\/wp-content\/uploads\/2025\/10\/041A8981-1536x1011.jpg 1536w, https:\/\/www.mycover-protection.com\/wp-content\/uploads\/2025\/10\/041A8981-2048x1348.jpg 2048w, https:\/\/www.mycover-protection.com\/wp-content\/uploads\/2025\/10\/041A8981-400x263.jpg 400w, https:\/\/www.mycover-protection.com\/wp-content\/uploads\/2025\/10\/041A8981-800x527.jpg 800w\" sizes=\"(max-width: 1024px) 100vw, 1024px\" \/><span aria-hidden=\"true\" class=\"wp-block-cover__background has-background-dim\" style=\"background-color:#8692a6\"><\/span><div class=\"wp-block-cover__inner-container is-layout-constrained wp-block-cover-is-layout-constrained\">\n<h3 class=\"wp-block-heading\">Fundas de Moto para Moto<\/h3>\n\n\n\n<p>Somos motoristas apasionados y desarrollamos nuevas <a href=\"\/?product_cat=motorrad_abdeckplane\">Fundas<\/a> junto con nuestra comunidad<\/p>\n<\/div><\/div>\n<\/div><\/div>\n\n\n\n<div class=\"wp-block-group\"><div class=\"wp-block-group__inner-container is-layout-constrained wp-block-group-is-layout-constrained\">\n<div class=\"wp-block-buttons is-horizontal is-content-justification-center is-layout-flex wp-container-core-buttons-is-layout-ddb39544 wp-block-buttons-is-layout-flex\">\n<div class=\"wp-block-button is-style-outline is-style-outline--2\"><a class=\"wp-block-button__link wp-element-button\" href=\"https:\/\/www.mycover-protection.com\/es\/sobre-nosotros\/\">M\u00e1s sobre nosotros<\/a><\/div>\n<\/div>\n<\/div><\/div>\n<\/div><\/div>\n","protected":false},"excerpt":{"rendered":"<p>Funda para scooter KTM Protecci\u00f3n premium con funda a medida para su scooter KTM Encuentra r\u00e1pidamente la talla adecuada P. ej.: KTM 125 Duke, 390 Duke, 1290 Super Duke R \u2026 Tambi\u00e9n para modificaciones y accesorios Se ajusta a pesar del parabrisas alto, las maletas laterales, el topcase&#8230; Robusta y resistente a la intemperie Transpirable, [&#8230;]<\/p>\n","protected":false},"author":1018,"featured_media":0,"parent":43203,"menu_order":0,"comment_status":"closed","ping_status":"closed","template":"page-blank.php","meta":{"footnotes":""},"class_list":["post-44605","page","type-page","status-publish","hentry"],"yoast_head":"<!-- This site is optimized with the Yoast SEO plugin v27.4 - https:\/\/yoast.com\/product\/yoast-seo-wordpress\/ -->\n<title>Funda para scooter KTM | Elige tu talla en 3 clics<\/title>\n<meta name=\"description\" content=\"Funda MYCOVER\u00ae para scooter KTM: Protecci\u00f3n contra lluvia y UV \u2713 robusta y transpirable \u2713 Encuentre r\u00e1pida y f\u00e1cilmente con nuestro buscador de tallas\" \/>\n<meta name=\"robots\" content=\"index, follow, max-snippet:-1, max-image-preview:large, max-video-preview:-1\" \/>\n<link rel=\"canonical\" href=\"https:\/\/www.mycover-protection.com\/es\/recomendaciones-de-tamano\/fundas-2\/al-aire-libre-roller\/ktm-funda-scooter\/\" \/>\n<meta property=\"og:locale\" content=\"es_ES\" \/>\n<meta property=\"og:type\" content=\"article\" \/>\n<meta property=\"og:title\" content=\"Funda para scooter KTM | Elige tu talla en 3 clics\" \/>\n<meta property=\"og:description\" content=\"Funda MYCOVER\u00ae para scooter KTM: Protecci\u00f3n contra lluvia y UV \u2713 robusta y transpirable \u2713 Encuentre r\u00e1pida y f\u00e1cilmente con nuestro buscador de tallas\" \/>\n<meta property=\"og:url\" content=\"https:\/\/www.mycover-protection.com\/es\/recomendaciones-de-tamano\/fundas-2\/al-aire-libre-roller\/ktm-funda-scooter\/\" \/>\n<meta property=\"og:site_name\" content=\"MYCOVER\u00ae Online Shop\" \/>\n<meta property=\"article:publisher\" content=\"https:\/\/www.facebook.com\/Mycover-114242613377158\/\" \/>\n<meta property=\"article:modified_time\" content=\"2026-04-27T09:19:57+00:00\" \/>\n<meta property=\"og:image\" content=\"https:\/\/www.mycover-protection.com\/wp-content\/uploads\/2024\/01\/Motorrad-Abdeckplane-KTM-1290-Superduke-R-768x1024.jpg.webp\" \/>\n<meta name=\"twitter:card\" content=\"summary_large_image\" \/>\n<meta name=\"twitter:label1\" content=\"Tiempo de lectura\" \/>\n\t<meta name=\"twitter:data1\" content=\"5 minutos\" \/>\n<script type=\"application\/ld+json\" class=\"yoast-schema-graph\">{\"@context\":\"https:\\\/\\\/schema.org\",\"@graph\":[{\"@type\":\"WebPage\",\"@id\":\"https:\\\/\\\/www.mycover-protection.com\\\/es\\\/recomendaciones-de-tamano\\\/fundas-2\\\/al-aire-libre-roller\\\/ktm-funda-scooter\\\/\",\"url\":\"https:\\\/\\\/www.mycover-protection.com\\\/es\\\/recomendaciones-de-tamano\\\/fundas-2\\\/al-aire-libre-roller\\\/ktm-funda-scooter\\\/\",\"name\":\"Funda para scooter KTM | Elige tu talla en 3 clics\",\"isPartOf\":{\"@id\":\"https:\\\/\\\/www.mycover-protection.com\\\/es\\\/#website\"},\"primaryImageOfPage\":{\"@id\":\"https:\\\/\\\/www.mycover-protection.com\\\/es\\\/recomendaciones-de-tamano\\\/fundas-2\\\/al-aire-libre-roller\\\/ktm-funda-scooter\\\/#primaryimage\"},\"image\":{\"@id\":\"https:\\\/\\\/www.mycover-protection.com\\\/es\\\/recomendaciones-de-tamano\\\/fundas-2\\\/al-aire-libre-roller\\\/ktm-funda-scooter\\\/#primaryimage\"},\"thumbnailUrl\":\"https:\\\/\\\/www.mycover-protection.com\\\/wp-content\\\/uploads\\\/2024\\\/01\\\/Motorrad-Abdeckplane-KTM-1290-Superduke-R-768x1024.jpg.webp\",\"datePublished\":\"2025-04-02T12:36:56+00:00\",\"dateModified\":\"2026-04-27T09:19:57+00:00\",\"description\":\"Funda MYCOVER\u00ae para scooter KTM: Protecci\u00f3n contra lluvia y UV \u2713 robusta y transpirable \u2713 Encuentre r\u00e1pida y f\u00e1cilmente con nuestro buscador de tallas\",\"breadcrumb\":{\"@id\":\"https:\\\/\\\/www.mycover-protection.com\\\/es\\\/recomendaciones-de-tamano\\\/fundas-2\\\/al-aire-libre-roller\\\/ktm-funda-scooter\\\/#breadcrumb\"},\"inLanguage\":\"es\",\"potentialAction\":[{\"@type\":\"ReadAction\",\"target\":[\"https:\\\/\\\/www.mycover-protection.com\\\/es\\\/recomendaciones-de-tamano\\\/fundas-2\\\/al-aire-libre-roller\\\/ktm-funda-scooter\\\/\"]}]},{\"@type\":\"ImageObject\",\"inLanguage\":\"es\",\"@id\":\"https:\\\/\\\/www.mycover-protection.com\\\/es\\\/recomendaciones-de-tamano\\\/fundas-2\\\/al-aire-libre-roller\\\/ktm-funda-scooter\\\/#primaryimage\",\"url\":\"https:\\\/\\\/www.mycover-protection.com\\\/wp-content\\\/uploads\\\/2024\\\/01\\\/Motorrad-Abdeckplane-KTM-1290-Superduke-R-768x1024.jpg.webp\",\"contentUrl\":\"https:\\\/\\\/www.mycover-protection.com\\\/wp-content\\\/uploads\\\/2024\\\/01\\\/Motorrad-Abdeckplane-KTM-1290-Superduke-R-768x1024.jpg.webp\"},{\"@type\":\"BreadcrumbList\",\"@id\":\"https:\\\/\\\/www.mycover-protection.com\\\/es\\\/recomendaciones-de-tamano\\\/fundas-2\\\/al-aire-libre-roller\\\/ktm-funda-scooter\\\/#breadcrumb\",\"itemListElement\":[{\"@type\":\"ListItem\",\"position\":1,\"name\":\"Startseite\",\"item\":\"https:\\\/\\\/www.mycover-protection.com\\\/es\\\/\"},{\"@type\":\"ListItem\",\"position\":2,\"name\":\"Recomendaciones de tama\u00f1o\",\"item\":\"https:\\\/\\\/www.mycover-protection.com\\\/es\\\/recomendaciones-de-tamano\\\/\"},{\"@type\":\"ListItem\",\"position\":3,\"name\":\"Fundas\",\"item\":\"https:\\\/\\\/www.mycover-protection.com\\\/es\\\/recomendaciones-de-tamano\\\/fundas-2\\\/\"},{\"@type\":\"ListItem\",\"position\":4,\"name\":\"Al aire libre [Roller]\",\"item\":\"https:\\\/\\\/www.mycover-protection.com\\\/es\\\/fundas-2\\\/al-aire-libre-roller\\\/\"},{\"@type\":\"ListItem\",\"position\":5,\"name\":\"KTM Funda Scooter\"}]},{\"@type\":\"WebSite\",\"@id\":\"https:\\\/\\\/www.mycover-protection.com\\\/es\\\/#website\",\"url\":\"https:\\\/\\\/www.mycover-protection.com\\\/es\\\/\",\"name\":\"MYCOVER\u00ae Online Shop\",\"description\":\"Protection at its finest\",\"publisher\":{\"@id\":\"https:\\\/\\\/www.mycover-protection.com\\\/es\\\/#organization\"},\"potentialAction\":[{\"@type\":\"SearchAction\",\"target\":{\"@type\":\"EntryPoint\",\"urlTemplate\":\"https:\\\/\\\/www.mycover-protection.com\\\/es\\\/?s={search_term_string}\"},\"query-input\":{\"@type\":\"PropertyValueSpecification\",\"valueRequired\":true,\"valueName\":\"search_term_string\"}}],\"inLanguage\":\"es\"},{\"@type\":\"Organization\",\"@id\":\"https:\\\/\\\/www.mycover-protection.com\\\/es\\\/#organization\",\"name\":\"MYCOVER\u00ae - PROTECTION AT ITS FINEST\",\"url\":\"https:\\\/\\\/www.mycover-protection.com\\\/es\\\/\",\"logo\":{\"@type\":\"ImageObject\",\"inLanguage\":\"es\",\"@id\":\"https:\\\/\\\/www.mycover-protection.com\\\/es\\\/#\\\/schema\\\/logo\\\/image\\\/\",\"url\":\"https:\\\/\\\/www.mycover-protection.com\\\/wp-content\\\/uploads\\\/2020\\\/01\\\/PAYPAL_190x60_mycover-white.jpg\",\"contentUrl\":\"https:\\\/\\\/www.mycover-protection.com\\\/wp-content\\\/uploads\\\/2020\\\/01\\\/PAYPAL_190x60_mycover-white.jpg\",\"width\":190,\"height\":60,\"caption\":\"MYCOVER\u00ae - PROTECTION AT ITS FINEST\"},\"image\":{\"@id\":\"https:\\\/\\\/www.mycover-protection.com\\\/es\\\/#\\\/schema\\\/logo\\\/image\\\/\"},\"sameAs\":[\"https:\\\/\\\/www.facebook.com\\\/Mycover-114242613377158\\\/\"]}]}<\/script>\n<!-- \/ Yoast SEO plugin. -->","yoast_head_json":{"title":"Funda para scooter KTM | Elige tu talla en 3 clics","description":"Funda MYCOVER\u00ae para scooter KTM: Protecci\u00f3n contra lluvia y UV \u2713 robusta y transpirable \u2713 Encuentre r\u00e1pida y f\u00e1cilmente con nuestro buscador de tallas","robots":{"index":"index","follow":"follow","max-snippet":"max-snippet:-1","max-image-preview":"max-image-preview:large","max-video-preview":"max-video-preview:-1"},"canonical":"https:\/\/www.mycover-protection.com\/es\/recomendaciones-de-tamano\/fundas-2\/al-aire-libre-roller\/ktm-funda-scooter\/","og_locale":"es_ES","og_type":"article","og_title":"Funda para scooter KTM | Elige tu talla en 3 clics","og_description":"Funda MYCOVER\u00ae para scooter KTM: Protecci\u00f3n contra lluvia y UV \u2713 robusta y transpirable \u2713 Encuentre r\u00e1pida y f\u00e1cilmente con nuestro buscador de tallas","og_url":"https:\/\/www.mycover-protection.com\/es\/recomendaciones-de-tamano\/fundas-2\/al-aire-libre-roller\/ktm-funda-scooter\/","og_site_name":"MYCOVER\u00ae Online Shop","article_publisher":"https:\/\/www.facebook.com\/Mycover-114242613377158\/","article_modified_time":"2026-04-27T09:19:57+00:00","og_image":[{"url":"https:\/\/www.mycover-protection.com\/wp-content\/uploads\/2024\/01\/Motorrad-Abdeckplane-KTM-1290-Superduke-R-768x1024.jpg.webp","type":"","width":"","height":""}],"twitter_card":"summary_large_image","twitter_misc":{"Tiempo de lectura":"5 minutos"},"schema":{"@context":"https:\/\/schema.org","@graph":[{"@type":"WebPage","@id":"https:\/\/www.mycover-protection.com\/es\/recomendaciones-de-tamano\/fundas-2\/al-aire-libre-roller\/ktm-funda-scooter\/","url":"https:\/\/www.mycover-protection.com\/es\/recomendaciones-de-tamano\/fundas-2\/al-aire-libre-roller\/ktm-funda-scooter\/","name":"Funda para scooter KTM | Elige tu talla en 3 clics","isPartOf":{"@id":"https:\/\/www.mycover-protection.com\/es\/#website"},"primaryImageOfPage":{"@id":"https:\/\/www.mycover-protection.com\/es\/recomendaciones-de-tamano\/fundas-2\/al-aire-libre-roller\/ktm-funda-scooter\/#primaryimage"},"image":{"@id":"https:\/\/www.mycover-protection.com\/es\/recomendaciones-de-tamano\/fundas-2\/al-aire-libre-roller\/ktm-funda-scooter\/#primaryimage"},"thumbnailUrl":"https:\/\/www.mycover-protection.com\/wp-content\/uploads\/2024\/01\/Motorrad-Abdeckplane-KTM-1290-Superduke-R-768x1024.jpg.webp","datePublished":"2025-04-02T12:36:56+00:00","dateModified":"2026-04-27T09:19:57+00:00","description":"Funda MYCOVER\u00ae para scooter KTM: Protecci\u00f3n contra lluvia y UV \u2713 robusta y transpirable \u2713 Encuentre r\u00e1pida y f\u00e1cilmente con nuestro buscador de tallas","breadcrumb":{"@id":"https:\/\/www.mycover-protection.com\/es\/recomendaciones-de-tamano\/fundas-2\/al-aire-libre-roller\/ktm-funda-scooter\/#breadcrumb"},"inLanguage":"es","potentialAction":[{"@type":"ReadAction","target":["https:\/\/www.mycover-protection.com\/es\/recomendaciones-de-tamano\/fundas-2\/al-aire-libre-roller\/ktm-funda-scooter\/"]}]},{"@type":"ImageObject","inLanguage":"es","@id":"https:\/\/www.mycover-protection.com\/es\/recomendaciones-de-tamano\/fundas-2\/al-aire-libre-roller\/ktm-funda-scooter\/#primaryimage","url":"https:\/\/www.mycover-protection.com\/wp-content\/uploads\/2024\/01\/Motorrad-Abdeckplane-KTM-1290-Superduke-R-768x1024.jpg.webp","contentUrl":"https:\/\/www.mycover-protection.com\/wp-content\/uploads\/2024\/01\/Motorrad-Abdeckplane-KTM-1290-Superduke-R-768x1024.jpg.webp"},{"@type":"BreadcrumbList","@id":"https:\/\/www.mycover-protection.com\/es\/recomendaciones-de-tamano\/fundas-2\/al-aire-libre-roller\/ktm-funda-scooter\/#breadcrumb","itemListElement":[{"@type":"ListItem","position":1,"name":"Startseite","item":"https:\/\/www.mycover-protection.com\/es\/"},{"@type":"ListItem","position":2,"name":"Recomendaciones de tama\u00f1o","item":"https:\/\/www.mycover-protection.com\/es\/recomendaciones-de-tamano\/"},{"@type":"ListItem","position":3,"name":"Fundas","item":"https:\/\/www.mycover-protection.com\/es\/recomendaciones-de-tamano\/fundas-2\/"},{"@type":"ListItem","position":4,"name":"Al aire libre [Roller]","item":"https:\/\/www.mycover-protection.com\/es\/fundas-2\/al-aire-libre-roller\/"},{"@type":"ListItem","position":5,"name":"KTM Funda Scooter"}]},{"@type":"WebSite","@id":"https:\/\/www.mycover-protection.com\/es\/#website","url":"https:\/\/www.mycover-protection.com\/es\/","name":"MYCOVER\u00ae Online Shop","description":"Protection at its finest","publisher":{"@id":"https:\/\/www.mycover-protection.com\/es\/#organization"},"potentialAction":[{"@type":"SearchAction","target":{"@type":"EntryPoint","urlTemplate":"https:\/\/www.mycover-protection.com\/es\/?s={search_term_string}"},"query-input":{"@type":"PropertyValueSpecification","valueRequired":true,"valueName":"search_term_string"}}],"inLanguage":"es"},{"@type":"Organization","@id":"https:\/\/www.mycover-protection.com\/es\/#organization","name":"MYCOVER\u00ae - PROTECTION AT ITS FINEST","url":"https:\/\/www.mycover-protection.com\/es\/","logo":{"@type":"ImageObject","inLanguage":"es","@id":"https:\/\/www.mycover-protection.com\/es\/#\/schema\/logo\/image\/","url":"https:\/\/www.mycover-protection.com\/wp-content\/uploads\/2020\/01\/PAYPAL_190x60_mycover-white.jpg","contentUrl":"https:\/\/www.mycover-protection.com\/wp-content\/uploads\/2020\/01\/PAYPAL_190x60_mycover-white.jpg","width":190,"height":60,"caption":"MYCOVER\u00ae - PROTECTION AT ITS FINEST"},"image":{"@id":"https:\/\/www.mycover-protection.com\/es\/#\/schema\/logo\/image\/"},"sameAs":["https:\/\/www.facebook.com\/Mycover-114242613377158\/"]}]}},"_links":{"self":[{"href":"https:\/\/www.mycover-protection.com\/es\/wp-json\/wp\/v2\/pages\/44605","targetHints":{"allow":["GET"]}}],"collection":[{"href":"https:\/\/www.mycover-protection.com\/es\/wp-json\/wp\/v2\/pages"}],"about":[{"href":"https:\/\/www.mycover-protection.com\/es\/wp-json\/wp\/v2\/types\/page"}],"author":[{"embeddable":true,"href":"https:\/\/www.mycover-protection.com\/es\/wp-json\/wp\/v2\/users\/1018"}],"replies":[{"embeddable":true,"href":"https:\/\/www.mycover-protection.com\/es\/wp-json\/wp\/v2\/comments?post=44605"}],"version-history":[{"count":6,"href":"https:\/\/www.mycover-protection.com\/es\/wp-json\/wp\/v2\/pages\/44605\/revisions"}],"predecessor-version":[{"id":67570,"href":"https:\/\/www.mycover-protection.com\/es\/wp-json\/wp\/v2\/pages\/44605\/revisions\/67570"}],"up":[{"embeddable":true,"href":"https:\/\/www.mycover-protection.com\/es\/wp-json\/wp\/v2\/pages\/43203"}],"wp:attachment":[{"href":"https:\/\/www.mycover-protection.com\/es\/wp-json\/wp\/v2\/media?parent=44605"}],"curies":[{"name":"wp","href":"https:\/\/api.w.org\/{rel}","templated":true}]}}