{"id":44853,"date":"2019-12-17T10:19:15","date_gmt":"2019-12-17T09:19:15","guid":{"rendered":"https:\/\/www.mycover-protection.com\/produkt\/mycover-funda-para-moto-exterior-premium\/"},"modified":"2026-04-29T20:19:34","modified_gmt":"2026-04-29T18:19:34","slug":"mycover-funda-para-moto-exterior-premium","status":"publish","type":"product","link":"https:\/\/www.mycover-protection.com\/es\/produkt\/mycover-funda-para-moto-exterior-premium\/","title":{"rendered":"Funda para moto Premium MYCOVER\u00ae para exterior"},"content":{"rendered":"\n<div class=\"wp-block-group alignfull wfa-product-mycover-outdoor-section wfa-product-mycover-outdoor-section--trust-signals\"><div class=\"wp-block-group__inner-container is-layout-flow wp-block-group-is-layout-flow\">\n<p class=\"wf-overline\">Pilotos de verdad. Motos de verdad. <\/p>\n\n\n\n<h2 class=\"wp-block-heading is-style-not-underlined\">Im\u00e1genes de nuestros clientes<\/h2>\n\n\n\n<p class=\"wfa-salespage-text__list-horizontal\">Sin filtros y directamente desde la carretera: Nuestra comunidad muestra c\u00f3mo protegen sus m\u00e1quinas con MYCOVER.<\/p>\n\n\n\n<div class=\"wp-block-cb-carousel-v2 cb-carousel-block cb-padding wf-bike-gallery\" data-cb-slides-per-view=\"2\" data-cb-slides-per-group=\"1\" data-cb-space-between=\"15\" data-cb-speed=\"200\" data-cb-pagination=\"true\" data-cb-loop=\"true\" data-cb-autoplay=\"true\" data-cb-autoplay-speed=\"3000\" data-cb-breakpoints=\"{&quot;700&quot;:{&quot;slidesPerView&quot;:4,&quot;slidesPerGroup&quot;:4}}\"><div class=\"swiper\"><div class=\"cb-wrapper swiper-wrapper\">\n<div class=\"wp-block-cb-slide-v2 cb-slide swiper-slide\">\n<figure class=\"wp-block-image size-full\"><img decoding=\"async\" width=\"768\" height=\"1024\" src=\"https:\/\/www.mycover-protection.com\/wp-content\/uploads\/2024\/09\/Motorrad-Abdeckplane_Honda_CBR1000RR_Motorrad-Abdeckung.jpg\" alt=\"\" class=\"wp-image-36351\" srcset=\"https:\/\/www.mycover-protection.com\/wp-content\/uploads\/2024\/09\/Motorrad-Abdeckplane_Honda_CBR1000RR_Motorrad-Abdeckung.jpg 768w, https:\/\/www.mycover-protection.com\/wp-content\/uploads\/2024\/09\/Motorrad-Abdeckplane_Honda_CBR1000RR_Motorrad-Abdeckung-225x300.jpg 225w, https:\/\/www.mycover-protection.com\/wp-content\/uploads\/2024\/09\/Motorrad-Abdeckplane_Honda_CBR1000RR_Motorrad-Abdeckung-203x270.jpg 203w\" sizes=\"(max-width: 768px) 100vw, 768px\" \/><figcaption class=\"wp-element-caption\">Honda Fireblade CBR1000RR<\/figcaption><\/figure>\n<\/div>\n\n\n\n<div class=\"wp-block-cb-slide-v2 cb-slide swiper-slide\">\n<figure class=\"wp-block-image size-full\"><img decoding=\"async\" width=\"750\" height=\"1000\" src=\"https:\/\/www.mycover-protection.com\/wp-content\/uploads\/2020\/12\/Motorrad-Abdeckplane-auch-fuer-Yamaha-MT-125.jpg\" alt=\"\" class=\"wp-image-9514\" srcset=\"https:\/\/www.mycover-protection.com\/wp-content\/uploads\/2020\/12\/Motorrad-Abdeckplane-auch-fuer-Yamaha-MT-125.jpg 750w, https:\/\/www.mycover-protection.com\/wp-content\/uploads\/2020\/12\/Motorrad-Abdeckplane-auch-fuer-Yamaha-MT-125-225x300.jpg 225w, https:\/\/www.mycover-protection.com\/wp-content\/uploads\/2020\/12\/Motorrad-Abdeckplane-auch-fuer-Yamaha-MT-125-203x270.jpg 203w\" sizes=\"(max-width: 750px) 100vw, 750px\" \/><figcaption class=\"wp-element-caption\">Yamaha MT-125<\/figcaption><\/figure>\n<\/div>\n\n\n\n<div class=\"wp-block-cb-slide-v2 cb-slide swiper-slide\">\n<figure class=\"wp-block-image size-full\"><img decoding=\"async\" width=\"768\" height=\"1024\" src=\"https:\/\/www.mycover-protection.com\/wp-content\/uploads\/2025\/03\/Motorrad-Abdeckplane_Triumph_Speed-400-2024_Motorrad-Abdeckung.jpg\" alt=\"Cubierta para moto_[Triumph]_[Speed-400-(2024)]_Cubierta para moto\" class=\"wp-image-42130\" srcset=\"https:\/\/www.mycover-protection.com\/wp-content\/uploads\/2025\/03\/Motorrad-Abdeckplane_Triumph_Speed-400-2024_Motorrad-Abdeckung.jpg 768w, https:\/\/www.mycover-protection.com\/wp-content\/uploads\/2025\/03\/Motorrad-Abdeckplane_Triumph_Speed-400-2024_Motorrad-Abdeckung-225x300.jpg 225w, https:\/\/www.mycover-protection.com\/wp-content\/uploads\/2025\/03\/Motorrad-Abdeckplane_Triumph_Speed-400-2024_Motorrad-Abdeckung-203x270.jpg 203w\" sizes=\"(max-width: 768px) 100vw, 768px\" \/><figcaption class=\"wp-element-caption\">Triumph Speed 400<\/figcaption><\/figure>\n<\/div>\n\n\n\n<div class=\"wp-block-cb-slide-v2 cb-slide swiper-slide\">\n<figure class=\"wp-block-image size-full\"><img decoding=\"async\" width=\"768\" height=\"1024\" src=\"https:\/\/www.mycover-protection.com\/wp-content\/uploads\/2024\/09\/Motorrad-Abdeckplane_Ducati_Panigale-V4-Race_Motorrad-Abdeckung.jpg\" alt=\"Cubierta para moto_Ducati_Panigale-V4-Race_Motorbike-Cover\" class=\"wp-image-36968\" srcset=\"https:\/\/www.mycover-protection.com\/wp-content\/uploads\/2024\/09\/Motorrad-Abdeckplane_Ducati_Panigale-V4-Race_Motorrad-Abdeckung.jpg 768w, https:\/\/www.mycover-protection.com\/wp-content\/uploads\/2024\/09\/Motorrad-Abdeckplane_Ducati_Panigale-V4-Race_Motorrad-Abdeckung-225x300.jpg 225w, https:\/\/www.mycover-protection.com\/wp-content\/uploads\/2024\/09\/Motorrad-Abdeckplane_Ducati_Panigale-V4-Race_Motorrad-Abdeckung-203x270.jpg 203w\" sizes=\"(max-width: 768px) 100vw, 768px\" \/><figcaption class=\"wp-element-caption\">Ducati Panigale V4 R<\/figcaption><\/figure>\n<\/div>\n\n\n\n<div class=\"wp-block-cb-slide-v2 cb-slide swiper-slide\">\n<figure class=\"wp-block-image size-full\"><img decoding=\"async\" width=\"768\" height=\"1024\" src=\"https:\/\/www.mycover-protection.com\/wp-content\/uploads\/2024\/10\/Motorrad-Abdeckplane_KTM_390-Duke_Motorrad-Abdeckung.jpg\" alt=\"Cubierta para moto_KTM_390-Duke_Cubierta para moto\" class=\"wp-image-37900\" srcset=\"https:\/\/www.mycover-protection.com\/wp-content\/uploads\/2024\/10\/Motorrad-Abdeckplane_KTM_390-Duke_Motorrad-Abdeckung.jpg 768w, https:\/\/www.mycover-protection.com\/wp-content\/uploads\/2024\/10\/Motorrad-Abdeckplane_KTM_390-Duke_Motorrad-Abdeckung-225x300.jpg 225w, https:\/\/www.mycover-protection.com\/wp-content\/uploads\/2024\/10\/Motorrad-Abdeckplane_KTM_390-Duke_Motorrad-Abdeckung-203x270.jpg 203w\" sizes=\"(max-width: 768px) 100vw, 768px\" \/><figcaption class=\"wp-element-caption\">KTM 390 Duque<\/figcaption><\/figure>\n<\/div>\n\n\n\n<div class=\"wp-block-cb-slide-v2 cb-slide swiper-slide\">\n<figure class=\"wp-block-image size-full\"><img decoding=\"async\" width=\"768\" height=\"1024\" src=\"https:\/\/www.mycover-protection.com\/wp-content\/uploads\/2024\/10\/Motorrad-Abdeckplane_Brixton_Cromwell-125_Motorrad-Abdeckung.jpg\" alt=\"Cubierta de moto_Brixton_Cromwell-125_motorbike_cover\" class=\"wp-image-37887\" srcset=\"https:\/\/www.mycover-protection.com\/wp-content\/uploads\/2024\/10\/Motorrad-Abdeckplane_Brixton_Cromwell-125_Motorrad-Abdeckung.jpg 768w, https:\/\/www.mycover-protection.com\/wp-content\/uploads\/2024\/10\/Motorrad-Abdeckplane_Brixton_Cromwell-125_Motorrad-Abdeckung-225x300.jpg 225w, https:\/\/www.mycover-protection.com\/wp-content\/uploads\/2024\/10\/Motorrad-Abdeckplane_Brixton_Cromwell-125_Motorrad-Abdeckung-203x270.jpg 203w\" sizes=\"(max-width: 768px) 100vw, 768px\" \/><figcaption class=\"wp-element-caption\">Brixton Cromwell 125<\/figcaption><\/figure>\n<\/div>\n\n\n\n<div class=\"wp-block-cb-slide-v2 cb-slide swiper-slide\">\n<figure class=\"wp-block-image size-full\"><img decoding=\"async\" width=\"768\" height=\"1024\" src=\"https:\/\/www.mycover-protection.com\/wp-content\/uploads\/2024\/10\/Motorrad-Abdeckplane_Moto-Guzzi_V7-Special-850_Motorrad-Abdeckung.jpg\" alt=\"Cubierta para moto\" class=\"wp-image-38084\" srcset=\"https:\/\/www.mycover-protection.com\/wp-content\/uploads\/2024\/10\/Motorrad-Abdeckplane_Moto-Guzzi_V7-Special-850_Motorrad-Abdeckung.jpg 768w, https:\/\/www.mycover-protection.com\/wp-content\/uploads\/2024\/10\/Motorrad-Abdeckplane_Moto-Guzzi_V7-Special-850_Motorrad-Abdeckung-225x300.jpg 225w, https:\/\/www.mycover-protection.com\/wp-content\/uploads\/2024\/10\/Motorrad-Abdeckplane_Moto-Guzzi_V7-Special-850_Motorrad-Abdeckung-203x270.jpg 203w\" sizes=\"(max-width: 768px) 100vw, 768px\" \/><figcaption class=\"wp-element-caption\">Moto Guzzi V7 Especial 850<\/figcaption><\/figure>\n<\/div>\n\n\n\n<div class=\"wp-block-cb-slide-v2 cb-slide swiper-slide\">\n<figure class=\"wp-block-image size-full\"><img decoding=\"async\" width=\"821\" height=\"1095\" src=\"https:\/\/www.mycover-protection.com\/wp-content\/uploads\/2024\/08\/Benelli-BN125_Abdeckplane.jpg\" alt=\"Benelli-BN125_Cubrir lona\" class=\"wp-image-36181\" srcset=\"https:\/\/www.mycover-protection.com\/wp-content\/uploads\/2024\/08\/Benelli-BN125_Abdeckplane.jpg 821w, https:\/\/www.mycover-protection.com\/wp-content\/uploads\/2024\/08\/Benelli-BN125_Abdeckplane-225x300.jpg 225w, https:\/\/www.mycover-protection.com\/wp-content\/uploads\/2024\/08\/Benelli-BN125_Abdeckplane-768x1024.jpg 768w, https:\/\/www.mycover-protection.com\/wp-content\/uploads\/2024\/08\/Benelli-BN125_Abdeckplane-202x270.jpg 202w, https:\/\/www.mycover-protection.com\/wp-content\/uploads\/2024\/08\/Benelli-BN125_Abdeckplane-800x1067.jpg 800w\" sizes=\"(max-width: 821px) 100vw, 821px\" \/><figcaption class=\"wp-element-caption\">Benelli BN 125<\/figcaption><\/figure>\n<\/div>\n\n\n\n<div class=\"wp-block-cb-slide-v2 cb-slide swiper-slide\">\n<figure class=\"wp-block-image size-full\"><img decoding=\"async\" width=\"768\" height=\"1024\" src=\"https:\/\/www.mycover-protection.com\/wp-content\/uploads\/2024\/08\/Motorrad-Abdeckplane_Ducati_848-EVO_Motorrad-Abdeckung.jpg\" alt=\"Cubierta para moto_Ducati_848-EVO_Cubierta para moto\" class=\"wp-image-35994\" srcset=\"https:\/\/www.mycover-protection.com\/wp-content\/uploads\/2024\/08\/Motorrad-Abdeckplane_Ducati_848-EVO_Motorrad-Abdeckung.jpg 768w, https:\/\/www.mycover-protection.com\/wp-content\/uploads\/2024\/08\/Motorrad-Abdeckplane_Ducati_848-EVO_Motorrad-Abdeckung-225x300.jpg 225w, https:\/\/www.mycover-protection.com\/wp-content\/uploads\/2024\/08\/Motorrad-Abdeckplane_Ducati_848-EVO_Motorrad-Abdeckung-203x270.jpg 203w\" sizes=\"(max-width: 768px) 100vw, 768px\" \/><figcaption class=\"wp-element-caption\">Ducati 848 evo<\/figcaption><\/figure>\n<\/div>\n\n\n\n<div class=\"wp-block-cb-slide-v2 cb-slide swiper-slide\">\n<figure class=\"wp-block-image size-full\"><img decoding=\"async\" width=\"768\" height=\"1024\" src=\"https:\/\/www.mycover-protection.com\/wp-content\/uploads\/2024\/08\/Motorrad-Abdeckplane_Benelli_Leoncino-125_Motorrad-Abdeckung.jpg\" alt=\"Cubierta para moto_Benelli_Leoncino-125_Cubierta para moto\" class=\"wp-image-36055\" srcset=\"https:\/\/www.mycover-protection.com\/wp-content\/uploads\/2024\/08\/Motorrad-Abdeckplane_Benelli_Leoncino-125_Motorrad-Abdeckung.jpg 768w, https:\/\/www.mycover-protection.com\/wp-content\/uploads\/2024\/08\/Motorrad-Abdeckplane_Benelli_Leoncino-125_Motorrad-Abdeckung-225x300.jpg 225w, https:\/\/www.mycover-protection.com\/wp-content\/uploads\/2024\/08\/Motorrad-Abdeckplane_Benelli_Leoncino-125_Motorrad-Abdeckung-203x270.jpg 203w\" sizes=\"(max-width: 768px) 100vw, 768px\" \/><figcaption class=\"wp-element-caption\">Benelli Leoncino 125<\/figcaption><\/figure>\n<\/div>\n\n\n\n<div class=\"wp-block-cb-slide-v2 cb-slide swiper-slide\">\n<figure class=\"wp-block-image size-full\"><img decoding=\"async\" width=\"768\" height=\"1024\" src=\"https:\/\/www.mycover-protection.com\/wp-content\/uploads\/2024\/09\/Motorrad-Abdeckplane_Honda_CB-125-F-2024_Motorrad-Abdeckung.jpg\" alt=\"\" class=\"wp-image-36332\" srcset=\"https:\/\/www.mycover-protection.com\/wp-content\/uploads\/2024\/09\/Motorrad-Abdeckplane_Honda_CB-125-F-2024_Motorrad-Abdeckung.jpg 768w, https:\/\/www.mycover-protection.com\/wp-content\/uploads\/2024\/09\/Motorrad-Abdeckplane_Honda_CB-125-F-2024_Motorrad-Abdeckung-225x300.jpg 225w, https:\/\/www.mycover-protection.com\/wp-content\/uploads\/2024\/09\/Motorrad-Abdeckplane_Honda_CB-125-F-2024_Motorrad-Abdeckung-203x270.jpg 203w\" sizes=\"(max-width: 768px) 100vw, 768px\" \/><figcaption class=\"wp-element-caption\">Honda CB 125 F<\/figcaption><\/figure>\n<\/div>\n\n\n\n<div class=\"wp-block-cb-slide-v2 cb-slide swiper-slide\">\n<figure class=\"wp-block-image size-full\"><img decoding=\"async\" width=\"768\" height=\"1024\" src=\"https:\/\/www.mycover-protection.com\/wp-content\/uploads\/2024\/10\/Motorrad-Abdeckplane_KTM_390-Adventure_Motorrad-Abdeckung.jpg\" alt=\"Cubierta para moto\" class=\"wp-image-37897\" srcset=\"https:\/\/www.mycover-protection.com\/wp-content\/uploads\/2024\/10\/Motorrad-Abdeckplane_KTM_390-Adventure_Motorrad-Abdeckung.jpg 768w, https:\/\/www.mycover-protection.com\/wp-content\/uploads\/2024\/10\/Motorrad-Abdeckplane_KTM_390-Adventure_Motorrad-Abdeckung-225x300.jpg 225w, https:\/\/www.mycover-protection.com\/wp-content\/uploads\/2024\/10\/Motorrad-Abdeckplane_KTM_390-Adventure_Motorrad-Abdeckung-203x270.jpg 203w\" sizes=\"(max-width: 768px) 100vw, 768px\" \/><figcaption class=\"wp-element-caption\">KTM 390 Adventure R<\/figcaption><\/figure>\n<\/div>\n\n\n\n<div class=\"wp-block-cb-slide-v2 cb-slide swiper-slide\">\n<figure class=\"wp-block-image size-full\"><img decoding=\"async\" width=\"2560\" height=\"1920\" src=\"https:\/\/www.mycover-protection.com\/wp-content\/uploads\/2025\/10\/Kawasaki-Ninja-1000SX-scaled.jpg\" alt=\"\" class=\"wp-image-61156\" srcset=\"https:\/\/www.mycover-protection.com\/wp-content\/uploads\/2025\/10\/Kawasaki-Ninja-1000SX-scaled.jpg 2560w, https:\/\/www.mycover-protection.com\/wp-content\/uploads\/2025\/10\/Kawasaki-Ninja-1000SX-300x225.jpg 300w, https:\/\/www.mycover-protection.com\/wp-content\/uploads\/2025\/10\/Kawasaki-Ninja-1000SX-1024x768.jpg 1024w, https:\/\/www.mycover-protection.com\/wp-content\/uploads\/2025\/10\/Kawasaki-Ninja-1000SX-768x576.jpg 768w, https:\/\/www.mycover-protection.com\/wp-content\/uploads\/2025\/10\/Kawasaki-Ninja-1000SX-1536x1152.jpg 1536w, https:\/\/www.mycover-protection.com\/wp-content\/uploads\/2025\/10\/Kawasaki-Ninja-1000SX-2048x1536.jpg 2048w, https:\/\/www.mycover-protection.com\/wp-content\/uploads\/2025\/10\/Kawasaki-Ninja-1000SX-360x270.jpg 360w, https:\/\/www.mycover-protection.com\/wp-content\/uploads\/2025\/10\/Kawasaki-Ninja-1000SX-800x600.jpg 800w\" sizes=\"(max-width: 2560px) 100vw, 2560px\" \/><figcaption class=\"wp-element-caption\">Kawasaki Ninja 1000SX<\/figcaption><\/figure>\n<\/div>\n\n\n\n<div class=\"wp-block-cb-slide-v2 cb-slide swiper-slide\">\n<figure class=\"wp-block-image size-full\"><img decoding=\"async\" width=\"2560\" height=\"1920\" src=\"https:\/\/www.mycover-protection.com\/wp-content\/uploads\/2025\/10\/KTM-690-Duke-Plane-scaled.jpg\" alt=\"\" class=\"wp-image-61161\" srcset=\"https:\/\/www.mycover-protection.com\/wp-content\/uploads\/2025\/10\/KTM-690-Duke-Plane-scaled.jpg 2560w, https:\/\/www.mycover-protection.com\/wp-content\/uploads\/2025\/10\/KTM-690-Duke-Plane-300x225.jpg 300w, https:\/\/www.mycover-protection.com\/wp-content\/uploads\/2025\/10\/KTM-690-Duke-Plane-1024x768.jpg 1024w, https:\/\/www.mycover-protection.com\/wp-content\/uploads\/2025\/10\/KTM-690-Duke-Plane-768x576.jpg 768w, https:\/\/www.mycover-protection.com\/wp-content\/uploads\/2025\/10\/KTM-690-Duke-Plane-1536x1152.jpg 1536w, https:\/\/www.mycover-protection.com\/wp-content\/uploads\/2025\/10\/KTM-690-Duke-Plane-2048x1536.jpg 2048w, https:\/\/www.mycover-protection.com\/wp-content\/uploads\/2025\/10\/KTM-690-Duke-Plane-360x270.jpg 360w, https:\/\/www.mycover-protection.com\/wp-content\/uploads\/2025\/10\/KTM-690-Duke-Plane-800x600.jpg 800w\" sizes=\"(max-width: 2560px) 100vw, 2560px\" \/><figcaption class=\"wp-element-caption\">KTM 690 Duque<\/figcaption><\/figure>\n<\/div>\n\n\n\n<div class=\"wp-block-cb-slide-v2 cb-slide swiper-slide\">\n<figure class=\"wp-block-image size-full\"><img decoding=\"async\" width=\"2560\" height=\"1920\" src=\"https:\/\/www.mycover-protection.com\/wp-content\/uploads\/2025\/10\/MV-Agusta-_-F41000-Abdeckplane-scaled.jpg\" alt=\"\" class=\"wp-image-61166\" srcset=\"https:\/\/www.mycover-protection.com\/wp-content\/uploads\/2025\/10\/MV-Agusta-_-F41000-Abdeckplane-scaled.jpg 2560w, https:\/\/www.mycover-protection.com\/wp-content\/uploads\/2025\/10\/MV-Agusta-_-F41000-Abdeckplane-300x225.jpg 300w, https:\/\/www.mycover-protection.com\/wp-content\/uploads\/2025\/10\/MV-Agusta-_-F41000-Abdeckplane-1024x768.jpg 1024w, https:\/\/www.mycover-protection.com\/wp-content\/uploads\/2025\/10\/MV-Agusta-_-F41000-Abdeckplane-768x576.jpg 768w, https:\/\/www.mycover-protection.com\/wp-content\/uploads\/2025\/10\/MV-Agusta-_-F41000-Abdeckplane-1536x1152.jpg 1536w, https:\/\/www.mycover-protection.com\/wp-content\/uploads\/2025\/10\/MV-Agusta-_-F41000-Abdeckplane-2048x1536.jpg 2048w, https:\/\/www.mycover-protection.com\/wp-content\/uploads\/2025\/10\/MV-Agusta-_-F41000-Abdeckplane-360x270.jpg 360w, https:\/\/www.mycover-protection.com\/wp-content\/uploads\/2025\/10\/MV-Agusta-_-F41000-Abdeckplane-800x600.jpg 800w\" sizes=\"(max-width: 2560px) 100vw, 2560px\" \/><figcaption class=\"wp-element-caption\">MV Agusta F4 1000 S<\/figcaption><\/figure>\n<\/div>\n\n\n\n<div class=\"wp-block-cb-slide-v2 cb-slide swiper-slide\">\n<figure class=\"wp-block-image size-full\"><img decoding=\"async\" width=\"2560\" height=\"1920\" src=\"https:\/\/www.mycover-protection.com\/wp-content\/uploads\/2025\/08\/Yamaha-RD-250-1980-L-karu-ja-2-scaled.jpg\" alt=\"\" class=\"wp-image-58025\" srcset=\"https:\/\/www.mycover-protection.com\/wp-content\/uploads\/2025\/08\/Yamaha-RD-250-1980-L-karu-ja-2-scaled.jpg 2560w, https:\/\/www.mycover-protection.com\/wp-content\/uploads\/2025\/08\/Yamaha-RD-250-1980-L-karu-ja-2-300x225.jpg 300w, https:\/\/www.mycover-protection.com\/wp-content\/uploads\/2025\/08\/Yamaha-RD-250-1980-L-karu-ja-2-1024x768.jpg 1024w, https:\/\/www.mycover-protection.com\/wp-content\/uploads\/2025\/08\/Yamaha-RD-250-1980-L-karu-ja-2-768x576.jpg 768w, https:\/\/www.mycover-protection.com\/wp-content\/uploads\/2025\/08\/Yamaha-RD-250-1980-L-karu-ja-2-1536x1152.jpg 1536w, https:\/\/www.mycover-protection.com\/wp-content\/uploads\/2025\/08\/Yamaha-RD-250-1980-L-karu-ja-2-2048x1536.jpg 2048w, https:\/\/www.mycover-protection.com\/wp-content\/uploads\/2025\/08\/Yamaha-RD-250-1980-L-karu-ja-2-360x270.jpg 360w, https:\/\/www.mycover-protection.com\/wp-content\/uploads\/2025\/08\/Yamaha-RD-250-1980-L-karu-ja-2-800x600.jpg 800w\" sizes=\"(max-width: 2560px) 100vw, 2560px\" \/><figcaption class=\"wp-element-caption\">Yamaha RD 250<\/figcaption><\/figure>\n<\/div>\n\n\n\n<div class=\"wp-block-cb-slide-v2 cb-slide swiper-slide\">\n<figure class=\"wp-block-image size-full\"><img decoding=\"async\" width=\"2560\" height=\"1920\" src=\"https:\/\/www.mycover-protection.com\/wp-content\/uploads\/2025\/10\/Zontes-125-G1-Abdeckplane-scaled.jpg\" alt=\"\" class=\"wp-image-61171\" srcset=\"https:\/\/www.mycover-protection.com\/wp-content\/uploads\/2025\/10\/Zontes-125-G1-Abdeckplane-scaled.jpg 2560w, https:\/\/www.mycover-protection.com\/wp-content\/uploads\/2025\/10\/Zontes-125-G1-Abdeckplane-300x225.jpg 300w, https:\/\/www.mycover-protection.com\/wp-content\/uploads\/2025\/10\/Zontes-125-G1-Abdeckplane-1024x768.jpg 1024w, https:\/\/www.mycover-protection.com\/wp-content\/uploads\/2025\/10\/Zontes-125-G1-Abdeckplane-768x576.jpg 768w, https:\/\/www.mycover-protection.com\/wp-content\/uploads\/2025\/10\/Zontes-125-G1-Abdeckplane-1536x1152.jpg 1536w, https:\/\/www.mycover-protection.com\/wp-content\/uploads\/2025\/10\/Zontes-125-G1-Abdeckplane-2048x1536.jpg 2048w, https:\/\/www.mycover-protection.com\/wp-content\/uploads\/2025\/10\/Zontes-125-G1-Abdeckplane-360x270.jpg 360w, https:\/\/www.mycover-protection.com\/wp-content\/uploads\/2025\/10\/Zontes-125-G1-Abdeckplane-800x600.jpg 800w\" sizes=\"(max-width: 2560px) 100vw, 2560px\" \/><figcaption class=\"wp-element-caption\">Zontes 125 G1<\/figcaption><\/figure>\n<\/div>\n\n\n\n<div class=\"wp-block-cb-slide-v2 cb-slide swiper-slide\">\n<figure class=\"wp-block-image size-full\"><img decoding=\"async\" width=\"768\" height=\"1024\" src=\"https:\/\/www.mycover-protection.com\/wp-content\/uploads\/2025\/11\/Triumph-_-GSX-S-750_Abdeckplane.jpg\" alt=\"\" class=\"wp-image-62112\" srcset=\"https:\/\/www.mycover-protection.com\/wp-content\/uploads\/2025\/11\/Triumph-_-GSX-S-750_Abdeckplane.jpg 768w, https:\/\/www.mycover-protection.com\/wp-content\/uploads\/2025\/11\/Triumph-_-GSX-S-750_Abdeckplane-225x300.jpg 225w, https:\/\/www.mycover-protection.com\/wp-content\/uploads\/2025\/11\/Triumph-_-GSX-S-750_Abdeckplane-203x270.jpg 203w\" sizes=\"(max-width: 768px) 100vw, 768px\" \/><figcaption class=\"wp-element-caption\">Suzuki GSX-S 750<\/figcaption><\/figure>\n<\/div>\n\n\n\n<div class=\"wp-block-cb-slide-v2 cb-slide swiper-slide\">\n<figure class=\"wp-block-image size-full\"><img decoding=\"async\" width=\"768\" height=\"1024\" src=\"https:\/\/www.mycover-protection.com\/wp-content\/uploads\/2025\/11\/Honda-VFR-800-Abdeckplane.jpg\" alt=\"\" class=\"wp-image-62118\" srcset=\"https:\/\/www.mycover-protection.com\/wp-content\/uploads\/2025\/11\/Honda-VFR-800-Abdeckplane.jpg 768w, https:\/\/www.mycover-protection.com\/wp-content\/uploads\/2025\/11\/Honda-VFR-800-Abdeckplane-225x300.jpg 225w, https:\/\/www.mycover-protection.com\/wp-content\/uploads\/2025\/11\/Honda-VFR-800-Abdeckplane-203x270.jpg 203w\" sizes=\"(max-width: 768px) 100vw, 768px\" \/><figcaption class=\"wp-element-caption\">Honda VFR 800<\/figcaption><\/figure>\n<\/div>\n\n\n\n<div class=\"wp-block-cb-slide-v2 cb-slide swiper-slide\">\n<figure class=\"wp-block-image size-full\"><img decoding=\"async\" width=\"768\" height=\"1024\" src=\"https:\/\/www.mycover-protection.com\/wp-content\/uploads\/2025\/11\/Suzuki-GSX-S-1000-Abdeckplane.jpg\" alt=\"\" class=\"wp-image-62123\" srcset=\"https:\/\/www.mycover-protection.com\/wp-content\/uploads\/2025\/11\/Suzuki-GSX-S-1000-Abdeckplane.jpg 768w, https:\/\/www.mycover-protection.com\/wp-content\/uploads\/2025\/11\/Suzuki-GSX-S-1000-Abdeckplane-225x300.jpg 225w, https:\/\/www.mycover-protection.com\/wp-content\/uploads\/2025\/11\/Suzuki-GSX-S-1000-Abdeckplane-203x270.jpg 203w\" sizes=\"(max-width: 768px) 100vw, 768px\" \/><figcaption class=\"wp-element-caption\">Suzuki GSX-S 1000<\/figcaption><\/figure>\n<\/div>\n\n\n\n<div class=\"wp-block-cb-slide-v2 cb-slide swiper-slide\">\n<figure class=\"wp-block-image size-full\"><img decoding=\"async\" width=\"768\" height=\"1024\" src=\"https:\/\/www.mycover-protection.com\/wp-content\/uploads\/2025\/11\/Moto-Guzzi-V85-TT-Abdeckplane.jpg\" alt=\"\" class=\"wp-image-62128\" srcset=\"https:\/\/www.mycover-protection.com\/wp-content\/uploads\/2025\/11\/Moto-Guzzi-V85-TT-Abdeckplane.jpg 768w, https:\/\/www.mycover-protection.com\/wp-content\/uploads\/2025\/11\/Moto-Guzzi-V85-TT-Abdeckplane-225x300.jpg 225w, https:\/\/www.mycover-protection.com\/wp-content\/uploads\/2025\/11\/Moto-Guzzi-V85-TT-Abdeckplane-203x270.jpg 203w\" sizes=\"(max-width: 768px) 100vw, 768px\" \/><figcaption class=\"wp-element-caption\">Moto Guzzi V85 TT<\/figcaption><\/figure>\n<\/div>\n\n\n\n<div class=\"wp-block-cb-slide-v2 cb-slide swiper-slide\">\n<figure class=\"wp-block-image size-full\"><img decoding=\"async\" width=\"768\" height=\"1024\" src=\"https:\/\/www.mycover-protection.com\/wp-content\/uploads\/2025\/11\/Ducati-Streetfighter-V4-Abdeckplane.jpg\" alt=\"\" class=\"wp-image-62133\" srcset=\"https:\/\/www.mycover-protection.com\/wp-content\/uploads\/2025\/11\/Ducati-Streetfighter-V4-Abdeckplane.jpg 768w, https:\/\/www.mycover-protection.com\/wp-content\/uploads\/2025\/11\/Ducati-Streetfighter-V4-Abdeckplane-225x300.jpg 225w, https:\/\/www.mycover-protection.com\/wp-content\/uploads\/2025\/11\/Ducati-Streetfighter-V4-Abdeckplane-203x270.jpg 203w\" sizes=\"(max-width: 768px) 100vw, 768px\" \/><figcaption class=\"wp-element-caption\">Ducati Streetfighter V4<\/figcaption><\/figure>\n<\/div>\n\n\n\n<div class=\"wp-block-cb-slide-v2 cb-slide swiper-slide\">\n<figure class=\"wp-block-image size-full\"><img decoding=\"async\" width=\"768\" height=\"1024\" src=\"https:\/\/www.mycover-protection.com\/wp-content\/uploads\/2025\/11\/BMW-S-1000-XR-Abdeckplane.jpg\" alt=\"\" class=\"wp-image-62138\" srcset=\"https:\/\/www.mycover-protection.com\/wp-content\/uploads\/2025\/11\/BMW-S-1000-XR-Abdeckplane.jpg 768w, https:\/\/www.mycover-protection.com\/wp-content\/uploads\/2025\/11\/BMW-S-1000-XR-Abdeckplane-225x300.jpg 225w, https:\/\/www.mycover-protection.com\/wp-content\/uploads\/2025\/11\/BMW-S-1000-XR-Abdeckplane-203x270.jpg 203w\" sizes=\"(max-width: 768px) 100vw, 768px\" \/><figcaption class=\"wp-element-caption\">BMW S 1000 XR<\/figcaption><\/figure>\n<\/div>\n<\/div><\/div><div class=\"cb-pagination swiper-pagination\"><\/div><\/div>\n<\/div><\/div>\n\n<div class=\"wp-block-group alignfull wfa-product-mycover-outdoor-section wfa-product-mycover-outdoor-section--trust-quotes\"><div class=\"wp-block-group__inner-container is-layout-flow wp-block-group-is-layout-flow\">\n<div class=\"wp-block-cb-carousel-v2 cb-carousel-block cb-single-slide wfa-product-mycover-outdoor-section--trust-quotes__carousel\" data-cb-slides-per-view=\"1\" data-cb-slides-per-group=\"1\" data-cb-space-between=\"15\" data-cb-speed=\"200\" data-cb-navigation=\"true\" data-cb-loop=\"true\" data-cb-breakpoints=\"{&quot;768&quot;:{&quot;slidesPerView&quot;:1,&quot;slidesPerGroup&quot;:1}}\"><div class=\"swiper\"><div class=\"cb-wrapper swiper-wrapper\">\n<div class=\"wp-block-cb-slide-v2 cb-slide swiper-slide\">\n<p class=\"has-text-align-center\">\u00abEl producto no solo pareci\u00f3 de alta calidad desde el primer contacto, sino que tambi\u00e9n est\u00e1 excelentemente fabricado. Las caracter\u00edsticas ofrecidas son un verdadero punto de venta \u00fanico\u00bb. <\/p>\n\n\n\n<p class=\"has-text-align-center\">Para todos los moteros que tienen que aparcar su moto sin protecci\u00f3n, podemos recomendar esta funda sin reservas. <\/p>\n\n\n\n<p class=\"has-text-align-center\"><em>Daniel de <a href=\"https:\/\/www.valentinorossi.de\/premium-outdoor-motorrad-abdeckplane-von-mycover-im-langzeittest\/\" target=\"_blank\" rel=\"noreferrer noopener\">Bremspunkt<\/a><\/em> | Prueba de producto a largo plazo<\/p>\n<\/div>\n\n\n\n<div class=\"wp-block-cb-slide-v2 cb-slide swiper-slide\">\n<p class=\"has-text-align-center\">\u00abEn 45 a\u00f1os montando en moto, no he visto una Funda mejor\u00bb<\/p>\n\n\n\n<p class=\"has-text-align-center\"><em>Martin de CUSTOMBIKE, edici\u00f3n 02\/2025<\/em><\/p>\n<\/div>\n<\/div><\/div><div class=\"cb-button-prev swiper-button-prev\"><\/div><div class=\"cb-button-next swiper-button-next\"><\/div><\/div>\n<\/div><\/div>\n\n<div class=\"wp-block-group alignfull wfa-product-mycover-outdoor-section wfa-product-mycover-outdoor-section--trust-mentions\"><div class=\"wp-block-group__inner-container is-layout-flow wp-block-group-is-layout-flow\">\n<h2 class=\"wp-block-heading is-style-not-underlined wf-overline\"><strong>MYCOVER<\/strong> es conocido por<\/h2>\n\n\n\n<div class=\"wp-block-columns is-layout-flex wp-container-core-columns-is-layout-9d6595d7 wp-block-columns-is-layout-flex\">\n<div class=\"wp-block-column is-layout-flow wp-block-column-is-layout-flow\">\n<figure class=\"wp-block-image size-full\"><img decoding=\"async\" width=\"440\" height=\"330\" src=\"https:\/\/www.mycover-protection.com\/wp-content\/uploads\/2025\/04\/Empfehlung_MYCOVER_2024.png\" alt=\"Prueba Funda para moto\" class=\"wp-image-49964\" srcset=\"https:\/\/www.mycover-protection.com\/wp-content\/uploads\/2025\/04\/Empfehlung_MYCOVER_2024.png 440w, https:\/\/www.mycover-protection.com\/wp-content\/uploads\/2025\/04\/Empfehlung_MYCOVER_2024-300x225.png 300w, https:\/\/www.mycover-protection.com\/wp-content\/uploads\/2025\/04\/Empfehlung_MYCOVER_2024-360x270.png 360w\" sizes=\"(max-width: 440px) 100vw, 440px\" \/><\/figure>\n<\/div>\n\n\n\n<div class=\"wp-block-column is-layout-flow wp-block-column-is-layout-flow\">\n<figure class=\"wp-block-image size-full\"><img decoding=\"async\" width=\"500\" height=\"249\" src=\"https:\/\/www.mycover-protection.com\/wp-content\/uploads\/2025\/04\/CUSTOMBIKE_online_Logo.png\" alt=\"\" class=\"wp-image-52468\" srcset=\"https:\/\/www.mycover-protection.com\/wp-content\/uploads\/2025\/04\/CUSTOMBIKE_online_Logo.png 500w, https:\/\/www.mycover-protection.com\/wp-content\/uploads\/2025\/04\/CUSTOMBIKE_online_Logo-300x149.png 300w, https:\/\/www.mycover-protection.com\/wp-content\/uploads\/2025\/04\/CUSTOMBIKE_online_Logo-400x199.png 400w\" sizes=\"(max-width: 500px) 100vw, 500px\" \/><\/figure>\n<\/div>\n\n\n\n<div class=\"wp-block-column is-layout-flow wp-block-column-is-layout-flow\">\n<figure class=\"wp-block-image size-large\"><img decoding=\"async\" src=\"https:\/\/www.mycover-protection.com\/wp-content\/uploads\/2025\/12\/funda-moto-exterior-1-1024x1024.jpg\" alt=\"Funda para moto exterior\" class=\"wp-image-62889\"\/><\/figure>\n<\/div>\n<\/div>\n<\/div><\/div>\n\n<div class=\"wp-block-group alignfull wfa-product-mycover-outdoor-section wfa-product-mycover-outdoor-section--choose-size\" id=\"size-finder-section\"><div class=\"wp-block-group__inner-container is-layout-flow wp-block-group-is-layout-flow\">\n<p class=\"wf-overline\" id=\"groessenempfehlungen\">Recomendaciones para 100 fabricantes y 2500 modelos<\/p>\n\n\n\n<h2 class=\"wp-block-heading is-style-not-underlined\">MYCOVER<strong>\u00ae<\/strong> Buscador de tallas de Fundas<\/h2>\n\n\n\n<p><strong>&#8211; Tu talla en 3 clics &#8211;<\/strong><\/p>\n\n\n\n<div data-color-scheme=\"error\" class=\"wfa-component-alertbox\" data-wfa-component=\"alertbox\">\t<p><strong>Prohibido<\/strong><\/p>\n\t<p>El shortcode <code>[[wfa-component-tarpaulin-size-recommendation]]<\/code> no est\u00e1 liberado para este tipo de p\u00e1gina.\t<\/p>\n<\/div>\n\n\n<\/div><\/div>\n\n<div class=\"wp-block-group alignfull wfa-product-mycover-outdoor-section wfa-product-mycover-outdoor-section--hero wfa-product-mycover-outdoor-section--hero__mobile\"><div class=\"wp-block-group__inner-container is-layout-flow wp-block-group-is-layout-flow\">\n<p class=\"wf-overline\" id=\"all-features\">Funda para moto exclusiva para exteriores<\/p>\n\n\n\n<h2 class=\"wp-block-heading is-style-not-underlined wf-fake-h2\">Impermeable, transpirable y resistente al calor<\/h2>\n\n\n\n<p class=\"wfa-salespage-text__list-horizontal\">Hecho a mano &#8211; Resistente al desgarro &#8211; Ajuste perfecto &#8211; Se puede utilizar todo el a\u00f1o<\/p>\n\n\n\n<figure class=\"wp-block-image size-large\"><img decoding=\"async\" width=\"796\" height=\"1024\" src=\"https:\/\/www.mycover-protection.com\/wp-content\/uploads\/2021\/04\/abdeckplane-freigestellt-frontal-796x1024.png\" alt=\"Funda para moto MYCOVER\" class=\"wp-image-10728\" srcset=\"https:\/\/www.mycover-protection.com\/wp-content\/uploads\/2021\/04\/abdeckplane-freigestellt-frontal-796x1024.png 796w, https:\/\/www.mycover-protection.com\/wp-content\/uploads\/2021\/04\/abdeckplane-freigestellt-frontal-233x300.png 233w, https:\/\/www.mycover-protection.com\/wp-content\/uploads\/2021\/04\/abdeckplane-freigestellt-frontal-768x987.png 768w, https:\/\/www.mycover-protection.com\/wp-content\/uploads\/2021\/04\/abdeckplane-freigestellt-frontal-1195x1536.png 1195w, https:\/\/www.mycover-protection.com\/wp-content\/uploads\/2021\/04\/abdeckplane-freigestellt-frontal-1593x2048.png 1593w, https:\/\/www.mycover-protection.com\/wp-content\/uploads\/2021\/04\/abdeckplane-freigestellt-frontal-210x270.png 210w, https:\/\/www.mycover-protection.com\/wp-content\/uploads\/2021\/04\/abdeckplane-freigestellt-frontal-800x1029.png 800w\" sizes=\"(max-width: 796px) 100vw, 796px\" \/><\/figure>\n<\/div><\/div>\n\n<div class=\"wp-block-group alignfull wfa-product-mycover-outdoor-section wfa-product-mycover-outdoor-section--hero__mobile__pitch\"><div class=\"wp-block-group__inner-container is-layout-flow wp-block-group-is-layout-flow\">\n<p><strong>Selecci\u00f3n r\u00e1pida y f\u00e1cil de la talla<\/strong><\/p>\n\n\n\n<ul class=\"wp-block-list wf-list-default\">\n<li>Recomendaciones de tama\u00f1o para m\u00e1s de 2500 modelos<\/li>\n\n\n\n<li>M\u00e1s de 30 tallas intermedias para todo tipo de motos<\/li>\n<\/ul>\n\n\n\n<div class=\"wp-block-buttons is-vertical is-layout-flex wp-container-core-buttons-is-layout-8cf370e7 wp-block-buttons-is-layout-flex\">\n<div class=\"wp-block-button\"><a class=\"wp-block-button__link wp-element-button\" href=\"#groessenempfehlungen\">Directamente a la recomendaci\u00f3n de tama\u00f1o<\/a><\/div>\n<\/div>\n<\/div><\/div>\n\n<div class=\"wp-block-group alignfull wfa-product-mycover-outdoor-section wfa-product-mycover-outdoor-section--video-reviews\" id=\"was-andere-sagen\"><div class=\"wp-block-group__inner-container is-layout-flow wp-block-group-is-layout-flow\">\n<p class=\"wf-overline\">Calidad superior sin concesiones<\/p>\n\n\n\n<h2 class=\"wp-block-heading is-style-not-underlined\">Como otros miles de Motociclistas, deposita tu confianza en MYCOVER\u00ae<\/h2>\n\n\n\n<div class=\"wp-block-columns is-layout-flex wp-container-core-columns-is-layout-9d6595d7 wp-block-columns-is-layout-flex\">\n<div class=\"wp-block-column is-layout-flow wp-block-column-is-layout-flow\">\n<figure class=\"wp-block-video wfa-block-video__lazy\"><video height=\"720\" style=\"aspect-ratio: 1280 \/ 720;\" width=\"1280\" loop=\"\" muted=\"\" src=\"https:\/\/www.mycover-protection.com\/wp-content\/uploads\/2022\/08\/Kratzerfest-720p-Youtube.mp4\" playsinline=\"\"><\/video><\/figure>\n<\/div>\n\n\n\n<div class=\"wp-block-column is-vertically-aligned-center is-layout-flow wp-block-column-is-layout-flow\">\n<div data-color-scheme=\"error\" class=\"wfa-component-alertbox\" data-wfa-component=\"alertbox\">\t<p><strong>Prohibido<\/strong><\/p>\n\t<p>El shortcode <code>[[wfa-review]]<\/code> no est\u00e1 liberado para este tipo de p\u00e1gina.\t<\/p>\n<\/div>\n\n\n<\/div>\n<\/div>\n\n\n\n<div class=\"wp-block-columns is-layout-flex wp-container-core-columns-is-layout-9d6595d7 wp-block-columns-is-layout-flex\">\n<div class=\"wp-block-column is-layout-flow wp-block-column-is-layout-flow\">\n<figure class=\"wp-block-video wfa-block-video__lazy\"><video height=\"360\" style=\"aspect-ratio: 640 \/ 360;\" width=\"640\" loop=\"\" muted=\"\" src=\"https:\/\/www.mycover-protection.com\/wp-content\/uploads\/2022\/08\/Wasserfest-520p-Youtube.mp4\" playsinline=\"\"><\/video><\/figure>\n<\/div>\n\n\n\n<div class=\"wp-block-column is-vertically-aligned-center is-layout-flow wp-block-column-is-layout-flow\">\n<div data-color-scheme=\"error\" class=\"wfa-component-alertbox\" data-wfa-component=\"alertbox\">\t<p><strong>Prohibido<\/strong><\/p>\n\t<p>El shortcode <code>[[wfa-review]]<\/code> no est\u00e1 liberado para este tipo de p\u00e1gina.\t<\/p>\n<\/div>\n\n\n<\/div>\n<\/div>\n<\/div><\/div>\n\n<div class=\"wp-block-group alignfull wfa-product-mycover-outdoor-section wfa-product-mycover-outdoor-section--story\" id=\"unsere-vision\"><div class=\"wp-block-group__inner-container is-layout-flow wp-block-group-is-layout-flow\">\n<p class=\"wf-overline\">\u00bfPor qu\u00e9 MYCOVER\u00ae?<\/p>\n\n\n\n<h2 class=\"wp-block-heading is-style-not-underlined\">Desarrollado por Motociclistas para Motociclistas<\/h2>\n\n\n\n<div class=\"wp-block-columns are-vertically-aligned-center is-layout-flex wp-container-core-columns-is-layout-9d6595d7 wp-block-columns-is-layout-flex\">\n<div class=\"wp-block-column is-vertically-aligned-center is-layout-flow wp-block-column-is-layout-flow\">\n<figure class=\"wp-block-image size-full\"><img decoding=\"async\" width=\"2560\" height=\"1685\" src=\"https:\/\/www.mycover-protection.com\/wp-content\/uploads\/2019\/12\/Motorradplane-Outdoor-wasserdicht-scaled.jpg\" alt=\"Funda para moto impermeable\" class=\"wp-image-60663\" srcset=\"https:\/\/www.mycover-protection.com\/wp-content\/uploads\/2019\/12\/Motorradplane-Outdoor-wasserdicht-scaled.jpg 2560w, https:\/\/www.mycover-protection.com\/wp-content\/uploads\/2019\/12\/Motorradplane-Outdoor-wasserdicht-300x198.jpg 300w, https:\/\/www.mycover-protection.com\/wp-content\/uploads\/2019\/12\/Motorradplane-Outdoor-wasserdicht-1024x674.jpg 1024w, https:\/\/www.mycover-protection.com\/wp-content\/uploads\/2019\/12\/Motorradplane-Outdoor-wasserdicht-768x506.jpg 768w, https:\/\/www.mycover-protection.com\/wp-content\/uploads\/2019\/12\/Motorradplane-Outdoor-wasserdicht-1536x1011.jpg 1536w, https:\/\/www.mycover-protection.com\/wp-content\/uploads\/2019\/12\/Motorradplane-Outdoor-wasserdicht-2048x1348.jpg 2048w, https:\/\/www.mycover-protection.com\/wp-content\/uploads\/2019\/12\/Motorradplane-Outdoor-wasserdicht-400x263.jpg 400w, https:\/\/www.mycover-protection.com\/wp-content\/uploads\/2019\/12\/Motorradplane-Outdoor-wasserdicht-800x527.jpg 800w\" sizes=\"(max-width: 2560px) 100vw, 2560px\" \/><figcaption class=\"wp-element-caption\">Constantin, fundador de MYCOVER\u00ae<\/figcaption><\/figure>\n<\/div>\n\n\n\n<div class=\"wp-block-column is-vertically-aligned-center is-layout-flow wp-block-column-is-layout-flow\">\n<p>En 2018, hartos de las lonas de moto que se romp\u00edan constantemente, surgi\u00f3 la idea de desarrollar LA lona de protecci\u00f3n pr\u00e9mium para nuestra propia moto.<\/p>\n\n\n\n<p>Hoy, junto con nuestra comunidad Moto, desarrollamos Fundas para moto personalizadas para todas las marcas y modelos.<\/p>\n<\/div>\n<\/div>\n<\/div><\/div>\n\n<div class=\"wp-block-group alignfull wfa-product-mycover-outdoor-section wfa-product-mycover-outdoor-section--partners\"><div class=\"wp-block-group__inner-container is-layout-flow wp-block-group-is-layout-flow\">\n<h2 class=\"wp-block-heading is-style-not-underlined wf-overline\">Nuestros socios<\/h2>\n\n\n\n<div class=\"wp-block-columns is-layout-flex wp-container-core-columns-is-layout-9d6595d7 wp-block-columns-is-layout-flex\">\n<div class=\"wp-block-column is-layout-flow wp-block-column-is-layout-flow\">\n<figure class=\"wp-block-image size-large\"><img decoding=\"async\" width=\"1024\" height=\"410\" src=\"https:\/\/www.mycover-protection.com\/wp-content\/uploads\/2022\/08\/logo-abus-1024x410.png\" alt=\"\" class=\"wp-image-19257\" srcset=\"https:\/\/www.mycover-protection.com\/wp-content\/uploads\/2022\/08\/logo-abus-1024x410.png 1024w, https:\/\/www.mycover-protection.com\/wp-content\/uploads\/2022\/08\/logo-abus-300x120.png 300w, https:\/\/www.mycover-protection.com\/wp-content\/uploads\/2022\/08\/logo-abus-768x308.png 768w, https:\/\/www.mycover-protection.com\/wp-content\/uploads\/2022\/08\/logo-abus-400x160.png 400w, https:\/\/www.mycover-protection.com\/wp-content\/uploads\/2022\/08\/logo-abus-800x321.png 800w, https:\/\/www.mycover-protection.com\/wp-content\/uploads\/2022\/08\/logo-abus.png 1248w\" sizes=\"(max-width: 1024px) 100vw, 1024px\" \/><\/figure>\n<\/div>\n\n\n\n<div class=\"wp-block-column is-layout-flow wp-block-column-is-layout-flow\">\n<figure class=\"wp-block-image size-full\"><img decoding=\"async\" width=\"200\" height=\"79\" src=\"https:\/\/www.mycover-protection.com\/wp-content\/uploads\/2022\/08\/logo-big-point.png\" alt=\"\" class=\"wp-image-19260\"\/><\/figure>\n<\/div>\n\n\n\n<div class=\"wp-block-column is-layout-flow wp-block-column-is-layout-flow\">\n<figure class=\"wp-block-image size-large\"><img decoding=\"async\" width=\"1024\" height=\"300\" src=\"https:\/\/www.mycover-protection.com\/wp-content\/uploads\/2022\/08\/logo-beinlich-racingteam-1024x300.png\" alt=\"\" class=\"wp-image-19263\" srcset=\"https:\/\/www.mycover-protection.com\/wp-content\/uploads\/2022\/08\/logo-beinlich-racingteam-1024x300.png 1024w, https:\/\/www.mycover-protection.com\/wp-content\/uploads\/2022\/08\/logo-beinlich-racingteam-300x88.png 300w, https:\/\/www.mycover-protection.com\/wp-content\/uploads\/2022\/08\/logo-beinlich-racingteam-768x225.png 768w, https:\/\/www.mycover-protection.com\/wp-content\/uploads\/2022\/08\/logo-beinlich-racingteam-400x117.png 400w, https:\/\/www.mycover-protection.com\/wp-content\/uploads\/2022\/08\/logo-beinlich-racingteam-800x234.png 800w, https:\/\/www.mycover-protection.com\/wp-content\/uploads\/2022\/08\/logo-beinlich-racingteam.png 1366w\" sizes=\"(max-width: 1024px) 100vw, 1024px\" \/><\/figure>\n<\/div>\n\n\n\n<div class=\"wp-block-column is-layout-flow wp-block-column-is-layout-flow\">\n<figure class=\"wp-block-image size-full\"><img decoding=\"async\" width=\"218\" height=\"60\" src=\"https:\/\/www.mycover-protection.com\/wp-content\/uploads\/2022\/08\/logo-rsi-performance.png\" alt=\"\" class=\"wp-image-19266\"\/><\/figure>\n<\/div>\n\n\n\n<div class=\"wp-block-column is-layout-flow wp-block-column-is-layout-flow\">\n<figure class=\"wp-block-image size-large\"><img decoding=\"async\" width=\"1024\" height=\"300\" src=\"https:\/\/www.mycover-protection.com\/wp-content\/uploads\/2022\/08\/logo-biker-fahren-fuer-kinder-1024x300.png\" alt=\"\" class=\"wp-image-19269\" srcset=\"https:\/\/www.mycover-protection.com\/wp-content\/uploads\/2022\/08\/logo-biker-fahren-fuer-kinder-1024x300.png 1024w, https:\/\/www.mycover-protection.com\/wp-content\/uploads\/2022\/08\/logo-biker-fahren-fuer-kinder-300x88.png 300w, https:\/\/www.mycover-protection.com\/wp-content\/uploads\/2022\/08\/logo-biker-fahren-fuer-kinder-768x225.png 768w, https:\/\/www.mycover-protection.com\/wp-content\/uploads\/2022\/08\/logo-biker-fahren-fuer-kinder-400x117.png 400w, https:\/\/www.mycover-protection.com\/wp-content\/uploads\/2022\/08\/logo-biker-fahren-fuer-kinder-800x234.png 800w, https:\/\/www.mycover-protection.com\/wp-content\/uploads\/2022\/08\/logo-biker-fahren-fuer-kinder.png 1366w\" sizes=\"(max-width: 1024px) 100vw, 1024px\" \/><\/figure>\n<\/div>\n\n\n\n<div class=\"wp-block-column is-layout-flow wp-block-column-is-layout-flow\">\n<figure class=\"wp-block-image size-large\"><img decoding=\"async\" width=\"1024\" height=\"191\" src=\"https:\/\/www.mycover-protection.com\/wp-content\/uploads\/2022\/08\/Kawasaki-Hmaburg-1024x191.png\" alt=\"\" class=\"wp-image-19652\" srcset=\"https:\/\/www.mycover-protection.com\/wp-content\/uploads\/2022\/08\/Kawasaki-Hmaburg-1024x191.png 1024w, https:\/\/www.mycover-protection.com\/wp-content\/uploads\/2022\/08\/Kawasaki-Hmaburg-300x56.png 300w, https:\/\/www.mycover-protection.com\/wp-content\/uploads\/2022\/08\/Kawasaki-Hmaburg-768x143.png 768w, https:\/\/www.mycover-protection.com\/wp-content\/uploads\/2022\/08\/Kawasaki-Hmaburg-400x74.png 400w, https:\/\/www.mycover-protection.com\/wp-content\/uploads\/2022\/08\/Kawasaki-Hmaburg-800x149.png 800w, https:\/\/www.mycover-protection.com\/wp-content\/uploads\/2022\/08\/Kawasaki-Hmaburg.png 1300w\" sizes=\"(max-width: 1024px) 100vw, 1024px\" \/><\/figure>\n<\/div>\n<\/div>\n<\/div><\/div>\n\n<div class=\"wp-block-group alignfull wfa-product-mycover-outdoor-section wfa-product-mycover-outdoor-section--pain-points\"><div class=\"wp-block-group__inner-container is-layout-flow wp-block-group-is-layout-flow\">\n<p class=\"wf-overline\" id=\"probleme\">\u00bfLo sab\u00edas?<\/p>\n\n\n\n<h2 class=\"wp-block-heading is-style-not-underlined\">Apenas comprado, \u00a1ya se ha vuelto a romper!<\/h2>\n\n\n\n<p class=\"wfa-salespage-text__list-horizontal\">Grietas, \u00f3xido y taller: Fundas para moto de calidad inferior significan nuevas compras constantes y p\u00e9rdida de valor para tu moto.<\/p>\n\n\n\n<div class=\"wp-block-cb-carousel-v2 cb-carousel-block cb-single-slide\" data-cb-slides-per-view=\"1\" data-cb-slides-per-group=\"1\" data-cb-space-between=\"15\" data-cb-speed=\"200\" data-cb-navigation=\"true\" data-cb-pagination=\"true\" data-cb-loop=\"true\" data-cb-breakpoints=\"{&quot;768&quot;:{&quot;slidesPerView&quot;:1,&quot;slidesPerGroup&quot;:1}}\"><div class=\"swiper\"><div class=\"cb-wrapper swiper-wrapper\">\n<div class=\"wp-block-cb-slide-v2 cb-slide swiper-slide\">\n<figure class=\"wp-block-image size-large\"><img decoding=\"async\" width=\"1024\" height=\"834\" src=\"https:\/\/www.mycover-protection.com\/wp-content\/uploads\/2022\/08\/outdoor-abdeckplane-probleme-materialbruch-1024x834.jpg\" alt=\"Funda para moto rota\" class=\"wp-image-19245\" srcset=\"https:\/\/www.mycover-protection.com\/wp-content\/uploads\/2022\/08\/outdoor-abdeckplane-probleme-materialbruch-1024x834.jpg 1024w, https:\/\/www.mycover-protection.com\/wp-content\/uploads\/2022\/08\/outdoor-abdeckplane-probleme-materialbruch-300x244.jpg 300w, https:\/\/www.mycover-protection.com\/wp-content\/uploads\/2022\/08\/outdoor-abdeckplane-probleme-materialbruch-768x626.jpg 768w, https:\/\/www.mycover-protection.com\/wp-content\/uploads\/2022\/08\/outdoor-abdeckplane-probleme-materialbruch-331x270.jpg 331w, https:\/\/www.mycover-protection.com\/wp-content\/uploads\/2022\/08\/outdoor-abdeckplane-probleme-materialbruch-800x652.jpg 800w, https:\/\/www.mycover-protection.com\/wp-content\/uploads\/2022\/08\/outdoor-abdeckplane-probleme-materialbruch.jpg 1426w\" sizes=\"(max-width: 1024px) 100vw, 1024px\" \/><\/figure>\n\n\n\n<p><strong>Rotura del material<\/strong> por heladas y da\u00f1os causados por los rayos UV. Rotura de las costuras por mala fabricaci\u00f3n y material de calidad inferior.   <\/p>\n<\/div>\n\n\n\n<div class=\"wp-block-cb-slide-v2 cb-slide swiper-slide\">\n<figure class=\"wp-block-image size-large\"><img decoding=\"async\" width=\"1024\" height=\"834\" src=\"https:\/\/www.mycover-protection.com\/wp-content\/uploads\/2022\/08\/outdoor-abdeckplane-probleme-schlechte-passform-1024x834.jpg\" alt=\"Cubierta para moto viento\" class=\"wp-image-19248\" srcset=\"https:\/\/www.mycover-protection.com\/wp-content\/uploads\/2022\/08\/outdoor-abdeckplane-probleme-schlechte-passform-1024x834.jpg 1024w, https:\/\/www.mycover-protection.com\/wp-content\/uploads\/2022\/08\/outdoor-abdeckplane-probleme-schlechte-passform-300x244.jpg 300w, https:\/\/www.mycover-protection.com\/wp-content\/uploads\/2022\/08\/outdoor-abdeckplane-probleme-schlechte-passform-768x626.jpg 768w, https:\/\/www.mycover-protection.com\/wp-content\/uploads\/2022\/08\/outdoor-abdeckplane-probleme-schlechte-passform-331x270.jpg 331w, https:\/\/www.mycover-protection.com\/wp-content\/uploads\/2022\/08\/outdoor-abdeckplane-probleme-schlechte-passform-800x652.jpg 800w, https:\/\/www.mycover-protection.com\/wp-content\/uploads\/2022\/08\/outdoor-abdeckplane-probleme-schlechte-passform.jpg 1426w\" sizes=\"(max-width: 1024px) 100vw, 1024px\" \/><\/figure>\n\n\n\n<p><strong>Se ajusta mal<\/strong>, se apoya en el suelo h\u00famedo y aletea con fuerza con el viento. <em>Precauci\u00f3n: \u00a1Peligro de caerse!<\/em><\/p>\n<\/div>\n\n\n\n<div class=\"wp-block-cb-slide-v2 cb-slide swiper-slide\">\n<figure class=\"wp-block-image size-large\"><img decoding=\"async\" width=\"1024\" height=\"834\" src=\"https:\/\/www.mycover-protection.com\/wp-content\/uploads\/2022\/08\/outdoor-abdeckplane-probleme-hinten-aufgeschnitten-1024x834.jpg\" alt=\"Cubierta para moto exterior\" class=\"wp-image-19251\" srcset=\"https:\/\/www.mycover-protection.com\/wp-content\/uploads\/2022\/08\/outdoor-abdeckplane-probleme-hinten-aufgeschnitten-1024x834.jpg 1024w, https:\/\/www.mycover-protection.com\/wp-content\/uploads\/2022\/08\/outdoor-abdeckplane-probleme-hinten-aufgeschnitten-300x244.jpg 300w, https:\/\/www.mycover-protection.com\/wp-content\/uploads\/2022\/08\/outdoor-abdeckplane-probleme-hinten-aufgeschnitten-768x626.jpg 768w, https:\/\/www.mycover-protection.com\/wp-content\/uploads\/2022\/08\/outdoor-abdeckplane-probleme-hinten-aufgeschnitten-331x270.jpg 331w, https:\/\/www.mycover-protection.com\/wp-content\/uploads\/2022\/08\/outdoor-abdeckplane-probleme-hinten-aufgeschnitten-800x652.jpg 800w, https:\/\/www.mycover-protection.com\/wp-content\/uploads\/2022\/08\/outdoor-abdeckplane-probleme-hinten-aufgeschnitten.jpg 1426w\" sizes=\"(max-width: 1024px) 100vw, 1024px\" \/><\/figure>\n\n\n\n<p><strong>Electr\u00f3nica defectuosa<\/strong>, incluidos los componentes relevantes para la seguridad. Adem\u00e1s, \u00f3xido y moho debido a la humedad estancada. <\/p>\n<\/div>\n\n\n\n<div class=\"wp-block-cb-slide-v2 cb-slide swiper-slide\">\n<figure class=\"wp-block-image size-large\"><img decoding=\"async\" width=\"1024\" height=\"834\" src=\"https:\/\/www.mycover-protection.com\/wp-content\/uploads\/2022\/08\/outdoor-abdeckplane-probleme-regenplane-1024x834.jpg\" alt=\"Funda para moto no resistente al invierno\" class=\"wp-image-19254\" srcset=\"https:\/\/www.mycover-protection.com\/wp-content\/uploads\/2022\/08\/outdoor-abdeckplane-probleme-regenplane-1024x834.jpg 1024w, https:\/\/www.mycover-protection.com\/wp-content\/uploads\/2022\/08\/outdoor-abdeckplane-probleme-regenplane-300x244.jpg 300w, https:\/\/www.mycover-protection.com\/wp-content\/uploads\/2022\/08\/outdoor-abdeckplane-probleme-regenplane-768x626.jpg 768w, https:\/\/www.mycover-protection.com\/wp-content\/uploads\/2022\/08\/outdoor-abdeckplane-probleme-regenplane-331x270.jpg 331w, https:\/\/www.mycover-protection.com\/wp-content\/uploads\/2022\/08\/outdoor-abdeckplane-probleme-regenplane-800x652.jpg 800w, https:\/\/www.mycover-protection.com\/wp-content\/uploads\/2022\/08\/outdoor-abdeckplane-probleme-regenplane.jpg 1426w\" sizes=\"(max-width: 1024px) 100vw, 1024px\" \/><\/figure>\n\n\n\n<p><strong>Simple lona impermeable<\/strong>, ni ce\u00f1ida ni transpirable. Definitivamente, no es adecuada para su uso en exteriores. <\/p>\n<\/div>\n<\/div><\/div><div class=\"cb-pagination swiper-pagination\"><\/div><div class=\"cb-button-prev swiper-button-prev\"><\/div><div class=\"cb-button-next swiper-button-next\"><\/div><\/div>\n<\/div><\/div>\n\n<div class=\"wp-block-group alignfull wfa-product-mycover-outdoor-section wfa-product-mycover-outdoor-section--features\" id=\"funktionen\"><div class=\"wp-block-group__inner-container is-layout-flow wp-block-group-is-layout-flow\">\n<p class=\"wf-overline\">\u00a1Sin compromisos para tu moto!<\/p>\n\n\n\n<h2 class=\"wp-block-heading is-style-not-underlined\">Opta por una protecci\u00f3n exclusiva para motos de exterior<\/h2>\n\n\n\n<p>\u00a1Nuestras motos se merecen una verdadera protecci\u00f3n a largo plazo para exteriores! Por eso hemos combinado material especial para exteriores con nuestras mejores funciones: <\/p>\n\n\n\n<div class=\"wp-block-columns are-vertically-aligned-center is-layout-flex wp-container-core-columns-is-layout-9d6595d7 wp-block-columns-is-layout-flex\">\n<div class=\"wp-block-column is-vertically-aligned-center is-layout-flow wp-block-column-is-layout-flow\">\n<figure class=\"wp-block-image size-full\"><img decoding=\"async\" width=\"1002\" height=\"477\" src=\"https:\/\/www.mycover-protection.com\/wp-content\/uploads\/2022\/08\/wasserfest.jpg\" alt=\"Funda para moto impermeable\" class=\"wp-image-19242\" srcset=\"https:\/\/www.mycover-protection.com\/wp-content\/uploads\/2022\/08\/wasserfest.jpg 1002w, https:\/\/www.mycover-protection.com\/wp-content\/uploads\/2022\/08\/wasserfest-300x143.jpg 300w, https:\/\/www.mycover-protection.com\/wp-content\/uploads\/2022\/08\/wasserfest-768x366.jpg 768w, https:\/\/www.mycover-protection.com\/wp-content\/uploads\/2022\/08\/wasserfest-400x190.jpg 400w, https:\/\/www.mycover-protection.com\/wp-content\/uploads\/2022\/08\/wasserfest-800x381.jpg 800w\" sizes=\"(max-width: 1002px) 100vw, 1002px\" \/><\/figure>\n<\/div>\n\n\n\n<div class=\"wp-block-column is-vertically-aligned-center is-layout-flow wp-block-column-is-layout-flow\">\n<h3 class=\"wp-block-heading is-style-default\">Funda para moto impermeable<\/h3>\n\n\n\n<ul class=\"wp-block-list wf-list-default\">\n<li><strong>Material exclusivo para exteriores<\/strong><br\/>Impermeable y transpirable para conservar el m\u00e1ximo valor<\/li>\n\n\n\n<li><strong>Fuerte protecci\u00f3n para todo tipo de clima<\/strong><br\/>Resistente a los rayos UV y a la intemperie con doble nanorrevestimiento<\/li>\n<\/ul>\n<\/div>\n<\/div>\n\n\n\n<div class=\"wp-block-columns are-vertically-aligned-center is-layout-flex wp-container-core-columns-is-layout-9d6595d7 wp-block-columns-is-layout-flex\">\n<div class=\"wp-block-column is-vertically-aligned-center is-layout-flow wp-block-column-is-layout-flow\">\n<figure class=\"wp-block-image size-full\"><img decoding=\"async\" width=\"1000\" height=\"476\" src=\"https:\/\/www.mycover-protection.com\/wp-content\/uploads\/2022\/08\/outdoor-abdeckplane-feature-doppelnaehte.jpg\" alt=\"Cubierta para moto material resistente\" class=\"wp-image-19239\" srcset=\"https:\/\/www.mycover-protection.com\/wp-content\/uploads\/2022\/08\/outdoor-abdeckplane-feature-doppelnaehte.jpg 1000w, https:\/\/www.mycover-protection.com\/wp-content\/uploads\/2022\/08\/outdoor-abdeckplane-feature-doppelnaehte-300x143.jpg 300w, https:\/\/www.mycover-protection.com\/wp-content\/uploads\/2022\/08\/outdoor-abdeckplane-feature-doppelnaehte-768x366.jpg 768w, https:\/\/www.mycover-protection.com\/wp-content\/uploads\/2022\/08\/outdoor-abdeckplane-feature-doppelnaehte-400x190.jpg 400w, https:\/\/www.mycover-protection.com\/wp-content\/uploads\/2022\/08\/outdoor-abdeckplane-feature-doppelnaehte-800x381.jpg 800w\" sizes=\"(max-width: 1000px) 100vw, 1000px\" \/><\/figure>\n<\/div>\n\n\n\n<div class=\"wp-block-column is-vertically-aligned-center is-layout-flow wp-block-column-is-layout-flow\">\n<h3 class=\"wp-block-heading\">Cubierta para moto de exterior duradera<\/h3>\n\n\n\n<ul class=\"wp-block-list wf-list-default\">\n<li><strong>100% resistente<\/strong><br\/>Material 300D resistente a ara\u00f1azos y desgarros con costuras dobles extra reforzadas<\/li>\n\n\n\n<li><strong>Hecho a mano y cosido<\/strong><br\/>Por empleados experimentados para conservar el valor a largo plazo<\/li>\n<\/ul>\n<\/div>\n<\/div>\n\n\n\n<div class=\"wp-block-columns are-vertically-aligned-center is-layout-flex wp-container-core-columns-is-layout-9d6595d7 wp-block-columns-is-layout-flex\">\n<div class=\"wp-block-column is-vertically-aligned-center is-layout-flow wp-block-column-is-layout-flow\">\n<figure class=\"wp-block-image size-full\"><img decoding=\"async\" width=\"1000\" height=\"476\" src=\"https:\/\/www.mycover-protection.com\/wp-content\/uploads\/2022\/08\/outdoor-abdeckplane-feature-elastischer-saum.jpg\" alt=\"Cubierta para moto forro interior blando\" class=\"wp-image-19236\" srcset=\"https:\/\/www.mycover-protection.com\/wp-content\/uploads\/2022\/08\/outdoor-abdeckplane-feature-elastischer-saum.jpg 1000w, https:\/\/www.mycover-protection.com\/wp-content\/uploads\/2022\/08\/outdoor-abdeckplane-feature-elastischer-saum-300x143.jpg 300w, https:\/\/www.mycover-protection.com\/wp-content\/uploads\/2022\/08\/outdoor-abdeckplane-feature-elastischer-saum-768x366.jpg 768w, https:\/\/www.mycover-protection.com\/wp-content\/uploads\/2022\/08\/outdoor-abdeckplane-feature-elastischer-saum-400x190.jpg 400w, https:\/\/www.mycover-protection.com\/wp-content\/uploads\/2022\/08\/outdoor-abdeckplane-feature-elastischer-saum-800x381.jpg 800w\" sizes=\"(max-width: 1000px) 100vw, 1000px\" \/><\/figure>\n<\/div>\n\n\n\n<div class=\"wp-block-column is-vertically-aligned-center is-layout-flow wp-block-column-is-layout-flow\">\n<h3 class=\"wp-block-heading\">Ajuste perfecto y suave con la pintura<\/h3>\n\n\n\n<ul class=\"wp-block-list wf-list-default\">\n<li><strong>Ajuste \u00f3ptimo<\/strong><br\/>No se descuelga gracias a las tallas de ajuste perfecto con dobladillo el\u00e1stico<\/li>\n\n\n\n<li><strong>Protege la pintura permanentemente<\/strong><br\/>Protecci\u00f3n especial contra ara\u00f1azos con vell\u00f3n interior extra suave<\/li>\n<\/ul>\n<\/div>\n<\/div>\n\n\n\n<div class=\"wp-block-columns are-vertically-aligned-center is-layout-flex wp-container-core-columns-is-layout-9d6595d7 wp-block-columns-is-layout-flex\">\n<div class=\"wp-block-column is-vertically-aligned-center is-layout-flow wp-block-column-is-layout-flow\">\n<figure class=\"wp-block-image size-full\"><img decoding=\"async\" width=\"1000\" height=\"476\" src=\"https:\/\/www.mycover-protection.com\/wp-content\/uploads\/2022\/08\/outdoor-abdeckplane-feature-hitzeschutz.jpg\" alt=\"Funda para moto protecci&#xF3;n t&#xE9;rmica\" class=\"wp-image-19233\" srcset=\"https:\/\/www.mycover-protection.com\/wp-content\/uploads\/2022\/08\/outdoor-abdeckplane-feature-hitzeschutz.jpg 1000w, https:\/\/www.mycover-protection.com\/wp-content\/uploads\/2022\/08\/outdoor-abdeckplane-feature-hitzeschutz-300x143.jpg 300w, https:\/\/www.mycover-protection.com\/wp-content\/uploads\/2022\/08\/outdoor-abdeckplane-feature-hitzeschutz-768x366.jpg 768w, https:\/\/www.mycover-protection.com\/wp-content\/uploads\/2022\/08\/outdoor-abdeckplane-feature-hitzeschutz-400x190.jpg 400w, https:\/\/www.mycover-protection.com\/wp-content\/uploads\/2022\/08\/outdoor-abdeckplane-feature-hitzeschutz-800x381.jpg 800w\" sizes=\"(max-width: 1000px) 100vw, 1000px\" \/><\/figure>\n<\/div>\n\n\n\n<div class=\"wp-block-column is-vertically-aligned-center is-layout-flow wp-block-column-is-layout-flow\">\n<h3 class=\"wp-block-heading\">Funda para moto resistente al calor<\/h3>\n\n\n\n<ul class=\"wp-block-list wf-list-default\">\n<li><strong><strong>Material adicional de protecci\u00f3n contra el calor<\/strong><\/strong><br\/>Minimiza el riesgo de da\u00f1os por calor (hasta aprox. 200\u00b0C)  <\/li>\n\n\n\n<li><strong><strong><strong>Protege tu escape<\/strong><\/strong><\/strong><br\/>En la zona inferior del colector hasta el escape<\/li>\n<\/ul>\n<\/div>\n<\/div>\n\n\n\n<div class=\"wp-block-columns are-vertically-aligned-center is-layout-flex wp-container-core-columns-is-layout-9d6595d7 wp-block-columns-is-layout-flex\">\n<div class=\"wp-block-column is-vertically-aligned-center is-layout-flow wp-block-column-is-layout-flow\">\n<figure class=\"wp-block-image size-full\"><img decoding=\"async\" width=\"1000\" height=\"476\" src=\"https:\/\/www.mycover-protection.com\/wp-content\/uploads\/2022\/08\/outdoor-abdeckplane-feature-belueftungszonen.jpg\" alt=\"Cubierta para moto transpirable\" class=\"wp-image-19230\" srcset=\"https:\/\/www.mycover-protection.com\/wp-content\/uploads\/2022\/08\/outdoor-abdeckplane-feature-belueftungszonen.jpg 1000w, https:\/\/www.mycover-protection.com\/wp-content\/uploads\/2022\/08\/outdoor-abdeckplane-feature-belueftungszonen-300x143.jpg 300w, https:\/\/www.mycover-protection.com\/wp-content\/uploads\/2022\/08\/outdoor-abdeckplane-feature-belueftungszonen-768x366.jpg 768w, https:\/\/www.mycover-protection.com\/wp-content\/uploads\/2022\/08\/outdoor-abdeckplane-feature-belueftungszonen-400x190.jpg 400w, https:\/\/www.mycover-protection.com\/wp-content\/uploads\/2022\/08\/outdoor-abdeckplane-feature-belueftungszonen-800x381.jpg 800w\" sizes=\"(max-width: 1000px) 100vw, 1000px\" \/><\/figure>\n<\/div>\n\n\n\n<div class=\"wp-block-column is-vertically-aligned-center is-layout-flow wp-block-column-is-layout-flow\">\n<h3 class=\"wp-block-heading\">Cubierta para moto transpirable<\/h3>\n\n\n\n<ul class=\"wp-block-list wf-list-default\">\n<li><strong><strong><strong>Doble zona de ventilaci\u00f3n<\/strong><\/strong><\/strong><br\/>A la altura de los espejos exteriores para permitir que la humedad salga eficazmente  <\/li>\n\n\n\n<li><strong>Circulaci\u00f3n \u00f3ptima del aire<br\/><\/strong>Evita el encharcamiento y ayuda a prevenir la oxidaci\u00f3n<\/li>\n<\/ul>\n<\/div>\n<\/div>\n\n\n\n<div class=\"wp-block-columns are-vertically-aligned-center is-layout-flex wp-container-core-columns-is-layout-9d6595d7 wp-block-columns-is-layout-flex\">\n<div class=\"wp-block-column is-vertically-aligned-center is-layout-flow wp-block-column-is-layout-flow\">\n<figure class=\"wp-block-image size-full\"><img decoding=\"async\" width=\"1000\" height=\"476\" src=\"https:\/\/www.mycover-protection.com\/wp-content\/uploads\/2022\/08\/outdoor-abdeckplane-feature-reflektorstreifen.jpg\" alt=\"Cubierta para moto reflectores\" class=\"wp-image-19227\" srcset=\"https:\/\/www.mycover-protection.com\/wp-content\/uploads\/2022\/08\/outdoor-abdeckplane-feature-reflektorstreifen.jpg 1000w, https:\/\/www.mycover-protection.com\/wp-content\/uploads\/2022\/08\/outdoor-abdeckplane-feature-reflektorstreifen-300x143.jpg 300w, https:\/\/www.mycover-protection.com\/wp-content\/uploads\/2022\/08\/outdoor-abdeckplane-feature-reflektorstreifen-768x366.jpg 768w, https:\/\/www.mycover-protection.com\/wp-content\/uploads\/2022\/08\/outdoor-abdeckplane-feature-reflektorstreifen-400x190.jpg 400w, https:\/\/www.mycover-protection.com\/wp-content\/uploads\/2022\/08\/outdoor-abdeckplane-feature-reflektorstreifen-800x381.jpg 800w\" sizes=\"(max-width: 1000px) 100vw, 1000px\" \/><\/figure>\n<\/div>\n\n\n\n<div class=\"wp-block-column is-vertically-aligned-center is-layout-flow wp-block-column-is-layout-flow\">\n<h3 class=\"wp-block-heading\">Con seguridad durante la noche<\/h3>\n\n\n\n<ul class=\"wp-block-list wf-list-default\">\n<li><span><strong style=\"font-weight: bold;\">Reflectores brillantes<\/strong><\/span><br\/>Discreto acabado en las costuras con un dise\u00f1o llamativo<\/li>\n\n\n\n<li><strong><strong><strong>Visibilidad nocturna de 360<\/strong><\/strong><\/strong><br\/>Para una reflexi\u00f3n \u00f3ptima desde todos los lados<\/li>\n<\/ul>\n<\/div>\n<\/div>\n\n\n\n<div class=\"wp-block-columns are-vertically-aligned-center is-layout-flex wp-container-core-columns-is-layout-9d6595d7 wp-block-columns-is-layout-flex\">\n<div class=\"wp-block-column is-vertically-aligned-center is-layout-flow wp-block-column-is-layout-flow\">\n<figure class=\"wp-block-image size-full\"><img decoding=\"async\" width=\"1000\" height=\"476\" src=\"https:\/\/www.mycover-protection.com\/wp-content\/uploads\/2022\/08\/Schloss_grau.jpg\" alt=\"Cierre Funda para moto\" class=\"wp-image-19543\" srcset=\"https:\/\/www.mycover-protection.com\/wp-content\/uploads\/2022\/08\/Schloss_grau.jpg 1000w, https:\/\/www.mycover-protection.com\/wp-content\/uploads\/2022\/08\/Schloss_grau-300x143.jpg 300w, https:\/\/www.mycover-protection.com\/wp-content\/uploads\/2022\/08\/Schloss_grau-768x366.jpg 768w, https:\/\/www.mycover-protection.com\/wp-content\/uploads\/2022\/08\/Schloss_grau-400x190.jpg 400w, https:\/\/www.mycover-protection.com\/wp-content\/uploads\/2022\/08\/Schloss_grau-800x381.jpg 800w\" sizes=\"(max-width: 1000px) 100vw, 1000px\" \/><\/figure>\n<\/div>\n\n\n\n<div class=\"wp-block-column is-vertically-aligned-center is-layout-flow wp-block-column-is-layout-flow\">\n<h3 class=\"wp-block-heading\">La protecci\u00f3n antirrobo m\u00e1s f\u00e1cil<\/h3>\n\n\n\n<ul class=\"wp-block-list wf-list-default\">\n<li><strong><strong><strong>Aberturas de cierre reforzadas<\/strong><\/strong><\/strong><br\/>Sin anillos de pl\u00e1stico o aluminio que rocen para proteger las llantas y la pintura<\/li>\n\n\n\n<li><strong> <strong>Protecci\u00f3n antirrobo<\/strong> en ambos lados<\/strong><br\/>Coloca el bloqueo en la rueda delantera o trasera seg\u00fan la situaci\u00f3n de aparcamiento  <\/li>\n<\/ul>\n<\/div>\n<\/div>\n\n\n\n<div class=\"wp-block-columns are-vertically-aligned-center is-layout-flex wp-container-core-columns-is-layout-9d6595d7 wp-block-columns-is-layout-flex\">\n<div class=\"wp-block-column is-vertically-aligned-center is-layout-flow wp-block-column-is-layout-flow\">\n<figure class=\"wp-block-image size-full\"><img decoding=\"async\" width=\"1000\" height=\"476\" src=\"https:\/\/www.mycover-protection.com\/wp-content\/uploads\/2022\/08\/Sicherungsgurte_grau.jpg\" alt=\"Funda para moto cinturones de seguridad\" class=\"wp-image-19539\" srcset=\"https:\/\/www.mycover-protection.com\/wp-content\/uploads\/2022\/08\/Sicherungsgurte_grau.jpg 1000w, https:\/\/www.mycover-protection.com\/wp-content\/uploads\/2022\/08\/Sicherungsgurte_grau-300x143.jpg 300w, https:\/\/www.mycover-protection.com\/wp-content\/uploads\/2022\/08\/Sicherungsgurte_grau-768x366.jpg 768w, https:\/\/www.mycover-protection.com\/wp-content\/uploads\/2022\/08\/Sicherungsgurte_grau-400x190.jpg 400w, https:\/\/www.mycover-protection.com\/wp-content\/uploads\/2022\/08\/Sicherungsgurte_grau-800x381.jpg 800w\" sizes=\"(max-width: 1000px) 100vw, 1000px\" \/><\/figure>\n<\/div>\n\n\n\n<div class=\"wp-block-column is-vertically-aligned-center is-layout-flow wp-block-column-is-layout-flow\">\n<h3 class=\"wp-block-heading\">Protecci\u00f3n segura contra el viento<\/h3>\n\n\n\n<ul class=\"wp-block-list wf-list-default\">\n<li><strong><strong>2 correas de seguridad resistentes<\/strong><\/strong><br\/>Fija bien la Funda a la moto<\/li>\n\n\n\n<li><strong><strong><strong>Protege los componentes sensibles<\/strong><\/strong><\/strong><br\/>Minimizando la susceptibilidad al viento y la fricci\u00f3n sobre la pintura<\/li>\n<\/ul>\n<\/div>\n<\/div>\n\n\n\n<div class=\"wp-block-columns are-vertically-aligned-center is-layout-flex wp-container-core-columns-is-layout-9d6595d7 wp-block-columns-is-layout-flex\">\n<div class=\"wp-block-column is-vertically-aligned-center is-layout-flow wp-block-column-is-layout-flow\">\n<figure class=\"wp-block-image size-full\"><img decoding=\"async\" width=\"1000\" height=\"476\" src=\"https:\/\/www.mycover-protection.com\/wp-content\/uploads\/2022\/08\/Kennzeichenfenster_grau.jpg\" alt=\"Funda para moto con ventana de matr&#xED;cula\" class=\"wp-image-19527\" srcset=\"https:\/\/www.mycover-protection.com\/wp-content\/uploads\/2022\/08\/Kennzeichenfenster_grau.jpg 1000w, https:\/\/www.mycover-protection.com\/wp-content\/uploads\/2022\/08\/Kennzeichenfenster_grau-300x143.jpg 300w, https:\/\/www.mycover-protection.com\/wp-content\/uploads\/2022\/08\/Kennzeichenfenster_grau-768x366.jpg 768w, https:\/\/www.mycover-protection.com\/wp-content\/uploads\/2022\/08\/Kennzeichenfenster_grau-400x190.jpg 400w, https:\/\/www.mycover-protection.com\/wp-content\/uploads\/2022\/08\/Kennzeichenfenster_grau-800x381.jpg 800w\" sizes=\"(max-width: 1000px) 100vw, 1000px\" \/><\/figure>\n<\/div>\n\n\n\n<div class=\"wp-block-column is-vertically-aligned-center is-layout-flow wp-block-column-is-layout-flow\">\n<h3 class=\"wp-block-heading\">Aparcamiento seguro y legal<\/h3>\n\n\n\n<ul class=\"wp-block-list wf-list-default\">\n<li><strong><strong><strong>Ventana para matr\u00edcula<\/strong><\/strong><\/strong><br\/>Homologada seg\u00fan el art. 10, apdo. 2 de la FZV y el art. 23, apdo.  1 del StVO <\/li>\n\n\n\n<li><strong><strong><strong><strong>Para cualquier plaza de aparcamiento<\/strong><\/strong><\/strong><\/strong><br\/>Adecuado y no m\u00e1s remolques ni multas de aparcamiento<\/li>\n<\/ul>\n<\/div>\n<\/div>\n\n\n\n<div class=\"wfa-product-mycover-outdoor__show-more-btn-wrap\">\n<button class=\"button\" disabled=\"disabled\">Mostrar m\u00e1s funciones<\/button>\n<\/div>\n<\/div><\/div>\n\n<div class=\"wp-block-group alignfull wfa-product-mycover-outdoor-section  wfa-product-mycover-outdoor-section--video\" id=\"video-erlebe-mycover\"><div class=\"wp-block-group__inner-container is-layout-flow wp-block-group-is-layout-flow\">\n<p class=\"wf-overline\">Experimenta la MYCOVER\u00ae calidad<\/p>\n\n\n\n<h2 class=\"wp-block-heading is-style-not-underlined\">\u00a1Probablemente la \u00faltima Funda para moto que comprar\u00e1s!<\/h2>\n\n\n\n<div class=\"wp-block-group alignwide\"><div class=\"wp-block-group__inner-container is-layout-constrained wp-block-group-is-layout-constrained\">\n<div>\n<figure class=\"wf-do-not-force-embed-block wp-block-embed is-type-video is-provider-youtube wp-block-embed-youtube wp-embed-aspect-16-9 wp-has-aspect-ratio\">\n<div class=\"wp-block-embed__wrapper\">\n <div class=\"brlbs-cmpnt-container brlbs-cmpnt-content-blocker brlbs-cmpnt-with-individual-styles\" data-borlabs-cookie-content-blocker-id=\"youtube-content-blocker\" data-borlabs-cookie-content=\"PGlmcmFtZSB0aXRsZT0iTVlDT1ZFUsKuIEZ1bmRhIHBhcmEgbW90byBkZSBwcm90ZWNjacOzbiAtIE51ZXN0cmEgbWVqb3IgRnVuZGEgcGFyYSBtb3RvIGRlIGV4dGVyaW9yIGRlIG1vdGVyb3MiIGFsbG93ZnVsbHNjcmVlbj0iYWxsb3dmdWxsc2NyZWVuIiBzcmM9Imh0dHBzOi8vd3d3LnlvdXR1YmUtbm9jb29raWUuY29tL2VtYmVkL3JQeDQwa1F6Z3hBP2F1dG9wbGF5PTAmYXV0b2hpZGU9MSZmcz0xJnJlbD0wJmhkPTEmd21vZGU9dHJhbnNwYXJlbnQmZW5hYmxlanNhcGk9MSZodG1sNT0xIiBhbGxvdz0iYWNjZWxlcm9tZXRlcjsgY2xpcGJvYXJkLXdyaXRlOyBlbmNyeXB0ZWQtbWVkaWE7IGd5cm9zY29wZTsgcGljdHVyZS1pbi1waWN0dXJlIiB3aWR0aD0iNTAwIiBoZWlnaHQ9IjI4MSIgZnJhbWVib3JkZXI9IjAiPjwvaWZyYW1lPg==\"><div class=\"brlbs-cmpnt-cb-preset-c brlbs-cmpnt-cb-youtube\"> <div class=\"brlbs-cmpnt-cb-thumbnail\" style=\"background-image: url('https:\/\/www.mycover-protection.com\/wp-content\/uploads\/borlabs-cookie\/1\/yt_rPx40kQzgxA_hqdefault.jpg')\"><\/div> <div class=\"brlbs-cmpnt-cb-main\"> <div class=\"brlbs-cmpnt-cb-play-button\"><\/div> <div class=\"brlbs-cmpnt-cb-content\"> <p class=\"brlbs-cmpnt-cb-description\">Est\u00e1s viendo contenido de <strong>YouTube<\/strong>. Para acceder al contenido real, haga clic en el bot\u00f3n de abajo. Tenga en cuenta que los datos se transmitir\u00e1n a terceros proveedores.<\/p> <a class=\"brlbs-cmpnt-cb-provider-toggle\" href=\"#\" data-borlabs-cookie-show-provider-information role=\"button\">M\u00e1s informaci\u00f3n<\/a> <\/div> <div class=\"brlbs-cmpnt-cb-buttons\"> <a class=\"brlbs-cmpnt-cb-btn\" href=\"#\" data-borlabs-cookie-unblock role=\"button\">Ver v\u00eddeo<\/a> <a class=\"brlbs-cmpnt-cb-btn\" href=\"#\" data-borlabs-cookie-accept-service role=\"button\" style=\"display: inherit\">Mostrar siempre v\u00eddeos de YouTube<\/a> <\/div> <\/div> <\/div><\/div>\n<\/div>\n<\/figure><\/div>\n<\/div><\/div>\n\n\n\n<div class=\"wp-block-buttons alignfull is-content-justification-center is-layout-flex wp-container-core-buttons-is-layout-16018d1d wp-block-buttons-is-layout-flex\">\n<div class=\"wp-block-button\"><a class=\"wp-block-button__link wp-element-button\" href=\"#groessenempfehlungen\">Directamente a la recomendaci\u00f3n de tama\u00f1o<\/a><\/div>\n<\/div>\n<\/div><\/div>\n\n<div class=\"wp-block-group alignfull wfa-product-mycover-outdoor-section wfa-product-mycover-outdoor-section--faq\" id=\"haeufige-fragen\"><div class=\"wp-block-group__inner-container is-layout-flow wp-block-group-is-layout-flow\">\n<p class=\"wf-overline\">M\u00e1s informaci\u00f3n<\/p>\n\n\n\n<h2 class=\"wp-block-heading is-style-not-underlined\">Preguntas frecuentes sobre la MYCOVER\u00ae Funda para moto de exterior<\/h2>\n\n\n\n<div class=\"wp-block-group wfa-group-details-wrap\"><div class=\"wp-block-group__inner-container is-layout-flow wp-block-group-is-layout-flow\">\n<details class=\"wp-block-webfluence-blocks-details-summary\">\n<summary class=\"wp-block-webfluence-blocks-details-summary-title\">\n<h3 class=\"wp-block-heading\" id=\"groesse\">\u00bfQu\u00e9 tama\u00f1o de Fundas para moto de exterior es el adecuado para mi moto?<\/h3>\n<\/summary>\n\n\n\n<div class=\"wp-block-webfluence-blocks-details-summary-body\">\n<p>Nuestra Funda para moto de exterior est\u00e1 disponible en m\u00e1s de 30 tallas, especialmente adaptadas a m\u00e1s de 2.000 modelos de moto. Utiliza el <a href=\"https:\/\/www.mycover-protection.com\/es\/recomendaciones-de-tamano\/\">buscador de tallas<\/a> para encontrar la Cubierta de exterior adecuada para tu modelo, ya sea con ba\u00fal, maletas laterales o soporte corto. <\/p>\n<\/div>\n<\/details>\n\n\n\n<details class=\"wp-block-webfluence-blocks-details-summary\">\n<summary class=\"wp-block-webfluence-blocks-details-summary-title\">\n<h3 class=\"wp-block-heading\" id=\"kosten\">\u00bfPor qu\u00e9 la Funda para moto Premium Outdoor MYCOVER cuesta m\u00e1s que otras Cubiertas?<\/h3>\n<\/summary>\n\n\n\n<div class=\"wp-block-webfluence-blocks-details-summary-body\">\n<p>Porque puede m\u00e1s y dura m\u00e1s. La mayor\u00eda de las Fundas para moto de exterior s\u00f3lo ofrecen una simple protecci\u00f3n contra la lluvia. Nuestra MYCOVER\u00ae Premium se desarroll\u00f3 porque eso no era suficiente para nosotros: Despu\u00e9s de 9 lonas desgastadas en 3 a\u00f1os, estaba claro que necesit\u00e1bamos una retenci\u00f3n de valor real.  <\/p>\n\n\n\n<p>Nuestra Cubierta para moto de exterior proporciona una protecci\u00f3n fiable contra la lluvia, los rayos UV, las heladas y los ara\u00f1azos. Gracias al tejido especial resistente al desgarro con doble nanorrevestimiento, el suave forro polar interior, las costuras reflectantes y m\u00e1s de 10 funciones de protecci\u00f3n. Hecho a mano, en lugar de un producto desechable.  <\/p>\n\n\n\n<p><strong>Conclusi\u00f3n:<\/strong> Una Funda para moto resistente a la intemperie que realmente protege, es duradera y se adapta perfectamente.<\/p>\n<\/div>\n<\/details>\n\n\n\n<details class=\"wp-block-webfluence-blocks-details-summary\">\n<summary class=\"wp-block-webfluence-blocks-details-summary-title\">\n<h3 class=\"wp-block-heading\">\u00bfPor qu\u00e9 una Funda para moto necesita una ventana para la matr\u00edcula?<\/h3>\n<\/summary>\n\n\n\n<div class=\"wp-block-webfluence-blocks-details-summary-body\">\n<p>Porque lo exige la ley: Seg\u00fan el art. 10, apdo. 2 de la FZV y el art. 23, apdo. 1 de la StVO, tu matr\u00edcula debe permanecer visible en el exterior, incluso bajo una Funda para moto, de lo contrario podr\u00edas ser amonestado.<\/p>\n\n\n\n<p>Nuestra Funda para moto para exterior tiene una mirilla integrada, para que est\u00e9s seguro legalmente y puedas invertir el dinero de las multas en tu pr\u00f3xima parada para repostar.<\/p>\n<\/div>\n<\/details>\n\n\n\n<details class=\"wp-block-webfluence-blocks-details-summary\">\n<summary class=\"wp-block-webfluence-blocks-details-summary-title\">\n<h3 class=\"wp-block-heading\">\u00bfUna Cubierta para moto de exterior protege contra el robo?<\/h3>\n<\/summary>\n\n\n\n<div class=\"wp-block-webfluence-blocks-details-summary-body\">\n<p>Una Funda para moto de exterior por s\u00ed sola no evita el robo, pero lo dificulta mucho m\u00e1s. La MYCOVER\u00ae Cubierta protege de las miradas indiscretas y proporciona aberturas de seguridad para tu candado en las ruedas delanteras y traseras. <\/p>\n\n\n\n<p>En combinaci\u00f3n con un candado de alta calidad -por ejemplo, de <a href=\"https:\/\/www.mycover-protection.com\/es\/produkt-kategorie\/candados-abus\/\">ABUS-<\/a> tu Funda para moto de exterior se convierte en un eficaz antirrobo. Privacidad m\u00e1s seguridad = doble protecci\u00f3n. <\/p>\n<\/div>\n<\/details>\n\n\n\n<details class=\"wp-block-webfluence-blocks-details-summary\">\n<summary class=\"wp-block-webfluence-blocks-details-summary-title\">\n<h3 class=\"wp-block-heading\">\u00bfProtege la Lona para moto de los ara\u00f1azos?<\/h3>\n<\/summary>\n\n\n\n<div class=\"wp-block-webfluence-blocks-details-summary-body\">\n<p>S\u00ed, nuestra Funda para moto de exterior tiene un suave forro interior que protege de forma fiable la pintura y las partes sensibles. Importante: S\u00f3lo se aplica a veh\u00edculos limpios. De lo contrario, las part\u00edculas de suciedad pueden causar da\u00f1os al circular, independientemente de la Funda para moto de exterior que se utilice.  <\/p>\n\n\n\n<p><strong>Nuestro consejo<\/strong>: <a href=\"https:\/\/www.mycover-protection.com\/magazin\/motorrad-waschen-pflegen-insider-tipps-fuer-maximalen-werterhalt\/\">Limpia brevemente la moto<\/a>, ponle la funda y aseg\u00farate de que conserva su valor.<\/p>\n<\/div>\n<\/details>\n\n\n\n<details class=\"wp-block-webfluence-blocks-details-summary\">\n<summary class=\"wp-block-webfluence-blocks-details-summary-title\">\n<h3 class=\"wp-block-heading\">\u00bfCu\u00e1l es la mejor manera de poner la funda de moto en mi moto?<\/h3>\n<\/summary>\n\n\n\n<div class=\"wp-block-webfluence-blocks-details-summary-body\">\n<p>Para que tu Funda para moto de exterior se ajuste correctamente:<\/p>\n\n\n\n<ol class=\"wp-block-list\">\n<li><strong>Col\u00f3cala delante<\/strong>: Extiende la lona, tira de la parte delantera sobre los retrovisores y el manillar, y luego ponla sobre la rueda delantera.<\/li>\n\n\n\n<li><strong>T\u00fambate sobre el asiento<\/strong>: extiende la lona en el centro y camina hacia atr\u00e1s.<\/li>\n\n\n\n<li><strong>Fija en la<\/strong> parte <strong>trasera<\/strong>: Tira sobre la matr\u00edcula y la rueda trasera &#8211; listo.<\/li>\n<\/ol>\n\n\n\n<p>Gracias a las asas y al corte preciso, la funda de tu moto de exterior se coloca r\u00e1pidamente y sin enredarse.<\/p>\n<\/div>\n<\/details>\n\n\n\n<details class=\"wp-block-webfluence-blocks-details-summary\">\n<summary class=\"wp-block-webfluence-blocks-details-summary-title\">\n<h3 class=\"wp-block-heading\">\u00bfQu\u00e9 impide que la Funda para moto de exterior se la lleve el viento?<\/h3>\n<\/summary>\n\n\n\n<div class=\"wp-block-webfluence-blocks-details-summary-body\">\n<p>Gracias a dos correas de seguridad y a un dobladillo el\u00e1stico, nuestra Funda para moto se sujeta firmemente al veh\u00edculo, por delante y por detr\u00e1s. El corte a medida evita el aleteo, la fricci\u00f3n y el riesgo de vuelco con tiempo tormentoso. <\/p>\n\n\n\n<p>S\u00f3lo una Cubierta para moto de exterior bien ajustada proporciona una protecci\u00f3n fiable, incluso con r\u00e1fagas de viento.<\/p>\n<\/div>\n<\/details>\n\n\n\n<details class=\"wp-block-webfluence-blocks-details-summary\">\n<summary class=\"wp-block-webfluence-blocks-details-summary-title\">\n<h3 class=\"wp-block-heading\">\u00bfC\u00f3mo puedo cuidar bien la Funda para moto?<\/h3>\n<\/summary>\n\n\n\n<div class=\"wp-block-webfluence-blocks-details-summary-body\">\n<p>Importante para no da\u00f1ar el doble nanorrevestimiento de la Cubierta para moto: No utilices detergentes agresivos para la limpieza.<\/p>\n\n\n\n<p>Recomendamos limpiar la Funda para moto principalmente con agua tibia. Como alternativa, puedes utilizar productos especialmente desarrollados, como el <a class=\"\" href=\"https:\/\/www.mycover-protection.com\/es\/produkt\/tent-gear-solarwash-spray-on-limpiador-de-fundas-para-moto\/\">SolarWash Spray-On<\/a> para una limpieza suave y el <a class=\"\" href=\"https:\/\/www.mycover-protection.com\/es\/produkt\/tent-and-gear-solarproof-impregnador-de-fundas-para-moto\/\">spray impermeabilizante SolarProof<\/a> para refrescar el efecto hidr\u00f3fugo. <\/p>\n\n\n\n<ul class=\"wp-block-list\">\n<li>La Cubierta para moto de exterior no debe dejarse en el suelo para que se seque.<\/li>\n\n\n\n<li>Te recomendamos que utilices dos sillas de exterior o un tendedero largo.<\/li>\n\n\n\n<li>Un secado incorrecto, por ejemplo con pinzas de tender la ropa (bordes afilados), secadora o similar, puede da\u00f1ar la Funda para moto. Ten cuidado al limpiar la ventanilla de la matr\u00edcula (propensa a ara\u00f1azos). <\/li>\n<\/ul>\n<\/div>\n<\/details>\n\n\n\n<details class=\"wp-block-webfluence-blocks-details-summary\">\n<summary class=\"wp-block-webfluence-blocks-details-summary-title\">\n<h3 class=\"wp-block-heading\">\u00bfC\u00f3mo vuelvo a meter la Funda para moto de exterior en la bolsa de transporte?<\/h3>\n<\/summary>\n\n\n\n<div class=\"wp-block-webfluence-blocks-details-summary-body\">\n<p>Tu Funda para moto de exterior puede guardarse para ahorrar espacio, pero es importante que est\u00e9 limpia y completamente seca. De lo contrario, la suciedad o la humedad pueden provocar moho. <\/p>\n\n\n\n<p><strong>Consejo<\/strong>: Al plegarlo, empieza por la ventanilla de la matr\u00edcula para que no se arrugue. A continuaci\u00f3n, enr\u00f3llala uniformemente y m\u00e9tela en la bolsa suministrada. <\/p>\n\n\n\n<p><a href=\"https:\/\/www.mycover-protection.com\/wp-content\/uploads\/2022\/08\/Faltanleitung_MYCOVER_Outdoor_Abdeckplane_0822-1.pdf\">Las instrucciones de plegado en PDF<\/a> se encuentran aqu\u00ed.<\/p>\n<\/div>\n<\/details>\n\n\n\n<details class=\"wp-block-webfluence-blocks-details-summary\">\n<summary class=\"wp-block-webfluence-blocks-details-summary-title\">\n<h3 class=\"wp-block-heading\">\u00bfEn qu\u00e9 debo fijarme al comparar Cubiertas para moto de exterior?<\/h3>\n<\/summary>\n\n\n\n<div class=\"wp-block-webfluence-blocks-details-summary-body\">\n<p>Una buena Funda para moto de exterior no s\u00f3lo protege de la lluvia, sino sobre todo del \u00f3xido, los rayos UV, la suciedad y los ara\u00f1azos.<\/p>\n\n\n\n<p>Caracter\u00edsticas importantes:<\/p>\n\n\n\n<ul class=\"wp-block-list\">\n<li>Impermeable y transpirable &#8211; contra el \u00f3xido y la condensaci\u00f3n<\/li>\n\n\n\n<li>Resistente a los rayos UV: protege la pintura, la goma y el pl\u00e1stico<\/li>\n\n\n\n<li>Protecci\u00f3n contra el calor y estabilidad frente al fr\u00edo &#8211; para verano e invierno<\/li>\n\n\n\n<li>Vell\u00f3n interior suave &#8211; contra ara\u00f1azos<\/li>\n\n\n\n<li>Mirilla para la matr\u00edcula &#8211; obligatoria por ley (\u00a710 FZV)<\/li>\n\n\n\n<li>Reflectores: para ser m\u00e1s visible en la oscuridad<\/li>\n\n\n\n<li>Buen ajuste &#8211; con dobladillo el\u00e1stico y tirantes contra el viento<\/li>\n\n\n\n<li>Revestimiento repelente de la suciedad: m\u00e1s f\u00e1cil de limpiar<\/li>\n\n\n\n<li>Tambi\u00e9n se puede utilizar en interiores, por ejemplo, en el garaje para protegerlo del polvo y los ara\u00f1azos<\/li>\n<\/ul>\n\n\n\n<p><strong>Conclusi\u00f3n<\/strong>: Una Cubierta para moto de exterior de alta calidad protege tu veh\u00edculo todo el a\u00f1o, todo lo dem\u00e1s no es m\u00e1s que un compromiso.<\/p>\n<\/div>\n<\/details>\n\n\n\n<details class=\"wp-block-webfluence-blocks-details-summary\">\n<summary class=\"wp-block-webfluence-blocks-details-summary-title\">\n<h3 class=\"wp-block-heading\">Me gustar\u00eda proteger mi moto lo mejor posible con una Funda para moto de exterior. \u00bfQu\u00e9 debo tener en cuenta? <\/h3>\n<\/summary>\n\n\n\n<div class=\"wp-block-webfluence-blocks-details-summary-body\">\n<p>Una buena Cubierta para moto de exterior protege de la lluvia, los rayos UV, los ara\u00f1azos, la suciedad y los robos durante todo el a\u00f1o, ya sea en la carretera, en la cochera o en el garaje.<\/p>\n\n\n\n<p>Llevamos a\u00f1os ocup\u00e1ndonos de la conservaci\u00f3n del valor y la protecci\u00f3n antirrobo. En nuestra <a href=\"https:\/\/www.mycover-protection.com\/es\/asesor-de-funda-para-moto\/\">Funda para moto<\/a> encontrar\u00e1s todo lo que realmente importa, incluidos consejos sobre la Funda para moto de exterior ideal para tu veh\u00edculo. <\/p>\n<\/div>\n<\/details>\n\n\n\n<details class=\"wp-block-webfluence-blocks-details-summary\">\n<summary class=\"wp-block-webfluence-blocks-details-summary-title\">\n<h3 class=\"wp-block-heading\">\u00bfPuedo tirar de la Funda para moto de exterior sobre un tubo de escape caliente?<\/h3>\n<\/summary>\n\n\n\n<div class=\"wp-block-webfluence-blocks-details-summary-body\">\n<p>Nuestra Funda para moto de exterior est\u00e1 equipada con una zona interior resistente al calor, para que puedas pon\u00e9rtela directamente despu\u00e9s de la conducci\u00f3n sin que se da\u00f1en los componentes calientes. <strong>No obstante, te recomendamos<\/strong> que la dejes enfriar brevemente si es posible.<\/p>\n<\/div>\n<\/details>\n\n\n\n<details class=\"wp-block-webfluence-blocks-details-summary\">\n<summary class=\"wp-block-webfluence-blocks-details-summary-title\">\n<h3 class=\"wp-block-heading\">\u00bfPuedo lavar a m\u00e1quina la Funda para moto?<\/h3>\n<\/summary>\n\n\n\n<div class=\"wp-block-webfluence-blocks-details-summary-body\">\n<p>La Cubierta para moto de exterior no es apta para la lavadora. Por favor, l\u00edmpiala s\u00f3lo con agua y un pa\u00f1o suave, no utilices productos de limpieza agresivos para conservar la capa protectora. <\/p>\n<\/div>\n<\/details>\n\n\n\n<details class=\"wp-block-webfluence-blocks-details-summary\">\n<summary class=\"wp-block-webfluence-blocks-details-summary-title\">\n<h3 class=\"wp-block-heading\">\u00bfC\u00f3mo encuentro la talla perfecta para las conversiones o las Moto XXL?<\/h3>\n<\/summary>\n\n\n\n<div class=\"wp-block-webfluence-blocks-details-summary-body\">\n<p>Para motos transformadas o modelos muy grandes, es mejor utilizar el <a href=\"https:\/\/www.mycover-protection.com\/es\/recomendaciones-de-tamano\/\">buscador de tallas<\/a> como valor de referencia, por ejemplo, para un sissy bar, un parabrisas alto o un portamatr\u00edculas corto. Nuestra Funda para moto de exterior est\u00e1 disponible en m\u00e1s de 30 tallas, para modelos est\u00e1ndar y transformaciones especiales.<\/p>\n<\/div>\n<\/details>\n\n\n\n<details class=\"wp-block-webfluence-blocks-details-summary\">\n<summary class=\"wp-block-webfluence-blocks-details-summary-title\">\n<h3 class=\"wp-block-heading\">\u00bfEs la Funda resistente a los rayos UV y a la intemperie?<\/h3>\n<\/summary>\n\n\n\n<div class=\"wp-block-webfluence-blocks-details-summary-body\">\n<p>S\u00ed, la MYCOVER\u00ae Funda para moto de exterior es resistente a los rayos UV, impermeable y estable a la temperatura. Proporciona una protecci\u00f3n fiable frente al sol, la lluvia, la nieve y las heladas, ideal para su uso al aire libre durante todo el a\u00f1o. <\/p>\n<\/div>\n<\/details>\n\n\n\n<p>Encontrar\u00e1s m\u00e1s informaci\u00f3n en las <a href=\"https:\/\/www.mycover-protection.com\/wp-content\/uploads\/2020\/02\/Gebrauchsanweisung_Sichereheitshinweise_Abdeckplane_MYCOVER_Rev.13.02.20.pdf\" target=\"_blank\" rel=\"noreferrer noopener\">instrucciones de uso y de seguridad (PDF)<\/a> de nuestra Funda para moto de exterior.<\/p>\n<\/div><\/div>\n<\/div><\/div>\n\n<div style=\"height:100px\" aria-hidden=\"true\" class=\"wp-block-spacer wf-spacer-section\"><\/div>\n\n<div class=\"wp-block-group wfa-reusable-group-all-mycover-products has-black-color has-text-color has-link-color wp-elements-c1312bad93eb8a2600e1f9cc1456014e\"><div class=\"wp-block-group__inner-container is-layout-constrained wp-block-group-is-layout-constrained\">\n<p class=\"has-text-align-center wfa-reusable-group-all-mycover-products__title has-large-font-size\"><strong>Todos MYCOVER\u00ae-Productos<\/strong><\/p>\n\n\n\n<div class=\"wp-block-cb-carousel-v2 cb-carousel-block\" data-cb-slides-per-view=\"2\" data-cb-slides-per-group=\"1\" data-cb-space-between=\"0\" data-cb-speed=\"200\" data-cb-navigation=\"true\" data-cb-breakpoints=\"{&quot;768&quot;:{&quot;slidesPerView&quot;:4,&quot;slidesPerGroup&quot;:1}}\"><div class=\"swiper\"><div class=\"cb-wrapper swiper-wrapper\">\n<div class=\"wp-block-cb-slide-v2 cb-slide swiper-slide\">\n<div class=\"wp-block-group\"><div class=\"wp-block-group__inner-container is-layout-constrained wp-block-group-is-layout-constrained\">\n<figure class=\"wp-block-image size-large\"><img decoding=\"async\" width=\"1024\" height=\"1024\" src=\"https:\/\/www.mycover-protection.com\/wp-content\/uploads\/2022\/11\/Motorrad_abdeckplane_outdoor-1024x1024.jpg\" alt=\"Funda para moto exterior\" class=\"wp-image-22125\" srcset=\"https:\/\/www.mycover-protection.com\/wp-content\/uploads\/2022\/11\/Motorrad_abdeckplane_outdoor-1024x1024.jpg 1024w, https:\/\/www.mycover-protection.com\/wp-content\/uploads\/2022\/11\/Motorrad_abdeckplane_outdoor-300x300.jpg 300w, https:\/\/www.mycover-protection.com\/wp-content\/uploads\/2022\/11\/Motorrad_abdeckplane_outdoor-150x150.jpg 150w, https:\/\/www.mycover-protection.com\/wp-content\/uploads\/2022\/11\/Motorrad_abdeckplane_outdoor-768x768.jpg 768w, https:\/\/www.mycover-protection.com\/wp-content\/uploads\/2022\/11\/Motorrad_abdeckplane_outdoor-270x270.jpg 270w, https:\/\/www.mycover-protection.com\/wp-content\/uploads\/2022\/11\/Motorrad_abdeckplane_outdoor-800x800.jpg 800w, https:\/\/www.mycover-protection.com\/wp-content\/uploads\/2022\/11\/Motorrad_abdeckplane_outdoor-200x200.jpg 200w, https:\/\/www.mycover-protection.com\/wp-content\/uploads\/2022\/11\/Motorrad_abdeckplane_outdoor.jpg 1200w\" sizes=\"(max-width: 1024px) 100vw, 1024px\" \/><\/figure>\n\n\n\n<p><a href=\"https:\/\/www.mycover-protection.com\/es\/produkt\/mycover-funda-para-moto-exterior-premium\/\"><strong>Funda para moto exterior<\/strong><\/a><\/p>\n<\/div><\/div>\n<\/div>\n\n\n\n<div class=\"wp-block-cb-slide-v2 cb-slide swiper-slide\">\n<div class=\"wp-block-group\"><div class=\"wp-block-group__inner-container is-layout-constrained wp-block-group-is-layout-constrained\">\n<figure class=\"wp-block-image size-full\"><img decoding=\"async\" width=\"800\" height=\"800\" src=\"https:\/\/www.mycover-protection.com\/wp-content\/uploads\/2023\/01\/Motorrad-abdeckplane-chopper.png\" alt=\"Funda exterior Chopper\" class=\"wp-image-21485\" srcset=\"https:\/\/www.mycover-protection.com\/wp-content\/uploads\/2023\/01\/Motorrad-abdeckplane-chopper.png 800w, https:\/\/www.mycover-protection.com\/wp-content\/uploads\/2023\/01\/Motorrad-abdeckplane-chopper-300x300.png 300w, https:\/\/www.mycover-protection.com\/wp-content\/uploads\/2023\/01\/Motorrad-abdeckplane-chopper-150x150.png 150w, https:\/\/www.mycover-protection.com\/wp-content\/uploads\/2023\/01\/Motorrad-abdeckplane-chopper-768x768.png 768w, https:\/\/www.mycover-protection.com\/wp-content\/uploads\/2023\/01\/Motorrad-abdeckplane-chopper-270x270.png 270w, https:\/\/www.mycover-protection.com\/wp-content\/uploads\/2023\/01\/Motorrad-abdeckplane-chopper-200x200.png 200w\" sizes=\"(max-width: 800px) 100vw, 800px\" \/><\/figure>\n\n\n\n<p><a href=\"https:\/\/www.mycover-protection.com\/es\/produkt\/mycover-funda-exterior-premium-para-chopper\/\"><strong>Funda exterior Chopper<\/strong><\/a><\/p>\n<\/div><\/div>\n<\/div>\n\n\n\n<div class=\"wp-block-cb-slide-v2 cb-slide swiper-slide\">\n<div class=\"wp-block-group\"><div class=\"wp-block-group__inner-container is-layout-constrained wp-block-group-is-layout-constrained\">\n<figure class=\"wp-block-image size-full\"><img decoding=\"async\" width=\"800\" height=\"800\" src=\"https:\/\/www.mycover-protection.com\/wp-content\/uploads\/2023\/01\/Motorrad-Abdeckplane-Topcase.png\" alt=\"Funda para Scooter con top case\" class=\"wp-image-21482\" srcset=\"https:\/\/www.mycover-protection.com\/wp-content\/uploads\/2023\/01\/Motorrad-Abdeckplane-Topcase.png 800w, https:\/\/www.mycover-protection.com\/wp-content\/uploads\/2023\/01\/Motorrad-Abdeckplane-Topcase-300x300.png 300w, https:\/\/www.mycover-protection.com\/wp-content\/uploads\/2023\/01\/Motorrad-Abdeckplane-Topcase-150x150.png 150w, https:\/\/www.mycover-protection.com\/wp-content\/uploads\/2023\/01\/Motorrad-Abdeckplane-Topcase-768x768.png 768w, https:\/\/www.mycover-protection.com\/wp-content\/uploads\/2023\/01\/Motorrad-Abdeckplane-Topcase-270x270.png 270w, https:\/\/www.mycover-protection.com\/wp-content\/uploads\/2023\/01\/Motorrad-Abdeckplane-Topcase-200x200.png 200w\" sizes=\"(max-width: 800px) 100vw, 800px\" \/><\/figure>\n\n\n\n<p><a href=\"https:\/\/www.mycover-protection.com\/es\/produkt\/mycover-funda-exterior-premium-para-scooter\/\"><strong>Funda Scooter exterior<\/strong><\/a><\/p>\n<\/div><\/div>\n<\/div>\n\n\n\n<div class=\"wp-block-cb-slide-v2 cb-slide swiper-slide\">\n<div class=\"wp-block-group\"><div class=\"wp-block-group__inner-container is-layout-constrained wp-block-group-is-layout-constrained\">\n<figure class=\"wp-block-image size-full\"><img decoding=\"async\" width=\"800\" height=\"800\" src=\"https:\/\/www.mycover-protection.com\/wp-content\/uploads\/2022\/07\/Motorrrad-Abdeckplane-Indoor-Stoff.png\" alt=\"Funda para moto Interior blando\" class=\"wp-image-20162\" srcset=\"https:\/\/www.mycover-protection.com\/wp-content\/uploads\/2022\/07\/Motorrrad-Abdeckplane-Indoor-Stoff.png 800w, https:\/\/www.mycover-protection.com\/wp-content\/uploads\/2022\/07\/Motorrrad-Abdeckplane-Indoor-Stoff-300x300.png 300w, https:\/\/www.mycover-protection.com\/wp-content\/uploads\/2022\/07\/Motorrrad-Abdeckplane-Indoor-Stoff-150x150.png 150w, https:\/\/www.mycover-protection.com\/wp-content\/uploads\/2022\/07\/Motorrrad-Abdeckplane-Indoor-Stoff-768x768.png 768w, https:\/\/www.mycover-protection.com\/wp-content\/uploads\/2022\/07\/Motorrrad-Abdeckplane-Indoor-Stoff-270x270.png 270w, https:\/\/www.mycover-protection.com\/wp-content\/uploads\/2022\/07\/Motorrrad-Abdeckplane-Indoor-Stoff-200x200.png 200w\" sizes=\"(max-width: 800px) 100vw, 800px\" \/><\/figure>\n\n\n\n<p><a href=\"https:\/\/www.mycover-protection.com\/es\/produkt\/mycover-funda-para-moto-de-interior-premium\/\"><strong>Funda para moto de interior<\/strong><\/a><\/p>\n<\/div><\/div>\n<\/div>\n<\/div><\/div><div class=\"cb-button-prev swiper-button-prev\"><\/div><div class=\"cb-button-next swiper-button-next\"><\/div><\/div>\n\n\n\n<p class=\"has-text-align-center wfa-reusable-group-all-mycover-products__category-links has-small-font-size\"><a href=\"https:\/\/www.mycover-protection.com\/es\/produkt-kategorie\/cubiertas-para-moto\/\">Cubiertas para moto<\/a> &#8211; <a href=\"https:\/\/www.mycover-protection.com\/es\/produkt-kategorie\/cubiertas-para-scooter\/\">Cubiertas para scooter<\/a><\/p>\n<\/div><\/div>\n\n<div style=\"height:100px\" aria-hidden=\"true\" class=\"wp-block-spacer wf-spacer-section\"><\/div>\n","protected":false},"excerpt":{"rendered":"<p><strong>La mayor selecci\u00f3n de Europa de Fundas para moto hechas a mano, dise\u00f1adas para ofrecer una protecci\u00f3n duradera y conservar el valor.<\/strong><\/p>\n<ul>\n<li><strong>Compra una vez, protegido durante a\u00f1os:<\/strong> Material robusto de primera calidad, resistente a los rayos UV y a la intemperie<\/li>\n<li><strong>Ajuste perfecto para m\u00e1s de 2.500 modelos:<\/strong> desde naked hasta tourer &#8211; tambi\u00e9n con ba\u00fal o maletas laterales<\/li>\n<li><strong>Protecci\u00f3n r\u00e1pida:<\/strong> Abrochado y fijado en segundos, protecci\u00f3n fiable en cualquier clima<\/li>\n<\/ul>\n","protected":false},"featured_media":49783,"comment_status":"open","ping_status":"closed","template":"","meta":[],"product_brand":[],"product_cat":[648,649],"product_tag":[],"class_list":{"0":"post-44853","1":"product","2":"type-product","3":"status-publish","4":"has-post-thumbnail","6":"product_cat-cubiertas-para-moto","7":"product_cat-fundas-para-moto","8":"pa_groesse-abdeckplanen-c-l-es","9":"pa_groesse-abdeckplanen-c-l-plus-es","10":"pa_groesse-abdeckplanen-c-l-plus-plus-es","11":"pa_groesse-abdeckplanen-c-l-plus-plus-plus-es","12":"pa_groesse-abdeckplanen-c-xl-es","13":"pa_groesse-abdeckplanen-c-xl-plus-es","14":"pa_groesse-abdeckplanen-c-xl-plus-plus-es","15":"pa_groesse-abdeckplanen-c-xxl-c-es","16":"pa_groesse-abdeckplanen-l-es","17":"pa_groesse-abdeckplanen-l-plus-es","18":"pa_groesse-abdeckplanen-l-plus-tc-es","19":"pa_groesse-abdeckplanen-l-plus-plus-es","20":"pa_groesse-abdeckplanen-l-plus-plus-tc-es","21":"pa_groesse-abdeckplanen-l-plus-plus-plus-es","22":"pa_groesse-abdeckplanen-m-es","23":"pa_groesse-abdeckplanen-m-plus-es","24":"pa_groesse-abdeckplanen-m-plus-tc-es","25":"pa_groesse-abdeckplanen-s-es","26":"pa_groesse-abdeckplanen-xl-es","27":"pa_groesse-abdeckplanen-xl-plus-es","28":"pa_groesse-abdeckplanen-xl-plus-gt-es","29":"pa_groesse-abdeckplanen-xl-plus-gt-tc-es","30":"pa_groesse-abdeckplanen-xl-plus-tc-es","31":"pa_groesse-abdeckplanen-xl-plus-plus-es","32":"pa_groesse-abdeckplanen-xl-plus-plus-tc-es","33":"pa_groesse-abdeckplanen-xxl-es","35":"first","36":"onbackorder","37":"sale","38":"taxable","39":"shipping-taxable","40":"purchasable","41":"product-type-variable"},"yoast_head":"<!-- This site is optimized with the Yoast SEO plugin v27.4 - https:\/\/yoast.com\/product\/yoast-seo-wordpress\/ -->\n<title>Funda para moto MYCOVER\u00ae para exterior | Talla en 3 clics<\/title>\n<meta name=\"description\" content=\"Funda para moto para exterior de MYCOVER\u00ae. Hecha a mano, impermeable y transpirable \u2713 Tambi\u00e9n disponible en versi\u00f3n con top case \u2713 Talla en 3 clics \u2013 desc\u00fabrala ahora.\" \/>\n<meta name=\"robots\" content=\"index, follow, max-snippet:-1, max-image-preview:large, max-video-preview:-1\" \/>\n<link rel=\"canonical\" href=\"https:\/\/www.mycover-protection.com\/es\/produkt\/mycover-funda-para-moto-exterior-premium\/\" \/>\n<meta property=\"og:locale\" content=\"es_ES\" \/>\n<meta property=\"og:type\" content=\"article\" \/>\n<meta property=\"og:title\" content=\"MYCOVER\u00ae Funda para moto outdoor | Talla en 3 clics\" \/>\n<meta property=\"og:description\" content=\"Funda para moto para exterior de MYCOVER\u00ae. Hecha a mano, impermeable y transpirable \u2713 Tambi\u00e9n disponible en versi\u00f3n para topcase \u2713 Elija su talla en 3 clics \u2013 desc\u00fabrala ahora.\" \/>\n<meta property=\"og:url\" content=\"https:\/\/www.mycover-protection.com\/es\/produkt\/mycover-funda-para-moto-exterior-premium\/\" \/>\n<meta property=\"og:site_name\" content=\"MYCOVER\u00ae Online Shop\" \/>\n<meta property=\"article:publisher\" content=\"https:\/\/www.facebook.com\/Mycover-114242613377158\/\" \/>\n<meta property=\"article:modified_time\" content=\"2026-04-29T18:19:34+00:00\" \/>\n<meta property=\"og:image\" content=\"https:\/\/www.mycover-protection.com\/wp-content\/uploads\/2020\/05\/MyCover-13-scaled.jpg\" \/>\n<meta name=\"twitter:card\" content=\"summary_large_image\" \/>\n<meta name=\"twitter:title\" content=\"MYCOVER\u00ae Funda para moto outdoor | Talla en 3 clics\" \/>\n<meta name=\"twitter:description\" content=\"Funda para moto para exterior de MYCOVER\u00ae. Hecha a mano, impermeable y transpirable \u2713 Tambi\u00e9n disponible en versi\u00f3n para topcase \u2713 Elija su talla en 3 clics \u2013 desc\u00fabrala ahora.\" \/>\n<meta name=\"twitter:label1\" content=\"Tiempo de lectura\" \/>\n\t<meta name=\"twitter:data1\" content=\"12 minutos\" \/>\n<script type=\"application\/ld+json\" class=\"yoast-schema-graph\">{\"@context\":\"https:\\\/\\\/schema.org\",\"@graph\":[{\"@type\":\"WebPage\",\"@id\":\"https:\\\/\\\/www.mycover-protection.com\\\/es\\\/produkt\\\/mycover-funda-para-moto-exterior-premium\\\/\",\"url\":\"https:\\\/\\\/www.mycover-protection.com\\\/es\\\/produkt\\\/mycover-funda-para-moto-exterior-premium\\\/\",\"name\":\"Funda para moto MYCOVER\u00ae para exterior | Talla en 3 clics\",\"isPartOf\":{\"@id\":\"https:\\\/\\\/www.mycover-protection.com\\\/es\\\/#website\"},\"primaryImageOfPage\":{\"@id\":\"https:\\\/\\\/www.mycover-protection.com\\\/es\\\/produkt\\\/mycover-funda-para-moto-exterior-premium\\\/#primaryimage\"},\"image\":{\"@id\":\"https:\\\/\\\/www.mycover-protection.com\\\/es\\\/produkt\\\/mycover-funda-para-moto-exterior-premium\\\/#primaryimage\"},\"thumbnailUrl\":\"https:\\\/\\\/www.mycover-protection.com\\\/wp-content\\\/uploads\\\/2025\\\/11\\\/funda-moto-exterior-M.jpg\",\"datePublished\":\"2019-12-17T09:19:15+00:00\",\"dateModified\":\"2026-04-29T18:19:34+00:00\",\"description\":\"Funda para moto para exterior de MYCOVER\u00ae. Hecha a mano, impermeable y transpirable \u2713 Tambi\u00e9n disponible en versi\u00f3n con top case \u2713 Talla en 3 clics \u2013 desc\u00fabrala ahora.\",\"breadcrumb\":{\"@id\":\"https:\\\/\\\/www.mycover-protection.com\\\/es\\\/produkt\\\/mycover-funda-para-moto-exterior-premium\\\/#breadcrumb\"},\"inLanguage\":\"es\",\"potentialAction\":[{\"@type\":\"ReadAction\",\"target\":[\"https:\\\/\\\/www.mycover-protection.com\\\/es\\\/produkt\\\/mycover-funda-para-moto-exterior-premium\\\/\"]}]},{\"@type\":\"ImageObject\",\"inLanguage\":\"es\",\"@id\":\"https:\\\/\\\/www.mycover-protection.com\\\/es\\\/produkt\\\/mycover-funda-para-moto-exterior-premium\\\/#primaryimage\",\"url\":\"https:\\\/\\\/www.mycover-protection.com\\\/wp-content\\\/uploads\\\/2025\\\/11\\\/funda-moto-exterior-M.jpg\",\"contentUrl\":\"https:\\\/\\\/www.mycover-protection.com\\\/wp-content\\\/uploads\\\/2025\\\/11\\\/funda-moto-exterior-M.jpg\",\"width\":1500,\"height\":1500,\"caption\":\"Funda para moto Outdoor M+\"},{\"@type\":\"BreadcrumbList\",\"@id\":\"https:\\\/\\\/www.mycover-protection.com\\\/es\\\/produkt\\\/mycover-funda-para-moto-exterior-premium\\\/#breadcrumb\",\"itemListElement\":[{\"@type\":\"ListItem\",\"position\":1,\"name\":\"Startseite\",\"item\":\"https:\\\/\\\/www.mycover-protection.com\\\/es\\\/\"},{\"@type\":\"ListItem\",\"position\":2,\"name\":\"Tienda\",\"item\":\"https:\\\/\\\/www.mycover-protection.com\\\/es\\\/tienda\\\/\"},{\"@type\":\"ListItem\",\"position\":3,\"name\":\"Funda para moto Premium MYCOVER\u00ae para exterior\"}]},{\"@type\":\"WebSite\",\"@id\":\"https:\\\/\\\/www.mycover-protection.com\\\/es\\\/#website\",\"url\":\"https:\\\/\\\/www.mycover-protection.com\\\/es\\\/\",\"name\":\"MYCOVER\u00ae Online Shop\",\"description\":\"Protection at its finest\",\"publisher\":{\"@id\":\"https:\\\/\\\/www.mycover-protection.com\\\/es\\\/#organization\"},\"potentialAction\":[{\"@type\":\"SearchAction\",\"target\":{\"@type\":\"EntryPoint\",\"urlTemplate\":\"https:\\\/\\\/www.mycover-protection.com\\\/es\\\/?s={search_term_string}\"},\"query-input\":{\"@type\":\"PropertyValueSpecification\",\"valueRequired\":true,\"valueName\":\"search_term_string\"}}],\"inLanguage\":\"es\"},{\"@type\":\"Organization\",\"@id\":\"https:\\\/\\\/www.mycover-protection.com\\\/es\\\/#organization\",\"name\":\"MYCOVER\u00ae - PROTECTION AT ITS FINEST\",\"url\":\"https:\\\/\\\/www.mycover-protection.com\\\/es\\\/\",\"logo\":{\"@type\":\"ImageObject\",\"inLanguage\":\"es\",\"@id\":\"https:\\\/\\\/www.mycover-protection.com\\\/es\\\/#\\\/schema\\\/logo\\\/image\\\/\",\"url\":\"https:\\\/\\\/www.mycover-protection.com\\\/wp-content\\\/uploads\\\/2020\\\/01\\\/PAYPAL_190x60_mycover-white.jpg\",\"contentUrl\":\"https:\\\/\\\/www.mycover-protection.com\\\/wp-content\\\/uploads\\\/2020\\\/01\\\/PAYPAL_190x60_mycover-white.jpg\",\"width\":190,\"height\":60,\"caption\":\"MYCOVER\u00ae - PROTECTION AT ITS FINEST\"},\"image\":{\"@id\":\"https:\\\/\\\/www.mycover-protection.com\\\/es\\\/#\\\/schema\\\/logo\\\/image\\\/\"},\"sameAs\":[\"https:\\\/\\\/www.facebook.com\\\/Mycover-114242613377158\\\/\"]}]}<\/script>\n<!-- \/ Yoast SEO plugin. -->","yoast_head_json":{"title":"Funda para moto MYCOVER\u00ae para exterior | Talla en 3 clics","description":"Funda para moto para exterior de MYCOVER\u00ae. Hecha a mano, impermeable y transpirable \u2713 Tambi\u00e9n disponible en versi\u00f3n con top case \u2713 Talla en 3 clics \u2013 desc\u00fabrala ahora.","robots":{"index":"index","follow":"follow","max-snippet":"max-snippet:-1","max-image-preview":"max-image-preview:large","max-video-preview":"max-video-preview:-1"},"canonical":"https:\/\/www.mycover-protection.com\/es\/produkt\/mycover-funda-para-moto-exterior-premium\/","og_locale":"es_ES","og_type":"article","og_title":"MYCOVER\u00ae Funda para moto outdoor | Talla en 3 clics","og_description":"Funda para moto para exterior de MYCOVER\u00ae. Hecha a mano, impermeable y transpirable \u2713 Tambi\u00e9n disponible en versi\u00f3n para topcase \u2713 Elija su talla en 3 clics \u2013 desc\u00fabrala ahora.","og_url":"https:\/\/www.mycover-protection.com\/es\/produkt\/mycover-funda-para-moto-exterior-premium\/","og_site_name":"MYCOVER\u00ae Online Shop","article_publisher":"https:\/\/www.facebook.com\/Mycover-114242613377158\/","article_modified_time":"2026-04-29T18:19:34+00:00","og_image":[{"url":"https:\/\/www.mycover-protection.com\/wp-content\/uploads\/2020\/05\/MyCover-13-scaled.jpg","type":"","width":"","height":""}],"twitter_card":"summary_large_image","twitter_title":"MYCOVER\u00ae Funda para moto outdoor | Talla en 3 clics","twitter_description":"Funda para moto para exterior de MYCOVER\u00ae. Hecha a mano, impermeable y transpirable \u2713 Tambi\u00e9n disponible en versi\u00f3n para topcase \u2713 Elija su talla en 3 clics \u2013 desc\u00fabrala ahora.","twitter_misc":{"Tiempo de lectura":"12 minutos"},"schema":{"@context":"https:\/\/schema.org","@graph":[{"@type":"WebPage","@id":"https:\/\/www.mycover-protection.com\/es\/produkt\/mycover-funda-para-moto-exterior-premium\/","url":"https:\/\/www.mycover-protection.com\/es\/produkt\/mycover-funda-para-moto-exterior-premium\/","name":"Funda para moto MYCOVER\u00ae para exterior | Talla en 3 clics","isPartOf":{"@id":"https:\/\/www.mycover-protection.com\/es\/#website"},"primaryImageOfPage":{"@id":"https:\/\/www.mycover-protection.com\/es\/produkt\/mycover-funda-para-moto-exterior-premium\/#primaryimage"},"image":{"@id":"https:\/\/www.mycover-protection.com\/es\/produkt\/mycover-funda-para-moto-exterior-premium\/#primaryimage"},"thumbnailUrl":"https:\/\/www.mycover-protection.com\/wp-content\/uploads\/2025\/11\/funda-moto-exterior-M.jpg","datePublished":"2019-12-17T09:19:15+00:00","dateModified":"2026-04-29T18:19:34+00:00","description":"Funda para moto para exterior de MYCOVER\u00ae. Hecha a mano, impermeable y transpirable \u2713 Tambi\u00e9n disponible en versi\u00f3n con top case \u2713 Talla en 3 clics \u2013 desc\u00fabrala ahora.","breadcrumb":{"@id":"https:\/\/www.mycover-protection.com\/es\/produkt\/mycover-funda-para-moto-exterior-premium\/#breadcrumb"},"inLanguage":"es","potentialAction":[{"@type":"ReadAction","target":["https:\/\/www.mycover-protection.com\/es\/produkt\/mycover-funda-para-moto-exterior-premium\/"]}]},{"@type":"ImageObject","inLanguage":"es","@id":"https:\/\/www.mycover-protection.com\/es\/produkt\/mycover-funda-para-moto-exterior-premium\/#primaryimage","url":"https:\/\/www.mycover-protection.com\/wp-content\/uploads\/2025\/11\/funda-moto-exterior-M.jpg","contentUrl":"https:\/\/www.mycover-protection.com\/wp-content\/uploads\/2025\/11\/funda-moto-exterior-M.jpg","width":1500,"height":1500,"caption":"Funda para moto Outdoor M+"},{"@type":"BreadcrumbList","@id":"https:\/\/www.mycover-protection.com\/es\/produkt\/mycover-funda-para-moto-exterior-premium\/#breadcrumb","itemListElement":[{"@type":"ListItem","position":1,"name":"Startseite","item":"https:\/\/www.mycover-protection.com\/es\/"},{"@type":"ListItem","position":2,"name":"Tienda","item":"https:\/\/www.mycover-protection.com\/es\/tienda\/"},{"@type":"ListItem","position":3,"name":"Funda para moto Premium MYCOVER\u00ae para exterior"}]},{"@type":"WebSite","@id":"https:\/\/www.mycover-protection.com\/es\/#website","url":"https:\/\/www.mycover-protection.com\/es\/","name":"MYCOVER\u00ae Online Shop","description":"Protection at its finest","publisher":{"@id":"https:\/\/www.mycover-protection.com\/es\/#organization"},"potentialAction":[{"@type":"SearchAction","target":{"@type":"EntryPoint","urlTemplate":"https:\/\/www.mycover-protection.com\/es\/?s={search_term_string}"},"query-input":{"@type":"PropertyValueSpecification","valueRequired":true,"valueName":"search_term_string"}}],"inLanguage":"es"},{"@type":"Organization","@id":"https:\/\/www.mycover-protection.com\/es\/#organization","name":"MYCOVER\u00ae - PROTECTION AT ITS FINEST","url":"https:\/\/www.mycover-protection.com\/es\/","logo":{"@type":"ImageObject","inLanguage":"es","@id":"https:\/\/www.mycover-protection.com\/es\/#\/schema\/logo\/image\/","url":"https:\/\/www.mycover-protection.com\/wp-content\/uploads\/2020\/01\/PAYPAL_190x60_mycover-white.jpg","contentUrl":"https:\/\/www.mycover-protection.com\/wp-content\/uploads\/2020\/01\/PAYPAL_190x60_mycover-white.jpg","width":190,"height":60,"caption":"MYCOVER\u00ae - PROTECTION AT ITS FINEST"},"image":{"@id":"https:\/\/www.mycover-protection.com\/es\/#\/schema\/logo\/image\/"},"sameAs":["https:\/\/www.facebook.com\/Mycover-114242613377158\/"]}]}},"_links":{"self":[{"href":"https:\/\/www.mycover-protection.com\/es\/wp-json\/wp\/v2\/product\/44853","targetHints":{"allow":["GET"]}}],"collection":[{"href":"https:\/\/www.mycover-protection.com\/es\/wp-json\/wp\/v2\/product"}],"about":[{"href":"https:\/\/www.mycover-protection.com\/es\/wp-json\/wp\/v2\/types\/product"}],"replies":[{"embeddable":true,"href":"https:\/\/www.mycover-protection.com\/es\/wp-json\/wp\/v2\/comments?post=44853"}],"wp:featuredmedia":[{"embeddable":true,"href":"https:\/\/www.mycover-protection.com\/es\/wp-json\/wp\/v2\/media\/49783"}],"wp:attachment":[{"href":"https:\/\/www.mycover-protection.com\/es\/wp-json\/wp\/v2\/media?parent=44853"}],"wp:term":[{"taxonomy":"product_brand","embeddable":true,"href":"https:\/\/www.mycover-protection.com\/es\/wp-json\/wp\/v2\/product_brand?post=44853"},{"taxonomy":"product_cat","embeddable":true,"href":"https:\/\/www.mycover-protection.com\/es\/wp-json\/wp\/v2\/product_cat?post=44853"},{"taxonomy":"product_tag","embeddable":true,"href":"https:\/\/www.mycover-protection.com\/es\/wp-json\/wp\/v2\/product_tag?post=44853"}],"curies":[{"name":"wp","href":"https:\/\/api.w.org\/{rel}","templated":true}]}}