{"id":45045,"date":"2021-04-08T17:15:46","date_gmt":"2021-04-08T16:15:46","guid":{"rendered":"https:\/\/www.mycover-protection.com\/produkt\/bloqueo-de-cadena-abus-granit-extreme-plus-59\/"},"modified":"2025-09-19T09:27:44","modified_gmt":"2025-09-19T08:27:44","slug":"bloqueo-de-cadena-abus-granit-extreme-plus-59","status":"publish","type":"product","link":"https:\/\/www.mycover-protection.com\/es\/produkt\/bloqueo-de-cadena-abus-granit-extreme-plus-59\/","title":{"rendered":"Bloqueo de cadena ABUS GRANIT Extreme Plus 59"},"content":{"rendered":"\n<div style=\"height:100px\" aria-hidden=\"true\" class=\"wp-block-spacer wf-spacer-section\"><\/div>\n\n<div class=\"wp-block-columns are-vertically-aligned-center is-layout-flex wp-container-core-columns-is-layout-9d6595d7 wp-block-columns-is-layout-flex\">\n<div class=\"wp-block-column is-vertically-aligned-center is-layout-flow wp-block-column-is-layout-flow\"><div class=\"wp-block-image wf-shop-item-lock-equipment-section-image\">\n<figure class=\"aligncenter size-large\"><img decoding=\"async\" width=\"800\" height=\"800\" src=\"https:\/\/www.mycover-protection.com\/wp-content\/uploads\/2021\/04\/Motorrad-Kettenschloss-Abus-Granit-Extreme-Plus-59_.jpg\" alt=\"\" class=\"wp-image-10662\" srcset=\"https:\/\/www.mycover-protection.com\/wp-content\/uploads\/2021\/04\/Motorrad-Kettenschloss-Abus-Granit-Extreme-Plus-59_.jpg 800w, https:\/\/www.mycover-protection.com\/wp-content\/uploads\/2021\/04\/Motorrad-Kettenschloss-Abus-Granit-Extreme-Plus-59_-300x300.jpg 300w, https:\/\/www.mycover-protection.com\/wp-content\/uploads\/2021\/04\/Motorrad-Kettenschloss-Abus-Granit-Extreme-Plus-59_-150x150.jpg 150w, https:\/\/www.mycover-protection.com\/wp-content\/uploads\/2021\/04\/Motorrad-Kettenschloss-Abus-Granit-Extreme-Plus-59_-768x768.jpg 768w, https:\/\/www.mycover-protection.com\/wp-content\/uploads\/2021\/04\/Motorrad-Kettenschloss-Abus-Granit-Extreme-Plus-59_-270x270.jpg 270w, https:\/\/www.mycover-protection.com\/wp-content\/uploads\/2021\/04\/Motorrad-Kettenschloss-Abus-Granit-Extreme-Plus-59_-200x200.jpg 200w, https:\/\/www.mycover-protection.com\/wp-content\/uploads\/2021\/04\/Motorrad-Kettenschloss-Abus-Granit-Extreme-Plus-59_-60x60.jpg 60w, https:\/\/www.mycover-protection.com\/wp-content\/uploads\/2021\/04\/Motorrad-Kettenschloss-Abus-Granit-Extreme-Plus-59_-90x90.jpg 90w\" sizes=\"(max-width: 800px) 100vw, 800px\" \/><\/figure>\n<\/div><\/div>\n\n\n\n<div class=\"wp-block-column is-vertically-aligned-center is-layout-flow wp-block-column-is-layout-flow\">\n<h3 class=\"wp-block-heading is-style-not-underlined\">Caracter\u00edsticas del ABUS GRANIT\u2122 Extreme Plus 59<\/h3>\n\n\n\n<ul class=\"wp-block-list\">\n<li>Nivel de seguridad 20 sobre 20<\/li>\n\n\n\n<li>La cadena, la carcasa y las piezas portantes del mecanismo de bloqueo son de acero especialmente endurecido<\/li>\n\n\n\n<li>Cadena hexagonal de 12 mm con tubo textil para protegerla de da\u00f1os en la pintura<\/li>\n\n\n\n<li>4 cm de di\u00e1metro con funda textil<\/li>\n\n\n\n<li>Tapa manual para el ojo de la cerradura para protegerlo de la suciedad y la corrosi\u00f3n<\/li>\n\n\n\n<li>Longitud disponible de 110 cm y 170 cm (incl. cuerpo de la cerradura)<\/li>\n<\/ul>\n<\/div>\n<\/div>\n\n<div style=\"height:100px\" aria-hidden=\"true\" class=\"wp-block-spacer wf-spacer-section\"><\/div>\n\n<h3 class=\"wp-block-heading is-style-not-underlined\">Tecnolog\u00eda de ABUS  <\/h3>\n\n<div class=\"wp-block-group wf-shop-item-lock-pictograms-section\"><div class=\"wp-block-group__inner-container is-layout-flow wp-block-group-is-layout-flow\">\n<div class=\"wp-block-columns wf-reusable-block-abus-pictogram is-layout-flex wp-container-core-columns-is-layout-9d6595d7 wp-block-columns-is-layout-flex\">\n<div class=\"wp-block-column is-layout-flow wp-block-column-is-layout-flow\">\n<figure class=\"wp-block-image size-thumbnail\"><img decoding=\"async\" width=\"150\" height=\"150\" src=\"https:\/\/www.mycover-protection.com\/wp-content\/uploads\/2021\/07\/abus-piktogramm-doppelte-verriegelung_motorradschloss-150x150.png\" alt=\"\" class=\"wp-image-12977\" srcset=\"https:\/\/www.mycover-protection.com\/wp-content\/uploads\/2021\/07\/abus-piktogramm-doppelte-verriegelung_motorradschloss-150x150.png 150w, https:\/\/www.mycover-protection.com\/wp-content\/uploads\/2021\/07\/abus-piktogramm-doppelte-verriegelung_motorradschloss-300x300.png 300w, https:\/\/www.mycover-protection.com\/wp-content\/uploads\/2021\/07\/abus-piktogramm-doppelte-verriegelung_motorradschloss-1024x1024.png 1024w, https:\/\/www.mycover-protection.com\/wp-content\/uploads\/2021\/07\/abus-piktogramm-doppelte-verriegelung_motorradschloss-768x768.png 768w, https:\/\/www.mycover-protection.com\/wp-content\/uploads\/2021\/07\/abus-piktogramm-doppelte-verriegelung_motorradschloss-1536x1536.png 1536w, https:\/\/www.mycover-protection.com\/wp-content\/uploads\/2021\/07\/abus-piktogramm-doppelte-verriegelung_motorradschloss-2048x2048.png 2048w, https:\/\/www.mycover-protection.com\/wp-content\/uploads\/2021\/07\/abus-piktogramm-doppelte-verriegelung_motorradschloss-270x270.png 270w, https:\/\/www.mycover-protection.com\/wp-content\/uploads\/2021\/07\/abus-piktogramm-doppelte-verriegelung_motorradschloss-800x800.png 800w, https:\/\/www.mycover-protection.com\/wp-content\/uploads\/2021\/07\/abus-piktogramm-doppelte-verriegelung_motorradschloss-200x200.png 200w, https:\/\/www.mycover-protection.com\/wp-content\/uploads\/2021\/07\/abus-piktogramm-doppelte-verriegelung_motorradschloss-60x60.png 60w, https:\/\/www.mycover-protection.com\/wp-content\/uploads\/2021\/07\/abus-piktogramm-doppelte-verriegelung_motorradschloss-90x90.png 90w\" sizes=\"(max-width: 150px) 100vw, 150px\" \/><\/figure>\n<\/div>\n\n\n\n<div class=\"wp-block-column is-layout-flow wp-block-column-is-layout-flow\">\n<h4 class=\"is-style-not-underlined wp-block-heading\">Doble cierre<\/h4>\n\n\n\n<p>Doble bloqueo del grillete en el cuerpo de la cerradura<\/p>\n<\/div>\n<\/div>\n\n\n\n<div class=\"wp-block-columns wf-reusable-block-abus-pictogram is-layout-flex wp-container-core-columns-is-layout-9d6595d7 wp-block-columns-is-layout-flex\">\n<div class=\"wp-block-column is-layout-flow wp-block-column-is-layout-flow\">\n<figure class=\"wp-block-image size-thumbnail\"><img decoding=\"async\" width=\"150\" height=\"150\" src=\"https:\/\/www.mycover-protection.com\/wp-content\/uploads\/2021\/07\/abus-piktogramm-leuchtschluessel-motorradschloss-150x150.png\" alt=\"\" class=\"wp-image-12991\" srcset=\"https:\/\/www.mycover-protection.com\/wp-content\/uploads\/2021\/07\/abus-piktogramm-leuchtschluessel-motorradschloss-150x150.png 150w, https:\/\/www.mycover-protection.com\/wp-content\/uploads\/2021\/07\/abus-piktogramm-leuchtschluessel-motorradschloss-300x300.png 300w, https:\/\/www.mycover-protection.com\/wp-content\/uploads\/2021\/07\/abus-piktogramm-leuchtschluessel-motorradschloss-1024x1024.png 1024w, https:\/\/www.mycover-protection.com\/wp-content\/uploads\/2021\/07\/abus-piktogramm-leuchtschluessel-motorradschloss-768x768.png 768w, https:\/\/www.mycover-protection.com\/wp-content\/uploads\/2021\/07\/abus-piktogramm-leuchtschluessel-motorradschloss-1536x1536.png 1536w, https:\/\/www.mycover-protection.com\/wp-content\/uploads\/2021\/07\/abus-piktogramm-leuchtschluessel-motorradschloss-2048x2048.png 2048w, https:\/\/www.mycover-protection.com\/wp-content\/uploads\/2021\/07\/abus-piktogramm-leuchtschluessel-motorradschloss-270x270.png 270w, https:\/\/www.mycover-protection.com\/wp-content\/uploads\/2021\/07\/abus-piktogramm-leuchtschluessel-motorradschloss-800x800.png 800w, https:\/\/www.mycover-protection.com\/wp-content\/uploads\/2021\/07\/abus-piktogramm-leuchtschluessel-motorradschloss-200x200.png 200w, https:\/\/www.mycover-protection.com\/wp-content\/uploads\/2021\/07\/abus-piktogramm-leuchtschluessel-motorradschloss-60x60.png 60w, https:\/\/www.mycover-protection.com\/wp-content\/uploads\/2021\/07\/abus-piktogramm-leuchtschluessel-motorradschloss-90x90.png 90w\" sizes=\"(max-width: 150px) 100vw, 150px\" \/><\/figure>\n<\/div>\n\n\n\n<div class=\"wp-block-column is-layout-flow wp-block-column-is-layout-flow\">\n<h4 class=\"is-style-not-underlined wp-block-heading\">Llave iluminada<\/h4>\n\n\n\n<p>Llave luminosa incluida en el volumen de suministro<\/p>\n<\/div>\n<\/div>\n\n\n\n<div class=\"wp-block-columns wf-reusable-block-abus-pictogram is-layout-flex wp-container-core-columns-is-layout-9d6595d7 wp-block-columns-is-layout-flex\">\n<div class=\"wp-block-column is-layout-flow wp-block-column-is-layout-flow\">\n<figure class=\"wp-block-image size-thumbnail\"><img decoding=\"async\" width=\"150\" height=\"150\" src=\"https:\/\/www.mycover-protection.com\/wp-content\/uploads\/2021\/07\/abus-piktogramm-schliesszwang-motorradschloss-150x150.png\" alt=\"\" class=\"wp-image-12995\" srcset=\"https:\/\/www.mycover-protection.com\/wp-content\/uploads\/2021\/07\/abus-piktogramm-schliesszwang-motorradschloss-150x150.png 150w, https:\/\/www.mycover-protection.com\/wp-content\/uploads\/2021\/07\/abus-piktogramm-schliesszwang-motorradschloss-300x300.png 300w, https:\/\/www.mycover-protection.com\/wp-content\/uploads\/2021\/07\/abus-piktogramm-schliesszwang-motorradschloss-1024x1024.png 1024w, https:\/\/www.mycover-protection.com\/wp-content\/uploads\/2021\/07\/abus-piktogramm-schliesszwang-motorradschloss-768x768.png 768w, https:\/\/www.mycover-protection.com\/wp-content\/uploads\/2021\/07\/abus-piktogramm-schliesszwang-motorradschloss-1536x1536.png 1536w, https:\/\/www.mycover-protection.com\/wp-content\/uploads\/2021\/07\/abus-piktogramm-schliesszwang-motorradschloss-2048x2048.png 2048w, https:\/\/www.mycover-protection.com\/wp-content\/uploads\/2021\/07\/abus-piktogramm-schliesszwang-motorradschloss-270x270.png 270w, https:\/\/www.mycover-protection.com\/wp-content\/uploads\/2021\/07\/abus-piktogramm-schliesszwang-motorradschloss-800x800.png 800w, https:\/\/www.mycover-protection.com\/wp-content\/uploads\/2021\/07\/abus-piktogramm-schliesszwang-motorradschloss-200x200.png 200w\" sizes=\"(max-width: 150px) 100vw, 150px\" \/><\/figure>\n<\/div>\n\n\n\n<div class=\"wp-block-column is-layout-flow wp-block-column-is-layout-flow\">\n<h4 class=\"is-style-not-underlined wp-block-heading\">Bloqueo obligatorio<\/h4>\n\n\n\n<p>Se requiere bloqueo activo con llave<\/p>\n<\/div>\n<\/div>\n\n\n\n<div class=\"wp-block-columns wf-reusable-block-abus-pictogram is-layout-flex wp-container-core-columns-is-layout-9d6595d7 wp-block-columns-is-layout-flex\">\n<div class=\"wp-block-column is-layout-flow wp-block-column-is-layout-flow\">\n<figure class=\"wp-block-image size-thumbnail\"><img decoding=\"async\" width=\"150\" height=\"150\" src=\"https:\/\/www.mycover-protection.com\/wp-content\/uploads\/2021\/07\/abus-piktogramm-xplus-motorradschloss-150x150.png\" alt=\"\" class=\"wp-image-12997\" srcset=\"https:\/\/www.mycover-protection.com\/wp-content\/uploads\/2021\/07\/abus-piktogramm-xplus-motorradschloss-150x150.png 150w, https:\/\/www.mycover-protection.com\/wp-content\/uploads\/2021\/07\/abus-piktogramm-xplus-motorradschloss-300x300.png 300w, https:\/\/www.mycover-protection.com\/wp-content\/uploads\/2021\/07\/abus-piktogramm-xplus-motorradschloss-1024x1024.png 1024w, https:\/\/www.mycover-protection.com\/wp-content\/uploads\/2021\/07\/abus-piktogramm-xplus-motorradschloss-768x768.png 768w, https:\/\/www.mycover-protection.com\/wp-content\/uploads\/2021\/07\/abus-piktogramm-xplus-motorradschloss-1536x1536.png 1536w, https:\/\/www.mycover-protection.com\/wp-content\/uploads\/2021\/07\/abus-piktogramm-xplus-motorradschloss-2048x2048.png 2048w, https:\/\/www.mycover-protection.com\/wp-content\/uploads\/2021\/07\/abus-piktogramm-xplus-motorradschloss-270x270.png 270w, https:\/\/www.mycover-protection.com\/wp-content\/uploads\/2021\/07\/abus-piktogramm-xplus-motorradschloss-800x800.png 800w, https:\/\/www.mycover-protection.com\/wp-content\/uploads\/2021\/07\/abus-piktogramm-xplus-motorradschloss-200x200.png 200w, https:\/\/www.mycover-protection.com\/wp-content\/uploads\/2021\/07\/abus-piktogramm-xplus-motorradschloss-60x60.png 60w, https:\/\/www.mycover-protection.com\/wp-content\/uploads\/2021\/07\/abus-piktogramm-xplus-motorradschloss-90x90.png 90w\" sizes=\"(max-width: 150px) 100vw, 150px\" \/><\/figure>\n<\/div>\n\n\n\n<div class=\"wp-block-column is-layout-flow wp-block-column-is-layout-flow\">\n<h4 class=\"is-style-not-underlined wp-block-heading\">XPlus<\/h4>\n\n\n\n<p>Cilindro de disco \u00abXPlus\u00bb resistente al picking<\/p>\n<\/div>\n<\/div>\n\n\n\n<div class=\"wp-block-columns wf-reusable-block-abus-pictogram is-layout-flex wp-container-core-columns-is-layout-9d6595d7 wp-block-columns-is-layout-flex\">\n<div class=\"wp-block-column is-layout-flow wp-block-column-is-layout-flow\">\n<figure class=\"wp-block-image size-thumbnail\"><img decoding=\"async\" width=\"150\" height=\"150\" src=\"https:\/\/www.mycover-protection.com\/wp-content\/uploads\/2021\/07\/abus-piktogramm-gleichschliessung-motorradschloss-150x150.png\" alt=\"\" class=\"wp-image-13007\" srcset=\"https:\/\/www.mycover-protection.com\/wp-content\/uploads\/2021\/07\/abus-piktogramm-gleichschliessung-motorradschloss-150x150.png 150w, https:\/\/www.mycover-protection.com\/wp-content\/uploads\/2021\/07\/abus-piktogramm-gleichschliessung-motorradschloss-300x300.png 300w, https:\/\/www.mycover-protection.com\/wp-content\/uploads\/2021\/07\/abus-piktogramm-gleichschliessung-motorradschloss-1024x1024.png 1024w, https:\/\/www.mycover-protection.com\/wp-content\/uploads\/2021\/07\/abus-piktogramm-gleichschliessung-motorradschloss-768x768.png 768w, https:\/\/www.mycover-protection.com\/wp-content\/uploads\/2021\/07\/abus-piktogramm-gleichschliessung-motorradschloss-1536x1536.png 1536w, https:\/\/www.mycover-protection.com\/wp-content\/uploads\/2021\/07\/abus-piktogramm-gleichschliessung-motorradschloss-2048x2048.png 2048w, https:\/\/www.mycover-protection.com\/wp-content\/uploads\/2021\/07\/abus-piktogramm-gleichschliessung-motorradschloss-270x270.png 270w, https:\/\/www.mycover-protection.com\/wp-content\/uploads\/2021\/07\/abus-piktogramm-gleichschliessung-motorradschloss-800x800.png 800w, https:\/\/www.mycover-protection.com\/wp-content\/uploads\/2021\/07\/abus-piktogramm-gleichschliessung-motorradschloss-200x200.png 200w\" sizes=\"(max-width: 150px) 100vw, 150px\" \/><\/figure>\n<\/div>\n\n\n\n<div class=\"wp-block-column is-layout-flow wp-block-column-is-layout-flow\">\n<h4 class=\"is-style-not-underlined wp-block-heading\">Ecualizaci\u00f3n<\/h4>\n\n\n\n<p>Se pueden accionar varias cerraduras con una sola llave<\/p>\n<\/div>\n<\/div>\n<\/div><\/div>\n\n<div style=\"height:100px\" aria-hidden=\"true\" class=\"wp-block-spacer wf-spacer-section\"><\/div>\n\n<div>\n<figure class=\"wf-do-not-force-embed-block wp-block-embed is-type-video is-provider-youtube wp-block-embed-youtube wp-embed-aspect-16-9 wp-has-aspect-ratio\">\n<div class=\"wp-block-embed__wrapper\">\n <div class=\"brlbs-cmpnt-container brlbs-cmpnt-content-blocker brlbs-cmpnt-with-individual-styles\" data-borlabs-cookie-content-blocker-id=\"youtube-content-blocker\" data-borlabs-cookie-content=\"PGlmcmFtZSB0aXRsZT0iQUJVUyBHcmFuaXTihKIgRGV0ZWN0byA4MDc4IFNtYXJ0WCAtIEJsb3F1ZW8gZGUgZGlzY28gZGUgZnJlbm8iIGFsbG93ZnVsbHNjcmVlbj0iYWxsb3dmdWxsc2NyZWVuIiBzcmM9Imh0dHBzOi8vd3d3LnlvdXR1YmUtbm9jb29raWUuY29tL2VtYmVkL05ZaUhkVEhrWFNFP2F1dG9wbGF5PTAmYXV0b2hpZGU9MSZmcz0xJnJlbD0wJmhkPTEmd21vZGU9dHJhbnNwYXJlbnQmZW5hYmxlanNhcGk9MSZodG1sNT0xIiB3aWR0aD0iNTAwIiBoZWlnaHQ9IjI4MSIgZnJhbWVib3JkZXI9IjAiIGFsbG93PSJhY2NlbGVyb21ldGVyOyBjbGlwYm9hcmQtd3JpdGU7IGVuY3J5cHRlZC1tZWRpYTsgZ3lyb3Njb3BlOyBwaWN0dXJlLWluLXBpY3R1cmUiPjwvaWZyYW1lPg==\"><div class=\"brlbs-cmpnt-cb-preset-c brlbs-cmpnt-cb-youtube\"> <div class=\"brlbs-cmpnt-cb-thumbnail\" style=\"background-image: url('https:\/\/www.mycover-protection.com\/wp-content\/uploads\/borlabs-cookie\/1\/yt_NYiHdTHkXSE_hqdefault.jpg')\"><\/div> <div class=\"brlbs-cmpnt-cb-main\"> <div class=\"brlbs-cmpnt-cb-play-button\"><\/div> <div class=\"brlbs-cmpnt-cb-content\"> <p class=\"brlbs-cmpnt-cb-description\">Est\u00e1s viendo contenido de <strong>YouTube<\/strong>. Para acceder al contenido real, haga clic en el bot\u00f3n de abajo. Tenga en cuenta que los datos se transmitir\u00e1n a terceros proveedores.<\/p> <a class=\"brlbs-cmpnt-cb-provider-toggle\" href=\"#\" data-borlabs-cookie-show-provider-information role=\"button\">M\u00e1s informaci\u00f3n<\/a> <\/div> <div class=\"brlbs-cmpnt-cb-buttons\"> <a class=\"brlbs-cmpnt-cb-btn\" href=\"#\" data-borlabs-cookie-unblock role=\"button\">Ver v\u00eddeo<\/a> <a class=\"brlbs-cmpnt-cb-btn\" href=\"#\" data-borlabs-cookie-accept-service role=\"button\" style=\"display: inherit\">Mostrar siempre v\u00eddeos de YouTube<\/a> <\/div> <\/div> <\/div><\/div>\n<\/div>\n<\/figure><\/div>\n\n<div style=\"height:100px\" aria-hidden=\"true\" class=\"wp-block-spacer wf-spacer-section\"><\/div>\n\n<div class=\"wp-block-columns is-layout-flex wp-container-core-columns-is-layout-9d6595d7 wp-block-columns-is-layout-flex\">\n<div class=\"wp-block-column is-layout-flow wp-block-column-is-layout-flow\" style=\"flex-basis:66.66%\">\n<h3 class=\"wp-block-heading is-style-not-underlined\">ABUS GRANIT\u2122 Extreme Plus 59<\/h3>\n\n\n\n<p>Precauci\u00f3n, s\u00f3lo para amantes de las bicis y entusiastas de las motos. Protege lo que tienes con lo mejor que puedas comprar. <\/p>\n\n\n\n<p>Si tienes el GRANIT\u2122 Extreme Plus 59 en la mano, sabr\u00e1s inmediatamente que conf\u00edas en una combinaci\u00f3n de cerradura y cadena especialmente fiable.<\/p>\n\n\n\n<p>La resistente y extremadamente s\u00f3lida cadena hexagonal de 12 mm de acero especial endurecido ya es un argumento de peso para sentirse realmente seguro. Adem\u00e1s, 4 cm con revestimiento textil hablan por s\u00ed solos. El segundo componente de esta combinaci\u00f3n, el candado, va a\u00fan m\u00e1s all\u00e1: gracias a la tecnolog\u00eda patentada ABUS Power Link, la cadena se conecta directamente y de forma protegida a \u00e9l. La carcasa y el mecanismo de cierre tambi\u00e9n est\u00e1n fabricados en acero especialmente endurecido. Y quien intente manipular la cerradura sin autorizaci\u00f3n, conocer\u00e1 la seguridad contra manipulaciones del cilindro ABUS XPlus.    <\/p>\n\n\n\n<h3 class=\"wp-block-heading\"><strong>Las ventajas de ABUS GRANIT\u2122 Extreme Plus 59<\/strong><\/h3>\n\n\n\n<ul class=\"wp-block-list\">\n<li>Muy buena protecci\u00f3n para alto riesgo de robo<\/li>\n\n\n\n<li>La cadena, la carcasa y las piezas portantes del mecanismo de bloqueo son de acero especialmente endurecido (3.800 g)<\/li>\n\n\n\n<li>Las combinaciones candado-cadena son una soluci\u00f3n muy buena para conectar motos a objetos fijos<\/li>\n\n\n\n<li>La tecnolog\u00eda ABUS Power Link (patentada) permite la conexi\u00f3n directa y protegida de la cadena al mecanismo de cierre<\/li>\n\n\n\n<li>Recomendado para asegurar motos de alta calidad<\/li>\n\n\n\n<li>Manejo especialmente pr\u00e1ctico porque s\u00f3lo hay que bloquear un extremo de la cadena<\/li>\n\n\n\n<li>Tapa manual para el ojo de la cerradura para protegerlo de la suciedad y la corrosi\u00f3n<\/li>\n\n\n\n<li>Puedes pedir esta cerradura con la misma llave que otras cerraduras. Esto significa que varias cerraduras coinciden con una llave o una cerradura <\/li>\n<\/ul>\n<\/div>\n\n\n\n<div class=\"wp-block-column is-layout-flow wp-block-column-is-layout-flow\" style=\"flex-basis:33.33%\">\n<div class=\"wp-block-group wf-reusable-block-abus-ps88-spray-ad wf-element-sticky\"><div class=\"wp-block-group__inner-container is-layout-flow wp-block-group-is-layout-flow\">\n<h3 class=\"wp-block-heading is-style-not-underlined\">\u00a1M\u00e1s retenci\u00f3n del valor de tu moto!<\/h3>\n\n\n<div data-block-name=\"woocommerce\/handpicked-products\" data-columns=\"1\" data-content-visibility=\"{&quot;image&quot;:true,&quot;title&quot;:true,&quot;price&quot;:true,&quot;rating&quot;:true,&quot;button&quot;:false}\" data-products=\"[44853]\" class=\"wc-block-grid wp-block-handpicked-products wp-block-woocommerce-handpicked-products wc-block-handpicked-products has-1-columns has-multiple-rows\"><ul class=\"wc-block-grid__products\"><li class=\"wc-block-grid__product\"><span class=\"gtm4wp_productdata\" style=\"display:none; visibility:hidden;\" data-gtm4wp_product_data=\"{&quot;internal_id&quot;:44853,&quot;item_id&quot;:&quot;OC-&quot;,&quot;item_name&quot;:&quot;Funda para moto Premium MYCOVER\\u00ae para exterior&quot;,&quot;sku&quot;:&quot;OC-&quot;,&quot;price&quot;:139,&quot;stocklevel&quot;:0,&quot;stockstatus&quot;:&quot;onbackorder&quot;,&quot;google_business_vertical&quot;:&quot;retail&quot;,&quot;item_category&quot;:&quot;Cubiertas para moto&quot;,&quot;id&quot;:&quot;OC-&quot;,&quot;productlink&quot;:&quot;https:\\\/\\\/www.mycover-protection.com\\\/es\\\/produkt\\\/mycover-funda-para-moto-exterior-premium\\\/&quot;,&quot;item_list_name&quot;:&quot;Lista general de productos&quot;,&quot;index&quot;:0,&quot;product_type&quot;:&quot;variable&quot;,&quot;item_brand&quot;:&quot;&quot;}\"><\/span>\n\t\t\t\t<a href=\"https:\/\/www.mycover-protection.com\/es\/produkt\/mycover-funda-para-moto-exterior-premium\/\" class=\"wc-block-grid__product-link\">\n\t\t\t\t\t\n\t\t\t\t\t<div class=\"wc-block-grid__product-image\"><img decoding=\"async\" width=\"300\" height=\"300\" src=\"https:\/\/www.mycover-protection.com\/wp-content\/uploads\/2025\/11\/funda-moto-exterior-M-300x300.jpg\" class=\"attachment-woocommerce_thumbnail size-woocommerce_thumbnail\" alt=\"Funda para moto Outdoor M+\" srcset=\"https:\/\/www.mycover-protection.com\/wp-content\/uploads\/2025\/11\/funda-moto-exterior-M-300x300.jpg 300w, https:\/\/www.mycover-protection.com\/wp-content\/uploads\/2025\/11\/funda-moto-exterior-M-1024x1024.jpg 1024w, https:\/\/www.mycover-protection.com\/wp-content\/uploads\/2025\/11\/funda-moto-exterior-M-150x150.jpg 150w, https:\/\/www.mycover-protection.com\/wp-content\/uploads\/2025\/11\/funda-moto-exterior-M-768x768.jpg 768w, https:\/\/www.mycover-protection.com\/wp-content\/uploads\/2025\/11\/funda-moto-exterior-M-270x270.jpg 270w, https:\/\/www.mycover-protection.com\/wp-content\/uploads\/2025\/11\/funda-moto-exterior-M-800x800.jpg 800w, https:\/\/www.mycover-protection.com\/wp-content\/uploads\/2025\/11\/funda-moto-exterior-M-200x200.jpg 200w, https:\/\/www.mycover-protection.com\/wp-content\/uploads\/2025\/11\/funda-moto-exterior-M.jpg 1500w\" sizes=\"(max-width: 300px) 100vw, 300px\" \/><\/div>\n\t\t\t\t\t<div class=\"wc-block-grid__product-title\">Funda para moto Premium MYCOVER\u00ae para exterior<\/div>\n\t\t\t\t<\/a>\n\t\t\t\t<div class=\"wfa-wc-product-star-rating wfa-wc-block-grid__product-stars\" style=\"--fill:0.986;\" role=\"img\" aria-label=\"Valorado con 4.93 de 5\"><\/div><div class=\"wc-block-grid__product-price price\"><span class=\"wfa-variable-parent-price-range wfa-variable-parent-price-range--regular\"><del><span class=\"woocommerce-Price-amount amount\" aria-hidden=\"true\">159,00<span class=\"woocommerce-Price-currencySymbol\">&euro;<\/span><\/span> <span aria-hidden=\"true\">&#8211;<\/span> <span class=\"woocommerce-Price-amount amount\" aria-hidden=\"true\">279,00<span class=\"woocommerce-Price-currencySymbol\">&euro;<\/span><\/span><span class=\"screen-reader-text\">Rango de precios: desde 159,00&euro; hasta 279,00&euro;<\/span><\/del><\/span><span class=\"wfa-variable-parent-price-range wfa-variable-parent-price-range--sale\"><ins><span class=\"woocommerce-Price-amount amount\" aria-hidden=\"true\">139,00<span class=\"woocommerce-Price-currencySymbol\">&euro;<\/span><\/span> <span aria-hidden=\"true\">&#8211;<\/span> <span class=\"woocommerce-Price-amount amount\" aria-hidden=\"true\">259,00<span class=\"woocommerce-Price-currencySymbol\">&euro;<\/span><\/span><span class=\"screen-reader-text\">Rango de precios: desde 139,00&euro; hasta 259,00&euro;<\/span><\/ins><\/span><\/div><div class=\"wfa-wc-block-grid__product-badge-list\" aria-label=\"Caracter\u00edsticas especiales\"><p class=\"wfa-wc-block-grid__product-badge\">\ud83c\udfc6 Bestseller<\/p><p class=\"wfa-wc-block-grid__product-badge\">\ud83d\udd25 \u00a1Ahorra 20&euro; ahora!<\/p><p class=\"wfa-wc-block-grid__product-badge\">\u2728 16 Tama\u00f1os<\/p><\/div>\n\t\t\t\t\n\t\t\t\t\n\t\t\t<\/li><\/ul><\/div><\/div><\/div>\n<\/div>\n<\/div>\n\n<div style=\"height:100px\" aria-hidden=\"true\" class=\"wp-block-spacer wf-spacer-section\"><\/div>\n\n<div style=\"height:100px\" aria-hidden=\"true\" class=\"wp-block-spacer wf-spacer-section\"><\/div>\n\n<div class=\"wp-block-columns wf-shop-item-lock-row--delivery-downloads is-layout-flex wp-container-core-columns-is-layout-9d6595d7 wp-block-columns-is-layout-flex\">\n<div class=\"wp-block-column is-layout-flow wp-block-column-is-layout-flow\" style=\"flex-basis:66.66%\">\n<h3 class=\"wp-block-heading is-style-not-underlined\">Volumen de suministro<\/h3>\n\n\n\n<ul class=\"wp-block-list\">\n<li>1x llave LED + 1x llave<\/li>\n\n\n\n<li>1x tarjeta con c\u00f3digo QR (para duplicados y llaves de repuesto)<\/li>\n\n\n\n<li>Instrucciones de uso<\/li>\n<\/ul>\n<\/div>\n\n\n\n<div class=\"wp-block-column is-layout-flow wp-block-column-is-layout-flow\" style=\"flex-basis:33.33%\">\n<div class=\"wp-block-group wf-shop-item-lock-downloads wf-element-sticky\"><div class=\"wp-block-group__inner-container is-layout-flow wp-block-group-is-layout-flow\">\n<h3 class=\"wp-block-heading is-style-not-underlined\">Descargas<\/h3>\n\n\n\n<ul class=\"wp-block-list\">\n<li><a rel=\"noreferrer noopener\" href=\"https:\/\/www.mycover-protection.com\/wp-content\/uploads\/2021\/03\/4003318565588_ger-DE.pdf\" data-type=\"URL\" data-id=\"https:\/\/www.mycover-protection.com\/wp-content\/uploads\/2021\/03\/4003318565588_ger-DE.pdf\" target=\"_blank\">Hoja de datos ABUS GRANIT\u2122 Extreme Plus 59<\/a><\/li>\n\n\n\n<li>Lista de control ABUS: <a rel=\"noreferrer noopener\" href=\"https:\/\/www.mycover-protection.com\/wp-content\/uploads\/2021\/08\/ABUS_Checkliste_Motorradschloss.pdf\" data-type=\"URL\" data-id=\"https:\/\/www.mycover-protection.com\/wp-content\/uploads\/2021\/08\/ABUS_Checkliste_Motorradschloss.pdf\" target=\"_blank\">Seguridad en la carretera &#8211; Seguridad en moto (PDF)<\/a><\/li>\n<\/ul>\n<\/div><\/div>\n<\/div>\n<\/div>\n\n<div style=\"height:100px\" aria-hidden=\"true\" class=\"wp-block-spacer wf-spacer-section\"><\/div>\n\n<h3 class=\"wp-block-heading is-style-not-underlined\">Preguntas m\u00e1s frecuentes<\/h3>\n\n<details class=\"wp-block-webfluence-blocks-details-summary\">\n<summary class=\"wp-block-webfluence-blocks-details-summary-title\">\n<h4 class=\"wp-block-heading\">\u00bfC\u00f3mo puedo abrir y cerrar el cierre de cadena?<\/h4>\n<\/summary>\n\n\n\n<div class=\"wp-block-webfluence-blocks-details-summary-body\">\n<p><mark style=\"background-color:rgba(0, 0, 0, 0)\" class=\"has-inline-color has-black-color\">El ABUS GRANIT\u2122 Extreme Plus 59<\/mark> <mark style=\"background-color:rgba(0, 0, 0, 0)\" class=\"has-inline-color has-black-color\">se puede abrir f\u00e1cilmente con una llave. El volumen de suministro incluye 1 llave LED y 1 llave est\u00e1ndar.   <\/mark><\/p>\n<\/div>\n<\/details>\n\n<details class=\"wp-block-webfluence-blocks-details-summary\">\n<summary class=\"wp-block-webfluence-blocks-details-summary-title\">\n<h4 class=\"wp-block-heading\">\u00bfQu\u00e9 hace que el Granit Extreme Plus 59 sea tan seguro?<\/h4>\n<\/summary>\n\n\n\n<div class=\"wp-block-webfluence-blocks-details-summary-body\">\n<p>Este candado est\u00e1 especialmente dise\u00f1ado para los requisitos de seguridad m\u00e1s exigentes: La cadena hexagonal de 12 mm de acero endurecido, en combinaci\u00f3n con el cilindro patentado ABUS Plus, hace la vida dif\u00edcil incluso a los profesionales, incluso con herramientas pesadas.<\/p>\n<\/div>\n<\/details>\n\n<details class=\"wp-block-webfluence-blocks-details-summary\">\n<summary class=\"wp-block-webfluence-blocks-details-summary-title\">\n<h4 class=\"wp-block-heading\">\u00bfCu\u00e1nto dura el candado y con qu\u00e9 flexibilidad se puede utilizar?<\/h4>\n<\/summary>\n\n\n\n<div class=\"wp-block-webfluence-blocks-details-summary-body\">\n<p>El candado de cadena est\u00e1 disponible en longitudes de 110 cm y 140 cm. Esto significa que no s\u00f3lo puedes asegurar tu moto a farolas o perchas, sino que tambi\u00e9n tienes espacio suficiente para maniobrar en espacios reducidos, como aparcamientos subterr\u00e1neos o plazas de aparcamiento estrechas. <\/p>\n<\/div>\n<\/details>\n\n<details class=\"wp-block-webfluence-blocks-details-summary\">\n<summary class=\"wp-block-webfluence-blocks-details-summary-title\">\n<h4 class=\"wp-block-heading\">\u00bfCu\u00e1nto pesa el ABUS Granit Extreme Plus 59?<\/h4>\n<\/summary>\n\n\n\n<div class=\"wp-block-webfluence-blocks-details-summary-body\">\n<p>Dependiendo de la longitud, el candado pesa entre 3,6 y 4,5 kg. Un aut\u00e9ntico peso pesado, pero eso es precisamente lo que echa para atr\u00e1s a los profesionales. La s\u00f3lida construcci\u00f3n es una clara se\u00f1al: No vale la pena atacar aqu\u00ed.  <\/p>\n<\/div>\n<\/details>\n\n<details class=\"wp-block-webfluence-blocks-details-summary\">\n<summary class=\"wp-block-webfluence-blocks-details-summary-title\">\n<h4 class=\"wp-block-heading\">\u00bfQu\u00e9 tiene de especial el cilindro ABUS Plus?<\/h4>\n<\/summary>\n\n\n\n<div class=\"wp-block-webfluence-blocks-details-summary-body\">\n<p>El cilindro ABUS Plus es especialmente resistente al robo y la manipulaci\u00f3n. Ofrece un nivel de seguridad muy alto, especialmente contra las llamadas t\u00e9cnicas de apertura \u00abinteligentes\u00bb. <\/p>\n<\/div>\n<\/details>\n\n<details class=\"wp-block-webfluence-blocks-details-summary\">\n<summary class=\"wp-block-webfluence-blocks-details-summary-title\">\n<h4 class=\"wp-block-heading\">\u00bfEl ABUS GRANIT Extreme Plus 59 es relevante para el seguro?<\/h4>\n<\/summary>\n\n\n\n<div class=\"wp-block-webfluence-blocks-details-summary-body\">\n<p>Muchas compa\u00f1\u00edas de seguros exigen o premian cerraduras de alta calidad. El Granit Extreme Plus 59 suele estar reconocido por las aseguradoras, y merece la pena dirigirse a la compa\u00f1\u00eda de seguros al respecto, sobre todo si se trata de motos de alta calidad. <\/p>\n<\/div>\n<\/details>\n\n<details class=\"wp-block-webfluence-blocks-details-summary\">\n<summary class=\"wp-block-webfluence-blocks-details-summary-title\">\n<h4 class=\"wp-block-heading\">\u00bfQu\u00e9 pasa si pierdo la llave?<\/h4>\n<\/summary>\n\n\n\n<div class=\"wp-block-webfluence-blocks-details-summary-body\">\n<p>ABUS suministra dos llaves, una de ellas con iluminaci\u00f3n LED. Tambi\u00e9n hay una tarjeta con c\u00f3digo personalizado que puedes utilizar para pedir llaves de repuesto directamente a ABUS, de forma r\u00e1pida y segura. <\/p>\n<\/div>\n<\/details>\n\n<div class=\"wp-block-group wf-single-col-small\"><div class=\"wp-block-group__inner-container is-layout-flow wp-block-group-is-layout-flow\">\n<div style=\"height:100px\" aria-hidden=\"true\" class=\"wp-block-spacer wf-spacer-section\"><\/div>\n\n\n\n<div class=\"wp-block-group wfa-reusable-group-all-mycover-products has-black-color has-text-color has-link-color wp-elements-c1312bad93eb8a2600e1f9cc1456014e\"><div class=\"wp-block-group__inner-container is-layout-constrained wp-block-group-is-layout-constrained\">\n<p class=\"has-text-align-center wfa-reusable-group-all-mycover-products__title has-large-font-size\"><strong>Todos MYCOVER\u00ae-Productos<\/strong><\/p>\n\n\n\n<div class=\"wp-block-cb-carousel-v2 cb-carousel-block\" data-cb-slides-per-view=\"2\" data-cb-slides-per-group=\"1\" data-cb-space-between=\"0\" data-cb-speed=\"200\" data-cb-navigation=\"true\" data-cb-breakpoints=\"{&quot;768&quot;:{&quot;slidesPerView&quot;:4,&quot;slidesPerGroup&quot;:1}}\"><div class=\"swiper\"><div class=\"cb-wrapper swiper-wrapper\">\n<div class=\"wp-block-cb-slide-v2 cb-slide swiper-slide\">\n<div class=\"wp-block-group\"><div class=\"wp-block-group__inner-container is-layout-constrained wp-block-group-is-layout-constrained\">\n<figure class=\"wp-block-image size-large\"><img decoding=\"async\" width=\"1024\" height=\"1024\" src=\"https:\/\/www.mycover-protection.com\/wp-content\/uploads\/2022\/11\/Motorrad_abdeckplane_outdoor-1024x1024.jpg\" alt=\"Funda para moto exterior\" class=\"wp-image-22125\" srcset=\"https:\/\/www.mycover-protection.com\/wp-content\/uploads\/2022\/11\/Motorrad_abdeckplane_outdoor-1024x1024.jpg 1024w, https:\/\/www.mycover-protection.com\/wp-content\/uploads\/2022\/11\/Motorrad_abdeckplane_outdoor-300x300.jpg 300w, https:\/\/www.mycover-protection.com\/wp-content\/uploads\/2022\/11\/Motorrad_abdeckplane_outdoor-150x150.jpg 150w, https:\/\/www.mycover-protection.com\/wp-content\/uploads\/2022\/11\/Motorrad_abdeckplane_outdoor-768x768.jpg 768w, https:\/\/www.mycover-protection.com\/wp-content\/uploads\/2022\/11\/Motorrad_abdeckplane_outdoor-270x270.jpg 270w, https:\/\/www.mycover-protection.com\/wp-content\/uploads\/2022\/11\/Motorrad_abdeckplane_outdoor-800x800.jpg 800w, https:\/\/www.mycover-protection.com\/wp-content\/uploads\/2022\/11\/Motorrad_abdeckplane_outdoor-200x200.jpg 200w, https:\/\/www.mycover-protection.com\/wp-content\/uploads\/2022\/11\/Motorrad_abdeckplane_outdoor.jpg 1200w\" sizes=\"(max-width: 1024px) 100vw, 1024px\" \/><\/figure>\n\n\n\n<p><a href=\"https:\/\/www.mycover-protection.com\/es\/produkt\/mycover-funda-para-moto-exterior-premium\/\"><strong>Funda para moto exterior<\/strong><\/a><\/p>\n<\/div><\/div>\n<\/div>\n\n\n\n<div class=\"wp-block-cb-slide-v2 cb-slide swiper-slide\">\n<div class=\"wp-block-group\"><div class=\"wp-block-group__inner-container is-layout-constrained wp-block-group-is-layout-constrained\">\n<figure class=\"wp-block-image size-full\"><img decoding=\"async\" width=\"800\" height=\"800\" src=\"https:\/\/www.mycover-protection.com\/wp-content\/uploads\/2023\/01\/Motorrad-abdeckplane-chopper.png\" alt=\"Funda exterior Chopper\" class=\"wp-image-21485\" srcset=\"https:\/\/www.mycover-protection.com\/wp-content\/uploads\/2023\/01\/Motorrad-abdeckplane-chopper.png 800w, https:\/\/www.mycover-protection.com\/wp-content\/uploads\/2023\/01\/Motorrad-abdeckplane-chopper-300x300.png 300w, https:\/\/www.mycover-protection.com\/wp-content\/uploads\/2023\/01\/Motorrad-abdeckplane-chopper-150x150.png 150w, https:\/\/www.mycover-protection.com\/wp-content\/uploads\/2023\/01\/Motorrad-abdeckplane-chopper-768x768.png 768w, https:\/\/www.mycover-protection.com\/wp-content\/uploads\/2023\/01\/Motorrad-abdeckplane-chopper-270x270.png 270w, https:\/\/www.mycover-protection.com\/wp-content\/uploads\/2023\/01\/Motorrad-abdeckplane-chopper-200x200.png 200w\" sizes=\"(max-width: 800px) 100vw, 800px\" \/><\/figure>\n\n\n\n<p><a href=\"https:\/\/www.mycover-protection.com\/es\/produkt\/mycover-funda-exterior-premium-para-chopper\/\"><strong>Funda exterior Chopper<\/strong><\/a><\/p>\n<\/div><\/div>\n<\/div>\n\n\n\n<div class=\"wp-block-cb-slide-v2 cb-slide swiper-slide\">\n<div class=\"wp-block-group\"><div class=\"wp-block-group__inner-container is-layout-constrained wp-block-group-is-layout-constrained\">\n<figure class=\"wp-block-image size-full\"><img decoding=\"async\" width=\"800\" height=\"800\" src=\"https:\/\/www.mycover-protection.com\/wp-content\/uploads\/2023\/01\/Motorrad-Abdeckplane-Topcase.png\" alt=\"Funda para Scooter con top case\" class=\"wp-image-21482\" srcset=\"https:\/\/www.mycover-protection.com\/wp-content\/uploads\/2023\/01\/Motorrad-Abdeckplane-Topcase.png 800w, https:\/\/www.mycover-protection.com\/wp-content\/uploads\/2023\/01\/Motorrad-Abdeckplane-Topcase-300x300.png 300w, https:\/\/www.mycover-protection.com\/wp-content\/uploads\/2023\/01\/Motorrad-Abdeckplane-Topcase-150x150.png 150w, https:\/\/www.mycover-protection.com\/wp-content\/uploads\/2023\/01\/Motorrad-Abdeckplane-Topcase-768x768.png 768w, https:\/\/www.mycover-protection.com\/wp-content\/uploads\/2023\/01\/Motorrad-Abdeckplane-Topcase-270x270.png 270w, https:\/\/www.mycover-protection.com\/wp-content\/uploads\/2023\/01\/Motorrad-Abdeckplane-Topcase-200x200.png 200w\" sizes=\"(max-width: 800px) 100vw, 800px\" \/><\/figure>\n\n\n\n<p><a href=\"https:\/\/www.mycover-protection.com\/es\/produkt\/mycover-funda-exterior-premium-para-scooter\/\"><strong>Funda Scooter exterior<\/strong><\/a><\/p>\n<\/div><\/div>\n<\/div>\n\n\n\n<div class=\"wp-block-cb-slide-v2 cb-slide swiper-slide\">\n<div class=\"wp-block-group\"><div class=\"wp-block-group__inner-container is-layout-constrained wp-block-group-is-layout-constrained\">\n<figure class=\"wp-block-image size-full\"><img decoding=\"async\" width=\"800\" height=\"800\" src=\"https:\/\/www.mycover-protection.com\/wp-content\/uploads\/2022\/07\/Motorrrad-Abdeckplane-Indoor-Stoff.png\" alt=\"Funda para moto Interior blando\" class=\"wp-image-20162\" srcset=\"https:\/\/www.mycover-protection.com\/wp-content\/uploads\/2022\/07\/Motorrrad-Abdeckplane-Indoor-Stoff.png 800w, https:\/\/www.mycover-protection.com\/wp-content\/uploads\/2022\/07\/Motorrrad-Abdeckplane-Indoor-Stoff-300x300.png 300w, https:\/\/www.mycover-protection.com\/wp-content\/uploads\/2022\/07\/Motorrrad-Abdeckplane-Indoor-Stoff-150x150.png 150w, https:\/\/www.mycover-protection.com\/wp-content\/uploads\/2022\/07\/Motorrrad-Abdeckplane-Indoor-Stoff-768x768.png 768w, https:\/\/www.mycover-protection.com\/wp-content\/uploads\/2022\/07\/Motorrrad-Abdeckplane-Indoor-Stoff-270x270.png 270w, https:\/\/www.mycover-protection.com\/wp-content\/uploads\/2022\/07\/Motorrrad-Abdeckplane-Indoor-Stoff-200x200.png 200w\" sizes=\"(max-width: 800px) 100vw, 800px\" \/><\/figure>\n\n\n\n<p><a href=\"https:\/\/www.mycover-protection.com\/es\/produkt\/mycover-funda-para-moto-de-interior-premium\/\"><strong>Funda para moto de interior<\/strong><\/a><\/p>\n<\/div><\/div>\n<\/div>\n<\/div><\/div><div class=\"cb-button-prev swiper-button-prev\"><\/div><div class=\"cb-button-next swiper-button-next\"><\/div><\/div>\n\n\n\n<p class=\"has-text-align-center wfa-reusable-group-all-mycover-products__category-links has-small-font-size\"><a href=\"https:\/\/www.mycover-protection.com\/es\/produkt-kategorie\/cubiertas-para-moto\/\">Cubiertas para moto<\/a> &#8211; <a href=\"https:\/\/www.mycover-protection.com\/es\/produkt-kategorie\/cubiertas-para-scooter\/\">Cubiertas para scooter<\/a><\/p>\n<\/div><\/div>\n<\/div><\/div>\n","protected":false},"excerpt":{"rendered":"<p>Precauci\u00f3n, s\u00f3lo para amantes de las motos y cazadores de curvas. Protege lo que tienes con lo mejor que puedas comprar. <\/p>\n<p>Probablemente la cadena de moto m\u00e1s resistente de ABUS. Un cuerpo de candado muy seguro: Con el GRANIT\u2122 Extreme Plus 59, estar\u00e1s perfectamente equipado contra posibles robos. <\/p>\n<p>Disponibles en 110 cm y 170 cm de longitud (incluido el cuerpo de la cerradura)<\/p>\n<p><strong>Nota:<\/strong> Ten en cuenta la longitud de la cadena y comp\u00e1rala con la anchura de tu llanta antes de comprar.<\/p>\n<ul>\n<li><strong>Tipo de cerradura:<\/strong> Cerradura de cadena<\/li>\n<li><strong>Nivel de seguridad:<\/strong> Nivel 20\/20<\/li>\n<li><strong>Tipo de cerradura:<\/strong> Cerradura de llave<\/li>\n<li><strong>Volumen de suministro:<\/strong> <!-- wp:list -->1x tarjeta-llave con c\u00f3digo QR, instrucciones de uso, 1x llave LED + 1x llave\n<ul><!-- wp:list-item --><!-- \/wp:list-item --><\/p>\n<p><!-- wp:list-item --><\/ul>\n<\/li>\n<\/ul>\n","protected":false},"featured_media":45046,"comment_status":"open","ping_status":"closed","template":"","meta":[],"product_brand":[],"product_cat":[622,628],"product_tag":[],"class_list":{"0":"post-45045","1":"product","2":"type-product","3":"status-publish","4":"has-post-thumbnail","6":"product_cat-candados-abus","7":"product_cat-candados-de-cadena","8":"pa_measuring-unit-110-cm-es","9":"pa_measuring-unit-170-cm-es","11":"first","12":"outofstock","13":"taxable","14":"shipping-taxable","15":"purchasable","16":"product-type-variable"},"yoast_head":"<!-- This site is optimized with the Yoast SEO plugin v27.4 - https:\/\/yoast.com\/product\/yoast-seo-wordpress\/ -->\n<title>Bloqueo de cadena ABUS GRANIT Extreme Plus 59<\/title>\n<meta name=\"description\" content=\"Probablemente el candado de cadena para moto m\u00e1s seguro de ABUS \u2713 Protege ahora tu Moto con una alarma \u2713 No des ninguna oportunidad a los ladrones \u27a4 \u00a1M\u00e1s seguridad para todas las marcas de motos!\" \/>\n<meta name=\"robots\" content=\"index, follow, max-snippet:-1, max-image-preview:large, max-video-preview:-1\" \/>\n<link rel=\"canonical\" href=\"https:\/\/www.mycover-protection.com\/es\/produkt\/bloqueo-de-cadena-abus-granit-extreme-plus-59\/\" \/>\n<meta property=\"og:locale\" content=\"es_ES\" \/>\n<meta property=\"og:type\" content=\"article\" \/>\n<meta property=\"og:title\" content=\"Bloqueo de cadena ABUS GRANIT Extreme Plus 59\" \/>\n<meta property=\"og:description\" content=\"Probablemente el candado de cadena para moto m\u00e1s seguro de ABUS \u2713 Protege ahora tu Moto con una alarma \u2713 No des ninguna oportunidad a los ladrones \u27a4 \u00a1M\u00e1s seguridad para todas las marcas de motos!\" \/>\n<meta property=\"og:url\" content=\"https:\/\/www.mycover-protection.com\/es\/produkt\/bloqueo-de-cadena-abus-granit-extreme-plus-59\/\" \/>\n<meta property=\"og:site_name\" content=\"MYCOVER\u00ae Online Shop\" \/>\n<meta property=\"article:publisher\" content=\"https:\/\/www.facebook.com\/Mycover-114242613377158\/\" \/>\n<meta property=\"article:modified_time\" content=\"2025-09-19T08:27:44+00:00\" \/>\n<meta property=\"og:image\" content=\"https:\/\/www.mycover-protection.com\/wp-content\/uploads\/2021\/04\/ABUS-Extreme-Plus-59.jpg\" \/>\n\t<meta property=\"og:image:width\" content=\"800\" \/>\n\t<meta property=\"og:image:height\" content=\"800\" \/>\n\t<meta property=\"og:image:type\" content=\"image\/jpeg\" \/>\n<meta name=\"twitter:card\" content=\"summary_large_image\" \/>\n<meta name=\"twitter:label1\" content=\"Tiempo de lectura\" \/>\n\t<meta name=\"twitter:data1\" content=\"4 minutos\" \/>\n<script type=\"application\/ld+json\" class=\"yoast-schema-graph\">{\"@context\":\"https:\\\/\\\/schema.org\",\"@graph\":[{\"@type\":\"WebPage\",\"@id\":\"https:\\\/\\\/www.mycover-protection.com\\\/es\\\/produkt\\\/bloqueo-de-cadena-abus-granit-extreme-plus-59\\\/\",\"url\":\"https:\\\/\\\/www.mycover-protection.com\\\/es\\\/produkt\\\/bloqueo-de-cadena-abus-granit-extreme-plus-59\\\/\",\"name\":\"Bloqueo de cadena ABUS GRANIT Extreme Plus 59\",\"isPartOf\":{\"@id\":\"https:\\\/\\\/www.mycover-protection.com\\\/es\\\/#website\"},\"primaryImageOfPage\":{\"@id\":\"https:\\\/\\\/www.mycover-protection.com\\\/es\\\/produkt\\\/bloqueo-de-cadena-abus-granit-extreme-plus-59\\\/#primaryimage\"},\"image\":{\"@id\":\"https:\\\/\\\/www.mycover-protection.com\\\/es\\\/produkt\\\/bloqueo-de-cadena-abus-granit-extreme-plus-59\\\/#primaryimage\"},\"thumbnailUrl\":\"https:\\\/\\\/www.mycover-protection.com\\\/wp-content\\\/uploads\\\/2021\\\/04\\\/ABUS-Extreme-Plus-59.jpg\",\"datePublished\":\"2021-04-08T16:15:46+00:00\",\"dateModified\":\"2025-09-19T08:27:44+00:00\",\"description\":\"Probablemente el candado de cadena para moto m\u00e1s seguro de ABUS \u2713 Protege ahora tu Moto con una alarma \u2713 No des ninguna oportunidad a los ladrones \u27a4 \u00a1M\u00e1s seguridad para todas las marcas de motos!\",\"breadcrumb\":{\"@id\":\"https:\\\/\\\/www.mycover-protection.com\\\/es\\\/produkt\\\/bloqueo-de-cadena-abus-granit-extreme-plus-59\\\/#breadcrumb\"},\"inLanguage\":\"es\",\"potentialAction\":[{\"@type\":\"ReadAction\",\"target\":[\"https:\\\/\\\/www.mycover-protection.com\\\/es\\\/produkt\\\/bloqueo-de-cadena-abus-granit-extreme-plus-59\\\/\"]}]},{\"@type\":\"ImageObject\",\"inLanguage\":\"es\",\"@id\":\"https:\\\/\\\/www.mycover-protection.com\\\/es\\\/produkt\\\/bloqueo-de-cadena-abus-granit-extreme-plus-59\\\/#primaryimage\",\"url\":\"https:\\\/\\\/www.mycover-protection.com\\\/wp-content\\\/uploads\\\/2021\\\/04\\\/ABUS-Extreme-Plus-59.jpg\",\"contentUrl\":\"https:\\\/\\\/www.mycover-protection.com\\\/wp-content\\\/uploads\\\/2021\\\/04\\\/ABUS-Extreme-Plus-59.jpg\",\"width\":800,\"height\":800},{\"@type\":\"BreadcrumbList\",\"@id\":\"https:\\\/\\\/www.mycover-protection.com\\\/es\\\/produkt\\\/bloqueo-de-cadena-abus-granit-extreme-plus-59\\\/#breadcrumb\",\"itemListElement\":[{\"@type\":\"ListItem\",\"position\":1,\"name\":\"Startseite\",\"item\":\"https:\\\/\\\/www.mycover-protection.com\\\/es\\\/\"},{\"@type\":\"ListItem\",\"position\":2,\"name\":\"Tienda\",\"item\":\"https:\\\/\\\/www.mycover-protection.com\\\/es\\\/tienda\\\/\"},{\"@type\":\"ListItem\",\"position\":3,\"name\":\"Bloqueo de cadena ABUS GRANIT Extreme Plus 59\"}]},{\"@type\":\"WebSite\",\"@id\":\"https:\\\/\\\/www.mycover-protection.com\\\/es\\\/#website\",\"url\":\"https:\\\/\\\/www.mycover-protection.com\\\/es\\\/\",\"name\":\"MYCOVER\u00ae Online Shop\",\"description\":\"Protection at its finest\",\"publisher\":{\"@id\":\"https:\\\/\\\/www.mycover-protection.com\\\/es\\\/#organization\"},\"potentialAction\":[{\"@type\":\"SearchAction\",\"target\":{\"@type\":\"EntryPoint\",\"urlTemplate\":\"https:\\\/\\\/www.mycover-protection.com\\\/es\\\/?s={search_term_string}\"},\"query-input\":{\"@type\":\"PropertyValueSpecification\",\"valueRequired\":true,\"valueName\":\"search_term_string\"}}],\"inLanguage\":\"es\"},{\"@type\":\"Organization\",\"@id\":\"https:\\\/\\\/www.mycover-protection.com\\\/es\\\/#organization\",\"name\":\"MYCOVER\u00ae - PROTECTION AT ITS FINEST\",\"url\":\"https:\\\/\\\/www.mycover-protection.com\\\/es\\\/\",\"logo\":{\"@type\":\"ImageObject\",\"inLanguage\":\"es\",\"@id\":\"https:\\\/\\\/www.mycover-protection.com\\\/es\\\/#\\\/schema\\\/logo\\\/image\\\/\",\"url\":\"https:\\\/\\\/www.mycover-protection.com\\\/wp-content\\\/uploads\\\/2020\\\/01\\\/PAYPAL_190x60_mycover-white.jpg\",\"contentUrl\":\"https:\\\/\\\/www.mycover-protection.com\\\/wp-content\\\/uploads\\\/2020\\\/01\\\/PAYPAL_190x60_mycover-white.jpg\",\"width\":190,\"height\":60,\"caption\":\"MYCOVER\u00ae - PROTECTION AT ITS FINEST\"},\"image\":{\"@id\":\"https:\\\/\\\/www.mycover-protection.com\\\/es\\\/#\\\/schema\\\/logo\\\/image\\\/\"},\"sameAs\":[\"https:\\\/\\\/www.facebook.com\\\/Mycover-114242613377158\\\/\"]}]}<\/script>\n<!-- \/ Yoast SEO plugin. -->","yoast_head_json":{"title":"Bloqueo de cadena ABUS GRANIT Extreme Plus 59","description":"Probablemente el candado de cadena para moto m\u00e1s seguro de ABUS \u2713 Protege ahora tu Moto con una alarma \u2713 No des ninguna oportunidad a los ladrones \u27a4 \u00a1M\u00e1s seguridad para todas las marcas de motos!","robots":{"index":"index","follow":"follow","max-snippet":"max-snippet:-1","max-image-preview":"max-image-preview:large","max-video-preview":"max-video-preview:-1"},"canonical":"https:\/\/www.mycover-protection.com\/es\/produkt\/bloqueo-de-cadena-abus-granit-extreme-plus-59\/","og_locale":"es_ES","og_type":"article","og_title":"Bloqueo de cadena ABUS GRANIT Extreme Plus 59","og_description":"Probablemente el candado de cadena para moto m\u00e1s seguro de ABUS \u2713 Protege ahora tu Moto con una alarma \u2713 No des ninguna oportunidad a los ladrones \u27a4 \u00a1M\u00e1s seguridad para todas las marcas de motos!","og_url":"https:\/\/www.mycover-protection.com\/es\/produkt\/bloqueo-de-cadena-abus-granit-extreme-plus-59\/","og_site_name":"MYCOVER\u00ae Online Shop","article_publisher":"https:\/\/www.facebook.com\/Mycover-114242613377158\/","article_modified_time":"2025-09-19T08:27:44+00:00","og_image":[{"width":800,"height":800,"url":"https:\/\/www.mycover-protection.com\/wp-content\/uploads\/2021\/04\/ABUS-Extreme-Plus-59.jpg","type":"image\/jpeg"}],"twitter_card":"summary_large_image","twitter_misc":{"Tiempo de lectura":"4 minutos"},"schema":{"@context":"https:\/\/schema.org","@graph":[{"@type":"WebPage","@id":"https:\/\/www.mycover-protection.com\/es\/produkt\/bloqueo-de-cadena-abus-granit-extreme-plus-59\/","url":"https:\/\/www.mycover-protection.com\/es\/produkt\/bloqueo-de-cadena-abus-granit-extreme-plus-59\/","name":"Bloqueo de cadena ABUS GRANIT Extreme Plus 59","isPartOf":{"@id":"https:\/\/www.mycover-protection.com\/es\/#website"},"primaryImageOfPage":{"@id":"https:\/\/www.mycover-protection.com\/es\/produkt\/bloqueo-de-cadena-abus-granit-extreme-plus-59\/#primaryimage"},"image":{"@id":"https:\/\/www.mycover-protection.com\/es\/produkt\/bloqueo-de-cadena-abus-granit-extreme-plus-59\/#primaryimage"},"thumbnailUrl":"https:\/\/www.mycover-protection.com\/wp-content\/uploads\/2021\/04\/ABUS-Extreme-Plus-59.jpg","datePublished":"2021-04-08T16:15:46+00:00","dateModified":"2025-09-19T08:27:44+00:00","description":"Probablemente el candado de cadena para moto m\u00e1s seguro de ABUS \u2713 Protege ahora tu Moto con una alarma \u2713 No des ninguna oportunidad a los ladrones \u27a4 \u00a1M\u00e1s seguridad para todas las marcas de motos!","breadcrumb":{"@id":"https:\/\/www.mycover-protection.com\/es\/produkt\/bloqueo-de-cadena-abus-granit-extreme-plus-59\/#breadcrumb"},"inLanguage":"es","potentialAction":[{"@type":"ReadAction","target":["https:\/\/www.mycover-protection.com\/es\/produkt\/bloqueo-de-cadena-abus-granit-extreme-plus-59\/"]}]},{"@type":"ImageObject","inLanguage":"es","@id":"https:\/\/www.mycover-protection.com\/es\/produkt\/bloqueo-de-cadena-abus-granit-extreme-plus-59\/#primaryimage","url":"https:\/\/www.mycover-protection.com\/wp-content\/uploads\/2021\/04\/ABUS-Extreme-Plus-59.jpg","contentUrl":"https:\/\/www.mycover-protection.com\/wp-content\/uploads\/2021\/04\/ABUS-Extreme-Plus-59.jpg","width":800,"height":800},{"@type":"BreadcrumbList","@id":"https:\/\/www.mycover-protection.com\/es\/produkt\/bloqueo-de-cadena-abus-granit-extreme-plus-59\/#breadcrumb","itemListElement":[{"@type":"ListItem","position":1,"name":"Startseite","item":"https:\/\/www.mycover-protection.com\/es\/"},{"@type":"ListItem","position":2,"name":"Tienda","item":"https:\/\/www.mycover-protection.com\/es\/tienda\/"},{"@type":"ListItem","position":3,"name":"Bloqueo de cadena ABUS GRANIT Extreme Plus 59"}]},{"@type":"WebSite","@id":"https:\/\/www.mycover-protection.com\/es\/#website","url":"https:\/\/www.mycover-protection.com\/es\/","name":"MYCOVER\u00ae Online Shop","description":"Protection at its finest","publisher":{"@id":"https:\/\/www.mycover-protection.com\/es\/#organization"},"potentialAction":[{"@type":"SearchAction","target":{"@type":"EntryPoint","urlTemplate":"https:\/\/www.mycover-protection.com\/es\/?s={search_term_string}"},"query-input":{"@type":"PropertyValueSpecification","valueRequired":true,"valueName":"search_term_string"}}],"inLanguage":"es"},{"@type":"Organization","@id":"https:\/\/www.mycover-protection.com\/es\/#organization","name":"MYCOVER\u00ae - PROTECTION AT ITS FINEST","url":"https:\/\/www.mycover-protection.com\/es\/","logo":{"@type":"ImageObject","inLanguage":"es","@id":"https:\/\/www.mycover-protection.com\/es\/#\/schema\/logo\/image\/","url":"https:\/\/www.mycover-protection.com\/wp-content\/uploads\/2020\/01\/PAYPAL_190x60_mycover-white.jpg","contentUrl":"https:\/\/www.mycover-protection.com\/wp-content\/uploads\/2020\/01\/PAYPAL_190x60_mycover-white.jpg","width":190,"height":60,"caption":"MYCOVER\u00ae - PROTECTION AT ITS FINEST"},"image":{"@id":"https:\/\/www.mycover-protection.com\/es\/#\/schema\/logo\/image\/"},"sameAs":["https:\/\/www.facebook.com\/Mycover-114242613377158\/"]}]}},"_links":{"self":[{"href":"https:\/\/www.mycover-protection.com\/es\/wp-json\/wp\/v2\/product\/45045","targetHints":{"allow":["GET"]}}],"collection":[{"href":"https:\/\/www.mycover-protection.com\/es\/wp-json\/wp\/v2\/product"}],"about":[{"href":"https:\/\/www.mycover-protection.com\/es\/wp-json\/wp\/v2\/types\/product"}],"replies":[{"embeddable":true,"href":"https:\/\/www.mycover-protection.com\/es\/wp-json\/wp\/v2\/comments?post=45045"}],"wp:featuredmedia":[{"embeddable":true,"href":"https:\/\/www.mycover-protection.com\/es\/wp-json\/wp\/v2\/media\/45046"}],"wp:attachment":[{"href":"https:\/\/www.mycover-protection.com\/es\/wp-json\/wp\/v2\/media?parent=45045"}],"wp:term":[{"taxonomy":"product_brand","embeddable":true,"href":"https:\/\/www.mycover-protection.com\/es\/wp-json\/wp\/v2\/product_brand?post=45045"},{"taxonomy":"product_cat","embeddable":true,"href":"https:\/\/www.mycover-protection.com\/es\/wp-json\/wp\/v2\/product_cat?post=45045"},{"taxonomy":"product_tag","embeddable":true,"href":"https:\/\/www.mycover-protection.com\/es\/wp-json\/wp\/v2\/product_tag?post=45045"}],"curies":[{"name":"wp","href":"https:\/\/api.w.org\/{rel}","templated":true}]}}