{"id":30136,"date":"2023-12-21T17:52:45","date_gmt":"2023-12-21T16:52:45","guid":{"rendered":"https:\/\/www.mycover-protection.com\/tailles-recommandees\/kawasaki\/"},"modified":"2026-04-27T10:31:42","modified_gmt":"2026-04-27T08:31:42","slug":"kawasaki","status":"publish","type":"page","link":"https:\/\/www.mycover-protection.com\/fr\/tailles-recommandees\/housses-moto\/en-plein-air\/kawasaki\/","title":{"rendered":"Housse moto Kawasaki"},"content":{"rendered":"\n<div class=\"wp-block-group alignfull wfa-manufacturer-size-rec-page-section --hero-list-video has-white-color has-black-background-color has-text-color has-background has-link-color wp-elements-c7ce2d860bef1eeb191f267c82555870\"><div class=\"wp-block-group__inner-container is-layout-constrained wp-block-group-is-layout-constrained\">\n<div class=\"wp-block-group wfa-manufacturer-size-rec-page-section__heading-stack is-vertical is-content-justification-center is-layout-flex wp-container-core-group-is-layout-4b2eccd6 wp-block-group-is-layout-flex\">\n<h1 class=\"wp-block-heading is-style-not-underlined\" style=\"text-transform:none\">Housse moto pour Kawasaki<\/h1>\n\n\n\n<p>Housse robuste adapt\u00e9e \u00e0 votre moto Kawasaki<\/p>\n<\/div>\n\n\n\n<div class=\"wp-block-columns are-vertically-aligned-center wfa-manufacturer-size-rec-page-section__hero-list-video__columns is-layout-flex wp-container-core-columns-is-layout-9d6595d7 wp-block-columns-is-layout-flex\">\n<div class=\"wp-block-column is-vertically-aligned-center wfa-manufacturer-size-rec-page-section__hero-list-video__columns__col-pitch-items is-layout-flow wp-block-column-is-layout-flow\">\n<div class=\"wp-block-group wfa-manufacturer-size-rec-page-section__hero-list-video__pitch-item-stack is-vertical is-layout-flex wp-container-core-group-is-layout-8cf370e7 wp-block-group-is-layout-flex\">\n<p class=\"wfa-manufacturer-size-rec-page-section__hero-list-video__pitch-item-title\"><strong>En 3 clics vers la taille<\/strong><\/p>\n\n\n\n<p>Choisissez rapidement, par exemple : Kawasaki Z 900, Z 650, Z 900 RS \u2026<\/p>\n<\/div>\n\n\n\n<div class=\"wp-block-group wfa-manufacturer-size-rec-page-section__hero-list-video__pitch-item-stack is-vertical is-layout-flex wp-container-core-group-is-layout-8cf370e7 wp-block-group-is-layout-flex\">\n<p class=\"wfa-manufacturer-size-rec-page-section__hero-list-video__pitch-item-title\"><strong>Compatible avec les accessoires et les modifications<\/strong><\/p>\n\n\n\n<p>La housse s&rsquo;adapte \u00e9galement aux top cases, arceaux de s\u00e9curit\u00e9, etc. <\/p>\n<\/div>\n\n\n\n<div class=\"wp-block-group wfa-manufacturer-size-rec-page-section__hero-list-video__pitch-item-stack is-vertical is-layout-flex wp-container-core-group-is-layout-8cf370e7 wp-block-group-is-layout-flex\">\n<p class=\"wfa-manufacturer-size-rec-page-section__hero-list-video__pitch-item-title\"><strong>Protection optimale<\/strong> <strong>pour Kawasaki<\/strong><\/p>\n\n\n\n<p>R\u00e9sistant \u00e0 l&rsquo;usage : \u00e9tanche, r\u00e9sistant aux UV&#8230;<\/p>\n<\/div>\n<\/div>\n\n\n\n<div class=\"wp-block-column is-vertically-aligned-center wfa-manufacturer-size-rec-page-section__hero-list-video__columns__col-video is-layout-flow wp-block-column-is-layout-flow\">\n<div>\n<figure class=\"wf-do-not-force-embed-block wp-block-embed is-type-video is-provider-youtube wp-block-embed-youtube wp-embed-aspect-16-9 wp-has-aspect-ratio\">\n<div class=\"wp-block-embed__wrapper\">\n <div class=\"brlbs-cmpnt-container brlbs-cmpnt-content-blocker brlbs-cmpnt-with-individual-styles\" data-borlabs-cookie-content-blocker-id=\"youtube-content-blocker\" data-borlabs-cookie-content=\"PGlmcmFtZSB0aXRsZT0iTVlDT1ZFUsKuIFByb3RlY3Rpb24gTW90b3JyYWRhYmRlY2t1bmcgLSBVbnNlcmUgYmVzdGUgT3V0ZG9vciBNb3RvcnJhZCBBYmRlY2twbGFuZSB2b24gQmlrZXJuIiBhbGxvd2Z1bGxzY3JlZW49ImFsbG93ZnVsbHNjcmVlbiIgc3JjPSJodHRwczovL3d3dy55b3V0dWJlLW5vY29va2llLmNvbS9lbWJlZC81bW5iOXhHMjFGbz9hdXRvcGxheT0wJmF1dG9oaWRlPTEmZnM9MSZyZWw9MCZoZD0xJndtb2RlPXRyYW5zcGFyZW50JmVuYWJsZWpzYXBpPTEmaHRtbDU9MSIgYWxsb3c9ImFjY2VsZXJvbWV0ZXI7IGNsaXBib2FyZC13cml0ZTsgZW5jcnlwdGVkLW1lZGlhOyBneXJvc2NvcGU7IHBpY3R1cmUtaW4tcGljdHVyZSIgd2lkdGg9IjUwMCIgaGVpZ2h0PSIyODEiIGZyYW1lYm9yZGVyPSIwIj48L2lmcmFtZT4=\"><div class=\"brlbs-cmpnt-cb-preset-c brlbs-cmpnt-cb-youtube\">. <div class=\"brlbs-cmpnt-cb-thumbnail\" style=\"background-image : url('https:\/\/www.mycover-protection.com\/wp-content\/uploads\/borlabs-cookie\/1\/yt_5mnb9xG21Fo_hqdefault.jpg')\"><\/div> <div class=\"brlbs-cmpnt-cb-main\"> <div class=\"brlbs-cmpnt-cb-play-button\"><\/div> <div class=\"brlbs-cmpnt-cb-content\"> <p class=\"brlbs-cmpnt-cb-description\">Tu vois actuellement un contenu de substitution de <strong>YouTube<\/strong>. Pour acc\u00e9der au contenu r\u00e9el, clique sur le bouton ci-dessous. Veuillez noter que des donn\u00e9es sont alors transmises \u00e0 des fournisseurs tiers.<\/p> <a class=\"brlbs-cmpnt-cb-provider-toggle\" href=\"#\" data-borlabs-cookie-show-provider-information role=\"button\">Plus d&rsquo;informations<\/a> <\/div> <div class=\"brlbs-cmpnt-cb-buttons\"> <a class=\"brlbs-cmpnt-cb-btn\" href=\"#\" data-borlabs-cookie-unblock role=\"button\">Voir la vid\u00e9o<\/a> <a class=\"brlbs-cmpnt-cb-btn\" href=\"#\" data-borlabs-cookie-accept-service role=\"button\" style=\"display : inherit\">Toujours afficher les vid\u00e9os YouTube<\/a> <\/div> <\/div> <\/div><\/div>\n<\/div>\n<\/figure><\/div>\n<\/div>\n<\/div>\n\n\n\n<div class=\"wp-block-group wfa-manufacturer-size-rec-page-section__partners-stack is-vertical is-content-justification-center is-layout-flex wp-container-core-group-is-layout-4b2eccd6 wp-block-group-is-layout-flex\">\n<h2 class=\"wp-block-heading is-style-not-underlined\">Nos partenaires<\/h2>\n\n\n\n<div class=\"wp-block-columns is-layout-flex wp-container-core-columns-is-layout-9d6595d7 wp-block-columns-is-layout-flex\">\n<div class=\"wp-block-column is-layout-flow wp-block-column-is-layout-flow\">\n<figure class=\"wp-block-image size-full\"><img decoding=\"async\" width=\"1248\" height=\"500\" src=\"https:\/\/www.mycover-protection.com\/wp-content\/uploads\/2022\/08\/logo-abus.png\" alt=\"Abus\" class=\"wp-image-19257\" srcset=\"https:\/\/www.mycover-protection.com\/wp-content\/uploads\/2022\/08\/logo-abus.png 1248w, https:\/\/www.mycover-protection.com\/wp-content\/uploads\/2022\/08\/logo-abus-300x120.png 300w, https:\/\/www.mycover-protection.com\/wp-content\/uploads\/2022\/08\/logo-abus-1024x410.png 1024w, https:\/\/www.mycover-protection.com\/wp-content\/uploads\/2022\/08\/logo-abus-768x308.png 768w, https:\/\/www.mycover-protection.com\/wp-content\/uploads\/2022\/08\/logo-abus-400x160.png 400w, https:\/\/www.mycover-protection.com\/wp-content\/uploads\/2022\/08\/logo-abus-800x321.png 800w\" sizes=\"(max-width: 1248px) 100vw, 1248px\" \/><\/figure>\n<\/div>\n\n\n\n<div class=\"wp-block-column is-layout-flow wp-block-column-is-layout-flow\">\n<figure class=\"wp-block-image size-full\"><img decoding=\"async\" width=\"200\" height=\"79\" src=\"https:\/\/www.mycover-protection.com\/wp-content\/uploads\/2022\/08\/logo-big-point.png\" alt=\"Bigpoint\" class=\"wp-image-19260\"\/><\/figure>\n<\/div>\n\n\n\n<div class=\"wp-block-column is-layout-flow wp-block-column-is-layout-flow\">\n<figure class=\"wp-block-image size-full\"><img decoding=\"async\" width=\"1366\" height=\"400\" src=\"https:\/\/www.mycover-protection.com\/wp-content\/uploads\/2022\/08\/logo-beinlich-racingteam.png\" alt=\"Beinlich Racing Team\" class=\"wp-image-19263\" srcset=\"https:\/\/www.mycover-protection.com\/wp-content\/uploads\/2022\/08\/logo-beinlich-racingteam.png 1366w, https:\/\/www.mycover-protection.com\/wp-content\/uploads\/2022\/08\/logo-beinlich-racingteam-300x88.png 300w, https:\/\/www.mycover-protection.com\/wp-content\/uploads\/2022\/08\/logo-beinlich-racingteam-1024x300.png 1024w, https:\/\/www.mycover-protection.com\/wp-content\/uploads\/2022\/08\/logo-beinlich-racingteam-768x225.png 768w, https:\/\/www.mycover-protection.com\/wp-content\/uploads\/2022\/08\/logo-beinlich-racingteam-400x117.png 400w, https:\/\/www.mycover-protection.com\/wp-content\/uploads\/2022\/08\/logo-beinlich-racingteam-800x234.png 800w\" sizes=\"(max-width: 1366px) 100vw, 1366px\" \/><\/figure>\n<\/div>\n\n\n\n<div class=\"wp-block-column is-layout-flow wp-block-column-is-layout-flow\">\n<figure class=\"wp-block-image size-full is-resized\"><img decoding=\"async\" width=\"218\" height=\"60\" src=\"https:\/\/www.mycover-protection.com\/wp-content\/uploads\/2022\/08\/logo-rsi-performance.png\" alt=\"RSI-Performance Motorsport\" class=\"wp-image-19266\" style=\"width:73px;height:auto\"\/><\/figure>\n<\/div>\n\n\n\n<div class=\"wp-block-column is-layout-flow wp-block-column-is-layout-flow\">\n<figure class=\"wp-block-image size-full\"><img decoding=\"async\" width=\"1366\" height=\"400\" src=\"https:\/\/www.mycover-protection.com\/wp-content\/uploads\/2022\/08\/logo-biker-fahren-fuer-kinder.png\" alt=\"Biker fahren f&#xFC;r Kinder e.V. (Conduire pour les enfants)\" class=\"wp-image-19269\" srcset=\"https:\/\/www.mycover-protection.com\/wp-content\/uploads\/2022\/08\/logo-biker-fahren-fuer-kinder.png 1366w, https:\/\/www.mycover-protection.com\/wp-content\/uploads\/2022\/08\/logo-biker-fahren-fuer-kinder-300x88.png 300w, https:\/\/www.mycover-protection.com\/wp-content\/uploads\/2022\/08\/logo-biker-fahren-fuer-kinder-1024x300.png 1024w, https:\/\/www.mycover-protection.com\/wp-content\/uploads\/2022\/08\/logo-biker-fahren-fuer-kinder-768x225.png 768w, https:\/\/www.mycover-protection.com\/wp-content\/uploads\/2022\/08\/logo-biker-fahren-fuer-kinder-400x117.png 400w, https:\/\/www.mycover-protection.com\/wp-content\/uploads\/2022\/08\/logo-biker-fahren-fuer-kinder-800x234.png 800w\" sizes=\"(max-width: 1366px) 100vw, 1366px\" \/><\/figure>\n<\/div>\n\n\n\n<div class=\"wp-block-column is-layout-flow wp-block-column-is-layout-flow\">\n<figure class=\"wp-block-image size-full\"><img decoding=\"async\" width=\"1300\" height=\"242\" src=\"https:\/\/www.mycover-protection.com\/wp-content\/uploads\/2022\/08\/Kawasaki-Hmaburg.png\" alt=\"Kawasaki Hambourg\" class=\"wp-image-19652\" srcset=\"https:\/\/www.mycover-protection.com\/wp-content\/uploads\/2022\/08\/Kawasaki-Hmaburg.png 1300w, https:\/\/www.mycover-protection.com\/wp-content\/uploads\/2022\/08\/Kawasaki-Hmaburg-300x56.png 300w, https:\/\/www.mycover-protection.com\/wp-content\/uploads\/2022\/08\/Kawasaki-Hmaburg-1024x191.png 1024w, https:\/\/www.mycover-protection.com\/wp-content\/uploads\/2022\/08\/Kawasaki-Hmaburg-768x143.png 768w, https:\/\/www.mycover-protection.com\/wp-content\/uploads\/2022\/08\/Kawasaki-Hmaburg-400x74.png 400w, https:\/\/www.mycover-protection.com\/wp-content\/uploads\/2022\/08\/Kawasaki-Hmaburg-800x149.png 800w\" sizes=\"(max-width: 1300px) 100vw, 1300px\" \/><\/figure>\n<\/div>\n<\/div>\n<\/div>\n\n\n\n<div class=\"wp-block-group wfa-manufacturer-size-rec-page-section__heading-stack is-vertical is-content-justification-center is-layout-flex wp-container-core-group-is-layout-4b2eccd6 wp-block-group-is-layout-flex\">\n<h2 class=\"wp-block-heading is-style-not-underlined\" id=\"mycover-abdeckplanen-groessenfinder\" style=\"text-transform:none\">Guide des tailles de housse moto Kawasaki<\/h2>\n\n\n\n<p>Recommandation pour plus de 140 mod\u00e8les Kawasaki<\/p>\n<\/div>\n<\/div><\/div>\n\n<div class=\"wp-block-group alignfull wfa-manufacturer-size-rec-page-section --hero-size-recs has-background\" style=\"background-color:#fafafa\"><div class=\"wp-block-group__inner-container is-layout-constrained wp-block-group-is-layout-constrained\">\n<div data-color-scheme=\"error\" class=\"wfa-component-alertbox\" data-wfa-component=\"alertbox\">\t<p><strong>Interdit<\/strong><\/p>\n\t<p>Le shortcode <code>[[wfa-component-tarpaulin-size-recommendation]]<\/code> n&#039;est pas disponible pour ce type de page.\t<\/p>\n<\/div>\n\n\n<\/div><\/div>\n\n<div class=\"wp-block-group alignfull wfa-manufacturer-size-rec-page-section --mycover-customer-img-gallery\"><div class=\"wp-block-group__inner-container is-layout-constrained wp-block-group-is-layout-constrained\">\n<div class=\"wp-block-group wfa-manufacturer-size-rec-page-section__heading-stack is-vertical is-content-justification-center is-layout-flex wp-container-core-group-is-layout-4b2eccd6 wp-block-group-is-layout-flex\">\n<h2 class=\"wp-block-heading is-style-not-underlined\" style=\"text-transform:none\">Protection fiable pour Kawasaki<\/h2>\n\n\n\n<p>Couvrez avec MYCOVER\u00ae, ainsi votre moto reste s\u00e8che et prot\u00e9g\u00e9e<\/p>\n<\/div>\n\n\n\n<div class=\"wp-block-cb-carousel-v2 cb-carousel-block cb-padding wf-bike-gallery\" data-cb-slides-per-view=\"2\" data-cb-slides-per-group=\"2\" data-cb-space-between=\"15\" data-cb-speed=\"200\" data-cb-pagination=\"true\" data-cb-breakpoints=\"{&quot;700&quot;:{&quot;slidesPerView&quot;:2,&quot;slidesPerGroup&quot;:2}}\"><div class=\"swiper\"><div class=\"cb-wrapper swiper-wrapper\">\n<div class=\"wp-block-cb-slide-v2 cb-slide swiper-slide\">\n<figure class=\"wp-block-image size-full\"><img decoding=\"async\" width=\"819\" height=\"1024\" src=\"https:\/\/www.mycover-protection.com\/wp-content\/uploads\/2023\/12\/Kawasaki.png\" alt=\"Kawasaki Ninja H2 noire &#xE0; l'arr&#xEA;t sur un pav&#xE9;, vue lat&#xE9;rale gauche de la moto avec car&#xE9;nage avant.\" class=\"wp-image-30112\" srcset=\"https:\/\/www.mycover-protection.com\/wp-content\/uploads\/2023\/12\/Kawasaki.png 819w, https:\/\/www.mycover-protection.com\/wp-content\/uploads\/2023\/12\/Kawasaki-240x300.png 240w, https:\/\/www.mycover-protection.com\/wp-content\/uploads\/2023\/12\/Kawasaki-768x960.png 768w, https:\/\/www.mycover-protection.com\/wp-content\/uploads\/2023\/12\/Kawasaki-216x270.png 216w, https:\/\/www.mycover-protection.com\/wp-content\/uploads\/2023\/12\/Kawasaki-800x1000.png 800w\" sizes=\"(max-width: 819px) 100vw, 819px\" \/><figcaption class=\"wp-element-caption\">Kawasaki Ninja H2<\/figcaption><\/figure>\n<\/div>\n\n\n\n<div class=\"wp-block-cb-slide-v2 cb-slide swiper-slide\">\n<figure class=\"wp-block-image size-full\"><img decoding=\"async\" width=\"819\" height=\"1024\" src=\"https:\/\/www.mycover-protection.com\/wp-content\/uploads\/2023\/12\/Kawasaki1.png\" alt=\"Kawasaki Ninja H2 sous une housse moto MYCOVER&#xAE;, enti&#xE8;rement recouverte sur un pav&#xE9;.\" class=\"wp-image-30115\" srcset=\"https:\/\/www.mycover-protection.com\/wp-content\/uploads\/2023\/12\/Kawasaki1.png 819w, https:\/\/www.mycover-protection.com\/wp-content\/uploads\/2023\/12\/Kawasaki1-240x300.png 240w, https:\/\/www.mycover-protection.com\/wp-content\/uploads\/2023\/12\/Kawasaki1-768x960.png 768w, https:\/\/www.mycover-protection.com\/wp-content\/uploads\/2023\/12\/Kawasaki1-216x270.png 216w, https:\/\/www.mycover-protection.com\/wp-content\/uploads\/2023\/12\/Kawasaki1-800x1000.png 800w\" sizes=\"(max-width: 819px) 100vw, 819px\" \/><figcaption class=\"wp-element-caption\">Kawasaki Ninja H2<\/figcaption><\/figure>\n<\/div>\n\n\n\n<div class=\"wp-block-cb-slide-v2 cb-slide swiper-slide\">\n<figure class=\"wp-block-image size-full is-resized\"><img decoding=\"async\" width=\"768\" height=\"1024\" src=\"https:\/\/www.mycover-protection.com\/wp-content\/uploads\/2023\/12\/Kawasaki2-1.png\" alt=\"Kawasaki Versys 1000 noire avec pare-brise haut gar&#xE9;e &#xE0; l'ext&#xE9;rieur, vue lat&#xE9;rale gauche.&#10;\" class=\"wp-image-30124\" style=\"width:442px;height:auto\" srcset=\"https:\/\/www.mycover-protection.com\/wp-content\/uploads\/2023\/12\/Kawasaki2-1.png 768w, https:\/\/www.mycover-protection.com\/wp-content\/uploads\/2023\/12\/Kawasaki2-1-225x300.png 225w, https:\/\/www.mycover-protection.com\/wp-content\/uploads\/2023\/12\/Kawasaki2-1-203x270.png 203w\" sizes=\"(max-width: 768px) 100vw, 768px\" \/><figcaption class=\"wp-element-caption\">Kawasaki Versys 1000<\/figcaption><\/figure>\n<\/div>\n\n\n\n<div class=\"wp-block-cb-slide-v2 cb-slide swiper-slide\">\n<figure class=\"wp-block-image size-full is-resized\"><img decoding=\"async\" width=\"768\" height=\"1024\" src=\"https:\/\/www.mycover-protection.com\/wp-content\/uploads\/2023\/12\/Kawasaki3-2.png\" alt=\"Kawasaki Versys 1000 avec housse moto MYCOVER&#xAE;, compl&#xE8;tement recouverte, vue lat&#xE9;rale.&#10;\" class=\"wp-image-30130\" style=\"width:444px;height:auto\" srcset=\"https:\/\/www.mycover-protection.com\/wp-content\/uploads\/2023\/12\/Kawasaki3-2.png 768w, https:\/\/www.mycover-protection.com\/wp-content\/uploads\/2023\/12\/Kawasaki3-2-225x300.png 225w, https:\/\/www.mycover-protection.com\/wp-content\/uploads\/2023\/12\/Kawasaki3-2-203x270.png 203w\" sizes=\"(max-width: 768px) 100vw, 768px\" \/><figcaption class=\"wp-element-caption\">Kawasaki Versys 1000<\/figcaption><\/figure>\n<\/div>\n\n\n\n<div class=\"wp-block-cb-slide-v2 cb-slide swiper-slide\">\n<figure class=\"wp-block-image size-full\"><img decoding=\"async\" width=\"2560\" height=\"1703\" src=\"https:\/\/www.mycover-protection.com\/wp-content\/uploads\/2025\/10\/Kawasaki-Ninja-1000SX-XL-karu-ja-scaled.jpg\" alt=\"\" class=\"wp-image-60967\" srcset=\"https:\/\/www.mycover-protection.com\/wp-content\/uploads\/2025\/10\/Kawasaki-Ninja-1000SX-XL-karu-ja-scaled.jpg 2560w, https:\/\/www.mycover-protection.com\/wp-content\/uploads\/2025\/10\/Kawasaki-Ninja-1000SX-XL-karu-ja-300x200.jpg 300w, https:\/\/www.mycover-protection.com\/wp-content\/uploads\/2025\/10\/Kawasaki-Ninja-1000SX-XL-karu-ja-1024x681.jpg 1024w, https:\/\/www.mycover-protection.com\/wp-content\/uploads\/2025\/10\/Kawasaki-Ninja-1000SX-XL-karu-ja-768x511.jpg 768w, https:\/\/www.mycover-protection.com\/wp-content\/uploads\/2025\/10\/Kawasaki-Ninja-1000SX-XL-karu-ja-1536x1022.jpg 1536w, https:\/\/www.mycover-protection.com\/wp-content\/uploads\/2025\/10\/Kawasaki-Ninja-1000SX-XL-karu-ja-2048x1363.jpg 2048w, https:\/\/www.mycover-protection.com\/wp-content\/uploads\/2025\/10\/Kawasaki-Ninja-1000SX-XL-karu-ja-400x266.jpg 400w, https:\/\/www.mycover-protection.com\/wp-content\/uploads\/2025\/10\/Kawasaki-Ninja-1000SX-XL-karu-ja-800x532.jpg 800w\" sizes=\"(max-width: 2560px) 100vw, 2560px\" \/><figcaption class=\"wp-element-caption\">Kawasaki Ninja 1000SX<\/figcaption><\/figure>\n<\/div>\n\n\n\n<div class=\"wp-block-cb-slide-v2 cb-slide swiper-slide\">\n<figure class=\"wp-block-image size-full\"><img decoding=\"async\" width=\"2560\" height=\"1920\" src=\"https:\/\/www.mycover-protection.com\/wp-content\/uploads\/2025\/10\/Kawasaki-Ninja-1000SX-scaled.jpg\" alt=\"Kawasaki Ninja 1000SX sous une housse moto MYCOVER&#xAE;, enti&#xE8;rement recouverte dans le jardin.&#10;\" class=\"wp-image-61156\" srcset=\"https:\/\/www.mycover-protection.com\/wp-content\/uploads\/2025\/10\/Kawasaki-Ninja-1000SX-scaled.jpg 2560w, https:\/\/www.mycover-protection.com\/wp-content\/uploads\/2025\/10\/Kawasaki-Ninja-1000SX-300x225.jpg 300w, https:\/\/www.mycover-protection.com\/wp-content\/uploads\/2025\/10\/Kawasaki-Ninja-1000SX-1024x768.jpg 1024w, https:\/\/www.mycover-protection.com\/wp-content\/uploads\/2025\/10\/Kawasaki-Ninja-1000SX-768x576.jpg 768w, https:\/\/www.mycover-protection.com\/wp-content\/uploads\/2025\/10\/Kawasaki-Ninja-1000SX-1536x1152.jpg 1536w, https:\/\/www.mycover-protection.com\/wp-content\/uploads\/2025\/10\/Kawasaki-Ninja-1000SX-2048x1536.jpg 2048w, https:\/\/www.mycover-protection.com\/wp-content\/uploads\/2025\/10\/Kawasaki-Ninja-1000SX-360x270.jpg 360w, https:\/\/www.mycover-protection.com\/wp-content\/uploads\/2025\/10\/Kawasaki-Ninja-1000SX-800x600.jpg 800w\" sizes=\"(max-width: 2560px) 100vw, 2560px\" \/><figcaption class=\"wp-element-caption\">Kawasaki Ninja 1000SX<\/figcaption><\/figure>\n<\/div>\n\n\n\n<div class=\"wp-block-cb-slide-v2 cb-slide swiper-slide\">\n<figure class=\"wp-block-image size-full\"><img decoding=\"async\" width=\"768\" height=\"1024\" src=\"https:\/\/www.mycover-protection.com\/wp-content\/uploads\/2024\/10\/Motorrad-Abdeckplane_Kawasaki_Z125-MY2021.jpg\" alt=\"Kawasaki Z125 MY2021 noire et verte gar&#xE9;e dans une salle d'exposition, vue lat&#xE9;rale gauche avec cadre distinctif.&#10;\" class=\"wp-image-37473\" srcset=\"https:\/\/www.mycover-protection.com\/wp-content\/uploads\/2024\/10\/Motorrad-Abdeckplane_Kawasaki_Z125-MY2021.jpg 768w, https:\/\/www.mycover-protection.com\/wp-content\/uploads\/2024\/10\/Motorrad-Abdeckplane_Kawasaki_Z125-MY2021-225x300.jpg 225w, https:\/\/www.mycover-protection.com\/wp-content\/uploads\/2024\/10\/Motorrad-Abdeckplane_Kawasaki_Z125-MY2021-203x270.jpg 203w\" sizes=\"(max-width: 768px) 100vw, 768px\" \/><figcaption class=\"wp-element-caption\">Kawasaki Z125 MY2021<\/figcaption><\/figure>\n<\/div>\n\n\n\n<div class=\"wp-block-cb-slide-v2 cb-slide swiper-slide\">\n<figure class=\"wp-block-image size-full\"><img decoding=\"async\" width=\"768\" height=\"1024\" src=\"https:\/\/www.mycover-protection.com\/wp-content\/uploads\/2024\/10\/Motorrad-Abdeckplane_Kawasaki_Z125-MY2021_Motorrad-Abdeckung.jpg\" alt=\"Kawasaki Z125 MY2021 avec housse moto MYCOVER&#xAE;, compl&#xE8;tement recouverte, vue lat&#xE9;rale.&#10;\" class=\"wp-image-37470\" srcset=\"https:\/\/www.mycover-protection.com\/wp-content\/uploads\/2024\/10\/Motorrad-Abdeckplane_Kawasaki_Z125-MY2021_Motorrad-Abdeckung.jpg 768w, https:\/\/www.mycover-protection.com\/wp-content\/uploads\/2024\/10\/Motorrad-Abdeckplane_Kawasaki_Z125-MY2021_Motorrad-Abdeckung-225x300.jpg 225w, https:\/\/www.mycover-protection.com\/wp-content\/uploads\/2024\/10\/Motorrad-Abdeckplane_Kawasaki_Z125-MY2021_Motorrad-Abdeckung-203x270.jpg 203w\" sizes=\"(max-width: 768px) 100vw, 768px\" \/><figcaption class=\"wp-element-caption\">Kawasaki Z125 MY2021<\/figcaption><\/figure>\n<\/div>\n\n\n\n<div class=\"wp-block-cb-slide-v2 cb-slide swiper-slide\">\n<figure class=\"wp-block-image size-full\"><img decoding=\"async\" width=\"768\" height=\"1024\" src=\"https:\/\/www.mycover-protection.com\/wp-content\/uploads\/2024\/10\/Motorrad-Abdeckplane_Kawasaki_Z900.jpg\" alt=\"Kawasaki Z900 noire avec jantes m&#xE9;talliques rouges gar&#xE9;e &#xE0; l'ext&#xE9;rieur, vue lat&#xE9;rale gauche avec syst&#xE8;me de freinage visible.&#10;\" class=\"wp-image-37482\" srcset=\"https:\/\/www.mycover-protection.com\/wp-content\/uploads\/2024\/10\/Motorrad-Abdeckplane_Kawasaki_Z900.jpg 768w, https:\/\/www.mycover-protection.com\/wp-content\/uploads\/2024\/10\/Motorrad-Abdeckplane_Kawasaki_Z900-225x300.jpg 225w, https:\/\/www.mycover-protection.com\/wp-content\/uploads\/2024\/10\/Motorrad-Abdeckplane_Kawasaki_Z900-203x270.jpg 203w\" sizes=\"(max-width: 768px) 100vw, 768px\" \/><figcaption class=\"wp-element-caption\">Kawasaki Z900<\/figcaption><\/figure>\n<\/div>\n\n\n\n<div class=\"wp-block-cb-slide-v2 cb-slide swiper-slide\">\n<figure class=\"wp-block-image size-full\"><img decoding=\"async\" width=\"768\" height=\"1024\" src=\"https:\/\/www.mycover-protection.com\/wp-content\/uploads\/2024\/10\/Motorrad-Abdeckplane_Kawasaki_Z900_Motorrad-Abdeckung.jpg\" alt=\"Kawasaki Z900 sous une housse moto MYCOVER&#xAE;, enti&#xE8;rement recouverte&#10;\" class=\"wp-image-37479\" srcset=\"https:\/\/www.mycover-protection.com\/wp-content\/uploads\/2024\/10\/Motorrad-Abdeckplane_Kawasaki_Z900_Motorrad-Abdeckung.jpg 768w, https:\/\/www.mycover-protection.com\/wp-content\/uploads\/2024\/10\/Motorrad-Abdeckplane_Kawasaki_Z900_Motorrad-Abdeckung-225x300.jpg 225w, https:\/\/www.mycover-protection.com\/wp-content\/uploads\/2024\/10\/Motorrad-Abdeckplane_Kawasaki_Z900_Motorrad-Abdeckung-203x270.jpg 203w\" sizes=\"(max-width: 768px) 100vw, 768px\" \/><figcaption class=\"wp-element-caption\">Kawasaki Z900<\/figcaption><\/figure>\n<\/div>\n<\/div><\/div><div class=\"cb-pagination swiper-pagination\"><\/div><\/div>\n<\/div><\/div>\n\n<div class=\"wp-block-group alignfull wfa-manufacturer-size-rec-page-section --reviews-one-col-boxed\"><div class=\"wp-block-group__inner-container is-layout-constrained wp-block-group-is-layout-constrained\">\n<div class=\"wp-block-group wfa-manufacturer-size-rec-page-section__heading-stack is-vertical is-content-justification-center is-layout-flex wp-container-core-group-is-layout-4b2eccd6 wp-block-group-is-layout-flex\">\n<h2 class=\"wp-block-heading is-style-not-underlined\" style=\"text-transform:capitalize\">Commentaires de conducteurs Kawasaki satisfaits<\/h2>\n\n\n\n<p>Entretenir, stocker en toute s\u00e9curit\u00e9 et \u00e9viter les rayures sur votre moto Kawasaki<\/p>\n<\/div>\n\n\n\n<div class=\"wp-block-group wfa-manufacturer-size-rec-page-section__reviews-one-col-boxed__content-stack is-vertical is-content-justification-center is-layout-flex wp-container-core-group-is-layout-52c8502b wp-block-group-is-layout-flex\">\n<div data-color-scheme=\"error\" class=\"wfa-component-alertbox\" data-wfa-component=\"alertbox\">\t<p><strong>Interdit<\/strong><\/p>\n\t<p>Le shortcode <code>[[wfa-review]]<\/code> n&#039;est pas disponible pour ce type de page.\t<\/p>\n<\/div>\n\n\n\n\n\n<div data-color-scheme=\"error\" class=\"wfa-component-alertbox\" data-wfa-component=\"alertbox\">\t<p><strong>Interdit<\/strong><\/p>\n\t<p>Le shortcode <code>[[wfa-review]]<\/code> n&#039;est pas disponible pour ce type de page.\t<\/p>\n<\/div>\n\n\n\n\n\n<div data-color-scheme=\"error\" class=\"wfa-component-alertbox\" data-wfa-component=\"alertbox\">\t<p><strong>Interdit<\/strong><\/p>\n\t<p>Le shortcode <code>[[wfa-review]]<\/code> n&#039;est pas disponible pour ce type de page.\t<\/p>\n<\/div>\n\n\n\n\n\n<div data-color-scheme=\"error\" class=\"wfa-component-alertbox\" data-wfa-component=\"alertbox\">\t<p><strong>Interdit<\/strong><\/p>\n\t<p>Le shortcode <code>[[wfa-review]]<\/code> n&#039;est pas disponible pour ce type de page.\t<\/p>\n<\/div>\n\n\n<\/div>\n\n\n\n<div class=\"wp-block-buttons is-horizontal is-content-justification-center is-layout-flex wp-container-core-buttons-is-layout-ddb39544 wp-block-buttons-is-layout-flex\">\n<div class=\"wp-block-button\"><a class=\"wp-block-button__link wp-element-button\" href=\"#mycover-abdeckplanen-groessenfinder\">S\u00e9lectionnez la taille maintenant<\/a><\/div>\n<\/div>\n<\/div><\/div>\n\n<div class=\"wp-block-group alignfull wfa-manufacturer-size-rec-page-section --mycover-size-finder-model-list\"><div class=\"wp-block-group__inner-container is-layout-constrained wp-block-group-is-layout-constrained\">\n<div class=\"wp-block-group wfa-manufacturer-size-rec-page-section__heading-stack is-vertical is-content-justification-center is-layout-flex wp-container-core-group-is-layout-4b2eccd6 wp-block-group-is-layout-flex\">\n<h2 class=\"wp-block-heading is-style-not-underlined\" style=\"text-transform:none\">S\u00e9lection de mod\u00e8les pour housse moto Kawasaki<\/h2>\n\n\n\n<p>Convient \u00e0 tous les types de v\u00e9hicules Kawasaki<\/p>\n<\/div>\n\n\n\n<div class=\"wp-block-group wfa-manufacturer-size-rec-page-section__size-finder-model-list__vehicle-variations is-vertical is-content-justification-left is-layout-flex wp-container-core-group-is-layout-c0ca7d81 wp-block-group-is-layout-flex\">\n<ul class=\"wp-block-list\">\n<li>Sport<\/li>\n\n\n\n<li>roadster<\/li>\n\n\n\n<li>Aventure<\/li>\n\n\n\n<li>Touring<\/li>\n\n\n\n<li>Classic<\/li>\n\n\n\n<li>Cruiser<\/li>\n\n\n\n<li>patrimoine<\/li>\n\n\n\n<li>Enduro<\/li>\n<\/ul>\n<\/div>\n\n\n\n<div data-color-scheme=\"error\" class=\"wfa-component-alertbox\" data-wfa-component=\"alertbox\">\t<p><strong>Interdit<\/strong><\/p>\n\t<p>Le shortcode <code>[[wfa-component-motorcycle-model-list]]<\/code> n&#039;est pas disponible pour ce type de page.\t<\/p>\n<\/div>\n\n\n<\/div><\/div>\n\n<div class=\"wp-block-group alignfull wfa-manufacturer-size-rec-page-section --text-left-img-right\"><div class=\"wp-block-group__inner-container is-layout-constrained wp-block-group-is-layout-constrained\">\n<div class=\"wp-block-group wfa-manufacturer-size-rec-page-section__heading-stack is-vertical is-content-justification-center is-layout-flex wp-container-core-group-is-layout-4b2eccd6 wp-block-group-is-layout-flex\">\n<h2 class=\"wp-block-heading is-style-not-underlined\" style=\"text-transform:none\">Housse de protection MYCOVER durable pour votre Kawasaki<\/h2>\n\n\n\n<p>De cette fa\u00e7on, vous vous garez en toute s\u00e9curit\u00e9 et vous vous prot\u00e9gez de la poussi\u00e8re et de la salet\u00e9<\/p>\n<\/div>\n\n\n\n<div class=\"wp-block-columns are-vertically-aligned-center wfa-manufacturer-size-rec-page-section__text-left-img-right__cols is-layout-flex wp-container-core-columns-is-layout-9d6595d7 wp-block-columns-is-layout-flex\">\n<div class=\"wp-block-column is-vertically-aligned-center is-layout-flow wp-block-column-is-layout-flow\" style=\"flex-basis:50%\">\n<div class=\"wp-block-group wfa-manufacturer-size-rec-page-section__text-left-img-right__text-stack is-vertical is-layout-flex wp-container-core-group-is-layout-8cf370e7 wp-block-group-is-layout-flex\">\n<p>La <a href=\"https:\/\/www.mycover-protection.com\/fr\/produkt\/mycover-premium-outdoor\/\">housse de MYCOVER\u00ae<\/a>, adapt\u00e9e aux motos Kawasaki, offre un mat\u00e9riau imperm\u00e9able 300D, une doublure int\u00e9rieure douce et des coutures doubles renforc\u00e9es. La protection UV et les sangles de s\u00e9curit\u00e9 facilitent le quotidien. Trouvez d\u00e8s maintenant la taille adapt\u00e9e \u00e0 votre mod\u00e8le.<\/p>\n<\/div>\n\n\n\n<div class=\"wp-block-buttons is-horizontal is-content-justification-left is-layout-flex wp-container-core-buttons-is-layout-92fc3979 wp-block-buttons-is-layout-flex\">\n<div class=\"wp-block-button\"><a class=\"wp-block-button__link wp-element-button\" href=\"#mycover-abdeckplanen-groessenfinder\">S\u00e9lectionnez la taille maintenant<\/a><\/div>\n<\/div>\n<\/div>\n\n\n\n<div class=\"wp-block-column is-vertically-aligned-center wfa-manufacturer-size-rec-page-section__text-left-img-right__img-wrap is-layout-flow wp-block-column-is-layout-flow\" style=\"flex-basis:50%\">\n<figure class=\"wp-block-image size-full\"><img decoding=\"async\" width=\"800\" height=\"800\" src=\"https:\/\/www.mycover-protection.com\/wp-content\/uploads\/2019\/12\/MYCOVER_Front_white.jpg\" alt=\"\" class=\"wp-image-3216\" srcset=\"https:\/\/www.mycover-protection.com\/wp-content\/uploads\/2019\/12\/MYCOVER_Front_white.jpg 800w, https:\/\/www.mycover-protection.com\/wp-content\/uploads\/2019\/12\/MYCOVER_Front_white-300x300.jpg 300w, https:\/\/www.mycover-protection.com\/wp-content\/uploads\/2019\/12\/MYCOVER_Front_white-200x200.jpg 200w, https:\/\/www.mycover-protection.com\/wp-content\/uploads\/2019\/12\/MYCOVER_Front_white-150x150.jpg 150w, https:\/\/www.mycover-protection.com\/wp-content\/uploads\/2019\/12\/MYCOVER_Front_white-768x768.jpg 768w\" sizes=\"(max-width: 800px) 100vw, 800px\" \/><\/figure>\n<\/div>\n<\/div>\n<\/div><\/div>\n\n<div class=\"wp-block-group alignfull wfa-manufacturer-size-rec-page-section --text-one-col-boxed\"><div class=\"wp-block-group__inner-container is-layout-constrained wp-block-group-is-layout-constrained\">\n<div class=\"wp-block-group wfa-manufacturer-size-rec-page-section__heading-stack is-vertical is-content-justification-center is-layout-flex wp-container-core-group-is-layout-4b2eccd6 wp-block-group-is-layout-flex\">\n<h2 class=\"wp-block-heading is-style-not-underlined\" style=\"text-transform:capitalize\">\u00c0 propos de Kawasaki<\/h2>\n<\/div>\n\n\n\n<div class=\"wp-block-group wfa-manufacturer-size-rec-page-section__text-one-col-boxed__content-stack --text-lg is-vertical is-layout-flex wp-container-core-group-is-layout-8cf370e7 wp-block-group-is-layout-flex\">\n<p>Kawasaki couvre un large \u00e9ventail de mod\u00e8les, des sportives Ninja aux Supernaked Z en passant par les routi\u00e8res Versys, la s\u00e9rie W et les cruisers Vulcan. La technique et l&rsquo;exp\u00e9rience des superbikes caract\u00e9risent la s\u00e9rie, comme pour la Ninja H2 suraliment\u00e9e. <\/p>\n\n\n\n<p>Les <strong>Kawasaki Z1000<\/strong>, la <strong>Kawasaki Ninja 1000 SX<\/strong> et la <strong>Kawasaki Ninja 650<\/strong> sont populaires. La premi\u00e8re repr\u00e9sente le caract\u00e8re Supernaked, la version touring combine sport et assistance, le mod\u00e8le de classe moyenne se distingue par sa maniabilit\u00e9. Avec une housse moto parfaitement ajust\u00e9e, vous prot\u00e9gez de mani\u00e8re fiable la peinture et la technique au quotidien.  <\/p>\n<\/div>\n<\/div><\/div>\n\n<div class=\"wp-block-group alignfull wfa-manufacturer-size-rec-page-section --faq\"><div class=\"wp-block-group__inner-container is-layout-constrained wp-block-group-is-layout-constrained\">\n<div class=\"wp-block-group wfa-manufacturer-size-rec-page-section__heading-stack is-vertical is-content-justification-center is-layout-flex wp-container-core-group-is-layout-4b2eccd6 wp-block-group-is-layout-flex\">\n<h2 class=\"wp-block-heading is-style-not-underlined\" style=\"text-transform:none\">Questions fr\u00e9quentes sur nos Housses<\/h2>\n\n\n\n<p>Questions sur la compatibilit\u00e9 et l&rsquo;utilisation avec les mod\u00e8les Kawasaki populaires<\/p>\n<\/div>\n\n\n\n<div class=\"wp-block-group\"><div class=\"wp-block-group__inner-container is-layout-constrained wp-block-group-is-layout-constrained\">\n<div class=\"wp-block-group\"><div class=\"wp-block-group__inner-container is-layout-constrained wp-block-group-is-layout-constrained\">\n<div class=\"wp-block-group\"><div class=\"wp-block-group__inner-container is-layout-constrained wp-block-group-is-layout-constrained\">\n<div class=\"wp-block-group wfa-manufacturer-size-rec-page-section__faq__content-stack is-vertical is-content-justification-left is-layout-flex wp-container-core-group-is-layout-c0ca7d81 wp-block-group-is-layout-flex\">\n<details class=\"wp-block-webfluence-blocks-details-summary\">\n<summary class=\"wp-block-webfluence-blocks-details-summary-title\">\n<h3 class=\"wp-block-heading\">Comment trouver la taille de housse moto adapt\u00e9e \u00e0 ma Kawasaki ?<\/h3>\n<\/summary>\n\n\n\n<div class=\"wp-block-webfluence-blocks-details-summary-body\">\n<p>Utilisez le <a href=\"https:\/\/www.mycover-protection.com\/fr\/produkt\/mycover-premium-outdoor\/#groessenempfehlungen\">guide des tailles<\/a>, le mod\u00e8le et les accessoires sont pris en compte pour une recommandation pr\u00e9cise.<\/p>\n<\/div>\n<\/details>\n\n\n\n<details class=\"wp-block-webfluence-blocks-details-summary\">\n<summary class=\"wp-block-webfluence-blocks-details-summary-title\">\n<h3 class=\"wp-block-heading\">La housse moto pour Kawasaki est-elle \u00e9tanche en cas de fortes pluies et de soleil ?<\/h3>\n<\/summary>\n\n\n\n<div class=\"wp-block-webfluence-blocks-details-summary-body\">\n<p>Oui, la housse est \u00e9tanche et r\u00e9sistante aux UV, tout en \u00e9tant respirante pour un climat sec.<\/p>\n<\/div>\n<\/details>\n\n\n\n<details class=\"wp-block-webfluence-blocks-details-summary\">\n<summary class=\"wp-block-webfluence-blocks-details-summary-title\">\n<h3 class=\"wp-block-heading\">La housse moto pour Kawasaki Z900 est-elle adapt\u00e9e malgr\u00e9 les arceaux de s\u00e9curit\u00e9 et les extensions de r\u00e9troviseurs ?<\/h3>\n<\/summary>\n\n\n\n<div class=\"wp-block-webfluence-blocks-details-summary-body\">\n<p>Dans le <a href=\"https:\/\/www.mycover-protection.com\/fr\/produkt\/mycover-premium-outdoor\/#groessenempfehlungen\">guide des tailles<\/a>, s\u00e9lectionnez les accessoires. La recommandation tient compte de la largeur suppl\u00e9mentaire.<\/p>\n<\/div>\n<\/details>\n\n\n\n<details class=\"wp-block-webfluence-blocks-details-summary\">\n<summary class=\"wp-block-webfluence-blocks-details-summary-title\">\n<h3 class=\"wp-block-heading\">La housse moto pour Kawasaki est-elle bien maintenue en cas de temp\u00eate ?<\/h3>\n<\/summary>\n\n\n\n<div class=\"wp-block-webfluence-blocks-details-summary-body\">\n<p>Les sangles de s\u00e9curit\u00e9 et les ourlets \u00e9lastiques emp\u00eachent le flottement et maintiennent tout en place. Ceux-ci sont extra r\u00e9glables pour un ajustement encore plus pr\u00e9cis \u00e0 votre Kawasaki. <\/p>\n<\/div>\n<\/details>\n\n\n\n<details class=\"wp-block-webfluence-blocks-details-summary\">\n<summary class=\"wp-block-webfluence-blocks-details-summary-title\">\n<h3 class=\"wp-block-heading\">Peut-on utiliser la housse moto pour Kawasaki Z1000 malgr\u00e9 un syst\u00e8me d&rsquo;\u00e9chappement sur\u00e9lev\u00e9 ?<\/h3>\n<\/summary>\n\n\n\n<div class=\"wp-block-webfluence-blocks-details-summary-body\">\n<p>La zone de protection thermique couvre les zones chaudes. Vous pouvez peut-\u00eatre laisser refroidir bri\u00e8vement la moto, puis vous pouvez la couvrir sans aucune h\u00e9sitation. <\/p>\n<\/div>\n<\/details>\n\n\n\n<details class=\"wp-block-webfluence-blocks-details-summary\">\n<summary class=\"wp-block-webfluence-blocks-details-summary-title\">\n<h3 class=\"wp-block-heading\">Comment nettoyer correctement la housse moto pour Kawasaki ?<\/h3>\n<\/summary>\n\n\n\n<div class=\"wp-block-webfluence-blocks-details-summary-body\">\n<p>Essuyer avec de l&rsquo;eau, laisser s\u00e9cher. Mais \u00e9vitez absolument les nettoyants agressifs. <\/p>\n<\/div>\n<\/details>\n\n\n\n<details class=\"wp-block-webfluence-blocks-details-summary\">\n<summary class=\"wp-block-webfluence-blocks-details-summary-title\">\n<h3 class=\"wp-block-heading\">La housse moto pour Kawasaki Ninja 1000 SX est-elle adapt\u00e9e malgr\u00e9 les sacoches lat\u00e9rales et le pare-brise touring haut ?<\/h3>\n<\/summary>\n\n\n\n<div class=\"wp-block-webfluence-blocks-details-summary-body\">\n<p>Utilisez le <a href=\"https:\/\/www.mycover-protection.com\/fr\/produkt\/mycover-premium-outdoor\/#groessenempfehlungen\">guide des tailles<\/a>, il tient compte des syst\u00e8mes de valises, des grands pare-brise, ainsi que de toutes les autres modifications et ajouts.<\/p>\n<\/div>\n<\/details>\n<\/div>\n<\/div><\/div>\n<\/div><\/div>\n<\/div><\/div>\n\n\n\n<div class=\"wp-block-buttons is-horizontal is-content-justification-center is-layout-flex wp-container-core-buttons-is-layout-ddb39544 wp-block-buttons-is-layout-flex\">\n<div class=\"wp-block-button\"><a class=\"wp-block-button__link wp-element-button\" href=\"#mycover-abdeckplanen-groessenfinder\">S\u00e9lectionnez la taille maintenant<\/a><\/div>\n<\/div>\n<\/div><\/div>\n\n<div class=\"wp-block-group alignfull wfa-manufacturer-size-rec-page-section --all-mycover-products\"><div class=\"wp-block-group__inner-container is-layout-constrained wp-block-group-is-layout-constrained\">\n<div class=\"wp-block-group wfa-reusable-group-all-mycover-products has-black-color has-text-color has-link-color wp-elements-e52df7be340ae9f9e80ecdd813c2d54b\"><div class=\"wp-block-group__inner-container is-layout-constrained wp-block-group-is-layout-constrained\">\n<p class=\"has-text-align-center wfa-reusable-group-all-mycover-products__title has-large-font-size\"><strong>Tous les MYCOVER\u00ae-produits<\/strong><\/p>\n\n\n\n<div class=\"wp-block-cb-carousel-v2 cb-carousel-block\" data-cb-slides-per-view=\"2\" data-cb-slides-per-group=\"1\" data-cb-space-between=\"0\" data-cb-speed=\"200\" data-cb-navigation=\"true\" data-cb-breakpoints=\"{&quot;768&quot;:{&quot;slidesPerView&quot;:4,&quot;slidesPerGroup&quot;:1}}\"><div class=\"swiper\"><div class=\"cb-wrapper swiper-wrapper\">\n<div class=\"wp-block-cb-slide-v2 cb-slide swiper-slide\">\n<div class=\"wp-block-group\"><div class=\"wp-block-group__inner-container is-layout-constrained wp-block-group-is-layout-constrained\">\n<figure class=\"wp-block-image size-large\"><img decoding=\"async\" width=\"1024\" height=\"1024\" src=\"https:\/\/www.mycover-protection.com\/wp-content\/uploads\/2022\/11\/Motorrad_abdeckplane_outdoor-1024x1024.jpg\" alt=\"Housses moto d'ext&#xE9;rieur\" class=\"wp-image-22125\" srcset=\"https:\/\/www.mycover-protection.com\/wp-content\/uploads\/2022\/11\/Motorrad_abdeckplane_outdoor-1024x1024.jpg 1024w, https:\/\/www.mycover-protection.com\/wp-content\/uploads\/2022\/11\/Motorrad_abdeckplane_outdoor-300x300.jpg 300w, https:\/\/www.mycover-protection.com\/wp-content\/uploads\/2022\/11\/Motorrad_abdeckplane_outdoor-150x150.jpg 150w, https:\/\/www.mycover-protection.com\/wp-content\/uploads\/2022\/11\/Motorrad_abdeckplane_outdoor-768x768.jpg 768w, https:\/\/www.mycover-protection.com\/wp-content\/uploads\/2022\/11\/Motorrad_abdeckplane_outdoor-270x270.jpg 270w, https:\/\/www.mycover-protection.com\/wp-content\/uploads\/2022\/11\/Motorrad_abdeckplane_outdoor-800x800.jpg 800w, https:\/\/www.mycover-protection.com\/wp-content\/uploads\/2022\/11\/Motorrad_abdeckplane_outdoor-200x200.jpg 200w, https:\/\/www.mycover-protection.com\/wp-content\/uploads\/2022\/11\/Motorrad_abdeckplane_outdoor.jpg 1200w\" sizes=\"(max-width: 1024px) 100vw, 1024px\" \/><\/figure>\n\n\n\n<p><a href=\"https:\/\/www.mycover-protection.com\/fr\/produkt\/mycover-premium-outdoor\/\"><strong>Housses moto Outdoor<\/strong><\/a><\/p>\n<\/div><\/div>\n<\/div>\n\n\n\n<div class=\"wp-block-cb-slide-v2 cb-slide swiper-slide\">\n<div class=\"wp-block-group\"><div class=\"wp-block-group__inner-container is-layout-constrained wp-block-group-is-layout-constrained\">\n<figure class=\"wp-block-image size-full\"><img decoding=\"async\" width=\"800\" height=\"800\" src=\"https:\/\/www.mycover-protection.com\/wp-content\/uploads\/2023\/01\/Motorrad-abdeckplane-chopper.png\" alt=\"Housses d'ext&#xE9;rieur pour Chopper\" class=\"wp-image-21485\" srcset=\"https:\/\/www.mycover-protection.com\/wp-content\/uploads\/2023\/01\/Motorrad-abdeckplane-chopper.png 800w, https:\/\/www.mycover-protection.com\/wp-content\/uploads\/2023\/01\/Motorrad-abdeckplane-chopper-300x300.png 300w, https:\/\/www.mycover-protection.com\/wp-content\/uploads\/2023\/01\/Motorrad-abdeckplane-chopper-150x150.png 150w, https:\/\/www.mycover-protection.com\/wp-content\/uploads\/2023\/01\/Motorrad-abdeckplane-chopper-768x768.png 768w, https:\/\/www.mycover-protection.com\/wp-content\/uploads\/2023\/01\/Motorrad-abdeckplane-chopper-270x270.png 270w, https:\/\/www.mycover-protection.com\/wp-content\/uploads\/2023\/01\/Motorrad-abdeckplane-chopper-200x200.png 200w\" sizes=\"(max-width: 800px) 100vw, 800px\" \/><\/figure>\n\n\n\n<p><a href=\"https:\/\/www.mycover-protection.com\/es\/produkt\/mycover-funda-exterior-premium-para-chopper\/\"><strong>Housses pour Chopper en ext\u00e9rieur<\/strong><\/a><\/p>\n<\/div><\/div>\n<\/div>\n\n\n\n<div class=\"wp-block-cb-slide-v2 cb-slide swiper-slide\">\n<div class=\"wp-block-group\"><div class=\"wp-block-group__inner-container is-layout-constrained wp-block-group-is-layout-constrained\">\n<figure class=\"wp-block-image size-full\"><img decoding=\"async\" width=\"800\" height=\"800\" src=\"https:\/\/www.mycover-protection.com\/wp-content\/uploads\/2023\/01\/Motorrad-Abdeckplane-Topcase.png\" alt=\"Housses pour Scooter avec Topcase\" class=\"wp-image-21482\" srcset=\"https:\/\/www.mycover-protection.com\/wp-content\/uploads\/2023\/01\/Motorrad-Abdeckplane-Topcase.png 800w, https:\/\/www.mycover-protection.com\/wp-content\/uploads\/2023\/01\/Motorrad-Abdeckplane-Topcase-300x300.png 300w, https:\/\/www.mycover-protection.com\/wp-content\/uploads\/2023\/01\/Motorrad-Abdeckplane-Topcase-150x150.png 150w, https:\/\/www.mycover-protection.com\/wp-content\/uploads\/2023\/01\/Motorrad-Abdeckplane-Topcase-768x768.png 768w, https:\/\/www.mycover-protection.com\/wp-content\/uploads\/2023\/01\/Motorrad-Abdeckplane-Topcase-270x270.png 270w, https:\/\/www.mycover-protection.com\/wp-content\/uploads\/2023\/01\/Motorrad-Abdeckplane-Topcase-200x200.png 200w\" sizes=\"(max-width: 800px) 100vw, 800px\" \/><\/figure>\n\n\n\n<p><a href=\"https:\/\/www.mycover-protection.com\/es\/produkt\/mycover-funda-exterior-premium-para-scooter\/\"><strong>Housses pour Scooter Outdoor<\/strong><\/a><\/p>\n<\/div><\/div>\n<\/div>\n\n\n\n<div class=\"wp-block-cb-slide-v2 cb-slide swiper-slide\">\n<div class=\"wp-block-group\"><div class=\"wp-block-group__inner-container is-layout-constrained wp-block-group-is-layout-constrained\">\n<figure class=\"wp-block-image size-full\"><img decoding=\"async\" width=\"800\" height=\"800\" src=\"https:\/\/www.mycover-protection.com\/wp-content\/uploads\/2022\/07\/Motorrrad-Abdeckplane-Indoor-Stoff.png\" alt=\"Housses moto Indoor soft\" class=\"wp-image-20162\" srcset=\"https:\/\/www.mycover-protection.com\/wp-content\/uploads\/2022\/07\/Motorrrad-Abdeckplane-Indoor-Stoff.png 800w, https:\/\/www.mycover-protection.com\/wp-content\/uploads\/2022\/07\/Motorrrad-Abdeckplane-Indoor-Stoff-300x300.png 300w, https:\/\/www.mycover-protection.com\/wp-content\/uploads\/2022\/07\/Motorrrad-Abdeckplane-Indoor-Stoff-150x150.png 150w, https:\/\/www.mycover-protection.com\/wp-content\/uploads\/2022\/07\/Motorrrad-Abdeckplane-Indoor-Stoff-768x768.png 768w, https:\/\/www.mycover-protection.com\/wp-content\/uploads\/2022\/07\/Motorrrad-Abdeckplane-Indoor-Stoff-270x270.png 270w, https:\/\/www.mycover-protection.com\/wp-content\/uploads\/2022\/07\/Motorrrad-Abdeckplane-Indoor-Stoff-200x200.png 200w\" sizes=\"(max-width: 800px) 100vw, 800px\" \/><\/figure>\n\n\n\n<p><a href=\"https:\/\/www.mycover-protection.com\/es\/produkt\/mycover-funda-para-moto-de-interior-premium\/\"><strong>Housses moto Indoor<\/strong><\/a><\/p>\n<\/div><\/div>\n<\/div>\n<\/div><\/div><div class=\"cb-button-prev swiper-button-prev\"><\/div><div class=\"cb-button-next swiper-button-next\"><\/div><\/div>\n\n\n\n<p class=\"has-text-align-center wfa-reusable-group-all-mycover-products__category-links has-small-font-size\"><a href=\"https:\/\/www.mycover-protection.com\/fr\/categorie-de-produits\/couverture-de-moto\/\">Toutes les Couvertures moto<\/a> &#8211; <a href=\"https:\/\/www.mycover-protection.com\/fr\/categorie-de-produits\/couvertures-de-scooter\/\">Toutes les Couvertures scooter<\/a><\/p>\n<\/div><\/div>\n<\/div><\/div>\n\n<div class=\"wp-block-group alignfull wfa-manufacturer-size-rec-page-section --magazin\"><div class=\"wp-block-group__inner-container is-layout-constrained wp-block-group-is-layout-constrained\">\n<div class=\"wp-block-group wfa-manufacturer-size-rec-page-section__heading-stack is-vertical is-content-justification-center is-layout-flex wp-container-core-group-is-layout-4b2eccd6 wp-block-group-is-layout-flex\">\n<h2 class=\"wp-block-heading is-style-not-underlined\" style=\"text-transform:capitalize\">MYCOVER Magazine<\/h2>\n\n\n\n<p>Guide de la protection antivol et de la pr\u00e9servation de la valeur de votre v\u00e9hicule<\/p>\n<\/div>\n\n\n\n<div data-wp-context=\"{}\" data-wp-interactive=\"core\/query\" data-wp-key=\"18\" data-wp-router-region=\"query-18\" class=\"wp-block-query wfa-ignore-private-posts is-layout-flow wp-block-query-is-layout-flow\"><ul class=\"columns-3 wp-block-post-template is-layout-grid wp-container-core-post-template-is-layout-2fc57c17 wp-block-post-template-is-layout-grid\"><li data-wp-key=\"post-template-item-62178\" class=\"wp-block-post post-62178 post type-post status-publish format-standard has-post-thumbnail hentry\">\n<figure style=\"aspect-ratio:16\/9;\" class=\"alignwide wp-block-post-featured-image\"><img decoding=\"async\" width=\"1536\" height=\"1024\" src=\"https:\/\/www.mycover-protection.com\/wp-content\/uploads\/2025\/11\/Motorrad_Abdeckplane_Test_und_Vergleich.png\" class=\"attachment-post-thumbnail size-post-thumbnail wp-post-image\" alt=\"Motorrad steht ungesch\u00fctzt im Freien bei Sonne, Regen und Schnee, Symbolbild f\u00fcr Motorrad Abdeckplane Test und Vergleich.\" style=\"width:100%;height:100%;object-fit:cover;\" srcset=\"https:\/\/www.mycover-protection.com\/wp-content\/uploads\/2025\/11\/Motorrad_Abdeckplane_Test_und_Vergleich.png 1536w, https:\/\/www.mycover-protection.com\/wp-content\/uploads\/2025\/11\/Motorrad_Abdeckplane_Test_und_Vergleich-300x200.png 300w, https:\/\/www.mycover-protection.com\/wp-content\/uploads\/2025\/11\/Motorrad_Abdeckplane_Test_und_Vergleich-1024x683.png 1024w, https:\/\/www.mycover-protection.com\/wp-content\/uploads\/2025\/11\/Motorrad_Abdeckplane_Test_und_Vergleich-768x512.png 768w, https:\/\/www.mycover-protection.com\/wp-content\/uploads\/2025\/11\/Motorrad_Abdeckplane_Test_und_Vergleich-400x267.png 400w, https:\/\/www.mycover-protection.com\/wp-content\/uploads\/2025\/11\/Motorrad_Abdeckplane_Test_und_Vergleich-800x533.png 800w\" sizes=\"(max-width: 1536px) 100vw, 1536px\" \/><\/figure>\n\n<h3 class=\"wp-block-post-title\"><a href=\"https:\/\/www.mycover-protection.com\/fr\/magazin\/test-et-comparatif-de-housses-moto-mycover-convainc-dans-toutes-les-categories\/\" target=\"_self\" >Test et comparatif de housses moto : MYCOVER\u00ae convainc dans toutes les cat\u00e9gories<\/a><\/h3>\n<\/li><li data-wp-key=\"post-template-item-54763\" class=\"wp-block-post post-54763 post type-post status-publish format-standard has-post-thumbnail hentry category-non-classifiee\">\n<figure style=\"aspect-ratio:16\/9;\" class=\"alignwide wp-block-post-featured-image\"><img decoding=\"async\" width=\"1536\" height=\"1024\" src=\"https:\/\/www.mycover-protection.com\/wp-content\/uploads\/2025\/06\/Motorrad_Abdeckplane_erfahrung.png\" class=\"attachment-post-thumbnail size-post-thumbnail wp-post-image\" alt=\"Ein Mann und eine Frau stehen bei Regen im Garten und betrachten nachdenklich zwei nasse Motorr\u00e4der, w\u00e4hrend sie schlaffe Motorradabdeckungen in den H\u00e4nden halten, zwischen ihnen liegt eine durchn\u00e4sste Plane auf dem Boden.\" style=\"width:100%;height:100%;object-fit:cover;\" srcset=\"https:\/\/www.mycover-protection.com\/wp-content\/uploads\/2025\/06\/Motorrad_Abdeckplane_erfahrung.png 1536w, https:\/\/www.mycover-protection.com\/wp-content\/uploads\/2025\/06\/Motorrad_Abdeckplane_erfahrung-300x200.png 300w, https:\/\/www.mycover-protection.com\/wp-content\/uploads\/2025\/06\/Motorrad_Abdeckplane_erfahrung-1024x683.png 1024w, https:\/\/www.mycover-protection.com\/wp-content\/uploads\/2025\/06\/Motorrad_Abdeckplane_erfahrung-768x512.png 768w, https:\/\/www.mycover-protection.com\/wp-content\/uploads\/2025\/06\/Motorrad_Abdeckplane_erfahrung-400x267.png 400w, https:\/\/www.mycover-protection.com\/wp-content\/uploads\/2025\/06\/Motorrad_Abdeckplane_erfahrung-800x533.png 800w\" sizes=\"(max-width: 1536px) 100vw, 1536px\" \/><\/figure>\n\n<h3 class=\"wp-block-post-title\"><a href=\"https:\/\/www.mycover-protection.com\/fr\/magazin\/experiences-de-bache-moto-cest-pourquoi-il-y-a-mycover\/\" target=\"_self\" >Exp\u00e9riences de b\u00e2che moto : C&rsquo;est pourquoi il y a MYCOVER\u00ae<\/a><\/h3>\n<\/li><li data-wp-key=\"post-template-item-39354\" class=\"wp-block-post post-39354 post type-post status-publish format-standard has-post-thumbnail hentry category-non-classifiee\">\n<figure style=\"aspect-ratio:16\/9;\" class=\"alignwide wp-block-post-featured-image\"><img decoding=\"async\" width=\"1536\" height=\"1024\" src=\"https:\/\/www.mycover-protection.com\/wp-content\/uploads\/2024\/12\/Motorrad_waschen.png\" class=\"attachment-post-thumbnail size-post-thumbnail wp-post-image\" alt=\"Motorradw\u00e4sche mit Schaum: Blaues Sport-Motorrad wird gr\u00fcndlich eingeseift \u2013 Motorradw\u00e4sche mit viel Schaum im Sonnenlicht.\" style=\"width:100%;height:100%;object-fit:cover;\" srcset=\"https:\/\/www.mycover-protection.com\/wp-content\/uploads\/2024\/12\/Motorrad_waschen.png 1536w, https:\/\/www.mycover-protection.com\/wp-content\/uploads\/2024\/12\/Motorrad_waschen-300x200.png 300w, https:\/\/www.mycover-protection.com\/wp-content\/uploads\/2024\/12\/Motorrad_waschen-1024x683.png 1024w, https:\/\/www.mycover-protection.com\/wp-content\/uploads\/2024\/12\/Motorrad_waschen-768x512.png 768w, https:\/\/www.mycover-protection.com\/wp-content\/uploads\/2024\/12\/Motorrad_waschen-400x267.png 400w, https:\/\/www.mycover-protection.com\/wp-content\/uploads\/2024\/12\/Motorrad_waschen-800x533.png 800w\" sizes=\"(max-width: 1536px) 100vw, 1536px\" \/><\/figure>\n\n<h3 class=\"wp-block-post-title\"><a href=\"https:\/\/www.mycover-protection.com\/fr\/magazin\/laver-sa-moto-comment-garder-sa-moto-en-pleine-forme\/\" target=\"_self\" >Laver et entretenir sa moto : Conseils d&rsquo;initi\u00e9s pour pr\u00e9server au maximum la valeur de votre moto !<\/a><\/h3>\n<\/li><\/ul><\/div>\n\n\n\n<div class=\"wp-block-buttons is-horizontal is-content-justification-center is-layout-flex wp-container-core-buttons-is-layout-ddb39544 wp-block-buttons-is-layout-flex\">\n<div class=\"wp-block-button is-style-outline is-style-outline--1\"><a class=\"wp-block-button__link wp-element-button\" href=\"https:\/\/www.mycover-protection.com\/fr\/magazine\/\">Voir plus de messages<\/a><\/div>\n<\/div>\n<\/div><\/div>\n\n<div class=\"wp-block-group alignfull wfa-manufacturer-size-rec-page-section --other-manufacturers-internal-links\"><div class=\"wp-block-group__inner-container is-layout-constrained wp-block-group-is-layout-constrained\">\n<div class=\"wp-block-group wfa-manufacturer-size-rec-page-section__heading-stack is-vertical is-content-justification-center is-layout-flex wp-container-core-group-is-layout-4b2eccd6 wp-block-group-is-layout-flex\">\n<h2 class=\"wp-block-heading is-style-not-underlined\" style=\"text-transform:none\">B\u00e2ches pour d&rsquo;autres marques de v\u00e9hicules<\/h2>\n\n\n\n<p>S\u00e9lectionner un fabricant et en savoir plus<\/p>\n<\/div>\n\n\n\n<div class=\"wp-block-query wfa-manufacturer-size-rec-page-section__other-manufacturers-internal-links__query-loop is-layout-flow wp-block-query-is-layout-flow\"><\/div>\n<\/div><\/div>\n\n<div class=\"wp-block-group alignfull wfa-manufacturer-size-rec-page-section --mycover-large-product-section\"><div class=\"wp-block-group__inner-container is-layout-constrained wp-block-group-is-layout-constrained\">\n<div class=\"wp-block-group wfa-manufacturer-size-rec-page-section__heading-stack wfa-manufacturer-size-rec-page-section__mycover-large-product-section__heading_stack is-vertical is-content-justification-center is-layout-flex wp-container-core-group-is-layout-4b2eccd6 wp-block-group-is-layout-flex\">\n<h2 class=\"wp-block-heading is-style-not-underlined\" style=\"text-transform:capitalize\">Housses MYCOVER<sup>\u00ae<\/sup> Protection<\/h2>\n\n\n\n<p>Le plus grand choix d&rsquo;Europe pour les motos, choppers et scooters &#8211; Une qualit\u00e9 haut de gamme fabriqu\u00e9e \u00e0 la main<\/p>\n<\/div>\n\n\n\n<figure class=\"wp-block-image size-full wfa-manufacturer-size-rec-page-section__mycover-large-product-section__img-desktop\"><img decoding=\"async\" width=\"2560\" height=\"537\" src=\"https:\/\/www.mycover-protection.com\/wp-content\/uploads\/2025\/03\/mycover-protection-abdeckplanen-auswahl_w2560.jpg\" alt=\"Cette image illustre la diversit&#xE9; des Housses d'ext&#xE9;rieur MYCOVER. On peut voir cinq v&#xE9;hicules couverts, dont une moto, un scooter et un chopper.   \" class=\"wp-image-42602\" srcset=\"https:\/\/www.mycover-protection.com\/wp-content\/uploads\/2025\/03\/mycover-protection-abdeckplanen-auswahl_w2560.jpg 2560w, https:\/\/www.mycover-protection.com\/wp-content\/uploads\/2025\/03\/mycover-protection-abdeckplanen-auswahl_w2560-300x63.jpg 300w, https:\/\/www.mycover-protection.com\/wp-content\/uploads\/2025\/03\/mycover-protection-abdeckplanen-auswahl_w2560-1024x215.jpg 1024w, https:\/\/www.mycover-protection.com\/wp-content\/uploads\/2025\/03\/mycover-protection-abdeckplanen-auswahl_w2560-768x161.jpg 768w, https:\/\/www.mycover-protection.com\/wp-content\/uploads\/2025\/03\/mycover-protection-abdeckplanen-auswahl_w2560-1536x322.jpg 1536w, https:\/\/www.mycover-protection.com\/wp-content\/uploads\/2025\/03\/mycover-protection-abdeckplanen-auswahl_w2560-2048x430.jpg 2048w, https:\/\/www.mycover-protection.com\/wp-content\/uploads\/2025\/03\/mycover-protection-abdeckplanen-auswahl_w2560-400x84.jpg 400w, https:\/\/www.mycover-protection.com\/wp-content\/uploads\/2025\/03\/mycover-protection-abdeckplanen-auswahl_w2560-800x168.jpg 800w\" sizes=\"(max-width: 2560px) 100vw, 2560px\" \/><\/figure>\n\n\n\n<figure class=\"wp-block-image size-full wfa-manufacturer-size-rec-page-section__mycover-large-product-section__img-mobile\"><img decoding=\"async\" width=\"1402\" height=\"1071\" src=\"https:\/\/www.mycover-protection.com\/wp-content\/uploads\/2025\/03\/mycover-protection-abdeckplanen-auswahl-mobile.jpg\" alt=\"Cette image illustre la diversit&#xE9; des Housses d'ext&#xE9;rieur MYCOVER. On peut voir cinq v&#xE9;hicules couverts, dont une moto, un scooter et un chopper.   \" class=\"wp-image-42621\" srcset=\"https:\/\/www.mycover-protection.com\/wp-content\/uploads\/2025\/03\/mycover-protection-abdeckplanen-auswahl-mobile.jpg 1402w, https:\/\/www.mycover-protection.com\/wp-content\/uploads\/2025\/03\/mycover-protection-abdeckplanen-auswahl-mobile-300x229.jpg 300w, https:\/\/www.mycover-protection.com\/wp-content\/uploads\/2025\/03\/mycover-protection-abdeckplanen-auswahl-mobile-1024x782.jpg 1024w, https:\/\/www.mycover-protection.com\/wp-content\/uploads\/2025\/03\/mycover-protection-abdeckplanen-auswahl-mobile-768x587.jpg 768w, https:\/\/www.mycover-protection.com\/wp-content\/uploads\/2025\/03\/mycover-protection-abdeckplanen-auswahl-mobile-353x270.jpg 353w, https:\/\/www.mycover-protection.com\/wp-content\/uploads\/2025\/03\/mycover-protection-abdeckplanen-auswahl-mobile-800x611.jpg 800w\" sizes=\"(max-width: 1402px) 100vw, 1402px\" \/><\/figure>\n\n\n\n<div class=\"wp-block-buttons is-horizontal is-content-justification-center is-layout-flex wp-container-core-buttons-is-layout-ddb39544 wp-block-buttons-is-layout-flex\">\n<div class=\"wp-block-button\"><a class=\"wp-block-button__link wp-element-button\" href=\"#mycover-abdeckplanen-groessenfinder\">S\u00e9lectionnez la taille maintenant<\/a><\/div>\n<\/div>\n<\/div><\/div>\n\n<div class=\"wp-block-group alignfull wfa-manufacturer-size-rec-page-section --about\"><div class=\"wp-block-group__inner-container is-layout-constrained wp-block-group-is-layout-constrained\">\n<div class=\"wp-block-group wfa-manufacturer-size-rec-page-section__heading-stack is-vertical is-content-justification-center is-layout-flex wp-container-core-group-is-layout-4b2eccd6 wp-block-group-is-layout-flex\">\n<h2 class=\"wp-block-heading is-style-not-underlined\" style=\"text-transform:capitalize\">\u00c0 propos de MYCOVER<\/h2>\n\n\n\n<p>Vous pouvez compter sur nous<\/p>\n<\/div>\n\n\n\n<div class=\"wp-block-group wfa-manufacturer-size-rec-page-section__about__grid\"><div class=\"wp-block-group__inner-container is-layout-constrained wp-block-group-is-layout-constrained\">\n<div class=\"wp-block-cover is-light has-custom-content-position is-position-bottom-center\"><img decoding=\"async\" class=\"wp-block-cover__image-background wp-image-50275\" alt=\"\" src=\"https:\/\/www.mycover-protection.com\/wp-content\/uploads\/2025\/05\/groessenfinder-vorschau-FR_w1500.png\" style=\"object-position:50% 30%\" data-object-fit=\"cover\" data-object-position=\"50% 30%\"\/><span aria-hidden=\"true\" class=\"wp-block-cover__background has-background-dim-10 has-background-dim\" style=\"background-color:#f3f3f3\"><\/span><div class=\"wp-block-cover__inner-container is-layout-constrained wp-block-cover-is-layout-constrained\">\n<h3 class=\"wp-block-heading\">S\u00e9lection rapide et facile de la taille<\/h3>\n\n\n\n<p>Des centaines de motos, de scooters et de choppers sont r\u00e9pertori\u00e9s pour vous dans notre <a href=\"#mycover-abdeckplanen-groessenfinder\">outil de recherche de tailles de Housses<\/a> moto. Beaucoup d&rsquo;entre elles ont m\u00eame \u00e9t\u00e9 modifi\u00e9es.<\/p>\n<\/div><\/div>\n\n\n\n<div class=\"wp-block-cover has-custom-content-position is-position-bottom-center\"><img decoding=\"async\" width=\"2560\" height=\"1398\" class=\"wp-block-cover__image-background wp-image-10405\" alt=\"\" src=\"https:\/\/www.mycover-protection.com\/wp-content\/uploads\/2021\/03\/Motorrad-Kettenschloss-Abus-Granit-Extreme-Plus-59-an-Motorradabdeckplane-Mycover-und-Suzuki-GSX-R1000-extra-wide-scaled.jpg\" data-object-fit=\"cover\" srcset=\"https:\/\/www.mycover-protection.com\/wp-content\/uploads\/2021\/03\/Motorrad-Kettenschloss-Abus-Granit-Extreme-Plus-59-an-Motorradabdeckplane-Mycover-und-Suzuki-GSX-R1000-extra-wide-scaled.jpg 2560w, https:\/\/www.mycover-protection.com\/wp-content\/uploads\/2021\/03\/Motorrad-Kettenschloss-Abus-Granit-Extreme-Plus-59-an-Motorradabdeckplane-Mycover-und-Suzuki-GSX-R1000-extra-wide-300x164.jpg 300w, https:\/\/www.mycover-protection.com\/wp-content\/uploads\/2021\/03\/Motorrad-Kettenschloss-Abus-Granit-Extreme-Plus-59-an-Motorradabdeckplane-Mycover-und-Suzuki-GSX-R1000-extra-wide-1024x559.jpg 1024w, https:\/\/www.mycover-protection.com\/wp-content\/uploads\/2021\/03\/Motorrad-Kettenschloss-Abus-Granit-Extreme-Plus-59-an-Motorradabdeckplane-Mycover-und-Suzuki-GSX-R1000-extra-wide-768x419.jpg 768w, https:\/\/www.mycover-protection.com\/wp-content\/uploads\/2021\/03\/Motorrad-Kettenschloss-Abus-Granit-Extreme-Plus-59-an-Motorradabdeckplane-Mycover-und-Suzuki-GSX-R1000-extra-wide-1536x839.jpg 1536w, https:\/\/www.mycover-protection.com\/wp-content\/uploads\/2021\/03\/Motorrad-Kettenschloss-Abus-Granit-Extreme-Plus-59-an-Motorradabdeckplane-Mycover-und-Suzuki-GSX-R1000-extra-wide-2048x1118.jpg 2048w, https:\/\/www.mycover-protection.com\/wp-content\/uploads\/2021\/03\/Motorrad-Kettenschloss-Abus-Granit-Extreme-Plus-59-an-Motorradabdeckplane-Mycover-und-Suzuki-GSX-R1000-extra-wide-400x218.jpg 400w, https:\/\/www.mycover-protection.com\/wp-content\/uploads\/2021\/03\/Motorrad-Kettenschloss-Abus-Granit-Extreme-Plus-59-an-Motorradabdeckplane-Mycover-und-Suzuki-GSX-R1000-extra-wide-800x437.jpg 800w\" sizes=\"(max-width: 2560px) 100vw, 2560px\" \/><span aria-hidden=\"true\" class=\"wp-block-cover__background has-background-dim-60 has-background-dim\" style=\"background-color:#4c4947\"><\/span><div class=\"wp-block-cover__inner-container is-layout-constrained wp-block-cover-is-layout-constrained\">\n<h3 class=\"wp-block-heading\">Protection int\u00e9grale de la moto<\/h3>\n\n\n\n<p>Combinez notre Housses MYCOVER avec un <a href=\"https:\/\/www.mycover-protection.com\/fr\/produkt-kategorie\/antivols-abus\/\">cadenas ABUS<\/a> et votre v\u00e9hicule sera prot\u00e9g\u00e9 de mani\u00e8re optimale !<\/p>\n<\/div><\/div>\n\n\n\n<div class=\"wp-block-cover is-light has-custom-content-position is-position-bottom-center\"><img decoding=\"async\" width=\"1024\" height=\"674\" class=\"wp-block-cover__image-background wp-image-60639 size-large\" alt=\"MYCOVER Protection Abdeckplanen\" src=\"https:\/\/www.mycover-protection.com\/wp-content\/uploads\/2025\/10\/041A8981-1024x674.jpg\" data-object-fit=\"cover\" srcset=\"https:\/\/www.mycover-protection.com\/wp-content\/uploads\/2025\/10\/041A8981-1024x674.jpg 1024w, https:\/\/www.mycover-protection.com\/wp-content\/uploads\/2025\/10\/041A8981-300x198.jpg 300w, https:\/\/www.mycover-protection.com\/wp-content\/uploads\/2025\/10\/041A8981-768x506.jpg 768w, https:\/\/www.mycover-protection.com\/wp-content\/uploads\/2025\/10\/041A8981-1536x1011.jpg 1536w, https:\/\/www.mycover-protection.com\/wp-content\/uploads\/2025\/10\/041A8981-2048x1348.jpg 2048w, https:\/\/www.mycover-protection.com\/wp-content\/uploads\/2025\/10\/041A8981-400x263.jpg 400w, https:\/\/www.mycover-protection.com\/wp-content\/uploads\/2025\/10\/041A8981-800x527.jpg 800w\" sizes=\"(max-width: 1024px) 100vw, 1024px\" \/><span aria-hidden=\"true\" class=\"wp-block-cover__background has-background-dim\" style=\"background-color:#8692a6\"><\/span><div class=\"wp-block-cover__inner-container is-layout-constrained wp-block-cover-is-layout-constrained\">\n<h3 class=\"wp-block-heading\">Housses con\u00e7ues par des Moto pour des Moto<\/h3>\n\n\n\n<p>Nous sommes des motards passionn\u00e9s et nous d\u00e9veloppons de nouvelles <a href=\"\/?product_cat=motorrad_abdeckplane\">Housses<\/a> avec notre communaut\u00e9.<\/p>\n<\/div><\/div>\n<\/div><\/div>\n\n\n\n<div class=\"wp-block-group\"><div class=\"wp-block-group__inner-container is-layout-constrained wp-block-group-is-layout-constrained\">\n<div class=\"wp-block-buttons is-horizontal is-content-justification-center is-layout-flex wp-container-core-buttons-is-layout-ddb39544 wp-block-buttons-is-layout-flex\">\n<div class=\"wp-block-button is-style-outline is-style-outline--2\"><a class=\"wp-block-button__link wp-element-button\" href=\"https:\/\/www.mycover-protection.com\/fr\/a-propos-de-nous\/\">En savoir plus sur nous<\/a><\/div>\n<\/div>\n<\/div><\/div>\n<\/div><\/div>\n","protected":false},"excerpt":{"rendered":"<p>Housse moto pour Kawasaki Housse robuste adapt\u00e9e \u00e0 votre moto Kawasaki En 3 clics vers la taille Choisissez rapidement, par exemple : Kawasaki Z 900, Z 650, Z 900 RS \u2026 Compatible avec les accessoires et les modifications La housse s&rsquo;adapte \u00e9galement aux top cases, arceaux de s\u00e9curit\u00e9, etc. Protection optimale pour Kawasaki R\u00e9sistant \u00e0 [&#8230;]<\/p>\n","protected":false},"author":1018,"featured_media":65081,"parent":31582,"menu_order":0,"comment_status":"closed","ping_status":"closed","template":"page-blank.php","meta":{"footnotes":""},"class_list":["post-30136","page","type-page","status-publish","has-post-thumbnail","hentry"],"yoast_head":"<!-- This site is optimized with the Yoast SEO plugin v27.4 - https:\/\/yoast.com\/product\/yoast-seo-wordpress\/ -->\n<title>Housse moto pour Kawasaki | Trouvez la taille en seulement 3 clics<\/title>\n<meta name=\"description\" content=\"Housse moto MYCOVER\u00ae pour Kawasaki : Protection contre la pluie et les UV \u2713 Ajustement parfait, robuste et respirante \u2713 Trouvez la taille rapidement et facilement\" \/>\n<meta name=\"robots\" content=\"index, follow, max-snippet:-1, max-image-preview:large, max-video-preview:-1\" \/>\n<link rel=\"canonical\" href=\"https:\/\/www.mycover-protection.com\/fr\/tailles-recommandees\/housses-moto\/en-plein-air\/kawasaki\/\" \/>\n<meta property=\"og:locale\" content=\"fr_FR\" \/>\n<meta property=\"og:type\" content=\"article\" \/>\n<meta property=\"og:title\" content=\"Housse moto pour Kawasaki | Trouvez la taille en seulement 3 clics\" \/>\n<meta property=\"og:description\" content=\"Housse moto MYCOVER\u00ae pour Kawasaki : Protection contre la pluie et les UV \u2713 Ajustement parfait, robuste et respirante \u2713 Trouvez la taille rapidement et facilement\" \/>\n<meta property=\"og:url\" content=\"https:\/\/www.mycover-protection.com\/fr\/tailles-recommandees\/housses-moto\/en-plein-air\/kawasaki\/\" \/>\n<meta property=\"og:site_name\" content=\"MYCOVER\u00ae Online Shop\" \/>\n<meta property=\"article:publisher\" content=\"https:\/\/www.facebook.com\/Mycover-114242613377158\/\" \/>\n<meta property=\"article:modified_time\" content=\"2026-04-27T08:31:42+00:00\" \/>\n<meta property=\"og:image\" content=\"https:\/\/www.mycover-protection.com\/wp-content\/uploads\/2026\/02\/Motorrad_Abdeckplane_Kawasaki-300x300.jpg\" \/>\n<meta name=\"twitter:card\" content=\"summary_large_image\" \/>\n<meta name=\"twitter:title\" content=\"Housse moto pour Kawasaki | Trouvez la taille en seulement 3 clics\" \/>\n<meta name=\"twitter:description\" content=\"Housse moto MYCOVER\u00ae pour Kawasaki : Protection contre la pluie et les UV \u2713 Ajustement parfait, robuste et respirante \u2713 Trouvez la taille rapidement et facilement\" \/>\n<meta name=\"twitter:label1\" content=\"Dur\u00e9e de lecture estim\u00e9e\" \/>\n\t<meta name=\"twitter:data1\" content=\"21 minutes\" \/>\n<script type=\"application\/ld+json\" class=\"yoast-schema-graph\">{\"@context\":\"https:\\\/\\\/schema.org\",\"@graph\":[{\"@type\":\"WebPage\",\"@id\":\"https:\\\/\\\/www.mycover-protection.com\\\/fr\\\/tailles-recommandees\\\/housses-moto\\\/en-plein-air\\\/kawasaki\\\/\",\"url\":\"https:\\\/\\\/www.mycover-protection.com\\\/fr\\\/tailles-recommandees\\\/housses-moto\\\/en-plein-air\\\/kawasaki\\\/\",\"name\":\"Housse moto pour Kawasaki | Trouvez la taille en seulement 3 clics\",\"isPartOf\":{\"@id\":\"https:\\\/\\\/www.mycover-protection.com\\\/fr\\\/#website\"},\"primaryImageOfPage\":{\"@id\":\"https:\\\/\\\/www.mycover-protection.com\\\/fr\\\/tailles-recommandees\\\/housses-moto\\\/en-plein-air\\\/kawasaki\\\/#primaryimage\"},\"image\":{\"@id\":\"https:\\\/\\\/www.mycover-protection.com\\\/fr\\\/tailles-recommandees\\\/housses-moto\\\/en-plein-air\\\/kawasaki\\\/#primaryimage\"},\"thumbnailUrl\":\"https:\\\/\\\/www.mycover-protection.com\\\/wp-content\\\/uploads\\\/2026\\\/02\\\/Motorrad_Abdeckplane_Kawasaki.jpg\",\"datePublished\":\"2023-12-21T16:52:45+00:00\",\"dateModified\":\"2026-04-27T08:31:42+00:00\",\"description\":\"Housse moto MYCOVER\u00ae pour Kawasaki : Protection contre la pluie et les UV \u2713 Ajustement parfait, robuste et respirante \u2713 Trouvez la taille rapidement et facilement\",\"breadcrumb\":{\"@id\":\"https:\\\/\\\/www.mycover-protection.com\\\/fr\\\/tailles-recommandees\\\/housses-moto\\\/en-plein-air\\\/kawasaki\\\/#breadcrumb\"},\"inLanguage\":\"fr-FR\",\"potentialAction\":[{\"@type\":\"ReadAction\",\"target\":[\"https:\\\/\\\/www.mycover-protection.com\\\/fr\\\/tailles-recommandees\\\/housses-moto\\\/en-plein-air\\\/kawasaki\\\/\"]}]},{\"@type\":\"ImageObject\",\"inLanguage\":\"fr-FR\",\"@id\":\"https:\\\/\\\/www.mycover-protection.com\\\/fr\\\/tailles-recommandees\\\/housses-moto\\\/en-plein-air\\\/kawasaki\\\/#primaryimage\",\"url\":\"https:\\\/\\\/www.mycover-protection.com\\\/wp-content\\\/uploads\\\/2026\\\/02\\\/Motorrad_Abdeckplane_Kawasaki.jpg\",\"contentUrl\":\"https:\\\/\\\/www.mycover-protection.com\\\/wp-content\\\/uploads\\\/2026\\\/02\\\/Motorrad_Abdeckplane_Kawasaki.jpg\",\"width\":1500,\"height\":1500,\"caption\":\"MYCOVER\u00ae Motorrad Abdeckplane f\u00fcr Kawasaki, schwarze wasserdichte Outdoor Schutzh\u00fclle mit Vergleich.org Testsiegel \u201eSehr gut\u201c, entwickelt in Deutschland, inkl. Transporttasche und erh\u00e4ltlich in \u00fcber 30 Gr\u00f6\u00dfen f\u00fcr mehr als 2500 Modelle\"},{\"@type\":\"BreadcrumbList\",\"@id\":\"https:\\\/\\\/www.mycover-protection.com\\\/fr\\\/tailles-recommandees\\\/housses-moto\\\/en-plein-air\\\/kawasaki\\\/#breadcrumb\",\"itemListElement\":[{\"@type\":\"ListItem\",\"position\":1,\"name\":\"Startseite\",\"item\":\"https:\\\/\\\/www.mycover-protection.com\\\/fr\\\/\"},{\"@type\":\"ListItem\",\"position\":2,\"name\":\"Tailles recommand\u00e9es\",\"item\":\"https:\\\/\\\/www.mycover-protection.com\\\/fr\\\/tailles-recommandees\\\/\"},{\"@type\":\"ListItem\",\"position\":3,\"name\":\"Housses moto\",\"item\":\"https:\\\/\\\/www.mycover-protection.com\\\/fr\\\/tailles-recommandees\\\/housses-moto\\\/\"},{\"@type\":\"ListItem\",\"position\":4,\"name\":\"En plein air\",\"item\":\"https:\\\/\\\/www.mycover-protection.com\\\/fr\\\/tailles-recommandees\\\/housses-moto\\\/en-plein-air\\\/\"},{\"@type\":\"ListItem\",\"position\":5,\"name\":\"Housse moto Kawasaki\"}]},{\"@type\":\"WebSite\",\"@id\":\"https:\\\/\\\/www.mycover-protection.com\\\/fr\\\/#website\",\"url\":\"https:\\\/\\\/www.mycover-protection.com\\\/fr\\\/\",\"name\":\"MYCOVER\u00ae Online Shop\",\"description\":\"Protection at its finest\",\"publisher\":{\"@id\":\"https:\\\/\\\/www.mycover-protection.com\\\/fr\\\/#organization\"},\"potentialAction\":[{\"@type\":\"SearchAction\",\"target\":{\"@type\":\"EntryPoint\",\"urlTemplate\":\"https:\\\/\\\/www.mycover-protection.com\\\/fr\\\/?s={search_term_string}\"},\"query-input\":{\"@type\":\"PropertyValueSpecification\",\"valueRequired\":true,\"valueName\":\"search_term_string\"}}],\"inLanguage\":\"fr-FR\"},{\"@type\":\"Organization\",\"@id\":\"https:\\\/\\\/www.mycover-protection.com\\\/fr\\\/#organization\",\"name\":\"MYCOVER\u00ae - PROTECTION AT ITS FINEST\",\"url\":\"https:\\\/\\\/www.mycover-protection.com\\\/fr\\\/\",\"logo\":{\"@type\":\"ImageObject\",\"inLanguage\":\"fr-FR\",\"@id\":\"https:\\\/\\\/www.mycover-protection.com\\\/fr\\\/#\\\/schema\\\/logo\\\/image\\\/\",\"url\":\"https:\\\/\\\/www.mycover-protection.com\\\/wp-content\\\/uploads\\\/2020\\\/01\\\/PAYPAL_190x60_mycover-white.jpg\",\"contentUrl\":\"https:\\\/\\\/www.mycover-protection.com\\\/wp-content\\\/uploads\\\/2020\\\/01\\\/PAYPAL_190x60_mycover-white.jpg\",\"width\":190,\"height\":60,\"caption\":\"MYCOVER\u00ae - PROTECTION AT ITS FINEST\"},\"image\":{\"@id\":\"https:\\\/\\\/www.mycover-protection.com\\\/fr\\\/#\\\/schema\\\/logo\\\/image\\\/\"},\"sameAs\":[\"https:\\\/\\\/www.facebook.com\\\/Mycover-114242613377158\\\/\"]}]}<\/script>\n<!-- \/ Yoast SEO plugin. -->","yoast_head_json":{"title":"Housse moto pour Kawasaki | Trouvez la taille en seulement 3 clics","description":"Housse moto MYCOVER\u00ae pour Kawasaki : Protection contre la pluie et les UV \u2713 Ajustement parfait, robuste et respirante \u2713 Trouvez la taille rapidement et facilement","robots":{"index":"index","follow":"follow","max-snippet":"max-snippet:-1","max-image-preview":"max-image-preview:large","max-video-preview":"max-video-preview:-1"},"canonical":"https:\/\/www.mycover-protection.com\/fr\/tailles-recommandees\/housses-moto\/en-plein-air\/kawasaki\/","og_locale":"fr_FR","og_type":"article","og_title":"Housse moto pour Kawasaki | Trouvez la taille en seulement 3 clics","og_description":"Housse moto MYCOVER\u00ae pour Kawasaki : Protection contre la pluie et les UV \u2713 Ajustement parfait, robuste et respirante \u2713 Trouvez la taille rapidement et facilement","og_url":"https:\/\/www.mycover-protection.com\/fr\/tailles-recommandees\/housses-moto\/en-plein-air\/kawasaki\/","og_site_name":"MYCOVER\u00ae Online Shop","article_publisher":"https:\/\/www.facebook.com\/Mycover-114242613377158\/","article_modified_time":"2026-04-27T08:31:42+00:00","og_image":[{"url":"https:\/\/www.mycover-protection.com\/wp-content\/uploads\/2026\/02\/Motorrad_Abdeckplane_Kawasaki-300x300.jpg","type":"","width":"","height":""}],"twitter_card":"summary_large_image","twitter_title":"Housse moto pour Kawasaki | Trouvez la taille en seulement 3 clics","twitter_description":"Housse moto MYCOVER\u00ae pour Kawasaki : Protection contre la pluie et les UV \u2713 Ajustement parfait, robuste et respirante \u2713 Trouvez la taille rapidement et facilement","twitter_misc":{"Dur\u00e9e de lecture estim\u00e9e":"21 minutes"},"schema":{"@context":"https:\/\/schema.org","@graph":[{"@type":"WebPage","@id":"https:\/\/www.mycover-protection.com\/fr\/tailles-recommandees\/housses-moto\/en-plein-air\/kawasaki\/","url":"https:\/\/www.mycover-protection.com\/fr\/tailles-recommandees\/housses-moto\/en-plein-air\/kawasaki\/","name":"Housse moto pour Kawasaki | Trouvez la taille en seulement 3 clics","isPartOf":{"@id":"https:\/\/www.mycover-protection.com\/fr\/#website"},"primaryImageOfPage":{"@id":"https:\/\/www.mycover-protection.com\/fr\/tailles-recommandees\/housses-moto\/en-plein-air\/kawasaki\/#primaryimage"},"image":{"@id":"https:\/\/www.mycover-protection.com\/fr\/tailles-recommandees\/housses-moto\/en-plein-air\/kawasaki\/#primaryimage"},"thumbnailUrl":"https:\/\/www.mycover-protection.com\/wp-content\/uploads\/2026\/02\/Motorrad_Abdeckplane_Kawasaki.jpg","datePublished":"2023-12-21T16:52:45+00:00","dateModified":"2026-04-27T08:31:42+00:00","description":"Housse moto MYCOVER\u00ae pour Kawasaki : Protection contre la pluie et les UV \u2713 Ajustement parfait, robuste et respirante \u2713 Trouvez la taille rapidement et facilement","breadcrumb":{"@id":"https:\/\/www.mycover-protection.com\/fr\/tailles-recommandees\/housses-moto\/en-plein-air\/kawasaki\/#breadcrumb"},"inLanguage":"fr-FR","potentialAction":[{"@type":"ReadAction","target":["https:\/\/www.mycover-protection.com\/fr\/tailles-recommandees\/housses-moto\/en-plein-air\/kawasaki\/"]}]},{"@type":"ImageObject","inLanguage":"fr-FR","@id":"https:\/\/www.mycover-protection.com\/fr\/tailles-recommandees\/housses-moto\/en-plein-air\/kawasaki\/#primaryimage","url":"https:\/\/www.mycover-protection.com\/wp-content\/uploads\/2026\/02\/Motorrad_Abdeckplane_Kawasaki.jpg","contentUrl":"https:\/\/www.mycover-protection.com\/wp-content\/uploads\/2026\/02\/Motorrad_Abdeckplane_Kawasaki.jpg","width":1500,"height":1500,"caption":"MYCOVER\u00ae Motorrad Abdeckplane f\u00fcr Kawasaki, schwarze wasserdichte Outdoor Schutzh\u00fclle mit Vergleich.org Testsiegel \u201eSehr gut\u201c, entwickelt in Deutschland, inkl. Transporttasche und erh\u00e4ltlich in \u00fcber 30 Gr\u00f6\u00dfen f\u00fcr mehr als 2500 Modelle"},{"@type":"BreadcrumbList","@id":"https:\/\/www.mycover-protection.com\/fr\/tailles-recommandees\/housses-moto\/en-plein-air\/kawasaki\/#breadcrumb","itemListElement":[{"@type":"ListItem","position":1,"name":"Startseite","item":"https:\/\/www.mycover-protection.com\/fr\/"},{"@type":"ListItem","position":2,"name":"Tailles recommand\u00e9es","item":"https:\/\/www.mycover-protection.com\/fr\/tailles-recommandees\/"},{"@type":"ListItem","position":3,"name":"Housses moto","item":"https:\/\/www.mycover-protection.com\/fr\/tailles-recommandees\/housses-moto\/"},{"@type":"ListItem","position":4,"name":"En plein air","item":"https:\/\/www.mycover-protection.com\/fr\/tailles-recommandees\/housses-moto\/en-plein-air\/"},{"@type":"ListItem","position":5,"name":"Housse moto Kawasaki"}]},{"@type":"WebSite","@id":"https:\/\/www.mycover-protection.com\/fr\/#website","url":"https:\/\/www.mycover-protection.com\/fr\/","name":"MYCOVER\u00ae Online Shop","description":"Protection at its finest","publisher":{"@id":"https:\/\/www.mycover-protection.com\/fr\/#organization"},"potentialAction":[{"@type":"SearchAction","target":{"@type":"EntryPoint","urlTemplate":"https:\/\/www.mycover-protection.com\/fr\/?s={search_term_string}"},"query-input":{"@type":"PropertyValueSpecification","valueRequired":true,"valueName":"search_term_string"}}],"inLanguage":"fr-FR"},{"@type":"Organization","@id":"https:\/\/www.mycover-protection.com\/fr\/#organization","name":"MYCOVER\u00ae - PROTECTION AT ITS FINEST","url":"https:\/\/www.mycover-protection.com\/fr\/","logo":{"@type":"ImageObject","inLanguage":"fr-FR","@id":"https:\/\/www.mycover-protection.com\/fr\/#\/schema\/logo\/image\/","url":"https:\/\/www.mycover-protection.com\/wp-content\/uploads\/2020\/01\/PAYPAL_190x60_mycover-white.jpg","contentUrl":"https:\/\/www.mycover-protection.com\/wp-content\/uploads\/2020\/01\/PAYPAL_190x60_mycover-white.jpg","width":190,"height":60,"caption":"MYCOVER\u00ae - PROTECTION AT ITS FINEST"},"image":{"@id":"https:\/\/www.mycover-protection.com\/fr\/#\/schema\/logo\/image\/"},"sameAs":["https:\/\/www.facebook.com\/Mycover-114242613377158\/"]}]}},"_links":{"self":[{"href":"https:\/\/www.mycover-protection.com\/fr\/wp-json\/wp\/v2\/pages\/30136","targetHints":{"allow":["GET"]}}],"collection":[{"href":"https:\/\/www.mycover-protection.com\/fr\/wp-json\/wp\/v2\/pages"}],"about":[{"href":"https:\/\/www.mycover-protection.com\/fr\/wp-json\/wp\/v2\/types\/page"}],"author":[{"embeddable":true,"href":"https:\/\/www.mycover-protection.com\/fr\/wp-json\/wp\/v2\/users\/1018"}],"replies":[{"embeddable":true,"href":"https:\/\/www.mycover-protection.com\/fr\/wp-json\/wp\/v2\/comments?post=30136"}],"version-history":[{"count":37,"href":"https:\/\/www.mycover-protection.com\/fr\/wp-json\/wp\/v2\/pages\/30136\/revisions"}],"predecessor-version":[{"id":67485,"href":"https:\/\/www.mycover-protection.com\/fr\/wp-json\/wp\/v2\/pages\/30136\/revisions\/67485"}],"up":[{"embeddable":true,"href":"https:\/\/www.mycover-protection.com\/fr\/wp-json\/wp\/v2\/pages\/31582"}],"wp:featuredmedia":[{"embeddable":true,"href":"https:\/\/www.mycover-protection.com\/fr\/wp-json\/wp\/v2\/media\/65081"}],"wp:attachment":[{"href":"https:\/\/www.mycover-protection.com\/fr\/wp-json\/wp\/v2\/media?parent=30136"}],"curies":[{"name":"wp","href":"https:\/\/api.w.org\/{rel}","templated":true}]}}