{"id":27270,"date":"2023-07-27T17:44:48","date_gmt":"2023-07-27T16:44:48","guid":{"rendered":"https:\/\/www.mycover-protection.com\/?post_type=product&#038;p=27270"},"modified":"2025-08-04T13:53:12","modified_gmt":"2025-08-04T12:53:12","slug":"abus-770a-smartx","status":"publish","type":"product","link":"https:\/\/www.mycover-protection.com\/fr\/produkt\/abus-770a-smartx\/","title":{"rendered":"ABUS 770A SMARTX"},"content":{"rendered":"\n<div style=\"height:100px\" aria-hidden=\"true\" class=\"wp-block-spacer wf-spacer-section\"><\/div>\n\n<div class=\"wp-block-columns are-vertically-aligned-center is-layout-flex wp-container-core-columns-is-layout-9d6595d7 wp-block-columns-is-layout-flex\">\n<div class=\"wp-block-column is-vertically-aligned-center is-layout-flow wp-block-column-is-layout-flow\"><div class=\"wp-block-image wf-shop-item-lock-equipment-section-image\">\n<figure class=\"aligncenter size-full\"><img decoding=\"async\" width=\"800\" height=\"800\" src=\"https:\/\/www.mycover-protection.com\/wp-content\/uploads\/2023\/07\/770A.jpg\" alt=\"770A\" class=\"wp-image-27235\" srcset=\"https:\/\/www.mycover-protection.com\/wp-content\/uploads\/2023\/07\/770A.jpg 800w, https:\/\/www.mycover-protection.com\/wp-content\/uploads\/2023\/07\/770A-300x300.jpg 300w, https:\/\/www.mycover-protection.com\/wp-content\/uploads\/2023\/07\/770A-150x150.jpg 150w, https:\/\/www.mycover-protection.com\/wp-content\/uploads\/2023\/07\/770A-768x768.jpg 768w, https:\/\/www.mycover-protection.com\/wp-content\/uploads\/2023\/07\/770A-270x270.jpg 270w, https:\/\/www.mycover-protection.com\/wp-content\/uploads\/2023\/07\/770A-200x200.jpg 200w\" sizes=\"(max-width: 800px) 100vw, 800px\" \/><\/figure>\n<\/div><\/div>\n\n\n\n<div class=\"wp-block-column is-vertically-aligned-center is-layout-flow wp-block-column-is-layout-flow\">\n<h3 class=\"wp-block-heading is-style-not-underlined\">\u00c9quipement de l&rsquo;ABUS 770A\/160 SMARTX\u2122<\/h3>\n\n\n\n<ul class=\"wp-block-list\">\n<li>Niveau de s\u00e9curit\u00e9 15 sur 15<\/li>\n\n\n\n<li>Arceau parabolique carr\u00e9 tremp\u00e9 de 13 mm<\/li>\n\n\n\n<li>Utilisation simple via l'\u00a0\u00bbABUS One App\u00a0\u00bb (iOS et Android)<\/li>\n\n\n\n<li>Ouverture et fermeture sans cl\u00e9 gr\u00e2ce \u00e0 la \u00ab\u00a0fonction Keyless\u00a0\u00bb et \u00e0 la \u00ab\u00a0technologie ABUS SmartX\u2122 Bluetooth\u00ae\u00a0\u00bb.<\/li>\n\n\n\n<li>Alarme de 100 dB pendant 15 secondes, puis r\u00e9armement automatique<\/li>\n\n\n\n<li>La d\u00e9tection de position 3D d\u00e9tecte les secousses et d\u00e9clenche l&rsquo;alarme<\/li>\n\n\n\n<li>Alarme intelligente pour les chocs brefs, comme ceux provoqu\u00e9s par un ballon de football<\/li>\n<\/ul>\n<\/div>\n<\/div>\n\n<div style=\"height:100px\" aria-hidden=\"true\" class=\"wp-block-spacer wf-spacer-section\"><\/div>\n\n<h3 class=\"wp-block-heading is-style-not-underlined\">La technique d&rsquo;ABUS <\/h3>\n\n<div class=\"wp-block-group wf-shop-item-lock-pictograms-section\"><div class=\"wp-block-group__inner-container is-layout-flow wp-block-group-is-layout-flow\">\n<div class=\"wp-block-columns wf-reusable-block-abus-pictogram is-layout-flex wp-container-core-columns-is-layout-9d6595d7 wp-block-columns-is-layout-flex\">\n<div class=\"wp-block-column is-layout-flow wp-block-column-is-layout-flow\">\n<figure class=\"wp-block-image size-thumbnail\"><img decoding=\"async\" width=\"150\" height=\"150\" src=\"https:\/\/www.mycover-protection.com\/wp-content\/uploads\/2021\/07\/abus-piktogramm-doppelte-verriegelung_motorradschloss-150x150.png\" alt=\"\" class=\"wp-image-17357\" srcset=\"https:\/\/www.mycover-protection.com\/wp-content\/uploads\/2021\/07\/abus-piktogramm-doppelte-verriegelung_motorradschloss-150x150.png 150w, https:\/\/www.mycover-protection.com\/wp-content\/uploads\/2021\/07\/abus-piktogramm-doppelte-verriegelung_motorradschloss-300x300.png 300w, https:\/\/www.mycover-protection.com\/wp-content\/uploads\/2021\/07\/abus-piktogramm-doppelte-verriegelung_motorradschloss-1024x1024.png 1024w, https:\/\/www.mycover-protection.com\/wp-content\/uploads\/2021\/07\/abus-piktogramm-doppelte-verriegelung_motorradschloss-768x768.png 768w, https:\/\/www.mycover-protection.com\/wp-content\/uploads\/2021\/07\/abus-piktogramm-doppelte-verriegelung_motorradschloss-1536x1536.png 1536w, https:\/\/www.mycover-protection.com\/wp-content\/uploads\/2021\/07\/abus-piktogramm-doppelte-verriegelung_motorradschloss-2048x2048.png 2048w, https:\/\/www.mycover-protection.com\/wp-content\/uploads\/2021\/07\/abus-piktogramm-doppelte-verriegelung_motorradschloss-270x270.png 270w, https:\/\/www.mycover-protection.com\/wp-content\/uploads\/2021\/07\/abus-piktogramm-doppelte-verriegelung_motorradschloss-800x800.png 800w, https:\/\/www.mycover-protection.com\/wp-content\/uploads\/2021\/07\/abus-piktogramm-doppelte-verriegelung_motorradschloss-200x200.png 200w, https:\/\/www.mycover-protection.com\/wp-content\/uploads\/2021\/07\/abus-piktogramm-doppelte-verriegelung_motorradschloss-60x60.png 60w, https:\/\/www.mycover-protection.com\/wp-content\/uploads\/2021\/07\/abus-piktogramm-doppelte-verriegelung_motorradschloss-90x90.png 90w\" sizes=\"(max-width: 150px) 100vw, 150px\" \/><\/figure>\n<\/div>\n\n\n\n<div class=\"wp-block-column is-layout-flow wp-block-column-is-layout-flow\">\n<h4 class=\"is-style-not-underlined wp-block-heading\">Double verrouillage<\/h4>\n\n\n\n<p>Double verrouillage de l&rsquo;anse dans le corps de la serrure<\/p>\n<\/div>\n<\/div>\n\n\n\n<div class=\"wp-block-columns wf-reusable-block-abus-pictogram is-layout-flex wp-container-core-columns-is-layout-9d6595d7 wp-block-columns-is-layout-flex\">\n<div class=\"wp-block-column is-layout-flow wp-block-column-is-layout-flow\">\n<figure class=\"wp-block-image size-thumbnail\"><img decoding=\"async\" width=\"150\" height=\"150\" src=\"https:\/\/www.mycover-protection.com\/wp-content\/uploads\/2021\/07\/abus-piktogramm-smartx-motorradschloss-150x150.png\" alt=\"\" class=\"wp-image-17364\" srcset=\"https:\/\/www.mycover-protection.com\/wp-content\/uploads\/2021\/07\/abus-piktogramm-smartx-motorradschloss-150x150.png 150w, https:\/\/www.mycover-protection.com\/wp-content\/uploads\/2021\/07\/abus-piktogramm-smartx-motorradschloss-300x300.png 300w, https:\/\/www.mycover-protection.com\/wp-content\/uploads\/2021\/07\/abus-piktogramm-smartx-motorradschloss-1024x1024.png 1024w, https:\/\/www.mycover-protection.com\/wp-content\/uploads\/2021\/07\/abus-piktogramm-smartx-motorradschloss-768x768.png 768w, https:\/\/www.mycover-protection.com\/wp-content\/uploads\/2021\/07\/abus-piktogramm-smartx-motorradschloss-1536x1536.png 1536w, https:\/\/www.mycover-protection.com\/wp-content\/uploads\/2021\/07\/abus-piktogramm-smartx-motorradschloss-2048x2048.png 2048w, https:\/\/www.mycover-protection.com\/wp-content\/uploads\/2021\/07\/abus-piktogramm-smartx-motorradschloss-270x270.png 270w, https:\/\/www.mycover-protection.com\/wp-content\/uploads\/2021\/07\/abus-piktogramm-smartx-motorradschloss-800x800.png 800w, https:\/\/www.mycover-protection.com\/wp-content\/uploads\/2021\/07\/abus-piktogramm-smartx-motorradschloss-200x200.png 200w, https:\/\/www.mycover-protection.com\/wp-content\/uploads\/2021\/07\/abus-piktogramm-smartx-motorradschloss-60x60.png 60w, https:\/\/www.mycover-protection.com\/wp-content\/uploads\/2021\/07\/abus-piktogramm-smartx-motorradschloss-90x90.png 90w\" sizes=\"(max-width: 150px) 100vw, 150px\" \/><\/figure>\n<\/div>\n\n\n\n<div class=\"wp-block-column is-layout-flow wp-block-column-is-layout-flow\">\n<h4 class=\"is-style-not-underlined wp-block-heading\">SmartX<\/h4>\n\n\n\n<p>Syst\u00e8me de fermeture innovant command\u00e9 par smartphone<\/p>\n<\/div>\n<\/div>\n\n\n\n<div class=\"wp-block-columns wf-reusable-block-abus-pictogram is-layout-flex wp-container-core-columns-is-layout-9d6595d7 wp-block-columns-is-layout-flex\">\n<div class=\"wp-block-column is-layout-flow wp-block-column-is-layout-flow\">\n<figure class=\"wp-block-image size-thumbnail\"><img decoding=\"async\" width=\"150\" height=\"150\" src=\"https:\/\/www.mycover-protection.com\/wp-content\/uploads\/2021\/07\/abus-piktogramm-alarm-schloss-motorradschloss-150x150.png\" alt=\"\" class=\"wp-image-17373\" srcset=\"https:\/\/www.mycover-protection.com\/wp-content\/uploads\/2021\/07\/abus-piktogramm-alarm-schloss-motorradschloss-150x150.png 150w, https:\/\/www.mycover-protection.com\/wp-content\/uploads\/2021\/07\/abus-piktogramm-alarm-schloss-motorradschloss-300x300.png 300w, https:\/\/www.mycover-protection.com\/wp-content\/uploads\/2021\/07\/abus-piktogramm-alarm-schloss-motorradschloss-1024x1024.png 1024w, https:\/\/www.mycover-protection.com\/wp-content\/uploads\/2021\/07\/abus-piktogramm-alarm-schloss-motorradschloss-768x768.png 768w, https:\/\/www.mycover-protection.com\/wp-content\/uploads\/2021\/07\/abus-piktogramm-alarm-schloss-motorradschloss-1536x1536.png 1536w, https:\/\/www.mycover-protection.com\/wp-content\/uploads\/2021\/07\/abus-piktogramm-alarm-schloss-motorradschloss-2048x2048.png 2048w, https:\/\/www.mycover-protection.com\/wp-content\/uploads\/2021\/07\/abus-piktogramm-alarm-schloss-motorradschloss-270x270.png 270w, https:\/\/www.mycover-protection.com\/wp-content\/uploads\/2021\/07\/abus-piktogramm-alarm-schloss-motorradschloss-800x800.png 800w, https:\/\/www.mycover-protection.com\/wp-content\/uploads\/2021\/07\/abus-piktogramm-alarm-schloss-motorradschloss-200x200.png 200w, https:\/\/www.mycover-protection.com\/wp-content\/uploads\/2021\/07\/abus-piktogramm-alarm-schloss-motorradschloss-60x60.png 60w, https:\/\/www.mycover-protection.com\/wp-content\/uploads\/2021\/07\/abus-piktogramm-alarm-schloss-motorradschloss-90x90.png 90w\" sizes=\"(max-width: 150px) 100vw, 150px\" \/><\/figure>\n<\/div>\n\n\n\n<div class=\"wp-block-column is-layout-flow wp-block-column-is-layout-flow\">\n<h4 class=\"is-style-not-underlined wp-block-heading\">Alarme<\/h4>\n\n\n\n<p>serrure avec fonction d&rsquo;alarme de 100 dB<\/p>\n<\/div>\n<\/div>\n\n\n\n<div class=\"wp-block-columns wf-reusable-block-abus-pictogram is-layout-flex wp-container-core-columns-is-layout-9d6595d7 wp-block-columns-is-layout-flex\">\n<div class=\"wp-block-column is-layout-flow wp-block-column-is-layout-flow\">\n<figure class=\"wp-block-image size-thumbnail\"><img decoding=\"async\" width=\"150\" height=\"150\" src=\"https:\/\/www.mycover-protection.com\/wp-content\/uploads\/2021\/07\/abus-piktogramm-wiederaufladbarer-akku-motorradschloss-150x150.png\" alt=\"\" class=\"wp-image-17358\" srcset=\"https:\/\/www.mycover-protection.com\/wp-content\/uploads\/2021\/07\/abus-piktogramm-wiederaufladbarer-akku-motorradschloss-150x150.png 150w, https:\/\/www.mycover-protection.com\/wp-content\/uploads\/2021\/07\/abus-piktogramm-wiederaufladbarer-akku-motorradschloss-300x300.png 300w, https:\/\/www.mycover-protection.com\/wp-content\/uploads\/2021\/07\/abus-piktogramm-wiederaufladbarer-akku-motorradschloss-1024x1024.png 1024w, https:\/\/www.mycover-protection.com\/wp-content\/uploads\/2021\/07\/abus-piktogramm-wiederaufladbarer-akku-motorradschloss-768x768.png 768w, https:\/\/www.mycover-protection.com\/wp-content\/uploads\/2021\/07\/abus-piktogramm-wiederaufladbarer-akku-motorradschloss-1536x1536.png 1536w, https:\/\/www.mycover-protection.com\/wp-content\/uploads\/2021\/07\/abus-piktogramm-wiederaufladbarer-akku-motorradschloss-2048x2048.png 2048w, https:\/\/www.mycover-protection.com\/wp-content\/uploads\/2021\/07\/abus-piktogramm-wiederaufladbarer-akku-motorradschloss-270x270.png 270w, https:\/\/www.mycover-protection.com\/wp-content\/uploads\/2021\/07\/abus-piktogramm-wiederaufladbarer-akku-motorradschloss-800x800.png 800w, https:\/\/www.mycover-protection.com\/wp-content\/uploads\/2021\/07\/abus-piktogramm-wiederaufladbarer-akku-motorradschloss-200x200.png 200w, https:\/\/www.mycover-protection.com\/wp-content\/uploads\/2021\/07\/abus-piktogramm-wiederaufladbarer-akku-motorradschloss-60x60.png 60w, https:\/\/www.mycover-protection.com\/wp-content\/uploads\/2021\/07\/abus-piktogramm-wiederaufladbarer-akku-motorradschloss-90x90.png 90w\" sizes=\"(max-width: 150px) 100vw, 150px\" \/><\/figure>\n<\/div>\n\n\n\n<div class=\"wp-block-column is-layout-flow wp-block-column-is-layout-flow\">\n<h4 class=\"is-style-not-underlined wp-block-heading\">Rechargeable<\/h4>\n\n\n\n<p>Batterie rechargeable<\/p>\n<\/div>\n<\/div>\n<\/div><\/div>\n\n<div style=\"height:100px\" aria-hidden=\"true\" class=\"wp-block-spacer wf-spacer-section\"><\/div>\n\n<div class=\"wp-block-columns is-layout-flex wp-container-core-columns-is-layout-9d6595d7 wp-block-columns-is-layout-flex\">\n<div class=\"wp-block-column is-layout-flow wp-block-column-is-layout-flow\" style=\"flex-basis:66.66%\">\n<h3 class=\"wp-block-heading is-style-not-underlined\">ABUS 770A\/160 SMARTX\u2122<\/h3>\n\n\n\n<p>L&rsquo;antivol \u00e0 arceau ABUS 770A\/160HB300 SMARTX pose de nouveaux jalons en mati\u00e8re de s\u00e9curit\u00e9 des deux-roues. Il combine les syst\u00e8mes de s\u00e9curit\u00e9 ABUS \u00e9prouv\u00e9s avec la technologie la plus moderne et offre ainsi la meilleure protection possible pour ton v\u00e9lo\/moto et le plus grand confort pour toi en tant qu&rsquo;utilisateur.<\/p>\n\n\n\n<p>Une caract\u00e9ristique remarquable de la serrure est le \u00ab\u00a0cylindre SmartX\u2122\u00a0\u00bb innovant, qui permet d&rsquo;utiliser votre smartphone comme cl\u00e9 individuelle. Gr\u00e2ce \u00e0 l'\u00a0\u00bbABUS One App\u00a0\u00bb, disponible pour iOS et Android, vous pouvez ouvrir et fermer le cadenas tr\u00e8s facilement, sans avoir besoin d&rsquo;une cl\u00e9 physique.<\/p>\n\n\n\n<p>L&rsquo;arceau parabolique carr\u00e9 tremp\u00e9 de 13 mm assure une construction robuste et r\u00e9sistante qui rend la vie difficile aux voleurs potentiels. De plus, l&rsquo;antivol dispose d&rsquo;une fonction d&rsquo;alarme avec un signal sonore puissant d&rsquo;au moins 100 dB qui s&rsquo;active pendant 15 secondes lorsqu&rsquo;une manipulation ou une tentative de vol est d\u00e9tect\u00e9e. Apr\u00e8s ce d\u00e9lai, l&rsquo;alarme est automatiquement r\u00e9arm\u00e9e.<\/p>\n\n\n\n<p>La \u00ab\u00a0d\u00e9tection de position 3D\u00a0\u00bb intelligente de la serrure est une autre caract\u00e9ristique de s\u00e9curit\u00e9. Elle d\u00e9tecte les secousses et les mouvements dans les trois dimensions et d\u00e9clenche l&rsquo;alarme en cas d&rsquo;activit\u00e9 suspecte afin de d\u00e9jouer \u00e0 temps les tentatives de vol. La serrure r\u00e9agit de mani\u00e8re diff\u00e9renci\u00e9e et n&rsquo;\u00e9met qu&rsquo;un bref signal d&rsquo;avertissement en cas de petites secousses de courte dur\u00e9e, par exemple lorsqu&rsquo;une balle heurte la moto.<\/p>\n\n\n\n<p>L&rsquo;antivol \u00e0 arceau ABUS 770A\/160HB300 SMARTX offre \u00e9galement une prise USB-C qui permet de recharger l&rsquo;antivol facilement et confortablement. En outre, il enregistre l&#8217;emplacement de la moto lors de son dernier stationnement, ce qui est utile pour la retrouver ult\u00e9rieurement.<\/p>\n\n\n\n<p>La \u00ab\u00a0Power Cell Technology\u00a0\u00bb d&rsquo;ABUS garantit que la serrure est \u00e9galement prot\u00e9g\u00e9e de mani\u00e8re optimale contre les coups et les attaques d&rsquo;acc\u00e8s. L&rsquo;anse, le bo\u00eetier et les pi\u00e8ces porteuses du m\u00e9canisme de verrouillage sont en acier sp\u00e9cialement tremp\u00e9, ce qui conf\u00e8re \u00e0 la serrure une grande r\u00e9sistance.<\/p>\n<\/div>\n\n\n\n<div class=\"wp-block-column is-layout-flow wp-block-column-is-layout-flow\" style=\"flex-basis:33.33%\">\n<div class=\"wp-block-group wf-reusable-block-abus-ps88-spray-ad wf-element-sticky\"><div class=\"wp-block-group__inner-container is-layout-flow wp-block-group-is-layout-flow\">\n<h3 class=\"wp-block-heading is-style-not-underlined\">Pr\u00e9serve davantage la valeur de ton v\u00e9lo !<\/h3>\n\n\n<div data-block-name=\"woocommerce\/handpicked-products\" data-columns=\"1\" data-content-visibility=\"{&quot;image&quot;:true,&quot;title&quot;:true,&quot;price&quot;:true,&quot;rating&quot;:true,&quot;button&quot;:false}\" data-products=\"[17478]\" class=\"wc-block-grid wp-block-handpicked-products wp-block-woocommerce-handpicked-products wc-block-handpicked-products has-1-columns has-multiple-rows\"><ul class=\"wc-block-grid__products\"><li class=\"wc-block-grid__product\"><span class=\"gtm4wp_productdata\" style=\"display:none; visibility:hidden;\" data-gtm4wp_product_data=\"{&quot;internal_id&quot;:17478,&quot;item_id&quot;:&quot;OC-&quot;,&quot;item_name&quot;:&quot;Housse moto MYCOVER\\u00ae Premium Outdoor&quot;,&quot;sku&quot;:&quot;OC-&quot;,&quot;price&quot;:139,&quot;stocklevel&quot;:0,&quot;stockstatus&quot;:&quot;onbackorder&quot;,&quot;google_business_vertical&quot;:&quot;retail&quot;,&quot;item_category&quot;:&quot;Couvertures moto&quot;,&quot;id&quot;:&quot;OC-&quot;,&quot;productlink&quot;:&quot;https:\\\/\\\/www.mycover-protection.com\\\/fr\\\/produkt\\\/mycover-premium-outdoor\\\/&quot;,&quot;item_list_name&quot;:&quot;Liste g\\u00e9n\\u00e9rale des produits&quot;,&quot;index&quot;:0,&quot;product_type&quot;:&quot;variable&quot;,&quot;item_brand&quot;:&quot;&quot;}\"><\/span>\n\t\t\t\t<a href=\"https:\/\/www.mycover-protection.com\/fr\/produkt\/mycover-premium-outdoor\/\" class=\"wc-block-grid__product-link\">\n\t\t\t\t\t\n\t\t\t\t\t<div class=\"wc-block-grid__product-image\"><img decoding=\"async\" width=\"300\" height=\"300\" src=\"https:\/\/www.mycover-protection.com\/wp-content\/uploads\/2025\/11\/housse-moto-exterieur-M-300x300.jpg\" class=\"attachment-woocommerce_thumbnail size-woocommerce_thumbnail\" alt=\"Housses moto Outdoor M+\" srcset=\"https:\/\/www.mycover-protection.com\/wp-content\/uploads\/2025\/11\/housse-moto-exterieur-M-300x300.jpg 300w, https:\/\/www.mycover-protection.com\/wp-content\/uploads\/2025\/11\/housse-moto-exterieur-M-1024x1024.jpg 1024w, https:\/\/www.mycover-protection.com\/wp-content\/uploads\/2025\/11\/housse-moto-exterieur-M-150x150.jpg 150w, https:\/\/www.mycover-protection.com\/wp-content\/uploads\/2025\/11\/housse-moto-exterieur-M-768x768.jpg 768w, https:\/\/www.mycover-protection.com\/wp-content\/uploads\/2025\/11\/housse-moto-exterieur-M-270x270.jpg 270w, https:\/\/www.mycover-protection.com\/wp-content\/uploads\/2025\/11\/housse-moto-exterieur-M-800x800.jpg 800w, https:\/\/www.mycover-protection.com\/wp-content\/uploads\/2025\/11\/housse-moto-exterieur-M-200x200.jpg 200w, https:\/\/www.mycover-protection.com\/wp-content\/uploads\/2025\/11\/housse-moto-exterieur-M.jpg 1500w\" sizes=\"(max-width: 300px) 100vw, 300px\" \/><\/div>\n\t\t\t\t\t<div class=\"wc-block-grid__product-title\">Housse moto MYCOVER\u00ae Premium Outdoor<\/div>\n\t\t\t\t<\/a>\n\t\t\t\t<div class=\"wfa-wc-product-star-rating wfa-wc-block-grid__product-stars\" style=\"--fill:0.986;\" role=\"img\" aria-label=\"Note 4.93 sur 5\"><\/div><div class=\"wc-block-grid__product-price price\"><span class=\"wfa-variable-parent-price-range wfa-variable-parent-price-range--regular\"><del><span class=\"woocommerce-Price-amount amount\" aria-hidden=\"true\">159,00<span class=\"woocommerce-Price-currencySymbol\">&euro;<\/span><\/span> <span aria-hidden=\"true\">\u00a0\u2013\u00a0<\/span> <span class=\"woocommerce-Price-amount amount\" aria-hidden=\"true\">279,00<span class=\"woocommerce-Price-currencySymbol\">&euro;<\/span><\/span><span class=\"screen-reader-text\">Plage de prix\u00a0: 159,00&euro; \u00e0 279,00&euro;<\/span><\/del><\/span><span class=\"wfa-variable-parent-price-range wfa-variable-parent-price-range--sale\"><ins><span class=\"woocommerce-Price-amount amount\" aria-hidden=\"true\">139,00<span class=\"woocommerce-Price-currencySymbol\">&euro;<\/span><\/span> <span aria-hidden=\"true\">\u00a0\u2013\u00a0<\/span> <span class=\"woocommerce-Price-amount amount\" aria-hidden=\"true\">259,00<span class=\"woocommerce-Price-currencySymbol\">&euro;<\/span><\/span><span class=\"screen-reader-text\">Plage de prix\u00a0: 139,00&euro; \u00e0 259,00&euro;<\/span><\/ins><\/span><\/div><div class=\"wfa-wc-block-grid__product-badge-list\" aria-label=\"Caract\u00e9ristiques sp\u00e9ciales\"><p class=\"wfa-wc-block-grid__product-badge\">\ud83c\udfc6 Bestseller<\/p><p class=\"wfa-wc-block-grid__product-badge\">\ud83d\udd25 \u00c9conomisez 20&euro; maintenant !<\/p><p class=\"wfa-wc-block-grid__product-badge\">\u2728 16 Tailles<\/p><\/div>\n\t\t\t\t\n\t\t\t\t\n\t\t\t<\/li><\/ul><\/div><\/div><\/div>\n<\/div>\n<\/div>\n\n<div style=\"height:100px\" aria-hidden=\"true\" class=\"wp-block-spacer wf-spacer-section\"><\/div>\n\n<div class=\"wp-block-columns wf-shop-item-lock-row--delivery-downloads is-layout-flex wp-container-core-columns-is-layout-9d6595d7 wp-block-columns-is-layout-flex\">\n<div class=\"wp-block-column is-layout-flow wp-block-column-is-layout-flow\" style=\"flex-basis:66.66%\">\n<h3 class=\"wp-block-heading is-style-not-underlined\">Contenu de la livraison<\/h3>\n\n\n\n<ul class=\"wp-block-list\">\n<li>Mode d&#8217;emploi<\/li>\n\n\n\n<li>SmartX Keycard<\/li>\n\n\n\n<li>C\u00e2ble de recharge<\/li>\n<\/ul>\n<\/div>\n\n\n\n<div class=\"wp-block-column is-layout-flow wp-block-column-is-layout-flow\" style=\"flex-basis:33.33%\">\n<div class=\"wp-block-group wf-shop-item-lock-downloads wf-element-sticky\"><div class=\"wp-block-group__inner-container is-layout-flow wp-block-group-is-layout-flow\">\n<h3 class=\"wp-block-heading is-style-not-underlined\">T\u00e9l\u00e9chargements<\/h3>\n\n\n\n<ul class=\"wp-block-list\">\n<li>Liste de contr\u00f4le ABUS : <a href=\"https:\/\/www.mycover-protection.com\/wp-content\/uploads\/2021\/08\/ABUS_Checkliste_Motorradschloss.pdf\" target=\"_blank\" rel=\"noreferrer noopener\">S\u00e9curit\u00e9 en route &#8211; S\u00e9curit\u00e9 des motos (PDF)<\/a><\/li>\n\n\n\n<li><a href=\"https:\/\/mobil.abus.com\/abusproductsheet.pdf\/38846\/ger-DE\" target=\"_blank\" rel=\"noreferrer noopener\">Fiche technique ABUS 770A SmartX<\/a><\/li>\n\n\n\n<li><a href=\"https:\/\/www.abus.com\/var\/StorageStatic\/assets\/WEB%20PDF%20Dateien\/Bedienungsanleitungen\/Mobile%20Sicherheit\/Fahrrad\/locks\/Bedienungsanleitung_770A.pdf\">Mode d&#8217;emploi 770A SmartX<\/a><\/li>\n\n\n\n<li><a href=\"https:\/\/www.abus.com\/var\/StorageStatic\/assets\/WEB%20PDF%20Dateien\/Konformit%C3%A4tserkl%C3%A4rung\/20191120_CE_Erkl%C3%A4rung_770A_SmartX.pdf\">D\u00e9claration de conformit\u00e9<\/a><\/li>\n<\/ul>\n<\/div><\/div>\n<\/div>\n<\/div>\n\n<div class=\"wp-block-group wf-shop-item-lock-faq-section\"><div class=\"wp-block-group__inner-container is-layout-flow wp-block-group-is-layout-flow\">\n<div style=\"height:100px\" aria-hidden=\"true\" class=\"wp-block-spacer wf-spacer-section\"><\/div>\n\n\n\n<h3 class=\"wp-block-heading is-style-not-underlined\">Questions fr\u00e9quentes<\/h3>\n\n\n\n<details class=\"wp-block-webfluence-blocks-details-summary\">\n<summary class=\"wp-block-webfluence-blocks-details-summary-title\">\n<h4 class=\"wp-block-heading\">Comment ouvrir et fermer l&rsquo;antivol ?<\/h4>\n<\/summary>\n\n\n\n<div class=\"wp-block-webfluence-blocks-details-summary-body\">\n<p><mark style=\"background-color:rgba(0, 0, 0, 0)\" class=\"has-inline-color has-black-color\">L&rsquo;<\/mark> ABUS 770A\/160 SMARTX\u2122 s&rsquo;ouvre et se ferme facilement via ton smartphone gr\u00e2ce \u00e0 l&rsquo;application ABUS One.<\/p>\n<\/div>\n<\/details>\n<\/div><\/div>\n\n<div class=\"wp-block-group wf-single-col-small\"><div class=\"wp-block-group__inner-container is-layout-flow wp-block-group-is-layout-flow\">\n<div style=\"height:100px\" aria-hidden=\"true\" class=\"wp-block-spacer wf-spacer-section\"><\/div>\n\n\n\n<div class=\"wp-block-group wfa-reusable-group-all-mycover-products has-black-color has-text-color has-link-color wp-elements-e52df7be340ae9f9e80ecdd813c2d54b\"><div class=\"wp-block-group__inner-container is-layout-constrained wp-block-group-is-layout-constrained\">\n<p class=\"has-text-align-center wfa-reusable-group-all-mycover-products__title has-large-font-size\"><strong>Tous les MYCOVER\u00ae-produits<\/strong><\/p>\n\n\n\n<div class=\"wp-block-cb-carousel-v2 cb-carousel-block\" data-cb-slides-per-view=\"2\" data-cb-slides-per-group=\"1\" data-cb-space-between=\"0\" data-cb-speed=\"200\" data-cb-navigation=\"true\" data-cb-breakpoints=\"{&quot;768&quot;:{&quot;slidesPerView&quot;:4,&quot;slidesPerGroup&quot;:1}}\"><div class=\"swiper\"><div class=\"cb-wrapper swiper-wrapper\">\n<div class=\"wp-block-cb-slide-v2 cb-slide swiper-slide\">\n<div class=\"wp-block-group\"><div class=\"wp-block-group__inner-container is-layout-constrained wp-block-group-is-layout-constrained\">\n<figure class=\"wp-block-image size-large\"><img decoding=\"async\" width=\"1024\" height=\"1024\" src=\"https:\/\/www.mycover-protection.com\/wp-content\/uploads\/2022\/11\/Motorrad_abdeckplane_outdoor-1024x1024.jpg\" alt=\"Housses moto d'ext&#xE9;rieur\" class=\"wp-image-22125\" srcset=\"https:\/\/www.mycover-protection.com\/wp-content\/uploads\/2022\/11\/Motorrad_abdeckplane_outdoor-1024x1024.jpg 1024w, https:\/\/www.mycover-protection.com\/wp-content\/uploads\/2022\/11\/Motorrad_abdeckplane_outdoor-300x300.jpg 300w, https:\/\/www.mycover-protection.com\/wp-content\/uploads\/2022\/11\/Motorrad_abdeckplane_outdoor-150x150.jpg 150w, https:\/\/www.mycover-protection.com\/wp-content\/uploads\/2022\/11\/Motorrad_abdeckplane_outdoor-768x768.jpg 768w, https:\/\/www.mycover-protection.com\/wp-content\/uploads\/2022\/11\/Motorrad_abdeckplane_outdoor-270x270.jpg 270w, https:\/\/www.mycover-protection.com\/wp-content\/uploads\/2022\/11\/Motorrad_abdeckplane_outdoor-800x800.jpg 800w, https:\/\/www.mycover-protection.com\/wp-content\/uploads\/2022\/11\/Motorrad_abdeckplane_outdoor-200x200.jpg 200w, https:\/\/www.mycover-protection.com\/wp-content\/uploads\/2022\/11\/Motorrad_abdeckplane_outdoor.jpg 1200w\" sizes=\"(max-width: 1024px) 100vw, 1024px\" \/><\/figure>\n\n\n\n<p><a href=\"https:\/\/www.mycover-protection.com\/fr\/produkt\/mycover-premium-outdoor\/\"><strong>Housses moto Outdoor<\/strong><\/a><\/p>\n<\/div><\/div>\n<\/div>\n\n\n\n<div class=\"wp-block-cb-slide-v2 cb-slide swiper-slide\">\n<div class=\"wp-block-group\"><div class=\"wp-block-group__inner-container is-layout-constrained wp-block-group-is-layout-constrained\">\n<figure class=\"wp-block-image size-full\"><img decoding=\"async\" width=\"800\" height=\"800\" src=\"https:\/\/www.mycover-protection.com\/wp-content\/uploads\/2023\/01\/Motorrad-abdeckplane-chopper.png\" alt=\"Housses d'ext&#xE9;rieur pour Chopper\" class=\"wp-image-21485\" srcset=\"https:\/\/www.mycover-protection.com\/wp-content\/uploads\/2023\/01\/Motorrad-abdeckplane-chopper.png 800w, https:\/\/www.mycover-protection.com\/wp-content\/uploads\/2023\/01\/Motorrad-abdeckplane-chopper-300x300.png 300w, https:\/\/www.mycover-protection.com\/wp-content\/uploads\/2023\/01\/Motorrad-abdeckplane-chopper-150x150.png 150w, https:\/\/www.mycover-protection.com\/wp-content\/uploads\/2023\/01\/Motorrad-abdeckplane-chopper-768x768.png 768w, https:\/\/www.mycover-protection.com\/wp-content\/uploads\/2023\/01\/Motorrad-abdeckplane-chopper-270x270.png 270w, https:\/\/www.mycover-protection.com\/wp-content\/uploads\/2023\/01\/Motorrad-abdeckplane-chopper-200x200.png 200w\" sizes=\"(max-width: 800px) 100vw, 800px\" \/><\/figure>\n\n\n\n<p><a href=\"https:\/\/www.mycover-protection.com\/es\/produkt\/mycover-funda-exterior-premium-para-chopper\/\"><strong>Housses pour Chopper en ext\u00e9rieur<\/strong><\/a><\/p>\n<\/div><\/div>\n<\/div>\n\n\n\n<div class=\"wp-block-cb-slide-v2 cb-slide swiper-slide\">\n<div class=\"wp-block-group\"><div class=\"wp-block-group__inner-container is-layout-constrained wp-block-group-is-layout-constrained\">\n<figure class=\"wp-block-image size-full\"><img decoding=\"async\" width=\"800\" height=\"800\" src=\"https:\/\/www.mycover-protection.com\/wp-content\/uploads\/2023\/01\/Motorrad-Abdeckplane-Topcase.png\" alt=\"Housses pour Scooter avec Topcase\" class=\"wp-image-21482\" srcset=\"https:\/\/www.mycover-protection.com\/wp-content\/uploads\/2023\/01\/Motorrad-Abdeckplane-Topcase.png 800w, https:\/\/www.mycover-protection.com\/wp-content\/uploads\/2023\/01\/Motorrad-Abdeckplane-Topcase-300x300.png 300w, https:\/\/www.mycover-protection.com\/wp-content\/uploads\/2023\/01\/Motorrad-Abdeckplane-Topcase-150x150.png 150w, https:\/\/www.mycover-protection.com\/wp-content\/uploads\/2023\/01\/Motorrad-Abdeckplane-Topcase-768x768.png 768w, https:\/\/www.mycover-protection.com\/wp-content\/uploads\/2023\/01\/Motorrad-Abdeckplane-Topcase-270x270.png 270w, https:\/\/www.mycover-protection.com\/wp-content\/uploads\/2023\/01\/Motorrad-Abdeckplane-Topcase-200x200.png 200w\" sizes=\"(max-width: 800px) 100vw, 800px\" \/><\/figure>\n\n\n\n<p><a href=\"https:\/\/www.mycover-protection.com\/es\/produkt\/mycover-funda-exterior-premium-para-scooter\/\"><strong>Housses pour Scooter Outdoor<\/strong><\/a><\/p>\n<\/div><\/div>\n<\/div>\n\n\n\n<div class=\"wp-block-cb-slide-v2 cb-slide swiper-slide\">\n<div class=\"wp-block-group\"><div class=\"wp-block-group__inner-container is-layout-constrained wp-block-group-is-layout-constrained\">\n<figure class=\"wp-block-image size-full\"><img decoding=\"async\" width=\"800\" height=\"800\" src=\"https:\/\/www.mycover-protection.com\/wp-content\/uploads\/2022\/07\/Motorrrad-Abdeckplane-Indoor-Stoff.png\" alt=\"Housses moto Indoor soft\" class=\"wp-image-20162\" srcset=\"https:\/\/www.mycover-protection.com\/wp-content\/uploads\/2022\/07\/Motorrrad-Abdeckplane-Indoor-Stoff.png 800w, https:\/\/www.mycover-protection.com\/wp-content\/uploads\/2022\/07\/Motorrrad-Abdeckplane-Indoor-Stoff-300x300.png 300w, https:\/\/www.mycover-protection.com\/wp-content\/uploads\/2022\/07\/Motorrrad-Abdeckplane-Indoor-Stoff-150x150.png 150w, https:\/\/www.mycover-protection.com\/wp-content\/uploads\/2022\/07\/Motorrrad-Abdeckplane-Indoor-Stoff-768x768.png 768w, https:\/\/www.mycover-protection.com\/wp-content\/uploads\/2022\/07\/Motorrrad-Abdeckplane-Indoor-Stoff-270x270.png 270w, https:\/\/www.mycover-protection.com\/wp-content\/uploads\/2022\/07\/Motorrrad-Abdeckplane-Indoor-Stoff-200x200.png 200w\" sizes=\"(max-width: 800px) 100vw, 800px\" \/><\/figure>\n\n\n\n<p><a href=\"https:\/\/www.mycover-protection.com\/es\/produkt\/mycover-funda-para-moto-de-interior-premium\/\"><strong>Housses moto Indoor<\/strong><\/a><\/p>\n<\/div><\/div>\n<\/div>\n<\/div><\/div><div class=\"cb-button-prev swiper-button-prev\"><\/div><div class=\"cb-button-next swiper-button-next\"><\/div><\/div>\n\n\n\n<p class=\"has-text-align-center wfa-reusable-group-all-mycover-products__category-links has-small-font-size\"><a href=\"https:\/\/www.mycover-protection.com\/fr\/categorie-de-produits\/couverture-de-moto\/\">Toutes les Couvertures moto<\/a> &#8211; <a href=\"https:\/\/www.mycover-protection.com\/fr\/categorie-de-produits\/couvertures-de-scooter\/\">Toutes les Couvertures scooter<\/a><\/p>\n<\/div><\/div>\n<\/div><\/div>\n","protected":false},"excerpt":{"rendered":"<p>Une protection maximale pour ton deux-roues et un confort confortable pour toi. Le cylindre innovant SmartX\u2122 transforme ton smartphone en cl\u00e9 individuelle. Avec l&rsquo;application ABUS One, tu ouvres et fermes le cadenas tr\u00e8s facilement. L&rsquo;arceau parabolique robuste de 13 mm, l&rsquo;alarme de 100 dB, la d\u00e9tection de position 3D et la connexion USB-C garantissent une s\u00e9curit\u00e9 optimale pour ton deux-roues.<\/p>\n<ul>\n<li><strong>Type de serrure :<\/strong> serrure \u00e0 \u00e9trier<\/li>\n<li><strong>Niveau de s\u00e9curit\u00e9 :<\/strong> niveau 15\/15<\/li>\n<li><strong>Type de fermeture :<\/strong> Bluetooth (par app)<\/li>\n<li><strong>Comprend :<\/strong> <!-- wp:list -->SmartX Keycard, c\u00e2ble de recharge, mode d&#8217;emploi\n<ul><!-- wp:list-item --><!-- \/wp:list-item --><\/p>\n<p><!-- wp:list-item --><\/ul>\n<\/li>\n<\/ul>\n","protected":false},"featured_media":27237,"comment_status":"open","ping_status":"closed","template":"","meta":[],"product_brand":[],"product_cat":[415,410],"product_tag":[],"class_list":{"0":"post-27270","1":"product","2":"type-product","3":"status-publish","4":"has-post-thumbnail","6":"product_cat-antivols-a-arceau","7":"product_cat-antivols-abus","9":"first","10":"instock","11":"taxable","12":"shipping-taxable","13":"purchasable","14":"product-type-variable"},"yoast_head":"<!-- This site is optimized with the Yoast SEO plugin v27.4 - https:\/\/yoast.com\/product\/yoast-seo-wordpress\/ -->\n<title>ABUS 770A SMARTX - un antivol intelligent pour votre moto<\/title>\n<meta name=\"description\" content=\"S\u00e9curise ton deux-roues avec l&#039;antivol \u00e0 arceau ABUS 770A SmartX\u2122. Fonction Keyless, alarme 100 dB, cylindre SmartX\u2122 pour un maximum de confort et de s\u00e9curit\u00e9.\" \/>\n<meta name=\"robots\" content=\"index, follow, max-snippet:-1, max-image-preview:large, max-video-preview:-1\" \/>\n<link rel=\"canonical\" href=\"https:\/\/www.mycover-protection.com\/fr\/produkt\/abus-770a-smartx\/\" \/>\n<meta property=\"og:locale\" content=\"fr_FR\" \/>\n<meta property=\"og:type\" content=\"article\" \/>\n<meta property=\"og:title\" content=\"ABUS 770A SMARTX - un antivol intelligent pour votre moto\" \/>\n<meta property=\"og:description\" content=\"S\u00e9curise ton deux-roues avec l&#039;antivol \u00e0 arceau ABUS 770A SmartX\u2122. Fonction Keyless, alarme 100 dB, cylindre SmartX\u2122 pour un maximum de confort et de s\u00e9curit\u00e9.\" \/>\n<meta property=\"og:url\" content=\"https:\/\/www.mycover-protection.com\/fr\/produkt\/abus-770a-smartx\/\" \/>\n<meta property=\"og:site_name\" content=\"MYCOVER\u00ae Online Shop\" \/>\n<meta property=\"article:publisher\" content=\"https:\/\/www.facebook.com\/Mycover-114242613377158\/\" \/>\n<meta property=\"article:modified_time\" content=\"2025-08-04T12:53:12+00:00\" \/>\n<meta property=\"og:image\" content=\"https:\/\/www.mycover-protection.com\/wp-content\/uploads\/2023\/07\/770A.jpg\" \/>\n\t<meta property=\"og:image:width\" content=\"800\" \/>\n\t<meta property=\"og:image:height\" content=\"800\" \/>\n\t<meta property=\"og:image:type\" content=\"image\/jpeg\" \/>\n<meta name=\"twitter:card\" content=\"summary_large_image\" \/>\n<meta name=\"twitter:label1\" content=\"Dur\u00e9e de lecture estim\u00e9e\" \/>\n\t<meta name=\"twitter:data1\" content=\"2 minutes\" \/>\n<script type=\"application\/ld+json\" class=\"yoast-schema-graph\">{\"@context\":\"https:\\\/\\\/schema.org\",\"@graph\":[{\"@type\":\"WebPage\",\"@id\":\"https:\\\/\\\/www.mycover-protection.com\\\/fr\\\/produkt\\\/abus-770a-smartx\\\/\",\"url\":\"https:\\\/\\\/www.mycover-protection.com\\\/fr\\\/produkt\\\/abus-770a-smartx\\\/\",\"name\":\"ABUS 770A SMARTX - un antivol intelligent pour votre moto\",\"isPartOf\":{\"@id\":\"https:\\\/\\\/www.mycover-protection.com\\\/fr\\\/#website\"},\"primaryImageOfPage\":{\"@id\":\"https:\\\/\\\/www.mycover-protection.com\\\/fr\\\/produkt\\\/abus-770a-smartx\\\/#primaryimage\"},\"image\":{\"@id\":\"https:\\\/\\\/www.mycover-protection.com\\\/fr\\\/produkt\\\/abus-770a-smartx\\\/#primaryimage\"},\"thumbnailUrl\":\"https:\\\/\\\/www.mycover-protection.com\\\/wp-content\\\/uploads\\\/2023\\\/07\\\/770A.jpg\",\"datePublished\":\"2023-07-27T16:44:48+00:00\",\"dateModified\":\"2025-08-04T12:53:12+00:00\",\"description\":\"S\u00e9curise ton deux-roues avec l'antivol \u00e0 arceau ABUS 770A SmartX\u2122. Fonction Keyless, alarme 100 dB, cylindre SmartX\u2122 pour un maximum de confort et de s\u00e9curit\u00e9.\",\"breadcrumb\":{\"@id\":\"https:\\\/\\\/www.mycover-protection.com\\\/fr\\\/produkt\\\/abus-770a-smartx\\\/#breadcrumb\"},\"inLanguage\":\"fr-FR\",\"potentialAction\":[{\"@type\":\"ReadAction\",\"target\":[\"https:\\\/\\\/www.mycover-protection.com\\\/fr\\\/produkt\\\/abus-770a-smartx\\\/\"]}]},{\"@type\":\"ImageObject\",\"inLanguage\":\"fr-FR\",\"@id\":\"https:\\\/\\\/www.mycover-protection.com\\\/fr\\\/produkt\\\/abus-770a-smartx\\\/#primaryimage\",\"url\":\"https:\\\/\\\/www.mycover-protection.com\\\/wp-content\\\/uploads\\\/2023\\\/07\\\/770A.jpg\",\"contentUrl\":\"https:\\\/\\\/www.mycover-protection.com\\\/wp-content\\\/uploads\\\/2023\\\/07\\\/770A.jpg\",\"width\":800,\"height\":800,\"caption\":\"770A\"},{\"@type\":\"BreadcrumbList\",\"@id\":\"https:\\\/\\\/www.mycover-protection.com\\\/fr\\\/produkt\\\/abus-770a-smartx\\\/#breadcrumb\",\"itemListElement\":[{\"@type\":\"ListItem\",\"position\":1,\"name\":\"Startseite\",\"item\":\"https:\\\/\\\/www.mycover-protection.com\\\/fr\\\/\"},{\"@type\":\"ListItem\",\"position\":2,\"name\":\"Boutique\",\"item\":\"https:\\\/\\\/www.mycover-protection.com\\\/fr\\\/boutique\\\/\"},{\"@type\":\"ListItem\",\"position\":3,\"name\":\"ABUS 770A SMARTX\"}]},{\"@type\":\"WebSite\",\"@id\":\"https:\\\/\\\/www.mycover-protection.com\\\/fr\\\/#website\",\"url\":\"https:\\\/\\\/www.mycover-protection.com\\\/fr\\\/\",\"name\":\"MYCOVER\u00ae Online Shop\",\"description\":\"Protection at its finest\",\"publisher\":{\"@id\":\"https:\\\/\\\/www.mycover-protection.com\\\/fr\\\/#organization\"},\"potentialAction\":[{\"@type\":\"SearchAction\",\"target\":{\"@type\":\"EntryPoint\",\"urlTemplate\":\"https:\\\/\\\/www.mycover-protection.com\\\/fr\\\/?s={search_term_string}\"},\"query-input\":{\"@type\":\"PropertyValueSpecification\",\"valueRequired\":true,\"valueName\":\"search_term_string\"}}],\"inLanguage\":\"fr-FR\"},{\"@type\":\"Organization\",\"@id\":\"https:\\\/\\\/www.mycover-protection.com\\\/fr\\\/#organization\",\"name\":\"MYCOVER\u00ae - PROTECTION AT ITS FINEST\",\"url\":\"https:\\\/\\\/www.mycover-protection.com\\\/fr\\\/\",\"logo\":{\"@type\":\"ImageObject\",\"inLanguage\":\"fr-FR\",\"@id\":\"https:\\\/\\\/www.mycover-protection.com\\\/fr\\\/#\\\/schema\\\/logo\\\/image\\\/\",\"url\":\"https:\\\/\\\/www.mycover-protection.com\\\/wp-content\\\/uploads\\\/2020\\\/01\\\/PAYPAL_190x60_mycover-white.jpg\",\"contentUrl\":\"https:\\\/\\\/www.mycover-protection.com\\\/wp-content\\\/uploads\\\/2020\\\/01\\\/PAYPAL_190x60_mycover-white.jpg\",\"width\":190,\"height\":60,\"caption\":\"MYCOVER\u00ae - PROTECTION AT ITS FINEST\"},\"image\":{\"@id\":\"https:\\\/\\\/www.mycover-protection.com\\\/fr\\\/#\\\/schema\\\/logo\\\/image\\\/\"},\"sameAs\":[\"https:\\\/\\\/www.facebook.com\\\/Mycover-114242613377158\\\/\"]}]}<\/script>\n<!-- \/ Yoast SEO plugin. -->","yoast_head_json":{"title":"ABUS 770A SMARTX - un antivol intelligent pour votre moto","description":"S\u00e9curise ton deux-roues avec l'antivol \u00e0 arceau ABUS 770A SmartX\u2122. Fonction Keyless, alarme 100 dB, cylindre SmartX\u2122 pour un maximum de confort et de s\u00e9curit\u00e9.","robots":{"index":"index","follow":"follow","max-snippet":"max-snippet:-1","max-image-preview":"max-image-preview:large","max-video-preview":"max-video-preview:-1"},"canonical":"https:\/\/www.mycover-protection.com\/fr\/produkt\/abus-770a-smartx\/","og_locale":"fr_FR","og_type":"article","og_title":"ABUS 770A SMARTX - un antivol intelligent pour votre moto","og_description":"S\u00e9curise ton deux-roues avec l'antivol \u00e0 arceau ABUS 770A SmartX\u2122. Fonction Keyless, alarme 100 dB, cylindre SmartX\u2122 pour un maximum de confort et de s\u00e9curit\u00e9.","og_url":"https:\/\/www.mycover-protection.com\/fr\/produkt\/abus-770a-smartx\/","og_site_name":"MYCOVER\u00ae Online Shop","article_publisher":"https:\/\/www.facebook.com\/Mycover-114242613377158\/","article_modified_time":"2025-08-04T12:53:12+00:00","og_image":[{"width":800,"height":800,"url":"https:\/\/www.mycover-protection.com\/wp-content\/uploads\/2023\/07\/770A.jpg","type":"image\/jpeg"}],"twitter_card":"summary_large_image","twitter_misc":{"Dur\u00e9e de lecture estim\u00e9e":"2 minutes"},"schema":{"@context":"https:\/\/schema.org","@graph":[{"@type":"WebPage","@id":"https:\/\/www.mycover-protection.com\/fr\/produkt\/abus-770a-smartx\/","url":"https:\/\/www.mycover-protection.com\/fr\/produkt\/abus-770a-smartx\/","name":"ABUS 770A SMARTX - un antivol intelligent pour votre moto","isPartOf":{"@id":"https:\/\/www.mycover-protection.com\/fr\/#website"},"primaryImageOfPage":{"@id":"https:\/\/www.mycover-protection.com\/fr\/produkt\/abus-770a-smartx\/#primaryimage"},"image":{"@id":"https:\/\/www.mycover-protection.com\/fr\/produkt\/abus-770a-smartx\/#primaryimage"},"thumbnailUrl":"https:\/\/www.mycover-protection.com\/wp-content\/uploads\/2023\/07\/770A.jpg","datePublished":"2023-07-27T16:44:48+00:00","dateModified":"2025-08-04T12:53:12+00:00","description":"S\u00e9curise ton deux-roues avec l'antivol \u00e0 arceau ABUS 770A SmartX\u2122. Fonction Keyless, alarme 100 dB, cylindre SmartX\u2122 pour un maximum de confort et de s\u00e9curit\u00e9.","breadcrumb":{"@id":"https:\/\/www.mycover-protection.com\/fr\/produkt\/abus-770a-smartx\/#breadcrumb"},"inLanguage":"fr-FR","potentialAction":[{"@type":"ReadAction","target":["https:\/\/www.mycover-protection.com\/fr\/produkt\/abus-770a-smartx\/"]}]},{"@type":"ImageObject","inLanguage":"fr-FR","@id":"https:\/\/www.mycover-protection.com\/fr\/produkt\/abus-770a-smartx\/#primaryimage","url":"https:\/\/www.mycover-protection.com\/wp-content\/uploads\/2023\/07\/770A.jpg","contentUrl":"https:\/\/www.mycover-protection.com\/wp-content\/uploads\/2023\/07\/770A.jpg","width":800,"height":800,"caption":"770A"},{"@type":"BreadcrumbList","@id":"https:\/\/www.mycover-protection.com\/fr\/produkt\/abus-770a-smartx\/#breadcrumb","itemListElement":[{"@type":"ListItem","position":1,"name":"Startseite","item":"https:\/\/www.mycover-protection.com\/fr\/"},{"@type":"ListItem","position":2,"name":"Boutique","item":"https:\/\/www.mycover-protection.com\/fr\/boutique\/"},{"@type":"ListItem","position":3,"name":"ABUS 770A SMARTX"}]},{"@type":"WebSite","@id":"https:\/\/www.mycover-protection.com\/fr\/#website","url":"https:\/\/www.mycover-protection.com\/fr\/","name":"MYCOVER\u00ae Online Shop","description":"Protection at its finest","publisher":{"@id":"https:\/\/www.mycover-protection.com\/fr\/#organization"},"potentialAction":[{"@type":"SearchAction","target":{"@type":"EntryPoint","urlTemplate":"https:\/\/www.mycover-protection.com\/fr\/?s={search_term_string}"},"query-input":{"@type":"PropertyValueSpecification","valueRequired":true,"valueName":"search_term_string"}}],"inLanguage":"fr-FR"},{"@type":"Organization","@id":"https:\/\/www.mycover-protection.com\/fr\/#organization","name":"MYCOVER\u00ae - PROTECTION AT ITS FINEST","url":"https:\/\/www.mycover-protection.com\/fr\/","logo":{"@type":"ImageObject","inLanguage":"fr-FR","@id":"https:\/\/www.mycover-protection.com\/fr\/#\/schema\/logo\/image\/","url":"https:\/\/www.mycover-protection.com\/wp-content\/uploads\/2020\/01\/PAYPAL_190x60_mycover-white.jpg","contentUrl":"https:\/\/www.mycover-protection.com\/wp-content\/uploads\/2020\/01\/PAYPAL_190x60_mycover-white.jpg","width":190,"height":60,"caption":"MYCOVER\u00ae - PROTECTION AT ITS FINEST"},"image":{"@id":"https:\/\/www.mycover-protection.com\/fr\/#\/schema\/logo\/image\/"},"sameAs":["https:\/\/www.facebook.com\/Mycover-114242613377158\/"]}]}},"_links":{"self":[{"href":"https:\/\/www.mycover-protection.com\/fr\/wp-json\/wp\/v2\/product\/27270","targetHints":{"allow":["GET"]}}],"collection":[{"href":"https:\/\/www.mycover-protection.com\/fr\/wp-json\/wp\/v2\/product"}],"about":[{"href":"https:\/\/www.mycover-protection.com\/fr\/wp-json\/wp\/v2\/types\/product"}],"replies":[{"embeddable":true,"href":"https:\/\/www.mycover-protection.com\/fr\/wp-json\/wp\/v2\/comments?post=27270"}],"wp:featuredmedia":[{"embeddable":true,"href":"https:\/\/www.mycover-protection.com\/fr\/wp-json\/wp\/v2\/media\/27237"}],"wp:attachment":[{"href":"https:\/\/www.mycover-protection.com\/fr\/wp-json\/wp\/v2\/media?parent=27270"}],"wp:term":[{"taxonomy":"product_brand","embeddable":true,"href":"https:\/\/www.mycover-protection.com\/fr\/wp-json\/wp\/v2\/product_brand?post=27270"},{"taxonomy":"product_cat","embeddable":true,"href":"https:\/\/www.mycover-protection.com\/fr\/wp-json\/wp\/v2\/product_cat?post=27270"},{"taxonomy":"product_tag","embeddable":true,"href":"https:\/\/www.mycover-protection.com\/fr\/wp-json\/wp\/v2\/product_tag?post=27270"}],"curies":[{"name":"wp","href":"https:\/\/api.w.org\/{rel}","templated":true}]}}