{"id":33606,"date":"2024-03-28T15:59:28","date_gmt":"2024-05-06T12:29:03","guid":{"rendered":"https:\/\/www.mycover-protection.com\/produkt\/abus-277a\/"},"modified":"2025-07-15T14:48:35","modified_gmt":"2025-07-15T13:48:35","slug":"abus-277a","status":"publish","type":"product","link":"https:\/\/www.mycover-protection.com\/fr\/produkt\/abus-277a\/","title":{"rendered":"ABUS 277A"},"content":{"rendered":"\n<div style=\"height:100px\" aria-hidden=\"true\" class=\"wp-block-spacer wf-spacer-section\"><\/div>\n\n<div class=\"wp-block-columns are-vertically-aligned-center is-layout-flex wp-container-core-columns-is-layout-9d6595d7 wp-block-columns-is-layout-flex\">\n<div class=\"wp-block-column is-vertically-aligned-center is-layout-flow wp-block-column-is-layout-flow\"><div class=\"wp-block-image wf-shop-item-lock-equipment-section-image\">\n<figure class=\"aligncenter size-full\"><img decoding=\"async\" width=\"800\" height=\"800\" src=\"https:\/\/www.mycover-protection.com\/wp-content\/uploads\/2024\/03\/ABUS-277A-red.jpg\" alt=\"ABUS 277A red\" class=\"wp-image-32729\" srcset=\"https:\/\/www.mycover-protection.com\/wp-content\/uploads\/2024\/03\/ABUS-277A-red.jpg 800w, https:\/\/www.mycover-protection.com\/wp-content\/uploads\/2024\/03\/ABUS-277A-red-300x300.jpg 300w, https:\/\/www.mycover-protection.com\/wp-content\/uploads\/2024\/03\/ABUS-277A-red-150x150.jpg 150w, https:\/\/www.mycover-protection.com\/wp-content\/uploads\/2024\/03\/ABUS-277A-red-768x768.jpg 768w, https:\/\/www.mycover-protection.com\/wp-content\/uploads\/2024\/03\/ABUS-277A-red-270x270.jpg 270w, https:\/\/www.mycover-protection.com\/wp-content\/uploads\/2024\/03\/ABUS-277A-red-200x200.jpg 200w\" sizes=\"(max-width: 800px) 100vw, 800px\" \/><\/figure>\n<\/div><\/div>\n\n\n\n<div class=\"wp-block-column is-vertically-aligned-center is-layout-flow wp-block-column-is-layout-flow\">\n<h3 class=\"wp-block-heading is-style-not-underlined\">\u00c9quipement de l&rsquo;ABUS 277A<\/h3>\n\n\n\n<ul class=\"wp-block-list\">\n<li>Niveau de s\u00e9curit\u00e9 9 sur 20<\/li>\n\n\n\n<li>  Goupille de fermeture de 10 mm en acier sp\u00e9cial tremp\u00e9 pour une protection solide.<\/li>\n\n\n\n<li>Fonction d&rsquo;alarme avec au moins 100 dB en cas de vibration pour la dissuasion.<\/li>\n\n\n\n<li>\u00ab\u00a0Push down\u00a0\u00bb (pousser vers le bas) V\u00e9rin pour un verrouillage automatique et une manipulation ais\u00e9e.<\/li>\n\n\n\n<li>Livr\u00e9 avec trois cl\u00e9s et une pile CR2 standard.<\/li>\n\n\n\n<li>Offre une protection de base avec un faible risque de vol, id\u00e9ale pour les motos l\u00e9g\u00e8res et les scooters.<\/li>\n\n\n\n<li>Compact et facilement transportable, il est recommand\u00e9 pour la s\u00e9curisation lors d&rsquo;un stationnement prolong\u00e9.<\/li>\n<\/ul>\n<\/div>\n<\/div>\n\n<div style=\"height:100px\" aria-hidden=\"true\" class=\"wp-block-spacer wf-spacer-section\"><\/div>\n\n<h3 class=\"wp-block-heading is-style-not-underlined\">La technique d&rsquo;ABUS <\/h3>\n\n<div class=\"wp-block-group wf-shop-item-lock-pictograms-section\"><div class=\"wp-block-group__inner-container is-layout-flow wp-block-group-is-layout-flow\">\n<div class=\"wp-block-columns wf-reusable-block-abus-pictogram is-layout-flex wp-container-core-columns-is-layout-9d6595d7 wp-block-columns-is-layout-flex\">\n<div class=\"wp-block-column is-layout-flow wp-block-column-is-layout-flow\">\n<figure class=\"wp-block-image size-thumbnail\"><img decoding=\"async\" width=\"150\" height=\"150\" src=\"https:\/\/www.mycover-protection.com\/wp-content\/uploads\/2021\/07\/abus-piktogramm-batterie-motorradschloss-150x150.png\" alt=\"\" class=\"wp-image-17360\" srcset=\"https:\/\/www.mycover-protection.com\/wp-content\/uploads\/2021\/07\/abus-piktogramm-batterie-motorradschloss-150x150.png 150w, https:\/\/www.mycover-protection.com\/wp-content\/uploads\/2021\/07\/abus-piktogramm-batterie-motorradschloss-300x300.png 300w, https:\/\/www.mycover-protection.com\/wp-content\/uploads\/2021\/07\/abus-piktogramm-batterie-motorradschloss-1024x1024.png 1024w, https:\/\/www.mycover-protection.com\/wp-content\/uploads\/2021\/07\/abus-piktogramm-batterie-motorradschloss-768x768.png 768w, https:\/\/www.mycover-protection.com\/wp-content\/uploads\/2021\/07\/abus-piktogramm-batterie-motorradschloss-1536x1536.png 1536w, https:\/\/www.mycover-protection.com\/wp-content\/uploads\/2021\/07\/abus-piktogramm-batterie-motorradschloss-2048x2048.png 2048w, https:\/\/www.mycover-protection.com\/wp-content\/uploads\/2021\/07\/abus-piktogramm-batterie-motorradschloss-270x270.png 270w, https:\/\/www.mycover-protection.com\/wp-content\/uploads\/2021\/07\/abus-piktogramm-batterie-motorradschloss-800x800.png 800w, https:\/\/www.mycover-protection.com\/wp-content\/uploads\/2021\/07\/abus-piktogramm-batterie-motorradschloss-200x200.png 200w, https:\/\/www.mycover-protection.com\/wp-content\/uploads\/2021\/07\/abus-piktogramm-batterie-motorradschloss-60x60.png 60w, https:\/\/www.mycover-protection.com\/wp-content\/uploads\/2021\/07\/abus-piktogramm-batterie-motorradschloss-90x90.png 90w\" sizes=\"(max-width: 150px) 100vw, 150px\" \/><\/figure>\n<\/div>\n\n\n\n<div class=\"wp-block-column is-layout-flow wp-block-column-is-layout-flow\">\n<h4 class=\"is-style-not-underlined wp-block-heading\">Batterie<\/h4>\n\n\n\n<p>Pile incluse<\/p>\n<\/div>\n<\/div>\n\n\n\n<div class=\"wp-block-columns wf-reusable-block-abus-pictogram is-layout-flex wp-container-core-columns-is-layout-9d6595d7 wp-block-columns-is-layout-flex\">\n<div class=\"wp-block-column is-layout-flow wp-block-column-is-layout-flow\">\n<figure class=\"wp-block-image size-thumbnail\"><img decoding=\"async\" width=\"150\" height=\"150\" src=\"https:\/\/www.mycover-protection.com\/wp-content\/uploads\/2021\/07\/abus-piktogramm-alarm-schloss-motorradschloss-150x150.png\" alt=\"\" class=\"wp-image-17373\" srcset=\"https:\/\/www.mycover-protection.com\/wp-content\/uploads\/2021\/07\/abus-piktogramm-alarm-schloss-motorradschloss-150x150.png 150w, https:\/\/www.mycover-protection.com\/wp-content\/uploads\/2021\/07\/abus-piktogramm-alarm-schloss-motorradschloss-300x300.png 300w, https:\/\/www.mycover-protection.com\/wp-content\/uploads\/2021\/07\/abus-piktogramm-alarm-schloss-motorradschloss-1024x1024.png 1024w, https:\/\/www.mycover-protection.com\/wp-content\/uploads\/2021\/07\/abus-piktogramm-alarm-schloss-motorradschloss-768x768.png 768w, https:\/\/www.mycover-protection.com\/wp-content\/uploads\/2021\/07\/abus-piktogramm-alarm-schloss-motorradschloss-1536x1536.png 1536w, https:\/\/www.mycover-protection.com\/wp-content\/uploads\/2021\/07\/abus-piktogramm-alarm-schloss-motorradschloss-2048x2048.png 2048w, https:\/\/www.mycover-protection.com\/wp-content\/uploads\/2021\/07\/abus-piktogramm-alarm-schloss-motorradschloss-270x270.png 270w, https:\/\/www.mycover-protection.com\/wp-content\/uploads\/2021\/07\/abus-piktogramm-alarm-schloss-motorradschloss-800x800.png 800w, https:\/\/www.mycover-protection.com\/wp-content\/uploads\/2021\/07\/abus-piktogramm-alarm-schloss-motorradschloss-200x200.png 200w, https:\/\/www.mycover-protection.com\/wp-content\/uploads\/2021\/07\/abus-piktogramm-alarm-schloss-motorradschloss-60x60.png 60w, https:\/\/www.mycover-protection.com\/wp-content\/uploads\/2021\/07\/abus-piktogramm-alarm-schloss-motorradschloss-90x90.png 90w\" sizes=\"(max-width: 150px) 100vw, 150px\" \/><\/figure>\n<\/div>\n\n\n\n<div class=\"wp-block-column is-layout-flow wp-block-column-is-layout-flow\">\n<h4 class=\"is-style-not-underlined wp-block-heading\">Alarme<\/h4>\n\n\n\n<p>serrure avec fonction d&rsquo;alarme de 100 dB<\/p>\n<\/div>\n<\/div>\n\n\n\n<div class=\"wp-block-columns wf-reusable-block-abus-pictogram is-layout-flex wp-container-core-columns-is-layout-9d6595d7 wp-block-columns-is-layout-flex\">\n<div class=\"wp-block-column is-layout-flow wp-block-column-is-layout-flow\">\n<figure class=\"wp-block-image size-thumbnail\"><img decoding=\"async\" width=\"150\" height=\"150\" src=\"https:\/\/www.mycover-protection.com\/wp-content\/uploads\/2021\/07\/abus-piktogramm-schliesszwang-motorradschloss-150x150.png\" alt=\"\" class=\"wp-image-17365\" srcset=\"https:\/\/www.mycover-protection.com\/wp-content\/uploads\/2021\/07\/abus-piktogramm-schliesszwang-motorradschloss-150x150.png 150w, https:\/\/www.mycover-protection.com\/wp-content\/uploads\/2021\/07\/abus-piktogramm-schliesszwang-motorradschloss-300x300.png 300w, https:\/\/www.mycover-protection.com\/wp-content\/uploads\/2021\/07\/abus-piktogramm-schliesszwang-motorradschloss-1024x1024.png 1024w, https:\/\/www.mycover-protection.com\/wp-content\/uploads\/2021\/07\/abus-piktogramm-schliesszwang-motorradschloss-768x768.png 768w, https:\/\/www.mycover-protection.com\/wp-content\/uploads\/2021\/07\/abus-piktogramm-schliesszwang-motorradschloss-1536x1536.png 1536w, https:\/\/www.mycover-protection.com\/wp-content\/uploads\/2021\/07\/abus-piktogramm-schliesszwang-motorradschloss-2048x2048.png 2048w, https:\/\/www.mycover-protection.com\/wp-content\/uploads\/2021\/07\/abus-piktogramm-schliesszwang-motorradschloss-270x270.png 270w, https:\/\/www.mycover-protection.com\/wp-content\/uploads\/2021\/07\/abus-piktogramm-schliesszwang-motorradschloss-800x800.png 800w, https:\/\/www.mycover-protection.com\/wp-content\/uploads\/2021\/07\/abus-piktogramm-schliesszwang-motorradschloss-200x200.png 200w, https:\/\/www.mycover-protection.com\/wp-content\/uploads\/2021\/07\/abus-piktogramm-schliesszwang-motorradschloss-60x60.png 60w, https:\/\/www.mycover-protection.com\/wp-content\/uploads\/2021\/07\/abus-piktogramm-schliesszwang-motorradschloss-90x90.png 90w\" sizes=\"(max-width: 150px) 100vw, 150px\" \/><\/figure>\n<\/div>\n\n\n\n<div class=\"wp-block-column is-layout-flow wp-block-column-is-layout-flow\">\n<h4 class=\"is-style-not-underlined wp-block-heading\">Obligation de fermeture<\/h4>\n\n\n\n<p>Verrouillage actif n\u00e9cessaire avec une cl\u00e9<\/p>\n<\/div>\n<\/div>\n<\/div><\/div>\n\n<div style=\"height:100px\" aria-hidden=\"true\" class=\"wp-block-spacer wf-spacer-section\"><\/div>\n\n<div class=\"wp-block-columns is-layout-flex wp-container-core-columns-is-layout-9d6595d7 wp-block-columns-is-layout-flex\">\n<div class=\"wp-block-column is-layout-flow wp-block-column-is-layout-flow\" style=\"flex-basis:66.66%\">\n<h3 class=\"wp-block-heading is-style-not-underlined\">ABUS 277A<\/h3>\n\n\n\n<p>L&rsquo;antivol \u00e0 disque de frein ABUS 277A incarne la symbiose parfaite entre la s\u00e9curit\u00e9 m\u00e9canique et la technologie d&rsquo;alarme moderne pour les besoins quotidiens. Un boulon de fermeture robuste de 10 mm en acier sp\u00e9cialement tremp\u00e9 constitue la base de cet antivol de disque de frein de haute qualit\u00e9, sp\u00e9cialement con\u00e7u pour les motos et scooters l\u00e9gers.<\/p>\n\n\n\n<p>La protection m\u00e9canique est compl\u00e9t\u00e9e par une fonction d&rsquo;alarme innovante : en cas de secousses, un signal d&rsquo;alarme puissant d&rsquo;au moins 100 dB s&rsquo;active, ce qui dissuade efficacement les voleurs potentiels et s\u00e9curise davantage votre v\u00e9hicule.<\/p>\n\n\n\n<p>Gr\u00e2ce au cylindre intuitif \u00ab\u00a0push down\u00a0\u00bb, la serrure est tr\u00e8s facile \u00e0 manipuler, le p\u00eane s&rsquo;enclenchant automatiquement lors de la fermeture. L&rsquo;ABUS 277A offre donc non seulement une protection de base solide avec un faible risque de vol, mais il convainc \u00e9galement par sa facilit\u00e9 d&rsquo;utilisation.  <\/p>\n\n\n\n<p>Il est \u00e9galement livr\u00e9 avec trois cl\u00e9s et une pile CR2 pour l&rsquo;unit\u00e9 d&rsquo;alarme, ce qui vous permet de parer imm\u00e9diatement \u00e0 toute \u00e9ventualit\u00e9. Que ce soit pour un petit arr\u00eat devant le caf\u00e9 ou pour une dur\u00e9e de stationnement plus longue, avec l&rsquo;antivol de disque de frein ABUS 277A, votre deux-roues reste s\u00fbr et prot\u00e9g\u00e9.<\/p>\n\n\n\n<hr class=\"wp-block-separator has-alpha-channel-opacity\"\/>\n<\/div>\n\n\n\n<div class=\"wp-block-column is-layout-flow wp-block-column-is-layout-flow\" style=\"flex-basis:33.33%\">\n<div class=\"wp-block-group wf-reusable-block-abus-ps88-spray-ad wf-element-sticky\"><div class=\"wp-block-group__inner-container is-layout-flow wp-block-group-is-layout-flow\">\n<h3 class=\"wp-block-heading is-style-not-underlined\">Pr\u00e9serve davantage la valeur de ton v\u00e9lo !<\/h3>\n\n\n<div data-block-name=\"woocommerce\/handpicked-products\" data-columns=\"1\" data-content-visibility=\"{&quot;image&quot;:true,&quot;title&quot;:true,&quot;price&quot;:true,&quot;rating&quot;:true,&quot;button&quot;:false}\" data-products=\"[17478]\" class=\"wc-block-grid wp-block-handpicked-products wp-block-woocommerce-handpicked-products wc-block-handpicked-products has-1-columns has-multiple-rows\"><ul class=\"wc-block-grid__products\"><li class=\"wc-block-grid__product\"><span class=\"gtm4wp_productdata\" style=\"display:none; visibility:hidden;\" data-gtm4wp_product_data=\"{&quot;internal_id&quot;:17478,&quot;item_id&quot;:&quot;OC-&quot;,&quot;item_name&quot;:&quot;Housse moto MYCOVER\\u00ae Premium Outdoor&quot;,&quot;sku&quot;:&quot;OC-&quot;,&quot;price&quot;:139,&quot;stocklevel&quot;:0,&quot;stockstatus&quot;:&quot;onbackorder&quot;,&quot;google_business_vertical&quot;:&quot;retail&quot;,&quot;item_category&quot;:&quot;Couvertures moto&quot;,&quot;id&quot;:&quot;OC-&quot;,&quot;productlink&quot;:&quot;https:\\\/\\\/www.mycover-protection.com\\\/fr\\\/produkt\\\/mycover-premium-outdoor\\\/&quot;,&quot;item_list_name&quot;:&quot;Liste g\\u00e9n\\u00e9rale des produits&quot;,&quot;index&quot;:0,&quot;product_type&quot;:&quot;variable&quot;,&quot;item_brand&quot;:&quot;&quot;}\"><\/span>\n\t\t\t\t<a href=\"https:\/\/www.mycover-protection.com\/fr\/produkt\/mycover-premium-outdoor\/\" class=\"wc-block-grid__product-link\">\n\t\t\t\t\t\n\t\t\t\t\t<div class=\"wc-block-grid__product-image\"><img decoding=\"async\" width=\"300\" height=\"300\" src=\"https:\/\/www.mycover-protection.com\/wp-content\/uploads\/2025\/11\/housse-moto-exterieur-M-300x300.jpg\" class=\"attachment-woocommerce_thumbnail size-woocommerce_thumbnail\" alt=\"Housses moto Outdoor M+\" srcset=\"https:\/\/www.mycover-protection.com\/wp-content\/uploads\/2025\/11\/housse-moto-exterieur-M-300x300.jpg 300w, https:\/\/www.mycover-protection.com\/wp-content\/uploads\/2025\/11\/housse-moto-exterieur-M-1024x1024.jpg 1024w, https:\/\/www.mycover-protection.com\/wp-content\/uploads\/2025\/11\/housse-moto-exterieur-M-150x150.jpg 150w, https:\/\/www.mycover-protection.com\/wp-content\/uploads\/2025\/11\/housse-moto-exterieur-M-768x768.jpg 768w, https:\/\/www.mycover-protection.com\/wp-content\/uploads\/2025\/11\/housse-moto-exterieur-M-270x270.jpg 270w, https:\/\/www.mycover-protection.com\/wp-content\/uploads\/2025\/11\/housse-moto-exterieur-M-800x800.jpg 800w, https:\/\/www.mycover-protection.com\/wp-content\/uploads\/2025\/11\/housse-moto-exterieur-M-200x200.jpg 200w, https:\/\/www.mycover-protection.com\/wp-content\/uploads\/2025\/11\/housse-moto-exterieur-M.jpg 1500w\" sizes=\"(max-width: 300px) 100vw, 300px\" \/><\/div>\n\t\t\t\t\t<div class=\"wc-block-grid__product-title\">Housse moto MYCOVER\u00ae Premium Outdoor<\/div>\n\t\t\t\t<\/a>\n\t\t\t\t<div class=\"wfa-wc-product-star-rating wfa-wc-block-grid__product-stars\" style=\"--fill:0.986;\" role=\"img\" aria-label=\"Note 4.93 sur 5\"><\/div><div class=\"wc-block-grid__product-price price\"><span class=\"wfa-variable-parent-price-range wfa-variable-parent-price-range--regular\"><del><span class=\"woocommerce-Price-amount amount\" aria-hidden=\"true\">159,00<span class=\"woocommerce-Price-currencySymbol\">&euro;<\/span><\/span> <span aria-hidden=\"true\">\u00a0\u2013\u00a0<\/span> <span class=\"woocommerce-Price-amount amount\" aria-hidden=\"true\">279,00<span class=\"woocommerce-Price-currencySymbol\">&euro;<\/span><\/span><span class=\"screen-reader-text\">Plage de prix\u00a0: 159,00&euro; \u00e0 279,00&euro;<\/span><\/del><\/span><span class=\"wfa-variable-parent-price-range wfa-variable-parent-price-range--sale\"><ins><span class=\"woocommerce-Price-amount amount\" aria-hidden=\"true\">139,00<span class=\"woocommerce-Price-currencySymbol\">&euro;<\/span><\/span> <span aria-hidden=\"true\">\u00a0\u2013\u00a0<\/span> <span class=\"woocommerce-Price-amount amount\" aria-hidden=\"true\">259,00<span class=\"woocommerce-Price-currencySymbol\">&euro;<\/span><\/span><span class=\"screen-reader-text\">Plage de prix\u00a0: 139,00&euro; \u00e0 259,00&euro;<\/span><\/ins><\/span><\/div><div class=\"wfa-wc-block-grid__product-badge-list\" aria-label=\"Caract\u00e9ristiques sp\u00e9ciales\"><p class=\"wfa-wc-block-grid__product-badge\">\ud83c\udfc6 Bestseller<\/p><p class=\"wfa-wc-block-grid__product-badge\">\ud83d\udd25 \u00c9conomisez 20&euro; maintenant !<\/p><p class=\"wfa-wc-block-grid__product-badge\">\u2728 16 Tailles<\/p><\/div>\n\t\t\t\t\n\t\t\t\t\n\t\t\t<\/li><\/ul><\/div><\/div><\/div>\n<\/div>\n<\/div>\n\n<div style=\"height:100px\" aria-hidden=\"true\" class=\"wp-block-spacer wf-spacer-section\"><\/div>\n\n<div id=\"find-size-section\" class=\"wp-block-group wf-shop-item-lock-find-size-section\"><div class=\"wp-block-group__inner-container is-layout-flow wp-block-group-is-layout-flow\">\n<div style=\"height:100px\" aria-hidden=\"true\" class=\"wp-block-spacer wf-spacer-section\"><\/div>\n\n\n\n<div class=\"wp-block-columns is-layout-flex wp-container-core-columns-is-layout-9d6595d7 wp-block-columns-is-layout-flex\">\n<div class=\"wp-block-column is-layout-flow wp-block-column-is-layout-flow\" style=\"flex-basis:33.33%\">\n<h3 class=\"wp-block-heading is-style-not-underlined\">Ma moto est-elle compatible avec l&rsquo;ABUS 277A ?<\/h3>\n<\/div>\n\n\n\n<div class=\"wp-block-column is-layout-flow wp-block-column-is-layout-flow\" style=\"flex-basis:66.66%\">\n<p>V\u00e9rifie, \u00e0 l&rsquo;aide du gabarit \u00e0 imprimer, si ton mod\u00e8le de moto est compatible avec ton disque de frein :  <\/p>\n\n\n\n<ol class=\"wp-block-list\">\n<li>Imprime le gabarit<a href=\"https:\/\/www.abus.com\/var\/StorageStatic\/assets\/WEB%20PDF%20Dateien\/lockfinder\/lockfinder_Trigger_Alarm_350.pdf\" target=\"_blank\" rel=\"noreferrer noopener\">de ton disque de frein (PDF)<\/a> (r\u00e9glage de l&rsquo;imprimante : <strong>\u00e9chelle \u00e0 100% <\/strong>et v\u00e9rifie ensuite la taille de l&rsquo;impression \u00e0 l&rsquo;aide d&rsquo;un m\u00e8tre ruban ou d&rsquo;une \u00e9querre.<\/li>\n\n\n\n<li>D\u00e9couper le gabarit et aller \u00e0 ta moto<\/li>\n\n\n\n<li>Placer le gabarit sur le disque de frein et v\u00e9rifier<\/li>\n\n\n\n<li>Si le gabarit convient : Alors, amuse-toi bien avec ton nouvel antivol pour moto !<\/li>\n<\/ol>\n<\/div>\n<\/div>\n\n\n\n<div style=\"height:100px\" aria-hidden=\"true\" class=\"wp-block-spacer wf-spacer-section\"><\/div>\n<\/div><\/div>\n\n<div style=\"height:100px\" aria-hidden=\"true\" class=\"wp-block-spacer wf-spacer-section\"><\/div>\n\n<div class=\"wp-block-columns wf-shop-item-lock-row--delivery-downloads is-layout-flex wp-container-core-columns-is-layout-9d6595d7 wp-block-columns-is-layout-flex\">\n<div class=\"wp-block-column is-layout-flow wp-block-column-is-layout-flow\" style=\"flex-basis:66.66%\">\n<h3 class=\"wp-block-heading is-style-not-underlined\">Contenu de la livraison<\/h3>\n\n\n\n<ul class=\"wp-block-list\">\n<li>Mode d&#8217;emploi<\/li>\n\n\n\n<li>3 Cl\u00e9s<\/li>\n\n\n\n<li>Piles de rechange<\/li>\n<\/ul>\n<\/div>\n\n\n\n<div class=\"wp-block-column is-layout-flow wp-block-column-is-layout-flow\" style=\"flex-basis:33.33%\">\n<div class=\"wp-block-group wf-shop-item-lock-downloads wf-element-sticky\"><div class=\"wp-block-group__inner-container is-layout-flow wp-block-group-is-layout-flow\">\n<h3 class=\"wp-block-heading is-style-not-underlined\">T\u00e9l\u00e9chargements<\/h3>\n\n\n\n<ul class=\"wp-block-list\">\n<li><strong>Important :<\/strong> V\u00e9rifie avant l&rsquo;achat si ton disque de frein est compatible : <strong>\n  <a href=\"https:\/\/www.abus.com\/var\/StorageStatic\/assets\/WEB%20PDF%20Dateien\/lockfinder\/lockfinder_Trigger_Alarm_350.pdf\" target=\"_blank\" rel=\"noreferrer noopener\">Gabarit \u00e0 imprimer (PDF) <\/a>\n<\/strong> <\/li>\n\n\n\n<li>Fiche technique : <a href=\"https:\/\/mobil.abus.com\/de\/abusproductsheet.pdf\/227205\/ger-DE\" target=\"_blank\" rel=\"noreferrer noopener\">ABUS 277A <\/a> <\/li>\n\n\n\n<li>Mode d&#8217;emploi : <a href=\"https:\/\/www.abus.com\/var\/StorageStatic\/assets\/WEB%20PDF%20Dateien\/Bedienungsanleitungen\/Mobile%20Sicherheit\/Motorrad\/275A_277A_Brake%20disc%20lock_Instructions_V2.pdf\" target=\"_blank\" rel=\"noreferrer noopener\">ABUS 277A<\/a><\/li>\n\n\n\n<li>Liste de contr\u00f4le ABUS : <a rel=\"noreferrer noopener\" href=\"https:\/\/www.mycover-protection.com\/wp-content\/uploads\/2021\/08\/ABUS_Checkliste_Motorradschloss.pdf\" data-type=\"URL\" data-id=\"https:\/\/www.mycover-protection.com\/wp-content\/uploads\/2021\/08\/ABUS_Checkliste_Motorradschloss.pdf\" target=\"_blank\">S\u00e9curit\u00e9 en route &#8211; S\u00e9curit\u00e9 des motos (PDF)<\/a><\/li>\n<\/ul>\n<\/div><\/div>\n<\/div>\n<\/div>\n\n<div class=\"wp-block-group wf-shop-item-lock-faq-section\"><div class=\"wp-block-group__inner-container is-layout-flow wp-block-group-is-layout-flow\">\n<div style=\"height:100px\" aria-hidden=\"true\" class=\"wp-block-spacer wf-spacer-section\"><\/div>\n\n\n\n<h3 class=\"wp-block-heading is-style-not-underlined\">Questions fr\u00e9quentes<\/h3>\n\n\n\n<details class=\"wp-block-webfluence-blocks-details-summary\">\n<summary class=\"wp-block-webfluence-blocks-details-summary-title\">\n<h4 class=\"wp-block-heading\">Comment ouvrir et fermer le verrou du disque de frein ?<\/h4>\n<\/summary>\n\n\n\n<div class=\"wp-block-webfluence-blocks-details-summary-body\">\n<p><mark style=\"background-color:rgba(0, 0, 0, 0)\" class=\"has-inline-color has-black-color\">L&rsquo;<\/mark>ABUS 277A s&rsquo;ouvre de mani\u00e8re classique \u00e0 l&rsquo;aide d&rsquo;une cl\u00e9.  <\/p>\n<\/div>\n<\/details>\n<\/div><\/div>\n\n<div class=\"wp-block-group wf-single-col-small\"><div class=\"wp-block-group__inner-container is-layout-flow wp-block-group-is-layout-flow\">\n<div style=\"height:100px\" aria-hidden=\"true\" class=\"wp-block-spacer wf-spacer-section\"><\/div>\n\n\n\n<hr class=\"wp-block-separator has-alpha-channel-opacity\"\/>\n\n\n\n<div class=\"wp-block-group wfa-reusable-group-all-mycover-products has-black-color has-text-color has-link-color wp-elements-e52df7be340ae9f9e80ecdd813c2d54b\"><div class=\"wp-block-group__inner-container is-layout-constrained wp-block-group-is-layout-constrained\">\n<p class=\"has-text-align-center wfa-reusable-group-all-mycover-products__title has-large-font-size\"><strong>Tous les MYCOVER\u00ae-produits<\/strong><\/p>\n\n\n\n<div class=\"wp-block-cb-carousel-v2 cb-carousel-block\" data-cb-slides-per-view=\"2\" data-cb-slides-per-group=\"1\" data-cb-space-between=\"0\" data-cb-speed=\"200\" data-cb-navigation=\"true\" data-cb-breakpoints=\"{&quot;768&quot;:{&quot;slidesPerView&quot;:4,&quot;slidesPerGroup&quot;:1}}\"><div class=\"swiper\"><div class=\"cb-wrapper swiper-wrapper\">\n<div class=\"wp-block-cb-slide-v2 cb-slide swiper-slide\">\n<div class=\"wp-block-group\"><div class=\"wp-block-group__inner-container is-layout-constrained wp-block-group-is-layout-constrained\">\n<figure class=\"wp-block-image size-large\"><img decoding=\"async\" width=\"1024\" height=\"1024\" src=\"https:\/\/www.mycover-protection.com\/wp-content\/uploads\/2022\/11\/Motorrad_abdeckplane_outdoor-1024x1024.jpg\" alt=\"Housses moto d'ext&#xE9;rieur\" class=\"wp-image-22125\" srcset=\"https:\/\/www.mycover-protection.com\/wp-content\/uploads\/2022\/11\/Motorrad_abdeckplane_outdoor-1024x1024.jpg 1024w, https:\/\/www.mycover-protection.com\/wp-content\/uploads\/2022\/11\/Motorrad_abdeckplane_outdoor-300x300.jpg 300w, https:\/\/www.mycover-protection.com\/wp-content\/uploads\/2022\/11\/Motorrad_abdeckplane_outdoor-150x150.jpg 150w, https:\/\/www.mycover-protection.com\/wp-content\/uploads\/2022\/11\/Motorrad_abdeckplane_outdoor-768x768.jpg 768w, https:\/\/www.mycover-protection.com\/wp-content\/uploads\/2022\/11\/Motorrad_abdeckplane_outdoor-270x270.jpg 270w, https:\/\/www.mycover-protection.com\/wp-content\/uploads\/2022\/11\/Motorrad_abdeckplane_outdoor-800x800.jpg 800w, https:\/\/www.mycover-protection.com\/wp-content\/uploads\/2022\/11\/Motorrad_abdeckplane_outdoor-200x200.jpg 200w, https:\/\/www.mycover-protection.com\/wp-content\/uploads\/2022\/11\/Motorrad_abdeckplane_outdoor.jpg 1200w\" sizes=\"(max-width: 1024px) 100vw, 1024px\" \/><\/figure>\n\n\n\n<p><a href=\"https:\/\/www.mycover-protection.com\/fr\/produkt\/mycover-premium-outdoor\/\"><strong>Housses moto Outdoor<\/strong><\/a><\/p>\n<\/div><\/div>\n<\/div>\n\n\n\n<div class=\"wp-block-cb-slide-v2 cb-slide swiper-slide\">\n<div class=\"wp-block-group\"><div class=\"wp-block-group__inner-container is-layout-constrained wp-block-group-is-layout-constrained\">\n<figure class=\"wp-block-image size-full\"><img decoding=\"async\" width=\"800\" height=\"800\" src=\"https:\/\/www.mycover-protection.com\/wp-content\/uploads\/2023\/01\/Motorrad-abdeckplane-chopper.png\" alt=\"Housses d'ext&#xE9;rieur pour Chopper\" class=\"wp-image-21485\" srcset=\"https:\/\/www.mycover-protection.com\/wp-content\/uploads\/2023\/01\/Motorrad-abdeckplane-chopper.png 800w, https:\/\/www.mycover-protection.com\/wp-content\/uploads\/2023\/01\/Motorrad-abdeckplane-chopper-300x300.png 300w, https:\/\/www.mycover-protection.com\/wp-content\/uploads\/2023\/01\/Motorrad-abdeckplane-chopper-150x150.png 150w, https:\/\/www.mycover-protection.com\/wp-content\/uploads\/2023\/01\/Motorrad-abdeckplane-chopper-768x768.png 768w, https:\/\/www.mycover-protection.com\/wp-content\/uploads\/2023\/01\/Motorrad-abdeckplane-chopper-270x270.png 270w, https:\/\/www.mycover-protection.com\/wp-content\/uploads\/2023\/01\/Motorrad-abdeckplane-chopper-200x200.png 200w\" sizes=\"(max-width: 800px) 100vw, 800px\" \/><\/figure>\n\n\n\n<p><a href=\"https:\/\/www.mycover-protection.com\/es\/produkt\/mycover-funda-exterior-premium-para-chopper\/\"><strong>Housses pour Chopper en ext\u00e9rieur<\/strong><\/a><\/p>\n<\/div><\/div>\n<\/div>\n\n\n\n<div class=\"wp-block-cb-slide-v2 cb-slide swiper-slide\">\n<div class=\"wp-block-group\"><div class=\"wp-block-group__inner-container is-layout-constrained wp-block-group-is-layout-constrained\">\n<figure class=\"wp-block-image size-full\"><img decoding=\"async\" width=\"800\" height=\"800\" src=\"https:\/\/www.mycover-protection.com\/wp-content\/uploads\/2023\/01\/Motorrad-Abdeckplane-Topcase.png\" alt=\"Housses pour Scooter avec Topcase\" class=\"wp-image-21482\" srcset=\"https:\/\/www.mycover-protection.com\/wp-content\/uploads\/2023\/01\/Motorrad-Abdeckplane-Topcase.png 800w, https:\/\/www.mycover-protection.com\/wp-content\/uploads\/2023\/01\/Motorrad-Abdeckplane-Topcase-300x300.png 300w, https:\/\/www.mycover-protection.com\/wp-content\/uploads\/2023\/01\/Motorrad-Abdeckplane-Topcase-150x150.png 150w, https:\/\/www.mycover-protection.com\/wp-content\/uploads\/2023\/01\/Motorrad-Abdeckplane-Topcase-768x768.png 768w, https:\/\/www.mycover-protection.com\/wp-content\/uploads\/2023\/01\/Motorrad-Abdeckplane-Topcase-270x270.png 270w, https:\/\/www.mycover-protection.com\/wp-content\/uploads\/2023\/01\/Motorrad-Abdeckplane-Topcase-200x200.png 200w\" sizes=\"(max-width: 800px) 100vw, 800px\" \/><\/figure>\n\n\n\n<p><a href=\"https:\/\/www.mycover-protection.com\/es\/produkt\/mycover-funda-exterior-premium-para-scooter\/\"><strong>Housses pour Scooter Outdoor<\/strong><\/a><\/p>\n<\/div><\/div>\n<\/div>\n\n\n\n<div class=\"wp-block-cb-slide-v2 cb-slide swiper-slide\">\n<div class=\"wp-block-group\"><div class=\"wp-block-group__inner-container is-layout-constrained wp-block-group-is-layout-constrained\">\n<figure class=\"wp-block-image size-full\"><img decoding=\"async\" width=\"800\" height=\"800\" src=\"https:\/\/www.mycover-protection.com\/wp-content\/uploads\/2022\/07\/Motorrrad-Abdeckplane-Indoor-Stoff.png\" alt=\"Housses moto Indoor soft\" class=\"wp-image-20162\" srcset=\"https:\/\/www.mycover-protection.com\/wp-content\/uploads\/2022\/07\/Motorrrad-Abdeckplane-Indoor-Stoff.png 800w, https:\/\/www.mycover-protection.com\/wp-content\/uploads\/2022\/07\/Motorrrad-Abdeckplane-Indoor-Stoff-300x300.png 300w, https:\/\/www.mycover-protection.com\/wp-content\/uploads\/2022\/07\/Motorrrad-Abdeckplane-Indoor-Stoff-150x150.png 150w, https:\/\/www.mycover-protection.com\/wp-content\/uploads\/2022\/07\/Motorrrad-Abdeckplane-Indoor-Stoff-768x768.png 768w, https:\/\/www.mycover-protection.com\/wp-content\/uploads\/2022\/07\/Motorrrad-Abdeckplane-Indoor-Stoff-270x270.png 270w, https:\/\/www.mycover-protection.com\/wp-content\/uploads\/2022\/07\/Motorrrad-Abdeckplane-Indoor-Stoff-200x200.png 200w\" sizes=\"(max-width: 800px) 100vw, 800px\" \/><\/figure>\n\n\n\n<p><a href=\"https:\/\/www.mycover-protection.com\/es\/produkt\/mycover-funda-para-moto-de-interior-premium\/\"><strong>Housses moto Indoor<\/strong><\/a><\/p>\n<\/div><\/div>\n<\/div>\n<\/div><\/div><div class=\"cb-button-prev swiper-button-prev\"><\/div><div class=\"cb-button-next swiper-button-next\"><\/div><\/div>\n\n\n\n<p class=\"has-text-align-center wfa-reusable-group-all-mycover-products__category-links has-small-font-size\"><a href=\"https:\/\/www.mycover-protection.com\/fr\/categorie-de-produits\/couverture-de-moto\/\">Toutes les Couvertures moto<\/a> &#8211; <a href=\"https:\/\/www.mycover-protection.com\/fr\/categorie-de-produits\/couvertures-de-scooter\/\">Toutes les Couvertures scooter<\/a><\/p>\n<\/div><\/div>\n<\/div><\/div>\n","protected":false},"excerpt":{"rendered":"<p><strong>Remarque importante :<\/strong> <em><br \/>\n  <a href=\"https:\/\/www.mycover-protection.com\/es\/produkt\/abus-granit-detecto-smartx-8078-antirrobo-de-disco-de-freno-de-moto\/#find-size-section\">Utilise notre guide de mesure pour commander un cadenas adapt\u00e9 !<\/a><br \/>\n<\/em><\/p>\n<ul>\n<li><strong>Type de serrure :<\/strong> serrure \u00e0 disque de frein<\/li>\n<li><strong>Niveau de s\u00e9curit\u00e9 :<\/strong> Level 9\/20<\/li>\n<li><strong>Type de fermeture :<\/strong> serrure \u00e0 cl\u00e9<\/li>\n<li><strong>Fourni avec :<\/strong> 3 cl\u00e9s, mode d&#8217;emploi, piles de rechange<\/li>\n<\/ul>\n","protected":false},"featured_media":32731,"comment_status":"open","ping_status":"closed","template":"","meta":[],"product_brand":[],"product_cat":[410,413],"product_tag":[],"class_list":{"0":"post-33606","1":"product","2":"type-product","3":"status-publish","4":"has-post-thumbnail","6":"product_cat-antivols-abus","7":"product_cat-antivols-pour-disques-de-frein","9":"first","10":"outofstock","11":"taxable","12":"shipping-taxable","13":"purchasable","14":"product-type-variable"},"yoast_head":"<!-- This site is optimized with the Yoast SEO plugin v27.4 - https:\/\/yoast.com\/product\/yoast-seo-wordpress\/ -->\n<title>ABUS 277A - Alarme &amp; s\u00e9curit\u00e9 pour votre moto<\/title>\n<meta name=\"description\" content=\"S\u00e9curisez votre moto avec l&#039;antivol de disque de frein ABUS 277A. Acier tremp\u00e9, alarme de 100 dB, utilisation simple. Prot\u00e9gez ce qui est important pour vous.\" \/>\n<meta name=\"robots\" content=\"index, follow, max-snippet:-1, max-image-preview:large, max-video-preview:-1\" \/>\n<link rel=\"canonical\" href=\"https:\/\/www.mycover-protection.com\/fr\/produkt\/abus-277a\/\" \/>\n<meta property=\"og:locale\" content=\"fr_FR\" \/>\n<meta property=\"og:type\" content=\"article\" \/>\n<meta property=\"og:title\" content=\"ABUS 277A - Alarme &amp; s\u00e9curit\u00e9 pour votre moto\" \/>\n<meta property=\"og:description\" content=\"S\u00e9curisez votre moto avec l&#039;antivol de disque de frein ABUS 277A. Acier tremp\u00e9, alarme de 100 dB, utilisation simple. Prot\u00e9gez ce qui est important pour vous.\" \/>\n<meta property=\"og:url\" content=\"https:\/\/www.mycover-protection.com\/fr\/produkt\/abus-277a\/\" \/>\n<meta property=\"og:site_name\" content=\"MYCOVER\u00ae Online Shop\" \/>\n<meta property=\"article:publisher\" content=\"https:\/\/www.facebook.com\/Mycover-114242613377158\/\" \/>\n<meta property=\"article:modified_time\" content=\"2025-07-15T13:48:35+00:00\" \/>\n<meta property=\"og:image\" content=\"https:\/\/www.mycover-protection.com\/wp-content\/uploads\/2024\/03\/ABUS-277A-red.jpg\" \/>\n\t<meta property=\"og:image:width\" content=\"800\" \/>\n\t<meta property=\"og:image:height\" content=\"800\" \/>\n\t<meta property=\"og:image:type\" content=\"image\/jpeg\" \/>\n<meta name=\"twitter:card\" content=\"summary_large_image\" \/>\n<meta name=\"twitter:label1\" content=\"Dur\u00e9e de lecture estim\u00e9e\" \/>\n\t<meta name=\"twitter:data1\" content=\"2 minutes\" \/>\n<script type=\"application\/ld+json\" class=\"yoast-schema-graph\">{\"@context\":\"https:\\\/\\\/schema.org\",\"@graph\":[{\"@type\":\"WebPage\",\"@id\":\"https:\\\/\\\/www.mycover-protection.com\\\/fr\\\/produkt\\\/abus-277a\\\/\",\"url\":\"https:\\\/\\\/www.mycover-protection.com\\\/fr\\\/produkt\\\/abus-277a\\\/\",\"name\":\"ABUS 277A - Alarme & s\u00e9curit\u00e9 pour votre moto\",\"isPartOf\":{\"@id\":\"https:\\\/\\\/www.mycover-protection.com\\\/fr\\\/#website\"},\"primaryImageOfPage\":{\"@id\":\"https:\\\/\\\/www.mycover-protection.com\\\/fr\\\/produkt\\\/abus-277a\\\/#primaryimage\"},\"image\":{\"@id\":\"https:\\\/\\\/www.mycover-protection.com\\\/fr\\\/produkt\\\/abus-277a\\\/#primaryimage\"},\"thumbnailUrl\":\"https:\\\/\\\/www.mycover-protection.com\\\/wp-content\\\/uploads\\\/2024\\\/03\\\/ABUS-277A-red.jpg\",\"datePublished\":\"2024-05-06T12:29:03+00:00\",\"dateModified\":\"2025-07-15T13:48:35+00:00\",\"description\":\"S\u00e9curisez votre moto avec l'antivol de disque de frein ABUS 277A. Acier tremp\u00e9, alarme de 100 dB, utilisation simple. Prot\u00e9gez ce qui est important pour vous.\",\"breadcrumb\":{\"@id\":\"https:\\\/\\\/www.mycover-protection.com\\\/fr\\\/produkt\\\/abus-277a\\\/#breadcrumb\"},\"inLanguage\":\"fr-FR\",\"potentialAction\":[{\"@type\":\"ReadAction\",\"target\":[\"https:\\\/\\\/www.mycover-protection.com\\\/fr\\\/produkt\\\/abus-277a\\\/\"]}]},{\"@type\":\"ImageObject\",\"inLanguage\":\"fr-FR\",\"@id\":\"https:\\\/\\\/www.mycover-protection.com\\\/fr\\\/produkt\\\/abus-277a\\\/#primaryimage\",\"url\":\"https:\\\/\\\/www.mycover-protection.com\\\/wp-content\\\/uploads\\\/2024\\\/03\\\/ABUS-277A-red.jpg\",\"contentUrl\":\"https:\\\/\\\/www.mycover-protection.com\\\/wp-content\\\/uploads\\\/2024\\\/03\\\/ABUS-277A-red.jpg\",\"width\":800,\"height\":800,\"caption\":\"ABUS 277A red\"},{\"@type\":\"BreadcrumbList\",\"@id\":\"https:\\\/\\\/www.mycover-protection.com\\\/fr\\\/produkt\\\/abus-277a\\\/#breadcrumb\",\"itemListElement\":[{\"@type\":\"ListItem\",\"position\":1,\"name\":\"Startseite\",\"item\":\"https:\\\/\\\/www.mycover-protection.com\\\/fr\\\/\"},{\"@type\":\"ListItem\",\"position\":2,\"name\":\"Boutique\",\"item\":\"https:\\\/\\\/www.mycover-protection.com\\\/fr\\\/boutique\\\/\"},{\"@type\":\"ListItem\",\"position\":3,\"name\":\"ABUS 277A\"}]},{\"@type\":\"WebSite\",\"@id\":\"https:\\\/\\\/www.mycover-protection.com\\\/fr\\\/#website\",\"url\":\"https:\\\/\\\/www.mycover-protection.com\\\/fr\\\/\",\"name\":\"MYCOVER\u00ae Online Shop\",\"description\":\"Protection at its finest\",\"publisher\":{\"@id\":\"https:\\\/\\\/www.mycover-protection.com\\\/fr\\\/#organization\"},\"potentialAction\":[{\"@type\":\"SearchAction\",\"target\":{\"@type\":\"EntryPoint\",\"urlTemplate\":\"https:\\\/\\\/www.mycover-protection.com\\\/fr\\\/?s={search_term_string}\"},\"query-input\":{\"@type\":\"PropertyValueSpecification\",\"valueRequired\":true,\"valueName\":\"search_term_string\"}}],\"inLanguage\":\"fr-FR\"},{\"@type\":\"Organization\",\"@id\":\"https:\\\/\\\/www.mycover-protection.com\\\/fr\\\/#organization\",\"name\":\"MYCOVER\u00ae - PROTECTION AT ITS FINEST\",\"url\":\"https:\\\/\\\/www.mycover-protection.com\\\/fr\\\/\",\"logo\":{\"@type\":\"ImageObject\",\"inLanguage\":\"fr-FR\",\"@id\":\"https:\\\/\\\/www.mycover-protection.com\\\/fr\\\/#\\\/schema\\\/logo\\\/image\\\/\",\"url\":\"https:\\\/\\\/www.mycover-protection.com\\\/wp-content\\\/uploads\\\/2020\\\/01\\\/PAYPAL_190x60_mycover-white.jpg\",\"contentUrl\":\"https:\\\/\\\/www.mycover-protection.com\\\/wp-content\\\/uploads\\\/2020\\\/01\\\/PAYPAL_190x60_mycover-white.jpg\",\"width\":190,\"height\":60,\"caption\":\"MYCOVER\u00ae - PROTECTION AT ITS FINEST\"},\"image\":{\"@id\":\"https:\\\/\\\/www.mycover-protection.com\\\/fr\\\/#\\\/schema\\\/logo\\\/image\\\/\"},\"sameAs\":[\"https:\\\/\\\/www.facebook.com\\\/Mycover-114242613377158\\\/\"]}]}<\/script>\n<!-- \/ Yoast SEO plugin. -->","yoast_head_json":{"title":"ABUS 277A - Alarme & s\u00e9curit\u00e9 pour votre moto","description":"S\u00e9curisez votre moto avec l'antivol de disque de frein ABUS 277A. Acier tremp\u00e9, alarme de 100 dB, utilisation simple. Prot\u00e9gez ce qui est important pour vous.","robots":{"index":"index","follow":"follow","max-snippet":"max-snippet:-1","max-image-preview":"max-image-preview:large","max-video-preview":"max-video-preview:-1"},"canonical":"https:\/\/www.mycover-protection.com\/fr\/produkt\/abus-277a\/","og_locale":"fr_FR","og_type":"article","og_title":"ABUS 277A - Alarme & s\u00e9curit\u00e9 pour votre moto","og_description":"S\u00e9curisez votre moto avec l'antivol de disque de frein ABUS 277A. Acier tremp\u00e9, alarme de 100 dB, utilisation simple. Prot\u00e9gez ce qui est important pour vous.","og_url":"https:\/\/www.mycover-protection.com\/fr\/produkt\/abus-277a\/","og_site_name":"MYCOVER\u00ae Online Shop","article_publisher":"https:\/\/www.facebook.com\/Mycover-114242613377158\/","article_modified_time":"2025-07-15T13:48:35+00:00","og_image":[{"width":800,"height":800,"url":"https:\/\/www.mycover-protection.com\/wp-content\/uploads\/2024\/03\/ABUS-277A-red.jpg","type":"image\/jpeg"}],"twitter_card":"summary_large_image","twitter_misc":{"Dur\u00e9e de lecture estim\u00e9e":"2 minutes"},"schema":{"@context":"https:\/\/schema.org","@graph":[{"@type":"WebPage","@id":"https:\/\/www.mycover-protection.com\/fr\/produkt\/abus-277a\/","url":"https:\/\/www.mycover-protection.com\/fr\/produkt\/abus-277a\/","name":"ABUS 277A - Alarme & s\u00e9curit\u00e9 pour votre moto","isPartOf":{"@id":"https:\/\/www.mycover-protection.com\/fr\/#website"},"primaryImageOfPage":{"@id":"https:\/\/www.mycover-protection.com\/fr\/produkt\/abus-277a\/#primaryimage"},"image":{"@id":"https:\/\/www.mycover-protection.com\/fr\/produkt\/abus-277a\/#primaryimage"},"thumbnailUrl":"https:\/\/www.mycover-protection.com\/wp-content\/uploads\/2024\/03\/ABUS-277A-red.jpg","datePublished":"2024-05-06T12:29:03+00:00","dateModified":"2025-07-15T13:48:35+00:00","description":"S\u00e9curisez votre moto avec l'antivol de disque de frein ABUS 277A. Acier tremp\u00e9, alarme de 100 dB, utilisation simple. Prot\u00e9gez ce qui est important pour vous.","breadcrumb":{"@id":"https:\/\/www.mycover-protection.com\/fr\/produkt\/abus-277a\/#breadcrumb"},"inLanguage":"fr-FR","potentialAction":[{"@type":"ReadAction","target":["https:\/\/www.mycover-protection.com\/fr\/produkt\/abus-277a\/"]}]},{"@type":"ImageObject","inLanguage":"fr-FR","@id":"https:\/\/www.mycover-protection.com\/fr\/produkt\/abus-277a\/#primaryimage","url":"https:\/\/www.mycover-protection.com\/wp-content\/uploads\/2024\/03\/ABUS-277A-red.jpg","contentUrl":"https:\/\/www.mycover-protection.com\/wp-content\/uploads\/2024\/03\/ABUS-277A-red.jpg","width":800,"height":800,"caption":"ABUS 277A red"},{"@type":"BreadcrumbList","@id":"https:\/\/www.mycover-protection.com\/fr\/produkt\/abus-277a\/#breadcrumb","itemListElement":[{"@type":"ListItem","position":1,"name":"Startseite","item":"https:\/\/www.mycover-protection.com\/fr\/"},{"@type":"ListItem","position":2,"name":"Boutique","item":"https:\/\/www.mycover-protection.com\/fr\/boutique\/"},{"@type":"ListItem","position":3,"name":"ABUS 277A"}]},{"@type":"WebSite","@id":"https:\/\/www.mycover-protection.com\/fr\/#website","url":"https:\/\/www.mycover-protection.com\/fr\/","name":"MYCOVER\u00ae Online Shop","description":"Protection at its finest","publisher":{"@id":"https:\/\/www.mycover-protection.com\/fr\/#organization"},"potentialAction":[{"@type":"SearchAction","target":{"@type":"EntryPoint","urlTemplate":"https:\/\/www.mycover-protection.com\/fr\/?s={search_term_string}"},"query-input":{"@type":"PropertyValueSpecification","valueRequired":true,"valueName":"search_term_string"}}],"inLanguage":"fr-FR"},{"@type":"Organization","@id":"https:\/\/www.mycover-protection.com\/fr\/#organization","name":"MYCOVER\u00ae - PROTECTION AT ITS FINEST","url":"https:\/\/www.mycover-protection.com\/fr\/","logo":{"@type":"ImageObject","inLanguage":"fr-FR","@id":"https:\/\/www.mycover-protection.com\/fr\/#\/schema\/logo\/image\/","url":"https:\/\/www.mycover-protection.com\/wp-content\/uploads\/2020\/01\/PAYPAL_190x60_mycover-white.jpg","contentUrl":"https:\/\/www.mycover-protection.com\/wp-content\/uploads\/2020\/01\/PAYPAL_190x60_mycover-white.jpg","width":190,"height":60,"caption":"MYCOVER\u00ae - PROTECTION AT ITS FINEST"},"image":{"@id":"https:\/\/www.mycover-protection.com\/fr\/#\/schema\/logo\/image\/"},"sameAs":["https:\/\/www.facebook.com\/Mycover-114242613377158\/"]}]}},"_links":{"self":[{"href":"https:\/\/www.mycover-protection.com\/fr\/wp-json\/wp\/v2\/product\/33606","targetHints":{"allow":["GET"]}}],"collection":[{"href":"https:\/\/www.mycover-protection.com\/fr\/wp-json\/wp\/v2\/product"}],"about":[{"href":"https:\/\/www.mycover-protection.com\/fr\/wp-json\/wp\/v2\/types\/product"}],"replies":[{"embeddable":true,"href":"https:\/\/www.mycover-protection.com\/fr\/wp-json\/wp\/v2\/comments?post=33606"}],"wp:featuredmedia":[{"embeddable":true,"href":"https:\/\/www.mycover-protection.com\/fr\/wp-json\/wp\/v2\/media\/32731"}],"wp:attachment":[{"href":"https:\/\/www.mycover-protection.com\/fr\/wp-json\/wp\/v2\/media?parent=33606"}],"wp:term":[{"taxonomy":"product_brand","embeddable":true,"href":"https:\/\/www.mycover-protection.com\/fr\/wp-json\/wp\/v2\/product_brand?post=33606"},{"taxonomy":"product_cat","embeddable":true,"href":"https:\/\/www.mycover-protection.com\/fr\/wp-json\/wp\/v2\/product_cat?post=33606"},{"taxonomy":"product_tag","embeddable":true,"href":"https:\/\/www.mycover-protection.com\/fr\/wp-json\/wp\/v2\/product_tag?post=33606"}],"curies":[{"name":"wp","href":"https:\/\/api.w.org\/{rel}","templated":true}]}}