{"id":37862,"date":"2024-10-21T15:46:57","date_gmt":"2024-10-21T14:46:57","guid":{"rendered":"https:\/\/www.mycover-protection.com\/?post_type=product&#038;p=37862"},"modified":"2026-03-02T14:44:45","modified_gmt":"2026-03-02T13:44:45","slug":"kit-de-reparation-pour-votre-housse-mycover","status":"publish","type":"product","link":"https:\/\/www.mycover-protection.com\/fr\/produkt\/kit-de-reparation-pour-votre-housse-mycover\/","title":{"rendered":"Kit de r\u00e9paration pour votre Housse MYCOVER\u00ae"},"content":{"rendered":"\n<div style=\"height:100px\" aria-hidden=\"true\" class=\"wp-block-spacer wf-spacer-section\"><\/div>\n\n<div class=\"wp-block-columns are-vertically-aligned-center is-layout-flex wp-container-core-columns-is-layout-9d6595d7 wp-block-columns-is-layout-flex\">\n<div class=\"wp-block-column is-vertically-aligned-center is-layout-flow wp-block-column-is-layout-flow\">\n<figure class=\"wp-block-image size-full\"><img decoding=\"async\" width=\"800\" height=\"800\" src=\"https:\/\/www.mycover-protection.com\/wp-content\/uploads\/2024\/10\/Reparaturset-Artikelbild.jpg\" alt=\"Image du produit du kit de r&#xE9;paration\" class=\"wp-image-37757\" srcset=\"https:\/\/www.mycover-protection.com\/wp-content\/uploads\/2024\/10\/Reparaturset-Artikelbild.jpg 800w, https:\/\/www.mycover-protection.com\/wp-content\/uploads\/2024\/10\/Reparaturset-Artikelbild-300x300.jpg 300w, https:\/\/www.mycover-protection.com\/wp-content\/uploads\/2024\/10\/Reparaturset-Artikelbild-150x150.jpg 150w, https:\/\/www.mycover-protection.com\/wp-content\/uploads\/2024\/10\/Reparaturset-Artikelbild-768x768.jpg 768w, https:\/\/www.mycover-protection.com\/wp-content\/uploads\/2024\/10\/Reparaturset-Artikelbild-270x270.jpg 270w, https:\/\/www.mycover-protection.com\/wp-content\/uploads\/2024\/10\/Reparaturset-Artikelbild-200x200.jpg 200w\" sizes=\"(max-width: 800px) 100vw, 800px\" \/><\/figure>\n<\/div>\n\n\n\n<div class=\"wp-block-column is-vertically-aligned-center is-layout-flow wp-block-column-is-layout-flow\">\n<h3 class=\"wp-block-heading is-style-not-underlined\">Kit de r\u00e9paration MYCOVER<\/h3>\n\n\n\n<ul class=\"wp-block-list\">\n<li><strong>Utilisation facile<\/strong> : patchs autocollants faciles \u00e0 poser<\/li>\n\n\n\n<li><strong>Utilisation universelle<\/strong> : 2 x 15 x 15 cm <\/li>\n\n\n\n<li><strong>Protection durable<\/strong> : prolongez la dur\u00e9e de vie de votre Housse moto avec des patchs de r\u00e9paration de haute qualit\u00e9.<\/li>\n<\/ul>\n<\/div>\n<\/div>\n\n<div style=\"height:100px\" aria-hidden=\"true\" class=\"wp-block-spacer wf-spacer-section\"><\/div>\n\n<div class=\"wp-block-columns is-layout-flex wp-container-core-columns-is-layout-9d6595d7 wp-block-columns-is-layout-flex\">\n<div class=\"wp-block-column is-layout-flow wp-block-column-is-layout-flow\" style=\"flex-basis:66.66%\">\n<div class=\"wp-block-group\"><div class=\"wp-block-group__inner-container is-layout-constrained wp-block-group-is-layout-constrained\">\n<h3 class=\"wp-block-heading is-style-not-underlined\">Le kit de r\u00e9paration pour votre housse moto<\/h3>\n\n\n\n<p>Vous cherchez une solution simple pour r\u00e9parer rapidement votre Housse moto endommag\u00e9e ? Avec le kit de r\u00e9paration pour votre Housse moto MYCOVER\u00ae, vous r\u00e9parez facilement trous et dommages. Nos patchs de haute qualit\u00e9 mesurent 15 x 15 cm et couvrent de mani\u00e8re fiable d\u00e9chirures et trous, pour que votre Housse retrouve une protection compl\u00e8te.<\/p>\n\n\n\n<p>Le kit contient deux patchs, faciles \u00e0 poser et ne n\u00e9cessitant aucun outil sp\u00e9cifique. Vous n\u2019avez pas besoin d\u2019indiquer des dimensions sp\u00e9cifiques : nos patchs sont universels et offrent une solution rapide pour la plupart des dommages courants.<\/p>\n\n\n\n<p>Les patchs MYCOVER\u00ae r\u00e9sistants aux intemp\u00e9ries tiennent de mani\u00e8re fiable m\u00eame sous la pluie, afin que votre Housse reste parfaitement prot\u00e9g\u00e9e, m\u00eame par mauvais temps. Gr\u00e2ce \u00e0 leur conception robuste, ils offrent une solution durable aux dommages, sans perdre en pouvoir d\u2019adh\u00e9rence.<\/p>\n\n\n\n<p>Faites confiance \u00e0 la qualit\u00e9 MYCOVER\u00ae et prolongez la dur\u00e9e de vie de votre Housse moto avec notre kit de r\u00e9paration pratique.<\/p>\n<\/div><\/div>\n<\/div>\n\n\n\n<div class=\"wp-block-column is-layout-flow wp-block-column-is-layout-flow\" style=\"flex-basis:33.33%\">\n<div class=\"wp-block-group wf-reusable-block-abus-ps88-spray-ad wf-element-sticky\"><div class=\"wp-block-group__inner-container is-layout-flow wp-block-group-is-layout-flow\">\n<h3 class=\"wp-block-heading is-style-not-underlined\">Pr\u00e9serve davantage la valeur de ton v\u00e9lo !<\/h3>\n\n\n<div data-block-name=\"woocommerce\/handpicked-products\" data-columns=\"1\" data-content-visibility=\"{&quot;image&quot;:true,&quot;title&quot;:true,&quot;price&quot;:true,&quot;rating&quot;:true,&quot;button&quot;:false}\" data-products=\"[17478]\" class=\"wc-block-grid wp-block-handpicked-products wp-block-woocommerce-handpicked-products wc-block-handpicked-products has-1-columns has-multiple-rows\"><ul class=\"wc-block-grid__products\"><li class=\"wc-block-grid__product\"><span class=\"gtm4wp_productdata\" style=\"display:none; visibility:hidden;\" data-gtm4wp_product_data=\"{&quot;internal_id&quot;:17478,&quot;item_id&quot;:&quot;OC-&quot;,&quot;item_name&quot;:&quot;Housse moto MYCOVER\\u00ae Premium Outdoor&quot;,&quot;sku&quot;:&quot;OC-&quot;,&quot;price&quot;:144,&quot;stocklevel&quot;:0,&quot;stockstatus&quot;:&quot;onbackorder&quot;,&quot;google_business_vertical&quot;:&quot;retail&quot;,&quot;item_category&quot;:&quot;Couvertures moto&quot;,&quot;id&quot;:&quot;OC-&quot;,&quot;productlink&quot;:&quot;https:\\\/\\\/www.mycover-protection.com\\\/fr\\\/produkt\\\/mycover-premium-outdoor\\\/&quot;,&quot;item_list_name&quot;:&quot;Liste g\\u00e9n\\u00e9rale des produits&quot;,&quot;index&quot;:0,&quot;product_type&quot;:&quot;variable&quot;,&quot;item_brand&quot;:&quot;&quot;}\"><\/span>\n\t\t\t\t<a href=\"https:\/\/www.mycover-protection.com\/fr\/produkt\/mycover-premium-outdoor\/\" class=\"wc-block-grid__product-link\">\n\t\t\t\t\t\n\t\t\t\t\t<div class=\"wc-block-grid__product-image\"><img decoding=\"async\" width=\"300\" height=\"300\" src=\"https:\/\/www.mycover-protection.com\/wp-content\/uploads\/2025\/11\/housse-moto-exterieur-M-300x300.jpg\" class=\"attachment-woocommerce_thumbnail size-woocommerce_thumbnail\" alt=\"Housses moto Outdoor M+\" srcset=\"https:\/\/www.mycover-protection.com\/wp-content\/uploads\/2025\/11\/housse-moto-exterieur-M-300x300.jpg 300w, https:\/\/www.mycover-protection.com\/wp-content\/uploads\/2025\/11\/housse-moto-exterieur-M-1024x1024.jpg 1024w, https:\/\/www.mycover-protection.com\/wp-content\/uploads\/2025\/11\/housse-moto-exterieur-M-150x150.jpg 150w, https:\/\/www.mycover-protection.com\/wp-content\/uploads\/2025\/11\/housse-moto-exterieur-M-768x768.jpg 768w, https:\/\/www.mycover-protection.com\/wp-content\/uploads\/2025\/11\/housse-moto-exterieur-M-270x270.jpg 270w, https:\/\/www.mycover-protection.com\/wp-content\/uploads\/2025\/11\/housse-moto-exterieur-M-800x800.jpg 800w, https:\/\/www.mycover-protection.com\/wp-content\/uploads\/2025\/11\/housse-moto-exterieur-M-200x200.jpg 200w, https:\/\/www.mycover-protection.com\/wp-content\/uploads\/2025\/11\/housse-moto-exterieur-M.jpg 1500w\" sizes=\"(max-width: 300px) 100vw, 300px\" \/><\/div>\n\t\t\t\t\t<div class=\"wc-block-grid__product-title\">Housse moto MYCOVER\u00ae Premium Outdoor<\/div>\n\t\t\t\t<\/a>\n\t\t\t\t<div class=\"wfa-wc-product-star-rating wfa-wc-block-grid__product-stars\" style=\"--fill:0.986;\" role=\"img\" aria-label=\"Note 4.93 sur 5\"><\/div><div class=\"wc-block-grid__product-price price\"><span class=\"wfa-variable-parent-price-range wfa-variable-parent-price-range--regular\"><del><span class=\"woocommerce-Price-amount amount\" aria-hidden=\"true\">159,00<span class=\"woocommerce-Price-currencySymbol\">&euro;<\/span><\/span> <span aria-hidden=\"true\">\u00a0\u2013\u00a0<\/span> <span class=\"woocommerce-Price-amount amount\" aria-hidden=\"true\">279,00<span class=\"woocommerce-Price-currencySymbol\">&euro;<\/span><\/span><span class=\"screen-reader-text\">Plage de prix\u00a0: 159,00&euro; \u00e0 279,00&euro;<\/span><\/del><\/span><span class=\"wfa-variable-parent-price-range wfa-variable-parent-price-range--sale\"><ins><span class=\"woocommerce-Price-amount amount\" aria-hidden=\"true\">144,00<span class=\"woocommerce-Price-currencySymbol\">&euro;<\/span><\/span> <span aria-hidden=\"true\">\u00a0\u2013\u00a0<\/span> <span class=\"woocommerce-Price-amount amount\" aria-hidden=\"true\">264,00<span class=\"woocommerce-Price-currencySymbol\">&euro;<\/span><\/span><span class=\"screen-reader-text\">Plage de prix\u00a0: 144,00&euro; \u00e0 264,00&euro;<\/span><\/ins><\/span><\/div><div class=\"wfa-wc-block-grid__product-badge-list\" aria-label=\"Caract\u00e9ristiques sp\u00e9ciales\"><p class=\"wfa-wc-block-grid__product-badge\">\ud83c\udfc6 Bestseller<\/p><p class=\"wfa-wc-block-grid__product-badge\">\ud83d\udd25 \u00c9conomisez 15&euro; maintenant !<\/p><p class=\"wfa-wc-block-grid__product-badge\">\u2728 16 Tailles<\/p><\/div>\n\t\t\t\t\n\t\t\t\t\n\t\t\t<\/li><\/ul><\/div><\/div><\/div>\n<\/div>\n<\/div>\n\n<div style=\"height:100px\" aria-hidden=\"true\" class=\"wp-block-spacer wf-spacer-section\"><\/div>\n\n<div class=\"wp-block-columns wf-shop-item-lock-row--delivery-downloads is-layout-flex wp-container-core-columns-is-layout-9d6595d7 wp-block-columns-is-layout-flex\">\n<div class=\"wp-block-column is-layout-flow wp-block-column-is-layout-flow\" style=\"flex-basis:66.66%\">\n<h3 class=\"wp-block-heading\">Contenu de la livraison<\/h3>\n\n\n\n<ul class=\"wp-block-list\">\n<li>2 patchs de 15 x 15 cm<\/li>\n<\/ul>\n<\/div>\n<\/div>\n\n<div class=\"wp-block-group wf-single-col-small\"><div class=\"wp-block-group__inner-container is-layout-flow wp-block-group-is-layout-flow\">\n<div style=\"height:100px\" aria-hidden=\"true\" class=\"wp-block-spacer wf-spacer-section\"><\/div>\n<\/div><\/div>\n\n<div class=\"wp-block-group wfa-reusable-group-all-mycover-products has-black-color has-text-color has-link-color wp-elements-e52df7be340ae9f9e80ecdd813c2d54b\"><div class=\"wp-block-group__inner-container is-layout-constrained wp-block-group-is-layout-constrained\">\n<p class=\"has-text-align-center wfa-reusable-group-all-mycover-products__title has-large-font-size\"><strong>Tous les MYCOVER\u00ae-produits<\/strong><\/p>\n\n\n\n<div class=\"wp-block-cb-carousel-v2 cb-carousel-block\" data-cb-slides-per-view=\"2\" data-cb-slides-per-group=\"1\" data-cb-space-between=\"0\" data-cb-speed=\"200\" data-cb-navigation=\"true\" data-cb-breakpoints=\"{&quot;768&quot;:{&quot;slidesPerView&quot;:4,&quot;slidesPerGroup&quot;:1}}\"><div class=\"swiper\"><div class=\"cb-wrapper swiper-wrapper\">\n<div class=\"wp-block-cb-slide-v2 cb-slide swiper-slide\">\n<div class=\"wp-block-group\"><div class=\"wp-block-group__inner-container is-layout-constrained wp-block-group-is-layout-constrained\">\n<figure class=\"wp-block-image size-large\"><img decoding=\"async\" width=\"1024\" height=\"1024\" src=\"https:\/\/www.mycover-protection.com\/wp-content\/uploads\/2022\/11\/Motorrad_abdeckplane_outdoor-1024x1024.jpg\" alt=\"Housses moto d'ext&#xE9;rieur\" class=\"wp-image-22125\" srcset=\"https:\/\/www.mycover-protection.com\/wp-content\/uploads\/2022\/11\/Motorrad_abdeckplane_outdoor-1024x1024.jpg 1024w, https:\/\/www.mycover-protection.com\/wp-content\/uploads\/2022\/11\/Motorrad_abdeckplane_outdoor-300x300.jpg 300w, https:\/\/www.mycover-protection.com\/wp-content\/uploads\/2022\/11\/Motorrad_abdeckplane_outdoor-150x150.jpg 150w, https:\/\/www.mycover-protection.com\/wp-content\/uploads\/2022\/11\/Motorrad_abdeckplane_outdoor-768x768.jpg 768w, https:\/\/www.mycover-protection.com\/wp-content\/uploads\/2022\/11\/Motorrad_abdeckplane_outdoor-270x270.jpg 270w, https:\/\/www.mycover-protection.com\/wp-content\/uploads\/2022\/11\/Motorrad_abdeckplane_outdoor-800x800.jpg 800w, https:\/\/www.mycover-protection.com\/wp-content\/uploads\/2022\/11\/Motorrad_abdeckplane_outdoor-200x200.jpg 200w, https:\/\/www.mycover-protection.com\/wp-content\/uploads\/2022\/11\/Motorrad_abdeckplane_outdoor.jpg 1200w\" sizes=\"(max-width: 1024px) 100vw, 1024px\" \/><\/figure>\n\n\n\n<p><a href=\"https:\/\/www.mycover-protection.com\/fr\/produkt\/mycover-premium-outdoor\/\"><strong>Housses moto Outdoor<\/strong><\/a><\/p>\n<\/div><\/div>\n<\/div>\n\n\n\n<div class=\"wp-block-cb-slide-v2 cb-slide swiper-slide\">\n<div class=\"wp-block-group\"><div class=\"wp-block-group__inner-container is-layout-constrained wp-block-group-is-layout-constrained\">\n<figure class=\"wp-block-image size-full\"><img decoding=\"async\" width=\"800\" height=\"800\" src=\"https:\/\/www.mycover-protection.com\/wp-content\/uploads\/2023\/01\/Motorrad-abdeckplane-chopper.png\" alt=\"Housses d'ext&#xE9;rieur pour Chopper\" class=\"wp-image-21485\" srcset=\"https:\/\/www.mycover-protection.com\/wp-content\/uploads\/2023\/01\/Motorrad-abdeckplane-chopper.png 800w, https:\/\/www.mycover-protection.com\/wp-content\/uploads\/2023\/01\/Motorrad-abdeckplane-chopper-300x300.png 300w, https:\/\/www.mycover-protection.com\/wp-content\/uploads\/2023\/01\/Motorrad-abdeckplane-chopper-150x150.png 150w, https:\/\/www.mycover-protection.com\/wp-content\/uploads\/2023\/01\/Motorrad-abdeckplane-chopper-768x768.png 768w, https:\/\/www.mycover-protection.com\/wp-content\/uploads\/2023\/01\/Motorrad-abdeckplane-chopper-270x270.png 270w, https:\/\/www.mycover-protection.com\/wp-content\/uploads\/2023\/01\/Motorrad-abdeckplane-chopper-200x200.png 200w\" sizes=\"(max-width: 800px) 100vw, 800px\" \/><\/figure>\n\n\n\n<p><a href=\"https:\/\/www.mycover-protection.com\/es\/produkt\/mycover-funda-exterior-premium-para-chopper\/\"><strong>Housses pour Chopper en ext\u00e9rieur<\/strong><\/a><\/p>\n<\/div><\/div>\n<\/div>\n\n\n\n<div class=\"wp-block-cb-slide-v2 cb-slide swiper-slide\">\n<div class=\"wp-block-group\"><div class=\"wp-block-group__inner-container is-layout-constrained wp-block-group-is-layout-constrained\">\n<figure class=\"wp-block-image size-full\"><img decoding=\"async\" width=\"800\" height=\"800\" src=\"https:\/\/www.mycover-protection.com\/wp-content\/uploads\/2023\/01\/Motorrad-Abdeckplane-Topcase.png\" alt=\"Housses pour Scooter avec Topcase\" class=\"wp-image-21482\" srcset=\"https:\/\/www.mycover-protection.com\/wp-content\/uploads\/2023\/01\/Motorrad-Abdeckplane-Topcase.png 800w, https:\/\/www.mycover-protection.com\/wp-content\/uploads\/2023\/01\/Motorrad-Abdeckplane-Topcase-300x300.png 300w, https:\/\/www.mycover-protection.com\/wp-content\/uploads\/2023\/01\/Motorrad-Abdeckplane-Topcase-150x150.png 150w, https:\/\/www.mycover-protection.com\/wp-content\/uploads\/2023\/01\/Motorrad-Abdeckplane-Topcase-768x768.png 768w, https:\/\/www.mycover-protection.com\/wp-content\/uploads\/2023\/01\/Motorrad-Abdeckplane-Topcase-270x270.png 270w, https:\/\/www.mycover-protection.com\/wp-content\/uploads\/2023\/01\/Motorrad-Abdeckplane-Topcase-200x200.png 200w\" sizes=\"(max-width: 800px) 100vw, 800px\" \/><\/figure>\n\n\n\n<p><a href=\"https:\/\/www.mycover-protection.com\/es\/produkt\/mycover-funda-exterior-premium-para-scooter\/\"><strong>Housses pour Scooter Outdoor<\/strong><\/a><\/p>\n<\/div><\/div>\n<\/div>\n\n\n\n<div class=\"wp-block-cb-slide-v2 cb-slide swiper-slide\">\n<div class=\"wp-block-group\"><div class=\"wp-block-group__inner-container is-layout-constrained wp-block-group-is-layout-constrained\">\n<figure class=\"wp-block-image size-full\"><img decoding=\"async\" width=\"800\" height=\"800\" src=\"https:\/\/www.mycover-protection.com\/wp-content\/uploads\/2022\/07\/Motorrrad-Abdeckplane-Indoor-Stoff.png\" alt=\"Housses moto Indoor soft\" class=\"wp-image-20162\" srcset=\"https:\/\/www.mycover-protection.com\/wp-content\/uploads\/2022\/07\/Motorrrad-Abdeckplane-Indoor-Stoff.png 800w, https:\/\/www.mycover-protection.com\/wp-content\/uploads\/2022\/07\/Motorrrad-Abdeckplane-Indoor-Stoff-300x300.png 300w, https:\/\/www.mycover-protection.com\/wp-content\/uploads\/2022\/07\/Motorrrad-Abdeckplane-Indoor-Stoff-150x150.png 150w, https:\/\/www.mycover-protection.com\/wp-content\/uploads\/2022\/07\/Motorrrad-Abdeckplane-Indoor-Stoff-768x768.png 768w, https:\/\/www.mycover-protection.com\/wp-content\/uploads\/2022\/07\/Motorrrad-Abdeckplane-Indoor-Stoff-270x270.png 270w, https:\/\/www.mycover-protection.com\/wp-content\/uploads\/2022\/07\/Motorrrad-Abdeckplane-Indoor-Stoff-200x200.png 200w\" sizes=\"(max-width: 800px) 100vw, 800px\" \/><\/figure>\n\n\n\n<p><a href=\"https:\/\/www.mycover-protection.com\/es\/produkt\/mycover-funda-para-moto-de-interior-premium\/\"><strong>Housses moto Indoor<\/strong><\/a><\/p>\n<\/div><\/div>\n<\/div>\n<\/div><\/div><div class=\"cb-button-prev swiper-button-prev\"><\/div><div class=\"cb-button-next swiper-button-next\"><\/div><\/div>\n\n\n\n<p class=\"has-text-align-center wfa-reusable-group-all-mycover-products__category-links has-small-font-size\"><a href=\"https:\/\/www.mycover-protection.com\/fr\/categorie-de-produits\/couverture-de-moto\/\">Toutes les Couvertures moto<\/a> &#8211; <a href=\"https:\/\/www.mycover-protection.com\/fr\/categorie-de-produits\/couvertures-de-scooter\/\">Toutes les Couvertures scooter<\/a><\/p>\n<\/div><\/div>\n","protected":false},"excerpt":{"rendered":"<p>Kit de r\u00e9paration MYCOVER Le kit de r\u00e9paration pour votre housse moto Vous cherchez une solution simple pour r\u00e9parer rapidement votre Housse moto endommag\u00e9e ? Avec le kit de r\u00e9paration pour votre Housse moto MYCOVER\u00ae, vous r\u00e9parez facilement trous et dommages. Nos patchs de haute qualit\u00e9 mesurent 15 x 15 cm et couvrent de mani\u00e8re [&#8230;]<\/p>\n","protected":false},"featured_media":37756,"comment_status":"open","ping_status":"closed","template":"","meta":[],"product_brand":[],"product_cat":[426,576],"product_tag":[],"class_list":{"0":"post-37862","1":"product","2":"type-product","3":"status-publish","4":"has-post-thumbnail","6":"product_cat-couverture-de-moto","7":"product_cat-kit-de-reparation","9":"first","10":"instock","11":"taxable","12":"shipping-taxable","13":"purchasable","14":"product-type-simple"},"yoast_head":"<!-- This site is optimized with the Yoast SEO plugin v27.4 - https:\/\/yoast.com\/product\/yoast-seo-wordpress\/ -->\n<title>Kit de r\u00e9paration pour Housses moto MYCOVER\u00ae<\/title>\n<meta name=\"description\" content=\"R\u00e9parez votre Housse moto avec les patchs MYCOVER\u00ae r\u00e9sistants aux intemp\u00e9ries de 15 x 15 cm. Le kit contient 2 patchs \u2013 faciles et rapides \u00e0 poser !\" \/>\n<meta name=\"robots\" content=\"index, follow, max-snippet:-1, max-image-preview:large, max-video-preview:-1\" \/>\n<link rel=\"canonical\" href=\"https:\/\/www.mycover-protection.com\/fr\/produkt\/kit-de-reparation-pour-votre-housse-mycover\/\" \/>\n<meta property=\"og:locale\" content=\"fr_FR\" \/>\n<meta property=\"og:type\" content=\"article\" \/>\n<meta property=\"og:title\" content=\"Kit de r\u00e9paration pour Housses moto MYCOVER\u00ae\" \/>\n<meta property=\"og:description\" content=\"R\u00e9parez votre Housse moto avec les patchs MYCOVER\u00ae r\u00e9sistants aux intemp\u00e9ries de 15 x 15 cm. Le kit contient 2 patchs \u2013 faciles et rapides \u00e0 poser !\" \/>\n<meta property=\"og:url\" content=\"https:\/\/www.mycover-protection.com\/fr\/produkt\/kit-de-reparation-pour-votre-housse-mycover\/\" \/>\n<meta property=\"og:site_name\" content=\"MYCOVER\u00ae Online Shop\" \/>\n<meta property=\"article:publisher\" content=\"https:\/\/www.facebook.com\/Mycover-114242613377158\/\" \/>\n<meta property=\"article:modified_time\" content=\"2026-03-02T13:44:45+00:00\" \/>\n<meta property=\"og:image\" content=\"https:\/\/www.mycover-protection.com\/wp-content\/uploads\/2024\/10\/Reparaturset.jpg\" \/>\n\t<meta property=\"og:image:width\" content=\"800\" \/>\n\t<meta property=\"og:image:height\" content=\"800\" \/>\n\t<meta property=\"og:image:type\" content=\"image\/jpeg\" \/>\n<meta name=\"twitter:card\" content=\"summary_large_image\" \/>\n<meta name=\"twitter:label1\" content=\"Dur\u00e9e de lecture estim\u00e9e\" \/>\n\t<meta name=\"twitter:data1\" content=\"1 minute\" \/>\n<script type=\"application\/ld+json\" class=\"yoast-schema-graph\">{\"@context\":\"https:\\\/\\\/schema.org\",\"@graph\":[{\"@type\":\"WebPage\",\"@id\":\"https:\\\/\\\/www.mycover-protection.com\\\/fr\\\/produkt\\\/kit-de-reparation-pour-votre-housse-mycover\\\/\",\"url\":\"https:\\\/\\\/www.mycover-protection.com\\\/fr\\\/produkt\\\/kit-de-reparation-pour-votre-housse-mycover\\\/\",\"name\":\"Kit de r\u00e9paration pour Housses moto MYCOVER\u00ae\",\"isPartOf\":{\"@id\":\"https:\\\/\\\/www.mycover-protection.com\\\/fr\\\/#website\"},\"primaryImageOfPage\":{\"@id\":\"https:\\\/\\\/www.mycover-protection.com\\\/fr\\\/produkt\\\/kit-de-reparation-pour-votre-housse-mycover\\\/#primaryimage\"},\"image\":{\"@id\":\"https:\\\/\\\/www.mycover-protection.com\\\/fr\\\/produkt\\\/kit-de-reparation-pour-votre-housse-mycover\\\/#primaryimage\"},\"thumbnailUrl\":\"https:\\\/\\\/www.mycover-protection.com\\\/wp-content\\\/uploads\\\/2024\\\/10\\\/Reparaturset.jpg\",\"datePublished\":\"2024-10-21T14:46:57+00:00\",\"dateModified\":\"2026-03-02T13:44:45+00:00\",\"description\":\"R\u00e9parez votre Housse moto avec les patchs MYCOVER\u00ae r\u00e9sistants aux intemp\u00e9ries de 15 x 15 cm. Le kit contient 2 patchs \u2013 faciles et rapides \u00e0 poser !\",\"breadcrumb\":{\"@id\":\"https:\\\/\\\/www.mycover-protection.com\\\/fr\\\/produkt\\\/kit-de-reparation-pour-votre-housse-mycover\\\/#breadcrumb\"},\"inLanguage\":\"fr-FR\",\"potentialAction\":[{\"@type\":\"ReadAction\",\"target\":[\"https:\\\/\\\/www.mycover-protection.com\\\/fr\\\/produkt\\\/kit-de-reparation-pour-votre-housse-mycover\\\/\"]}]},{\"@type\":\"ImageObject\",\"inLanguage\":\"fr-FR\",\"@id\":\"https:\\\/\\\/www.mycover-protection.com\\\/fr\\\/produkt\\\/kit-de-reparation-pour-votre-housse-mycover\\\/#primaryimage\",\"url\":\"https:\\\/\\\/www.mycover-protection.com\\\/wp-content\\\/uploads\\\/2024\\\/10\\\/Reparaturset.jpg\",\"contentUrl\":\"https:\\\/\\\/www.mycover-protection.com\\\/wp-content\\\/uploads\\\/2024\\\/10\\\/Reparaturset.jpg\",\"width\":800,\"height\":800,\"caption\":\"Reparaturset\"},{\"@type\":\"BreadcrumbList\",\"@id\":\"https:\\\/\\\/www.mycover-protection.com\\\/fr\\\/produkt\\\/kit-de-reparation-pour-votre-housse-mycover\\\/#breadcrumb\",\"itemListElement\":[{\"@type\":\"ListItem\",\"position\":1,\"name\":\"Startseite\",\"item\":\"https:\\\/\\\/www.mycover-protection.com\\\/fr\\\/\"},{\"@type\":\"ListItem\",\"position\":2,\"name\":\"Boutique\",\"item\":\"https:\\\/\\\/www.mycover-protection.com\\\/fr\\\/boutique\\\/\"},{\"@type\":\"ListItem\",\"position\":3,\"name\":\"Kit de r\u00e9paration pour votre Housse MYCOVER\u00ae\"}]},{\"@type\":\"WebSite\",\"@id\":\"https:\\\/\\\/www.mycover-protection.com\\\/fr\\\/#website\",\"url\":\"https:\\\/\\\/www.mycover-protection.com\\\/fr\\\/\",\"name\":\"MYCOVER\u00ae Online Shop\",\"description\":\"Protection at its finest\",\"publisher\":{\"@id\":\"https:\\\/\\\/www.mycover-protection.com\\\/fr\\\/#organization\"},\"potentialAction\":[{\"@type\":\"SearchAction\",\"target\":{\"@type\":\"EntryPoint\",\"urlTemplate\":\"https:\\\/\\\/www.mycover-protection.com\\\/fr\\\/?s={search_term_string}\"},\"query-input\":{\"@type\":\"PropertyValueSpecification\",\"valueRequired\":true,\"valueName\":\"search_term_string\"}}],\"inLanguage\":\"fr-FR\"},{\"@type\":\"Organization\",\"@id\":\"https:\\\/\\\/www.mycover-protection.com\\\/fr\\\/#organization\",\"name\":\"MYCOVER\u00ae - PROTECTION AT ITS FINEST\",\"url\":\"https:\\\/\\\/www.mycover-protection.com\\\/fr\\\/\",\"logo\":{\"@type\":\"ImageObject\",\"inLanguage\":\"fr-FR\",\"@id\":\"https:\\\/\\\/www.mycover-protection.com\\\/fr\\\/#\\\/schema\\\/logo\\\/image\\\/\",\"url\":\"https:\\\/\\\/www.mycover-protection.com\\\/wp-content\\\/uploads\\\/2020\\\/01\\\/PAYPAL_190x60_mycover-white.jpg\",\"contentUrl\":\"https:\\\/\\\/www.mycover-protection.com\\\/wp-content\\\/uploads\\\/2020\\\/01\\\/PAYPAL_190x60_mycover-white.jpg\",\"width\":190,\"height\":60,\"caption\":\"MYCOVER\u00ae - PROTECTION AT ITS FINEST\"},\"image\":{\"@id\":\"https:\\\/\\\/www.mycover-protection.com\\\/fr\\\/#\\\/schema\\\/logo\\\/image\\\/\"},\"sameAs\":[\"https:\\\/\\\/www.facebook.com\\\/Mycover-114242613377158\\\/\"]}]}<\/script>\n<!-- \/ Yoast SEO plugin. -->","yoast_head_json":{"title":"Kit de r\u00e9paration pour Housses moto MYCOVER\u00ae","description":"R\u00e9parez votre Housse moto avec les patchs MYCOVER\u00ae r\u00e9sistants aux intemp\u00e9ries de 15 x 15 cm. Le kit contient 2 patchs \u2013 faciles et rapides \u00e0 poser !","robots":{"index":"index","follow":"follow","max-snippet":"max-snippet:-1","max-image-preview":"max-image-preview:large","max-video-preview":"max-video-preview:-1"},"canonical":"https:\/\/www.mycover-protection.com\/fr\/produkt\/kit-de-reparation-pour-votre-housse-mycover\/","og_locale":"fr_FR","og_type":"article","og_title":"Kit de r\u00e9paration pour Housses moto MYCOVER\u00ae","og_description":"R\u00e9parez votre Housse moto avec les patchs MYCOVER\u00ae r\u00e9sistants aux intemp\u00e9ries de 15 x 15 cm. Le kit contient 2 patchs \u2013 faciles et rapides \u00e0 poser !","og_url":"https:\/\/www.mycover-protection.com\/fr\/produkt\/kit-de-reparation-pour-votre-housse-mycover\/","og_site_name":"MYCOVER\u00ae Online Shop","article_publisher":"https:\/\/www.facebook.com\/Mycover-114242613377158\/","article_modified_time":"2026-03-02T13:44:45+00:00","og_image":[{"width":800,"height":800,"url":"https:\/\/www.mycover-protection.com\/wp-content\/uploads\/2024\/10\/Reparaturset.jpg","type":"image\/jpeg"}],"twitter_card":"summary_large_image","twitter_misc":{"Dur\u00e9e de lecture estim\u00e9e":"1 minute"},"schema":{"@context":"https:\/\/schema.org","@graph":[{"@type":"WebPage","@id":"https:\/\/www.mycover-protection.com\/fr\/produkt\/kit-de-reparation-pour-votre-housse-mycover\/","url":"https:\/\/www.mycover-protection.com\/fr\/produkt\/kit-de-reparation-pour-votre-housse-mycover\/","name":"Kit de r\u00e9paration pour Housses moto MYCOVER\u00ae","isPartOf":{"@id":"https:\/\/www.mycover-protection.com\/fr\/#website"},"primaryImageOfPage":{"@id":"https:\/\/www.mycover-protection.com\/fr\/produkt\/kit-de-reparation-pour-votre-housse-mycover\/#primaryimage"},"image":{"@id":"https:\/\/www.mycover-protection.com\/fr\/produkt\/kit-de-reparation-pour-votre-housse-mycover\/#primaryimage"},"thumbnailUrl":"https:\/\/www.mycover-protection.com\/wp-content\/uploads\/2024\/10\/Reparaturset.jpg","datePublished":"2024-10-21T14:46:57+00:00","dateModified":"2026-03-02T13:44:45+00:00","description":"R\u00e9parez votre Housse moto avec les patchs MYCOVER\u00ae r\u00e9sistants aux intemp\u00e9ries de 15 x 15 cm. Le kit contient 2 patchs \u2013 faciles et rapides \u00e0 poser !","breadcrumb":{"@id":"https:\/\/www.mycover-protection.com\/fr\/produkt\/kit-de-reparation-pour-votre-housse-mycover\/#breadcrumb"},"inLanguage":"fr-FR","potentialAction":[{"@type":"ReadAction","target":["https:\/\/www.mycover-protection.com\/fr\/produkt\/kit-de-reparation-pour-votre-housse-mycover\/"]}]},{"@type":"ImageObject","inLanguage":"fr-FR","@id":"https:\/\/www.mycover-protection.com\/fr\/produkt\/kit-de-reparation-pour-votre-housse-mycover\/#primaryimage","url":"https:\/\/www.mycover-protection.com\/wp-content\/uploads\/2024\/10\/Reparaturset.jpg","contentUrl":"https:\/\/www.mycover-protection.com\/wp-content\/uploads\/2024\/10\/Reparaturset.jpg","width":800,"height":800,"caption":"Reparaturset"},{"@type":"BreadcrumbList","@id":"https:\/\/www.mycover-protection.com\/fr\/produkt\/kit-de-reparation-pour-votre-housse-mycover\/#breadcrumb","itemListElement":[{"@type":"ListItem","position":1,"name":"Startseite","item":"https:\/\/www.mycover-protection.com\/fr\/"},{"@type":"ListItem","position":2,"name":"Boutique","item":"https:\/\/www.mycover-protection.com\/fr\/boutique\/"},{"@type":"ListItem","position":3,"name":"Kit de r\u00e9paration pour votre Housse MYCOVER\u00ae"}]},{"@type":"WebSite","@id":"https:\/\/www.mycover-protection.com\/fr\/#website","url":"https:\/\/www.mycover-protection.com\/fr\/","name":"MYCOVER\u00ae Online Shop","description":"Protection at its finest","publisher":{"@id":"https:\/\/www.mycover-protection.com\/fr\/#organization"},"potentialAction":[{"@type":"SearchAction","target":{"@type":"EntryPoint","urlTemplate":"https:\/\/www.mycover-protection.com\/fr\/?s={search_term_string}"},"query-input":{"@type":"PropertyValueSpecification","valueRequired":true,"valueName":"search_term_string"}}],"inLanguage":"fr-FR"},{"@type":"Organization","@id":"https:\/\/www.mycover-protection.com\/fr\/#organization","name":"MYCOVER\u00ae - PROTECTION AT ITS FINEST","url":"https:\/\/www.mycover-protection.com\/fr\/","logo":{"@type":"ImageObject","inLanguage":"fr-FR","@id":"https:\/\/www.mycover-protection.com\/fr\/#\/schema\/logo\/image\/","url":"https:\/\/www.mycover-protection.com\/wp-content\/uploads\/2020\/01\/PAYPAL_190x60_mycover-white.jpg","contentUrl":"https:\/\/www.mycover-protection.com\/wp-content\/uploads\/2020\/01\/PAYPAL_190x60_mycover-white.jpg","width":190,"height":60,"caption":"MYCOVER\u00ae - PROTECTION AT ITS FINEST"},"image":{"@id":"https:\/\/www.mycover-protection.com\/fr\/#\/schema\/logo\/image\/"},"sameAs":["https:\/\/www.facebook.com\/Mycover-114242613377158\/"]}]}},"_links":{"self":[{"href":"https:\/\/www.mycover-protection.com\/fr\/wp-json\/wp\/v2\/product\/37862","targetHints":{"allow":["GET"]}}],"collection":[{"href":"https:\/\/www.mycover-protection.com\/fr\/wp-json\/wp\/v2\/product"}],"about":[{"href":"https:\/\/www.mycover-protection.com\/fr\/wp-json\/wp\/v2\/types\/product"}],"replies":[{"embeddable":true,"href":"https:\/\/www.mycover-protection.com\/fr\/wp-json\/wp\/v2\/comments?post=37862"}],"wp:featuredmedia":[{"embeddable":true,"href":"https:\/\/www.mycover-protection.com\/fr\/wp-json\/wp\/v2\/media\/37756"}],"wp:attachment":[{"href":"https:\/\/www.mycover-protection.com\/fr\/wp-json\/wp\/v2\/media?parent=37862"}],"wp:term":[{"taxonomy":"product_brand","embeddable":true,"href":"https:\/\/www.mycover-protection.com\/fr\/wp-json\/wp\/v2\/product_brand?post=37862"},{"taxonomy":"product_cat","embeddable":true,"href":"https:\/\/www.mycover-protection.com\/fr\/wp-json\/wp\/v2\/product_cat?post=37862"},{"taxonomy":"product_tag","embeddable":true,"href":"https:\/\/www.mycover-protection.com\/fr\/wp-json\/wp\/v2\/product_tag?post=37862"}],"curies":[{"name":"wp","href":"https:\/\/api.w.org\/{rel}","templated":true}]}}