{"id":43166,"date":"2025-04-02T13:26:05","date_gmt":"2025-04-02T12:26:05","guid":{"rendered":"https:\/\/www.mycover-protection.com\/bmw-telo-coprimoto\/"},"modified":"2026-03-26T09:53:48","modified_gmt":"2026-03-26T08:53:48","slug":"bmw-telo-coprimoto","status":"publish","type":"page","link":"https:\/\/www.mycover-protection.com\/it\/raccomandazioni-sulle-dimensioni\/teli-coprimoto\/allaperto\/bmw-telo-coprimoto\/","title":{"rendered":"BMW Telo coprimoto"},"content":{"rendered":"\n<div class=\"wp-block-group alignfull wfa-manufacturer-size-rec-page-section --hero-list-video has-white-color has-black-background-color has-text-color has-background has-link-color wp-elements-61451e7c2289c6e4257431f81d3d2f96\"><div class=\"wp-block-group__inner-container is-layout-constrained wp-block-group-is-layout-constrained\">\n<div class=\"wp-block-group wfa-manufacturer-size-rec-page-section__heading-stack is-vertical is-content-justification-center is-layout-flex wp-container-core-group-is-layout-4b2eccd6 wp-block-group-is-layout-flex\">\n<h1 class=\"wp-block-heading is-style-not-underlined\" style=\"text-transform:none\">Telo coprimoto per BMW<\/h1>\n\n\n\n<p>Telo coprimoto fatto a mano per la tua moto BMW<\/p>\n<\/div>\n\n\n\n<div class=\"wp-block-columns are-vertically-aligned-center wfa-manufacturer-size-rec-page-section__hero-list-video__columns is-layout-flex wp-container-core-columns-is-layout-9d6595d7 wp-block-columns-is-layout-flex\">\n<div class=\"wp-block-column is-vertically-aligned-center wfa-manufacturer-size-rec-page-section__hero-list-video__columns__col-pitch-items is-layout-flow wp-block-column-is-layout-flow\">\n<div class=\"wp-block-group wfa-manufacturer-size-rec-page-section__hero-list-video__pitch-item-stack is-vertical is-layout-flex wp-container-core-group-is-layout-8cf370e7 wp-block-group-is-layout-flex\">\n<p class=\"wfa-manufacturer-size-rec-page-section__hero-list-video__pitch-item-title\"><strong><strong>Taglia giusta in 3 clic<\/strong><\/strong><\/p>\n\n\n\n<p>Ad esempio per: BMW R 1250 GS, R 1300 GS, F 900 R &#8230;<\/p>\n<\/div>\n\n\n\n<div class=\"wp-block-group wfa-manufacturer-size-rec-page-section__hero-list-video__pitch-item-stack is-vertical is-layout-flex wp-container-core-group-is-layout-8cf370e7 wp-block-group-is-layout-flex\">\n<p class=\"wfa-manufacturer-size-rec-page-section__hero-list-video__pitch-item-title\"><strong><strong>Anche per modifiche e accessori<\/strong><\/strong><\/p>\n\n\n\n<p>Ottimizzato per parabrezza alto, valigie laterali, bauletto &#8230;<\/p>\n<\/div>\n\n\n\n<div class=\"wp-block-group wfa-manufacturer-size-rec-page-section__hero-list-video__pitch-item-stack is-vertical is-layout-flex wp-container-core-group-is-layout-8cf370e7 wp-block-group-is-layout-flex\">\n<p class=\"wfa-manufacturer-size-rec-page-section__hero-list-video__pitch-item-title\"><strong><strong>Protezione premium per BMW<\/strong><\/strong><\/p>\n\n\n\n<p>Protegge da graffi, umidit\u00e0, ruggine, muffa ecc. <\/p>\n<\/div>\n\n\n\n<div style=\"height:50px\" aria-hidden=\"true\" class=\"wp-block-spacer\"><\/div>\n<\/div>\n\n\n\n<div class=\"wp-block-column is-vertically-aligned-center wfa-manufacturer-size-rec-page-section__hero-list-video__columns__col-video is-layout-flow wp-block-column-is-layout-flow\">\n<div>\n<figure class=\"wf-do-not-force-embed-block wp-block-embed is-type-video is-provider-youtube wp-block-embed-youtube wp-embed-aspect-16-9 wp-has-aspect-ratio\">\n<div class=\"wp-block-embed__wrapper\">\n <div class=\"brlbs-cmpnt-container brlbs-cmpnt-content-blocker brlbs-cmpnt-with-individual-styles\" data-borlabs-cookie-content-blocker-id=\"youtube-content-blocker\" data-borlabs-cookie-content=\"PGlmcmFtZSB0aXRsZT0iTVlDT1ZFUsKuIFRlbG8gY29wcmltb3RvIC0gSWwgbm9zdHJvIG1pZ2xpb3IgVGVsbyBjb3ByaW1vdG8gcGVyIGVzdGVybmkgZGEgbW90b2NpY2xpc3RpIiBhbGxvd2Z1bGxzY3JlZW49ImFsbG93ZnVsbHNjcmVlbiIgc3JjPSJodHRwczovL3d3dy55b3V0dWJlLW5vY29va2llLmNvbS9lbWJlZC9SazBfRDlqVUlGMD9hdXRvcGxheT0wJmF1dG9oaWRlPTEmZnM9MSZyZWw9MCZoZD0xJndtb2RlPXRyYW5zcGFyZW50JmVuYWJsZWpzYXBpPTEmaHRtbDU9MSIgYWxsb3c9ImFjY2VsZXJvbWV0ZXI7IGNsaXBib2FyZC13cml0ZTsgZW5jcnlwdGVkLW1lZGlhOyBneXJvc2NvcGU7IHBpY3R1cmUtaW4tcGljdHVyZSIgd2lkdGg9IjUwMCIgaGVpZ2h0PSIyODEiIGZyYW1lYm9yZGVyPSIwIj48L2lmcmFtZT4=\"><div class=\"brlbs-cmpnt-cb-preset-c brlbs-cmpnt-cb-youtube\"> <div class=\"brlbs-cmpnt-cb-thumbnail\" style=\"background-image: url('https:\/\/www.mycover-protection.com\/wp-content\/uploads\/borlabs-cookie\/1\/yt_Rk0_D9jUIF0_hqdefault.jpg')\"><\/div> <div class=\"brlbs-cmpnt-cb-main\"> <div class=\"brlbs-cmpnt-cb-play-button\"><\/div> <div class=\"brlbs-cmpnt-cb-content\"> <p class=\"brlbs-cmpnt-cb-description\">Si sta visualizzando il contenuto segnaposto di <strong>YouTube<\/strong>. Per accedere al contenuto effettivo, fare clic sul pulsante sottostante. Si prega di notare che i dati saranno trasmessi a fornitori terzi.<\/p> <a class=\"brlbs-cmpnt-cb-provider-toggle\" href=\"#\" data-borlabs-cookie-show-provider-information role=\"button\">Ulteriori informazioni<\/a> <\/div> <div class=\"brlbs-cmpnt-cb-buttons\"> <a class=\"brlbs-cmpnt-cb-btn\" href=\"#\" data-borlabs-cookie-unblock role=\"button\">Mostra video<\/a> <a class=\"brlbs-cmpnt-cb-btn\" href=\"#\" data-borlabs-cookie-accept-service role=\"button\" style=\"display: inherit\">Mostra sempre i video di YouTube<\/a> <\/div> <\/div> <\/div><\/div>\n<\/div>\n<\/figure><\/div>\n<\/div>\n<\/div>\n\n\n\n<div class=\"wp-block-group wfa-manufacturer-size-rec-page-section__partners-stack is-vertical is-content-justification-center is-layout-flex wp-container-core-group-is-layout-4b2eccd6 wp-block-group-is-layout-flex\">\n<h2 class=\"wp-block-heading is-style-not-underlined\">I nostri partner<\/h2>\n\n\n\n<div class=\"wp-block-columns is-layout-flex wp-container-core-columns-is-layout-9d6595d7 wp-block-columns-is-layout-flex\">\n<div class=\"wp-block-column is-layout-flow wp-block-column-is-layout-flow\">\n<figure class=\"wp-block-image size-full\"><img decoding=\"async\" width=\"1248\" height=\"500\" src=\"https:\/\/www.mycover-protection.com\/wp-content\/uploads\/2022\/08\/logo-abus.png\" alt=\"Abus\" class=\"wp-image-19257\" srcset=\"https:\/\/www.mycover-protection.com\/wp-content\/uploads\/2022\/08\/logo-abus.png 1248w, https:\/\/www.mycover-protection.com\/wp-content\/uploads\/2022\/08\/logo-abus-300x120.png 300w, https:\/\/www.mycover-protection.com\/wp-content\/uploads\/2022\/08\/logo-abus-1024x410.png 1024w, https:\/\/www.mycover-protection.com\/wp-content\/uploads\/2022\/08\/logo-abus-768x308.png 768w, https:\/\/www.mycover-protection.com\/wp-content\/uploads\/2022\/08\/logo-abus-400x160.png 400w, https:\/\/www.mycover-protection.com\/wp-content\/uploads\/2022\/08\/logo-abus-800x321.png 800w\" sizes=\"(max-width: 1248px) 100vw, 1248px\" \/><\/figure>\n<\/div>\n\n\n\n<div class=\"wp-block-column is-layout-flow wp-block-column-is-layout-flow\">\n<figure class=\"wp-block-image size-full\"><img decoding=\"async\" width=\"200\" height=\"79\" src=\"https:\/\/www.mycover-protection.com\/wp-content\/uploads\/2022\/08\/logo-big-point.png\" alt=\"Bigpoint\" class=\"wp-image-19260\"\/><\/figure>\n<\/div>\n\n\n\n<div class=\"wp-block-column is-layout-flow wp-block-column-is-layout-flow\">\n<figure class=\"wp-block-image size-full\"><img decoding=\"async\" width=\"1366\" height=\"400\" src=\"https:\/\/www.mycover-protection.com\/wp-content\/uploads\/2022\/08\/logo-beinlich-racingteam.png\" alt=\"Squadra corse Beinlich\" class=\"wp-image-19263\" srcset=\"https:\/\/www.mycover-protection.com\/wp-content\/uploads\/2022\/08\/logo-beinlich-racingteam.png 1366w, https:\/\/www.mycover-protection.com\/wp-content\/uploads\/2022\/08\/logo-beinlich-racingteam-300x88.png 300w, https:\/\/www.mycover-protection.com\/wp-content\/uploads\/2022\/08\/logo-beinlich-racingteam-1024x300.png 1024w, https:\/\/www.mycover-protection.com\/wp-content\/uploads\/2022\/08\/logo-beinlich-racingteam-768x225.png 768w, https:\/\/www.mycover-protection.com\/wp-content\/uploads\/2022\/08\/logo-beinlich-racingteam-400x117.png 400w, https:\/\/www.mycover-protection.com\/wp-content\/uploads\/2022\/08\/logo-beinlich-racingteam-800x234.png 800w\" sizes=\"(max-width: 1366px) 100vw, 1366px\" \/><\/figure>\n<\/div>\n\n\n\n<div class=\"wp-block-column is-layout-flow wp-block-column-is-layout-flow\">\n<figure class=\"wp-block-image size-full is-resized\"><img decoding=\"async\" width=\"218\" height=\"60\" src=\"https:\/\/www.mycover-protection.com\/wp-content\/uploads\/2022\/08\/logo-rsi-performance.png\" alt=\"RSI-Performance Motorsport\" class=\"wp-image-19266\" style=\"width:73px;height:auto\"\/><\/figure>\n<\/div>\n\n\n\n<div class=\"wp-block-column is-layout-flow wp-block-column-is-layout-flow\">\n<figure class=\"wp-block-image size-full\"><img decoding=\"async\" width=\"1366\" height=\"400\" src=\"https:\/\/www.mycover-protection.com\/wp-content\/uploads\/2022\/08\/logo-biker-fahren-fuer-kinder.png\" alt=\"Moto fahren f&#xFC;r Kinder e.V.\" class=\"wp-image-19269\" srcset=\"https:\/\/www.mycover-protection.com\/wp-content\/uploads\/2022\/08\/logo-biker-fahren-fuer-kinder.png 1366w, https:\/\/www.mycover-protection.com\/wp-content\/uploads\/2022\/08\/logo-biker-fahren-fuer-kinder-300x88.png 300w, https:\/\/www.mycover-protection.com\/wp-content\/uploads\/2022\/08\/logo-biker-fahren-fuer-kinder-1024x300.png 1024w, https:\/\/www.mycover-protection.com\/wp-content\/uploads\/2022\/08\/logo-biker-fahren-fuer-kinder-768x225.png 768w, https:\/\/www.mycover-protection.com\/wp-content\/uploads\/2022\/08\/logo-biker-fahren-fuer-kinder-400x117.png 400w, https:\/\/www.mycover-protection.com\/wp-content\/uploads\/2022\/08\/logo-biker-fahren-fuer-kinder-800x234.png 800w\" sizes=\"(max-width: 1366px) 100vw, 1366px\" \/><\/figure>\n<\/div>\n\n\n\n<div class=\"wp-block-column is-layout-flow wp-block-column-is-layout-flow\">\n<figure class=\"wp-block-image size-full\"><img decoding=\"async\" width=\"1300\" height=\"242\" src=\"https:\/\/www.mycover-protection.com\/wp-content\/uploads\/2022\/08\/Kawasaki-Hmaburg.png\" alt=\"Kawasaki Amburgo\" class=\"wp-image-19652\" srcset=\"https:\/\/www.mycover-protection.com\/wp-content\/uploads\/2022\/08\/Kawasaki-Hmaburg.png 1300w, https:\/\/www.mycover-protection.com\/wp-content\/uploads\/2022\/08\/Kawasaki-Hmaburg-300x56.png 300w, https:\/\/www.mycover-protection.com\/wp-content\/uploads\/2022\/08\/Kawasaki-Hmaburg-1024x191.png 1024w, https:\/\/www.mycover-protection.com\/wp-content\/uploads\/2022\/08\/Kawasaki-Hmaburg-768x143.png 768w, https:\/\/www.mycover-protection.com\/wp-content\/uploads\/2022\/08\/Kawasaki-Hmaburg-400x74.png 400w, https:\/\/www.mycover-protection.com\/wp-content\/uploads\/2022\/08\/Kawasaki-Hmaburg-800x149.png 800w\" sizes=\"(max-width: 1300px) 100vw, 1300px\" \/><\/figure>\n<\/div>\n<\/div>\n<\/div>\n\n\n\n<div class=\"wp-block-group wfa-manufacturer-size-rec-page-section__heading-stack is-vertical is-content-justification-center is-layout-flex wp-container-core-group-is-layout-4b2eccd6 wp-block-group-is-layout-flex\">\n<h2 class=\"wp-block-heading is-style-not-underlined\" id=\"mycover-abdeckplanen-groessenfinder\" style=\"text-transform:capitalize\">Trova taglie telo coprimoto BMW<\/h2>\n\n\n\n<p>Consigli per oltre 140 modelli BMW<\/p>\n<\/div>\n<\/div><\/div>\n\n<div class=\"wp-block-group alignfull wfa-manufacturer-size-rec-page-section --hero-size-recs has-background\" style=\"background-color:#fafafa\"><div class=\"wp-block-group__inner-container is-layout-constrained wp-block-group-is-layout-constrained\">\n<div data-color-scheme=\"error\" class=\"wfa-component-alertbox\" data-wfa-component=\"alertbox\">\t<p><strong>Vietato<\/strong><\/p>\n\t<p>Lo shortcode <code>[[wfa-component-tarpaulin-size-recommendation]]<\/code> non \u00e8 stato rilasciato per questo tipo di pagina.\t<\/p>\n<\/div>\n\n\n<\/div><\/div>\n\n<div class=\"wp-block-group alignfull wfa-manufacturer-size-rec-page-section --mycover-customer-img-gallery\"><div class=\"wp-block-group__inner-container is-layout-constrained wp-block-group-is-layout-constrained\">\n<div class=\"wp-block-group wfa-manufacturer-size-rec-page-section__heading-stack is-vertical is-content-justification-center is-layout-flex wp-container-core-group-is-layout-4b2eccd6 wp-block-group-is-layout-flex\">\n<h2 class=\"wp-block-heading is-style-not-underlined\" style=\"text-transform:none\">Massimo mantenimento del valore per la tua BMW<\/h2>\n\n\n\n<p>Come coprire la tua moto BMW tutti i giorni con MYCOVER\u00ae<\/p>\n<\/div>\n\n\n\n<div class=\"wp-block-cb-carousel-v2 cb-carousel-block cb-padding wf-bike-gallery\" data-cb-slides-per-view=\"2\" data-cb-slides-per-group=\"2\" data-cb-space-between=\"15\" data-cb-speed=\"200\" data-cb-pagination=\"true\" data-cb-breakpoints=\"{&quot;700&quot;:{&quot;slidesPerView&quot;:2,&quot;slidesPerGroup&quot;:2}}\"><div class=\"swiper\"><div class=\"cb-wrapper swiper-wrapper\">\n<div class=\"wp-block-cb-slide-v2 cb-slide swiper-slide\">\n<figure class=\"wp-block-image size-large\"><img decoding=\"async\" width=\"768\" height=\"1024\" src=\"https:\/\/www.mycover-protection.com\/wp-content\/uploads\/2020\/12\/BMW-Motorrad-Abdeckplane-S1000RR-768x1024.jpg\" alt=\"BMW S 1000 RR rossa su pavimentazione con alberi sullo sfondo.\" class=\"wp-image-8317\" srcset=\"https:\/\/www.mycover-protection.com\/wp-content\/uploads\/2020\/12\/BMW-Motorrad-Abdeckplane-S1000RR-768x1024.jpg 768w, https:\/\/www.mycover-protection.com\/wp-content\/uploads\/2020\/12\/BMW-Motorrad-Abdeckplane-S1000RR-225x300.jpg 225w, https:\/\/www.mycover-protection.com\/wp-content\/uploads\/2020\/12\/BMW-Motorrad-Abdeckplane-S1000RR-1152x1536.jpg 1152w, https:\/\/www.mycover-protection.com\/wp-content\/uploads\/2020\/12\/BMW-Motorrad-Abdeckplane-S1000RR-203x270.jpg 203w, https:\/\/www.mycover-protection.com\/wp-content\/uploads\/2020\/12\/BMW-Motorrad-Abdeckplane-S1000RR-800x1067.jpg 800w, https:\/\/www.mycover-protection.com\/wp-content\/uploads\/2020\/12\/BMW-Motorrad-Abdeckplane-S1000RR-45x60.jpg 45w, https:\/\/www.mycover-protection.com\/wp-content\/uploads\/2020\/12\/BMW-Motorrad-Abdeckplane-S1000RR-68x90.jpg 68w, https:\/\/www.mycover-protection.com\/wp-content\/uploads\/2020\/12\/BMW-Motorrad-Abdeckplane-S1000RR-rotated.jpg 1512w\" sizes=\"(max-width: 768px) 100vw, 768px\" \/><figcaption class=\"wp-element-caption\">BMW S 1000 RR<\/figcaption><\/figure>\n<\/div>\n\n\n\n<div class=\"wp-block-cb-slide-v2 cb-slide swiper-slide\">\n<figure class=\"wp-block-image size-full\"><img decoding=\"async\" width=\"768\" height=\"1024\" src=\"https:\/\/www.mycover-protection.com\/wp-content\/uploads\/2023\/12\/image.png\" alt=\"BMW S 1000 RR completamente coperta con telo coprimoto nero MYCOVER&#xAE;.&#10;\" class=\"wp-image-29803\" srcset=\"https:\/\/www.mycover-protection.com\/wp-content\/uploads\/2023\/12\/image.png 768w, https:\/\/www.mycover-protection.com\/wp-content\/uploads\/2023\/12\/image-225x300.png 225w, https:\/\/www.mycover-protection.com\/wp-content\/uploads\/2023\/12\/image-203x270.png 203w\" sizes=\"(max-width: 768px) 100vw, 768px\" \/><figcaption class=\"wp-element-caption\">BMW S 1000 RR<\/figcaption><\/figure>\n<\/div>\n\n\n\n<div class=\"wp-block-cb-slide-v2 cb-slide swiper-slide\">\n<figure class=\"wp-block-image size-full\"><img decoding=\"async\" width=\"768\" height=\"1024\" src=\"https:\/\/www.mycover-protection.com\/wp-content\/uploads\/2025\/11\/BMW-F800r-.jpg\" alt=\"BMW F 800 R bianca del 2010 in argento-nero su cortile con recinzione sullo sfondo.\" class=\"wp-image-61350\" srcset=\"https:\/\/www.mycover-protection.com\/wp-content\/uploads\/2025\/11\/BMW-F800r-.jpg 768w, https:\/\/www.mycover-protection.com\/wp-content\/uploads\/2025\/11\/BMW-F800r--225x300.jpg 225w, https:\/\/www.mycover-protection.com\/wp-content\/uploads\/2025\/11\/BMW-F800r--203x270.jpg 203w\" sizes=\"(max-width: 768px) 100vw, 768px\" \/><figcaption class=\"wp-element-caption\">BMW F800r (2010)<\/figcaption><\/figure>\n<\/div>\n\n\n\n<div class=\"wp-block-cb-slide-v2 cb-slide swiper-slide\">\n<figure class=\"wp-block-image size-full\"><img decoding=\"async\" width=\"768\" height=\"1024\" src=\"https:\/\/www.mycover-protection.com\/wp-content\/uploads\/2025\/11\/BMW-F800r-Abdeckplane.jpg\" alt=\"BMW F800r (2010) coperta con il telo coprimoto MYCOVER&#xAE;, vista laterale, davanti a un recinto.\" class=\"wp-image-61355\" srcset=\"https:\/\/www.mycover-protection.com\/wp-content\/uploads\/2025\/11\/BMW-F800r-Abdeckplane.jpg 768w, https:\/\/www.mycover-protection.com\/wp-content\/uploads\/2025\/11\/BMW-F800r-Abdeckplane-225x300.jpg 225w, https:\/\/www.mycover-protection.com\/wp-content\/uploads\/2025\/11\/BMW-F800r-Abdeckplane-203x270.jpg 203w\" sizes=\"(max-width: 768px) 100vw, 768px\" \/><figcaption class=\"wp-element-caption\">BMW F800r (2010)<\/figcaption><\/figure>\n<\/div>\n\n\n\n<div class=\"wp-block-cb-slide-v2 cb-slide swiper-slide\">\n<figure class=\"wp-block-image size-full\"><img decoding=\"async\" width=\"768\" height=\"1024\" src=\"https:\/\/www.mycover-protection.com\/wp-content\/uploads\/2025\/11\/BMW-R1200RS.jpg\" alt=\"BMW R 1200 RS nera in un parcheggio di fronte a case residenziali.\" class=\"wp-image-61366\" srcset=\"https:\/\/www.mycover-protection.com\/wp-content\/uploads\/2025\/11\/BMW-R1200RS.jpg 768w, https:\/\/www.mycover-protection.com\/wp-content\/uploads\/2025\/11\/BMW-R1200RS-225x300.jpg 225w, https:\/\/www.mycover-protection.com\/wp-content\/uploads\/2025\/11\/BMW-R1200RS-203x270.jpg 203w\" sizes=\"(max-width: 768px) 100vw, 768px\" \/><figcaption class=\"wp-element-caption\">BMW R1200RS<\/figcaption><\/figure>\n<\/div>\n\n\n\n<div class=\"wp-block-cb-slide-v2 cb-slide swiper-slide\">\n<figure class=\"wp-block-image size-full\"><img decoding=\"async\" width=\"768\" height=\"1024\" src=\"https:\/\/www.mycover-protection.com\/wp-content\/uploads\/2025\/11\/BMW-R1200RS-Abdeckplane.jpg\" alt=\"BMW R 1200 RS completamente protetta sotto il telo coprimoto MYCOVER&#xAE;.\" class=\"wp-image-61371\" srcset=\"https:\/\/www.mycover-protection.com\/wp-content\/uploads\/2025\/11\/BMW-R1200RS-Abdeckplane.jpg 768w, https:\/\/www.mycover-protection.com\/wp-content\/uploads\/2025\/11\/BMW-R1200RS-Abdeckplane-225x300.jpg 225w, https:\/\/www.mycover-protection.com\/wp-content\/uploads\/2025\/11\/BMW-R1200RS-Abdeckplane-203x270.jpg 203w\" sizes=\"(max-width: 768px) 100vw, 768px\" \/><figcaption class=\"wp-element-caption\">BMW R1200RS<\/figcaption><\/figure>\n<\/div>\n\n\n\n<div class=\"wp-block-cb-slide-v2 cb-slide swiper-slide\">\n<figure class=\"wp-block-image size-full\"><img decoding=\"async\" width=\"768\" height=\"1024\" src=\"https:\/\/www.mycover-protection.com\/wp-content\/uploads\/2024\/08\/Motorrad-Abdeckplane_BMW-R1200RT.jpg\" alt=\"BMW R 1200 RT argentata con valigie su pavimentazione all'aperto.\" class=\"wp-image-35982\" srcset=\"https:\/\/www.mycover-protection.com\/wp-content\/uploads\/2024\/08\/Motorrad-Abdeckplane_BMW-R1200RT.jpg 768w, https:\/\/www.mycover-protection.com\/wp-content\/uploads\/2024\/08\/Motorrad-Abdeckplane_BMW-R1200RT-225x300.jpg 225w, https:\/\/www.mycover-protection.com\/wp-content\/uploads\/2024\/08\/Motorrad-Abdeckplane_BMW-R1200RT-203x270.jpg 203w\" sizes=\"(max-width: 768px) 100vw, 768px\" \/><figcaption class=\"wp-element-caption\">BMW R1200RT<\/figcaption><\/figure>\n<\/div>\n\n\n\n<div class=\"wp-block-cb-slide-v2 cb-slide swiper-slide\">\n<figure class=\"wp-block-image size-full\"><img decoding=\"async\" width=\"768\" height=\"1024\" src=\"https:\/\/www.mycover-protection.com\/wp-content\/uploads\/2024\/08\/Motorrad-Abdeckplane_BMW_R1200RT_Motorrad-Abdeckung.jpg\" alt=\"BMW R 1200 RT con valigie coperte dal telo coprimoto nero MYCOVER&#xAE;.\" class=\"wp-image-35979\" srcset=\"https:\/\/www.mycover-protection.com\/wp-content\/uploads\/2024\/08\/Motorrad-Abdeckplane_BMW_R1200RT_Motorrad-Abdeckung.jpg 768w, https:\/\/www.mycover-protection.com\/wp-content\/uploads\/2024\/08\/Motorrad-Abdeckplane_BMW_R1200RT_Motorrad-Abdeckung-225x300.jpg 225w, https:\/\/www.mycover-protection.com\/wp-content\/uploads\/2024\/08\/Motorrad-Abdeckplane_BMW_R1200RT_Motorrad-Abdeckung-203x270.jpg 203w\" sizes=\"(max-width: 768px) 100vw, 768px\" \/><figcaption class=\"wp-element-caption\">BMW R1200RT<\/figcaption><\/figure>\n<\/div>\n\n\n\n<div class=\"wp-block-cb-slide-v2 cb-slide swiper-slide\">\n<figure class=\"wp-block-image size-full\"><img decoding=\"async\" width=\"768\" height=\"1024\" src=\"https:\/\/www.mycover-protection.com\/wp-content\/uploads\/2024\/08\/Motorrad-Abdeckplane_BMW_R1250GS.jpg\" alt=\"BMW R 1250 GS argentata con cerchi dorati nello showroom su pavimento chiaro.\" class=\"wp-image-35988\" srcset=\"https:\/\/www.mycover-protection.com\/wp-content\/uploads\/2024\/08\/Motorrad-Abdeckplane_BMW_R1250GS.jpg 768w, https:\/\/www.mycover-protection.com\/wp-content\/uploads\/2024\/08\/Motorrad-Abdeckplane_BMW_R1250GS-225x300.jpg 225w, https:\/\/www.mycover-protection.com\/wp-content\/uploads\/2024\/08\/Motorrad-Abdeckplane_BMW_R1250GS-203x270.jpg 203w\" sizes=\"(max-width: 768px) 100vw, 768px\" \/><figcaption class=\"wp-element-caption\">BMW R1250GS<\/figcaption><\/figure>\n<\/div>\n\n\n\n<div class=\"wp-block-cb-slide-v2 cb-slide swiper-slide\">\n<figure class=\"wp-block-image size-full\"><img decoding=\"async\" width=\"768\" height=\"1024\" src=\"https:\/\/www.mycover-protection.com\/wp-content\/uploads\/2024\/08\/Motorrad-Abdeckplane_BMW_R1250GS_Motorrad-Abdeckung.jpg\" alt=\"BMW R 1250 GS completamente coperta con telo coprimoto nero MYCOVER&#xAE; nello showroom.\" class=\"wp-image-35985\" srcset=\"https:\/\/www.mycover-protection.com\/wp-content\/uploads\/2024\/08\/Motorrad-Abdeckplane_BMW_R1250GS_Motorrad-Abdeckung.jpg 768w, https:\/\/www.mycover-protection.com\/wp-content\/uploads\/2024\/08\/Motorrad-Abdeckplane_BMW_R1250GS_Motorrad-Abdeckung-225x300.jpg 225w, https:\/\/www.mycover-protection.com\/wp-content\/uploads\/2024\/08\/Motorrad-Abdeckplane_BMW_R1250GS_Motorrad-Abdeckung-203x270.jpg 203w\" sizes=\"(max-width: 768px) 100vw, 768px\" \/><figcaption class=\"wp-element-caption\">BMW R1250GS<\/figcaption><\/figure>\n<\/div>\n<\/div><\/div><div class=\"cb-pagination swiper-pagination\"><\/div><\/div>\n<\/div><\/div>\n\n<div class=\"wp-block-group alignfull wfa-manufacturer-size-rec-page-section --cols-customer-review-with-stars\"><div class=\"wp-block-group__inner-container is-layout-constrained wp-block-group-is-layout-constrained\">\n<div class=\"wp-block-group wfa-manufacturer-size-rec-page-section__heading-stack is-vertical is-content-justification-center is-layout-flex wp-container-core-group-is-layout-4b2eccd6 wp-block-group-is-layout-flex\">\n<h2 class=\"wp-block-heading is-style-not-underlined\" style=\"text-transform:none\">Opinioni ed esperienze di veri motociclisti BMW<\/h2>\n\n\n\n<p>Proteggi a lungo termine la tua moto BMW e parcheggiala in sicurezza, i clienti raccontano<\/p>\n<\/div>\n\n\n\n<div class=\"wp-block-columns wfa-manufacturer-size-rec-page-section__cols-customer-review-with-stars__columns is-layout-flex wp-container-core-columns-is-layout-9d6595d7 wp-block-columns-is-layout-flex\">\n<div class=\"wp-block-column is-layout-flow wp-block-column-is-layout-flow\" style=\"flex-basis:50%\">\n<div data-color-scheme=\"error\" class=\"wfa-component-alertbox\" data-wfa-component=\"alertbox\">\t<p><strong>Vietato<\/strong><\/p>\n\t<p>Lo shortcode <code>[[wfa-review]]<\/code> non \u00e8 stato rilasciato per questo tipo di pagina.\t<\/p>\n<\/div>\n\n\n<\/div>\n\n\n\n<div class=\"wp-block-column is-layout-flow wp-block-column-is-layout-flow\" style=\"flex-basis:50%\">\n<div data-color-scheme=\"error\" class=\"wfa-component-alertbox\" data-wfa-component=\"alertbox\">\t<p><strong>Vietato<\/strong><\/p>\n\t<p>Lo shortcode <code>[[wfa-review]]<\/code> non \u00e8 stato rilasciato per questo tipo di pagina.\t<\/p>\n<\/div>\n\n\n<\/div>\n<\/div>\n\n\n\n<div class=\"wp-block-columns wfa-manufacturer-size-rec-page-section__cols-customer-review-with-stars__columns is-layout-flex wp-container-core-columns-is-layout-9d6595d7 wp-block-columns-is-layout-flex\">\n<div class=\"wp-block-column is-layout-flow wp-block-column-is-layout-flow\" style=\"flex-basis:50%\">\n<div data-color-scheme=\"error\" class=\"wfa-component-alertbox\" data-wfa-component=\"alertbox\">\t<p><strong>Vietato<\/strong><\/p>\n\t<p>Lo shortcode <code>[[wfa-review]]<\/code> non \u00e8 stato rilasciato per questo tipo di pagina.\t<\/p>\n<\/div>\n\n\n<\/div>\n\n\n\n<div class=\"wp-block-column is-layout-flow wp-block-column-is-layout-flow\" style=\"flex-basis:50%\">\n<div data-color-scheme=\"error\" class=\"wfa-component-alertbox\" data-wfa-component=\"alertbox\">\t<p><strong>Vietato<\/strong><\/p>\n\t<p>Lo shortcode <code>[[wfa-review]]<\/code> non \u00e8 stato rilasciato per questo tipo di pagina.\t<\/p>\n<\/div>\n\n\n<\/div>\n<\/div>\n\n\n\n<div class=\"wp-block-buttons is-horizontal is-content-justification-center is-layout-flex wp-container-core-buttons-is-layout-ddb39544 wp-block-buttons-is-layout-flex\">\n<div class=\"wp-block-button\"><a class=\"wp-block-button__link wp-element-button\" href=\"#mycover-abdeckplanen-groessenfinder\">Seleziona la taglia ora<\/a><\/div>\n<\/div>\n<\/div><\/div>\n\n<div class=\"wp-block-group alignfull wfa-manufacturer-size-rec-page-section --mycover-size-finder-model-list\"><div class=\"wp-block-group__inner-container is-layout-constrained wp-block-group-is-layout-constrained\">\n<div class=\"wp-block-group wfa-manufacturer-size-rec-page-section__heading-stack is-vertical is-content-justification-center is-layout-flex wp-container-core-group-is-layout-4b2eccd6 wp-block-group-is-layout-flex\">\n<h2 class=\"wp-block-heading is-style-not-underlined\" style=\"text-transform:none\">Telo coprimoto per selezione modelli BMW<\/h2>\n\n\n\n<p>Adatto a tutti i tipi di veicoli BMW<\/p>\n<\/div>\n\n\n\n<div class=\"wp-block-group wfa-manufacturer-size-rec-page-section__size-finder-model-list__vehicle-variations is-vertical is-content-justification-left is-layout-flex wp-container-core-group-is-layout-c0ca7d81 wp-block-group-is-layout-flex\">\n<ul class=\"wp-block-list\">\n<li>Sport<\/li>\n\n\n\n<li>Cruiser<\/li>\n\n\n\n<li>Classic<\/li>\n\n\n\n<li>Heritage<\/li>\n\n\n\n<li>Touring<\/li>\n\n\n\n<li>Avventura<\/li>\n\n\n\n<li>Travel Enduro<\/li>\n\n\n\n<li>Roadster<\/li>\n<\/ul>\n<\/div>\n\n\n\n<div data-color-scheme=\"error\" class=\"wfa-component-alertbox\" data-wfa-component=\"alertbox\">\t<p><strong>Vietato<\/strong><\/p>\n\t<p>Lo shortcode <code>[[wfa-component-motorcycle-model-list]]<\/code> non \u00e8 stato rilasciato per questo tipo di pagina.\t<\/p>\n<\/div>\n\n\n<\/div><\/div>\n\n<div class=\"wp-block-group alignfull wfa-manufacturer-size-rec-page-section --text-left-img-right\"><div class=\"wp-block-group__inner-container is-layout-constrained wp-block-group-is-layout-constrained\">\n<div class=\"wp-block-group wfa-manufacturer-size-rec-page-section__heading-stack is-vertical is-content-justification-center is-layout-flex wp-container-core-group-is-layout-4b2eccd6 wp-block-group-is-layout-flex\">\n<h2 class=\"wp-block-heading is-style-not-underlined\" style=\"text-transform:none\">Coprimoto per la tua BMW<\/h2>\n\n\n\n<p>Come proteggere la tua moto BMW da intemperie e graffi<\/p>\n<\/div>\n\n\n\n<div class=\"wp-block-columns are-vertically-aligned-center wfa-manufacturer-size-rec-page-section__text-left-img-right__cols is-layout-flex wp-container-core-columns-is-layout-9d6595d7 wp-block-columns-is-layout-flex\">\n<div class=\"wp-block-column is-vertically-aligned-center is-layout-flow wp-block-column-is-layout-flow\" style=\"flex-basis:50%\">\n<div class=\"wp-block-group wfa-manufacturer-size-rec-page-section__text-left-img-right__text-stack is-vertical is-layout-flex wp-container-core-group-is-layout-8cf370e7 wp-block-group-is-layout-flex\">\n<p>Come telo coprimoto e copertura protettiva di alta qualit\u00e0, protegge da raggi UV, pioggia, polvere e graffi, rafforza il mantenimento del valore ed \u00e8 la protezione affidabile per la tua moto. Scopri il nostro robusto <a href=\"https:\/\/www.mycover-protection.com\/it\/produkt\/mycover-telo-coprimoto-premium-per-esterni\/\">telo coprimoto<\/a> come copertura protettiva per moto durevole per tutti i giorni. <\/p>\n<\/div>\n\n\n\n<div class=\"wp-block-buttons is-horizontal is-content-justification-left is-layout-flex wp-container-core-buttons-is-layout-92fc3979 wp-block-buttons-is-layout-flex\">\n<div class=\"wp-block-button\"><a class=\"wp-block-button__link wp-element-button\" href=\"#mycover-abdeckplanen-groessenfinder\">Seleziona la taglia ora<\/a><\/div>\n<\/div>\n<\/div>\n\n\n\n<div class=\"wp-block-column is-vertically-aligned-center wfa-manufacturer-size-rec-page-section__text-left-img-right__img-wrap is-layout-flow wp-block-column-is-layout-flow\" style=\"flex-basis:50%\">\n<figure class=\"wp-block-image size-full\"><img decoding=\"async\" width=\"800\" height=\"800\" src=\"https:\/\/www.mycover-protection.com\/wp-content\/uploads\/2019\/12\/MYCOVER_Front_white.jpg\" alt=\"\" class=\"wp-image-3216\" srcset=\"https:\/\/www.mycover-protection.com\/wp-content\/uploads\/2019\/12\/MYCOVER_Front_white.jpg 800w, https:\/\/www.mycover-protection.com\/wp-content\/uploads\/2019\/12\/MYCOVER_Front_white-300x300.jpg 300w, https:\/\/www.mycover-protection.com\/wp-content\/uploads\/2019\/12\/MYCOVER_Front_white-200x200.jpg 200w, https:\/\/www.mycover-protection.com\/wp-content\/uploads\/2019\/12\/MYCOVER_Front_white-150x150.jpg 150w, https:\/\/www.mycover-protection.com\/wp-content\/uploads\/2019\/12\/MYCOVER_Front_white-768x768.jpg 768w\" sizes=\"(max-width: 800px) 100vw, 800px\" \/><\/figure>\n<\/div>\n<\/div>\n<\/div><\/div>\n\n<div class=\"wp-block-group alignfull wfa-manufacturer-size-rec-page-section --text-one-col-boxed\"><div class=\"wp-block-group__inner-container is-layout-constrained wp-block-group-is-layout-constrained\">\n<div class=\"wp-block-group wfa-manufacturer-size-rec-page-section__heading-stack is-vertical is-content-justification-center is-layout-flex wp-container-core-group-is-layout-4b2eccd6 wp-block-group-is-layout-flex\">\n<h2 class=\"wp-block-heading is-style-not-underlined\" style=\"text-transform:capitalize\">Informazioni su BMW<\/h2>\n<\/div>\n\n\n\n<div class=\"wp-block-group wfa-manufacturer-size-rec-page-section__text-one-col-boxed__content-stack --text-lg is-vertical is-layout-flex wp-container-core-group-is-layout-8cf370e7 wp-block-group-is-layout-flex\">\n<p>BMW \u00e8 sinonimo di ingegneria di precisione, motori boxer caratteristici e sistemi di assistenza affidabili. Nel 2024, BMW Motorrad ha raggiunto un record di vendite e la serie GS continua a plasmare le statistiche di immatricolazione. Le nostre vendite lo riflettono e mostrano un&#8217;elevata domanda negli sport e nel turismo.  <\/p>\n\n\n\n<p>I modelli pi\u00f9 apprezzati sono la <strong>BMW S 1000 RR, la BMW R 1250 RT<\/strong> e la <strong>BMW F 900 XR<\/strong>, spesso con parabrezza da turismo alto, portavaligie e barre di protezione. Con un coprimoto su misura, proteggi in modo affidabile la vernice e la tecnologia. Il telo coprimoto \u00e8 morbido, rimane traspirante e previene l&#8217;umidit\u00e0.  <\/p>\n<\/div>\n\n\n\n<div class=\"wp-block-buttons is-horizontal is-content-justification-center is-layout-flex wp-container-core-buttons-is-layout-ddb39544 wp-block-buttons-is-layout-flex\">\n<div class=\"wp-block-button\"><a class=\"wp-block-button__link wp-element-button\" href=\"#mycover-abdeckplanen-groessenfinder\">Seleziona la taglia ora<\/a><\/div>\n<\/div>\n<\/div><\/div>\n\n<div class=\"wp-block-group alignfull wfa-manufacturer-size-rec-page-section --faq\"><div class=\"wp-block-group__inner-container is-layout-constrained wp-block-group-is-layout-constrained\">\n<div class=\"wp-block-group wfa-manufacturer-size-rec-page-section__heading-stack is-vertical is-content-justification-center is-layout-flex wp-container-core-group-is-layout-4b2eccd6 wp-block-group-is-layout-flex\">\n<h2 class=\"wp-block-heading is-style-not-underlined\" style=\"text-transform:none\">Domande frequenti sul nostro Telo<\/h2>\n\n\n\n<p>Domande sull&#8217;adattamento e l&#8217;uso con i modelli BMW pi\u00f9 diffusi<\/p>\n<\/div>\n\n\n\n<div class=\"wp-block-group wfa-manufacturer-size-rec-page-section__faq__content-stack is-vertical is-content-justification-left is-layout-flex wp-container-core-group-is-layout-c0ca7d81 wp-block-group-is-layout-flex\">\n<details class=\"wp-block-webfluence-blocks-details-summary\">\n<summary class=\"wp-block-webfluence-blocks-details-summary-title\">\n<h3 class=\"wp-block-heading\">Il Coprimoto per BMW GS 1250 va bene anche con parabrezza alto e borse?<\/h3>\n<\/summary>\n\n\n\n<div class=\"wp-block-webfluence-blocks-details-summary-body\">\n<p class=\"has-medium-font-size\">S\u00ec, il nostro consiglio include accessori come il disco da turismo, il portapacchi e il crash bar. <\/p>\n<\/div>\n<\/details>\n\n\n\n<details class=\"wp-block-webfluence-blocks-details-summary\">\n<summary class=\"wp-block-webfluence-blocks-details-summary-title\">\n<h3 class=\"wp-block-heading\">Il Telo coprimoto BMW R 1300 GS \u00e8 adatto ai riser e ai manubri?<\/h3>\n<\/summary>\n\n\n\n<div class=\"wp-block-webfluence-blocks-details-summary-body\">\n<p class=\"has-medium-font-size\">S\u00ec, il <a href=\"#mycover-abdeckplanen-groessenfinder\">trova taglie<\/a> tiene conto delle modifiche e ti suggerisce la taglia giusta.<\/p>\n<\/div>\n<\/details>\n\n\n\n<details class=\"wp-block-webfluence-blocks-details-summary\">\n<summary class=\"wp-block-webfluence-blocks-details-summary-title\">\n<h3 class=\"wp-block-heading\">Il Telo coprimoto BMW R 1200 GS \u00e8 adatto per l&#8217;esterno e per il garage?<\/h3>\n<\/summary>\n\n\n\n<div class=\"wp-block-webfluence-blocks-details-summary-body\">\n<p class=\"has-medium-font-size\">S\u00ec, \u00e8 stato progettato per l&#8217;esterno e funziona altrettanto bene in garage, traspirante e asciutto. <\/p>\n<\/div>\n<\/details>\n\n\n\n<details class=\"wp-block-webfluence-blocks-details-summary\">\n<summary class=\"wp-block-webfluence-blocks-details-summary-title\">\n<h3 class=\"wp-block-heading\">Il Telo coprimoto della BMW S 1000 RR offre una copertura pulita anche con le winglet?<\/h3>\n<\/summary>\n\n\n\n<div class=\"wp-block-webfluence-blocks-details-summary-body\">\n<p class=\"has-medium-font-size\">S\u00ec, la vestibilit\u00e0 evita i punti di contatto e protegge in modo affidabile la vernice e la tecnologia. <\/p>\n<\/div>\n<\/details>\n\n\n\n<details class=\"wp-block-webfluence-blocks-details-summary\">\n<summary class=\"wp-block-webfluence-blocks-details-summary-title\">\n<h3 class=\"wp-block-heading\">Il Telo coprimoto BMW S 1000 R \u00e8 adatto per il parcheggio quotidiano all&#8217;aperto?<\/h3>\n<\/summary>\n\n\n\n<div class=\"wp-block-webfluence-blocks-details-summary-body\">\n<p class=\"has-medium-font-size\">La protezione dai raggi UV, il tessuto esterno denso e il morbido pile interno proteggono la superficie e la tecnologia. <\/p>\n<\/div>\n<\/details>\n\n\n\n<details class=\"wp-block-webfluence-blocks-details-summary\">\n<summary class=\"wp-block-webfluence-blocks-details-summary-title\">\n<h3 class=\"wp-block-heading\">Il Coprimoto BMW R 1250 RT con specchietti e parabrezza da turismo \u00e8 adatto?<\/h3>\n<\/summary>\n\n\n\n<div class=\"wp-block-webfluence-blocks-details-summary-body\">\n<p class=\"has-medium-font-size\">S\u00ec. Il taglio \u00e8 pensato per le moto da turismo; puoi trovare la taglia giusta nel <a href=\"#mycover-abdeckplanen-groessenfinder\">trova taglie<\/a>. <\/p>\n<\/div>\n<\/details>\n\n\n\n<details class=\"wp-block-webfluence-blocks-details-summary\">\n<summary class=\"wp-block-webfluence-blocks-details-summary-title\">\n<h3 class=\"wp-block-heading\">Il Telo coprimoto della BMW F 900 XR funziona con un portapacchi e un bauletto?<\/h3>\n<\/summary>\n\n\n\n<div class=\"wp-block-webfluence-blocks-details-summary-body\">\n<p class=\"has-medium-font-size\">S\u00ec, gli accessori vengono presi in considerazione nella <a href=\"#mycover-abdeckplanen-groessenfinder\">raccomandazione della taglia<\/a>.<\/p>\n<\/div>\n<\/details>\n\n\n\n<details class=\"wp-block-webfluence-blocks-details-summary\">\n<summary class=\"wp-block-webfluence-blocks-details-summary-title\">\n<h3 class=\"wp-block-heading\">Il Telo coprimoto della BMW F 900 R \u00e8 stabile anche in condizioni di vento?<\/h3>\n<\/summary>\n\n\n\n<div class=\"wp-block-webfluence-blocks-details-summary-body\">\n<p class=\"has-medium-font-size\">S\u00ec, la struttura e il fissaggio mantengono il telone stabile e impediscono che si sventoli. <\/p>\n<\/div>\n<\/details>\n\n\n\n<details class=\"wp-block-webfluence-blocks-details-summary\">\n<summary class=\"wp-block-webfluence-blocks-details-summary-title\">\n<h3 class=\"wp-block-heading\">Il Telo coprimoto BMW K 1600 GT \u00e8 adatto per lunghi periodi di inattivit\u00e0?<\/h3>\n<\/summary>\n\n\n\n<div class=\"wp-block-webfluence-blocks-details-summary-body\">\n<p class=\"has-medium-font-size\">S\u00ec, il materiale rimane aderente, \u00e8 traspirante e quindi aiuta a mantenere il suo valore. <\/p>\n<\/div>\n<\/details>\n\n\n\n<details class=\"wp-block-webfluence-blocks-details-summary\">\n<summary class=\"wp-block-webfluence-blocks-details-summary-title\">\n<h3 class=\"wp-block-heading\">Il Telo coprimoto BMW R 18 \u00e8 compatibile con accessori come il sissy bar?<\/h3>\n<\/summary>\n\n\n\n<div class=\"wp-block-webfluence-blocks-details-summary-body\">\n<p class=\"has-medium-font-size\">S\u00ec, le modifiche tipiche vengono considerate. Verifica la taglia nel <a href=\"#mycover-abdeckplanen-groessenfinder\">trova taglie<\/a>. <\/p>\n<\/div>\n<\/details>\n\n\n\n<details class=\"wp-block-webfluence-blocks-details-summary\">\n<summary class=\"wp-block-webfluence-blocks-details-summary-title\">\n<h3 class=\"wp-block-heading\">Posso coprire il Telo coprimoto della BMW S 1000 RR subito dopo la guida?<\/h3>\n<\/summary>\n\n\n\n<div class=\"wp-block-webfluence-blocks-details-summary-body\">\n<p class=\"has-medium-font-size\">Lasciala raffreddare brevemente e poi coprila per proteggere il vello interno.<\/p>\n<\/div>\n<\/details>\n\n\n\n<details class=\"wp-block-webfluence-blocks-details-summary\">\n<summary class=\"wp-block-webfluence-blocks-details-summary-title\">\n<h3 class=\"wp-block-heading\">Il Telo coprimoto per BMW GS 1250 protegge anche dai graffi?<\/h3>\n<\/summary>\n\n\n\n<div class=\"wp-block-webfluence-blocks-details-summary-body\">\n<p class=\"has-medium-font-size\">S\u00ec, il vello interno \u00e8 morbido al tatto e previene i graffi alla vernice. <\/p>\n<\/div>\n<\/details>\n\n\n\n<details class=\"wp-block-webfluence-blocks-details-summary\">\n<summary class=\"wp-block-webfluence-blocks-details-summary-title\">\n<h3 class=\"wp-block-heading\">Il Telo coprimoto BMW R 1200 GS \u00e8 adatto anche alle barre di protezione anteriori?<\/h3>\n<\/summary>\n\n\n\n<div class=\"wp-block-webfluence-blocks-details-summary-body\">\n<p class=\"has-medium-font-size\">S\u00ec. Il taglio offre spazio sufficiente: puoi trovare la taglia tramite il <a href=\"#mycover-abdeckplanen-groessenfinder\">trova taglie<\/a>. <\/p>\n<\/div>\n<\/details>\n<\/div>\n\n\n\n<div class=\"wp-block-buttons is-horizontal is-content-justification-center is-layout-flex wp-container-core-buttons-is-layout-ddb39544 wp-block-buttons-is-layout-flex\">\n<div class=\"wp-block-button\"><a class=\"wp-block-button__link wp-element-button\" href=\"#mycover-abdeckplanen-groessenfinder\">Seleziona la taglia ora<\/a><\/div>\n<\/div>\n<\/div><\/div>\n\n<div class=\"wp-block-group alignfull wfa-manufacturer-size-rec-page-section --all-mycover-products\"><div class=\"wp-block-group__inner-container is-layout-constrained wp-block-group-is-layout-constrained\">\n<div class=\"wp-block-group wfa-reusable-group-all-mycover-products has-black-color has-text-color has-link-color wp-elements-c72def7f086f3d5fcfe4bdfd3f05e5b2\"><div class=\"wp-block-group__inner-container is-layout-constrained wp-block-group-is-layout-constrained\">\n<p class=\"has-text-align-center wfa-reusable-group-all-mycover-products__title has-large-font-size\"><strong>Tutti MYCOVER\u00ae-Prodotti<\/strong><\/p>\n\n\n\n<div class=\"wp-block-cb-carousel-v2 cb-carousel-block\" data-cb-slides-per-view=\"2\" data-cb-slides-per-group=\"1\" data-cb-space-between=\"0\" data-cb-speed=\"200\" data-cb-navigation=\"true\" data-cb-breakpoints=\"{&quot;768&quot;:{&quot;slidesPerView&quot;:4,&quot;slidesPerGroup&quot;:1}}\"><div class=\"swiper\"><div class=\"cb-wrapper swiper-wrapper\">\n<div class=\"wp-block-cb-slide-v2 cb-slide swiper-slide\">\n<div class=\"wp-block-group\"><div class=\"wp-block-group__inner-container is-layout-constrained wp-block-group-is-layout-constrained\">\n<figure class=\"wp-block-image size-large\"><img decoding=\"async\" width=\"1024\" height=\"1024\" src=\"https:\/\/www.mycover-protection.com\/wp-content\/uploads\/2022\/11\/Motorrad_abdeckplane_outdoor-1024x1024.jpg\" alt=\"Telo coprimoto per esterno\" class=\"wp-image-22125\" srcset=\"https:\/\/www.mycover-protection.com\/wp-content\/uploads\/2022\/11\/Motorrad_abdeckplane_outdoor-1024x1024.jpg 1024w, https:\/\/www.mycover-protection.com\/wp-content\/uploads\/2022\/11\/Motorrad_abdeckplane_outdoor-300x300.jpg 300w, https:\/\/www.mycover-protection.com\/wp-content\/uploads\/2022\/11\/Motorrad_abdeckplane_outdoor-150x150.jpg 150w, https:\/\/www.mycover-protection.com\/wp-content\/uploads\/2022\/11\/Motorrad_abdeckplane_outdoor-768x768.jpg 768w, https:\/\/www.mycover-protection.com\/wp-content\/uploads\/2022\/11\/Motorrad_abdeckplane_outdoor-270x270.jpg 270w, https:\/\/www.mycover-protection.com\/wp-content\/uploads\/2022\/11\/Motorrad_abdeckplane_outdoor-800x800.jpg 800w, https:\/\/www.mycover-protection.com\/wp-content\/uploads\/2022\/11\/Motorrad_abdeckplane_outdoor-200x200.jpg 200w, https:\/\/www.mycover-protection.com\/wp-content\/uploads\/2022\/11\/Motorrad_abdeckplane_outdoor.jpg 1200w\" sizes=\"(max-width: 1024px) 100vw, 1024px\" \/><\/figure>\n\n\n\n<p><a href=\"https:\/\/www.mycover-protection.com\/es\/produkt\/mycover-funda-para-moto-exterior-premium\/\"><strong>Telo coprimoto per esterni<\/strong><\/a><\/p>\n<\/div><\/div>\n<\/div>\n\n\n\n<div class=\"wp-block-cb-slide-v2 cb-slide swiper-slide\">\n<div class=\"wp-block-group\"><div class=\"wp-block-group__inner-container is-layout-constrained wp-block-group-is-layout-constrained\">\n<figure class=\"wp-block-image size-full\"><img decoding=\"async\" width=\"800\" height=\"800\" src=\"https:\/\/www.mycover-protection.com\/wp-content\/uploads\/2023\/01\/Motorrad-abdeckplane-chopper.png\" alt=\"Telo per esterni Chopper\" class=\"wp-image-21485\" srcset=\"https:\/\/www.mycover-protection.com\/wp-content\/uploads\/2023\/01\/Motorrad-abdeckplane-chopper.png 800w, https:\/\/www.mycover-protection.com\/wp-content\/uploads\/2023\/01\/Motorrad-abdeckplane-chopper-300x300.png 300w, https:\/\/www.mycover-protection.com\/wp-content\/uploads\/2023\/01\/Motorrad-abdeckplane-chopper-150x150.png 150w, https:\/\/www.mycover-protection.com\/wp-content\/uploads\/2023\/01\/Motorrad-abdeckplane-chopper-768x768.png 768w, https:\/\/www.mycover-protection.com\/wp-content\/uploads\/2023\/01\/Motorrad-abdeckplane-chopper-270x270.png 270w, https:\/\/www.mycover-protection.com\/wp-content\/uploads\/2023\/01\/Motorrad-abdeckplane-chopper-200x200.png 200w\" sizes=\"(max-width: 800px) 100vw, 800px\" \/><\/figure>\n\n\n\n<p><a href=\"https:\/\/www.mycover-protection.com\/es\/produkt\/mycover-funda-exterior-premium-para-chopper\/\"><strong>Chopper Telo per esterni<\/strong><\/a><\/p>\n<\/div><\/div>\n<\/div>\n\n\n\n<div class=\"wp-block-cb-slide-v2 cb-slide swiper-slide\">\n<div class=\"wp-block-group\"><div class=\"wp-block-group__inner-container is-layout-constrained wp-block-group-is-layout-constrained\">\n<figure class=\"wp-block-image size-full\"><img decoding=\"async\" width=\"800\" height=\"800\" src=\"https:\/\/www.mycover-protection.com\/wp-content\/uploads\/2023\/01\/Motorrad-Abdeckplane-Topcase.png\" alt=\"Telo per Scooter con custodia superiore\" class=\"wp-image-21482\" srcset=\"https:\/\/www.mycover-protection.com\/wp-content\/uploads\/2023\/01\/Motorrad-Abdeckplane-Topcase.png 800w, https:\/\/www.mycover-protection.com\/wp-content\/uploads\/2023\/01\/Motorrad-Abdeckplane-Topcase-300x300.png 300w, https:\/\/www.mycover-protection.com\/wp-content\/uploads\/2023\/01\/Motorrad-Abdeckplane-Topcase-150x150.png 150w, https:\/\/www.mycover-protection.com\/wp-content\/uploads\/2023\/01\/Motorrad-Abdeckplane-Topcase-768x768.png 768w, https:\/\/www.mycover-protection.com\/wp-content\/uploads\/2023\/01\/Motorrad-Abdeckplane-Topcase-270x270.png 270w, https:\/\/www.mycover-protection.com\/wp-content\/uploads\/2023\/01\/Motorrad-Abdeckplane-Topcase-200x200.png 200w\" sizes=\"(max-width: 800px) 100vw, 800px\" \/><\/figure>\n\n\n\n<p><a href=\"https:\/\/www.mycover-protection.com\/es\/produkt\/mycover-funda-exterior-premium-para-scooter\/\"><strong>Scooter Telo per esterni<\/strong><\/a><\/p>\n<\/div><\/div>\n<\/div>\n\n\n\n<div class=\"wp-block-cb-slide-v2 cb-slide swiper-slide\">\n<div class=\"wp-block-group\"><div class=\"wp-block-group__inner-container is-layout-constrained wp-block-group-is-layout-constrained\">\n<figure class=\"wp-block-image size-full\"><img decoding=\"async\" width=\"800\" height=\"800\" src=\"https:\/\/www.mycover-protection.com\/wp-content\/uploads\/2022\/07\/Motorrrad-Abdeckplane-Indoor-Stoff.png\" alt=\"Telo coprimoto Indoor soft\" class=\"wp-image-20162\" srcset=\"https:\/\/www.mycover-protection.com\/wp-content\/uploads\/2022\/07\/Motorrrad-Abdeckplane-Indoor-Stoff.png 800w, https:\/\/www.mycover-protection.com\/wp-content\/uploads\/2022\/07\/Motorrrad-Abdeckplane-Indoor-Stoff-300x300.png 300w, https:\/\/www.mycover-protection.com\/wp-content\/uploads\/2022\/07\/Motorrrad-Abdeckplane-Indoor-Stoff-150x150.png 150w, https:\/\/www.mycover-protection.com\/wp-content\/uploads\/2022\/07\/Motorrrad-Abdeckplane-Indoor-Stoff-768x768.png 768w, https:\/\/www.mycover-protection.com\/wp-content\/uploads\/2022\/07\/Motorrrad-Abdeckplane-Indoor-Stoff-270x270.png 270w, https:\/\/www.mycover-protection.com\/wp-content\/uploads\/2022\/07\/Motorrrad-Abdeckplane-Indoor-Stoff-200x200.png 200w\" sizes=\"(max-width: 800px) 100vw, 800px\" \/><\/figure>\n\n\n\n<p><a href=\"https:\/\/www.mycover-protection.com\/es\/produkt\/mycover-funda-para-moto-de-interior-premium\/\"><strong>Telo coprimoto per interno<\/strong><\/a><\/p>\n<\/div><\/div>\n<\/div>\n<\/div><\/div><div class=\"cb-button-prev swiper-button-prev\"><\/div><div class=\"cb-button-next swiper-button-next\"><\/div><\/div>\n\n\n\n<p class=\"has-text-align-center wfa-reusable-group-all-mycover-products__category-links has-small-font-size\"><a href=\"https:\/\/www.mycover-protection.com\/it\/produkt-kategorie\/coprimoto\/\">Tutte le coperture per Coprimoto<\/a> &#8211; <a href=\"https:\/\/www.mycover-protection.com\/it\/produkt-kategorie\/coperture-per-scooter\/\">Tutte le coperture per scooter<\/a><\/p>\n<\/div><\/div>\n<\/div><\/div>\n\n<div class=\"wp-block-group alignfull wfa-manufacturer-size-rec-page-section --magazin\"><div class=\"wp-block-group__inner-container is-layout-constrained wp-block-group-is-layout-constrained\">\n<div class=\"wp-block-group wfa-manufacturer-size-rec-page-section__heading-stack is-vertical is-content-justification-center is-layout-flex wp-container-core-group-is-layout-4b2eccd6 wp-block-group-is-layout-flex\">\n<h2 class=\"wp-block-heading is-style-not-underlined\" style=\"text-transform:capitalize\">MYCOVER Rivista<\/h2>\n\n\n\n<p>Guida alla protezione contro il furto e alla conservazione del valore del tuo veicolo<\/p>\n<\/div>\n\n\n\n<div data-wp-context=\"{}\" data-wp-interactive=\"core\/query\" data-wp-key=\"18\" data-wp-router-region=\"query-18\" class=\"wp-block-query wfa-ignore-private-posts is-layout-flow wp-block-query-is-layout-flow\"><ul class=\"columns-3 wp-block-post-template is-layout-grid wp-container-core-post-template-is-layout-2fc57c17 wp-block-post-template-is-layout-grid\"><li data-wp-key=\"post-template-item-62182\" class=\"wp-block-post post-62182 post type-post status-publish format-standard has-post-thumbnail hentry\">\n<figure style=\"aspect-ratio:16\/9;\" class=\"alignwide wp-block-post-featured-image\"><img decoding=\"async\" width=\"1536\" height=\"1024\" src=\"https:\/\/www.mycover-protection.com\/wp-content\/uploads\/2025\/11\/Motorrad_Abdeckplane_Test_und_Vergleich.png\" class=\"attachment-post-thumbnail size-post-thumbnail wp-post-image\" alt=\"Motorrad steht ungesch\u00fctzt im Freien bei Sonne, Regen und Schnee, Symbolbild f\u00fcr Motorrad Abdeckplane Test und Vergleich.\" style=\"width:100%;height:100%;object-fit:cover;\" srcset=\"https:\/\/www.mycover-protection.com\/wp-content\/uploads\/2025\/11\/Motorrad_Abdeckplane_Test_und_Vergleich.png 1536w, https:\/\/www.mycover-protection.com\/wp-content\/uploads\/2025\/11\/Motorrad_Abdeckplane_Test_und_Vergleich-300x200.png 300w, https:\/\/www.mycover-protection.com\/wp-content\/uploads\/2025\/11\/Motorrad_Abdeckplane_Test_und_Vergleich-1024x683.png 1024w, https:\/\/www.mycover-protection.com\/wp-content\/uploads\/2025\/11\/Motorrad_Abdeckplane_Test_und_Vergleich-768x512.png 768w, https:\/\/www.mycover-protection.com\/wp-content\/uploads\/2025\/11\/Motorrad_Abdeckplane_Test_und_Vergleich-400x267.png 400w, https:\/\/www.mycover-protection.com\/wp-content\/uploads\/2025\/11\/Motorrad_Abdeckplane_Test_und_Vergleich-800x533.png 800w\" sizes=\"(max-width: 1536px) 100vw, 1536px\" \/><\/figure>\n\n<h3 class=\"wp-block-post-title\"><a href=\"https:\/\/www.mycover-protection.com\/it\/magazin\/test-e-confronto-teli-coprimoto-mycover-convince-in-tutte-le-categorie\/\" target=\"_self\" >Test e confronto teli coprimoto: MYCOVER convince in tutte le categorie<\/a><\/h3>\n<\/li><li data-wp-key=\"post-template-item-54761\" class=\"wp-block-post post-54761 post type-post status-publish format-standard has-post-thumbnail hentry category-non-categorizzato\">\n<figure style=\"aspect-ratio:16\/9;\" class=\"alignwide wp-block-post-featured-image\"><img decoding=\"async\" width=\"1536\" height=\"1024\" src=\"https:\/\/www.mycover-protection.com\/wp-content\/uploads\/2025\/06\/Motorrad_Abdeckplane_erfahrung.png\" class=\"attachment-post-thumbnail size-post-thumbnail wp-post-image\" alt=\"Ein Mann und eine Frau stehen bei Regen im Garten und betrachten nachdenklich zwei nasse Motorr\u00e4der, w\u00e4hrend sie schlaffe Motorradabdeckungen in den H\u00e4nden halten, zwischen ihnen liegt eine durchn\u00e4sste Plane auf dem Boden.\" style=\"width:100%;height:100%;object-fit:cover;\" srcset=\"https:\/\/www.mycover-protection.com\/wp-content\/uploads\/2025\/06\/Motorrad_Abdeckplane_erfahrung.png 1536w, https:\/\/www.mycover-protection.com\/wp-content\/uploads\/2025\/06\/Motorrad_Abdeckplane_erfahrung-300x200.png 300w, https:\/\/www.mycover-protection.com\/wp-content\/uploads\/2025\/06\/Motorrad_Abdeckplane_erfahrung-1024x683.png 1024w, https:\/\/www.mycover-protection.com\/wp-content\/uploads\/2025\/06\/Motorrad_Abdeckplane_erfahrung-768x512.png 768w, https:\/\/www.mycover-protection.com\/wp-content\/uploads\/2025\/06\/Motorrad_Abdeckplane_erfahrung-400x267.png 400w, https:\/\/www.mycover-protection.com\/wp-content\/uploads\/2025\/06\/Motorrad_Abdeckplane_erfahrung-800x533.png 800w\" sizes=\"(max-width: 1536px) 100vw, 1536px\" \/><\/figure>\n\n<h3 class=\"wp-block-post-title\"><a href=\"https:\/\/www.mycover-protection.com\/it\/magazin\/esperienze-di-teloni-per-moto-ecco-perche-ci-sono-mycover\/\" target=\"_self\" >Esperienze di teloni per moto: Ecco perch\u00e9 ci sono MYCOVER\u00ae<\/a><\/h3>\n<\/li><li data-wp-key=\"post-template-item-44317\" class=\"wp-block-post post-44317 post type-post status-publish format-standard has-post-thumbnail hentry category-non-categorizzato\">\n<figure style=\"aspect-ratio:16\/9;\" class=\"alignwide wp-block-post-featured-image\"><img decoding=\"async\" width=\"1536\" height=\"1024\" src=\"https:\/\/www.mycover-protection.com\/wp-content\/uploads\/2024\/12\/Motorrad_waschen.png\" class=\"attachment-post-thumbnail size-post-thumbnail wp-post-image\" alt=\"Motorradw\u00e4sche mit Schaum: Blaues Sport-Motorrad wird gr\u00fcndlich eingeseift \u2013 Motorradw\u00e4sche mit viel Schaum im Sonnenlicht.\" style=\"width:100%;height:100%;object-fit:cover;\" srcset=\"https:\/\/www.mycover-protection.com\/wp-content\/uploads\/2024\/12\/Motorrad_waschen.png 1536w, https:\/\/www.mycover-protection.com\/wp-content\/uploads\/2024\/12\/Motorrad_waschen-300x200.png 300w, https:\/\/www.mycover-protection.com\/wp-content\/uploads\/2024\/12\/Motorrad_waschen-1024x683.png 1024w, https:\/\/www.mycover-protection.com\/wp-content\/uploads\/2024\/12\/Motorrad_waschen-768x512.png 768w, https:\/\/www.mycover-protection.com\/wp-content\/uploads\/2024\/12\/Motorrad_waschen-400x267.png 400w, https:\/\/www.mycover-protection.com\/wp-content\/uploads\/2024\/12\/Motorrad_waschen-800x533.png 800w\" sizes=\"(max-width: 1536px) 100vw, 1536px\" \/><\/figure>\n\n<h3 class=\"wp-block-post-title\"><a href=\"https:\/\/www.mycover-protection.com\/it\/magazin\/lavaggio-della-moto-come-mantenerla-in-ottime-condizioni\/\" target=\"_self\" >Lavaggio e cura della moto: Consigli da insider per conservare al meglio il valore della moto!<\/a><\/h3>\n<\/li><\/ul><\/div>\n\n\n\n<div class=\"wp-block-buttons is-horizontal is-content-justification-center is-layout-flex wp-container-core-buttons-is-layout-ddb39544 wp-block-buttons-is-layout-flex\">\n<div class=\"wp-block-button is-style-outline is-style-outline--1\"><a class=\"wp-block-button__link wp-element-button\" href=\"https:\/\/www.mycover-protection.com\/it\/rivista\/\">Mostra pi\u00f9 messaggi<\/a><\/div>\n<\/div>\n<\/div><\/div>\n\n<div class=\"wp-block-group alignfull wfa-manufacturer-size-rec-page-section --other-manufacturers-internal-links\"><div class=\"wp-block-group__inner-container is-layout-constrained wp-block-group-is-layout-constrained\">\n<div class=\"wp-block-group wfa-manufacturer-size-rec-page-section__heading-stack is-vertical is-content-justification-center is-layout-flex wp-container-core-group-is-layout-4b2eccd6 wp-block-group-is-layout-flex\">\n<h2 class=\"wp-block-heading is-style-not-underlined\" style=\"text-transform:none\">Teloni per altre marche di veicoli<\/h2>\n\n\n\n<p>Seleziona il produttore e scopri di pi\u00f9<\/p>\n<\/div>\n\n\n\n<div class=\"wp-block-query wfa-manufacturer-size-rec-page-section__other-manufacturers-internal-links__query-loop is-layout-flow wp-block-query-is-layout-flow\"><\/div>\n<\/div><\/div>\n\n<div class=\"wp-block-group alignfull wfa-manufacturer-size-rec-page-section --mycover-large-product-section\"><div class=\"wp-block-group__inner-container is-layout-constrained wp-block-group-is-layout-constrained\">\n<div class=\"wp-block-group wfa-manufacturer-size-rec-page-section__heading-stack wfa-manufacturer-size-rec-page-section__mycover-large-product-section__heading_stack is-vertical is-content-justification-center is-layout-flex wp-container-core-group-is-layout-4b2eccd6 wp-block-group-is-layout-flex\">\n<h2 class=\"wp-block-heading is-style-not-underlined\" style=\"text-transform:capitalize\">Teli MYCOVER<sup>\u00ae<\/sup> Protection<\/h2>\n\n\n\n<p>La pi\u00f9 grande selezione d&#8217;Europa per moto, Chopper e Scooter &#8211; Qualit\u00e0 premium fatta a mano<\/p>\n<\/div>\n\n\n\n<figure class=\"wp-block-image size-full wfa-manufacturer-size-rec-page-section__mycover-large-product-section__img-desktop\"><img decoding=\"async\" width=\"2560\" height=\"537\" src=\"https:\/\/www.mycover-protection.com\/wp-content\/uploads\/2025\/03\/mycover-protection-abdeckplanen-auswahl_w2560.jpg\" alt=\"Questa foto mostra la variet&#xE0; di Teli da esterno di MYCOVER. Sono visibili cinque veicoli coperti, tra cui una moto, uno Scooter e un Chopper.   \" class=\"wp-image-42602\" srcset=\"https:\/\/www.mycover-protection.com\/wp-content\/uploads\/2025\/03\/mycover-protection-abdeckplanen-auswahl_w2560.jpg 2560w, https:\/\/www.mycover-protection.com\/wp-content\/uploads\/2025\/03\/mycover-protection-abdeckplanen-auswahl_w2560-300x63.jpg 300w, https:\/\/www.mycover-protection.com\/wp-content\/uploads\/2025\/03\/mycover-protection-abdeckplanen-auswahl_w2560-1024x215.jpg 1024w, https:\/\/www.mycover-protection.com\/wp-content\/uploads\/2025\/03\/mycover-protection-abdeckplanen-auswahl_w2560-768x161.jpg 768w, https:\/\/www.mycover-protection.com\/wp-content\/uploads\/2025\/03\/mycover-protection-abdeckplanen-auswahl_w2560-1536x322.jpg 1536w, https:\/\/www.mycover-protection.com\/wp-content\/uploads\/2025\/03\/mycover-protection-abdeckplanen-auswahl_w2560-2048x430.jpg 2048w, https:\/\/www.mycover-protection.com\/wp-content\/uploads\/2025\/03\/mycover-protection-abdeckplanen-auswahl_w2560-400x84.jpg 400w, https:\/\/www.mycover-protection.com\/wp-content\/uploads\/2025\/03\/mycover-protection-abdeckplanen-auswahl_w2560-800x168.jpg 800w\" sizes=\"(max-width: 2560px) 100vw, 2560px\" \/><\/figure>\n\n\n\n<figure class=\"wp-block-image size-full wfa-manufacturer-size-rec-page-section__mycover-large-product-section__img-mobile\"><img decoding=\"async\" width=\"1402\" height=\"1071\" src=\"https:\/\/www.mycover-protection.com\/wp-content\/uploads\/2025\/03\/mycover-protection-abdeckplanen-auswahl-mobile.jpg\" alt=\"Questa foto mostra la variet&#xE0; di Teli da esterno di MYCOVER. Sono visibili cinque veicoli coperti, tra cui una moto, uno Scooter e un Chopper.   \" class=\"wp-image-42621\" srcset=\"https:\/\/www.mycover-protection.com\/wp-content\/uploads\/2025\/03\/mycover-protection-abdeckplanen-auswahl-mobile.jpg 1402w, https:\/\/www.mycover-protection.com\/wp-content\/uploads\/2025\/03\/mycover-protection-abdeckplanen-auswahl-mobile-300x229.jpg 300w, https:\/\/www.mycover-protection.com\/wp-content\/uploads\/2025\/03\/mycover-protection-abdeckplanen-auswahl-mobile-1024x782.jpg 1024w, https:\/\/www.mycover-protection.com\/wp-content\/uploads\/2025\/03\/mycover-protection-abdeckplanen-auswahl-mobile-768x587.jpg 768w, https:\/\/www.mycover-protection.com\/wp-content\/uploads\/2025\/03\/mycover-protection-abdeckplanen-auswahl-mobile-353x270.jpg 353w, https:\/\/www.mycover-protection.com\/wp-content\/uploads\/2025\/03\/mycover-protection-abdeckplanen-auswahl-mobile-800x611.jpg 800w\" sizes=\"(max-width: 1402px) 100vw, 1402px\" \/><\/figure>\n\n\n\n<div class=\"wp-block-buttons is-horizontal is-content-justification-center is-layout-flex wp-container-core-buttons-is-layout-ddb39544 wp-block-buttons-is-layout-flex\">\n<div class=\"wp-block-button\"><a class=\"wp-block-button__link wp-element-button\" href=\"#mycover-abdeckplanen-groessenfinder\">Seleziona la taglia ora<\/a><\/div>\n<\/div>\n<\/div><\/div>\n\n<div class=\"wp-block-group alignfull wfa-manufacturer-size-rec-page-section --about\"><div class=\"wp-block-group__inner-container is-layout-constrained wp-block-group-is-layout-constrained\">\n<div class=\"wp-block-group wfa-manufacturer-size-rec-page-section__heading-stack is-vertical is-content-justification-center is-layout-flex wp-container-core-group-is-layout-4b2eccd6 wp-block-group-is-layout-flex\">\n<h2 class=\"wp-block-heading is-style-not-underlined\" style=\"text-transform:capitalize\">Informazioni su MYCOVER<\/h2>\n\n\n\n<p>Puoi fare affidamento su di esso<\/p>\n<\/div>\n\n\n\n<div class=\"wp-block-group wfa-manufacturer-size-rec-page-section__about__grid\"><div class=\"wp-block-group__inner-container is-layout-constrained wp-block-group-is-layout-constrained\">\n<div class=\"wp-block-cover is-light has-custom-content-position is-position-bottom-center\"><img decoding=\"async\" class=\"wp-block-cover__image-background wp-image-50275\" alt=\"\" src=\"https:\/\/www.mycover-protection.com\/wp-content\/uploads\/2025\/05\/groessenfinder-vorschau-IT_w1500.png\" style=\"object-position:50% 30%\" data-object-fit=\"cover\" data-object-position=\"50% 30%\"\/><span aria-hidden=\"true\" class=\"wp-block-cover__background has-background-dim-10 has-background-dim\" style=\"background-color:#f3f3f3\"><\/span><div class=\"wp-block-cover__inner-container is-layout-constrained wp-block-cover-is-layout-constrained\">\n<h3 class=\"wp-block-heading\">Selezione rapida e semplice della taglia<\/h3>\n\n\n\n<p>Centinaia di moto, Scooter e Chopper sono elencati per te nel nostro <a href=\"#mycover-abdeckplanen-groessenfinder\">Teli coprimoto<\/a>. Molti anche con conversioni.<\/p>\n<\/div><\/div>\n\n\n\n<div class=\"wp-block-cover has-custom-content-position is-position-bottom-center\"><img decoding=\"async\" width=\"2560\" height=\"1398\" class=\"wp-block-cover__image-background wp-image-10405\" alt=\"\" src=\"https:\/\/www.mycover-protection.com\/wp-content\/uploads\/2021\/03\/Motorrad-Kettenschloss-Abus-Granit-Extreme-Plus-59-an-Motorradabdeckplane-Mycover-und-Suzuki-GSX-R1000-extra-wide-scaled.jpg\" data-object-fit=\"cover\" srcset=\"https:\/\/www.mycover-protection.com\/wp-content\/uploads\/2021\/03\/Motorrad-Kettenschloss-Abus-Granit-Extreme-Plus-59-an-Motorradabdeckplane-Mycover-und-Suzuki-GSX-R1000-extra-wide-scaled.jpg 2560w, https:\/\/www.mycover-protection.com\/wp-content\/uploads\/2021\/03\/Motorrad-Kettenschloss-Abus-Granit-Extreme-Plus-59-an-Motorradabdeckplane-Mycover-und-Suzuki-GSX-R1000-extra-wide-300x164.jpg 300w, https:\/\/www.mycover-protection.com\/wp-content\/uploads\/2021\/03\/Motorrad-Kettenschloss-Abus-Granit-Extreme-Plus-59-an-Motorradabdeckplane-Mycover-und-Suzuki-GSX-R1000-extra-wide-1024x559.jpg 1024w, https:\/\/www.mycover-protection.com\/wp-content\/uploads\/2021\/03\/Motorrad-Kettenschloss-Abus-Granit-Extreme-Plus-59-an-Motorradabdeckplane-Mycover-und-Suzuki-GSX-R1000-extra-wide-768x419.jpg 768w, https:\/\/www.mycover-protection.com\/wp-content\/uploads\/2021\/03\/Motorrad-Kettenschloss-Abus-Granit-Extreme-Plus-59-an-Motorradabdeckplane-Mycover-und-Suzuki-GSX-R1000-extra-wide-1536x839.jpg 1536w, https:\/\/www.mycover-protection.com\/wp-content\/uploads\/2021\/03\/Motorrad-Kettenschloss-Abus-Granit-Extreme-Plus-59-an-Motorradabdeckplane-Mycover-und-Suzuki-GSX-R1000-extra-wide-2048x1118.jpg 2048w, https:\/\/www.mycover-protection.com\/wp-content\/uploads\/2021\/03\/Motorrad-Kettenschloss-Abus-Granit-Extreme-Plus-59-an-Motorradabdeckplane-Mycover-und-Suzuki-GSX-R1000-extra-wide-400x218.jpg 400w, https:\/\/www.mycover-protection.com\/wp-content\/uploads\/2021\/03\/Motorrad-Kettenschloss-Abus-Granit-Extreme-Plus-59-an-Motorradabdeckplane-Mycover-und-Suzuki-GSX-R1000-extra-wide-800x437.jpg 800w\" sizes=\"(max-width: 2560px) 100vw, 2560px\" \/><span aria-hidden=\"true\" class=\"wp-block-cover__background has-background-dim-60 has-background-dim\" style=\"background-color:#4c4947\"><\/span><div class=\"wp-block-cover__inner-container is-layout-constrained wp-block-cover-is-layout-constrained\">\n<h3 class=\"wp-block-heading\">Protezione completa per la moto<\/h3>\n\n\n\n<p>Combina il nostro Telo MYCOVER con un <a href=\"https:\/\/www.mycover-protection.com\/it\/produkt-kategorie\/lucchetti-abus\/\">lucchetto ABUS<\/a> e il tuo veicolo sar\u00e0 protetto in modo ottimale!<\/p>\n<\/div><\/div>\n\n\n\n<div class=\"wp-block-cover is-light has-custom-content-position is-position-bottom-center\"><img decoding=\"async\" width=\"1024\" height=\"674\" class=\"wp-block-cover__image-background wp-image-60639 size-large\" alt=\"MYCOVER Protection Abdeckplanen\" src=\"https:\/\/www.mycover-protection.com\/wp-content\/uploads\/2025\/10\/041A8981-1024x674.jpg\" data-object-fit=\"cover\" srcset=\"https:\/\/www.mycover-protection.com\/wp-content\/uploads\/2025\/10\/041A8981-1024x674.jpg 1024w, https:\/\/www.mycover-protection.com\/wp-content\/uploads\/2025\/10\/041A8981-300x198.jpg 300w, https:\/\/www.mycover-protection.com\/wp-content\/uploads\/2025\/10\/041A8981-768x506.jpg 768w, https:\/\/www.mycover-protection.com\/wp-content\/uploads\/2025\/10\/041A8981-1536x1011.jpg 1536w, https:\/\/www.mycover-protection.com\/wp-content\/uploads\/2025\/10\/041A8981-2048x1348.jpg 2048w, https:\/\/www.mycover-protection.com\/wp-content\/uploads\/2025\/10\/041A8981-400x263.jpg 400w, https:\/\/www.mycover-protection.com\/wp-content\/uploads\/2025\/10\/041A8981-800x527.jpg 800w\" sizes=\"(max-width: 1024px) 100vw, 1024px\" \/><span aria-hidden=\"true\" class=\"wp-block-cover__background has-background-dim\" style=\"background-color:#8692a6\"><\/span><div class=\"wp-block-cover__inner-container is-layout-constrained wp-block-cover-is-layout-constrained\">\n<h3 class=\"wp-block-heading\">Teli da motociclisti per motociclisti<\/h3>\n\n\n\n<p>Siamo motociclisti appassionati e sviluppiamo nuovi <a href=\"\/?product_cat=motorrad_abdeckplane\">Teli<\/a> insieme alla nostra comunit\u00e0<\/p>\n<\/div><\/div>\n<\/div><\/div>\n\n\n\n<div class=\"wp-block-group\"><div class=\"wp-block-group__inner-container is-layout-constrained wp-block-group-is-layout-constrained\">\n<div class=\"wp-block-buttons is-horizontal is-content-justification-center is-layout-flex wp-container-core-buttons-is-layout-ddb39544 wp-block-buttons-is-layout-flex\">\n<div class=\"wp-block-button is-style-outline is-style-outline--2\"><a class=\"wp-block-button__link wp-element-button\" href=\"https:\/\/www.mycover-protection.com\/it\/chi-siamo\/\">Scopri di pi\u00f9 su di noi<\/a><\/div>\n<\/div>\n<\/div><\/div>\n<\/div><\/div>\n","protected":false},"excerpt":{"rendered":"<p>Telo coprimoto per BMW Telo coprimoto fatto a mano per la tua moto BMW Taglia giusta in 3 clic Ad esempio per: BMW R 1250 GS, R 1300 GS, F 900 R &#8230; Anche per modifiche e accessori Ottimizzato per parabrezza alto, valigie laterali, bauletto &#8230; Protezione premium per BMW Protegge da graffi, umidit\u00e0, ruggine, [&#8230;]<\/p>\n","protected":false},"author":293,"featured_media":65067,"parent":43202,"menu_order":0,"comment_status":"closed","ping_status":"closed","template":"page-blank.php","meta":{"footnotes":""},"class_list":["post-43166","page","type-page","status-publish","has-post-thumbnail","hentry"],"yoast_head":"<!-- This site is optimized with the Yoast SEO plugin v27.4 - https:\/\/yoast.com\/product\/yoast-seo-wordpress\/ -->\n<title>Telo coprimoto per BMW | Solo 3 clic per la taglia<\/title>\n<meta name=\"description\" content=\"Telo coprimoto MYCOVER\u00ae per BMW: su misura e robusto \u2713 resistente alle intemperie con protezione UV e antipioggia \u2713 mantenimento del valore a lungo termine \u2713 Trova subito la tua taglia\" \/>\n<meta name=\"robots\" content=\"index, follow, max-snippet:-1, max-image-preview:large, max-video-preview:-1\" \/>\n<link rel=\"canonical\" href=\"https:\/\/www.mycover-protection.com\/it\/raccomandazioni-sulle-dimensioni\/teli-coprimoto\/allaperto\/bmw-telo-coprimoto\/\" \/>\n<meta property=\"og:locale\" content=\"it_IT\" \/>\n<meta property=\"og:type\" content=\"article\" \/>\n<meta property=\"og:title\" content=\"Telo coprimoto per BMW | Solo 3 clic per trovare la tua taglia\" \/>\n<meta property=\"og:description\" content=\"Telo coprimoto MYCOVER\u00ae per BMW: su misura e robusto \u2713 resistente alle intemperie con protezione UV e antipioggia \u2713 mantenimento del valore a lungo termine \u2713 Trova subito la tua taglia\" \/>\n<meta property=\"og:url\" content=\"https:\/\/www.mycover-protection.com\/it\/raccomandazioni-sulle-dimensioni\/teli-coprimoto\/allaperto\/bmw-telo-coprimoto\/\" \/>\n<meta property=\"og:site_name\" content=\"MYCOVER\u00ae Online Shop\" \/>\n<meta property=\"article:publisher\" content=\"https:\/\/www.facebook.com\/Mycover-114242613377158\/\" \/>\n<meta property=\"article:modified_time\" content=\"2026-03-26T08:53:48+00:00\" \/>\n<meta property=\"og:image\" content=\"https:\/\/www.mycover-protection.com\/wp-content\/uploads\/2026\/01\/Motorrad-Abdeckplane-BMW-300x300.jpg\" \/>\n<meta name=\"twitter:card\" content=\"summary_large_image\" \/>\n<meta name=\"twitter:title\" content=\"Telo coprimoto per BMW | Solo 3 clic per trovare la tua taglia\" \/>\n<meta name=\"twitter:description\" content=\"Telo coprimoto MYCOVER\u00ae per BMW: su misura e robusto \u2713 resistente alle intemperie con protezione UV e antipioggia \u2713 mantenimento del valore a lungo termine \u2713 Trova subito la tua taglia\" \/>\n<meta name=\"twitter:image\" content=\"https:\/\/www.mycover-protection.com\/wp-content\/uploads\/2026\/01\/Motorrad-Abdeckplane-BMW-1024x1024.jpg\" \/>\n<meta name=\"twitter:label1\" content=\"Tempo di lettura stimato\" \/>\n\t<meta name=\"twitter:data1\" content=\"43 minuti\" \/>\n<script type=\"application\/ld+json\" class=\"yoast-schema-graph\">{\"@context\":\"https:\\\/\\\/schema.org\",\"@graph\":[{\"@type\":\"WebPage\",\"@id\":\"https:\\\/\\\/www.mycover-protection.com\\\/it\\\/raccomandazioni-sulle-dimensioni\\\/teli-coprimoto\\\/allaperto\\\/bmw-telo-coprimoto\\\/\",\"url\":\"https:\\\/\\\/www.mycover-protection.com\\\/it\\\/raccomandazioni-sulle-dimensioni\\\/teli-coprimoto\\\/allaperto\\\/bmw-telo-coprimoto\\\/\",\"name\":\"Telo coprimoto per BMW | Solo 3 clic per la taglia\",\"isPartOf\":{\"@id\":\"https:\\\/\\\/www.mycover-protection.com\\\/it\\\/#website\"},\"primaryImageOfPage\":{\"@id\":\"https:\\\/\\\/www.mycover-protection.com\\\/it\\\/raccomandazioni-sulle-dimensioni\\\/teli-coprimoto\\\/allaperto\\\/bmw-telo-coprimoto\\\/#primaryimage\"},\"image\":{\"@id\":\"https:\\\/\\\/www.mycover-protection.com\\\/it\\\/raccomandazioni-sulle-dimensioni\\\/teli-coprimoto\\\/allaperto\\\/bmw-telo-coprimoto\\\/#primaryimage\"},\"thumbnailUrl\":\"https:\\\/\\\/www.mycover-protection.com\\\/wp-content\\\/uploads\\\/2026\\\/02\\\/Motorrad_Abdeckplane_BMW.jpg\",\"datePublished\":\"2025-04-02T12:26:05+00:00\",\"dateModified\":\"2026-03-26T08:53:48+00:00\",\"description\":\"Telo coprimoto MYCOVER\u00ae per BMW: su misura e robusto \u2713 resistente alle intemperie con protezione UV e antipioggia \u2713 mantenimento del valore a lungo termine \u2713 Trova subito la tua taglia\",\"breadcrumb\":{\"@id\":\"https:\\\/\\\/www.mycover-protection.com\\\/it\\\/raccomandazioni-sulle-dimensioni\\\/teli-coprimoto\\\/allaperto\\\/bmw-telo-coprimoto\\\/#breadcrumb\"},\"inLanguage\":\"it-IT\",\"potentialAction\":[{\"@type\":\"ReadAction\",\"target\":[\"https:\\\/\\\/www.mycover-protection.com\\\/it\\\/raccomandazioni-sulle-dimensioni\\\/teli-coprimoto\\\/allaperto\\\/bmw-telo-coprimoto\\\/\"]}]},{\"@type\":\"ImageObject\",\"inLanguage\":\"it-IT\",\"@id\":\"https:\\\/\\\/www.mycover-protection.com\\\/it\\\/raccomandazioni-sulle-dimensioni\\\/teli-coprimoto\\\/allaperto\\\/bmw-telo-coprimoto\\\/#primaryimage\",\"url\":\"https:\\\/\\\/www.mycover-protection.com\\\/wp-content\\\/uploads\\\/2026\\\/02\\\/Motorrad_Abdeckplane_BMW.jpg\",\"contentUrl\":\"https:\\\/\\\/www.mycover-protection.com\\\/wp-content\\\/uploads\\\/2026\\\/02\\\/Motorrad_Abdeckplane_BMW.jpg\",\"width\":1500,\"height\":1500,\"caption\":\"MYCOVER\u00ae Motorrad Abdeckplane in Schwarz \u00fcber einem BMW Motorrad, wasserdichte Premium Outdoor Schutzh\u00fclle mit \u00fcber 30 Gr\u00f6\u00dfen f\u00fcr mehr als 2500 Modelle, inklusive Transporttasche und Testsiegel \u201eSehr gut\u201c.\"},{\"@type\":\"BreadcrumbList\",\"@id\":\"https:\\\/\\\/www.mycover-protection.com\\\/it\\\/raccomandazioni-sulle-dimensioni\\\/teli-coprimoto\\\/allaperto\\\/bmw-telo-coprimoto\\\/#breadcrumb\",\"itemListElement\":[{\"@type\":\"ListItem\",\"position\":1,\"name\":\"Startseite\",\"item\":\"https:\\\/\\\/www.mycover-protection.com\\\/it\\\/\"},{\"@type\":\"ListItem\",\"position\":2,\"name\":\"Raccomandazioni sulle dimensioni\",\"item\":\"https:\\\/\\\/www.mycover-protection.com\\\/it\\\/raccomandazioni-sulle-dimensioni\\\/\"},{\"@type\":\"ListItem\",\"position\":3,\"name\":\"Teli coprimoto\",\"item\":\"https:\\\/\\\/www.mycover-protection.com\\\/it\\\/raccomandazioni-sulle-dimensioni\\\/teli-coprimoto\\\/\"},{\"@type\":\"ListItem\",\"position\":4,\"name\":\"All&#8217;aperto\",\"item\":\"https:\\\/\\\/www.mycover-protection.com\\\/it\\\/teli-coprimoto\\\/allaperto\\\/\"},{\"@type\":\"ListItem\",\"position\":5,\"name\":\"BMW Telo coprimoto\"}]},{\"@type\":\"WebSite\",\"@id\":\"https:\\\/\\\/www.mycover-protection.com\\\/it\\\/#website\",\"url\":\"https:\\\/\\\/www.mycover-protection.com\\\/it\\\/\",\"name\":\"MYCOVER\u00ae Online Shop\",\"description\":\"Protection at its finest\",\"publisher\":{\"@id\":\"https:\\\/\\\/www.mycover-protection.com\\\/it\\\/#organization\"},\"potentialAction\":[{\"@type\":\"SearchAction\",\"target\":{\"@type\":\"EntryPoint\",\"urlTemplate\":\"https:\\\/\\\/www.mycover-protection.com\\\/it\\\/?s={search_term_string}\"},\"query-input\":{\"@type\":\"PropertyValueSpecification\",\"valueRequired\":true,\"valueName\":\"search_term_string\"}}],\"inLanguage\":\"it-IT\"},{\"@type\":\"Organization\",\"@id\":\"https:\\\/\\\/www.mycover-protection.com\\\/it\\\/#organization\",\"name\":\"MYCOVER\u00ae - PROTECTION AT ITS FINEST\",\"url\":\"https:\\\/\\\/www.mycover-protection.com\\\/it\\\/\",\"logo\":{\"@type\":\"ImageObject\",\"inLanguage\":\"it-IT\",\"@id\":\"https:\\\/\\\/www.mycover-protection.com\\\/it\\\/#\\\/schema\\\/logo\\\/image\\\/\",\"url\":\"https:\\\/\\\/www.mycover-protection.com\\\/wp-content\\\/uploads\\\/2020\\\/01\\\/PAYPAL_190x60_mycover-white.jpg\",\"contentUrl\":\"https:\\\/\\\/www.mycover-protection.com\\\/wp-content\\\/uploads\\\/2020\\\/01\\\/PAYPAL_190x60_mycover-white.jpg\",\"width\":190,\"height\":60,\"caption\":\"MYCOVER\u00ae - PROTECTION AT ITS FINEST\"},\"image\":{\"@id\":\"https:\\\/\\\/www.mycover-protection.com\\\/it\\\/#\\\/schema\\\/logo\\\/image\\\/\"},\"sameAs\":[\"https:\\\/\\\/www.facebook.com\\\/Mycover-114242613377158\\\/\"]}]}<\/script>\n<!-- \/ Yoast SEO plugin. -->","yoast_head_json":{"title":"Telo coprimoto per BMW | Solo 3 clic per la taglia","description":"Telo coprimoto MYCOVER\u00ae per BMW: su misura e robusto \u2713 resistente alle intemperie con protezione UV e antipioggia \u2713 mantenimento del valore a lungo termine \u2713 Trova subito la tua taglia","robots":{"index":"index","follow":"follow","max-snippet":"max-snippet:-1","max-image-preview":"max-image-preview:large","max-video-preview":"max-video-preview:-1"},"canonical":"https:\/\/www.mycover-protection.com\/it\/raccomandazioni-sulle-dimensioni\/teli-coprimoto\/allaperto\/bmw-telo-coprimoto\/","og_locale":"it_IT","og_type":"article","og_title":"Telo coprimoto per BMW | Solo 3 clic per trovare la tua taglia","og_description":"Telo coprimoto MYCOVER\u00ae per BMW: su misura e robusto \u2713 resistente alle intemperie con protezione UV e antipioggia \u2713 mantenimento del valore a lungo termine \u2713 Trova subito la tua taglia","og_url":"https:\/\/www.mycover-protection.com\/it\/raccomandazioni-sulle-dimensioni\/teli-coprimoto\/allaperto\/bmw-telo-coprimoto\/","og_site_name":"MYCOVER\u00ae Online Shop","article_publisher":"https:\/\/www.facebook.com\/Mycover-114242613377158\/","article_modified_time":"2026-03-26T08:53:48+00:00","og_image":[{"url":"https:\/\/www.mycover-protection.com\/wp-content\/uploads\/2026\/01\/Motorrad-Abdeckplane-BMW-300x300.jpg","type":"","width":"","height":""}],"twitter_card":"summary_large_image","twitter_title":"Telo coprimoto per BMW | Solo 3 clic per trovare la tua taglia","twitter_description":"Telo coprimoto MYCOVER\u00ae per BMW: su misura e robusto \u2713 resistente alle intemperie con protezione UV e antipioggia \u2713 mantenimento del valore a lungo termine \u2713 Trova subito la tua taglia","twitter_image":"https:\/\/www.mycover-protection.com\/wp-content\/uploads\/2026\/01\/Motorrad-Abdeckplane-BMW-1024x1024.jpg","twitter_misc":{"Tempo di lettura stimato":"43 minuti"},"schema":{"@context":"https:\/\/schema.org","@graph":[{"@type":"WebPage","@id":"https:\/\/www.mycover-protection.com\/it\/raccomandazioni-sulle-dimensioni\/teli-coprimoto\/allaperto\/bmw-telo-coprimoto\/","url":"https:\/\/www.mycover-protection.com\/it\/raccomandazioni-sulle-dimensioni\/teli-coprimoto\/allaperto\/bmw-telo-coprimoto\/","name":"Telo coprimoto per BMW | Solo 3 clic per la taglia","isPartOf":{"@id":"https:\/\/www.mycover-protection.com\/it\/#website"},"primaryImageOfPage":{"@id":"https:\/\/www.mycover-protection.com\/it\/raccomandazioni-sulle-dimensioni\/teli-coprimoto\/allaperto\/bmw-telo-coprimoto\/#primaryimage"},"image":{"@id":"https:\/\/www.mycover-protection.com\/it\/raccomandazioni-sulle-dimensioni\/teli-coprimoto\/allaperto\/bmw-telo-coprimoto\/#primaryimage"},"thumbnailUrl":"https:\/\/www.mycover-protection.com\/wp-content\/uploads\/2026\/02\/Motorrad_Abdeckplane_BMW.jpg","datePublished":"2025-04-02T12:26:05+00:00","dateModified":"2026-03-26T08:53:48+00:00","description":"Telo coprimoto MYCOVER\u00ae per BMW: su misura e robusto \u2713 resistente alle intemperie con protezione UV e antipioggia \u2713 mantenimento del valore a lungo termine \u2713 Trova subito la tua taglia","breadcrumb":{"@id":"https:\/\/www.mycover-protection.com\/it\/raccomandazioni-sulle-dimensioni\/teli-coprimoto\/allaperto\/bmw-telo-coprimoto\/#breadcrumb"},"inLanguage":"it-IT","potentialAction":[{"@type":"ReadAction","target":["https:\/\/www.mycover-protection.com\/it\/raccomandazioni-sulle-dimensioni\/teli-coprimoto\/allaperto\/bmw-telo-coprimoto\/"]}]},{"@type":"ImageObject","inLanguage":"it-IT","@id":"https:\/\/www.mycover-protection.com\/it\/raccomandazioni-sulle-dimensioni\/teli-coprimoto\/allaperto\/bmw-telo-coprimoto\/#primaryimage","url":"https:\/\/www.mycover-protection.com\/wp-content\/uploads\/2026\/02\/Motorrad_Abdeckplane_BMW.jpg","contentUrl":"https:\/\/www.mycover-protection.com\/wp-content\/uploads\/2026\/02\/Motorrad_Abdeckplane_BMW.jpg","width":1500,"height":1500,"caption":"MYCOVER\u00ae Motorrad Abdeckplane in Schwarz \u00fcber einem BMW Motorrad, wasserdichte Premium Outdoor Schutzh\u00fclle mit \u00fcber 30 Gr\u00f6\u00dfen f\u00fcr mehr als 2500 Modelle, inklusive Transporttasche und Testsiegel \u201eSehr gut\u201c."},{"@type":"BreadcrumbList","@id":"https:\/\/www.mycover-protection.com\/it\/raccomandazioni-sulle-dimensioni\/teli-coprimoto\/allaperto\/bmw-telo-coprimoto\/#breadcrumb","itemListElement":[{"@type":"ListItem","position":1,"name":"Startseite","item":"https:\/\/www.mycover-protection.com\/it\/"},{"@type":"ListItem","position":2,"name":"Raccomandazioni sulle dimensioni","item":"https:\/\/www.mycover-protection.com\/it\/raccomandazioni-sulle-dimensioni\/"},{"@type":"ListItem","position":3,"name":"Teli coprimoto","item":"https:\/\/www.mycover-protection.com\/it\/raccomandazioni-sulle-dimensioni\/teli-coprimoto\/"},{"@type":"ListItem","position":4,"name":"All&#8217;aperto","item":"https:\/\/www.mycover-protection.com\/it\/teli-coprimoto\/allaperto\/"},{"@type":"ListItem","position":5,"name":"BMW Telo coprimoto"}]},{"@type":"WebSite","@id":"https:\/\/www.mycover-protection.com\/it\/#website","url":"https:\/\/www.mycover-protection.com\/it\/","name":"MYCOVER\u00ae Online Shop","description":"Protection at its finest","publisher":{"@id":"https:\/\/www.mycover-protection.com\/it\/#organization"},"potentialAction":[{"@type":"SearchAction","target":{"@type":"EntryPoint","urlTemplate":"https:\/\/www.mycover-protection.com\/it\/?s={search_term_string}"},"query-input":{"@type":"PropertyValueSpecification","valueRequired":true,"valueName":"search_term_string"}}],"inLanguage":"it-IT"},{"@type":"Organization","@id":"https:\/\/www.mycover-protection.com\/it\/#organization","name":"MYCOVER\u00ae - PROTECTION AT ITS FINEST","url":"https:\/\/www.mycover-protection.com\/it\/","logo":{"@type":"ImageObject","inLanguage":"it-IT","@id":"https:\/\/www.mycover-protection.com\/it\/#\/schema\/logo\/image\/","url":"https:\/\/www.mycover-protection.com\/wp-content\/uploads\/2020\/01\/PAYPAL_190x60_mycover-white.jpg","contentUrl":"https:\/\/www.mycover-protection.com\/wp-content\/uploads\/2020\/01\/PAYPAL_190x60_mycover-white.jpg","width":190,"height":60,"caption":"MYCOVER\u00ae - PROTECTION AT ITS FINEST"},"image":{"@id":"https:\/\/www.mycover-protection.com\/it\/#\/schema\/logo\/image\/"},"sameAs":["https:\/\/www.facebook.com\/Mycover-114242613377158\/"]}]}},"_links":{"self":[{"href":"https:\/\/www.mycover-protection.com\/it\/wp-json\/wp\/v2\/pages\/43166","targetHints":{"allow":["GET"]}}],"collection":[{"href":"https:\/\/www.mycover-protection.com\/it\/wp-json\/wp\/v2\/pages"}],"about":[{"href":"https:\/\/www.mycover-protection.com\/it\/wp-json\/wp\/v2\/types\/page"}],"author":[{"embeddable":true,"href":"https:\/\/www.mycover-protection.com\/it\/wp-json\/wp\/v2\/users\/293"}],"replies":[{"embeddable":true,"href":"https:\/\/www.mycover-protection.com\/it\/wp-json\/wp\/v2\/comments?post=43166"}],"version-history":[{"count":32,"href":"https:\/\/www.mycover-protection.com\/it\/wp-json\/wp\/v2\/pages\/43166\/revisions"}],"predecessor-version":[{"id":66586,"href":"https:\/\/www.mycover-protection.com\/it\/wp-json\/wp\/v2\/pages\/43166\/revisions\/66586"}],"up":[{"embeddable":true,"href":"https:\/\/www.mycover-protection.com\/it\/wp-json\/wp\/v2\/pages\/43202"}],"wp:featuredmedia":[{"embeddable":true,"href":"https:\/\/www.mycover-protection.com\/it\/wp-json\/wp\/v2\/media\/65067"}],"wp:attachment":[{"href":"https:\/\/www.mycover-protection.com\/it\/wp-json\/wp\/v2\/media?parent=43166"}],"curies":[{"name":"wp","href":"https:\/\/api.w.org\/{rel}","templated":true}]}}