{"id":44632,"date":"2025-04-02T13:37:40","date_gmt":"2025-04-02T12:37:40","guid":{"rendered":"https:\/\/www.mycover-protection.com\/raccomandazioni-sulle-dimensioni\/teli-coprimoto\/allaperto\/rieju-telo-coprimoto\/"},"modified":"2026-03-26T13:09:23","modified_gmt":"2026-03-26T12:09:23","slug":"rieju-telo-coprimoto","status":"publish","type":"page","link":"https:\/\/www.mycover-protection.com\/it\/raccomandazioni-sulle-dimensioni\/teli-coprimoto\/allaperto\/rieju-telo-coprimoto\/","title":{"rendered":"Rieju Telo coprimoto"},"content":{"rendered":"\n<div class=\"wp-block-group alignfull wfa-manufacturer-size-rec-page-section --hero-list-video has-white-color has-black-background-color has-text-color has-background has-link-color wp-elements-8b2cd46570f71f17832a520839d394dd\"><div class=\"wp-block-group__inner-container is-layout-constrained wp-block-group-is-layout-constrained\">\n<div class=\"wp-block-group wfa-manufacturer-size-rec-page-section__heading-stack is-vertical is-content-justification-center is-layout-flex wp-container-core-group-is-layout-4b2eccd6 wp-block-group-is-layout-flex\">\n<h1 class=\"wp-block-heading is-style-not-underlined\" style=\"text-transform:none\">Telo coprimoto per Rieju<\/h1>\n\n\n\n<p>Telo premium per la tua moto Rieju<\/p>\n<\/div>\n\n\n\n<div class=\"wp-block-columns are-vertically-aligned-center wfa-manufacturer-size-rec-page-section__hero-list-video__columns is-layout-flex wp-container-core-columns-is-layout-9d6595d7 wp-block-columns-is-layout-flex\">\n<div class=\"wp-block-column is-vertically-aligned-center wfa-manufacturer-size-rec-page-section__hero-list-video__columns__col-pitch-items is-layout-flow wp-block-column-is-layout-flow\">\n<div class=\"wp-block-group wfa-manufacturer-size-rec-page-section__hero-list-video__pitch-item-stack is-vertical is-layout-flex wp-container-core-group-is-layout-8cf370e7 wp-block-group-is-layout-flex\">\n<p class=\"wfa-manufacturer-size-rec-page-section__hero-list-video__pitch-item-title\"><strong>Trova la taglia in 3 clic<\/strong><\/p>\n\n\n\n<p>ad es. Rieju MRT 50, Rieju Century 125, Rieju Tango 125 \u2026<\/p>\n<\/div>\n\n\n\n<div class=\"wp-block-group wfa-manufacturer-size-rec-page-section__hero-list-video__pitch-item-stack is-vertical is-layout-flex wp-container-core-group-is-layout-8cf370e7 wp-block-group-is-layout-flex\">\n<p class=\"wfa-manufacturer-size-rec-page-section__hero-list-video__pitch-item-title\"><strong>Compatibile con accessori<\/strong> <strong>e modifiche<\/strong><\/p>\n\n\n\n<p>Compatibile con parabrezza alto, top case, valigie laterali &#8230;<\/p>\n<\/div>\n\n\n\n<div class=\"wp-block-group wfa-manufacturer-size-rec-page-section__hero-list-video__pitch-item-stack is-vertical is-layout-flex wp-container-core-group-is-layout-8cf370e7 wp-block-group-is-layout-flex\">\n<p class=\"wfa-manufacturer-size-rec-page-section__hero-list-video__pitch-item-title\"><strong>Protezione premium per Rieju<\/strong><\/p>\n\n\n\n<p>Antigraffio, impermeabile, morbido vello interno&#8230;<\/p>\n<\/div>\n<\/div>\n\n\n\n<div class=\"wp-block-column is-vertically-aligned-center wfa-manufacturer-size-rec-page-section__hero-list-video__columns__col-video is-layout-flow wp-block-column-is-layout-flow\">\n<div>\n<figure class=\"wf-do-not-force-embed-block wp-block-embed is-type-video is-provider-youtube wp-block-embed-youtube wp-embed-aspect-16-9 wp-has-aspect-ratio\">\n<div class=\"wp-block-embed__wrapper\">\n <div class=\"brlbs-cmpnt-container brlbs-cmpnt-content-blocker brlbs-cmpnt-with-individual-styles\" data-borlabs-cookie-content-blocker-id=\"youtube-content-blocker\" data-borlabs-cookie-content=\"PGlmcmFtZSB0aXRsZT0iTVlDT1ZFUsKuIFRlbG8gY29wcmltb3RvIC0gSWwgbm9zdHJvIG1pZ2xpb3IgVGVsbyBjb3ByaW1vdG8gcGVyIGVzdGVybmkgZGEgbW90b2NpY2xpc3RpIiBhbGxvd2Z1bGxzY3JlZW49ImFsbG93ZnVsbHNjcmVlbiIgc3JjPSJodHRwczovL3d3dy55b3V0dWJlLW5vY29va2llLmNvbS9lbWJlZC9SazBfRDlqVUlGMD9hdXRvcGxheT0wJmF1dG9oaWRlPTEmZnM9MSZyZWw9MCZoZD0xJndtb2RlPXRyYW5zcGFyZW50JmVuYWJsZWpzYXBpPTEmaHRtbDU9MSIgYWxsb3c9ImFjY2VsZXJvbWV0ZXI7IGNsaXBib2FyZC13cml0ZTsgZW5jcnlwdGVkLW1lZGlhOyBneXJvc2NvcGU7IHBpY3R1cmUtaW4tcGljdHVyZSIgd2lkdGg9IjUwMCIgaGVpZ2h0PSIyODEiIGZyYW1lYm9yZGVyPSIwIj48L2lmcmFtZT4=\"><div class=\"brlbs-cmpnt-cb-preset-c brlbs-cmpnt-cb-youtube\"> <div class=\"brlbs-cmpnt-cb-thumbnail\" style=\"background-image: url('https:\/\/www.mycover-protection.com\/wp-content\/uploads\/borlabs-cookie\/1\/yt_Rk0_D9jUIF0_hqdefault.jpg')\"><\/div> <div class=\"brlbs-cmpnt-cb-main\"> <div class=\"brlbs-cmpnt-cb-play-button\"><\/div> <div class=\"brlbs-cmpnt-cb-content\"> <p class=\"brlbs-cmpnt-cb-description\">Si sta visualizzando il contenuto segnaposto di <strong>YouTube<\/strong>. Per accedere al contenuto effettivo, fare clic sul pulsante sottostante. Si prega di notare che i dati saranno trasmessi a fornitori terzi.<\/p> <a class=\"brlbs-cmpnt-cb-provider-toggle\" href=\"#\" data-borlabs-cookie-show-provider-information role=\"button\">Ulteriori informazioni<\/a> <\/div> <div class=\"brlbs-cmpnt-cb-buttons\"> <a class=\"brlbs-cmpnt-cb-btn\" href=\"#\" data-borlabs-cookie-unblock role=\"button\">Mostra video<\/a> <a class=\"brlbs-cmpnt-cb-btn\" href=\"#\" data-borlabs-cookie-accept-service role=\"button\" style=\"display: inherit\">Mostra sempre i video di YouTube<\/a> <\/div> <\/div> <\/div><\/div>\n<\/div>\n<\/figure><\/div>\n<\/div>\n<\/div>\n\n\n\n<div class=\"wp-block-group wfa-manufacturer-size-rec-page-section__partners-stack is-vertical is-content-justification-center is-layout-flex wp-container-core-group-is-layout-4b2eccd6 wp-block-group-is-layout-flex\">\n<h2 class=\"wp-block-heading is-style-not-underlined\">I nostri partner<\/h2>\n\n\n\n<div class=\"wp-block-columns is-layout-flex wp-container-core-columns-is-layout-9d6595d7 wp-block-columns-is-layout-flex\">\n<div class=\"wp-block-column is-layout-flow wp-block-column-is-layout-flow\">\n<figure class=\"wp-block-image size-full\"><img decoding=\"async\" width=\"1248\" height=\"500\" src=\"https:\/\/www.mycover-protection.com\/wp-content\/uploads\/2022\/08\/logo-abus.png\" alt=\"Abus\" class=\"wp-image-19257\" srcset=\"https:\/\/www.mycover-protection.com\/wp-content\/uploads\/2022\/08\/logo-abus.png 1248w, https:\/\/www.mycover-protection.com\/wp-content\/uploads\/2022\/08\/logo-abus-300x120.png 300w, https:\/\/www.mycover-protection.com\/wp-content\/uploads\/2022\/08\/logo-abus-1024x410.png 1024w, https:\/\/www.mycover-protection.com\/wp-content\/uploads\/2022\/08\/logo-abus-768x308.png 768w, https:\/\/www.mycover-protection.com\/wp-content\/uploads\/2022\/08\/logo-abus-400x160.png 400w, https:\/\/www.mycover-protection.com\/wp-content\/uploads\/2022\/08\/logo-abus-800x321.png 800w\" sizes=\"(max-width: 1248px) 100vw, 1248px\" \/><\/figure>\n<\/div>\n\n\n\n<div class=\"wp-block-column is-layout-flow wp-block-column-is-layout-flow\">\n<figure class=\"wp-block-image size-full\"><img decoding=\"async\" width=\"200\" height=\"79\" src=\"https:\/\/www.mycover-protection.com\/wp-content\/uploads\/2022\/08\/logo-big-point.png\" alt=\"Bigpoint\" class=\"wp-image-19260\"\/><\/figure>\n<\/div>\n\n\n\n<div class=\"wp-block-column is-layout-flow wp-block-column-is-layout-flow\">\n<figure class=\"wp-block-image size-full\"><img decoding=\"async\" width=\"1366\" height=\"400\" src=\"https:\/\/www.mycover-protection.com\/wp-content\/uploads\/2022\/08\/logo-beinlich-racingteam.png\" alt=\"Squadra corse Beinlich\" class=\"wp-image-19263\" srcset=\"https:\/\/www.mycover-protection.com\/wp-content\/uploads\/2022\/08\/logo-beinlich-racingteam.png 1366w, https:\/\/www.mycover-protection.com\/wp-content\/uploads\/2022\/08\/logo-beinlich-racingteam-300x88.png 300w, https:\/\/www.mycover-protection.com\/wp-content\/uploads\/2022\/08\/logo-beinlich-racingteam-1024x300.png 1024w, https:\/\/www.mycover-protection.com\/wp-content\/uploads\/2022\/08\/logo-beinlich-racingteam-768x225.png 768w, https:\/\/www.mycover-protection.com\/wp-content\/uploads\/2022\/08\/logo-beinlich-racingteam-400x117.png 400w, https:\/\/www.mycover-protection.com\/wp-content\/uploads\/2022\/08\/logo-beinlich-racingteam-800x234.png 800w\" sizes=\"(max-width: 1366px) 100vw, 1366px\" \/><\/figure>\n<\/div>\n\n\n\n<div class=\"wp-block-column is-layout-flow wp-block-column-is-layout-flow\">\n<figure class=\"wp-block-image size-full is-resized\"><img decoding=\"async\" width=\"218\" height=\"60\" src=\"https:\/\/www.mycover-protection.com\/wp-content\/uploads\/2022\/08\/logo-rsi-performance.png\" alt=\"RSI-Performance Motorsport\" class=\"wp-image-19266\" style=\"width:73px;height:auto\"\/><\/figure>\n<\/div>\n\n\n\n<div class=\"wp-block-column is-layout-flow wp-block-column-is-layout-flow\">\n<figure class=\"wp-block-image size-full\"><img decoding=\"async\" width=\"1366\" height=\"400\" src=\"https:\/\/www.mycover-protection.com\/wp-content\/uploads\/2022\/08\/logo-biker-fahren-fuer-kinder.png\" alt=\"Moto fahren f&#xFC;r Kinder e.V.\" class=\"wp-image-19269\" srcset=\"https:\/\/www.mycover-protection.com\/wp-content\/uploads\/2022\/08\/logo-biker-fahren-fuer-kinder.png 1366w, https:\/\/www.mycover-protection.com\/wp-content\/uploads\/2022\/08\/logo-biker-fahren-fuer-kinder-300x88.png 300w, https:\/\/www.mycover-protection.com\/wp-content\/uploads\/2022\/08\/logo-biker-fahren-fuer-kinder-1024x300.png 1024w, https:\/\/www.mycover-protection.com\/wp-content\/uploads\/2022\/08\/logo-biker-fahren-fuer-kinder-768x225.png 768w, https:\/\/www.mycover-protection.com\/wp-content\/uploads\/2022\/08\/logo-biker-fahren-fuer-kinder-400x117.png 400w, https:\/\/www.mycover-protection.com\/wp-content\/uploads\/2022\/08\/logo-biker-fahren-fuer-kinder-800x234.png 800w\" sizes=\"(max-width: 1366px) 100vw, 1366px\" \/><\/figure>\n<\/div>\n\n\n\n<div class=\"wp-block-column is-layout-flow wp-block-column-is-layout-flow\">\n<figure class=\"wp-block-image size-full\"><img decoding=\"async\" width=\"1300\" height=\"242\" src=\"https:\/\/www.mycover-protection.com\/wp-content\/uploads\/2022\/08\/Kawasaki-Hmaburg.png\" alt=\"Kawasaki Amburgo\" class=\"wp-image-19652\" srcset=\"https:\/\/www.mycover-protection.com\/wp-content\/uploads\/2022\/08\/Kawasaki-Hmaburg.png 1300w, https:\/\/www.mycover-protection.com\/wp-content\/uploads\/2022\/08\/Kawasaki-Hmaburg-300x56.png 300w, https:\/\/www.mycover-protection.com\/wp-content\/uploads\/2022\/08\/Kawasaki-Hmaburg-1024x191.png 1024w, https:\/\/www.mycover-protection.com\/wp-content\/uploads\/2022\/08\/Kawasaki-Hmaburg-768x143.png 768w, https:\/\/www.mycover-protection.com\/wp-content\/uploads\/2022\/08\/Kawasaki-Hmaburg-400x74.png 400w, https:\/\/www.mycover-protection.com\/wp-content\/uploads\/2022\/08\/Kawasaki-Hmaburg-800x149.png 800w\" sizes=\"(max-width: 1300px) 100vw, 1300px\" \/><\/figure>\n<\/div>\n<\/div>\n<\/div>\n\n\n\n<div class=\"wp-block-group wfa-manufacturer-size-rec-page-section__heading-stack is-vertical is-content-justification-center is-layout-flex wp-container-core-group-is-layout-4b2eccd6 wp-block-group-is-layout-flex\">\n<h2 class=\"wp-block-heading is-style-not-underlined\" id=\"mycover-abdeckplanen-groessenfinder\" style=\"text-transform:capitalize\">Trova-taglia Coprimoto Rieju<\/h2>\n\n\n\n<p>Consigli per modelli Rieju compatibili<\/p>\n<\/div>\n<\/div><\/div>\n\n<div class=\"wp-block-group alignfull wfa-manufacturer-size-rec-page-section --hero-size-recs has-background\" style=\"background-color:#fafafa\"><div class=\"wp-block-group__inner-container is-layout-constrained wp-block-group-is-layout-constrained\">\n<div data-color-scheme=\"error\" class=\"wfa-component-alertbox\" data-wfa-component=\"alertbox\">\t<p><strong>Vietato<\/strong><\/p>\n\t<p>Lo shortcode <code>[[wfa-component-tarpaulin-size-recommendation]]<\/code> non \u00e8 stato rilasciato per questo tipo di pagina.\t<\/p>\n<\/div>\n\n\n<\/div><\/div>\n\n<div class=\"wp-block-group alignfull wfa-manufacturer-size-rec-page-section --cols-customer-review-with-stars\"><div class=\"wp-block-group__inner-container is-layout-constrained wp-block-group-is-layout-constrained\">\n<div class=\"wp-block-group wfa-manufacturer-size-rec-page-section__heading-stack is-vertical is-content-justification-center is-layout-flex wp-container-core-group-is-layout-4b2eccd6 wp-block-group-is-layout-flex\">\n<h2 class=\"wp-block-heading is-style-not-underlined\" style=\"text-transform:none\">Opinioni di clienti soddisfatti<\/h2>\n\n\n\n<p>Di cosa ha davvero bisogno la tua moto Rieju per cura e conservazione<\/p>\n<\/div>\n\n\n\n<div class=\"wp-block-columns wfa-manufacturer-size-rec-page-section__cols-customer-review-with-stars__columns is-layout-flex wp-container-core-columns-is-layout-9d6595d7 wp-block-columns-is-layout-flex\">\n<div class=\"wp-block-column is-layout-flow wp-block-column-is-layout-flow\" style=\"flex-basis:50%\">\n<div data-color-scheme=\"error\" class=\"wfa-component-alertbox\" data-wfa-component=\"alertbox\">\t<p><strong>Vietato<\/strong><\/p>\n\t<p>Lo shortcode <code>[[wfa-review]]<\/code> non \u00e8 stato rilasciato per questo tipo di pagina.\t<\/p>\n<\/div>\n\n\n<\/div>\n\n\n\n<div class=\"wp-block-column is-layout-flow wp-block-column-is-layout-flow\" style=\"flex-basis:50%\">\n<div data-color-scheme=\"error\" class=\"wfa-component-alertbox\" data-wfa-component=\"alertbox\">\t<p><strong>Vietato<\/strong><\/p>\n\t<p>Lo shortcode <code>[[wfa-review]]<\/code> non \u00e8 stato rilasciato per questo tipo di pagina.\t<\/p>\n<\/div>\n\n\n<\/div>\n<\/div>\n\n\n\n<div class=\"wp-block-columns wfa-manufacturer-size-rec-page-section__cols-customer-review-with-stars__columns is-layout-flex wp-container-core-columns-is-layout-9d6595d7 wp-block-columns-is-layout-flex\">\n<div class=\"wp-block-column is-layout-flow wp-block-column-is-layout-flow\" style=\"flex-basis:50%\">\n<div data-color-scheme=\"error\" class=\"wfa-component-alertbox\" data-wfa-component=\"alertbox\">\t<p><strong>Vietato<\/strong><\/p>\n\t<p>Lo shortcode <code>[[wfa-review]]<\/code> non \u00e8 stato rilasciato per questo tipo di pagina.\t<\/p>\n<\/div>\n\n\n<\/div>\n\n\n\n<div class=\"wp-block-column is-layout-flow wp-block-column-is-layout-flow\" style=\"flex-basis:50%\">\n<div data-color-scheme=\"error\" class=\"wfa-component-alertbox\" data-wfa-component=\"alertbox\">\t<p><strong>Vietato<\/strong><\/p>\n\t<p>Lo shortcode <code>[[wfa-review]]<\/code> non \u00e8 stato rilasciato per questo tipo di pagina.\t<\/p>\n<\/div>\n\n\n<\/div>\n<\/div>\n\n\n\n<div class=\"wp-block-buttons is-horizontal is-content-justification-center is-layout-flex wp-container-core-buttons-is-layout-ddb39544 wp-block-buttons-is-layout-flex\">\n<div class=\"wp-block-button\"><a class=\"wp-block-button__link wp-element-button\" href=\"#mycover-abdeckplanen-groessenfinder\">Seleziona la taglia ora<\/a><\/div>\n<\/div>\n<\/div><\/div>\n\n<div class=\"wp-block-group alignfull wfa-manufacturer-size-rec-page-section --mycover-size-finder-model-list\"><div class=\"wp-block-group__inner-container is-layout-constrained wp-block-group-is-layout-constrained\">\n<div class=\"wp-block-group wfa-manufacturer-size-rec-page-section__heading-stack is-vertical is-content-justification-center is-layout-flex wp-container-core-group-is-layout-4b2eccd6 wp-block-group-is-layout-flex\">\n<h2 class=\"wp-block-heading is-style-not-underlined\" style=\"text-transform:capitalize\">Selezione modello Telo coprimoto Rieju<\/h2>\n<\/div>\n\n\n\n<div class=\"wp-block-group wfa-manufacturer-size-rec-page-section__size-finder-model-list__vehicle-variations is-vertical is-content-justification-left is-layout-flex wp-container-core-group-is-layout-c0ca7d81 wp-block-group-is-layout-flex\">\n<ul class=\"wp-block-list\">\n<li>Sport<\/li>\n\n\n\n<li>Touring<\/li>\n\n\n\n<li>Avventura<\/li>\n\n\n\n<li>Classic<\/li>\n\n\n\n<li>Enduro<\/li>\n\n\n\n<li>Heritage<\/li>\n<\/ul>\n<\/div>\n\n\n\n<div data-color-scheme=\"error\" class=\"wfa-component-alertbox\" data-wfa-component=\"alertbox\">\t<p><strong>Vietato<\/strong><\/p>\n\t<p>Lo shortcode <code>[[wfa-component-motorcycle-model-list]]<\/code> non \u00e8 stato rilasciato per questo tipo di pagina.\t<\/p>\n<\/div>\n\n\n<\/div><\/div>\n\n<div class=\"wp-block-group alignfull wfa-manufacturer-size-rec-page-section --img-left-text-right\"><div class=\"wp-block-group__inner-container is-layout-constrained wp-block-group-is-layout-constrained\">\n<div class=\"wp-block-group wfa-manufacturer-size-rec-page-section__heading-stack is-vertical is-content-justification-center is-layout-flex wp-container-core-group-is-layout-4b2eccd6 wp-block-group-is-layout-flex\">\n<h2 class=\"wp-block-heading is-style-not-underlined\" style=\"text-transform:none\">Telo premium per la tua Rieju<\/h2>\n\n\n\n<p>Cos\u00ec puoi parcheggiare la moto all\u2019asciutto e proteggerla dai graffi<\/p>\n<\/div>\n\n\n\n<div class=\"wp-block-columns are-vertically-aligned-center wfa-manufacturer-size-rec-page-section__img-left-text-right__cols is-layout-flex wp-container-core-columns-is-layout-9d6595d7 wp-block-columns-is-layout-flex\">\n<div class=\"wp-block-column is-vertically-aligned-center wfa-manufacturer-size-rec-page-section__img-left-text-right__img-wrap is-layout-flow wp-block-column-is-layout-flow\" style=\"flex-basis:50%\">\n<figure class=\"wp-block-image size-full\"><img decoding=\"async\" width=\"800\" height=\"800\" src=\"https:\/\/www.mycover-protection.com\/wp-content\/uploads\/2019\/12\/MYCOVER_Front_white.jpg\" alt=\"\" class=\"wp-image-3216\" srcset=\"https:\/\/www.mycover-protection.com\/wp-content\/uploads\/2019\/12\/MYCOVER_Front_white.jpg 800w, https:\/\/www.mycover-protection.com\/wp-content\/uploads\/2019\/12\/MYCOVER_Front_white-300x300.jpg 300w, https:\/\/www.mycover-protection.com\/wp-content\/uploads\/2019\/12\/MYCOVER_Front_white-200x200.jpg 200w, https:\/\/www.mycover-protection.com\/wp-content\/uploads\/2019\/12\/MYCOVER_Front_white-150x150.jpg 150w, https:\/\/www.mycover-protection.com\/wp-content\/uploads\/2019\/12\/MYCOVER_Front_white-768x768.jpg 768w\" sizes=\"(max-width: 800px) 100vw, 800px\" \/><\/figure>\n<\/div>\n\n\n\n<div class=\"wp-block-column is-vertically-aligned-center is-layout-flow wp-block-column-is-layout-flow\" style=\"flex-basis:50%\">\n<div class=\"wp-block-group wfa-manufacturer-size-rec-page-section__img-left-text-right__text-stack is-vertical is-layout-flex wp-container-core-group-is-layout-8cf370e7 wp-block-group-is-layout-flex\">\n<p>Proteggi la tua Rieju con il <a href=\"https:\/\/www.mycover-protection.com\/it\/produkt\/mycover-telo-coprimoto-premium-per-esterni\/\">telo premium di MYCOVER<\/a>: il materiale 300D estremamente resistente allo strappo e le doppie cuciture impermeabili sfidano qualsiasi meteo, mentre il morbido rivestimento interno protegge la vernice.<\/p>\n\n\n\n<p>Con robuste cinghie di fissaggio, intelligenti zone di ventilazione e riflettori a 360\u00b0, la tua moto gode della massima protezione nella vita di tutti i giorni. Trova ora la taglia ideale per il tuo modello. <\/p>\n\n\n\n<hr class=\"wp-block-separator has-alpha-channel-opacity\"\/>\n<\/div>\n\n\n\n<div class=\"wp-block-buttons is-horizontal is-content-justification-left is-layout-flex wp-container-core-buttons-is-layout-92fc3979 wp-block-buttons-is-layout-flex\">\n<div class=\"wp-block-button\"><a class=\"wp-block-button__link wp-element-button\" href=\"#mycover-abdeckplanen-groessenfinder\">Seleziona la taglia ora<\/a><\/div>\n<\/div>\n<\/div>\n<\/div>\n<\/div><\/div>\n\n<div class=\"wp-block-group alignfull wfa-manufacturer-size-rec-page-section --text-one-col-boxed\"><div class=\"wp-block-group__inner-container is-layout-constrained wp-block-group-is-layout-constrained\">\n<div class=\"wp-block-group wfa-manufacturer-size-rec-page-section__heading-stack is-vertical is-content-justification-center is-layout-flex wp-container-core-group-is-layout-4b2eccd6 wp-block-group-is-layout-flex\">\n<h2 class=\"wp-block-heading is-style-not-underlined\" style=\"text-transform:capitalize\">Informazioni su Rieju<\/h2>\n<\/div>\n\n\n\n<div class=\"wp-block-group wfa-manufacturer-size-rec-page-section__text-one-col-boxed__content-stack --text-lg is-vertical is-layout-flex wp-container-core-group-is-layout-8cf370e7 wp-block-group-is-layout-flex\">\n<p>Dal 1934 Rieju \u00e8 sinonimo di tradizione motociclistica spagnola e innovazione. Oggi il portfolio versatile spazia da off-road, supermoto e travel fino alle moderne moto elettriche. Dal 2020 un focus particolare \u00e8 sulla nuova gamma hard off-road, con cui il marchio ha ampliato con coerenza la propria competenza nel settore enduro.  <\/p>\n\n\n\n<p>La <strong>Marathon 125<\/strong> unisce DNA off-road e piena praticit\u00e0 quotidiana. Per prestazioni sportive su strada c\u2019\u00e8 la storica <strong>RS3 125<\/strong>, mentre la <strong>MR 300<\/strong> \u00e8 progettata senza compromessi per l\u2019enduro pi\u00f9 impegnativo. Un telo su misura protegge in modo affidabile vernice e tecnica di questi modelli dagli agenti esterni.  <\/p>\n\n\n\n<hr class=\"wp-block-separator has-alpha-channel-opacity\"\/>\n<\/div>\n<\/div><\/div>\n\n<div class=\"wp-block-group alignfull wfa-manufacturer-size-rec-page-section --faq\"><div class=\"wp-block-group__inner-container is-layout-constrained wp-block-group-is-layout-constrained\">\n<div class=\"wp-block-group wfa-manufacturer-size-rec-page-section__heading-stack is-vertical is-content-justification-center is-layout-flex wp-container-core-group-is-layout-4b2eccd6 wp-block-group-is-layout-flex\">\n<h2 class=\"wp-block-heading is-style-not-underlined\" style=\"text-transform:none\">Domande frequenti sul nostro Telo<\/h2>\n\n\n\n<p>Domande su vestibilit\u00e0 e utilizzo con i modelli Rieju pi\u00f9 diffusi<\/p>\n<\/div>\n\n\n\n<div class=\"wp-block-group wfa-manufacturer-size-rec-page-section__faq__content-stack is-vertical is-content-justification-left is-layout-flex wp-container-core-group-is-layout-c0ca7d81 wp-block-group-is-layout-flex\">\n<details class=\"wp-block-webfluence-blocks-details-summary\">\n<summary class=\"wp-block-webfluence-blocks-details-summary-title\">\n<h3 class=\"wp-block-heading\">Un telo coprimoto per MRT 50 \u00e8 adatto all\u2019uso quotidiano?<\/h3>\n<\/summary>\n\n\n\n<div class=\"wp-block-webfluence-blocks-details-summary-body\">\n<p>S\u00ec, soprattutto se il veicolo resta regolarmente all\u2019aperto. Un telo adatto protegge carenatura, sella e accessori da pioggia, raggi UV e sporco nella quotidianit\u00e0. <\/p>\n<\/div>\n<\/details>\n\n\n\n<details class=\"wp-block-webfluence-blocks-details-summary\">\n<summary class=\"wp-block-webfluence-blocks-details-summary-title\">\n<h3 class=\"wp-block-heading\">Come faccio a trovare il Coprimoto giusto per la mia Rieju senza misurare?<\/h3>\n<\/summary>\n\n\n\n<div class=\"wp-block-webfluence-blocks-details-summary-body\">\n<p>Il modo pi\u00f9 semplice \u00e8 tramite il nostro <a href=\"https:\/\/www.mycover-protection.com\/it\/produkt\/mycover-telo-coprimoto-premium-per-esterni\/#groessenempfehlungen\">trova-taglia<\/a>. L\u00ec selezioni il tuo modello e le modifiche rilevanti e ricevi subito la taglia consigliata. <\/p>\n<\/div>\n<\/details>\n\n\n\n<details class=\"wp-block-webfluence-blocks-details-summary\">\n<summary class=\"wp-block-webfluence-blocks-details-summary-title\">\n<h3 class=\"wp-block-heading\">Quanto \u00e8 adatto un telo protettivo per Century 125 nonostante il parabrezza alto?<\/h3>\n<\/summary>\n\n\n\n<div class=\"wp-block-webfluence-blocks-details-summary-body\">\n<p>S\u00ec, anche con parabrezza alto pu\u00f2 andare bene. Abbiamo diverse taglie, anche per una maggiore altezza frontale, e tramite il <a href=\"https:\/\/www.mycover-protection.com\/it\/produkt\/mycover-telo-coprimoto-premium-per-esterni\/#groessenempfehlungen\">trova-taglia<\/a> arrivi in modo rapido e semplice alla raccomandazione giusta, senza dover misurare. <\/p>\n<\/div>\n<\/details>\n\n\n\n<details class=\"wp-block-webfluence-blocks-details-summary\">\n<summary class=\"wp-block-webfluence-blocks-details-summary-title\">\n<h3 class=\"wp-block-heading\">Una copertura per Rieju ha senso anche in garage?<\/h3>\n<\/summary>\n\n\n\n<div class=\"wp-block-webfluence-blocks-details-summary-body\">\n<p>S\u00ec, ha senso anche in garage. La tua moto Rieju l\u00ec \u00e8 protetta dalla pioggia, ma non da polvere, sfregamenti o graffi durante soste prolungate. Per l\u2019interno, la nostra<a href=\"https:\/\/www.mycover-protection.com\/it\/produkt\/mycover-telo-coprimoto-da-interno-di-qualita-superiore\/\"> copertura Indoor<\/a> \u00e8 una buona soluzione. Se cerchi un telo da usare in modo flessibile in garage e all\u2019aperto, la nostra <a href=\"https:\/\/www.mycover-protection.com\/it\/produkt\/mycover-telo-coprimoto-premium-per-esterni\/\">copertura Outdoor<\/a> \u00e8 ancora pi\u00f9 adatta.   <\/p>\n<\/div>\n<\/details>\n\n\n\n<details class=\"wp-block-webfluence-blocks-details-summary\">\n<summary class=\"wp-block-webfluence-blocks-details-summary-title\">\n<h3 class=\"wp-block-heading\">Un telo coprimoto per Tango 125 resta ben fissato al veicolo anche con vento?<\/h3>\n<\/summary>\n\n\n\n<div class=\"wp-block-webfluence-blocks-details-summary-body\">\n<p>S\u00ec, se il telo calza su misura ed \u00e8 posizionato correttamente. Le cinghie di fissaggio sotto il veicolo e gli orli elastici davanti e dietro migliorano nettamente la tenuta con vento normale. <\/p>\n<\/div>\n<\/details>\n\n\n\n<details class=\"wp-block-webfluence-blocks-details-summary\">\n<summary class=\"wp-block-webfluence-blocks-details-summary-title\">\n<h3 class=\"wp-block-heading\">Una copertura per Rieju offre una protezione affidabile sotto la pioggia?<\/h3>\n<\/summary>\n\n\n\n<div class=\"wp-block-webfluence-blocks-details-summary-body\">\n<p>S\u00ec, se il materiale \u00e8 impermeabile e il telo calza bene. I nostri <a href=\"https:\/\/www.mycover-protection.com\/it\/produkt\/mycover-telo-coprimoto-premium-per-esterni\/\">Teli<\/a> hanno cinghie di sicurezza che puoi fissare sotto il veicolo, oltre a elastici davanti e dietro che migliorano ulteriormente la tenuta. Le aperture di ventilazione aiutano inoltre a far fuoriuscire l\u2019umidit\u00e0.  <\/p>\n<\/div>\n<\/details>\n\n\n\n<details class=\"wp-block-webfluence-blocks-details-summary\">\n<summary class=\"wp-block-webfluence-blocks-details-summary-title\">\n<h3 class=\"wp-block-heading\">Un telo coprimoto per Marathon 125 si pu\u00f2 usare senza problemi dopo la guida?<\/h3>\n<\/summary>\n\n\n\n<div class=\"wp-block-webfluence-blocks-details-summary-body\">\n<p>S\u00ec, non appena i componenti caldi sono solo tiepidi al tatto, in genere puoi usarlo senza problemi. Nelle zone particolarmente calde, sui nostri Teli coprimoto un paracalore integrato protegge ulteriormente il materiale. <\/p>\n<\/div>\n<\/details>\n\n\n\n<details class=\"wp-block-webfluence-blocks-details-summary\">\n<summary class=\"wp-block-webfluence-blocks-details-summary-title\">\n<h3 class=\"wp-block-heading\">Un Coprimoto per Rieju previene i graffi sulla superficie?<\/h3>\n<\/summary>\n\n\n\n<div class=\"wp-block-webfluence-blocks-details-summary-body\">\n<p>Pu\u00f2 ridurre molto il rischio, se il telo \u00e8 adatto alla forma del veicolo. Particolarmente protettivo \u00e8 un morbido rivestimento interno, perch\u00e9 riduce l\u2019attrito su vernice, carenatura e parabrezza. <\/p>\n<\/div>\n<\/details>\n\n\n\n<details class=\"wp-block-webfluence-blocks-details-summary\">\n<summary class=\"wp-block-webfluence-blocks-details-summary-title\">\n<h3 class=\"wp-block-heading\">Una copertura per Century 125 \u00e8 adatta anche con sole forte?<\/h3>\n<\/summary>\n\n\n\n<div class=\"wp-block-webfluence-blocks-details-summary-body\">\n<p>S\u00ec, se il materiale \u00e8 resistente ai raggi UV ed \u00e8 progettato per l\u2019uso esterno. Cos\u00ec vernice, parti in plastica e sella sono meglio protette da scolorimento e invecchiamento precoce. <\/p>\n<\/div>\n<\/details>\n\n\n\n<details class=\"wp-block-webfluence-blocks-details-summary\">\n<summary class=\"wp-block-webfluence-blocks-details-summary-title\">\n<h3 class=\"wp-block-heading\">Una copertura per Rieju offre una protezione antifurto aggiuntiva?<\/h3>\n<\/summary>\n\n\n\n<div class=\"wp-block-webfluence-blocks-details-summary-body\">\n<p>Non impedisce direttamente il furto, ma pu\u00f2 renderlo molto pi\u00f9 difficile. Le aperture rinforzate per il lucchetto davanti e dietro permettono di usare un lucchetto aggiuntivo, come quelli di <a href=\"https:\/\/www.mycover-protection.com\/it\/produkt-kategorie\/lucchetti-abus\/\">ABUS<\/a>, e di fissare allo stesso tempo il telo direttamente alla moto. <\/p>\n<\/div>\n<\/details>\n\n\n\n<details class=\"wp-block-webfluence-blocks-details-summary\">\n<summary class=\"wp-block-webfluence-blocks-details-summary-title\">\n<h3 class=\"wp-block-heading\">Un Coprimoto per MRT 50 resta adatto anche con portapacchi?<\/h3>\n<\/summary>\n\n\n\n<div class=\"wp-block-webfluence-blocks-details-summary-body\">\n<p>Dipende dalla forma del portapacchi. Abbiamo diverse taglie e, tramite il <a href=\"https:\/\/www.mycover-protection.com\/it\/produkt\/mycover-telo-coprimoto-premium-per-esterni\/#groessenempfehlungen\">trova-taglia<\/a> nella pagina prodotto, arrivi rapidamente alla raccomandazione giusta. L\u00ec puoi anche indicare gli accessori, cos\u00ec la taglia si adatta meglio al tuo veicolo.  <\/p>\n<\/div>\n<\/details>\n\n\n\n<details class=\"wp-block-webfluence-blocks-details-summary\">\n<summary class=\"wp-block-webfluence-blocks-details-summary-title\">\n<h3 class=\"wp-block-heading\">Un telo protettivo per Rieju \u00e8 facile da mantenere e pulire?<\/h3>\n<\/summary>\n\n\n\n<div class=\"wp-block-webfluence-blocks-details-summary-body\">\n<p>S\u00ec, di solito basta acqua tiepida con un <a href=\"https:\/\/www.mycover-protection.com\/it\/produkt\/tent-gear-solarwash-spray-on-detergente-per-teli-coprimoto\/\">detergente delicato<\/a>. Poi dovresti lasciare asciugare completamente all\u2019aria il telo, prima di rimetterlo sulla moto. <\/p>\n<\/div>\n<\/details>\n<\/div>\n\n\n\n<div class=\"wp-block-buttons is-horizontal is-content-justification-center is-layout-flex wp-container-core-buttons-is-layout-ddb39544 wp-block-buttons-is-layout-flex\">\n<div class=\"wp-block-button\"><a class=\"wp-block-button__link wp-element-button\" href=\"#mycover-abdeckplanen-groessenfinder\">Seleziona la taglia ora<\/a><\/div>\n<\/div>\n<\/div><\/div>\n\n<div class=\"wp-block-group alignfull wfa-manufacturer-size-rec-page-section --all-mycover-products\"><div class=\"wp-block-group__inner-container is-layout-constrained wp-block-group-is-layout-constrained\">\n<div class=\"wp-block-group wfa-reusable-group-all-mycover-products has-black-color has-text-color has-link-color wp-elements-c72def7f086f3d5fcfe4bdfd3f05e5b2\"><div class=\"wp-block-group__inner-container is-layout-constrained wp-block-group-is-layout-constrained\">\n<p class=\"has-text-align-center wfa-reusable-group-all-mycover-products__title has-large-font-size\"><strong>Tutti MYCOVER\u00ae-Prodotti<\/strong><\/p>\n\n\n\n<div class=\"wp-block-cb-carousel-v2 cb-carousel-block\" data-cb-slides-per-view=\"2\" data-cb-slides-per-group=\"1\" data-cb-space-between=\"0\" data-cb-speed=\"200\" data-cb-navigation=\"true\" data-cb-breakpoints=\"{&quot;768&quot;:{&quot;slidesPerView&quot;:4,&quot;slidesPerGroup&quot;:1}}\"><div class=\"swiper\"><div class=\"cb-wrapper swiper-wrapper\">\n<div class=\"wp-block-cb-slide-v2 cb-slide swiper-slide\">\n<div class=\"wp-block-group\"><div class=\"wp-block-group__inner-container is-layout-constrained wp-block-group-is-layout-constrained\">\n<figure class=\"wp-block-image size-large\"><img decoding=\"async\" width=\"1024\" height=\"1024\" src=\"https:\/\/www.mycover-protection.com\/wp-content\/uploads\/2022\/11\/Motorrad_abdeckplane_outdoor-1024x1024.jpg\" alt=\"Telo coprimoto per esterno\" class=\"wp-image-22125\" srcset=\"https:\/\/www.mycover-protection.com\/wp-content\/uploads\/2022\/11\/Motorrad_abdeckplane_outdoor-1024x1024.jpg 1024w, https:\/\/www.mycover-protection.com\/wp-content\/uploads\/2022\/11\/Motorrad_abdeckplane_outdoor-300x300.jpg 300w, https:\/\/www.mycover-protection.com\/wp-content\/uploads\/2022\/11\/Motorrad_abdeckplane_outdoor-150x150.jpg 150w, https:\/\/www.mycover-protection.com\/wp-content\/uploads\/2022\/11\/Motorrad_abdeckplane_outdoor-768x768.jpg 768w, https:\/\/www.mycover-protection.com\/wp-content\/uploads\/2022\/11\/Motorrad_abdeckplane_outdoor-270x270.jpg 270w, https:\/\/www.mycover-protection.com\/wp-content\/uploads\/2022\/11\/Motorrad_abdeckplane_outdoor-800x800.jpg 800w, https:\/\/www.mycover-protection.com\/wp-content\/uploads\/2022\/11\/Motorrad_abdeckplane_outdoor-200x200.jpg 200w, https:\/\/www.mycover-protection.com\/wp-content\/uploads\/2022\/11\/Motorrad_abdeckplane_outdoor.jpg 1200w\" sizes=\"(max-width: 1024px) 100vw, 1024px\" \/><\/figure>\n\n\n\n<p><a href=\"https:\/\/www.mycover-protection.com\/es\/produkt\/mycover-funda-para-moto-exterior-premium\/\"><strong>Telo coprimoto per esterni<\/strong><\/a><\/p>\n<\/div><\/div>\n<\/div>\n\n\n\n<div class=\"wp-block-cb-slide-v2 cb-slide swiper-slide\">\n<div class=\"wp-block-group\"><div class=\"wp-block-group__inner-container is-layout-constrained wp-block-group-is-layout-constrained\">\n<figure class=\"wp-block-image size-full\"><img decoding=\"async\" width=\"800\" height=\"800\" src=\"https:\/\/www.mycover-protection.com\/wp-content\/uploads\/2023\/01\/Motorrad-abdeckplane-chopper.png\" alt=\"Telo per esterni Chopper\" class=\"wp-image-21485\" srcset=\"https:\/\/www.mycover-protection.com\/wp-content\/uploads\/2023\/01\/Motorrad-abdeckplane-chopper.png 800w, https:\/\/www.mycover-protection.com\/wp-content\/uploads\/2023\/01\/Motorrad-abdeckplane-chopper-300x300.png 300w, https:\/\/www.mycover-protection.com\/wp-content\/uploads\/2023\/01\/Motorrad-abdeckplane-chopper-150x150.png 150w, https:\/\/www.mycover-protection.com\/wp-content\/uploads\/2023\/01\/Motorrad-abdeckplane-chopper-768x768.png 768w, https:\/\/www.mycover-protection.com\/wp-content\/uploads\/2023\/01\/Motorrad-abdeckplane-chopper-270x270.png 270w, https:\/\/www.mycover-protection.com\/wp-content\/uploads\/2023\/01\/Motorrad-abdeckplane-chopper-200x200.png 200w\" sizes=\"(max-width: 800px) 100vw, 800px\" \/><\/figure>\n\n\n\n<p><a href=\"https:\/\/www.mycover-protection.com\/es\/produkt\/mycover-funda-exterior-premium-para-chopper\/\"><strong>Chopper Telo per esterni<\/strong><\/a><\/p>\n<\/div><\/div>\n<\/div>\n\n\n\n<div class=\"wp-block-cb-slide-v2 cb-slide swiper-slide\">\n<div class=\"wp-block-group\"><div class=\"wp-block-group__inner-container is-layout-constrained wp-block-group-is-layout-constrained\">\n<figure class=\"wp-block-image size-full\"><img decoding=\"async\" width=\"800\" height=\"800\" src=\"https:\/\/www.mycover-protection.com\/wp-content\/uploads\/2023\/01\/Motorrad-Abdeckplane-Topcase.png\" alt=\"Telo per Scooter con custodia superiore\" class=\"wp-image-21482\" srcset=\"https:\/\/www.mycover-protection.com\/wp-content\/uploads\/2023\/01\/Motorrad-Abdeckplane-Topcase.png 800w, https:\/\/www.mycover-protection.com\/wp-content\/uploads\/2023\/01\/Motorrad-Abdeckplane-Topcase-300x300.png 300w, https:\/\/www.mycover-protection.com\/wp-content\/uploads\/2023\/01\/Motorrad-Abdeckplane-Topcase-150x150.png 150w, https:\/\/www.mycover-protection.com\/wp-content\/uploads\/2023\/01\/Motorrad-Abdeckplane-Topcase-768x768.png 768w, https:\/\/www.mycover-protection.com\/wp-content\/uploads\/2023\/01\/Motorrad-Abdeckplane-Topcase-270x270.png 270w, https:\/\/www.mycover-protection.com\/wp-content\/uploads\/2023\/01\/Motorrad-Abdeckplane-Topcase-200x200.png 200w\" sizes=\"(max-width: 800px) 100vw, 800px\" \/><\/figure>\n\n\n\n<p><a href=\"https:\/\/www.mycover-protection.com\/es\/produkt\/mycover-funda-exterior-premium-para-scooter\/\"><strong>Scooter Telo per esterni<\/strong><\/a><\/p>\n<\/div><\/div>\n<\/div>\n\n\n\n<div class=\"wp-block-cb-slide-v2 cb-slide swiper-slide\">\n<div class=\"wp-block-group\"><div class=\"wp-block-group__inner-container is-layout-constrained wp-block-group-is-layout-constrained\">\n<figure class=\"wp-block-image size-full\"><img decoding=\"async\" width=\"800\" height=\"800\" src=\"https:\/\/www.mycover-protection.com\/wp-content\/uploads\/2022\/07\/Motorrrad-Abdeckplane-Indoor-Stoff.png\" alt=\"Telo coprimoto Indoor soft\" class=\"wp-image-20162\" srcset=\"https:\/\/www.mycover-protection.com\/wp-content\/uploads\/2022\/07\/Motorrrad-Abdeckplane-Indoor-Stoff.png 800w, https:\/\/www.mycover-protection.com\/wp-content\/uploads\/2022\/07\/Motorrrad-Abdeckplane-Indoor-Stoff-300x300.png 300w, https:\/\/www.mycover-protection.com\/wp-content\/uploads\/2022\/07\/Motorrrad-Abdeckplane-Indoor-Stoff-150x150.png 150w, https:\/\/www.mycover-protection.com\/wp-content\/uploads\/2022\/07\/Motorrrad-Abdeckplane-Indoor-Stoff-768x768.png 768w, https:\/\/www.mycover-protection.com\/wp-content\/uploads\/2022\/07\/Motorrrad-Abdeckplane-Indoor-Stoff-270x270.png 270w, https:\/\/www.mycover-protection.com\/wp-content\/uploads\/2022\/07\/Motorrrad-Abdeckplane-Indoor-Stoff-200x200.png 200w\" sizes=\"(max-width: 800px) 100vw, 800px\" \/><\/figure>\n\n\n\n<p><a href=\"https:\/\/www.mycover-protection.com\/es\/produkt\/mycover-funda-para-moto-de-interior-premium\/\"><strong>Telo coprimoto per interno<\/strong><\/a><\/p>\n<\/div><\/div>\n<\/div>\n<\/div><\/div><div class=\"cb-button-prev swiper-button-prev\"><\/div><div class=\"cb-button-next swiper-button-next\"><\/div><\/div>\n\n\n\n<p class=\"has-text-align-center wfa-reusable-group-all-mycover-products__category-links has-small-font-size\"><a href=\"https:\/\/www.mycover-protection.com\/it\/produkt-kategorie\/coprimoto\/\">Tutte le coperture per Coprimoto<\/a> &#8211; <a href=\"https:\/\/www.mycover-protection.com\/it\/produkt-kategorie\/coperture-per-scooter\/\">Tutte le coperture per scooter<\/a><\/p>\n<\/div><\/div>\n<\/div><\/div>\n\n<div class=\"wp-block-group alignfull wfa-manufacturer-size-rec-page-section --magazin\"><div class=\"wp-block-group__inner-container is-layout-constrained wp-block-group-is-layout-constrained\">\n<div class=\"wp-block-group wfa-manufacturer-size-rec-page-section__heading-stack is-vertical is-content-justification-center is-layout-flex wp-container-core-group-is-layout-4b2eccd6 wp-block-group-is-layout-flex\">\n<h2 class=\"wp-block-heading is-style-not-underlined\" style=\"text-transform:capitalize\">MYCOVER Rivista<\/h2>\n\n\n\n<p>Guida alla protezione contro il furto e alla conservazione del valore del tuo veicolo<\/p>\n<\/div>\n\n\n\n<div data-wp-context=\"{}\" data-wp-interactive=\"core\/query\" data-wp-key=\"18\" data-wp-router-region=\"query-18\" class=\"wp-block-query wfa-ignore-private-posts is-layout-flow wp-block-query-is-layout-flow\"><ul class=\"columns-3 wp-block-post-template is-layout-grid wp-container-core-post-template-is-layout-2fc57c17 wp-block-post-template-is-layout-grid\"><li data-wp-key=\"post-template-item-62182\" class=\"wp-block-post post-62182 post type-post status-publish format-standard has-post-thumbnail hentry\">\n<figure style=\"aspect-ratio:16\/9;\" class=\"alignwide wp-block-post-featured-image\"><img decoding=\"async\" width=\"1536\" height=\"1024\" src=\"https:\/\/www.mycover-protection.com\/wp-content\/uploads\/2025\/11\/Motorrad_Abdeckplane_Test_und_Vergleich.png\" class=\"attachment-post-thumbnail size-post-thumbnail wp-post-image\" alt=\"Motorrad steht ungesch\u00fctzt im Freien bei Sonne, Regen und Schnee, Symbolbild f\u00fcr Motorrad Abdeckplane Test und Vergleich.\" style=\"width:100%;height:100%;object-fit:cover;\" srcset=\"https:\/\/www.mycover-protection.com\/wp-content\/uploads\/2025\/11\/Motorrad_Abdeckplane_Test_und_Vergleich.png 1536w, https:\/\/www.mycover-protection.com\/wp-content\/uploads\/2025\/11\/Motorrad_Abdeckplane_Test_und_Vergleich-300x200.png 300w, https:\/\/www.mycover-protection.com\/wp-content\/uploads\/2025\/11\/Motorrad_Abdeckplane_Test_und_Vergleich-1024x683.png 1024w, https:\/\/www.mycover-protection.com\/wp-content\/uploads\/2025\/11\/Motorrad_Abdeckplane_Test_und_Vergleich-768x512.png 768w, https:\/\/www.mycover-protection.com\/wp-content\/uploads\/2025\/11\/Motorrad_Abdeckplane_Test_und_Vergleich-400x267.png 400w, https:\/\/www.mycover-protection.com\/wp-content\/uploads\/2025\/11\/Motorrad_Abdeckplane_Test_und_Vergleich-800x533.png 800w\" sizes=\"(max-width: 1536px) 100vw, 1536px\" \/><\/figure>\n\n<h3 class=\"wp-block-post-title\"><a href=\"https:\/\/www.mycover-protection.com\/it\/magazin\/test-e-confronto-teli-coprimoto-mycover-convince-in-tutte-le-categorie\/\" target=\"_self\" >Test e confronto teli coprimoto: MYCOVER convince in tutte le categorie<\/a><\/h3>\n<\/li><li data-wp-key=\"post-template-item-54761\" class=\"wp-block-post post-54761 post type-post status-publish format-standard has-post-thumbnail hentry category-non-categorizzato\">\n<figure style=\"aspect-ratio:16\/9;\" class=\"alignwide wp-block-post-featured-image\"><img decoding=\"async\" width=\"1536\" height=\"1024\" src=\"https:\/\/www.mycover-protection.com\/wp-content\/uploads\/2025\/06\/Motorrad_Abdeckplane_erfahrung.png\" class=\"attachment-post-thumbnail size-post-thumbnail wp-post-image\" alt=\"Ein Mann und eine Frau stehen bei Regen im Garten und betrachten nachdenklich zwei nasse Motorr\u00e4der, w\u00e4hrend sie schlaffe Motorradabdeckungen in den H\u00e4nden halten, zwischen ihnen liegt eine durchn\u00e4sste Plane auf dem Boden.\" style=\"width:100%;height:100%;object-fit:cover;\" srcset=\"https:\/\/www.mycover-protection.com\/wp-content\/uploads\/2025\/06\/Motorrad_Abdeckplane_erfahrung.png 1536w, https:\/\/www.mycover-protection.com\/wp-content\/uploads\/2025\/06\/Motorrad_Abdeckplane_erfahrung-300x200.png 300w, https:\/\/www.mycover-protection.com\/wp-content\/uploads\/2025\/06\/Motorrad_Abdeckplane_erfahrung-1024x683.png 1024w, https:\/\/www.mycover-protection.com\/wp-content\/uploads\/2025\/06\/Motorrad_Abdeckplane_erfahrung-768x512.png 768w, https:\/\/www.mycover-protection.com\/wp-content\/uploads\/2025\/06\/Motorrad_Abdeckplane_erfahrung-400x267.png 400w, https:\/\/www.mycover-protection.com\/wp-content\/uploads\/2025\/06\/Motorrad_Abdeckplane_erfahrung-800x533.png 800w\" sizes=\"(max-width: 1536px) 100vw, 1536px\" \/><\/figure>\n\n<h3 class=\"wp-block-post-title\"><a href=\"https:\/\/www.mycover-protection.com\/it\/magazin\/esperienze-di-teloni-per-moto-ecco-perche-ci-sono-mycover\/\" target=\"_self\" >Esperienze di teloni per moto: Ecco perch\u00e9 ci sono MYCOVER\u00ae<\/a><\/h3>\n<\/li><li data-wp-key=\"post-template-item-44317\" class=\"wp-block-post post-44317 post type-post status-publish format-standard has-post-thumbnail hentry category-non-categorizzato\">\n<figure style=\"aspect-ratio:16\/9;\" class=\"alignwide wp-block-post-featured-image\"><img decoding=\"async\" width=\"1536\" height=\"1024\" src=\"https:\/\/www.mycover-protection.com\/wp-content\/uploads\/2024\/12\/Motorrad_waschen.png\" class=\"attachment-post-thumbnail size-post-thumbnail wp-post-image\" alt=\"Motorradw\u00e4sche mit Schaum: Blaues Sport-Motorrad wird gr\u00fcndlich eingeseift \u2013 Motorradw\u00e4sche mit viel Schaum im Sonnenlicht.\" style=\"width:100%;height:100%;object-fit:cover;\" srcset=\"https:\/\/www.mycover-protection.com\/wp-content\/uploads\/2024\/12\/Motorrad_waschen.png 1536w, https:\/\/www.mycover-protection.com\/wp-content\/uploads\/2024\/12\/Motorrad_waschen-300x200.png 300w, https:\/\/www.mycover-protection.com\/wp-content\/uploads\/2024\/12\/Motorrad_waschen-1024x683.png 1024w, https:\/\/www.mycover-protection.com\/wp-content\/uploads\/2024\/12\/Motorrad_waschen-768x512.png 768w, https:\/\/www.mycover-protection.com\/wp-content\/uploads\/2024\/12\/Motorrad_waschen-400x267.png 400w, https:\/\/www.mycover-protection.com\/wp-content\/uploads\/2024\/12\/Motorrad_waschen-800x533.png 800w\" sizes=\"(max-width: 1536px) 100vw, 1536px\" \/><\/figure>\n\n<h3 class=\"wp-block-post-title\"><a href=\"https:\/\/www.mycover-protection.com\/it\/magazin\/lavaggio-della-moto-come-mantenerla-in-ottime-condizioni\/\" target=\"_self\" >Lavaggio e cura della moto: Consigli da insider per conservare al meglio il valore della moto!<\/a><\/h3>\n<\/li><\/ul><\/div>\n\n\n\n<div class=\"wp-block-buttons is-horizontal is-content-justification-center is-layout-flex wp-container-core-buttons-is-layout-ddb39544 wp-block-buttons-is-layout-flex\">\n<div class=\"wp-block-button is-style-outline is-style-outline--1\"><a class=\"wp-block-button__link wp-element-button\" href=\"https:\/\/www.mycover-protection.com\/it\/rivista\/\">Mostra pi\u00f9 messaggi<\/a><\/div>\n<\/div>\n<\/div><\/div>\n\n<div class=\"wp-block-group alignfull wfa-manufacturer-size-rec-page-section --other-manufacturers-internal-links\"><div class=\"wp-block-group__inner-container is-layout-constrained wp-block-group-is-layout-constrained\">\n<div class=\"wp-block-group wfa-manufacturer-size-rec-page-section__heading-stack is-vertical is-content-justification-center is-layout-flex wp-container-core-group-is-layout-4b2eccd6 wp-block-group-is-layout-flex\">\n<h2 class=\"wp-block-heading is-style-not-underlined\" style=\"text-transform:none\">Teloni per altre marche di veicoli<\/h2>\n\n\n\n<p>Seleziona il produttore e scopri di pi\u00f9<\/p>\n<\/div>\n\n\n\n<div class=\"wp-block-query wfa-manufacturer-size-rec-page-section__other-manufacturers-internal-links__query-loop is-layout-flow wp-block-query-is-layout-flow\"><\/div>\n<\/div><\/div>\n\n<div class=\"wp-block-group alignfull wfa-manufacturer-size-rec-page-section --mycover-large-product-section\"><div class=\"wp-block-group__inner-container is-layout-constrained wp-block-group-is-layout-constrained\">\n<div class=\"wp-block-group wfa-manufacturer-size-rec-page-section__heading-stack wfa-manufacturer-size-rec-page-section__mycover-large-product-section__heading_stack is-vertical is-content-justification-center is-layout-flex wp-container-core-group-is-layout-4b2eccd6 wp-block-group-is-layout-flex\">\n<h2 class=\"wp-block-heading is-style-not-underlined\" style=\"text-transform:capitalize\">Teli MYCOVER<sup>\u00ae<\/sup> Protection<\/h2>\n\n\n\n<p>La pi\u00f9 grande selezione d&#8217;Europa per moto, Chopper e Scooter &#8211; Qualit\u00e0 premium fatta a mano<\/p>\n<\/div>\n\n\n\n<figure class=\"wp-block-image size-full wfa-manufacturer-size-rec-page-section__mycover-large-product-section__img-desktop\"><img decoding=\"async\" width=\"2560\" height=\"537\" src=\"https:\/\/www.mycover-protection.com\/wp-content\/uploads\/2025\/03\/mycover-protection-abdeckplanen-auswahl_w2560.jpg\" alt=\"Questa foto mostra la variet&#xE0; di Teli da esterno di MYCOVER. Sono visibili cinque veicoli coperti, tra cui una moto, uno Scooter e un Chopper.   \" class=\"wp-image-42602\" srcset=\"https:\/\/www.mycover-protection.com\/wp-content\/uploads\/2025\/03\/mycover-protection-abdeckplanen-auswahl_w2560.jpg 2560w, https:\/\/www.mycover-protection.com\/wp-content\/uploads\/2025\/03\/mycover-protection-abdeckplanen-auswahl_w2560-300x63.jpg 300w, https:\/\/www.mycover-protection.com\/wp-content\/uploads\/2025\/03\/mycover-protection-abdeckplanen-auswahl_w2560-1024x215.jpg 1024w, https:\/\/www.mycover-protection.com\/wp-content\/uploads\/2025\/03\/mycover-protection-abdeckplanen-auswahl_w2560-768x161.jpg 768w, https:\/\/www.mycover-protection.com\/wp-content\/uploads\/2025\/03\/mycover-protection-abdeckplanen-auswahl_w2560-1536x322.jpg 1536w, https:\/\/www.mycover-protection.com\/wp-content\/uploads\/2025\/03\/mycover-protection-abdeckplanen-auswahl_w2560-2048x430.jpg 2048w, https:\/\/www.mycover-protection.com\/wp-content\/uploads\/2025\/03\/mycover-protection-abdeckplanen-auswahl_w2560-400x84.jpg 400w, https:\/\/www.mycover-protection.com\/wp-content\/uploads\/2025\/03\/mycover-protection-abdeckplanen-auswahl_w2560-800x168.jpg 800w\" sizes=\"(max-width: 2560px) 100vw, 2560px\" \/><\/figure>\n\n\n\n<figure class=\"wp-block-image size-full wfa-manufacturer-size-rec-page-section__mycover-large-product-section__img-mobile\"><img decoding=\"async\" width=\"1402\" height=\"1071\" src=\"https:\/\/www.mycover-protection.com\/wp-content\/uploads\/2025\/03\/mycover-protection-abdeckplanen-auswahl-mobile.jpg\" alt=\"Questa foto mostra la variet&#xE0; di Teli da esterno di MYCOVER. Sono visibili cinque veicoli coperti, tra cui una moto, uno Scooter e un Chopper.   \" class=\"wp-image-42621\" srcset=\"https:\/\/www.mycover-protection.com\/wp-content\/uploads\/2025\/03\/mycover-protection-abdeckplanen-auswahl-mobile.jpg 1402w, https:\/\/www.mycover-protection.com\/wp-content\/uploads\/2025\/03\/mycover-protection-abdeckplanen-auswahl-mobile-300x229.jpg 300w, https:\/\/www.mycover-protection.com\/wp-content\/uploads\/2025\/03\/mycover-protection-abdeckplanen-auswahl-mobile-1024x782.jpg 1024w, https:\/\/www.mycover-protection.com\/wp-content\/uploads\/2025\/03\/mycover-protection-abdeckplanen-auswahl-mobile-768x587.jpg 768w, https:\/\/www.mycover-protection.com\/wp-content\/uploads\/2025\/03\/mycover-protection-abdeckplanen-auswahl-mobile-353x270.jpg 353w, https:\/\/www.mycover-protection.com\/wp-content\/uploads\/2025\/03\/mycover-protection-abdeckplanen-auswahl-mobile-800x611.jpg 800w\" sizes=\"(max-width: 1402px) 100vw, 1402px\" \/><\/figure>\n\n\n\n<div class=\"wp-block-buttons is-horizontal is-content-justification-center is-layout-flex wp-container-core-buttons-is-layout-ddb39544 wp-block-buttons-is-layout-flex\">\n<div class=\"wp-block-button\"><a class=\"wp-block-button__link wp-element-button\" href=\"#mycover-abdeckplanen-groessenfinder\">Seleziona la taglia ora<\/a><\/div>\n<\/div>\n<\/div><\/div>\n\n<div class=\"wp-block-group alignfull wfa-manufacturer-size-rec-page-section --about\"><div class=\"wp-block-group__inner-container is-layout-constrained wp-block-group-is-layout-constrained\">\n<div class=\"wp-block-group wfa-manufacturer-size-rec-page-section__heading-stack is-vertical is-content-justification-center is-layout-flex wp-container-core-group-is-layout-4b2eccd6 wp-block-group-is-layout-flex\">\n<h2 class=\"wp-block-heading is-style-not-underlined\" style=\"text-transform:capitalize\">Informazioni su MYCOVER<\/h2>\n\n\n\n<p>Puoi fare affidamento su di esso<\/p>\n<\/div>\n\n\n\n<div class=\"wp-block-group wfa-manufacturer-size-rec-page-section__about__grid\"><div class=\"wp-block-group__inner-container is-layout-constrained wp-block-group-is-layout-constrained\">\n<div class=\"wp-block-cover is-light has-custom-content-position is-position-bottom-center\"><img decoding=\"async\" class=\"wp-block-cover__image-background wp-image-50275\" alt=\"\" src=\"https:\/\/www.mycover-protection.com\/wp-content\/uploads\/2025\/05\/groessenfinder-vorschau-IT_w1500.png\" style=\"object-position:50% 30%\" data-object-fit=\"cover\" data-object-position=\"50% 30%\"\/><span aria-hidden=\"true\" class=\"wp-block-cover__background has-background-dim-10 has-background-dim\" style=\"background-color:#f3f3f3\"><\/span><div class=\"wp-block-cover__inner-container is-layout-constrained wp-block-cover-is-layout-constrained\">\n<h3 class=\"wp-block-heading\">Selezione rapida e semplice della taglia<\/h3>\n\n\n\n<p>Centinaia di moto, Scooter e Chopper sono elencati per te nel nostro <a href=\"#mycover-abdeckplanen-groessenfinder\">Teli coprimoto<\/a>. Molti anche con conversioni.<\/p>\n<\/div><\/div>\n\n\n\n<div class=\"wp-block-cover has-custom-content-position is-position-bottom-center\"><img decoding=\"async\" width=\"2560\" height=\"1398\" class=\"wp-block-cover__image-background wp-image-10405\" alt=\"\" src=\"https:\/\/www.mycover-protection.com\/wp-content\/uploads\/2021\/03\/Motorrad-Kettenschloss-Abus-Granit-Extreme-Plus-59-an-Motorradabdeckplane-Mycover-und-Suzuki-GSX-R1000-extra-wide-scaled.jpg\" data-object-fit=\"cover\" srcset=\"https:\/\/www.mycover-protection.com\/wp-content\/uploads\/2021\/03\/Motorrad-Kettenschloss-Abus-Granit-Extreme-Plus-59-an-Motorradabdeckplane-Mycover-und-Suzuki-GSX-R1000-extra-wide-scaled.jpg 2560w, https:\/\/www.mycover-protection.com\/wp-content\/uploads\/2021\/03\/Motorrad-Kettenschloss-Abus-Granit-Extreme-Plus-59-an-Motorradabdeckplane-Mycover-und-Suzuki-GSX-R1000-extra-wide-300x164.jpg 300w, https:\/\/www.mycover-protection.com\/wp-content\/uploads\/2021\/03\/Motorrad-Kettenschloss-Abus-Granit-Extreme-Plus-59-an-Motorradabdeckplane-Mycover-und-Suzuki-GSX-R1000-extra-wide-1024x559.jpg 1024w, https:\/\/www.mycover-protection.com\/wp-content\/uploads\/2021\/03\/Motorrad-Kettenschloss-Abus-Granit-Extreme-Plus-59-an-Motorradabdeckplane-Mycover-und-Suzuki-GSX-R1000-extra-wide-768x419.jpg 768w, https:\/\/www.mycover-protection.com\/wp-content\/uploads\/2021\/03\/Motorrad-Kettenschloss-Abus-Granit-Extreme-Plus-59-an-Motorradabdeckplane-Mycover-und-Suzuki-GSX-R1000-extra-wide-1536x839.jpg 1536w, https:\/\/www.mycover-protection.com\/wp-content\/uploads\/2021\/03\/Motorrad-Kettenschloss-Abus-Granit-Extreme-Plus-59-an-Motorradabdeckplane-Mycover-und-Suzuki-GSX-R1000-extra-wide-2048x1118.jpg 2048w, https:\/\/www.mycover-protection.com\/wp-content\/uploads\/2021\/03\/Motorrad-Kettenschloss-Abus-Granit-Extreme-Plus-59-an-Motorradabdeckplane-Mycover-und-Suzuki-GSX-R1000-extra-wide-400x218.jpg 400w, https:\/\/www.mycover-protection.com\/wp-content\/uploads\/2021\/03\/Motorrad-Kettenschloss-Abus-Granit-Extreme-Plus-59-an-Motorradabdeckplane-Mycover-und-Suzuki-GSX-R1000-extra-wide-800x437.jpg 800w\" sizes=\"(max-width: 2560px) 100vw, 2560px\" \/><span aria-hidden=\"true\" class=\"wp-block-cover__background has-background-dim-60 has-background-dim\" style=\"background-color:#4c4947\"><\/span><div class=\"wp-block-cover__inner-container is-layout-constrained wp-block-cover-is-layout-constrained\">\n<h3 class=\"wp-block-heading\">Protezione completa per la moto<\/h3>\n\n\n\n<p>Combina il nostro Telo MYCOVER con un <a href=\"https:\/\/www.mycover-protection.com\/it\/produkt-kategorie\/lucchetti-abus\/\">lucchetto ABUS<\/a> e il tuo veicolo sar\u00e0 protetto in modo ottimale!<\/p>\n<\/div><\/div>\n\n\n\n<div class=\"wp-block-cover is-light has-custom-content-position is-position-bottom-center\"><img decoding=\"async\" width=\"1024\" height=\"674\" class=\"wp-block-cover__image-background wp-image-60639 size-large\" alt=\"MYCOVER Protection Abdeckplanen\" src=\"https:\/\/www.mycover-protection.com\/wp-content\/uploads\/2025\/10\/041A8981-1024x674.jpg\" data-object-fit=\"cover\" srcset=\"https:\/\/www.mycover-protection.com\/wp-content\/uploads\/2025\/10\/041A8981-1024x674.jpg 1024w, https:\/\/www.mycover-protection.com\/wp-content\/uploads\/2025\/10\/041A8981-300x198.jpg 300w, https:\/\/www.mycover-protection.com\/wp-content\/uploads\/2025\/10\/041A8981-768x506.jpg 768w, https:\/\/www.mycover-protection.com\/wp-content\/uploads\/2025\/10\/041A8981-1536x1011.jpg 1536w, https:\/\/www.mycover-protection.com\/wp-content\/uploads\/2025\/10\/041A8981-2048x1348.jpg 2048w, https:\/\/www.mycover-protection.com\/wp-content\/uploads\/2025\/10\/041A8981-400x263.jpg 400w, https:\/\/www.mycover-protection.com\/wp-content\/uploads\/2025\/10\/041A8981-800x527.jpg 800w\" sizes=\"(max-width: 1024px) 100vw, 1024px\" \/><span aria-hidden=\"true\" class=\"wp-block-cover__background has-background-dim\" style=\"background-color:#8692a6\"><\/span><div class=\"wp-block-cover__inner-container is-layout-constrained wp-block-cover-is-layout-constrained\">\n<h3 class=\"wp-block-heading\">Teli da motociclisti per motociclisti<\/h3>\n\n\n\n<p>Siamo motociclisti appassionati e sviluppiamo nuovi <a href=\"\/?product_cat=motorrad_abdeckplane\">Teli<\/a> insieme alla nostra comunit\u00e0<\/p>\n<\/div><\/div>\n<\/div><\/div>\n\n\n\n<div class=\"wp-block-group\"><div class=\"wp-block-group__inner-container is-layout-constrained wp-block-group-is-layout-constrained\">\n<div class=\"wp-block-buttons is-horizontal is-content-justification-center is-layout-flex wp-container-core-buttons-is-layout-ddb39544 wp-block-buttons-is-layout-flex\">\n<div class=\"wp-block-button is-style-outline is-style-outline--2\"><a class=\"wp-block-button__link wp-element-button\" href=\"https:\/\/www.mycover-protection.com\/it\/chi-siamo\/\">Scopri di pi\u00f9 su di noi<\/a><\/div>\n<\/div>\n<\/div><\/div>\n<\/div><\/div>\n","protected":false},"excerpt":{"rendered":"<p>Telo coprimoto per Rieju Telo premium per la tua moto Rieju Trova la taglia in 3 clic ad es. Rieju MRT 50, Rieju Century 125, Rieju Tango 125 \u2026 Compatibile con accessori e modifiche Compatibile con parabrezza alto, top case, valigie laterali &#8230; Protezione premium per Rieju Antigraffio, impermeabile, morbido vello interno&#8230; Trova-taglia Coprimoto Rieju [&#8230;]<\/p>\n","protected":false},"author":1018,"featured_media":0,"parent":43202,"menu_order":0,"comment_status":"closed","ping_status":"closed","template":"page-blank.php","meta":{"footnotes":""},"class_list":["post-44632","page","type-page","status-publish","hentry"],"yoast_head":"<!-- This site is optimized with the Yoast SEO plugin v27.4 - https:\/\/yoast.com\/product\/yoast-seo-wordpress\/ -->\n<title>Telo coprimoto per Rieju | La tua taglia in 3 clic<\/title>\n<meta name=\"description\" content=\"Telo coprimoto MYCOVER\u00ae per Rieju: su misura &amp; resistente alle intemperie \u2713 Protezione da pioggia &amp; UV \u2713 traspirante &amp; delicato sulla vernice \u2713 trova subito la taglia giusta\" \/>\n<meta name=\"robots\" content=\"index, follow, max-snippet:-1, max-image-preview:large, max-video-preview:-1\" \/>\n<link rel=\"canonical\" href=\"https:\/\/www.mycover-protection.com\/it\/raccomandazioni-sulle-dimensioni\/teli-coprimoto\/allaperto\/rieju-telo-coprimoto\/\" \/>\n<meta property=\"og:locale\" content=\"it_IT\" \/>\n<meta property=\"og:type\" content=\"article\" \/>\n<meta property=\"og:title\" content=\"Telo coprimoto per Rieju | La tua taglia in 3 clic\" \/>\n<meta property=\"og:description\" content=\"Telo coprimoto MYCOVER\u00ae per Rieju: su misura &amp; resistente alle intemperie \u2713 Protezione da pioggia &amp; UV \u2713 traspirante &amp; delicato sulla vernice \u2713 trova subito la taglia giusta\" \/>\n<meta property=\"og:url\" content=\"https:\/\/www.mycover-protection.com\/it\/raccomandazioni-sulle-dimensioni\/teli-coprimoto\/allaperto\/rieju-telo-coprimoto\/\" \/>\n<meta property=\"og:site_name\" content=\"MYCOVER\u00ae Online Shop\" \/>\n<meta property=\"article:publisher\" content=\"https:\/\/www.facebook.com\/Mycover-114242613377158\/\" \/>\n<meta property=\"article:modified_time\" content=\"2026-03-26T12:09:23+00:00\" \/>\n<meta property=\"og:image\" content=\"https:\/\/www.mycover-protection.com\/wp-content\/uploads\/2019\/12\/MYCOVER_Front_white.jpg\" \/>\n<meta name=\"twitter:card\" content=\"summary_large_image\" \/>\n<meta name=\"twitter:label1\" content=\"Tempo di lettura stimato\" \/>\n\t<meta name=\"twitter:data1\" content=\"5 minuti\" \/>\n<script type=\"application\/ld+json\" class=\"yoast-schema-graph\">{\"@context\":\"https:\\\/\\\/schema.org\",\"@graph\":[{\"@type\":\"WebPage\",\"@id\":\"https:\\\/\\\/www.mycover-protection.com\\\/it\\\/raccomandazioni-sulle-dimensioni\\\/teli-coprimoto\\\/allaperto\\\/rieju-telo-coprimoto\\\/\",\"url\":\"https:\\\/\\\/www.mycover-protection.com\\\/it\\\/raccomandazioni-sulle-dimensioni\\\/teli-coprimoto\\\/allaperto\\\/rieju-telo-coprimoto\\\/\",\"name\":\"Telo coprimoto per Rieju | La tua taglia in 3 clic\",\"isPartOf\":{\"@id\":\"https:\\\/\\\/www.mycover-protection.com\\\/it\\\/#website\"},\"primaryImageOfPage\":{\"@id\":\"https:\\\/\\\/www.mycover-protection.com\\\/it\\\/raccomandazioni-sulle-dimensioni\\\/teli-coprimoto\\\/allaperto\\\/rieju-telo-coprimoto\\\/#primaryimage\"},\"image\":{\"@id\":\"https:\\\/\\\/www.mycover-protection.com\\\/it\\\/raccomandazioni-sulle-dimensioni\\\/teli-coprimoto\\\/allaperto\\\/rieju-telo-coprimoto\\\/#primaryimage\"},\"thumbnailUrl\":\"https:\\\/\\\/www.mycover-protection.com\\\/wp-content\\\/uploads\\\/2019\\\/12\\\/MYCOVER_Front_white.jpg\",\"datePublished\":\"2025-04-02T12:37:40+00:00\",\"dateModified\":\"2026-03-26T12:09:23+00:00\",\"description\":\"Telo coprimoto MYCOVER\u00ae per Rieju: su misura & resistente alle intemperie \u2713 Protezione da pioggia & UV \u2713 traspirante & delicato sulla vernice \u2713 trova subito la taglia giusta\",\"breadcrumb\":{\"@id\":\"https:\\\/\\\/www.mycover-protection.com\\\/it\\\/raccomandazioni-sulle-dimensioni\\\/teli-coprimoto\\\/allaperto\\\/rieju-telo-coprimoto\\\/#breadcrumb\"},\"inLanguage\":\"it-IT\",\"potentialAction\":[{\"@type\":\"ReadAction\",\"target\":[\"https:\\\/\\\/www.mycover-protection.com\\\/it\\\/raccomandazioni-sulle-dimensioni\\\/teli-coprimoto\\\/allaperto\\\/rieju-telo-coprimoto\\\/\"]}]},{\"@type\":\"ImageObject\",\"inLanguage\":\"it-IT\",\"@id\":\"https:\\\/\\\/www.mycover-protection.com\\\/it\\\/raccomandazioni-sulle-dimensioni\\\/teli-coprimoto\\\/allaperto\\\/rieju-telo-coprimoto\\\/#primaryimage\",\"url\":\"https:\\\/\\\/www.mycover-protection.com\\\/wp-content\\\/uploads\\\/2019\\\/12\\\/MYCOVER_Front_white.jpg\",\"contentUrl\":\"https:\\\/\\\/www.mycover-protection.com\\\/wp-content\\\/uploads\\\/2019\\\/12\\\/MYCOVER_Front_white.jpg\"},{\"@type\":\"BreadcrumbList\",\"@id\":\"https:\\\/\\\/www.mycover-protection.com\\\/it\\\/raccomandazioni-sulle-dimensioni\\\/teli-coprimoto\\\/allaperto\\\/rieju-telo-coprimoto\\\/#breadcrumb\",\"itemListElement\":[{\"@type\":\"ListItem\",\"position\":1,\"name\":\"Startseite\",\"item\":\"https:\\\/\\\/www.mycover-protection.com\\\/it\\\/\"},{\"@type\":\"ListItem\",\"position\":2,\"name\":\"Raccomandazioni sulle dimensioni\",\"item\":\"https:\\\/\\\/www.mycover-protection.com\\\/it\\\/raccomandazioni-sulle-dimensioni\\\/\"},{\"@type\":\"ListItem\",\"position\":3,\"name\":\"Teli coprimoto\",\"item\":\"https:\\\/\\\/www.mycover-protection.com\\\/it\\\/raccomandazioni-sulle-dimensioni\\\/teli-coprimoto\\\/\"},{\"@type\":\"ListItem\",\"position\":4,\"name\":\"All&#8217;aperto\",\"item\":\"https:\\\/\\\/www.mycover-protection.com\\\/it\\\/teli-coprimoto\\\/allaperto\\\/\"},{\"@type\":\"ListItem\",\"position\":5,\"name\":\"Rieju Telo coprimoto\"}]},{\"@type\":\"WebSite\",\"@id\":\"https:\\\/\\\/www.mycover-protection.com\\\/it\\\/#website\",\"url\":\"https:\\\/\\\/www.mycover-protection.com\\\/it\\\/\",\"name\":\"MYCOVER\u00ae Online Shop\",\"description\":\"Protection at its finest\",\"publisher\":{\"@id\":\"https:\\\/\\\/www.mycover-protection.com\\\/it\\\/#organization\"},\"potentialAction\":[{\"@type\":\"SearchAction\",\"target\":{\"@type\":\"EntryPoint\",\"urlTemplate\":\"https:\\\/\\\/www.mycover-protection.com\\\/it\\\/?s={search_term_string}\"},\"query-input\":{\"@type\":\"PropertyValueSpecification\",\"valueRequired\":true,\"valueName\":\"search_term_string\"}}],\"inLanguage\":\"it-IT\"},{\"@type\":\"Organization\",\"@id\":\"https:\\\/\\\/www.mycover-protection.com\\\/it\\\/#organization\",\"name\":\"MYCOVER\u00ae - PROTECTION AT ITS FINEST\",\"url\":\"https:\\\/\\\/www.mycover-protection.com\\\/it\\\/\",\"logo\":{\"@type\":\"ImageObject\",\"inLanguage\":\"it-IT\",\"@id\":\"https:\\\/\\\/www.mycover-protection.com\\\/it\\\/#\\\/schema\\\/logo\\\/image\\\/\",\"url\":\"https:\\\/\\\/www.mycover-protection.com\\\/wp-content\\\/uploads\\\/2020\\\/01\\\/PAYPAL_190x60_mycover-white.jpg\",\"contentUrl\":\"https:\\\/\\\/www.mycover-protection.com\\\/wp-content\\\/uploads\\\/2020\\\/01\\\/PAYPAL_190x60_mycover-white.jpg\",\"width\":190,\"height\":60,\"caption\":\"MYCOVER\u00ae - PROTECTION AT ITS FINEST\"},\"image\":{\"@id\":\"https:\\\/\\\/www.mycover-protection.com\\\/it\\\/#\\\/schema\\\/logo\\\/image\\\/\"},\"sameAs\":[\"https:\\\/\\\/www.facebook.com\\\/Mycover-114242613377158\\\/\"]}]}<\/script>\n<!-- \/ Yoast SEO plugin. -->","yoast_head_json":{"title":"Telo coprimoto per Rieju | La tua taglia in 3 clic","description":"Telo coprimoto MYCOVER\u00ae per Rieju: su misura & resistente alle intemperie \u2713 Protezione da pioggia & UV \u2713 traspirante & delicato sulla vernice \u2713 trova subito la taglia giusta","robots":{"index":"index","follow":"follow","max-snippet":"max-snippet:-1","max-image-preview":"max-image-preview:large","max-video-preview":"max-video-preview:-1"},"canonical":"https:\/\/www.mycover-protection.com\/it\/raccomandazioni-sulle-dimensioni\/teli-coprimoto\/allaperto\/rieju-telo-coprimoto\/","og_locale":"it_IT","og_type":"article","og_title":"Telo coprimoto per Rieju | La tua taglia in 3 clic","og_description":"Telo coprimoto MYCOVER\u00ae per Rieju: su misura & resistente alle intemperie \u2713 Protezione da pioggia & UV \u2713 traspirante & delicato sulla vernice \u2713 trova subito la taglia giusta","og_url":"https:\/\/www.mycover-protection.com\/it\/raccomandazioni-sulle-dimensioni\/teli-coprimoto\/allaperto\/rieju-telo-coprimoto\/","og_site_name":"MYCOVER\u00ae Online Shop","article_publisher":"https:\/\/www.facebook.com\/Mycover-114242613377158\/","article_modified_time":"2026-03-26T12:09:23+00:00","og_image":[{"url":"https:\/\/www.mycover-protection.com\/wp-content\/uploads\/2019\/12\/MYCOVER_Front_white.jpg","type":"","width":"","height":""}],"twitter_card":"summary_large_image","twitter_misc":{"Tempo di lettura stimato":"5 minuti"},"schema":{"@context":"https:\/\/schema.org","@graph":[{"@type":"WebPage","@id":"https:\/\/www.mycover-protection.com\/it\/raccomandazioni-sulle-dimensioni\/teli-coprimoto\/allaperto\/rieju-telo-coprimoto\/","url":"https:\/\/www.mycover-protection.com\/it\/raccomandazioni-sulle-dimensioni\/teli-coprimoto\/allaperto\/rieju-telo-coprimoto\/","name":"Telo coprimoto per Rieju | La tua taglia in 3 clic","isPartOf":{"@id":"https:\/\/www.mycover-protection.com\/it\/#website"},"primaryImageOfPage":{"@id":"https:\/\/www.mycover-protection.com\/it\/raccomandazioni-sulle-dimensioni\/teli-coprimoto\/allaperto\/rieju-telo-coprimoto\/#primaryimage"},"image":{"@id":"https:\/\/www.mycover-protection.com\/it\/raccomandazioni-sulle-dimensioni\/teli-coprimoto\/allaperto\/rieju-telo-coprimoto\/#primaryimage"},"thumbnailUrl":"https:\/\/www.mycover-protection.com\/wp-content\/uploads\/2019\/12\/MYCOVER_Front_white.jpg","datePublished":"2025-04-02T12:37:40+00:00","dateModified":"2026-03-26T12:09:23+00:00","description":"Telo coprimoto MYCOVER\u00ae per Rieju: su misura & resistente alle intemperie \u2713 Protezione da pioggia & UV \u2713 traspirante & delicato sulla vernice \u2713 trova subito la taglia giusta","breadcrumb":{"@id":"https:\/\/www.mycover-protection.com\/it\/raccomandazioni-sulle-dimensioni\/teli-coprimoto\/allaperto\/rieju-telo-coprimoto\/#breadcrumb"},"inLanguage":"it-IT","potentialAction":[{"@type":"ReadAction","target":["https:\/\/www.mycover-protection.com\/it\/raccomandazioni-sulle-dimensioni\/teli-coprimoto\/allaperto\/rieju-telo-coprimoto\/"]}]},{"@type":"ImageObject","inLanguage":"it-IT","@id":"https:\/\/www.mycover-protection.com\/it\/raccomandazioni-sulle-dimensioni\/teli-coprimoto\/allaperto\/rieju-telo-coprimoto\/#primaryimage","url":"https:\/\/www.mycover-protection.com\/wp-content\/uploads\/2019\/12\/MYCOVER_Front_white.jpg","contentUrl":"https:\/\/www.mycover-protection.com\/wp-content\/uploads\/2019\/12\/MYCOVER_Front_white.jpg"},{"@type":"BreadcrumbList","@id":"https:\/\/www.mycover-protection.com\/it\/raccomandazioni-sulle-dimensioni\/teli-coprimoto\/allaperto\/rieju-telo-coprimoto\/#breadcrumb","itemListElement":[{"@type":"ListItem","position":1,"name":"Startseite","item":"https:\/\/www.mycover-protection.com\/it\/"},{"@type":"ListItem","position":2,"name":"Raccomandazioni sulle dimensioni","item":"https:\/\/www.mycover-protection.com\/it\/raccomandazioni-sulle-dimensioni\/"},{"@type":"ListItem","position":3,"name":"Teli coprimoto","item":"https:\/\/www.mycover-protection.com\/it\/raccomandazioni-sulle-dimensioni\/teli-coprimoto\/"},{"@type":"ListItem","position":4,"name":"All&#8217;aperto","item":"https:\/\/www.mycover-protection.com\/it\/teli-coprimoto\/allaperto\/"},{"@type":"ListItem","position":5,"name":"Rieju Telo coprimoto"}]},{"@type":"WebSite","@id":"https:\/\/www.mycover-protection.com\/it\/#website","url":"https:\/\/www.mycover-protection.com\/it\/","name":"MYCOVER\u00ae Online Shop","description":"Protection at its finest","publisher":{"@id":"https:\/\/www.mycover-protection.com\/it\/#organization"},"potentialAction":[{"@type":"SearchAction","target":{"@type":"EntryPoint","urlTemplate":"https:\/\/www.mycover-protection.com\/it\/?s={search_term_string}"},"query-input":{"@type":"PropertyValueSpecification","valueRequired":true,"valueName":"search_term_string"}}],"inLanguage":"it-IT"},{"@type":"Organization","@id":"https:\/\/www.mycover-protection.com\/it\/#organization","name":"MYCOVER\u00ae - PROTECTION AT ITS FINEST","url":"https:\/\/www.mycover-protection.com\/it\/","logo":{"@type":"ImageObject","inLanguage":"it-IT","@id":"https:\/\/www.mycover-protection.com\/it\/#\/schema\/logo\/image\/","url":"https:\/\/www.mycover-protection.com\/wp-content\/uploads\/2020\/01\/PAYPAL_190x60_mycover-white.jpg","contentUrl":"https:\/\/www.mycover-protection.com\/wp-content\/uploads\/2020\/01\/PAYPAL_190x60_mycover-white.jpg","width":190,"height":60,"caption":"MYCOVER\u00ae - PROTECTION AT ITS FINEST"},"image":{"@id":"https:\/\/www.mycover-protection.com\/it\/#\/schema\/logo\/image\/"},"sameAs":["https:\/\/www.facebook.com\/Mycover-114242613377158\/"]}]}},"_links":{"self":[{"href":"https:\/\/www.mycover-protection.com\/it\/wp-json\/wp\/v2\/pages\/44632","targetHints":{"allow":["GET"]}}],"collection":[{"href":"https:\/\/www.mycover-protection.com\/it\/wp-json\/wp\/v2\/pages"}],"about":[{"href":"https:\/\/www.mycover-protection.com\/it\/wp-json\/wp\/v2\/types\/page"}],"author":[{"embeddable":true,"href":"https:\/\/www.mycover-protection.com\/it\/wp-json\/wp\/v2\/users\/1018"}],"replies":[{"embeddable":true,"href":"https:\/\/www.mycover-protection.com\/it\/wp-json\/wp\/v2\/comments?post=44632"}],"version-history":[{"count":6,"href":"https:\/\/www.mycover-protection.com\/it\/wp-json\/wp\/v2\/pages\/44632\/revisions"}],"predecessor-version":[{"id":66697,"href":"https:\/\/www.mycover-protection.com\/it\/wp-json\/wp\/v2\/pages\/44632\/revisions\/66697"}],"up":[{"embeddable":true,"href":"https:\/\/www.mycover-protection.com\/it\/wp-json\/wp\/v2\/pages\/43202"}],"wp:attachment":[{"href":"https:\/\/www.mycover-protection.com\/it\/wp-json\/wp\/v2\/media?parent=44632"}],"curies":[{"name":"wp","href":"https:\/\/api.w.org\/{rel}","templated":true}]}}