{"id":45648,"date":"2024-03-22T15:36:45","date_gmt":"2024-03-22T14:36:45","guid":{"rendered":"https:\/\/www.mycover-protection.com\/produkt\/mycover-telo-per-chopper-da-esterno-di-qualita-superiore\/"},"modified":"2026-05-01T17:10:37","modified_gmt":"2026-05-01T15:10:37","slug":"mycover-telo-per-chopper-da-esterno-di-qualita-superiore","status":"publish","type":"product","link":"https:\/\/www.mycover-protection.com\/it\/produkt\/mycover-telo-per-chopper-da-esterno-di-qualita-superiore\/","title":{"rendered":"MYCOVER\u00ae Telo Premium Chopper Outdoor"},"content":{"rendered":"\n<div class=\"wp-block-group alignfull wfa-product-mycover-outdoor-section wfa-product-mycover-outdoor-section--trust-signals\"><div class=\"wp-block-group__inner-container is-layout-flow wp-block-group-is-layout-flow\">\n<p class=\"wf-overline\">Veri piloti. Veri Chopper. <\/p>\n\n\n\n<h2 class=\"wp-block-heading is-style-not-underlined\">Immagini direttamente dai nostri clienti<\/h2>\n\n\n\n<p class=\"wfa-salespage-text__list-horizontal\">Senza filtri e direttamente dalla strada: la nostra community ci mostra come protegge le sue macchine con MYCOVER.<\/p>\n\n\n\n<div class=\"wp-block-cb-carousel-v2 cb-carousel-block cb-padding wf-bike-gallery\" data-cb-slides-per-view=\"2\" data-cb-slides-per-group=\"1\" data-cb-space-between=\"15\" data-cb-speed=\"200\" data-cb-pagination=\"true\" data-cb-loop=\"true\" data-cb-autoplay=\"true\" data-cb-autoplay-speed=\"3000\" data-cb-breakpoints=\"{&quot;700&quot;:{&quot;slidesPerView&quot;:4,&quot;slidesPerGroup&quot;:4}}\"><div class=\"swiper\"><div class=\"cb-wrapper swiper-wrapper\">\n<div class=\"wp-block-cb-slide-v2 cb-slide swiper-slide\">\n<figure class=\"wp-block-image size-full\"><img decoding=\"async\" width=\"768\" height=\"1024\" src=\"https:\/\/www.mycover-protection.com\/wp-content\/uploads\/2024\/08\/Motorrad-Abdeckplane_Harley-Davidson_Breakout-Cem_Motorrad-Abdeckung.jpg\" alt=\"Coprimoto\" class=\"wp-image-36019\" srcset=\"https:\/\/www.mycover-protection.com\/wp-content\/uploads\/2024\/08\/Motorrad-Abdeckplane_Harley-Davidson_Breakout-Cem_Motorrad-Abdeckung.jpg 768w, https:\/\/www.mycover-protection.com\/wp-content\/uploads\/2024\/08\/Motorrad-Abdeckplane_Harley-Davidson_Breakout-Cem_Motorrad-Abdeckung-225x300.jpg 225w, https:\/\/www.mycover-protection.com\/wp-content\/uploads\/2024\/08\/Motorrad-Abdeckplane_Harley-Davidson_Breakout-Cem_Motorrad-Abdeckung-203x270.jpg 203w\" sizes=\"(max-width: 768px) 100vw, 768px\" \/><figcaption class=\"wp-element-caption\">Harley Davidson Breakout<\/figcaption><\/figure>\n<\/div>\n\n\n\n<div class=\"wp-block-cb-slide-v2 cb-slide swiper-slide\">\n<figure class=\"wp-block-image size-full\"><img decoding=\"async\" width=\"2560\" height=\"1920\" src=\"https:\/\/www.mycover-protection.com\/wp-content\/uploads\/2025\/10\/Triumph-Bonneville-Speedmaster-1200-Abdeckplane-scaled.jpg\" alt=\"\" class=\"wp-image-61176\" srcset=\"https:\/\/www.mycover-protection.com\/wp-content\/uploads\/2025\/10\/Triumph-Bonneville-Speedmaster-1200-Abdeckplane-scaled.jpg 2560w, https:\/\/www.mycover-protection.com\/wp-content\/uploads\/2025\/10\/Triumph-Bonneville-Speedmaster-1200-Abdeckplane-300x225.jpg 300w, https:\/\/www.mycover-protection.com\/wp-content\/uploads\/2025\/10\/Triumph-Bonneville-Speedmaster-1200-Abdeckplane-1024x768.jpg 1024w, https:\/\/www.mycover-protection.com\/wp-content\/uploads\/2025\/10\/Triumph-Bonneville-Speedmaster-1200-Abdeckplane-768x576.jpg 768w, https:\/\/www.mycover-protection.com\/wp-content\/uploads\/2025\/10\/Triumph-Bonneville-Speedmaster-1200-Abdeckplane-1536x1152.jpg 1536w, https:\/\/www.mycover-protection.com\/wp-content\/uploads\/2025\/10\/Triumph-Bonneville-Speedmaster-1200-Abdeckplane-2048x1536.jpg 2048w, https:\/\/www.mycover-protection.com\/wp-content\/uploads\/2025\/10\/Triumph-Bonneville-Speedmaster-1200-Abdeckplane-360x270.jpg 360w, https:\/\/www.mycover-protection.com\/wp-content\/uploads\/2025\/10\/Triumph-Bonneville-Speedmaster-1200-Abdeckplane-800x600.jpg 800w\" sizes=\"(max-width: 2560px) 100vw, 2560px\" \/><figcaption class=\"wp-element-caption\">Triumph Bonneville Speedmaster 1200<\/figcaption><\/figure>\n<\/div>\n\n\n\n<div class=\"wp-block-cb-slide-v2 cb-slide swiper-slide\">\n<figure class=\"wp-block-image size-full\"><img decoding=\"async\" width=\"2560\" height=\"1920\" src=\"https:\/\/www.mycover-protection.com\/wp-content\/uploads\/2025\/10\/Harley-Davidson-Fat-Bob-2023-Abdeckplane-scaled.jpg\" alt=\"\" class=\"wp-image-61181\" srcset=\"https:\/\/www.mycover-protection.com\/wp-content\/uploads\/2025\/10\/Harley-Davidson-Fat-Bob-2023-Abdeckplane-scaled.jpg 2560w, https:\/\/www.mycover-protection.com\/wp-content\/uploads\/2025\/10\/Harley-Davidson-Fat-Bob-2023-Abdeckplane-300x225.jpg 300w, https:\/\/www.mycover-protection.com\/wp-content\/uploads\/2025\/10\/Harley-Davidson-Fat-Bob-2023-Abdeckplane-1024x768.jpg 1024w, https:\/\/www.mycover-protection.com\/wp-content\/uploads\/2025\/10\/Harley-Davidson-Fat-Bob-2023-Abdeckplane-768x576.jpg 768w, https:\/\/www.mycover-protection.com\/wp-content\/uploads\/2025\/10\/Harley-Davidson-Fat-Bob-2023-Abdeckplane-1536x1152.jpg 1536w, https:\/\/www.mycover-protection.com\/wp-content\/uploads\/2025\/10\/Harley-Davidson-Fat-Bob-2023-Abdeckplane-2048x1536.jpg 2048w, https:\/\/www.mycover-protection.com\/wp-content\/uploads\/2025\/10\/Harley-Davidson-Fat-Bob-2023-Abdeckplane-360x270.jpg 360w, https:\/\/www.mycover-protection.com\/wp-content\/uploads\/2025\/10\/Harley-Davidson-Fat-Bob-2023-Abdeckplane-800x600.jpg 800w\" sizes=\"(max-width: 2560px) 100vw, 2560px\" \/><figcaption class=\"wp-element-caption\">Harley Davidson Fat Bob 2023<\/figcaption><\/figure>\n<\/div>\n\n\n\n<div class=\"wp-block-cb-slide-v2 cb-slide swiper-slide\">\n<figure class=\"wp-block-image size-full\"><img decoding=\"async\" width=\"2560\" height=\"1920\" src=\"https:\/\/www.mycover-protection.com\/wp-content\/uploads\/2025\/10\/Harley-Davidson-Breakout-114-Abdeckplane-scaled.jpg\" alt=\"\" class=\"wp-image-61186\" srcset=\"https:\/\/www.mycover-protection.com\/wp-content\/uploads\/2025\/10\/Harley-Davidson-Breakout-114-Abdeckplane-scaled.jpg 2560w, https:\/\/www.mycover-protection.com\/wp-content\/uploads\/2025\/10\/Harley-Davidson-Breakout-114-Abdeckplane-300x225.jpg 300w, https:\/\/www.mycover-protection.com\/wp-content\/uploads\/2025\/10\/Harley-Davidson-Breakout-114-Abdeckplane-1024x768.jpg 1024w, https:\/\/www.mycover-protection.com\/wp-content\/uploads\/2025\/10\/Harley-Davidson-Breakout-114-Abdeckplane-768x576.jpg 768w, https:\/\/www.mycover-protection.com\/wp-content\/uploads\/2025\/10\/Harley-Davidson-Breakout-114-Abdeckplane-1536x1152.jpg 1536w, https:\/\/www.mycover-protection.com\/wp-content\/uploads\/2025\/10\/Harley-Davidson-Breakout-114-Abdeckplane-2048x1536.jpg 2048w, https:\/\/www.mycover-protection.com\/wp-content\/uploads\/2025\/10\/Harley-Davidson-Breakout-114-Abdeckplane-360x270.jpg 360w, https:\/\/www.mycover-protection.com\/wp-content\/uploads\/2025\/10\/Harley-Davidson-Breakout-114-Abdeckplane-800x600.jpg 800w\" sizes=\"(max-width: 2560px) 100vw, 2560px\" \/><figcaption class=\"wp-element-caption\">Harley Davidson Breakout 114<\/figcaption><\/figure>\n<\/div>\n\n\n\n<div class=\"wp-block-cb-slide-v2 cb-slide swiper-slide\">\n<figure class=\"wp-block-image size-full\"><img decoding=\"async\" width=\"2560\" height=\"1920\" src=\"https:\/\/www.mycover-protection.com\/wp-content\/uploads\/2025\/10\/Indian-Chieftain-Abdeckung-scaled.jpg\" alt=\"\" class=\"wp-image-61201\" srcset=\"https:\/\/www.mycover-protection.com\/wp-content\/uploads\/2025\/10\/Indian-Chieftain-Abdeckung-scaled.jpg 2560w, https:\/\/www.mycover-protection.com\/wp-content\/uploads\/2025\/10\/Indian-Chieftain-Abdeckung-300x225.jpg 300w, https:\/\/www.mycover-protection.com\/wp-content\/uploads\/2025\/10\/Indian-Chieftain-Abdeckung-1024x768.jpg 1024w, https:\/\/www.mycover-protection.com\/wp-content\/uploads\/2025\/10\/Indian-Chieftain-Abdeckung-768x576.jpg 768w, https:\/\/www.mycover-protection.com\/wp-content\/uploads\/2025\/10\/Indian-Chieftain-Abdeckung-1536x1152.jpg 1536w, https:\/\/www.mycover-protection.com\/wp-content\/uploads\/2025\/10\/Indian-Chieftain-Abdeckung-2048x1536.jpg 2048w, https:\/\/www.mycover-protection.com\/wp-content\/uploads\/2025\/10\/Indian-Chieftain-Abdeckung-360x270.jpg 360w, https:\/\/www.mycover-protection.com\/wp-content\/uploads\/2025\/10\/Indian-Chieftain-Abdeckung-800x600.jpg 800w\" sizes=\"(max-width: 2560px) 100vw, 2560px\" \/><figcaption class=\"wp-element-caption\">Capo Indiano<\/figcaption><\/figure>\n<\/div>\n\n\n\n<div class=\"wp-block-cb-slide-v2 cb-slide swiper-slide\">\n<figure class=\"wp-block-image size-full\"><img decoding=\"async\" width=\"2560\" height=\"1920\" src=\"https:\/\/www.mycover-protection.com\/wp-content\/uploads\/2025\/10\/Indian-Chief-Dark-Horse-Bobber-scaled.jpg\" alt=\"\" class=\"wp-image-61206\" srcset=\"https:\/\/www.mycover-protection.com\/wp-content\/uploads\/2025\/10\/Indian-Chief-Dark-Horse-Bobber-scaled.jpg 2560w, https:\/\/www.mycover-protection.com\/wp-content\/uploads\/2025\/10\/Indian-Chief-Dark-Horse-Bobber-300x225.jpg 300w, https:\/\/www.mycover-protection.com\/wp-content\/uploads\/2025\/10\/Indian-Chief-Dark-Horse-Bobber-1024x768.jpg 1024w, https:\/\/www.mycover-protection.com\/wp-content\/uploads\/2025\/10\/Indian-Chief-Dark-Horse-Bobber-768x576.jpg 768w, https:\/\/www.mycover-protection.com\/wp-content\/uploads\/2025\/10\/Indian-Chief-Dark-Horse-Bobber-1536x1152.jpg 1536w, https:\/\/www.mycover-protection.com\/wp-content\/uploads\/2025\/10\/Indian-Chief-Dark-Horse-Bobber-2048x1536.jpg 2048w, https:\/\/www.mycover-protection.com\/wp-content\/uploads\/2025\/10\/Indian-Chief-Dark-Horse-Bobber-360x270.jpg 360w, https:\/\/www.mycover-protection.com\/wp-content\/uploads\/2025\/10\/Indian-Chief-Dark-Horse-Bobber-800x600.jpg 800w\" sizes=\"(max-width: 2560px) 100vw, 2560px\" \/><figcaption class=\"wp-element-caption\">Indian Chief Dark Horse Bobber<\/figcaption><\/figure>\n<\/div>\n\n\n\n<div class=\"wp-block-cb-slide-v2 cb-slide swiper-slide\">\n<figure class=\"wp-block-image size-full\"><img decoding=\"async\" width=\"2560\" height=\"1920\" src=\"https:\/\/www.mycover-protection.com\/wp-content\/uploads\/2025\/10\/Triumph-Bonneville-Speedmaster-1200-Abdeckplane-scaled.jpg\" alt=\"\" class=\"wp-image-61176\" srcset=\"https:\/\/www.mycover-protection.com\/wp-content\/uploads\/2025\/10\/Triumph-Bonneville-Speedmaster-1200-Abdeckplane-scaled.jpg 2560w, https:\/\/www.mycover-protection.com\/wp-content\/uploads\/2025\/10\/Triumph-Bonneville-Speedmaster-1200-Abdeckplane-300x225.jpg 300w, https:\/\/www.mycover-protection.com\/wp-content\/uploads\/2025\/10\/Triumph-Bonneville-Speedmaster-1200-Abdeckplane-1024x768.jpg 1024w, https:\/\/www.mycover-protection.com\/wp-content\/uploads\/2025\/10\/Triumph-Bonneville-Speedmaster-1200-Abdeckplane-768x576.jpg 768w, https:\/\/www.mycover-protection.com\/wp-content\/uploads\/2025\/10\/Triumph-Bonneville-Speedmaster-1200-Abdeckplane-1536x1152.jpg 1536w, https:\/\/www.mycover-protection.com\/wp-content\/uploads\/2025\/10\/Triumph-Bonneville-Speedmaster-1200-Abdeckplane-2048x1536.jpg 2048w, https:\/\/www.mycover-protection.com\/wp-content\/uploads\/2025\/10\/Triumph-Bonneville-Speedmaster-1200-Abdeckplane-360x270.jpg 360w, https:\/\/www.mycover-protection.com\/wp-content\/uploads\/2025\/10\/Triumph-Bonneville-Speedmaster-1200-Abdeckplane-800x600.jpg 800w\" sizes=\"(max-width: 2560px) 100vw, 2560px\" \/><figcaption class=\"wp-element-caption\">Triumph Bonneville Speedmaster 1200<\/figcaption><\/figure>\n<\/div>\n\n\n\n<div class=\"wp-block-cb-slide-v2 cb-slide swiper-slide\">\n<figure class=\"wp-block-image size-full\"><img decoding=\"async\" width=\"768\" height=\"1024\" src=\"https:\/\/www.mycover-protection.com\/wp-content\/uploads\/2025\/11\/Triumph-_-Bonneville-T120_Abdeckplane.jpg\" alt=\"\" class=\"wp-image-62039\" srcset=\"https:\/\/www.mycover-protection.com\/wp-content\/uploads\/2025\/11\/Triumph-_-Bonneville-T120_Abdeckplane.jpg 768w, https:\/\/www.mycover-protection.com\/wp-content\/uploads\/2025\/11\/Triumph-_-Bonneville-T120_Abdeckplane-225x300.jpg 225w, https:\/\/www.mycover-protection.com\/wp-content\/uploads\/2025\/11\/Triumph-_-Bonneville-T120_Abdeckplane-203x270.jpg 203w\" sizes=\"(max-width: 768px) 100vw, 768px\" \/><figcaption class=\"wp-element-caption\">Triumph Bonneville T120<\/figcaption><\/figure>\n<\/div>\n\n\n\n<div class=\"wp-block-cb-slide-v2 cb-slide swiper-slide\">\n<figure class=\"wp-block-image size-full\"><img decoding=\"async\" width=\"768\" height=\"1024\" src=\"https:\/\/www.mycover-protection.com\/wp-content\/uploads\/2025\/11\/Harley-Davidson-_-sport-glide_Abdeckplane.jpg\" alt=\"\" class=\"wp-image-62045\" srcset=\"https:\/\/www.mycover-protection.com\/wp-content\/uploads\/2025\/11\/Harley-Davidson-_-sport-glide_Abdeckplane.jpg 768w, https:\/\/www.mycover-protection.com\/wp-content\/uploads\/2025\/11\/Harley-Davidson-_-sport-glide_Abdeckplane-225x300.jpg 225w, https:\/\/www.mycover-protection.com\/wp-content\/uploads\/2025\/11\/Harley-Davidson-_-sport-glide_Abdeckplane-203x270.jpg 203w\" sizes=\"(max-width: 768px) 100vw, 768px\" \/><figcaption class=\"wp-element-caption\">Harley Davidson Sport Glide<\/figcaption><\/figure>\n<\/div>\n\n\n\n<div class=\"wp-block-cb-slide-v2 cb-slide swiper-slide\">\n<figure class=\"wp-block-image size-full\"><img decoding=\"async\" width=\"768\" height=\"1024\" src=\"https:\/\/www.mycover-protection.com\/wp-content\/uploads\/2025\/11\/Harley-Davidson-_-Road-King-Special_Abdeckplane.jpg\" alt=\"\" class=\"wp-image-62050\" srcset=\"https:\/\/www.mycover-protection.com\/wp-content\/uploads\/2025\/11\/Harley-Davidson-_-Road-King-Special_Abdeckplane.jpg 768w, https:\/\/www.mycover-protection.com\/wp-content\/uploads\/2025\/11\/Harley-Davidson-_-Road-King-Special_Abdeckplane-225x300.jpg 225w, https:\/\/www.mycover-protection.com\/wp-content\/uploads\/2025\/11\/Harley-Davidson-_-Road-King-Special_Abdeckplane-203x270.jpg 203w\" sizes=\"(max-width: 768px) 100vw, 768px\" \/><figcaption class=\"wp-element-caption\">Harley Davidson Road King Special<\/figcaption><\/figure>\n<\/div>\n\n\n\n<div class=\"wp-block-cb-slide-v2 cb-slide swiper-slide\">\n<figure class=\"wp-block-image size-full\"><img decoding=\"async\" width=\"768\" height=\"1024\" src=\"https:\/\/www.mycover-protection.com\/wp-content\/uploads\/2025\/11\/Harley-Davidson-_-Fat-Boy_Abdeckplane.jpg\" alt=\"\" class=\"wp-image-62055\" srcset=\"https:\/\/www.mycover-protection.com\/wp-content\/uploads\/2025\/11\/Harley-Davidson-_-Fat-Boy_Abdeckplane.jpg 768w, https:\/\/www.mycover-protection.com\/wp-content\/uploads\/2025\/11\/Harley-Davidson-_-Fat-Boy_Abdeckplane-225x300.jpg 225w, https:\/\/www.mycover-protection.com\/wp-content\/uploads\/2025\/11\/Harley-Davidson-_-Fat-Boy_Abdeckplane-203x270.jpg 203w\" sizes=\"(max-width: 768px) 100vw, 768px\" \/><figcaption class=\"wp-element-caption\">Harley Davidson Fat Boy<\/figcaption><\/figure>\n<\/div>\n\n\n\n<div class=\"wp-block-cb-slide-v2 cb-slide swiper-slide\">\n<figure class=\"wp-block-image size-full\"><img decoding=\"async\" width=\"768\" height=\"1024\" src=\"https:\/\/www.mycover-protection.com\/wp-content\/uploads\/2025\/11\/Harley-Davidson-_-Fat-Bob_Abdeckplane.jpg\" alt=\"\" class=\"wp-image-62060\" srcset=\"https:\/\/www.mycover-protection.com\/wp-content\/uploads\/2025\/11\/Harley-Davidson-_-Fat-Bob_Abdeckplane.jpg 768w, https:\/\/www.mycover-protection.com\/wp-content\/uploads\/2025\/11\/Harley-Davidson-_-Fat-Bob_Abdeckplane-225x300.jpg 225w, https:\/\/www.mycover-protection.com\/wp-content\/uploads\/2025\/11\/Harley-Davidson-_-Fat-Bob_Abdeckplane-203x270.jpg 203w\" sizes=\"(max-width: 768px) 100vw, 768px\" \/><figcaption class=\"wp-element-caption\">Harley Davidson Fat Bob<\/figcaption><\/figure>\n<\/div>\n\n\n\n<div class=\"wp-block-cb-slide-v2 cb-slide swiper-slide\">\n<figure class=\"wp-block-image size-full\"><img decoding=\"async\" width=\"768\" height=\"1024\" src=\"https:\/\/www.mycover-protection.com\/wp-content\/uploads\/2025\/11\/Ducati-_-Diavel-Carbon_Abdeckplane.jpg\" alt=\"\" class=\"wp-image-62065\" srcset=\"https:\/\/www.mycover-protection.com\/wp-content\/uploads\/2025\/11\/Ducati-_-Diavel-Carbon_Abdeckplane.jpg 768w, https:\/\/www.mycover-protection.com\/wp-content\/uploads\/2025\/11\/Ducati-_-Diavel-Carbon_Abdeckplane-225x300.jpg 225w, https:\/\/www.mycover-protection.com\/wp-content\/uploads\/2025\/11\/Ducati-_-Diavel-Carbon_Abdeckplane-203x270.jpg 203w\" sizes=\"(max-width: 768px) 100vw, 768px\" \/><figcaption class=\"wp-element-caption\">Ducati Diavel Carbon<\/figcaption><\/figure>\n<\/div>\n\n\n\n<div class=\"wp-block-cb-slide-v2 cb-slide swiper-slide\">\n<figure class=\"wp-block-image size-full\"><img decoding=\"async\" width=\"768\" height=\"1024\" src=\"https:\/\/www.mycover-protection.com\/wp-content\/uploads\/2025\/11\/Harley-Davidson_Kodlin-_-FKST-Mirage_Abdeckplane.jpg\" alt=\"\" class=\"wp-image-62071\" srcset=\"https:\/\/www.mycover-protection.com\/wp-content\/uploads\/2025\/11\/Harley-Davidson_Kodlin-_-FKST-Mirage_Abdeckplane.jpg 768w, https:\/\/www.mycover-protection.com\/wp-content\/uploads\/2025\/11\/Harley-Davidson_Kodlin-_-FKST-Mirage_Abdeckplane-225x300.jpg 225w, https:\/\/www.mycover-protection.com\/wp-content\/uploads\/2025\/11\/Harley-Davidson_Kodlin-_-FKST-Mirage_Abdeckplane-203x270.jpg 203w\" sizes=\"(max-width: 768px) 100vw, 768px\" \/><figcaption class=\"wp-element-caption\">Harley Davidson Kodlin FKST Mirage<\/figcaption><\/figure>\n<\/div>\n\n\n\n<div class=\"wp-block-cb-slide-v2 cb-slide swiper-slide\">\n<figure class=\"wp-block-image size-full\"><img decoding=\"async\" width=\"768\" height=\"1024\" src=\"https:\/\/www.mycover-protection.com\/wp-content\/uploads\/2025\/11\/Harley-Davidson-_-Super-Glide_Abdeckplane.jpg\" alt=\"\" class=\"wp-image-62076\" srcset=\"https:\/\/www.mycover-protection.com\/wp-content\/uploads\/2025\/11\/Harley-Davidson-_-Super-Glide_Abdeckplane.jpg 768w, https:\/\/www.mycover-protection.com\/wp-content\/uploads\/2025\/11\/Harley-Davidson-_-Super-Glide_Abdeckplane-225x300.jpg 225w, https:\/\/www.mycover-protection.com\/wp-content\/uploads\/2025\/11\/Harley-Davidson-_-Super-Glide_Abdeckplane-203x270.jpg 203w\" sizes=\"(max-width: 768px) 100vw, 768px\" \/><figcaption class=\"wp-element-caption\">Harley Davidson Super Glide<\/figcaption><\/figure>\n<\/div>\n<\/div><\/div><div class=\"cb-pagination swiper-pagination\"><\/div><\/div>\n<\/div><\/div>\n\n<div class=\"wp-block-group alignfull wfa-product-mycover-outdoor-section wfa-product-mycover-outdoor-section--trust-quotes\"><div class=\"wp-block-group__inner-container is-layout-flow wp-block-group-is-layout-flow\">\n<div class=\"wp-block-cb-carousel-v2 cb-carousel-block cb-single-slide wfa-product-mycover-outdoor-section--trust-quotes__carousel\" data-cb-slides-per-view=\"1\" data-cb-slides-per-group=\"1\" data-cb-space-between=\"15\" data-cb-speed=\"200\" data-cb-navigation=\"true\" data-cb-loop=\"true\" data-cb-breakpoints=\"{&quot;768&quot;:{&quot;slidesPerView&quot;:1,&quot;slidesPerGroup&quot;:1}}\"><div class=\"swiper\"><div class=\"cb-wrapper swiper-wrapper\">\n<div class=\"wp-block-cb-slide-v2 cb-slide swiper-slide\">\n<p class=\"has-text-align-center\">\u201cIl prodotto non solo \u00e8 sembrato subito di alta qualit\u00e0 al primo contatto, ma \u00e8 anche realizzato in modo eccellente. Le funzionalit\u00e0 offerte sono un vero e proprio punto di forza.\u201d <\/p>\n\n\n\n<p class=\"has-text-align-center\">\u201cPer tutti i motociclisti che devono parcheggiare la moto senza protezione, consigliamo vivamente questo telo.\u201d <\/p>\n\n\n\n<p class=\"has-text-align-center\"><em>Daniel di <a href=\"https:\/\/www.valentinorossi.de\/premium-outdoor-motorrad-abdeckplane-von-mycover-im-langzeittest\/\" target=\"_blank\" rel=\"noreferrer noopener\">Bremspunkt<\/a><\/em> | Test prodotto a lungo termine<\/p>\n<\/div>\n\n\n\n<div class=\"wp-block-cb-slide-v2 cb-slide swiper-slide\">\n<p class=\"has-text-align-center\">In 45 anni di moto, non ho mai visto un Telo coprimoto migliore.<\/p>\n\n\n\n<p class=\"has-text-align-center\"><em>Martin da CUSTOMBIKE, edizione 02\/2025<\/em><\/p>\n<\/div>\n<\/div><\/div><div class=\"cb-button-prev swiper-button-prev\"><\/div><div class=\"cb-button-next swiper-button-next\"><\/div><\/div>\n<\/div><\/div>\n\n<div class=\"wp-block-group alignfull wfa-product-mycover-outdoor-section wfa-product-mycover-outdoor-section--trust-mentions\"><div class=\"wp-block-group__inner-container is-layout-flow wp-block-group-is-layout-flow\">\n<h2 class=\"wp-block-heading is-style-not-underlined wf-overline\"><strong>MYCOVER<\/strong> \u00e8 conosciuto da<\/h2>\n\n\n\n<div class=\"wp-block-columns is-layout-flex wp-container-core-columns-is-layout-9d6595d7 wp-block-columns-is-layout-flex\">\n<div class=\"wp-block-column is-layout-flow wp-block-column-is-layout-flow\">\n<figure class=\"wp-block-image size-full\"><img decoding=\"async\" width=\"440\" height=\"330\" src=\"https:\/\/www.mycover-protection.com\/wp-content\/uploads\/2025\/04\/Empfehlung_MYCOVER_2024.png\" alt=\"Prova del Telo coprimoto per motociclette\" class=\"wp-image-49964\" srcset=\"https:\/\/www.mycover-protection.com\/wp-content\/uploads\/2025\/04\/Empfehlung_MYCOVER_2024.png 440w, https:\/\/www.mycover-protection.com\/wp-content\/uploads\/2025\/04\/Empfehlung_MYCOVER_2024-300x225.png 300w, https:\/\/www.mycover-protection.com\/wp-content\/uploads\/2025\/04\/Empfehlung_MYCOVER_2024-360x270.png 360w\" sizes=\"(max-width: 440px) 100vw, 440px\" \/><\/figure>\n<\/div>\n\n\n\n<div class=\"wp-block-column is-layout-flow wp-block-column-is-layout-flow\">\n<figure class=\"wp-block-image size-full\"><img decoding=\"async\" width=\"500\" height=\"249\" src=\"https:\/\/www.mycover-protection.com\/wp-content\/uploads\/2025\/04\/CUSTOMBIKE_online_Logo.png\" alt=\"\" class=\"wp-image-52468\" srcset=\"https:\/\/www.mycover-protection.com\/wp-content\/uploads\/2025\/04\/CUSTOMBIKE_online_Logo.png 500w, https:\/\/www.mycover-protection.com\/wp-content\/uploads\/2025\/04\/CUSTOMBIKE_online_Logo-300x149.png 300w, https:\/\/www.mycover-protection.com\/wp-content\/uploads\/2025\/04\/CUSTOMBIKE_online_Logo-400x199.png 400w\" sizes=\"(max-width: 500px) 100vw, 500px\" \/><\/figure>\n<\/div>\n\n\n\n<div class=\"wp-block-column is-layout-flow wp-block-column-is-layout-flow\">\n<figure class=\"wp-block-image size-large\"><img decoding=\"async\" src=\"https:\/\/www.mycover-protection.com\/wp-content\/uploads\/2025\/12\/telo-copri-moto-custom-1024x1024.jpg\" alt=\"Chopper Telo per esterni\" class=\"wp-image-62884\"\/><\/figure>\n<\/div>\n<\/div>\n<\/div><\/div>\n\n<div class=\"wp-block-group alignfull wfa-product-mycover-outdoor-section wfa-product-mycover-outdoor-section--choose-size\" id=\"size-finder-section\"><div class=\"wp-block-group__inner-container is-layout-flow wp-block-group-is-layout-flow\">\n<p class=\"wf-overline\" id=\"groessenempfehlungen\">Raccomandazioni per 100 produttori e 2500 modelli<\/p>\n\n\n\n<h2 class=\"wp-block-heading is-style-not-underlined\">MYCOVER<strong>\u00ae<\/strong> Trova le dimensioni del Teli<\/h2>\n\n\n\n<p><strong>&#8211; La tua taglia in 3 click &#8211;<\/strong><\/p>\n\n\n\n<div data-color-scheme=\"error\" class=\"wfa-component-alertbox\" data-wfa-component=\"alertbox\">\t<p><strong>Vietato<\/strong><\/p>\n\t<p>Lo shortcode <code>[[wfa-component-tarpaulin-size-recommendation]]<\/code> non \u00e8 stato rilasciato per questo tipo di pagina.\t<\/p>\n<\/div>\n\n\n<\/div><\/div>\n\n<div class=\"wp-block-group alignfull wfa-product-mycover-outdoor-section wfa-product-mycover-outdoor-section--hero wfa-product-mycover-outdoor-section--hero__mobile\"><div class=\"wp-block-group__inner-container is-layout-flow wp-block-group-is-layout-flow\">\n<p class=\"wf-overline\" id=\"all-features\">Esclusivo telone per elicotteri da esterno<\/p>\n\n\n\n<h2 class=\"wp-block-heading is-style-not-underlined wf-fake-h2\">Impermeabile, traspirante e resistente al calore<\/h2>\n\n\n\n<p class=\"wfa-salespage-text__list-horizontal\">Fatto a mano &#8211; Resistente agli strappi &#8211; Vestibilit\u00e0 perfetta &#8211; Utilizzabile tutto l&#8217;anno<\/p>\n\n\n\n<figure class=\"wp-block-image size-large\"><img decoding=\"async\" width=\"796\" height=\"1024\" src=\"https:\/\/www.mycover-protection.com\/wp-content\/uploads\/2021\/04\/abdeckplane-freigestellt-frontal-796x1024.png\" alt=\"Telo per Chopper MYCOVER\" class=\"wp-image-10728\" srcset=\"https:\/\/www.mycover-protection.com\/wp-content\/uploads\/2021\/04\/abdeckplane-freigestellt-frontal-796x1024.png 796w, https:\/\/www.mycover-protection.com\/wp-content\/uploads\/2021\/04\/abdeckplane-freigestellt-frontal-233x300.png 233w, https:\/\/www.mycover-protection.com\/wp-content\/uploads\/2021\/04\/abdeckplane-freigestellt-frontal-768x987.png 768w, https:\/\/www.mycover-protection.com\/wp-content\/uploads\/2021\/04\/abdeckplane-freigestellt-frontal-1195x1536.png 1195w, https:\/\/www.mycover-protection.com\/wp-content\/uploads\/2021\/04\/abdeckplane-freigestellt-frontal-1593x2048.png 1593w, https:\/\/www.mycover-protection.com\/wp-content\/uploads\/2021\/04\/abdeckplane-freigestellt-frontal-210x270.png 210w, https:\/\/www.mycover-protection.com\/wp-content\/uploads\/2021\/04\/abdeckplane-freigestellt-frontal-800x1029.png 800w\" sizes=\"(max-width: 796px) 100vw, 796px\" \/><\/figure>\n<\/div><\/div>\n\n<div class=\"wp-block-group alignfull wfa-product-mycover-outdoor-section wfa-product-mycover-outdoor-section--hero__mobile__pitch\"><div class=\"wp-block-group__inner-container is-layout-flow wp-block-group-is-layout-flow\">\n<p><strong>Selezione della taglia facile e veloce<\/strong><\/p>\n\n\n\n<ul class=\"wp-block-list wf-list-default\">\n<li>Raccomandazioni sulle dimensioni per oltre 2500 modelli<\/li>\n\n\n\n<li>Oltre 30 misure intermedie per tutti i tipi di veicoli a due ruote<\/li>\n<\/ul>\n\n\n\n<div class=\"wp-block-buttons is-vertical is-layout-flex wp-container-core-buttons-is-layout-8cf370e7 wp-block-buttons-is-layout-flex\">\n<div class=\"wp-block-button\"><a class=\"wp-block-button__link wp-element-button\" href=\"#groessenempfehlungen\">Direttamente alle dimensioni consigliate<\/a><\/div>\n<\/div>\n<\/div><\/div>\n\n<div class=\"wp-block-group alignfull wfa-product-mycover-outdoor-section wfa-product-mycover-outdoor-section--video-reviews\" id=\"was-andere-sagen\"><div class=\"wp-block-group__inner-container is-layout-flow wp-block-group-is-layout-flow\">\n<p class=\"wf-overline\">Qualit\u00e0 premium senza compromessi<\/p>\n\n\n\n<h2 class=\"wp-block-heading is-style-not-underlined\">Come migliaia di altri motociclisti, riponi la tua fiducia in MYCOVER\u00ae<\/h2>\n\n\n\n<div class=\"wp-block-columns is-layout-flex wp-container-core-columns-is-layout-9d6595d7 wp-block-columns-is-layout-flex\">\n<div class=\"wp-block-column is-layout-flow wp-block-column-is-layout-flow\">\n<figure class=\"wp-block-video wfa-block-video__lazy\"><video height=\"720\" style=\"aspect-ratio: 1280 \/ 720;\" width=\"1280\" loop=\"\" muted=\"\" src=\"https:\/\/www.mycover-protection.com\/wp-content\/uploads\/2022\/08\/Kratzerfest-720p-Youtube.mp4\" playsinline=\"\"><\/video><\/figure>\n<\/div>\n\n\n\n<div class=\"wp-block-column is-vertically-aligned-center is-layout-flow wp-block-column-is-layout-flow\">\n<div data-color-scheme=\"error\" class=\"wfa-component-alertbox\" data-wfa-component=\"alertbox\">\t<p><strong>Vietato<\/strong><\/p>\n\t<p>Lo shortcode <code>[[wfa-review]]<\/code> non \u00e8 stato rilasciato per questo tipo di pagina.\t<\/p>\n<\/div>\n\n\n<\/div>\n<\/div>\n\n\n\n<div class=\"wp-block-columns is-layout-flex wp-container-core-columns-is-layout-9d6595d7 wp-block-columns-is-layout-flex\">\n<div class=\"wp-block-column is-layout-flow wp-block-column-is-layout-flow\">\n<figure class=\"wp-block-video wfa-block-video__lazy\"><video height=\"360\" style=\"aspect-ratio: 640 \/ 360;\" width=\"640\" loop=\"\" muted=\"\" src=\"https:\/\/www.mycover-protection.com\/wp-content\/uploads\/2022\/08\/Wasserfest-520p-Youtube.mp4\" playsinline=\"\"><\/video><\/figure>\n<\/div>\n\n\n\n<div class=\"wp-block-column is-vertically-aligned-center is-layout-flow wp-block-column-is-layout-flow\">\n<div data-color-scheme=\"error\" class=\"wfa-component-alertbox\" data-wfa-component=\"alertbox\">\t<p><strong>Vietato<\/strong><\/p>\n\t<p>Lo shortcode <code>[[wfa-review]]<\/code> non \u00e8 stato rilasciato per questo tipo di pagina.\t<\/p>\n<\/div>\n\n\n<\/div>\n<\/div>\n<\/div><\/div>\n\n<div class=\"wp-block-group alignfull wfa-product-mycover-outdoor-section wfa-product-mycover-outdoor-section--story\" id=\"unsere-vision\"><div class=\"wp-block-group__inner-container is-layout-flow wp-block-group-is-layout-flow\">\n<p class=\"wf-overline\">Perch\u00e9 MYCOVER\u00ae?<\/p>\n\n\n\n<h2 class=\"wp-block-heading is-style-not-underlined\">Sviluppato da motociclisti per i motociclisti<\/h2>\n\n\n\n<div class=\"wp-block-columns are-vertically-aligned-center is-layout-flex wp-container-core-columns-is-layout-9d6595d7 wp-block-columns-is-layout-flex\">\n<div class=\"wp-block-column is-vertically-aligned-center is-layout-flow wp-block-column-is-layout-flow\">\n<figure class=\"wp-block-image size-full\"><img decoding=\"async\" width=\"2560\" height=\"1685\" src=\"https:\/\/www.mycover-protection.com\/wp-content\/uploads\/2024\/03\/Chopper-Abdeckplane-wasserdicht-scaled.jpg\" alt=\"Chopper Telo impermeabile\" class=\"wp-image-60669\" srcset=\"https:\/\/www.mycover-protection.com\/wp-content\/uploads\/2024\/03\/Chopper-Abdeckplane-wasserdicht-scaled.jpg 2560w, https:\/\/www.mycover-protection.com\/wp-content\/uploads\/2024\/03\/Chopper-Abdeckplane-wasserdicht-300x198.jpg 300w, https:\/\/www.mycover-protection.com\/wp-content\/uploads\/2024\/03\/Chopper-Abdeckplane-wasserdicht-1024x674.jpg 1024w, https:\/\/www.mycover-protection.com\/wp-content\/uploads\/2024\/03\/Chopper-Abdeckplane-wasserdicht-768x506.jpg 768w, https:\/\/www.mycover-protection.com\/wp-content\/uploads\/2024\/03\/Chopper-Abdeckplane-wasserdicht-1536x1011.jpg 1536w, https:\/\/www.mycover-protection.com\/wp-content\/uploads\/2024\/03\/Chopper-Abdeckplane-wasserdicht-2048x1348.jpg 2048w, https:\/\/www.mycover-protection.com\/wp-content\/uploads\/2024\/03\/Chopper-Abdeckplane-wasserdicht-400x263.jpg 400w, https:\/\/www.mycover-protection.com\/wp-content\/uploads\/2024\/03\/Chopper-Abdeckplane-wasserdicht-800x527.jpg 800w\" sizes=\"(max-width: 2560px) 100vw, 2560px\" \/><figcaption class=\"wp-element-caption\">Constantin, fondatore di MYCOVER\u00ae<\/figcaption><\/figure>\n<\/div>\n\n\n\n<div class=\"wp-block-column is-vertically-aligned-center is-layout-flow wp-block-column-is-layout-flow\">\n<p>Infastiditi dai teli moto che si strappavano continuamente, nel 2018 \u00e8 nata l&#8217;idea di sviluppare IL telo premium per la propria moto.<\/p>\n\n\n\n<p>Oggi, insieme alla nostra comunit\u00e0 di motociclisti, sviluppiamo coperture esterne personalizzate per tutte le marche e i modelli.<\/p>\n<\/div>\n<\/div>\n<\/div><\/div>\n\n<div class=\"wp-block-group alignfull wfa-product-mycover-outdoor-section wfa-product-mycover-outdoor-section--partners\"><div class=\"wp-block-group__inner-container is-layout-flow wp-block-group-is-layout-flow\">\n<h2 class=\"wp-block-heading is-style-not-underlined wf-overline\">I nostri partner<\/h2>\n\n\n\n<div class=\"wp-block-columns is-layout-flex wp-container-core-columns-is-layout-9d6595d7 wp-block-columns-is-layout-flex\">\n<div class=\"wp-block-column is-layout-flow wp-block-column-is-layout-flow\">\n<figure class=\"wp-block-image size-large\"><img decoding=\"async\" width=\"1024\" height=\"410\" src=\"https:\/\/www.mycover-protection.com\/wp-content\/uploads\/2022\/08\/logo-abus-1024x410.png\" alt=\"\" class=\"wp-image-19257\" srcset=\"https:\/\/www.mycover-protection.com\/wp-content\/uploads\/2022\/08\/logo-abus-1024x410.png 1024w, https:\/\/www.mycover-protection.com\/wp-content\/uploads\/2022\/08\/logo-abus-300x120.png 300w, https:\/\/www.mycover-protection.com\/wp-content\/uploads\/2022\/08\/logo-abus-768x308.png 768w, https:\/\/www.mycover-protection.com\/wp-content\/uploads\/2022\/08\/logo-abus-400x160.png 400w, https:\/\/www.mycover-protection.com\/wp-content\/uploads\/2022\/08\/logo-abus-800x321.png 800w, https:\/\/www.mycover-protection.com\/wp-content\/uploads\/2022\/08\/logo-abus.png 1248w\" sizes=\"(max-width: 1024px) 100vw, 1024px\" \/><\/figure>\n<\/div>\n\n\n\n<div class=\"wp-block-column is-layout-flow wp-block-column-is-layout-flow\">\n<figure class=\"wp-block-image size-full\"><img decoding=\"async\" width=\"200\" height=\"79\" src=\"https:\/\/www.mycover-protection.com\/wp-content\/uploads\/2022\/08\/logo-big-point.png\" alt=\"\" class=\"wp-image-19260\"\/><\/figure>\n<\/div>\n\n\n\n<div class=\"wp-block-column is-layout-flow wp-block-column-is-layout-flow\">\n<figure class=\"wp-block-image size-large\"><img decoding=\"async\" width=\"1024\" height=\"300\" src=\"https:\/\/www.mycover-protection.com\/wp-content\/uploads\/2022\/08\/logo-beinlich-racingteam-1024x300.png\" alt=\"\" class=\"wp-image-19263\" srcset=\"https:\/\/www.mycover-protection.com\/wp-content\/uploads\/2022\/08\/logo-beinlich-racingteam-1024x300.png 1024w, https:\/\/www.mycover-protection.com\/wp-content\/uploads\/2022\/08\/logo-beinlich-racingteam-300x88.png 300w, https:\/\/www.mycover-protection.com\/wp-content\/uploads\/2022\/08\/logo-beinlich-racingteam-768x225.png 768w, https:\/\/www.mycover-protection.com\/wp-content\/uploads\/2022\/08\/logo-beinlich-racingteam-400x117.png 400w, https:\/\/www.mycover-protection.com\/wp-content\/uploads\/2022\/08\/logo-beinlich-racingteam-800x234.png 800w, https:\/\/www.mycover-protection.com\/wp-content\/uploads\/2022\/08\/logo-beinlich-racingteam.png 1366w\" sizes=\"(max-width: 1024px) 100vw, 1024px\" \/><\/figure>\n<\/div>\n\n\n\n<div class=\"wp-block-column is-layout-flow wp-block-column-is-layout-flow\">\n<figure class=\"wp-block-image size-full\"><img decoding=\"async\" width=\"218\" height=\"60\" src=\"https:\/\/www.mycover-protection.com\/wp-content\/uploads\/2022\/08\/logo-rsi-performance.png\" alt=\"\" class=\"wp-image-19266\"\/><\/figure>\n<\/div>\n\n\n\n<div class=\"wp-block-column is-layout-flow wp-block-column-is-layout-flow\">\n<figure class=\"wp-block-image size-large\"><img decoding=\"async\" width=\"1024\" height=\"300\" src=\"https:\/\/www.mycover-protection.com\/wp-content\/uploads\/2022\/08\/logo-biker-fahren-fuer-kinder-1024x300.png\" alt=\"\" class=\"wp-image-19269\" srcset=\"https:\/\/www.mycover-protection.com\/wp-content\/uploads\/2022\/08\/logo-biker-fahren-fuer-kinder-1024x300.png 1024w, https:\/\/www.mycover-protection.com\/wp-content\/uploads\/2022\/08\/logo-biker-fahren-fuer-kinder-300x88.png 300w, https:\/\/www.mycover-protection.com\/wp-content\/uploads\/2022\/08\/logo-biker-fahren-fuer-kinder-768x225.png 768w, https:\/\/www.mycover-protection.com\/wp-content\/uploads\/2022\/08\/logo-biker-fahren-fuer-kinder-400x117.png 400w, https:\/\/www.mycover-protection.com\/wp-content\/uploads\/2022\/08\/logo-biker-fahren-fuer-kinder-800x234.png 800w, https:\/\/www.mycover-protection.com\/wp-content\/uploads\/2022\/08\/logo-biker-fahren-fuer-kinder.png 1366w\" sizes=\"(max-width: 1024px) 100vw, 1024px\" \/><\/figure>\n<\/div>\n\n\n\n<div class=\"wp-block-column is-layout-flow wp-block-column-is-layout-flow\">\n<figure class=\"wp-block-image size-large\"><img decoding=\"async\" width=\"1024\" height=\"191\" src=\"https:\/\/www.mycover-protection.com\/wp-content\/uploads\/2022\/08\/Kawasaki-Hmaburg-1024x191.png\" alt=\"\" class=\"wp-image-19652\" srcset=\"https:\/\/www.mycover-protection.com\/wp-content\/uploads\/2022\/08\/Kawasaki-Hmaburg-1024x191.png 1024w, https:\/\/www.mycover-protection.com\/wp-content\/uploads\/2022\/08\/Kawasaki-Hmaburg-300x56.png 300w, https:\/\/www.mycover-protection.com\/wp-content\/uploads\/2022\/08\/Kawasaki-Hmaburg-768x143.png 768w, https:\/\/www.mycover-protection.com\/wp-content\/uploads\/2022\/08\/Kawasaki-Hmaburg-400x74.png 400w, https:\/\/www.mycover-protection.com\/wp-content\/uploads\/2022\/08\/Kawasaki-Hmaburg-800x149.png 800w, https:\/\/www.mycover-protection.com\/wp-content\/uploads\/2022\/08\/Kawasaki-Hmaburg.png 1300w\" sizes=\"(max-width: 1024px) 100vw, 1024px\" \/><\/figure>\n<\/div>\n<\/div>\n<\/div><\/div>\n\n<div class=\"wp-block-group alignfull wfa-product-mycover-outdoor-section wfa-product-mycover-outdoor-section--pain-points\"><div class=\"wp-block-group__inner-container is-layout-flow wp-block-group-is-layout-flow\">\n<p class=\"wf-overline\" id=\"probleme\">Lo sai?<\/p>\n\n\n\n<h2 class=\"wp-block-heading is-style-not-underlined\">Appena comprato, gi\u00e0 rotto di nuovo!<\/h2>\n\n\n\n<p class=\"wfa-salespage-text__list-horizontal\">Crepe, ruggine e officina: Teloni per chopper scadenti significano continui acquisti e perdita di valore per il tuo chopper.<\/p>\n\n\n\n<div class=\"wp-block-cb-carousel-v2 cb-carousel-block cb-single-slide\" data-cb-slides-per-view=\"1\" data-cb-slides-per-group=\"1\" data-cb-space-between=\"15\" data-cb-speed=\"200\" data-cb-navigation=\"true\" data-cb-pagination=\"true\" data-cb-loop=\"true\" data-cb-breakpoints=\"{&quot;768&quot;:{&quot;slidesPerView&quot;:1,&quot;slidesPerGroup&quot;:1}}\"><div class=\"swiper\"><div class=\"cb-wrapper swiper-wrapper\">\n<div class=\"wp-block-cb-slide-v2 cb-slide swiper-slide\">\n<figure class=\"wp-block-image size-large\"><img decoding=\"async\" width=\"1024\" height=\"834\" src=\"https:\/\/www.mycover-protection.com\/wp-content\/uploads\/2022\/08\/outdoor-abdeckplane-probleme-materialbruch-1024x834.jpg\" alt=\"Telo del Chopper strappato\" class=\"wp-image-19245\" srcset=\"https:\/\/www.mycover-protection.com\/wp-content\/uploads\/2022\/08\/outdoor-abdeckplane-probleme-materialbruch-1024x834.jpg 1024w, https:\/\/www.mycover-protection.com\/wp-content\/uploads\/2022\/08\/outdoor-abdeckplane-probleme-materialbruch-300x244.jpg 300w, https:\/\/www.mycover-protection.com\/wp-content\/uploads\/2022\/08\/outdoor-abdeckplane-probleme-materialbruch-768x626.jpg 768w, https:\/\/www.mycover-protection.com\/wp-content\/uploads\/2022\/08\/outdoor-abdeckplane-probleme-materialbruch-331x270.jpg 331w, https:\/\/www.mycover-protection.com\/wp-content\/uploads\/2022\/08\/outdoor-abdeckplane-probleme-materialbruch-800x652.jpg 800w, https:\/\/www.mycover-protection.com\/wp-content\/uploads\/2022\/08\/outdoor-abdeckplane-probleme-materialbruch.jpg 1426w\" sizes=\"(max-width: 1024px) 100vw, 1024px\" \/><\/figure>\n\n\n\n<p><strong>Rottura del materiale<\/strong> a causa del gelo e dei raggi UV. Le cuciture si strappano a causa della scarsa lavorazione e del materiale scadente.   <\/p>\n<\/div>\n\n\n\n<div class=\"wp-block-cb-slide-v2 cb-slide swiper-slide\">\n<figure class=\"wp-block-image size-large\"><img decoding=\"async\" width=\"1024\" height=\"834\" src=\"https:\/\/www.mycover-protection.com\/wp-content\/uploads\/2022\/08\/outdoor-abdeckplane-probleme-schlechte-passform-1024x834.jpg\" alt=\"Copertura Chopper vento\" class=\"wp-image-19248\" srcset=\"https:\/\/www.mycover-protection.com\/wp-content\/uploads\/2022\/08\/outdoor-abdeckplane-probleme-schlechte-passform-1024x834.jpg 1024w, https:\/\/www.mycover-protection.com\/wp-content\/uploads\/2022\/08\/outdoor-abdeckplane-probleme-schlechte-passform-300x244.jpg 300w, https:\/\/www.mycover-protection.com\/wp-content\/uploads\/2022\/08\/outdoor-abdeckplane-probleme-schlechte-passform-768x626.jpg 768w, https:\/\/www.mycover-protection.com\/wp-content\/uploads\/2022\/08\/outdoor-abdeckplane-probleme-schlechte-passform-331x270.jpg 331w, https:\/\/www.mycover-protection.com\/wp-content\/uploads\/2022\/08\/outdoor-abdeckplane-probleme-schlechte-passform-800x652.jpg 800w, https:\/\/www.mycover-protection.com\/wp-content\/uploads\/2022\/08\/outdoor-abdeckplane-probleme-schlechte-passform.jpg 1426w\" sizes=\"(max-width: 1024px) 100vw, 1024px\" \/><\/figure>\n\n\n\n<p><strong>Non ha una buona vestibilit\u00e0<\/strong>, si adagia sul terreno umido e sbatte fortemente al vento. <em>Attenzione: pericolo di caduta!<\/em><\/p>\n<\/div>\n\n\n\n<div class=\"wp-block-cb-slide-v2 cb-slide swiper-slide\">\n<figure class=\"wp-block-image size-large\"><img decoding=\"async\" width=\"1024\" height=\"834\" src=\"https:\/\/www.mycover-protection.com\/wp-content\/uploads\/2022\/08\/outdoor-abdeckplane-probleme-hinten-aufgeschnitten-1024x834.jpg\" alt=\"Copertura per Chopper da esterno\" class=\"wp-image-19251\" srcset=\"https:\/\/www.mycover-protection.com\/wp-content\/uploads\/2022\/08\/outdoor-abdeckplane-probleme-hinten-aufgeschnitten-1024x834.jpg 1024w, https:\/\/www.mycover-protection.com\/wp-content\/uploads\/2022\/08\/outdoor-abdeckplane-probleme-hinten-aufgeschnitten-300x244.jpg 300w, https:\/\/www.mycover-protection.com\/wp-content\/uploads\/2022\/08\/outdoor-abdeckplane-probleme-hinten-aufgeschnitten-768x626.jpg 768w, https:\/\/www.mycover-protection.com\/wp-content\/uploads\/2022\/08\/outdoor-abdeckplane-probleme-hinten-aufgeschnitten-331x270.jpg 331w, https:\/\/www.mycover-protection.com\/wp-content\/uploads\/2022\/08\/outdoor-abdeckplane-probleme-hinten-aufgeschnitten-800x652.jpg 800w, https:\/\/www.mycover-protection.com\/wp-content\/uploads\/2022\/08\/outdoor-abdeckplane-probleme-hinten-aufgeschnitten.jpg 1426w\" sizes=\"(max-width: 1024px) 100vw, 1024px\" \/><\/figure>\n\n\n\n<p><strong>Elettronica difettosa<\/strong>, compresi i componenti rilevanti per la sicurezza. Inoltre, ruggine e muffa a causa dell&#8217;umidit\u00e0 stagnante. <\/p>\n<\/div>\n\n\n\n<div class=\"wp-block-cb-slide-v2 cb-slide swiper-slide\">\n<figure class=\"wp-block-image size-large\"><img decoding=\"async\" width=\"1024\" height=\"834\" src=\"https:\/\/www.mycover-protection.com\/wp-content\/uploads\/2022\/08\/outdoor-abdeckplane-probleme-regenplane-1024x834.jpg\" alt=\"Il telone di Chopper non &#xE8; a prova di inverno\" class=\"wp-image-19254\" srcset=\"https:\/\/www.mycover-protection.com\/wp-content\/uploads\/2022\/08\/outdoor-abdeckplane-probleme-regenplane-1024x834.jpg 1024w, https:\/\/www.mycover-protection.com\/wp-content\/uploads\/2022\/08\/outdoor-abdeckplane-probleme-regenplane-300x244.jpg 300w, https:\/\/www.mycover-protection.com\/wp-content\/uploads\/2022\/08\/outdoor-abdeckplane-probleme-regenplane-768x626.jpg 768w, https:\/\/www.mycover-protection.com\/wp-content\/uploads\/2022\/08\/outdoor-abdeckplane-probleme-regenplane-331x270.jpg 331w, https:\/\/www.mycover-protection.com\/wp-content\/uploads\/2022\/08\/outdoor-abdeckplane-probleme-regenplane-800x652.jpg 800w, https:\/\/www.mycover-protection.com\/wp-content\/uploads\/2022\/08\/outdoor-abdeckplane-probleme-regenplane.jpg 1426w\" sizes=\"(max-width: 1024px) 100vw, 1024px\" \/><\/figure>\n\n\n\n<p><strong>Semplice telo antipioggia<\/strong>, non aderente n\u00e9 traspirante. Decisamente non adatto all&#8217;uso esterno! <\/p>\n<\/div>\n<\/div><\/div><div class=\"cb-pagination swiper-pagination\"><\/div><div class=\"cb-button-prev swiper-button-prev\"><\/div><div class=\"cb-button-next swiper-button-next\"><\/div><\/div>\n<\/div><\/div>\n\n<div class=\"wp-block-group alignfull wfa-product-mycover-outdoor-section wfa-product-mycover-outdoor-section--features\" id=\"funktionen\"><div class=\"wp-block-group__inner-container is-layout-flow wp-block-group-is-layout-flow\">\n<p class=\"wf-overline\">Nessun compromesso per il tuo Chopper!<\/p>\n\n\n\n<h2 class=\"wp-block-heading is-style-not-underlined\">Opta per un&#8217;esclusiva protezione per elicotteri all&#8217;aperto<\/h2>\n\n\n\n<p>I nostri Chopper meritano una vera protezione a lungo termine! Ecco perch\u00e9 abbiamo unito uno speciale materiale per esterni alle nostre migliori funzioni: <\/p>\n\n\n\n<div class=\"wp-block-columns are-vertically-aligned-center is-layout-flex wp-container-core-columns-is-layout-9d6595d7 wp-block-columns-is-layout-flex\">\n<div class=\"wp-block-column is-vertically-aligned-center is-layout-flow wp-block-column-is-layout-flow\">\n<figure class=\"wp-block-image size-full\"><img decoding=\"async\" width=\"1002\" height=\"477\" src=\"https:\/\/www.mycover-protection.com\/wp-content\/uploads\/2022\/08\/wasserfest.jpg\" alt=\"Chopper Telo impermeabile\" class=\"wp-image-19242\" srcset=\"https:\/\/www.mycover-protection.com\/wp-content\/uploads\/2022\/08\/wasserfest.jpg 1002w, https:\/\/www.mycover-protection.com\/wp-content\/uploads\/2022\/08\/wasserfest-300x143.jpg 300w, https:\/\/www.mycover-protection.com\/wp-content\/uploads\/2022\/08\/wasserfest-768x366.jpg 768w, https:\/\/www.mycover-protection.com\/wp-content\/uploads\/2022\/08\/wasserfest-400x190.jpg 400w, https:\/\/www.mycover-protection.com\/wp-content\/uploads\/2022\/08\/wasserfest-800x381.jpg 800w\" sizes=\"(max-width: 1002px) 100vw, 1002px\" \/><\/figure>\n<\/div>\n\n\n\n<div class=\"wp-block-column is-vertically-aligned-center is-layout-flow wp-block-column-is-layout-flow\">\n<h3 class=\"wp-block-heading is-style-default\">Telo impermeabile per chopper<\/h3>\n\n\n\n<ul class=\"wp-block-list wf-list-default\">\n<li><strong>Materiale esclusivo per l&#8217;outdoor<\/strong><br\/>Impermeabile e traspirante per la massima conservazione del valore.<\/li>\n\n\n\n<li><strong>Forte protezione per tutte le stagioni<\/strong><br\/>Resistente ai raggi UV e alle intemperie con doppio nano-rivestimento<\/li>\n<\/ul>\n<\/div>\n<\/div>\n\n\n\n<div class=\"wp-block-columns are-vertically-aligned-center is-layout-flex wp-container-core-columns-is-layout-9d6595d7 wp-block-columns-is-layout-flex\">\n<div class=\"wp-block-column is-vertically-aligned-center is-layout-flow wp-block-column-is-layout-flow\">\n<figure class=\"wp-block-image size-full\"><img decoding=\"async\" width=\"1000\" height=\"476\" src=\"https:\/\/www.mycover-protection.com\/wp-content\/uploads\/2022\/08\/outdoor-abdeckplane-feature-doppelnaehte.jpg\" alt=\"Materiale robusto per la copertura del Chopper\" class=\"wp-image-19239\" srcset=\"https:\/\/www.mycover-protection.com\/wp-content\/uploads\/2022\/08\/outdoor-abdeckplane-feature-doppelnaehte.jpg 1000w, https:\/\/www.mycover-protection.com\/wp-content\/uploads\/2022\/08\/outdoor-abdeckplane-feature-doppelnaehte-300x143.jpg 300w, https:\/\/www.mycover-protection.com\/wp-content\/uploads\/2022\/08\/outdoor-abdeckplane-feature-doppelnaehte-768x366.jpg 768w, https:\/\/www.mycover-protection.com\/wp-content\/uploads\/2022\/08\/outdoor-abdeckplane-feature-doppelnaehte-400x190.jpg 400w, https:\/\/www.mycover-protection.com\/wp-content\/uploads\/2022\/08\/outdoor-abdeckplane-feature-doppelnaehte-800x381.jpg 800w\" sizes=\"(max-width: 1000px) 100vw, 1000px\" \/><\/figure>\n<\/div>\n\n\n\n<div class=\"wp-block-column is-vertically-aligned-center is-layout-flow wp-block-column-is-layout-flow\">\n<h3 class=\"wp-block-heading\">Copertura durevole per Chopper da esterno<\/h3>\n\n\n\n<ul class=\"wp-block-list wf-list-default\">\n<li><strong>100% resistente<\/strong><br\/>Materiale 300D resistente ai graffi e agli strappi con doppie cuciture rinforzate.<\/li>\n\n\n\n<li><strong>Fatto e cucito a mano<\/strong><br\/>da dipendenti esperti per mantenere il valore a lungo termine<\/li>\n<\/ul>\n<\/div>\n<\/div>\n\n\n\n<div class=\"wp-block-columns are-vertically-aligned-center is-layout-flex wp-container-core-columns-is-layout-9d6595d7 wp-block-columns-is-layout-flex\">\n<div class=\"wp-block-column is-vertically-aligned-center is-layout-flow wp-block-column-is-layout-flow\">\n<figure class=\"wp-block-image size-full\"><img decoding=\"async\" width=\"1000\" height=\"476\" src=\"https:\/\/www.mycover-protection.com\/wp-content\/uploads\/2022\/08\/outdoor-abdeckplane-feature-elastischer-saum.jpg\" alt=\"Copertura Chopper con rivestimento interno morbido\" class=\"wp-image-19236\" srcset=\"https:\/\/www.mycover-protection.com\/wp-content\/uploads\/2022\/08\/outdoor-abdeckplane-feature-elastischer-saum.jpg 1000w, https:\/\/www.mycover-protection.com\/wp-content\/uploads\/2022\/08\/outdoor-abdeckplane-feature-elastischer-saum-300x143.jpg 300w, https:\/\/www.mycover-protection.com\/wp-content\/uploads\/2022\/08\/outdoor-abdeckplane-feature-elastischer-saum-768x366.jpg 768w, https:\/\/www.mycover-protection.com\/wp-content\/uploads\/2022\/08\/outdoor-abdeckplane-feature-elastischer-saum-400x190.jpg 400w, https:\/\/www.mycover-protection.com\/wp-content\/uploads\/2022\/08\/outdoor-abdeckplane-feature-elastischer-saum-800x381.jpg 800w\" sizes=\"(max-width: 1000px) 100vw, 1000px\" \/><\/figure>\n<\/div>\n\n\n\n<div class=\"wp-block-column is-vertically-aligned-center is-layout-flow wp-block-column-is-layout-flow\">\n<h3 class=\"wp-block-heading\">Vestibilit\u00e0 perfetta e delicatezza sulla vernice<\/h3>\n\n\n\n<ul class=\"wp-block-list wf-list-default\">\n<li><strong>Vestibilit\u00e0 ottimale<\/strong><br\/>Nessuna svasatura grazie alle taglie perfettamente aderenti con orlo elasticizzato<\/li>\n\n\n\n<li><strong>Protegge la vernice in modo permanente<\/strong><br\/>Speciale protezione antigraffio con vello interno extra morbido<\/li>\n<\/ul>\n<\/div>\n<\/div>\n\n\n\n<div class=\"wp-block-columns are-vertically-aligned-center is-layout-flex wp-container-core-columns-is-layout-9d6595d7 wp-block-columns-is-layout-flex\">\n<div class=\"wp-block-column is-vertically-aligned-center is-layout-flow wp-block-column-is-layout-flow\">\n<figure class=\"wp-block-image size-full\"><img decoding=\"async\" width=\"1000\" height=\"476\" src=\"https:\/\/www.mycover-protection.com\/wp-content\/uploads\/2022\/08\/outdoor-abdeckplane-feature-hitzeschutz.jpg\" alt=\"Telone Chopper per la protezione dal calore\" class=\"wp-image-19233\" srcset=\"https:\/\/www.mycover-protection.com\/wp-content\/uploads\/2022\/08\/outdoor-abdeckplane-feature-hitzeschutz.jpg 1000w, https:\/\/www.mycover-protection.com\/wp-content\/uploads\/2022\/08\/outdoor-abdeckplane-feature-hitzeschutz-300x143.jpg 300w, https:\/\/www.mycover-protection.com\/wp-content\/uploads\/2022\/08\/outdoor-abdeckplane-feature-hitzeschutz-768x366.jpg 768w, https:\/\/www.mycover-protection.com\/wp-content\/uploads\/2022\/08\/outdoor-abdeckplane-feature-hitzeschutz-400x190.jpg 400w, https:\/\/www.mycover-protection.com\/wp-content\/uploads\/2022\/08\/outdoor-abdeckplane-feature-hitzeschutz-800x381.jpg 800w\" sizes=\"(max-width: 1000px) 100vw, 1000px\" \/><\/figure>\n<\/div>\n\n\n\n<div class=\"wp-block-column is-vertically-aligned-center is-layout-flow wp-block-column-is-layout-flow\">\n<h3 class=\"wp-block-heading\">Telone per trinciatura resistente al calore<\/h3>\n\n\n\n<ul class=\"wp-block-list wf-list-default\">\n<li><strong><strong>Materiale aggiuntivo di protezione dal calore<\/strong><\/strong><br\/>Riduce al minimo il rischio di danni da calore (fino a circa 200\u00b0C)  <\/li>\n\n\n\n<li><strong><strong><strong>Protegge lo scarico<\/strong><\/strong><\/strong><br\/>Nella parte inferiore del collettore fino alla marmitta<\/li>\n<\/ul>\n<\/div>\n<\/div>\n\n\n\n<div class=\"wp-block-columns are-vertically-aligned-center is-layout-flex wp-container-core-columns-is-layout-9d6595d7 wp-block-columns-is-layout-flex\">\n<div class=\"wp-block-column is-vertically-aligned-center is-layout-flow wp-block-column-is-layout-flow\">\n<figure class=\"wp-block-image size-full\"><img decoding=\"async\" width=\"1000\" height=\"476\" src=\"https:\/\/www.mycover-protection.com\/wp-content\/uploads\/2022\/08\/outdoor-abdeckplane-feature-belueftungszonen.jpg\" alt=\"Copertura per Chopper traspirante\" class=\"wp-image-19230\" srcset=\"https:\/\/www.mycover-protection.com\/wp-content\/uploads\/2022\/08\/outdoor-abdeckplane-feature-belueftungszonen.jpg 1000w, https:\/\/www.mycover-protection.com\/wp-content\/uploads\/2022\/08\/outdoor-abdeckplane-feature-belueftungszonen-300x143.jpg 300w, https:\/\/www.mycover-protection.com\/wp-content\/uploads\/2022\/08\/outdoor-abdeckplane-feature-belueftungszonen-768x366.jpg 768w, https:\/\/www.mycover-protection.com\/wp-content\/uploads\/2022\/08\/outdoor-abdeckplane-feature-belueftungszonen-400x190.jpg 400w, https:\/\/www.mycover-protection.com\/wp-content\/uploads\/2022\/08\/outdoor-abdeckplane-feature-belueftungszonen-800x381.jpg 800w\" sizes=\"(max-width: 1000px) 100vw, 1000px\" \/><\/figure>\n<\/div>\n\n\n\n<div class=\"wp-block-column is-vertically-aligned-center is-layout-flow wp-block-column-is-layout-flow\">\n<h3 class=\"wp-block-heading\">Copertura traspirante per Chopper<\/h3>\n\n\n\n<ul class=\"wp-block-list wf-list-default\">\n<li><strong><strong><strong>Doppia zona di ventilazione<\/strong><\/strong><\/strong><br\/>All&#8217;altezza degli specchi esterni per consentire all&#8217;umidit\u00e0 di fuoriuscire in modo efficace  <\/li>\n\n\n\n<li><strong>Circolazione ottimale dell&#8217;aria<br\/><\/strong>Impedisce il ristagno dell&#8217;acqua e aiuta a prevenire la ruggine<\/li>\n<\/ul>\n<\/div>\n<\/div>\n\n\n\n<div class=\"wp-block-columns are-vertically-aligned-center is-layout-flex wp-container-core-columns-is-layout-9d6595d7 wp-block-columns-is-layout-flex\">\n<div class=\"wp-block-column is-vertically-aligned-center is-layout-flow wp-block-column-is-layout-flow\">\n<figure class=\"wp-block-image size-full\"><img decoding=\"async\" width=\"1000\" height=\"476\" src=\"https:\/\/www.mycover-protection.com\/wp-content\/uploads\/2022\/08\/outdoor-abdeckplane-feature-reflektorstreifen.jpg\" alt=\"Copertura Chopper Riflettori\" class=\"wp-image-19227\" srcset=\"https:\/\/www.mycover-protection.com\/wp-content\/uploads\/2022\/08\/outdoor-abdeckplane-feature-reflektorstreifen.jpg 1000w, https:\/\/www.mycover-protection.com\/wp-content\/uploads\/2022\/08\/outdoor-abdeckplane-feature-reflektorstreifen-300x143.jpg 300w, https:\/\/www.mycover-protection.com\/wp-content\/uploads\/2022\/08\/outdoor-abdeckplane-feature-reflektorstreifen-768x366.jpg 768w, https:\/\/www.mycover-protection.com\/wp-content\/uploads\/2022\/08\/outdoor-abdeckplane-feature-reflektorstreifen-400x190.jpg 400w, https:\/\/www.mycover-protection.com\/wp-content\/uploads\/2022\/08\/outdoor-abdeckplane-feature-reflektorstreifen-800x381.jpg 800w\" sizes=\"(max-width: 1000px) 100vw, 1000px\" \/><\/figure>\n<\/div>\n\n\n\n<div class=\"wp-block-column is-vertically-aligned-center is-layout-flow wp-block-column-is-layout-flow\">\n<h3 class=\"wp-block-heading\">In tutta sicurezza durante la notte<\/h3>\n\n\n\n<ul class=\"wp-block-list wf-list-default\">\n<li><span><strong style=\"font-weight: bold;\">Riflettori luminosi<\/strong><\/span><br\/>Rifiniti discretamente nelle cuciture con un design accattivante<\/li>\n\n\n\n<li><strong><strong><strong>Visibilit\u00e0 a 360\u00b0 di notte<\/strong><\/strong><\/strong><br\/>Per una riflessione ottimale da tutti i lati<\/li>\n<\/ul>\n<\/div>\n<\/div>\n\n\n\n<div class=\"wp-block-columns are-vertically-aligned-center is-layout-flex wp-container-core-columns-is-layout-9d6595d7 wp-block-columns-is-layout-flex\">\n<div class=\"wp-block-column is-vertically-aligned-center is-layout-flow wp-block-column-is-layout-flow\">\n<figure class=\"wp-block-image size-full\"><img decoding=\"async\" width=\"1000\" height=\"476\" src=\"https:\/\/www.mycover-protection.com\/wp-content\/uploads\/2022\/08\/Schloss_grau.jpg\" alt=\"Blocco del Telo di Chopper\" class=\"wp-image-19543\" srcset=\"https:\/\/www.mycover-protection.com\/wp-content\/uploads\/2022\/08\/Schloss_grau.jpg 1000w, https:\/\/www.mycover-protection.com\/wp-content\/uploads\/2022\/08\/Schloss_grau-300x143.jpg 300w, https:\/\/www.mycover-protection.com\/wp-content\/uploads\/2022\/08\/Schloss_grau-768x366.jpg 768w, https:\/\/www.mycover-protection.com\/wp-content\/uploads\/2022\/08\/Schloss_grau-400x190.jpg 400w, https:\/\/www.mycover-protection.com\/wp-content\/uploads\/2022\/08\/Schloss_grau-800x381.jpg 800w\" sizes=\"(max-width: 1000px) 100vw, 1000px\" \/><\/figure>\n<\/div>\n\n\n\n<div class=\"wp-block-column is-vertically-aligned-center is-layout-flow wp-block-column-is-layout-flow\">\n<h3 class=\"wp-block-heading\">La protezione contro i furti \u00e8 semplice<\/h3>\n\n\n\n<ul class=\"wp-block-list wf-list-default\">\n<li><strong><strong><strong>Aperture di chiusura rinforzate<\/strong><\/strong><\/strong><br\/>Nessun anello di plastica o alluminio che sfrega per proteggere i tuoi cerchi e la tua vernice<\/li>\n\n\n\n<li><strong> <strong>Protezione antifurto<\/strong> su entrambi i lati<\/strong><br\/>Fissa il lucchetto alla ruota anteriore o posteriore a seconda della situazione di parcheggio  <\/li>\n<\/ul>\n<\/div>\n<\/div>\n\n\n\n<div class=\"wp-block-columns are-vertically-aligned-center is-layout-flex wp-container-core-columns-is-layout-9d6595d7 wp-block-columns-is-layout-flex\">\n<div class=\"wp-block-column is-vertically-aligned-center is-layout-flow wp-block-column-is-layout-flow\">\n<figure class=\"wp-block-image size-full\"><img decoding=\"async\" width=\"1000\" height=\"476\" src=\"https:\/\/www.mycover-protection.com\/wp-content\/uploads\/2022\/08\/Sicherungsgurte_grau.jpg\" alt=\"Cinghie di sicurezza per teloni Chopper\" class=\"wp-image-19539\" srcset=\"https:\/\/www.mycover-protection.com\/wp-content\/uploads\/2022\/08\/Sicherungsgurte_grau.jpg 1000w, https:\/\/www.mycover-protection.com\/wp-content\/uploads\/2022\/08\/Sicherungsgurte_grau-300x143.jpg 300w, https:\/\/www.mycover-protection.com\/wp-content\/uploads\/2022\/08\/Sicherungsgurte_grau-768x366.jpg 768w, https:\/\/www.mycover-protection.com\/wp-content\/uploads\/2022\/08\/Sicherungsgurte_grau-400x190.jpg 400w, https:\/\/www.mycover-protection.com\/wp-content\/uploads\/2022\/08\/Sicherungsgurte_grau-800x381.jpg 800w\" sizes=\"(max-width: 1000px) 100vw, 1000px\" \/><\/figure>\n<\/div>\n\n\n\n<div class=\"wp-block-column is-vertically-aligned-center is-layout-flow wp-block-column-is-layout-flow\">\n<h3 class=\"wp-block-heading\">Protezione sicura dal vento<\/h3>\n\n\n\n<ul class=\"wp-block-list wf-list-default\">\n<li><strong><strong>2 robuste cinghie di sicurezza<\/strong><\/strong><br\/>Fissa in modo sicuro il Telo al tuo Chopper<\/li>\n\n\n\n<li><strong><strong><strong>Protegge i componenti sensibili<\/strong><\/strong><\/strong><br\/>Riducendo al minimo la suscettibilit\u00e0 al vento e l&#8217;attrito sulla vernice<\/li>\n<\/ul>\n<\/div>\n<\/div>\n\n\n\n<div class=\"wp-block-columns are-vertically-aligned-center is-layout-flex wp-container-core-columns-is-layout-9d6595d7 wp-block-columns-is-layout-flex\">\n<div class=\"wp-block-column is-vertically-aligned-center is-layout-flow wp-block-column-is-layout-flow\">\n<figure class=\"wp-block-image size-full\"><img decoding=\"async\" width=\"1000\" height=\"476\" src=\"https:\/\/www.mycover-protection.com\/wp-content\/uploads\/2022\/08\/Kennzeichenfenster_grau.jpg\" alt=\"Telo Chopper con finestra per la targa\" class=\"wp-image-19527\" srcset=\"https:\/\/www.mycover-protection.com\/wp-content\/uploads\/2022\/08\/Kennzeichenfenster_grau.jpg 1000w, https:\/\/www.mycover-protection.com\/wp-content\/uploads\/2022\/08\/Kennzeichenfenster_grau-300x143.jpg 300w, https:\/\/www.mycover-protection.com\/wp-content\/uploads\/2022\/08\/Kennzeichenfenster_grau-768x366.jpg 768w, https:\/\/www.mycover-protection.com\/wp-content\/uploads\/2022\/08\/Kennzeichenfenster_grau-400x190.jpg 400w, https:\/\/www.mycover-protection.com\/wp-content\/uploads\/2022\/08\/Kennzeichenfenster_grau-800x381.jpg 800w\" sizes=\"(max-width: 1000px) 100vw, 1000px\" \/><\/figure>\n<\/div>\n\n\n\n<div class=\"wp-block-column is-vertically-aligned-center is-layout-flow wp-block-column-is-layout-flow\">\n<h3 class=\"wp-block-heading\">Parcheggio sicuro e legale<\/h3>\n\n\n\n<ul class=\"wp-block-list wf-list-default\">\n<li><strong><strong><strong>Finestra per targa<\/strong><\/strong><\/strong><br\/>Approvato ai sensi del \u00a7 10 comma 2 GZV e del \u00a7 23 comma  1 StVO <\/li>\n\n\n\n<li><strong><strong><strong><strong>Per ogni posto auto<\/strong><\/strong><\/strong><\/strong><br\/>Adatto e non pi\u00f9 rimorchi o multe per divieto di sosta<\/li>\n<\/ul>\n<\/div>\n<\/div>\n\n\n\n<div class=\"wfa-product-mycover-outdoor__show-more-btn-wrap\">\n<button class=\"button\" disabled=\"disabled\">Mostra altre funzioni<\/button>\n<\/div>\n<\/div><\/div>\n\n<div class=\"wp-block-group alignfull wfa-product-mycover-outdoor-section  wfa-product-mycover-outdoor-section--video\" id=\"video-erlebe-mycover\"><div class=\"wp-block-group__inner-container is-layout-flow wp-block-group-is-layout-flow\">\n<p class=\"wf-overline\">Prova la MYCOVER\u00ae qualit\u00e0<\/p>\n\n\n\n<h2 class=\"wp-block-heading is-style-not-underlined\">Probabilmente \u00e8 l&#8217;ultimo telone per chopper che comprerai!<\/h2>\n\n\n\n<div class=\"wp-block-group alignwide\"><div class=\"wp-block-group__inner-container is-layout-constrained wp-block-group-is-layout-constrained\">\n<div>\n<figure class=\"wf-do-not-force-embed-block wp-block-embed is-type-video is-provider-youtube wp-block-embed-youtube wp-embed-aspect-16-9 wp-has-aspect-ratio\">\n<div class=\"wp-block-embed__wrapper\">\n <div class=\"brlbs-cmpnt-container brlbs-cmpnt-content-blocker brlbs-cmpnt-with-individual-styles\" data-borlabs-cookie-content-blocker-id=\"youtube-content-blocker\" data-borlabs-cookie-content=\"PGlmcmFtZSB0aXRsZT0iTVlDT1ZFUsKuIFRlbG8gY29wcmltb3RvIC0gSWwgbm9zdHJvIG1pZ2xpb3IgVGVsbyBjb3ByaW1vdG8gcGVyIGVzdGVybmkgZGEgbW90b2NpY2xpc3RpIiBhbGxvd2Z1bGxzY3JlZW49ImFsbG93ZnVsbHNjcmVlbiIgc3JjPSJodHRwczovL3d3dy55b3V0dWJlLW5vY29va2llLmNvbS9lbWJlZC9SazBfRDlqVUlGMD9hdXRvcGxheT0wJmF1dG9oaWRlPTEmZnM9MSZyZWw9MCZoZD0xJndtb2RlPXRyYW5zcGFyZW50JmVuYWJsZWpzYXBpPTEmaHRtbDU9MSIgYWxsb3c9ImFjY2VsZXJvbWV0ZXI7IGNsaXBib2FyZC13cml0ZTsgZW5jcnlwdGVkLW1lZGlhOyBneXJvc2NvcGU7IHBpY3R1cmUtaW4tcGljdHVyZSIgd2lkdGg9IjUwMCIgaGVpZ2h0PSIyODEiIGZyYW1lYm9yZGVyPSIwIj48L2lmcmFtZT4=\"><div class=\"brlbs-cmpnt-cb-preset-c brlbs-cmpnt-cb-youtube\"> <div class=\"brlbs-cmpnt-cb-thumbnail\" style=\"background-image: url('https:\/\/www.mycover-protection.com\/wp-content\/uploads\/borlabs-cookie\/1\/yt_Rk0_D9jUIF0_hqdefault.jpg')\"><\/div> <div class=\"brlbs-cmpnt-cb-main\"> <div class=\"brlbs-cmpnt-cb-play-button\"><\/div> <div class=\"brlbs-cmpnt-cb-content\"> <p class=\"brlbs-cmpnt-cb-description\">Si sta visualizzando il contenuto segnaposto di <strong>YouTube<\/strong>. Per accedere al contenuto effettivo, fare clic sul pulsante sottostante. Si prega di notare che i dati saranno trasmessi a fornitori terzi.<\/p> <a class=\"brlbs-cmpnt-cb-provider-toggle\" href=\"#\" data-borlabs-cookie-show-provider-information role=\"button\">Ulteriori informazioni<\/a> <\/div> <div class=\"brlbs-cmpnt-cb-buttons\"> <a class=\"brlbs-cmpnt-cb-btn\" href=\"#\" data-borlabs-cookie-unblock role=\"button\">Mostra video<\/a> <a class=\"brlbs-cmpnt-cb-btn\" href=\"#\" data-borlabs-cookie-accept-service role=\"button\" style=\"display: inherit\">Mostra sempre i video di YouTube<\/a> <\/div> <\/div> <\/div><\/div>\n<\/div>\n<\/figure><\/div>\n<\/div><\/div>\n\n\n\n<div class=\"wp-block-buttons alignfull is-content-justification-center is-layout-flex wp-container-core-buttons-is-layout-16018d1d wp-block-buttons-is-layout-flex\">\n<div class=\"wp-block-button\"><a class=\"wp-block-button__link wp-element-button\" href=\"#groessenempfehlungen\">Direttamente alle dimensioni consigliate<\/a><\/div>\n<\/div>\n<\/div><\/div>\n\n<div class=\"wp-block-group alignfull wfa-product-mycover-outdoor-section wfa-product-mycover-outdoor-section--faq\" id=\"haeufige-fragen\"><div class=\"wp-block-group__inner-container is-layout-flow wp-block-group-is-layout-flow\">\n<p class=\"wf-overline\">Ulteriori informazioni<\/p>\n\n\n\n<h2 class=\"wp-block-heading is-style-not-underlined\">Domande frequenti sul telone MYCOVER\u00ae Telone chopper per esterni<\/h2>\n\n\n\n<div class=\"wp-block-group wfa-group-details-wrap\"><div class=\"wp-block-group__inner-container is-layout-flow wp-block-group-is-layout-flow\">\n<details class=\"wp-block-webfluence-blocks-details-summary\">\n<summary class=\"wp-block-webfluence-blocks-details-summary-title\">\n<h3 class=\"wp-block-heading\" id=\"groesse\">Qual \u00e8 la misura del Teli da esterno pi\u00f9 adatta al mio Chopper?<\/h3>\n<\/summary>\n\n\n\n<div class=\"wp-block-webfluence-blocks-details-summary-body\">\n<p>Il nostro telo per chopper da esterno \u00e8 disponibile in oltre 30 misure, appositamente sviluppate per macchine lunghe, manubri larghi e conversioni. Utilizza il <a href=\"#groessenempfehlungen\">Trova Taglie per<\/a> trovare la copertura giusta per oltre 2.000 modelli, sia con sissy bar, parabrezza alto o portatarga corto. <\/p>\n\n\n\n<p>Per le conversioni consigliamo: Usa i nostri consigli come punto di partenza e confrontali con le dimensioni reali del tuo Chopper.<\/p>\n<\/div>\n<\/details>\n\n\n\n<details class=\"wp-block-webfluence-blocks-details-summary\">\n<summary class=\"wp-block-webfluence-blocks-details-summary-title\">\n<h3 class=\"wp-block-heading\" id=\"kosten\">Perch\u00e9 la copertura per chopper MYCOVER Premium Outdoor costa di pi\u00f9 rispetto alle altre coperture?<\/h3>\n<\/summary>\n\n\n\n<div class=\"wp-block-webfluence-blocks-details-summary-body\">\n<p>Perch\u00e9 non accetta compromessi. La maggior parte delle Coperture per Chopper offrono solo una semplice protezione dalla pioggia, spesso con un tessuto sottile, una scarsa vestibilit\u00e0 e nessuna protezione a lungo termine. <\/p>\n\n\n\n<p>Il telo Premium Outdoor Chopper \u00e8 stato sviluppato proprio per ovviare a questi punti deboli. MYCOVER\u00ae Il telo Premium Outdoor Chopper Tarpaulin \u00e8 stato sviluppato a causa della frustrazione per queste debolezze: con tessuto 300D, doppio nano rivestimento, morbido pile interno, riflettori e oltre 10 funzioni di protezione, soprattutto per macchine grandi, lunghe e personalizzate.<\/p>\n\n\n\n<p><strong>Conclusione<\/strong>: non \u00e8 una soluzione economica, ma \u00e8 una copertura per Chopper da esterno che mantiene ci\u00f2 che gli altri promettono.<\/p>\n<\/div>\n<\/details>\n\n\n\n<details class=\"wp-block-webfluence-blocks-details-summary target__unterschiede-chopper-varianten\">\n<summary class=\"wp-block-webfluence-blocks-details-summary-title\">\n<h3 class=\"wp-block-heading\" id=\"unterschiede-chopper-varianten\">Cosa c&#8217;\u00e8 di nuovo nei teloni MYCOVER\u00ae Teli Outdoor Chopper nuovi?<\/h3>\n<\/summary>\n\n\n\n<div class=\"wp-block-webfluence-blocks-details-summary-body\">\n<p>Abbiamo ascoltato i tuoi commenti e li abbiamo inseriti nella nuova generazione del nostro telone per elicotteri da esterno:<\/p>\n\n\n\n<ul class=\"wp-block-list\">\n<li>Nessuna protezione termica, solo un morbido vello interno: per verniciature sensibili, scarichi rivestiti e verniciature speciali e protezione al 100% dai graffi, senza il rischio di rivestimenti rigidi.<\/li>\n\n\n\n<li>Cinture di sicurezza riponibili: quattro tasche extra in velcro all&#8217;interno, in modo che nulla sfreghi contro la vernice quando le si indossa. Le cinture possono essere facilmente sganciate e allacciate. <\/li>\n\n\n\n<li>Aperture per il cavo di ricarica (2x): Pratiche per i Chopper dotati di sistemi di allarme, le aperture per il cavo di ricarica della batteria sono chiuse a chiave su entrambi i lati. Ricarica senza rimuovere il telo! <\/li>\n<\/ul>\n\n\n\n<p>Ecco come funziona una protezione a tutto tondo ben studiata per la copertura del tuo Chopper da esterno: sicura, non dannosa per la vernice, adatta all&#8217;uso quotidiano.<\/p>\n<\/div>\n<\/details>\n\n\n\n<details class=\"wp-block-webfluence-blocks-details-summary\">\n<summary class=\"wp-block-webfluence-blocks-details-summary-title\">\n<h3 class=\"wp-block-heading\">Perch\u00e9 un telone per elicotteri da esterno ha bisogno di una finestra per la targa?<\/h3>\n<\/summary>\n\n\n\n<div class=\"wp-block-webfluence-blocks-details-summary-body\">\n<p>Perch\u00e9 \u00e8 richiesto dalla legge: secondo il \u00a7 10 Par. 2 FZV e il \u00a7 23 Par. 1 StVO, la tua targa deve rimanere visibile all \u201caperto anche sotto un Telo Chopper, altrimenti potresti ricevere un\u201d ammonizione.<\/p>\n\n\n\n<p>Il nostro MYCOVER\u00ae La nostra copertura per elicotteri \u00e8 dotata di una finestra di visualizzazione integrata: poco appariscente, legalmente sicura e visivamente sofisticata.<\/p>\n<\/div>\n<\/details>\n\n\n\n<details class=\"wp-block-webfluence-blocks-details-summary\">\n<summary class=\"wp-block-webfluence-blocks-details-summary-title\">\n<h3 class=\"wp-block-heading\">Una copertura per Chopper da esterno protegge dai furti?<\/h3>\n<\/summary>\n\n\n\n<div class=\"wp-block-webfluence-blocks-details-summary-body\">\n<p>Un telo da esterno non impedisce il furto, ma lo rende molto pi\u00f9 difficile. Il MYCOVER\u00ae Telo per chopper protegge da sguardi indiscreti e offre aperture di sicurezza sulle ruote anteriori e posteriori per il lucchetto della moto. <\/p>\n\n\n\n<p>In combinazione con una <a href=\"https:\/\/www.mycover-protection.com\/it\/produkt-kategorie\/lucchetti-abus\/\">serratura ABUS<\/a> di alta qualit\u00e0, offre un&#8217;efficace protezione contro i furti, per notti tranquille e un Moto protetto.<\/p>\n<\/div>\n<\/details>\n\n\n\n<details class=\"wp-block-webfluence-blocks-details-summary\">\n<summary class=\"wp-block-webfluence-blocks-details-summary-title\">\n<h3 class=\"wp-block-heading\">La copertura di Chopper protegge dai graffi?<\/h3>\n<\/summary>\n\n\n\n<div class=\"wp-block-webfluence-blocks-details-summary-body\">\n<p>S\u00ec, il morbido vello interno del MYCOVER\u00ae Telo protegge in modo affidabile la vernice, gli specchietti e i componenti sensibili dai graffi. Importante: il Chopper deve essere pulito prima di essere montato, in modo che le particelle di sporco non causino danni da attrito. <\/p>\n\n\n\n<p><strong>Suggerimento<\/strong>: pulisci brevemente, metti il telo e assicurati che la tua macchina mantenga il suo valore.<\/p>\n<\/div>\n<\/details>\n\n\n\n<details class=\"wp-block-webfluence-blocks-details-summary\">\n<summary class=\"wp-block-webfluence-blocks-details-summary-title\">\n<h3 class=\"wp-block-heading\">Qual \u00e8 il modo migliore per montare il coperchio del Chopper?<\/h3>\n<\/summary>\n\n\n\n<div class=\"wp-block-webfluence-blocks-details-summary-body\">\n<p>Cos\u00ec il tuo Telo per Chopper da esterno si adatta perfettamente:<\/p>\n\n\n\n<ol class=\"wp-block-list\">\n<li><strong>Inizia dalla parte anteriore<\/strong>: stendi il telo, tiralo sopra gli specchietti e il manubrio, quindi mettilo sopra la ruota anteriore.<\/li>\n\n\n\n<li><strong>Stendilo al centro<\/strong>: Posiziona il coperchio del tritatutto sul sedile e sul serbatoio.<\/li>\n\n\n\n<li><strong>Fissa la parte posteriore<\/strong>: Accosta la targa e la ruota posteriore e il gioco \u00e8 fatto.<\/li>\n<\/ol>\n\n\n\n<p>Grazie alle maniglie rinforzate e al taglio preciso, possono essere tirate velocemente e senza aggrovigliarsi, anche su macchine di grandi dimensioni.<\/p>\n<\/div>\n<\/details>\n\n\n\n<details class=\"wp-block-webfluence-blocks-details-summary\">\n<summary class=\"wp-block-webfluence-blocks-details-summary-title\">\n<h3 class=\"wp-block-heading\">Cosa impedisce alla copertura di Outdoor Chopper di essere spazzata via dal vento?<\/h3>\n<\/summary>\n\n\n\n<div class=\"wp-block-webfluence-blocks-details-summary-body\">\n<p>La copertura del chopper \u00e8 sicura. MYCOVER\u00ae La copertura del chopper si adatta in modo sicuro: due cinghie di sicurezza nella parte anteriore e posteriore e un orlo elasticizzato assicurano una tenuta ottimale, anche in caso di raffiche di vento.<\/p>\n\n\n\n<p>La forma personalizzata impedisce lo sventolio, riduce l&#8217;attrito sulla vernice e protegge dal rischio di ribaltamento. In questo modo il tuo Telo per Chopper da esterno rimane al suo posto. <\/p>\n<\/div>\n<\/details>\n\n\n\n<details class=\"wp-block-webfluence-blocks-details-summary\">\n<summary class=\"wp-block-webfluence-blocks-details-summary-title\">\n<h3 class=\"wp-block-heading\">Come posso prendermi cura del telone di Chopper in modo corretto?<\/h3>\n<\/summary>\n\n\n\n<div class=\"wp-block-webfluence-blocks-details-summary-body\">\n<p>Pulisci il tuo telone da esterno solo con acqua tiepida, senza detergenti, per non danneggiare il doppio nano rivestimento.<\/p>\n\n\n\n<p>Per asciugare: non stendere sul pavimento. \u00c8 meglio appenderlo a due sedie o a un filo, senza morsetti appuntiti. Pulisci con cura soprattutto la finestra di visualizzazione, che \u00e8 sensibile ai graffi.  <\/p>\n\n\n\n<p><strong>Suggerimento:<\/strong> per una maggiore protezione dopo la pulizia, ti consigliamo di utilizzare un <a href=\"https:\/\/www.mycover-protection.com\/it\/produkt\/tent-and-gear-solarproof-impregnante-per-teloni-coprimoto\/\">impermeabilizzante<\/a> di alta qualit\u00e0 per rendere la Copertura ancora pi\u00f9 resistente alla pioggia e alle intemperie.<\/p>\n<\/div>\n<\/details>\n\n\n\n<details class=\"wp-block-webfluence-blocks-details-summary\">\n<summary class=\"wp-block-webfluence-blocks-details-summary-title\">\n<h3 class=\"wp-block-heading\">Come faccio a rimettere il telone di Outdoor Chopper nella borsa di trasporto?<\/h3>\n<\/summary>\n\n\n\n<div class=\"wp-block-webfluence-blocks-details-summary-body\">\n<p>Prima di riporre il tuo Telo Chopper, assicurati che sia completamente asciutto e pulito, altrimenti c&#8217;\u00e8 il rischio di muffa o di danni al materiale.<\/p>\n\n\n\n<p><strong>Importante:<\/strong> non piegare la finestra di visualizzazione o le aperture di ventilazione. Quando lo pieghi, inizia dall&#8217;apertura della targa, arrotola il telo del chopper in modo uniforme e mettilo nella borsa di trasporto in dotazione. <\/p>\n\n\n\n<p>Puoi trovare le <a href=\"https:\/\/www.mycover-protection.com\/wp-content\/uploads\/2022\/08\/Faltanleitung_MYCOVER_Outdoor_Abdeckplane_0822-1.pdf\">istruzioni dettagliate passo dopo passo<\/a> qui<\/p>\n<\/div>\n<\/details>\n\n\n\n<details class=\"wp-block-webfluence-blocks-details-summary\">\n<summary class=\"wp-block-webfluence-blocks-details-summary-title\">\n<h3 class=\"wp-block-heading\">A cosa devo prestare attenzione quando confronto le coperture per elicotteri da esterno?<\/h3>\n<\/summary>\n\n\n\n<div class=\"wp-block-webfluence-blocks-details-summary-body\">\n<p>Non tutte le coperture per Chopper da esterno offrono una protezione affidabile. Fai attenzione a queste caratteristiche quando le confronti: <\/p>\n\n\n\n<ul class=\"wp-block-list\">\n<li>Impermeabile e traspirante: contro la ruggine e la condensa<\/li>\n\n\n\n<li>Resistente ai raggi UV: Protegge vernice, gomma e plastica<\/li>\n\n\n\n<li>Resistente al freddo e al calore: per l \u201cestate e l\u201d inverno<\/li>\n\n\n\n<li>Pile interno: morbido e resistente ai graffi<\/li>\n\n\n\n<li>Finestra di visualizzazione della targa: Richiesto dalla legge (\u00a710 FZV)<\/li>\n\n\n\n<li>Rivestimento anti-sporco: per una migliore pulizia e durata.<\/li>\n\n\n\n<li>Riflettori: Per la visibilit\u00e0 notturna<\/li>\n\n\n\n<li>Buona vestibilit\u00e0: con orlo elasticizzato e cinghie antivento<\/li>\n\n\n\n<li>Protezione termica opzionale: protegge dal calore dei gas di scarico e dall&#8217;umidit\u00e0 del terreno.<\/li>\n\n\n\n<li>Adatto anche all&#8217;interno: ad esempio per il garage o la tettoia.<\/li>\n<\/ul>\n\n\n\n<p><strong>Conclusione:<\/strong> un telo chopper ben studiato protegge il tuo veicolo a lungo termine; chi risparmia in modo sbagliato spesso paga due volte.<\/p>\n<\/div>\n<\/details>\n\n\n\n<details class=\"wp-block-webfluence-blocks-details-summary\">\n<summary class=\"wp-block-webfluence-blocks-details-summary-title\">\n<h3 class=\"wp-block-heading\">Vorrei proteggere al meglio il mio chopper con un Telo da esterno. A cosa devo fare attenzione? <\/h3>\n<\/summary>\n\n\n\n<div class=\"wp-block-webfluence-blocks-details-summary-body\">\n<p>Ci occupiamo di proteggere e preservare il valore dei veicoli da molti anni, sia a livello professionale che privato. La nostra esperienza ci insegna che una copertura per chopper di alta qualit\u00e0 offre una protezione affidabile, sia su strada, sia nel box auto o in garage. <\/p>\n\n\n\n<p>Cosa conta davvero? Te lo mostriamo nella nostra <a href=\"https:\/\/www.mycover-protection.com\/it\/consulente-telo-coprimoto\/\">guida ai teloni per Chopper e moto<\/a>, con tutti i consigli su vestibilit\u00e0, materiali, protezione dai furti e cura. <\/p>\n<\/div>\n<\/details>\n\n\n\n<details class=\"wp-block-webfluence-blocks-details-summary\">\n<summary class=\"wp-block-webfluence-blocks-details-summary-title\">\n<h3 class=\"wp-block-heading\">Posso tirare il telo del chopper su uno scarico caldo subito dopo la guida?<\/h3>\n<\/summary>\n\n\n\n<div class=\"wp-block-webfluence-blocks-details-summary-body\">\n<p>Il nostro consiglio: lascia che lo scarico si raffreddi per qualche minuto prima di coprire il telo dell&#8217;elicottero.<\/p>\n\n\n\n<p>Anche se molte Coperture sono dotate di materiale di protezione dal calore, l&#8217;umidit\u00e0 pu\u00f2 comunque evaporare a temperature molto elevate (ad esempio subito dopo la guida) e penetrare nel materiale, con conseguenti danni a lungo termine.<br\/>Abbiamo anche deliberatamente rinunciato al materiale di protezione dal calore nelle nostre Coperture per proteggere meglio la vernice sensibile e gli impianti di scarico.<br\/>Per conservare al meglio il valore del tuo Chopper: mantieni brevemente &#8211; poi proteggi.<\/p>\n<\/div>\n<\/details>\n\n\n\n<details class=\"wp-block-webfluence-blocks-details-summary\">\n<summary class=\"wp-block-webfluence-blocks-details-summary-title\">\n<h3 class=\"wp-block-heading\">Il Telo per Chopper da esterno \u00e8 adatto anche a modelli o conversioni extra-lunghi?<\/h3>\n<\/summary>\n\n\n\n<div class=\"wp-block-webfluence-blocks-details-summary-body\">\n<p>S\u00ec, \u00e8 proprio per questo che li abbiamo sviluppati!<br\/>Molte delle nostre MYCOVER\u00ae taglie per chopper sono state sviluppate appositamente per le conversioni e i modelli chopper pi\u00f9 lunghi. Che si tratti di sissy bar, ape hanger, taglio alto, forcella anteriore allungata o conversioni ribassate, con noi troverai la misura giusta. <\/p>\n\n\n\n<p>Grazie al nostro <a href=\"#groessenempfehlungen\">Trova Taglie<\/a>, puoi trovare la misura perfetta per la tua macchina in pochi secondi.<\/p>\n<\/div>\n<\/details>\n\n\n\n<details class=\"wp-block-webfluence-blocks-details-summary\">\n<summary class=\"wp-block-webfluence-blocks-details-summary-title\">\n<h3 class=\"wp-block-heading\">Posso lasciare il mio Chopper all&#8217;esterno in inverno con un Telo?<\/h3>\n<\/summary>\n\n\n\n<div class=\"wp-block-webfluence-blocks-details-summary-body\">\n<p>S\u00ec, il MYCOVER\u00ae Telo per esterni \u00e8 ideale per essere utilizzato tutto l&#8217;anno, anche in inverno.<\/p>\n\n\n\n<p>Grazie a un doppio nano-rivestimento, a materiali resistenti alle intemperie e a un rivestimento interno morbido e adatto alla vernice, il tuo Chopper \u00e8 protetto in modo affidabile da pioggia, gelo, neve, raggi UV e sporcizia.<br\/>\u00c8 importante garantire una buona ventilazione e un telone asciutto per evitare condensa e muffa.<\/p>\n\n\n\n<p>Con la giusta cura, puoi proteggere in modo ottimale il tuo Chopper anche durante il rimessaggio invernale all&#8217;aperto.<\/p>\n<\/div>\n<\/details>\n\n\n\n<details class=\"wp-block-webfluence-blocks-details-summary\">\n<summary class=\"wp-block-webfluence-blocks-details-summary-title\">\n<h3 class=\"wp-block-heading\">Il telo per elicotteri offre protezione anche in caso di forte luce solare?<\/h3>\n<\/summary>\n\n\n\n<div class=\"wp-block-webfluence-blocks-details-summary-body\">\n<p>S\u00ec, il MYCOVER\u00ae Il Telo per esterni ha una protezione UV integrata.<\/p>\n\n\n\n<p>I raggi UV possono causare lo sbiadimento o la fragilit\u00e0 della vernice, delle parti in plastica e della gomma, soprattutto in caso di esposizione prolungata alla luce del sole.<br\/>Il nostro speciale doppio rivestimento protegge il tuo Chopper anche in caso di caldo estivo intenso, sia su strada che in campeggio o davanti al garage.<\/p>\n\n\n\n<p>In questo modo non solo la tua vernice rimane lucida, ma tutto il tuo Moto sembra come nuovo.<\/p>\n<\/div>\n<\/details>\n\n\n\n<p>Puoi trovare maggiori informazioni nelle <a href=\"https:\/\/www.mycover-protection.com\/wp-content\/uploads\/2020\/02\/Gebrauchsanweisung_Sichereheitshinweise_Abdeckplane_MYCOVER_Rev.13.02.20.pdf\" target=\"_blank\" rel=\"noreferrer noopener\">istruzioni per l&#8217;uso e nelle istruzioni di sicurezza (PDF)<\/a> del nostro telo Chopper per esterni.<\/p>\n<\/div><\/div>\n<\/div><\/div>\n\n<div style=\"height:100px\" aria-hidden=\"true\" class=\"wp-block-spacer wf-spacer-section\"><\/div>\n\n<div class=\"wp-block-group wfa-reusable-group-all-mycover-products has-black-color has-text-color has-link-color wp-elements-c72def7f086f3d5fcfe4bdfd3f05e5b2\"><div class=\"wp-block-group__inner-container is-layout-constrained wp-block-group-is-layout-constrained\">\n<p class=\"has-text-align-center wfa-reusable-group-all-mycover-products__title has-large-font-size\"><strong>Tutti MYCOVER\u00ae-Prodotti<\/strong><\/p>\n\n\n\n<div class=\"wp-block-cb-carousel-v2 cb-carousel-block\" data-cb-slides-per-view=\"2\" data-cb-slides-per-group=\"1\" data-cb-space-between=\"0\" data-cb-speed=\"200\" data-cb-navigation=\"true\" data-cb-breakpoints=\"{&quot;768&quot;:{&quot;slidesPerView&quot;:4,&quot;slidesPerGroup&quot;:1}}\"><div class=\"swiper\"><div class=\"cb-wrapper swiper-wrapper\">\n<div class=\"wp-block-cb-slide-v2 cb-slide swiper-slide\">\n<div class=\"wp-block-group\"><div class=\"wp-block-group__inner-container is-layout-constrained wp-block-group-is-layout-constrained\">\n<figure class=\"wp-block-image size-large\"><img decoding=\"async\" width=\"1024\" height=\"1024\" src=\"https:\/\/www.mycover-protection.com\/wp-content\/uploads\/2022\/11\/Motorrad_abdeckplane_outdoor-1024x1024.jpg\" alt=\"Telo coprimoto per esterno\" class=\"wp-image-22125\" srcset=\"https:\/\/www.mycover-protection.com\/wp-content\/uploads\/2022\/11\/Motorrad_abdeckplane_outdoor-1024x1024.jpg 1024w, https:\/\/www.mycover-protection.com\/wp-content\/uploads\/2022\/11\/Motorrad_abdeckplane_outdoor-300x300.jpg 300w, https:\/\/www.mycover-protection.com\/wp-content\/uploads\/2022\/11\/Motorrad_abdeckplane_outdoor-150x150.jpg 150w, https:\/\/www.mycover-protection.com\/wp-content\/uploads\/2022\/11\/Motorrad_abdeckplane_outdoor-768x768.jpg 768w, https:\/\/www.mycover-protection.com\/wp-content\/uploads\/2022\/11\/Motorrad_abdeckplane_outdoor-270x270.jpg 270w, https:\/\/www.mycover-protection.com\/wp-content\/uploads\/2022\/11\/Motorrad_abdeckplane_outdoor-800x800.jpg 800w, https:\/\/www.mycover-protection.com\/wp-content\/uploads\/2022\/11\/Motorrad_abdeckplane_outdoor-200x200.jpg 200w, https:\/\/www.mycover-protection.com\/wp-content\/uploads\/2022\/11\/Motorrad_abdeckplane_outdoor.jpg 1200w\" sizes=\"(max-width: 1024px) 100vw, 1024px\" \/><\/figure>\n\n\n\n<p><a href=\"https:\/\/www.mycover-protection.com\/es\/produkt\/mycover-funda-para-moto-exterior-premium\/\"><strong>Telo coprimoto per esterni<\/strong><\/a><\/p>\n<\/div><\/div>\n<\/div>\n\n\n\n<div class=\"wp-block-cb-slide-v2 cb-slide swiper-slide\">\n<div class=\"wp-block-group\"><div class=\"wp-block-group__inner-container is-layout-constrained wp-block-group-is-layout-constrained\">\n<figure class=\"wp-block-image size-full\"><img decoding=\"async\" width=\"800\" height=\"800\" src=\"https:\/\/www.mycover-protection.com\/wp-content\/uploads\/2023\/01\/Motorrad-abdeckplane-chopper.png\" alt=\"Telo per esterni Chopper\" class=\"wp-image-21485\" srcset=\"https:\/\/www.mycover-protection.com\/wp-content\/uploads\/2023\/01\/Motorrad-abdeckplane-chopper.png 800w, https:\/\/www.mycover-protection.com\/wp-content\/uploads\/2023\/01\/Motorrad-abdeckplane-chopper-300x300.png 300w, https:\/\/www.mycover-protection.com\/wp-content\/uploads\/2023\/01\/Motorrad-abdeckplane-chopper-150x150.png 150w, https:\/\/www.mycover-protection.com\/wp-content\/uploads\/2023\/01\/Motorrad-abdeckplane-chopper-768x768.png 768w, https:\/\/www.mycover-protection.com\/wp-content\/uploads\/2023\/01\/Motorrad-abdeckplane-chopper-270x270.png 270w, https:\/\/www.mycover-protection.com\/wp-content\/uploads\/2023\/01\/Motorrad-abdeckplane-chopper-200x200.png 200w\" sizes=\"(max-width: 800px) 100vw, 800px\" \/><\/figure>\n\n\n\n<p><a href=\"https:\/\/www.mycover-protection.com\/es\/produkt\/mycover-funda-exterior-premium-para-chopper\/\"><strong>Chopper Telo per esterni<\/strong><\/a><\/p>\n<\/div><\/div>\n<\/div>\n\n\n\n<div class=\"wp-block-cb-slide-v2 cb-slide swiper-slide\">\n<div class=\"wp-block-group\"><div class=\"wp-block-group__inner-container is-layout-constrained wp-block-group-is-layout-constrained\">\n<figure class=\"wp-block-image size-full\"><img decoding=\"async\" width=\"800\" height=\"800\" src=\"https:\/\/www.mycover-protection.com\/wp-content\/uploads\/2023\/01\/Motorrad-Abdeckplane-Topcase.png\" alt=\"Telo per Scooter con custodia superiore\" class=\"wp-image-21482\" srcset=\"https:\/\/www.mycover-protection.com\/wp-content\/uploads\/2023\/01\/Motorrad-Abdeckplane-Topcase.png 800w, https:\/\/www.mycover-protection.com\/wp-content\/uploads\/2023\/01\/Motorrad-Abdeckplane-Topcase-300x300.png 300w, https:\/\/www.mycover-protection.com\/wp-content\/uploads\/2023\/01\/Motorrad-Abdeckplane-Topcase-150x150.png 150w, https:\/\/www.mycover-protection.com\/wp-content\/uploads\/2023\/01\/Motorrad-Abdeckplane-Topcase-768x768.png 768w, https:\/\/www.mycover-protection.com\/wp-content\/uploads\/2023\/01\/Motorrad-Abdeckplane-Topcase-270x270.png 270w, https:\/\/www.mycover-protection.com\/wp-content\/uploads\/2023\/01\/Motorrad-Abdeckplane-Topcase-200x200.png 200w\" sizes=\"(max-width: 800px) 100vw, 800px\" \/><\/figure>\n\n\n\n<p><a href=\"https:\/\/www.mycover-protection.com\/es\/produkt\/mycover-funda-exterior-premium-para-scooter\/\"><strong>Scooter Telo per esterni<\/strong><\/a><\/p>\n<\/div><\/div>\n<\/div>\n\n\n\n<div class=\"wp-block-cb-slide-v2 cb-slide swiper-slide\">\n<div class=\"wp-block-group\"><div class=\"wp-block-group__inner-container is-layout-constrained wp-block-group-is-layout-constrained\">\n<figure class=\"wp-block-image size-full\"><img decoding=\"async\" width=\"800\" height=\"800\" src=\"https:\/\/www.mycover-protection.com\/wp-content\/uploads\/2022\/07\/Motorrrad-Abdeckplane-Indoor-Stoff.png\" alt=\"Telo coprimoto Indoor soft\" class=\"wp-image-20162\" srcset=\"https:\/\/www.mycover-protection.com\/wp-content\/uploads\/2022\/07\/Motorrrad-Abdeckplane-Indoor-Stoff.png 800w, https:\/\/www.mycover-protection.com\/wp-content\/uploads\/2022\/07\/Motorrrad-Abdeckplane-Indoor-Stoff-300x300.png 300w, https:\/\/www.mycover-protection.com\/wp-content\/uploads\/2022\/07\/Motorrrad-Abdeckplane-Indoor-Stoff-150x150.png 150w, https:\/\/www.mycover-protection.com\/wp-content\/uploads\/2022\/07\/Motorrrad-Abdeckplane-Indoor-Stoff-768x768.png 768w, https:\/\/www.mycover-protection.com\/wp-content\/uploads\/2022\/07\/Motorrrad-Abdeckplane-Indoor-Stoff-270x270.png 270w, https:\/\/www.mycover-protection.com\/wp-content\/uploads\/2022\/07\/Motorrrad-Abdeckplane-Indoor-Stoff-200x200.png 200w\" sizes=\"(max-width: 800px) 100vw, 800px\" \/><\/figure>\n\n\n\n<p><a href=\"https:\/\/www.mycover-protection.com\/es\/produkt\/mycover-funda-para-moto-de-interior-premium\/\"><strong>Telo coprimoto per interno<\/strong><\/a><\/p>\n<\/div><\/div>\n<\/div>\n<\/div><\/div><div class=\"cb-button-prev swiper-button-prev\"><\/div><div class=\"cb-button-next swiper-button-next\"><\/div><\/div>\n\n\n\n<p class=\"has-text-align-center wfa-reusable-group-all-mycover-products__category-links has-small-font-size\"><a href=\"https:\/\/www.mycover-protection.com\/it\/produkt-kategorie\/coprimoto\/\">Tutte le coperture per Coprimoto<\/a> &#8211; <a href=\"https:\/\/www.mycover-protection.com\/it\/produkt-kategorie\/coperture-per-scooter\/\">Tutte le coperture per scooter<\/a><\/p>\n<\/div><\/div>\n\n<div style=\"height:100px\" aria-hidden=\"true\" class=\"wp-block-spacer wf-spacer-section\"><\/div>\n","protected":false},"excerpt":{"rendered":"<p><strong>La pi\u00f9 grande selezione europea di Teli fatti a mano, progettati per una protezione duratura e per mantenere il valore.<\/strong><\/p>\n<ul>\n<li><strong>Compra una volta sola, protetto per anni:<\/strong> Robusto materiale di prima qualit\u00e0, resistente ai raggi UV e agli agenti atmosferici<\/li>\n<li><strong>Si adatta perfettamente a tutti i Chopper:<\/strong> anche per manubri larghi, valigie laterali e conversioni tipiche<\/li>\n<li><strong>Protezione rapida:<\/strong> Si fissa in pochi secondi, per una protezione affidabile in qualsiasi condizione atmosferica.<\/li>\n<\/ul>\n","protected":false},"featured_media":49672,"comment_status":"open","ping_status":"closed","template":"","meta":[],"product_brand":[],"product_cat":[642,643],"product_tag":[],"class_list":{"0":"post-45648","1":"product","2":"type-product","3":"status-publish","4":"has-post-thumbnail","6":"product_cat-coprimoto","7":"product_cat-teli-coprimoto","8":"pa_groesse-abdeckplanen-c-l-it","9":"pa_groesse-abdeckplanen-c-l-plus-it","10":"pa_groesse-abdeckplanen-c-l-plus-plus-it","11":"pa_groesse-abdeckplanen-c-l-plus-plus-plus-it","12":"pa_groesse-abdeckplanen-c-xl-it","13":"pa_groesse-abdeckplanen-c-xl-plus-it","14":"pa_groesse-abdeckplanen-c-xl-plus-plus-it","15":"pa_groesse-abdeckplanen-c-xxl-c-it","17":"first","18":"onbackorder","19":"sale","20":"taxable","21":"shipping-taxable","22":"purchasable","23":"product-type-variable"},"yoast_head":"<!-- This site is optimized with the Yoast SEO plugin v27.4 - https:\/\/yoast.com\/product\/yoast-seo-wordpress\/ -->\n<title>Telo MYCOVER\u00ae per Chopper da Esterno | Taglia in 3 Clic<\/title>\n<meta name=\"description\" content=\"Telo per Chopper da esterno fatto a mano di MYCOVER\u00ae. Impermeabile e traspirante \u2713 Perfettamente aderente al tuo modello \u2713 Taglia in 3 clic \u2013 scoprilo ora.\" \/>\n<meta name=\"robots\" content=\"index, follow, max-snippet:-1, max-image-preview:large, max-video-preview:-1\" \/>\n<link rel=\"canonical\" href=\"https:\/\/www.mycover-protection.com\/it\/produkt\/mycover-telo-per-chopper-da-esterno-di-qualita-superiore\/\" \/>\n<meta property=\"og:locale\" content=\"it_IT\" \/>\n<meta property=\"og:type\" content=\"article\" \/>\n<meta property=\"og:title\" content=\"MYCOVER\u00ae Telo outdoor per Chopper | Taglia in 3 clic\" \/>\n<meta property=\"og:description\" content=\"Telo Chopper artigianale da esterno di MYCOVER\u00ae. Impermeabile &amp; traspirante \u2713 Su misura per il tuo modello \u2713 Trova la taglia in 3 clic \u2013 scoprilo ora.\" \/>\n<meta property=\"og:url\" content=\"https:\/\/www.mycover-protection.com\/it\/produkt\/mycover-telo-per-chopper-da-esterno-di-qualita-superiore\/\" \/>\n<meta property=\"og:site_name\" content=\"MYCOVER\u00ae Online Shop\" \/>\n<meta property=\"article:publisher\" content=\"https:\/\/www.facebook.com\/Mycover-114242613377158\/\" \/>\n<meta property=\"article:modified_time\" content=\"2026-05-01T15:10:37+00:00\" \/>\n<meta property=\"og:image\" content=\"https:\/\/www.mycover-protection.com\/wp-content\/uploads\/2020\/05\/MyCover-12-1024x683.jpg\" \/>\n<meta name=\"twitter:card\" content=\"summary_large_image\" \/>\n<meta name=\"twitter:title\" content=\"MYCOVER\u00ae Telo outdoor per Chopper | Taglia in 3 clic\" \/>\n<meta name=\"twitter:description\" content=\"Telo Chopper artigianale da esterno di MYCOVER\u00ae. Impermeabile &amp; traspirante \u2713 Su misura per il tuo modello \u2713 Trova la taglia in 3 clic \u2013 scoprilo ora.\" \/>\n<meta name=\"twitter:label1\" content=\"Tempo di lettura stimato\" \/>\n\t<meta name=\"twitter:data1\" content=\"12 minuti\" \/>\n<script type=\"application\/ld+json\" class=\"yoast-schema-graph\">{\"@context\":\"https:\\\/\\\/schema.org\",\"@graph\":[{\"@type\":\"WebPage\",\"@id\":\"https:\\\/\\\/www.mycover-protection.com\\\/it\\\/produkt\\\/mycover-telo-per-chopper-da-esterno-di-qualita-superiore\\\/\",\"url\":\"https:\\\/\\\/www.mycover-protection.com\\\/it\\\/produkt\\\/mycover-telo-per-chopper-da-esterno-di-qualita-superiore\\\/\",\"name\":\"Telo MYCOVER\u00ae per Chopper da Esterno | Taglia in 3 Clic\",\"isPartOf\":{\"@id\":\"https:\\\/\\\/www.mycover-protection.com\\\/it\\\/#website\"},\"primaryImageOfPage\":{\"@id\":\"https:\\\/\\\/www.mycover-protection.com\\\/it\\\/produkt\\\/mycover-telo-per-chopper-da-esterno-di-qualita-superiore\\\/#primaryimage\"},\"image\":{\"@id\":\"https:\\\/\\\/www.mycover-protection.com\\\/it\\\/produkt\\\/mycover-telo-per-chopper-da-esterno-di-qualita-superiore\\\/#primaryimage\"},\"thumbnailUrl\":\"https:\\\/\\\/www.mycover-protection.com\\\/wp-content\\\/uploads\\\/2025\\\/04\\\/telo-copri-moto-custom_C-L-2.jpg\",\"datePublished\":\"2024-03-22T14:36:45+00:00\",\"dateModified\":\"2026-05-01T15:10:37+00:00\",\"description\":\"Telo per Chopper da esterno fatto a mano di MYCOVER\u00ae. Impermeabile e traspirante \u2713 Perfettamente aderente al tuo modello \u2713 Taglia in 3 clic \u2013 scoprilo ora.\",\"breadcrumb\":{\"@id\":\"https:\\\/\\\/www.mycover-protection.com\\\/it\\\/produkt\\\/mycover-telo-per-chopper-da-esterno-di-qualita-superiore\\\/#breadcrumb\"},\"inLanguage\":\"it-IT\",\"potentialAction\":[{\"@type\":\"ReadAction\",\"target\":[\"https:\\\/\\\/www.mycover-protection.com\\\/it\\\/produkt\\\/mycover-telo-per-chopper-da-esterno-di-qualita-superiore\\\/\"]}]},{\"@type\":\"ImageObject\",\"inLanguage\":\"it-IT\",\"@id\":\"https:\\\/\\\/www.mycover-protection.com\\\/it\\\/produkt\\\/mycover-telo-per-chopper-da-esterno-di-qualita-superiore\\\/#primaryimage\",\"url\":\"https:\\\/\\\/www.mycover-protection.com\\\/wp-content\\\/uploads\\\/2025\\\/04\\\/telo-copri-moto-custom_C-L-2.jpg\",\"contentUrl\":\"https:\\\/\\\/www.mycover-protection.com\\\/wp-content\\\/uploads\\\/2025\\\/04\\\/telo-copri-moto-custom_C-L-2.jpg\",\"width\":1500,\"height\":1500,\"caption\":\"Telo outdoor per Chopper C-L++\"},{\"@type\":\"BreadcrumbList\",\"@id\":\"https:\\\/\\\/www.mycover-protection.com\\\/it\\\/produkt\\\/mycover-telo-per-chopper-da-esterno-di-qualita-superiore\\\/#breadcrumb\",\"itemListElement\":[{\"@type\":\"ListItem\",\"position\":1,\"name\":\"Startseite\",\"item\":\"https:\\\/\\\/www.mycover-protection.com\\\/it\\\/\"},{\"@type\":\"ListItem\",\"position\":2,\"name\":\"Negozio\",\"item\":\"https:\\\/\\\/www.mycover-protection.com\\\/it\\\/negozio\\\/\"},{\"@type\":\"ListItem\",\"position\":3,\"name\":\"MYCOVER\u00ae Telo Premium Chopper Outdoor\"}]},{\"@type\":\"WebSite\",\"@id\":\"https:\\\/\\\/www.mycover-protection.com\\\/it\\\/#website\",\"url\":\"https:\\\/\\\/www.mycover-protection.com\\\/it\\\/\",\"name\":\"MYCOVER\u00ae Online Shop\",\"description\":\"Protection at its finest\",\"publisher\":{\"@id\":\"https:\\\/\\\/www.mycover-protection.com\\\/it\\\/#organization\"},\"potentialAction\":[{\"@type\":\"SearchAction\",\"target\":{\"@type\":\"EntryPoint\",\"urlTemplate\":\"https:\\\/\\\/www.mycover-protection.com\\\/it\\\/?s={search_term_string}\"},\"query-input\":{\"@type\":\"PropertyValueSpecification\",\"valueRequired\":true,\"valueName\":\"search_term_string\"}}],\"inLanguage\":\"it-IT\"},{\"@type\":\"Organization\",\"@id\":\"https:\\\/\\\/www.mycover-protection.com\\\/it\\\/#organization\",\"name\":\"MYCOVER\u00ae - PROTECTION AT ITS FINEST\",\"url\":\"https:\\\/\\\/www.mycover-protection.com\\\/it\\\/\",\"logo\":{\"@type\":\"ImageObject\",\"inLanguage\":\"it-IT\",\"@id\":\"https:\\\/\\\/www.mycover-protection.com\\\/it\\\/#\\\/schema\\\/logo\\\/image\\\/\",\"url\":\"https:\\\/\\\/www.mycover-protection.com\\\/wp-content\\\/uploads\\\/2020\\\/01\\\/PAYPAL_190x60_mycover-white.jpg\",\"contentUrl\":\"https:\\\/\\\/www.mycover-protection.com\\\/wp-content\\\/uploads\\\/2020\\\/01\\\/PAYPAL_190x60_mycover-white.jpg\",\"width\":190,\"height\":60,\"caption\":\"MYCOVER\u00ae - PROTECTION AT ITS FINEST\"},\"image\":{\"@id\":\"https:\\\/\\\/www.mycover-protection.com\\\/it\\\/#\\\/schema\\\/logo\\\/image\\\/\"},\"sameAs\":[\"https:\\\/\\\/www.facebook.com\\\/Mycover-114242613377158\\\/\"]}]}<\/script>\n<!-- \/ Yoast SEO plugin. -->","yoast_head_json":{"title":"Telo MYCOVER\u00ae per Chopper da Esterno | Taglia in 3 Clic","description":"Telo per Chopper da esterno fatto a mano di MYCOVER\u00ae. Impermeabile e traspirante \u2713 Perfettamente aderente al tuo modello \u2713 Taglia in 3 clic \u2013 scoprilo ora.","robots":{"index":"index","follow":"follow","max-snippet":"max-snippet:-1","max-image-preview":"max-image-preview:large","max-video-preview":"max-video-preview:-1"},"canonical":"https:\/\/www.mycover-protection.com\/it\/produkt\/mycover-telo-per-chopper-da-esterno-di-qualita-superiore\/","og_locale":"it_IT","og_type":"article","og_title":"MYCOVER\u00ae Telo outdoor per Chopper | Taglia in 3 clic","og_description":"Telo Chopper artigianale da esterno di MYCOVER\u00ae. Impermeabile & traspirante \u2713 Su misura per il tuo modello \u2713 Trova la taglia in 3 clic \u2013 scoprilo ora.","og_url":"https:\/\/www.mycover-protection.com\/it\/produkt\/mycover-telo-per-chopper-da-esterno-di-qualita-superiore\/","og_site_name":"MYCOVER\u00ae Online Shop","article_publisher":"https:\/\/www.facebook.com\/Mycover-114242613377158\/","article_modified_time":"2026-05-01T15:10:37+00:00","og_image":[{"url":"https:\/\/www.mycover-protection.com\/wp-content\/uploads\/2020\/05\/MyCover-12-1024x683.jpg","type":"","width":"","height":""}],"twitter_card":"summary_large_image","twitter_title":"MYCOVER\u00ae Telo outdoor per Chopper | Taglia in 3 clic","twitter_description":"Telo Chopper artigianale da esterno di MYCOVER\u00ae. Impermeabile & traspirante \u2713 Su misura per il tuo modello \u2713 Trova la taglia in 3 clic \u2013 scoprilo ora.","twitter_misc":{"Tempo di lettura stimato":"12 minuti"},"schema":{"@context":"https:\/\/schema.org","@graph":[{"@type":"WebPage","@id":"https:\/\/www.mycover-protection.com\/it\/produkt\/mycover-telo-per-chopper-da-esterno-di-qualita-superiore\/","url":"https:\/\/www.mycover-protection.com\/it\/produkt\/mycover-telo-per-chopper-da-esterno-di-qualita-superiore\/","name":"Telo MYCOVER\u00ae per Chopper da Esterno | Taglia in 3 Clic","isPartOf":{"@id":"https:\/\/www.mycover-protection.com\/it\/#website"},"primaryImageOfPage":{"@id":"https:\/\/www.mycover-protection.com\/it\/produkt\/mycover-telo-per-chopper-da-esterno-di-qualita-superiore\/#primaryimage"},"image":{"@id":"https:\/\/www.mycover-protection.com\/it\/produkt\/mycover-telo-per-chopper-da-esterno-di-qualita-superiore\/#primaryimage"},"thumbnailUrl":"https:\/\/www.mycover-protection.com\/wp-content\/uploads\/2025\/04\/telo-copri-moto-custom_C-L-2.jpg","datePublished":"2024-03-22T14:36:45+00:00","dateModified":"2026-05-01T15:10:37+00:00","description":"Telo per Chopper da esterno fatto a mano di MYCOVER\u00ae. Impermeabile e traspirante \u2713 Perfettamente aderente al tuo modello \u2713 Taglia in 3 clic \u2013 scoprilo ora.","breadcrumb":{"@id":"https:\/\/www.mycover-protection.com\/it\/produkt\/mycover-telo-per-chopper-da-esterno-di-qualita-superiore\/#breadcrumb"},"inLanguage":"it-IT","potentialAction":[{"@type":"ReadAction","target":["https:\/\/www.mycover-protection.com\/it\/produkt\/mycover-telo-per-chopper-da-esterno-di-qualita-superiore\/"]}]},{"@type":"ImageObject","inLanguage":"it-IT","@id":"https:\/\/www.mycover-protection.com\/it\/produkt\/mycover-telo-per-chopper-da-esterno-di-qualita-superiore\/#primaryimage","url":"https:\/\/www.mycover-protection.com\/wp-content\/uploads\/2025\/04\/telo-copri-moto-custom_C-L-2.jpg","contentUrl":"https:\/\/www.mycover-protection.com\/wp-content\/uploads\/2025\/04\/telo-copri-moto-custom_C-L-2.jpg","width":1500,"height":1500,"caption":"Telo outdoor per Chopper C-L++"},{"@type":"BreadcrumbList","@id":"https:\/\/www.mycover-protection.com\/it\/produkt\/mycover-telo-per-chopper-da-esterno-di-qualita-superiore\/#breadcrumb","itemListElement":[{"@type":"ListItem","position":1,"name":"Startseite","item":"https:\/\/www.mycover-protection.com\/it\/"},{"@type":"ListItem","position":2,"name":"Negozio","item":"https:\/\/www.mycover-protection.com\/it\/negozio\/"},{"@type":"ListItem","position":3,"name":"MYCOVER\u00ae Telo Premium Chopper Outdoor"}]},{"@type":"WebSite","@id":"https:\/\/www.mycover-protection.com\/it\/#website","url":"https:\/\/www.mycover-protection.com\/it\/","name":"MYCOVER\u00ae Online Shop","description":"Protection at its finest","publisher":{"@id":"https:\/\/www.mycover-protection.com\/it\/#organization"},"potentialAction":[{"@type":"SearchAction","target":{"@type":"EntryPoint","urlTemplate":"https:\/\/www.mycover-protection.com\/it\/?s={search_term_string}"},"query-input":{"@type":"PropertyValueSpecification","valueRequired":true,"valueName":"search_term_string"}}],"inLanguage":"it-IT"},{"@type":"Organization","@id":"https:\/\/www.mycover-protection.com\/it\/#organization","name":"MYCOVER\u00ae - PROTECTION AT ITS FINEST","url":"https:\/\/www.mycover-protection.com\/it\/","logo":{"@type":"ImageObject","inLanguage":"it-IT","@id":"https:\/\/www.mycover-protection.com\/it\/#\/schema\/logo\/image\/","url":"https:\/\/www.mycover-protection.com\/wp-content\/uploads\/2020\/01\/PAYPAL_190x60_mycover-white.jpg","contentUrl":"https:\/\/www.mycover-protection.com\/wp-content\/uploads\/2020\/01\/PAYPAL_190x60_mycover-white.jpg","width":190,"height":60,"caption":"MYCOVER\u00ae - PROTECTION AT ITS FINEST"},"image":{"@id":"https:\/\/www.mycover-protection.com\/it\/#\/schema\/logo\/image\/"},"sameAs":["https:\/\/www.facebook.com\/Mycover-114242613377158\/"]}]}},"_links":{"self":[{"href":"https:\/\/www.mycover-protection.com\/it\/wp-json\/wp\/v2\/product\/45648","targetHints":{"allow":["GET"]}}],"collection":[{"href":"https:\/\/www.mycover-protection.com\/it\/wp-json\/wp\/v2\/product"}],"about":[{"href":"https:\/\/www.mycover-protection.com\/it\/wp-json\/wp\/v2\/types\/product"}],"replies":[{"embeddable":true,"href":"https:\/\/www.mycover-protection.com\/it\/wp-json\/wp\/v2\/comments?post=45648"}],"wp:featuredmedia":[{"embeddable":true,"href":"https:\/\/www.mycover-protection.com\/it\/wp-json\/wp\/v2\/media\/49672"}],"wp:attachment":[{"href":"https:\/\/www.mycover-protection.com\/it\/wp-json\/wp\/v2\/media?parent=45648"}],"wp:term":[{"taxonomy":"product_brand","embeddable":true,"href":"https:\/\/www.mycover-protection.com\/it\/wp-json\/wp\/v2\/product_brand?post=45648"},{"taxonomy":"product_cat","embeddable":true,"href":"https:\/\/www.mycover-protection.com\/it\/wp-json\/wp\/v2\/product_cat?post=45648"},{"taxonomy":"product_tag","embeddable":true,"href":"https:\/\/www.mycover-protection.com\/it\/wp-json\/wp\/v2\/product_tag?post=45648"}],"curies":[{"name":"wp","href":"https:\/\/api.w.org\/{rel}","templated":true}]}}